{"id":627556,"date":"2026-04-20T22:34:55","date_gmt":"2026-04-20T20:34:55","guid":{"rendered":"https:\/\/kohenavocats.com\/jurisprudences\/tribunal-darrondissement-7-juin-2024-5\/"},"modified":"2026-04-20T22:34:57","modified_gmt":"2026-04-20T20:34:57","slug":"tribunal-darrondissement-7-juin-2024-5","status":"publish","type":"kji_decision","link":"https:\/\/kohenavocats.com\/ru\/jurisprudences\/tribunal-darrondissement-7-juin-2024-5\/","title":{"rendered":"Tribunal d&#8217;arrondissement, 7 juin 2024"},"content":{"rendered":"<div class=\"kji-decision\">\n<div class=\"kji-full-text\">\n<p>Jugt no1315\/2024 Not.:38374\/23\/CD confisc.1x Audience publique du7 juin 2024 Le Tribunal d&#039;arrondissement de et \u00e0 Luxembourg,douzi\u00e8me chambre,si\u00e9geanten mati\u00e8re correctionnelle,a rendu le jugement qui suit: Dans la cause du Minist\u00e8re Public contre PERSONNE1.), n\u00e9 leDATE1.)\u00e0ADRESSE1.)(Erythr\u00e9e), demeurant \u00e0L-ADRESSE2.); -pr\u00e9venu- FAITS : Par citationdu3 mai 2024, le Procureur d&#039;Etat pr\u00e8s le Tribunal d&#039;arrondissement de Luxembourg a requis lepr\u00e9venu de compara\u00eetre\u00e0 l\u2019audience publique du22mai 2024 devant le Tribunal correctionnel de ce si\u00e8ge pour y entendre statuer surlapr\u00e9vention suivante: infraction\u00e0l\u2019article 198duCodep\u00e9nal. A l&#039;appel de la cause \u00e0 cette audience publique, le vice-pr\u00e9sident constata l&#039;identit\u00e9 du pr\u00e9venu, lui donna connaissance de l&#039;acte qui a saisi le Tribunal et l\u2019informa de ses droits de garder le silence et de ne pas s\u2019incriminer soi-m\u00eame. Le pr\u00e9venuPERSONNE1.)renon\u00e7a \u00e0 l\u2019assistance d\u2019un avocat par d\u00e9claration\u00e9crite, dat\u00e9e et sign\u00e9e conform\u00e9ment \u00e0 l\u2019article 3-6 point 8 duCodede proc\u00e9dure p\u00e9nale et fut entendu en ses explications et moyens de d\u00e9fense. Le repr\u00e9sentant du Minist\u00e8re Public, DanielSCHON, premier substitut du Procureur d\u2019Etat,fut entendu en son r\u00e9quisitoire.<\/p>\n<p>2 Le pr\u00e9venu eut la parole en dernier. Le Tribunal prit l&#039;affaire en d\u00e9lib\u00e9r\u00e9 et rendit \u00e0 l&#039;audience publique de ce jour, date \u00e0 laquelle le prononc\u00e9 avait \u00e9t\u00e9 fix\u00e9,le JUGEMENTqui suit: Vu la citation \u00e0 pr\u00e9venu du3 mai 2024r\u00e9guli\u00e8rement notifi\u00e9eau pr\u00e9venu. Vul\u2019ensemble du dossier r\u00e9pressif et notammentle proc\u00e8s-verbalnum\u00e9ro 2020\/26308\/815\/HMdu14 ao\u00fbt2020,dress\u00e9par la Police Grand-Ducale,Service Central UPA,Section Expertise de Documents et le proc\u00e8s-verbal num\u00e9ro 20667\/2020 du 9 septembre 2020, dress\u00e9 par la Police Grand-Ducale, R\u00e9gion Nord, Commissariat Ettelbr\u00fcck (C2R). Le Minist\u00e8re Public reproche \u00e0PERSONNE1.)d\u2019avoir,en date du 10 janvier 2019, dans l&#039;arrondissement judiciaire de Luxembourg et plus pr\u00e9cis\u00e9ment aupr\u00e8s de la SOCIETE1.)(SOCIETE2.)), Service des Permis de Conduire \u00e0 L-ADRESSE3.),fait usage d&#039;un faux permis de conduire soudanais portant lenum\u00e9roNUMERO1.)en le pr\u00e9sentant aux fins de sa transcription au Minist\u00e8re de la Mobilit\u00e9 et des Travaux publics. A l\u2019audiencepubliquedu Tribunal du 22 mai 2024, le pr\u00e9venuPERSONNE1.)a contest\u00e9 l\u2019\u00e9l\u00e9ment intentionnel de l\u2019infraction,pr\u00e9tendantne pas avoir \u00e9t\u00e9 au courant que le permis de conduire litigieux constituerait un faux, alors qu\u2019il l\u2019aurait obtenu au Soudan aupr\u00e8s de l\u2019autorit\u00e9officiellecomp\u00e9tente. En l\u2019esp\u00e8ce, le documentsaisi\u00e9tabli au nom dePERSONNE1.)a \u00e9t\u00e9 envoy\u00e9 aux fins de v\u00e9rification quant \u00e0 son authenticit\u00e9 \u00e0 la Section Expertise Documents de la Police. L\u2019examen subs\u00e9quent quant \u00e0 l\u2019authenticit\u00e9 du document effectu\u00e9 par la section pr\u00e9cit\u00e9e a r\u00e9v\u00e9l\u00e9 qu\u2019il s\u2019agitd\u2019un document falsifi\u00e9 de toutes pi\u00e8ces. Au vu de ce qui pr\u00e9c\u00e8de, les contestations du pr\u00e9venu quant\u00e0 l\u2019\u00e9l\u00e9ment intentionnelne remportentpas la conviction du Tribunal, de sorte qu\u2019il y a lieu de retenir le pr\u00e9venu dans les liens de la pr\u00e9ventiontellequelibell\u00e9e par le Minist\u00e8re Public \u00e0 son encontre. Au vu des \u00e9l\u00e9ments du dossier r\u00e9pressif et desd\u00e9bats men\u00e9s \u00e0 l\u2019audience, PERSONNE1.)estconvaincu: \u00abcomme auteur, ayantlui-m\u00eame commis l\u2019infraction, en date du 10 janvier 2019, aupr\u00e8s de laSOCIETE1.)(SOCIETE2.)), Service des Permis de Conduire \u00e0 L-ADRESSE3.), en infraction \u00e0 l&#039;article 198 du Code p\u00e9nal,<\/p>\n<p>3 avoir falsifi\u00e9 un permis de conduirerelevant de la comp\u00e9tence d&#039;une autorit\u00e9 publique \u00e9trang\u00e8re, ou avoir fait usage de cettepi\u00e8ces falsifi\u00e9e, en l&#039;esp\u00e8ce, avoir fait usage d&#039;un faux permis de conduire soudanais portant le num\u00e9roNUMERO1.)en le pr\u00e9sentant aux fins de sa transcription au Minist\u00e8re de la Mobilit\u00e9 et des Travaux publics.\u00bb Aux termes de l\u2019article 198 duCodep\u00e9nal, l\u2019usaged\u2019un permis de conduire falsifi\u00e9 est puni d\u2019une peine d\u2019emprisonnement d\u2019un mois \u00e0 trois ans et d\u2019une amende de 251 euros \u00e0 12.500 euros,ou d\u2019une de ces peines seulement. Au vu de la gravit\u00e9 des faits,il y a lieude condamnerPERSONNE1.)\u00e0 une amende de 500euros. Il y a encore lieu d\u2019ordonner laconfiscation, comme objet ayant permis de commettre l\u2019infraction,dufaux permis de conduiresoudanais portant le num\u00e9roNUMERO1.),saisi suivant proc\u00e8s-verbal num\u00e9ro20668\/2020du9 septembre2020, dress\u00e9 par la Police Grand-Ducale, R\u00e9gionCapitale,Commissariat Ettelbr\u00fcck (C2R). PAR CES MOTIFS le Tribunal d&#039;arrondissement de et \u00e0 Luxembourg, douzi\u00e8me chambre, si\u00e9geant en mati\u00e8re correctionnelle, statuantcontradictoirement,le pr\u00e9venu entendu en ses explications et moyens de d\u00e9fense,lerepr\u00e9sentant du Minist\u00e8re Public entenduen son r\u00e9quisitoire,et le pr\u00e9venu ayant eu la parole en dernier, condamnePERSONNE1.)du chef del\u2019infraction retenue \u00e0 sa charge \u00e0 une amende de cinqcents(500) eurosainsi qu&#039;aux frais de sa poursuite p\u00e9nale, ces frais liquid\u00e9s \u00e0 16,52euros; fixela dur\u00e9e de la contrainte par corps en cas de non-paiement de l\u2019amende \u00e0cinq(5) jours; ordonnelaconfiscationdu faux permis de conduiresoudanais portant le num\u00e9ro NUMERO1.), saisi suivant proc\u00e8s-verbal num\u00e9ro 20668\/2020 du 9 septembre 2020, dress\u00e9 par la Police Grand-Ducale, R\u00e9gion Capitale, Commissariat Ettelbr\u00fcck (C2R). Par application des articles14, 16, 27, 28, 29, 30,31et198duCodep\u00e9nal et des articles 3-6,179, 182,184, 189, 190, 190-1, 194, 195et 196duCodede proc\u00e9dure p\u00e9nalequi furent d\u00e9sign\u00e9s \u00e0 l&#039;audience par levice-pr\u00e9sident. Ainsi fait et jug\u00e9 par Marc THILL, vice-pr\u00e9sident, Fr\u00e9d\u00e9ric GRUHLKE, premierjuge, et Paul ELZ, premier juge, et prononc\u00e9 par le vice-pr\u00e9sident en audience publique au Tribunal d\u2019arrondissement \u00e0 Luxembourg, en pr\u00e9sence de Felix WANTZ, premier<\/p>\n<p>4 substitut du Procureur d\u2019Etat et de Anne THIRY, greffier, qui, \u00e0 l\u2019exception du repr\u00e9sentant du Minist\u00e8re Public, ont sign\u00e9 le pr\u00e9sent jugement.<\/p>\n<\/div>\n<hr class=\"kji-sep\" \/>\n<p class=\"kji-source-links\"><strong>Sources officielles :<\/strong> <a class=\"kji-source-link\" href=\"https:\/\/data.public.lu\/fr\/datasets\/tribunal-darrondissement-luxembourg-penal\/\" target=\"_blank\" rel=\"noopener noreferrer\">consulter la page source<\/a> &middot; <a class=\"kji-pdf-link\" href=\"https:\/\/download.data.public.lu\/resources\/tribunal-darrondissement-luxembourg-penal\/20240909-021548\/20240607-tal12-1315-pseudonymise-accessible.pdf\" target=\"_blank\" rel=\"noopener noreferrer\">PDF officiel<\/a><\/p>\n<p class=\"kji-license-note\"><em>Licence CC BY-ND 4.0 (Administration judiciaire, data.public.lu). Republication autorisee avec attribution, sans modification editoriale du texte integral.<\/em><\/p>\n<\/div>\n","protected":false},"excerpt":{"rendered":"<p>Jugt no1315\/2024 Not.:38374\/23\/CD confisc.1x Audience publique du7 juin 2024 Le Tribunal d&#8217;arrondissement de et \u00e0 Luxembourg,douzi\u00e8me chambre,si\u00e9geanten mati\u00e8re correctionnelle,a rendu le jugement qui suit: Dans la cause du Minist\u00e8re Public contre PERSONNE1.), n\u00e9 leDATE1.)\u00e0ADRESSE1.)(Erythr\u00e9e), demeurant \u00e0L-ADRESSE2.); -pr\u00e9venu- FAITS : Par citationdu3 mai 2024, le Procureur\u2026<\/p>\n","protected":false},"featured_media":0,"template":"","meta":{"_crdt_document":""},"kji_country":[8418],"kji_court":[23583],"kji_chamber":[25729],"kji_year":[8677],"kji_subject":[7632],"kji_keyword":[23584,7636],"kji_language":[7733],"class_list":["post-627556","kji_decision","type-kji_decision","status-publish","hentry","kji_country-luxembourg","kji_court-tribunal-darrondissement","kji_chamber-penal","kji_year-8677","kji_subject-penal","kji_keyword-arrondissement","kji_keyword-tribunal","kji_language-francais"],"yoast_head":"<!-- This site is optimized with the Yoast SEO Premium plugin v27.5 (Yoast SEO v27.5) - https:\/\/yoast.com\/product\/yoast-seo-premium-wordpress\/ -->\n<title>Tribunal d&#039;arrondissement, 7 juin 2024 - Ma\u00eetre Hassan Kohen, avocat en droit p\u00e9nal \u00e0 Paris<\/title>\n<meta name=\"robots\" content=\"index, follow, max-snippet:-1, max-image-preview:large, max-video-preview:-1\" \/>\n<link rel=\"canonical\" href=\"https:\/\/kohenavocats.com\/ru\/jurisprudences\/tribunal-darrondissement-7-juin-2024-5\/\" \/>\n<meta property=\"og:locale\" content=\"ru_RU\" \/>\n<meta property=\"og:type\" content=\"article\" \/>\n<meta property=\"og:title\" content=\"Tribunal d&#039;arrondissement, 7 juin 2024\" \/>\n<meta property=\"og:description\" content=\"Jugt no1315\/2024 Not.:38374\/23\/CD confisc.1x Audience publique du7 juin 2024 Le Tribunal d&#039;arrondissement de et \u00e0 Luxembourg,douzi\u00e8me chambre,si\u00e9geanten mati\u00e8re correctionnelle,a rendu le jugement qui suit: Dans la cause du Minist\u00e8re Public contre PERSONNE1.), n\u00e9 leDATE1.)\u00e0ADRESSE1.)(Erythr\u00e9e), demeurant \u00e0L-ADRESSE2.); -pr\u00e9venu- FAITS : Par citationdu3 mai 2024, le Procureur\u2026\" \/>\n<meta property=\"og:url\" content=\"https:\/\/kohenavocats.com\/ru\/jurisprudences\/tribunal-darrondissement-7-juin-2024-5\/\" \/>\n<meta property=\"og:site_name\" content=\"Ma\u00eetre Hassan Kohen, avocat en droit p\u00e9nal \u00e0 Paris\" \/>\n<meta property=\"article:modified_time\" content=\"2026-04-20T20:34:57+00:00\" \/>\n<meta name=\"twitter:card\" content=\"summary_large_image\" \/>\n<meta name=\"twitter:label1\" content=\"\u041f\u0440\u0438\u043c\u0435\u0440\u043d\u043e\u0435 \u0432\u0440\u0435\u043c\u044f \u0434\u043b\u044f \u0447\u0442\u0435\u043d\u0438\u044f\" \/>\n\t<meta name=\"twitter:data1\" content=\"5 \u043c\u0438\u043d\u0443\u0442\" \/>\n<script type=\"application\/ld+json\" class=\"yoast-schema-graph\">{\"@context\":\"https:\\\/\\\/schema.org\",\"@graph\":[{\"@type\":\"WebPage\",\"@id\":\"https:\\\/\\\/kohenavocats.com\\\/ru\\\/jurisprudences\\\/tribunal-darrondissement-7-juin-2024-5\\\/\",\"url\":\"https:\\\/\\\/kohenavocats.com\\\/ru\\\/jurisprudences\\\/tribunal-darrondissement-7-juin-2024-5\\\/\",\"name\":\"Tribunal d'arrondissement, 7 juin 2024 - Ma\u00eetre Hassan Kohen, avocat en droit p\u00e9nal \u00e0 Paris\",\"isPartOf\":{\"@id\":\"https:\\\/\\\/kohenavocats.com\\\/ru\\\/#website\"},\"datePublished\":\"2026-04-20T20:34:55+00:00\",\"dateModified\":\"2026-04-20T20:34:57+00:00\",\"breadcrumb\":{\"@id\":\"https:\\\/\\\/kohenavocats.com\\\/ru\\\/jurisprudences\\\/tribunal-darrondissement-7-juin-2024-5\\\/#breadcrumb\"},\"inLanguage\":\"ru-RU\",\"potentialAction\":[{\"@type\":\"ReadAction\",\"target\":[\"https:\\\/\\\/kohenavocats.com\\\/ru\\\/jurisprudences\\\/tribunal-darrondissement-7-juin-2024-5\\\/\"]}]},{\"@type\":\"BreadcrumbList\",\"@id\":\"https:\\\/\\\/kohenavocats.com\\\/ru\\\/jurisprudences\\\/tribunal-darrondissement-7-juin-2024-5\\\/#breadcrumb\",\"itemListElement\":[{\"@type\":\"ListItem\",\"position\":1,\"name\":\"Home\",\"item\":\"https:\\\/\\\/kohenavocats.com\\\/ru\\\/avocats-en-droit-penal-a-paris-conseil-et-defense-strategique\\\/\"},{\"@type\":\"ListItem\",\"position\":2,\"name\":\"Jurisprudences\",\"item\":\"https:\\\/\\\/kohenavocats.com\\\/ru\\\/jurisprudences\\\/\"},{\"@type\":\"ListItem\",\"position\":3,\"name\":\"Tribunal d&rsquo;arrondissement, 7 juin 2024\"}]},{\"@type\":\"WebSite\",\"@id\":\"https:\\\/\\\/kohenavocats.com\\\/ru\\\/#website\",\"url\":\"https:\\\/\\\/kohenavocats.com\\\/ru\\\/\",\"name\":\"Kohen Avocats\",\"description\":\"Ma\u00eetre Hassan Kohen, avocat p\u00e9naliste \u00e0 Paris, intervient exclusivement en droit p\u00e9nal pour la d\u00e9fense des particuliers, notamment en mati\u00e8re d\u2019accusations de viol. Il assure un accompagnement rigoureux d\u00e8s la garde \u00e0 vue jusqu\u2019\u00e0 la Cour d\u2019assises, veillant au strict respect des garanties proc\u00e9durales.\",\"publisher\":{\"@id\":\"https:\\\/\\\/kohenavocats.com\\\/ru\\\/#organization\"},\"potentialAction\":[{\"@type\":\"SearchAction\",\"target\":{\"@type\":\"EntryPoint\",\"urlTemplate\":\"https:\\\/\\\/kohenavocats.com\\\/ru\\\/?s={search_term_string}\"},\"query-input\":{\"@type\":\"PropertyValueSpecification\",\"valueRequired\":true,\"valueName\":\"search_term_string\"}}],\"inLanguage\":\"ru-RU\"},{\"@type\":\"Organization\",\"@id\":\"https:\\\/\\\/kohenavocats.com\\\/ru\\\/#organization\",\"name\":\"Kohen Avocats\",\"url\":\"https:\\\/\\\/kohenavocats.com\\\/ru\\\/\",\"logo\":{\"@type\":\"ImageObject\",\"inLanguage\":\"ru-RU\",\"@id\":\"https:\\\/\\\/kohenavocats.com\\\/ru\\\/#\\\/schema\\\/logo\\\/image\\\/\",\"url\":\"https:\\\/\\\/kohenavocats.com\\\/wp-content\\\/uploads\\\/2026\\\/01\\\/Logo-2-1.webp\",\"contentUrl\":\"https:\\\/\\\/kohenavocats.com\\\/wp-content\\\/uploads\\\/2026\\\/01\\\/Logo-2-1.webp\",\"width\":2114,\"height\":1253,\"caption\":\"Kohen Avocats\"},\"image\":{\"@id\":\"https:\\\/\\\/kohenavocats.com\\\/ru\\\/#\\\/schema\\\/logo\\\/image\\\/\"}}]}<\/script>\n<!-- \/ Yoast SEO Premium plugin. -->","yoast_head_json":{"title":"Tribunal d'arrondissement, 7 juin 2024 - Ma\u00eetre Hassan Kohen, avocat en droit p\u00e9nal \u00e0 Paris","robots":{"index":"index","follow":"follow","max-snippet":"max-snippet:-1","max-image-preview":"max-image-preview:large","max-video-preview":"max-video-preview:-1"},"canonical":"https:\/\/kohenavocats.com\/ru\/jurisprudences\/tribunal-darrondissement-7-juin-2024-5\/","og_locale":"ru_RU","og_type":"article","og_title":"Tribunal d'arrondissement, 7 juin 2024","og_description":"Jugt no1315\/2024 Not.:38374\/23\/CD confisc.1x Audience publique du7 juin 2024 Le Tribunal d'arrondissement de et \u00e0 Luxembourg,douzi\u00e8me chambre,si\u00e9geanten mati\u00e8re correctionnelle,a rendu le jugement qui suit: Dans la cause du Minist\u00e8re Public contre PERSONNE1.), n\u00e9 leDATE1.)\u00e0ADRESSE1.)(Erythr\u00e9e), demeurant \u00e0L-ADRESSE2.); -pr\u00e9venu- FAITS : Par citationdu3 mai 2024, le Procureur\u2026","og_url":"https:\/\/kohenavocats.com\/ru\/jurisprudences\/tribunal-darrondissement-7-juin-2024-5\/","og_site_name":"Ma\u00eetre Hassan Kohen, avocat en droit p\u00e9nal \u00e0 Paris","article_modified_time":"2026-04-20T20:34:57+00:00","twitter_card":"summary_large_image","twitter_misc":{"\u041f\u0440\u0438\u043c\u0435\u0440\u043d\u043e\u0435 \u0432\u0440\u0435\u043c\u044f \u0434\u043b\u044f \u0447\u0442\u0435\u043d\u0438\u044f":"5 \u043c\u0438\u043d\u0443\u0442"},"schema":{"@context":"https:\/\/schema.org","@graph":[{"@type":"WebPage","@id":"https:\/\/kohenavocats.com\/ru\/jurisprudences\/tribunal-darrondissement-7-juin-2024-5\/","url":"https:\/\/kohenavocats.com\/ru\/jurisprudences\/tribunal-darrondissement-7-juin-2024-5\/","name":"Tribunal d'arrondissement, 7 juin 2024 - Ma\u00eetre Hassan Kohen, avocat en droit p\u00e9nal \u00e0 Paris","isPartOf":{"@id":"https:\/\/kohenavocats.com\/ru\/#website"},"datePublished":"2026-04-20T20:34:55+00:00","dateModified":"2026-04-20T20:34:57+00:00","breadcrumb":{"@id":"https:\/\/kohenavocats.com\/ru\/jurisprudences\/tribunal-darrondissement-7-juin-2024-5\/#breadcrumb"},"inLanguage":"ru-RU","potentialAction":[{"@type":"ReadAction","target":["https:\/\/kohenavocats.com\/ru\/jurisprudences\/tribunal-darrondissement-7-juin-2024-5\/"]}]},{"@type":"BreadcrumbList","@id":"https:\/\/kohenavocats.com\/ru\/jurisprudences\/tribunal-darrondissement-7-juin-2024-5\/#breadcrumb","itemListElement":[{"@type":"ListItem","position":1,"name":"Home","item":"https:\/\/kohenavocats.com\/ru\/avocats-en-droit-penal-a-paris-conseil-et-defense-strategique\/"},{"@type":"ListItem","position":2,"name":"Jurisprudences","item":"https:\/\/kohenavocats.com\/ru\/jurisprudences\/"},{"@type":"ListItem","position":3,"name":"Tribunal d&rsquo;arrondissement, 7 juin 2024"}]},{"@type":"WebSite","@id":"https:\/\/kohenavocats.com\/ru\/#website","url":"https:\/\/kohenavocats.com\/ru\/","name":"Kohen Avocats","description":"Ma\u00eetre Hassan Kohen, avocat p\u00e9naliste \u00e0 Paris, intervient exclusivement en droit p\u00e9nal pour la d\u00e9fense des particuliers, notamment en mati\u00e8re d\u2019accusations de viol. Il assure un accompagnement rigoureux d\u00e8s la garde \u00e0 vue jusqu\u2019\u00e0 la Cour d\u2019assises, veillant au strict respect des garanties proc\u00e9durales.","publisher":{"@id":"https:\/\/kohenavocats.com\/ru\/#organization"},"potentialAction":[{"@type":"SearchAction","target":{"@type":"EntryPoint","urlTemplate":"https:\/\/kohenavocats.com\/ru\/?s={search_term_string}"},"query-input":{"@type":"PropertyValueSpecification","valueRequired":true,"valueName":"search_term_string"}}],"inLanguage":"ru-RU"},{"@type":"Organization","@id":"https:\/\/kohenavocats.com\/ru\/#organization","name":"Kohen Avocats","url":"https:\/\/kohenavocats.com\/ru\/","logo":{"@type":"ImageObject","inLanguage":"ru-RU","@id":"https:\/\/kohenavocats.com\/ru\/#\/schema\/logo\/image\/","url":"https:\/\/kohenavocats.com\/wp-content\/uploads\/2026\/01\/Logo-2-1.webp","contentUrl":"https:\/\/kohenavocats.com\/wp-content\/uploads\/2026\/01\/Logo-2-1.webp","width":2114,"height":1253,"caption":"Kohen Avocats"},"image":{"@id":"https:\/\/kohenavocats.com\/ru\/#\/schema\/logo\/image\/"}}]}},"jetpack_likes_enabled":false,"jetpack_sharing_enabled":true,"_links":{"self":[{"href":"https:\/\/kohenavocats.com\/ru\/wp-json\/wp\/v2\/kji_decision\/627556","targetHints":{"allow":["GET"]}}],"collection":[{"href":"https:\/\/kohenavocats.com\/ru\/wp-json\/wp\/v2\/kji_decision"}],"about":[{"href":"https:\/\/kohenavocats.com\/ru\/wp-json\/wp\/v2\/types\/kji_decision"}],"wp:attachment":[{"href":"https:\/\/kohenavocats.com\/ru\/wp-json\/wp\/v2\/media?parent=627556"}],"wp:term":[{"taxonomy":"kji_country","embeddable":true,"href":"https:\/\/kohenavocats.com\/ru\/wp-json\/wp\/v2\/kji_country?post=627556"},{"taxonomy":"kji_court","embeddable":true,"href":"https:\/\/kohenavocats.com\/ru\/wp-json\/wp\/v2\/kji_court?post=627556"},{"taxonomy":"kji_chamber","embeddable":true,"href":"https:\/\/kohenavocats.com\/ru\/wp-json\/wp\/v2\/kji_chamber?post=627556"},{"taxonomy":"kji_year","embeddable":true,"href":"https:\/\/kohenavocats.com\/ru\/wp-json\/wp\/v2\/kji_year?post=627556"},{"taxonomy":"kji_subject","embeddable":true,"href":"https:\/\/kohenavocats.com\/ru\/wp-json\/wp\/v2\/kji_subject?post=627556"},{"taxonomy":"kji_keyword","embeddable":true,"href":"https:\/\/kohenavocats.com\/ru\/wp-json\/wp\/v2\/kji_keyword?post=627556"},{"taxonomy":"kji_language","embeddable":true,"href":"https:\/\/kohenavocats.com\/ru\/wp-json\/wp\/v2\/kji_language?post=627556"}],"curies":[{"name":"wp","href":"https:\/\/api.w.org\/{rel}","templated":true}]}}