{"id":627686,"date":"2026-04-20T22:46:17","date_gmt":"2026-04-20T20:46:17","guid":{"rendered":"https:\/\/kohenavocats.com\/jurisprudences\/tribunal-darrondissement-26-juillet-2024-2\/"},"modified":"2026-04-20T22:46:20","modified_gmt":"2026-04-20T20:46:20","slug":"tribunal-darrondissement-26-juillet-2024-2","status":"publish","type":"kji_decision","link":"https:\/\/kohenavocats.com\/ru\/jurisprudences\/tribunal-darrondissement-26-juillet-2024-2\/","title":{"rendered":"Tribunal d&#8217;arrondissement, 26 juillet 2024"},"content":{"rendered":"<div class=\"kji-decision\">\n<div class=\"kji-full-text\">\n<p>Jugementn\u00b01832\/2024 not.11304\/23\/CC not.40953\/23\/CC 2 xI.C. (i.c. prov.) (jonction) AUDIENCE PUBLIQUE DU 26 JUILLET2024 Le Tribunal d\u2019arrondissement de et \u00e0 Luxembourg,chambrede vacation,si\u00e9geant enmati\u00e8re correctionnelle,statuant en composition dejuge unique,a rendu le jugement qui suit dans lescausesdu Minist\u00e8re Public contre PERSONNE1.), n\u00e9leDATE1.)\u00e0ADRESSE1.), demeurant \u00e0ADRESSE2.) -p r \u00e9 v e n u- _______________________________________________________________________ F A I T S: Par citationsdu5 juillet2024(not.11304\/23\/CC etnot.40953\/23\/CC),le Procureurd\u2019Etatpr\u00e8s le Tribunal d\u2019arrondissement de et \u00e0 Luxembourg a requis lepr\u00e9venude compara\u00eetre \u00e0 l\u2019audience publique du23juillet2024devant le Tribunal correctionnel de ce si\u00e8ge pour y entendre statuer sur les pr\u00e9ventions suivantes: not.11304\/23\/CC: avoircircul\u00e9 alors que son organisme comportait la pr\u00e9sence de tetrahydrocannabinol (THC) dont le taux s\u00e9rique \u00e9tait sup\u00e9rieur ou \u00e9gal \u00e0 1ng\/ml, en l\u2019esp\u00e8ce7,02ng\/ml; not.40953\/23\/CC: avoircircul\u00e9 alors que son organisme comportait la pr\u00e9sence de tetrahydrocannabinol (THC) dont le taux s\u00e9rique \u00e9tait sup\u00e9rieur ou \u00e9gal \u00e0 1ng\/ml, en l\u2019esp\u00e8ce6,48ng\/ml; contravention.<\/p>\n<p>2 \u00c0cette audience, lePremierJuge-Pr\u00e9sidentconstata l\u2019identit\u00e9 dupr\u00e9venu et luidonna connaissance desactesquiontsaisi le Tribunal. LePremierJuge-Pr\u00e9sidentinforma lepr\u00e9venu desondroit de garder le silence et de ne pas s\u2019incriminersoi-m\u00eame, conform\u00e9ment \u00e0 l\u2019article 190-1 (2) du Code de proc\u00e9dure p\u00e9nale. Lepr\u00e9venuPERSONNE1.)renon\u00e7a \u00e0 l\u2019assistance d\u2019un avocat par d\u00e9claration \u00e9crite, dat\u00e9e et sign\u00e9e, conform\u00e9ment \u00e0 l\u2019article 3-6 point 8 du Code de proc\u00e9dure p\u00e9nale. Lepr\u00e9venuPERSONNE1.)fut entendu en sesexplications et moyens de d\u00e9fense. Lerepr\u00e9sentant du Minist\u00e8re Public,Sam RIES,PremierSubstitutdu Procureur d\u2019Etat, demanda au Tribunal de prononcer la jonction des affaires introduites par le Minist\u00e8re Public sous les noticesnum\u00e9ros11304\/23\/CC et40953\/23\/CC,lesr\u00e9suma et fut entendu en son r\u00e9quisitoire. Lepr\u00e9venuPERSONNE1.)eut la parole en dernier. Le Tribunal prit lesaffairesen d\u00e9lib\u00e9r\u00e9 et rendit \u00e0 l\u2019audience publique de ce jour, date \u00e0 laquelle le prononc\u00e9 avait \u00e9t\u00e9 fix\u00e9,le JUGEMENTqui suit: Vu lescitations\u00e0 pr\u00e9venu du5 juillet2024(not.11304\/23\/CC etnot.40953\/23\/CC), r\u00e9guli\u00e8rement notifi\u00e9esaupr\u00e9venuPERSONNE1.). Dans l\u2019int\u00e9r\u00eat d\u2019une bonne administration de la justice, il y a lieu de joindre les affaires introduites par leMinist\u00e8re Publicsous les noticesnum\u00e9ros11304\/23\/CC et40953\/23\/CCpour y statuer par un seul et m\u00eame jugement. Quant \u00e0 la noticenum\u00e9ro11304\/23\/CC Vu l\u2019ensemble dudossier r\u00e9pressif constitu\u00e9 par le Minist\u00e8re Public sous la notice num\u00e9ro 11304\/23\/CCet notammentleproc\u00e8s-verbalnum\u00e9ro92\/2023du23janvier 2023, dress\u00e9 parla PoliceGrand-Ducale,R\u00e9gionCentre-Est, CommissariatSyrdall. Vu l\u2019expertise toxicologiquenum\u00e9ro23008220du16 f\u00e9vrier2023,\u00e9tablie au Laboratoire national de sant\u00e9,Service de toxicologie m\u00e9dico-l\u00e9gale, r\u00e9v\u00e9lantla pr\u00e9sence d\u2019un taux s\u00e9rique de7,02ng\/ml det\u00e9trahydrocannabinol (THC)dans l\u2019organisme du pr\u00e9venu. LeMinist\u00e8re Public reproche \u00e0PERSONNE1.)d\u2019avoir,le23janvier 2023vers18.30heures, sur laADRESSE3.)\u00e0 hauteur deADRESSE4.), circul\u00e9avec un v\u00e9hicule sur la voie publique alors que son organisme comportait la pr\u00e9sence det\u00e9trahydrocannabinol (THC)dont le taux s\u00e9rique \u00e9tait sup\u00e9rieur ou \u00e9gal \u00e01ng\/ml, en l\u2019esp\u00e8ce7,02ng\/ml. \u00c0l\u2019audience du23juillet2024, le pr\u00e9venuaavou\u00e9avoir commis l\u2019infraction lui reproch\u00e9e.<\/p>\n<p>3 Au vu des \u00e9l\u00e9ments du dossier r\u00e9pressif, ensemble les d\u00e9bats men\u00e9s \u00e0 l\u2019audienceet son aveu, PERSONNE1.)estconvaincu: \u00ab\u00e9tant conducteur d\u2019un v\u00e9hicule automoteur sur la voie publique, le23 janvier 2023 vers 18.30 heures, sur laADRESSE3.)\u00e0 hauteur deADRESSE4.), d\u2019avoir circul\u00e9 alors que son organisme comportait la pr\u00e9sence de tetrahydrocannabinol (THC) dont le taux s\u00e9rique est sup\u00e9rieur ou \u00e9gal \u00e0 1 ng\/ml, en l\u2019esp\u00e8ce de7,02ng\/ml.\u00bb Quant \u00e0 la noticenum\u00e9ro40953\/23\/CC Vu l\u2019ensemble du dossier r\u00e9pressif constitu\u00e9 par le Minist\u00e8re Public sous la notice num\u00e9ro 40953\/23\/CC et notamment le proc\u00e8s-verbal num\u00e9ro641\/2023 du7novembre2023, dress\u00e9 par la Police Grand-ducale,r\u00e9gionCentre-est,CommissariatWalfer. Vu l\u2019expertise toxicologique num\u00e9ro23 096317du13novembre 2023, \u00e9tablie au Laboratoire national de sant\u00e9, Service de toxicologie m\u00e9dico-l\u00e9gale, r\u00e9v\u00e9lant la pr\u00e9sence d\u2019un taux s\u00e9rique de 6,48 ng\/ml de t\u00e9trahydrocannabinol (THC) dans l\u2019organisme du pr\u00e9venu. Le Minist\u00e8re Public reproche \u00e0PERSONNE1.)d\u2019avoir, le7 novembre2023 vers22.20 heures, \u00e0ADRESSE5.), \u00e0 hauteur du b\u00e2timent n\u00b0NUMERO1.), circul\u00e9 avec un v\u00e9hicule sur la voie publique alors que son organisme comportait la pr\u00e9sence de t\u00e9trahydrocannabinol (THC) dont le taux s\u00e9rique \u00e9tait sup\u00e9rieur ou \u00e9gal \u00e0 1 ng\/ml, en l\u2019esp\u00e8ce6,48ng\/mlet d\u2019avoir commis une contravention au code la route. Le Tribunal correctionnel est comp\u00e9tent pour conna\u00eetre delacontravention libell\u00e9e \u00e0 charge du pr\u00e9venu en raison desaconnexit\u00e9 avec le d\u00e9lit de conduitesous influence de stup\u00e9fiantsmis \u00e0 sa charge. \u00c0 l\u2019audience du 23 juillet2024, le pr\u00e9venu a avou\u00e9 avoir commisles infractionslui reproch\u00e9es. Au vu des \u00e9l\u00e9ments du dossier r\u00e9pressif, ensemble les d\u00e9bats men\u00e9s\u00e0 l\u2019audience et son aveu, PERSONNE1.)estconvaincu: \u00ab\u00e9tant conducteur d\u2019un v\u00e9hicule automoteur sur la voie publique, le7 novembre2023 vers22.20heures, \u00e0ADRESSE5.), \u00e0 hauteur du b\u00e2timent n\u00b0NUMERO1.), 1)d\u2019avoircircul\u00e9 alors que son organisme comportait la pr\u00e9sence de tetrahydrocannabinol (THC) dont le taux s\u00e9rique est sup\u00e9rieur ou \u00e9gal \u00e0 1 ng\/ml, en l\u2019esp\u00e8ce de6,48ng\/ml, 2)d\u00e9fautde se comporter raisonnablement et prudemment de fa\u00e7on \u00e0 ne pas constituer un danger pour la circulation.\u00bb La peine Les infractions retenues \u00e0 chargedupr\u00e9venusub la notice 40953\/23\/CCse trouvent en concours id\u00e9al. Ce groupe d\u2019infractions se trouveen concoursr\u00e9elavec l\u2019infraction retenue sub la notice<\/p>\n<p>4 11304\/23\/CC, de sorte qu&#039;il y a lieu d&#039;appliquerles articles60et 65du Code p\u00e9nalet de prononcer la peine la plus forte qui pourra \u00eatre \u00e9lev\u00e9e au double du maximum, sans toutefois pouvoir exc\u00e9derla somme des peines pr\u00e9vues pour les diff\u00e9rents d\u00e9lits L\u2019article 12 paragraphe 4 de la loi modifi\u00e9e du 14 f\u00e9vrier 1955 concernant la r\u00e9glementation de la circulation sur toutes les voies publiques r\u00e9prime tout conducteur d\u2019un v\u00e9hicule dont l\u2019organisme comporte la pr\u00e9sence de THC dont le taux s\u00e9rique est \u00e9gal ou sup\u00e9rieur \u00e0 1 ng\/mL d\u2019une peine d\u2019emprisonnement de huit jours \u00e0 trois ans ainsi que d\u2019une amende de 500 euros \u00e0 10.000 euros ou d\u2019une de ces peines seulement. Lacontravention retenue \u00e0 charge du pr\u00e9venuest punie d\u2019une amende de police de 25 \u00e0 250euros en vertu de l\u2019article 174 de l\u2019arr\u00eat\u00e9 grand-ducal modifi\u00e9 du 23 novembre 1955 portant r\u00e8glementation de la circulation sur toutes les voies publiques. La peine la plus forte est partant celle encourue pour la circulationsous influence de tetrahydrocannabinol. L\u2019article 13 paragraphe 1 de la loimodifi\u00e9edu 14 f\u00e9vrier 1955pr\u00e9cit\u00e9epermet au juge saisi d\u2019une ou de plusieurs infractions \u00e0 lar\u00e9glementation de la circulation sur les voies publiques ou de d\u00e9lits ou de crimes qui se sont joints \u00e0 ces infractions, de prononcer une interdiction de conduire de huit jours \u00e0 un an en mati\u00e8re de contraventions et de trois mois \u00e0 quinze ans en mati\u00e8re de d\u00e9lits ou de crimes.Cette interdiction de conduire sera toujours prononc\u00e9e \u00aben cas de condamnation du chef des d\u00e9lits vis\u00e9s au point 1 du paragraphe 2 de l\u2019article 12 et au point 1 du paragraphe 4bisde l\u2019article 12 ou en cas de la r\u00e9cidive pr\u00e9vue au point 5du paragraphe 2 du m\u00eame article.\u00bb Au vu de la gravit\u00e9 des infractions commises et compte tenu de sa situation financi\u00e8re, le Tribunal condamnePERSONNE1.)\u00e0 une peine d\u2019amende correctionnelle de500 euros, \u00e0 une peine d\u2019interdiction de conduire de12moispour l\u2019infraction retenue sous la notice 11304\/23\/CC \u00e0 sa charge ainsi qu\u2019\u00e0 une peine d\u2019interdiction de conduire de12moispour l\u2019infraction retenue sous la notice40953\/23\/CC sub 1) \u00e0 sa charge. Le Tribunal constate quePERSONNE1.)n&#039;a pas subi jusqu&#039;\u00e0 ce jour de condamnation excluant un \u00e9ventuel sursis \u00e0 l&#039;ex\u00e9cution des peines et il ne semble pas indigne d\u2019une certaine indulgence du Tribunal. Il y a partant lieu de lui accorder la faveur dusursis int\u00e9gralquant aux interdictions de conduire \u00e0 prononcer \u00e0 son encontre, conform\u00e9ment \u00e0 l\u2019article 628 alin\u00e9a 4 du Code de proc\u00e9dure p\u00e9nale. P A RC E SM O T I F S: le Tribunal d\u2019arrondissement de et \u00e0 Luxembourg, chambrede vacation,si\u00e9geant enmati\u00e8re correctionnelle,compos\u00e9e de sonPremierJuge-Pr\u00e9sident,statuantcontradictoirement,le pr\u00e9venu entendu en ses explications et moyens de d\u00e9fense etlerepr\u00e9sentant du Minist\u00e8re Public entendu en son r\u00e9quisitoire, o r d o n n ela jonction des affaires introduites par leMinist\u00e8re Publicsous les notices num\u00e9ros 11304\/23\/CCet40953\/23\/CC,<\/p>\n<p>5 s e d \u00e9 c l a r ecomp\u00e9tent pour conna\u00eetre delacontravention reproch\u00e9eau pr\u00e9venu PERSONNE1.), c o n d a m n ele pr\u00e9venuPERSONNE1.)du chef desinfractionsretenues\u00e0sa charge, qui se trouvent pour partie en concours r\u00e9el et pour partie en concours id\u00e9al,\u00e0 une amende deCINQ CENTS(500) eurosainsi qu\u2019aux frais de sapoursuite p\u00e9nale, ces frais liquid\u00e9s \u00e01.422,95 euros,y compris les frais pour les analyses toxicologiques, f i x ela dur\u00e9e de la contrainte par corps en cas de non-paiement de l\u2019amende \u00e0CINQ(5) jours, c o n d a m n ele pr\u00e9venuPERSONNE1.)du chef del\u2019infraction retenue sous la notice 11304\/23\/CC \u00e0 sa charge \u00e0 une interdiction de conduire d&#039;une dur\u00e9e deDOUZE(12) mois applicable \u00e0 tous les v\u00e9hicules automoteurs des cat\u00e9gories de permis de conduire A, B, C, D, E et F sur toutes les voies publiques, d itqu\u2019il sera sursis \u00e0 l\u2019ex\u00e9cution de l\u2019int\u00e9gralit\u00e9 de cette interdiction de conduire, a v e r t i tPERSONNE1.)qu\u2019au cas o\u00f9, dans un d\u00e9lai de cinq ans \u00e0 dater du pr\u00e9sent jugement, il aura commise une nouvelle infraction ayant entra\u00een\u00e9 une condamnation \u00e0 une interdiction de conduire un v\u00e9hicule sur la voie publique ou \u00e0 une peine privative de libert\u00e9 pour crimes ou d\u00e9lits pr\u00e9vus par la l\u00e9gislation sur la circulation sur les voies publiques ou sur la vente de substances m\u00e9dicamenteuses et la lutte contre la toxicomanie, les interdictions de conduire prononc\u00e9es ci-devant seront ex\u00e9cut\u00e9es sans confusion possible avec la nouvelle peine, c o n d a m n ele pr\u00e9venuPERSONNE1.)du chef del\u2019infraction retenue sous la notice 40953\/23\/CC sub 1) \u00e0 sa charge \u00e0 une interdiction de conduire d&#039;une dur\u00e9e deDOUZE(12) moisapplicable \u00e0 tous les v\u00e9hicules automoteurs des cat\u00e9gories de permis de conduire A, B, C, D, E et F sur toutes les voies publiques, d i tqu\u2019il sera sursis \u00e0 l\u2019ex\u00e9cution de l\u2019int\u00e9gralit\u00e9 de cette interdiction de conduire, a v e r t i tPERSONNE1.)qu\u2019au cas o\u00f9, dans un d\u00e9lai de cinq ans \u00e0 dater du pr\u00e9sent jugement, il aura commise une nouvelle infraction ayant entra\u00een\u00e9 une condamnation \u00e0 une interdiction de conduire un v\u00e9hicule sur la voie publique ou \u00e0 une peine privative de libert\u00e9 pour crimes ou d\u00e9lits pr\u00e9vus par la l\u00e9gislation sur la circulation sur les voies publiques ou sur la vente de substances m\u00e9dicamenteuses et la lutte contre la toxicomanie, les interdictions de conduire prononc\u00e9es ci-devant seront ex\u00e9cut\u00e9es sans confusion possible avec la nouvelle peine. Le toutenapplication des articles14, 16,28, 29,30,60et65du Code p\u00e9nal,des articles3-6, 26-1,154,179, 182, 184,185,189, 190, 190-1, 194, 195,196, 628et 628-1du Codede proc\u00e9dure p\u00e9nale,des articles12,13et 14bisde la loi modifi\u00e9e du 14f\u00e9vrier1955concernant la r\u00e9glementation de la circulation sur toutes les voies publiquesetdes articles 140 et 174 de l\u2019arr\u00eat\u00e9 grand-ducal modifi\u00e9 du 23 novembre 1955portant r\u00e8glement de la circulation sur toutes les voies publiquesqui furent d\u00e9sign\u00e9s \u00e0 l\u2019audiencepar lePremier Juge-Pr\u00e9sident.<\/p>\n<p>6 Ainsi fait, jug\u00e9 et prononc\u00e9 en l&#039;audience publique dudit Tribunal d&#039;arrondissement de et \u00e0 Luxembourg, date qu&#039;en t\u00eate, par Yashar AZARMGIN, Premier Juge-Pr\u00e9sident, assist\u00e9 du greffier Ma\u00eft\u00e9 LOOS, en pr\u00e9sence de Gilles BOILEAU, Substitut du Procureur d\u2019Etat, qui, \u00e0 l&#039;exception du repr\u00e9sentant du Minist\u00e8re Public, ont sign\u00e9 le pr\u00e9sent jugement.<\/p>\n<\/div>\n<hr class=\"kji-sep\" \/>\n<p class=\"kji-source-links\"><strong>Sources officielles :<\/strong> <a class=\"kji-source-link\" href=\"https:\/\/data.public.lu\/fr\/datasets\/tribunal-darrondissement-luxembourg-penal\/\" target=\"_blank\" rel=\"noopener noreferrer\">consulter la page source<\/a> &middot; <a class=\"kji-pdf-link\" href=\"https:\/\/download.data.public.lu\/resources\/tribunal-darrondissement-luxembourg-penal\/20240828-032856\/20240726-talvac-1832-pseudonymise-accessible.pdf\" target=\"_blank\" rel=\"noopener noreferrer\">PDF officiel<\/a><\/p>\n<p class=\"kji-license-note\"><em>Licence CC BY-ND 4.0 (Administration judiciaire, data.public.lu). Republication autorisee avec attribution, sans modification editoriale du texte integral.<\/em><\/p>\n<\/div>\n","protected":false},"excerpt":{"rendered":"<p>Jugementn\u00b01832\/2024 not.11304\/23\/CC not.40953\/23\/CC 2 xI.C. (i.c. prov.) (jonction) AUDIENCE PUBLIQUE DU 26 JUILLET2024 Le Tribunal d\u2019arrondissement de et \u00e0 Luxembourg,chambrede vacation,si\u00e9geant enmati\u00e8re correctionnelle,statuant en composition dejuge unique,a rendu le jugement qui suit dans lescausesdu Minist\u00e8re Public contre PERSONNE1.), n\u00e9leDATE1.)\u00e0ADRESSE1.), demeurant \u00e0ADRESSE2.) -p r \u00e9 v\u2026<\/p>\n","protected":false},"featured_media":0,"template":"","meta":{"_crdt_document":""},"kji_country":[8418],"kji_court":[23583],"kji_chamber":[25729],"kji_year":[8677],"kji_subject":[7632],"kji_keyword":[23584,25730,8600,7636],"kji_language":[7733],"class_list":["post-627686","kji_decision","type-kji_decision","status-publish","hentry","kji_country-luxembourg","kji_court-tribunal-darrondissement","kji_chamber-penal","kji_year-8677","kji_subject-penal","kji_keyword-arrondissement","kji_keyword-jugementn","kji_keyword-juillet","kji_keyword-tribunal","kji_language-francais"],"yoast_head":"<!-- This site is optimized with the Yoast SEO Premium plugin v27.5 (Yoast SEO v27.5) - https:\/\/yoast.com\/product\/yoast-seo-premium-wordpress\/ -->\n<title>Tribunal d&#039;arrondissement, 26 juillet 2024 - Ma\u00eetre Hassan Kohen, avocat en droit p\u00e9nal \u00e0 Paris<\/title>\n<meta name=\"robots\" content=\"index, follow, max-snippet:-1, max-image-preview:large, max-video-preview:-1\" \/>\n<link rel=\"canonical\" href=\"https:\/\/kohenavocats.com\/ru\/jurisprudences\/tribunal-darrondissement-26-juillet-2024-2\/\" \/>\n<meta property=\"og:locale\" content=\"ru_RU\" \/>\n<meta property=\"og:type\" content=\"article\" \/>\n<meta property=\"og:title\" content=\"Tribunal d&#039;arrondissement, 26 juillet 2024\" \/>\n<meta property=\"og:description\" content=\"Jugementn\u00b01832\/2024 not.11304\/23\/CC not.40953\/23\/CC 2 xI.C. (i.c. prov.) (jonction) AUDIENCE PUBLIQUE DU 26 JUILLET2024 Le Tribunal d\u2019arrondissement de et \u00e0 Luxembourg,chambrede vacation,si\u00e9geant enmati\u00e8re correctionnelle,statuant en composition dejuge unique,a rendu le jugement qui suit dans lescausesdu Minist\u00e8re Public contre PERSONNE1.), n\u00e9leDATE1.)\u00e0ADRESSE1.), demeurant \u00e0ADRESSE2.) -p r \u00e9 v\u2026\" \/>\n<meta property=\"og:url\" content=\"https:\/\/kohenavocats.com\/ru\/jurisprudences\/tribunal-darrondissement-26-juillet-2024-2\/\" \/>\n<meta property=\"og:site_name\" content=\"Ma\u00eetre Hassan Kohen, avocat en droit p\u00e9nal \u00e0 Paris\" \/>\n<meta property=\"article:modified_time\" content=\"2026-04-20T20:46:20+00:00\" \/>\n<meta name=\"twitter:card\" content=\"summary_large_image\" \/>\n<meta name=\"twitter:label1\" content=\"\u041f\u0440\u0438\u043c\u0435\u0440\u043d\u043e\u0435 \u0432\u0440\u0435\u043c\u044f \u0434\u043b\u044f \u0447\u0442\u0435\u043d\u0438\u044f\" \/>\n\t<meta name=\"twitter:data1\" content=\"10 \u043c\u0438\u043d\u0443\u0442\" \/>\n<script type=\"application\/ld+json\" class=\"yoast-schema-graph\">{\"@context\":\"https:\\\/\\\/schema.org\",\"@graph\":[{\"@type\":\"WebPage\",\"@id\":\"https:\\\/\\\/kohenavocats.com\\\/ru\\\/jurisprudences\\\/tribunal-darrondissement-26-juillet-2024-2\\\/\",\"url\":\"https:\\\/\\\/kohenavocats.com\\\/ru\\\/jurisprudences\\\/tribunal-darrondissement-26-juillet-2024-2\\\/\",\"name\":\"Tribunal d'arrondissement, 26 juillet 2024 - Ma\u00eetre Hassan Kohen, avocat en droit p\u00e9nal \u00e0 Paris\",\"isPartOf\":{\"@id\":\"https:\\\/\\\/kohenavocats.com\\\/ru\\\/#website\"},\"datePublished\":\"2026-04-20T20:46:17+00:00\",\"dateModified\":\"2026-04-20T20:46:20+00:00\",\"breadcrumb\":{\"@id\":\"https:\\\/\\\/kohenavocats.com\\\/ru\\\/jurisprudences\\\/tribunal-darrondissement-26-juillet-2024-2\\\/#breadcrumb\"},\"inLanguage\":\"ru-RU\",\"potentialAction\":[{\"@type\":\"ReadAction\",\"target\":[\"https:\\\/\\\/kohenavocats.com\\\/ru\\\/jurisprudences\\\/tribunal-darrondissement-26-juillet-2024-2\\\/\"]}]},{\"@type\":\"BreadcrumbList\",\"@id\":\"https:\\\/\\\/kohenavocats.com\\\/ru\\\/jurisprudences\\\/tribunal-darrondissement-26-juillet-2024-2\\\/#breadcrumb\",\"itemListElement\":[{\"@type\":\"ListItem\",\"position\":1,\"name\":\"Home\",\"item\":\"https:\\\/\\\/kohenavocats.com\\\/ru\\\/avocats-en-droit-penal-a-paris-conseil-et-defense-strategique\\\/\"},{\"@type\":\"ListItem\",\"position\":2,\"name\":\"Jurisprudences\",\"item\":\"https:\\\/\\\/kohenavocats.com\\\/ru\\\/jurisprudences\\\/\"},{\"@type\":\"ListItem\",\"position\":3,\"name\":\"Tribunal d&rsquo;arrondissement, 26 juillet 2024\"}]},{\"@type\":\"WebSite\",\"@id\":\"https:\\\/\\\/kohenavocats.com\\\/ru\\\/#website\",\"url\":\"https:\\\/\\\/kohenavocats.com\\\/ru\\\/\",\"name\":\"Kohen Avocats\",\"description\":\"Ma\u00eetre Hassan Kohen, avocat p\u00e9naliste \u00e0 Paris, intervient exclusivement en droit p\u00e9nal pour la d\u00e9fense des particuliers, notamment en mati\u00e8re d\u2019accusations de viol. Il assure un accompagnement rigoureux d\u00e8s la garde \u00e0 vue jusqu\u2019\u00e0 la Cour d\u2019assises, veillant au strict respect des garanties proc\u00e9durales.\",\"publisher\":{\"@id\":\"https:\\\/\\\/kohenavocats.com\\\/ru\\\/#organization\"},\"potentialAction\":[{\"@type\":\"SearchAction\",\"target\":{\"@type\":\"EntryPoint\",\"urlTemplate\":\"https:\\\/\\\/kohenavocats.com\\\/ru\\\/?s={search_term_string}\"},\"query-input\":{\"@type\":\"PropertyValueSpecification\",\"valueRequired\":true,\"valueName\":\"search_term_string\"}}],\"inLanguage\":\"ru-RU\"},{\"@type\":\"Organization\",\"@id\":\"https:\\\/\\\/kohenavocats.com\\\/ru\\\/#organization\",\"name\":\"Kohen Avocats\",\"url\":\"https:\\\/\\\/kohenavocats.com\\\/ru\\\/\",\"logo\":{\"@type\":\"ImageObject\",\"inLanguage\":\"ru-RU\",\"@id\":\"https:\\\/\\\/kohenavocats.com\\\/ru\\\/#\\\/schema\\\/logo\\\/image\\\/\",\"url\":\"https:\\\/\\\/kohenavocats.com\\\/wp-content\\\/uploads\\\/2026\\\/01\\\/Logo-2-1.webp\",\"contentUrl\":\"https:\\\/\\\/kohenavocats.com\\\/wp-content\\\/uploads\\\/2026\\\/01\\\/Logo-2-1.webp\",\"width\":2114,\"height\":1253,\"caption\":\"Kohen Avocats\"},\"image\":{\"@id\":\"https:\\\/\\\/kohenavocats.com\\\/ru\\\/#\\\/schema\\\/logo\\\/image\\\/\"}}]}<\/script>\n<!-- \/ Yoast SEO Premium plugin. -->","yoast_head_json":{"title":"Tribunal d'arrondissement, 26 juillet 2024 - Ma\u00eetre Hassan Kohen, avocat en droit p\u00e9nal \u00e0 Paris","robots":{"index":"index","follow":"follow","max-snippet":"max-snippet:-1","max-image-preview":"max-image-preview:large","max-video-preview":"max-video-preview:-1"},"canonical":"https:\/\/kohenavocats.com\/ru\/jurisprudences\/tribunal-darrondissement-26-juillet-2024-2\/","og_locale":"ru_RU","og_type":"article","og_title":"Tribunal d'arrondissement, 26 juillet 2024","og_description":"Jugementn\u00b01832\/2024 not.11304\/23\/CC not.40953\/23\/CC 2 xI.C. (i.c. prov.) (jonction) AUDIENCE PUBLIQUE DU 26 JUILLET2024 Le Tribunal d\u2019arrondissement de et \u00e0 Luxembourg,chambrede vacation,si\u00e9geant enmati\u00e8re correctionnelle,statuant en composition dejuge unique,a rendu le jugement qui suit dans lescausesdu Minist\u00e8re Public contre PERSONNE1.), n\u00e9leDATE1.)\u00e0ADRESSE1.), demeurant \u00e0ADRESSE2.) -p r \u00e9 v\u2026","og_url":"https:\/\/kohenavocats.com\/ru\/jurisprudences\/tribunal-darrondissement-26-juillet-2024-2\/","og_site_name":"Ma\u00eetre Hassan Kohen, avocat en droit p\u00e9nal \u00e0 Paris","article_modified_time":"2026-04-20T20:46:20+00:00","twitter_card":"summary_large_image","twitter_misc":{"\u041f\u0440\u0438\u043c\u0435\u0440\u043d\u043e\u0435 \u0432\u0440\u0435\u043c\u044f \u0434\u043b\u044f \u0447\u0442\u0435\u043d\u0438\u044f":"10 \u043c\u0438\u043d\u0443\u0442"},"schema":{"@context":"https:\/\/schema.org","@graph":[{"@type":"WebPage","@id":"https:\/\/kohenavocats.com\/ru\/jurisprudences\/tribunal-darrondissement-26-juillet-2024-2\/","url":"https:\/\/kohenavocats.com\/ru\/jurisprudences\/tribunal-darrondissement-26-juillet-2024-2\/","name":"Tribunal d'arrondissement, 26 juillet 2024 - Ma\u00eetre Hassan Kohen, avocat en droit p\u00e9nal \u00e0 Paris","isPartOf":{"@id":"https:\/\/kohenavocats.com\/ru\/#website"},"datePublished":"2026-04-20T20:46:17+00:00","dateModified":"2026-04-20T20:46:20+00:00","breadcrumb":{"@id":"https:\/\/kohenavocats.com\/ru\/jurisprudences\/tribunal-darrondissement-26-juillet-2024-2\/#breadcrumb"},"inLanguage":"ru-RU","potentialAction":[{"@type":"ReadAction","target":["https:\/\/kohenavocats.com\/ru\/jurisprudences\/tribunal-darrondissement-26-juillet-2024-2\/"]}]},{"@type":"BreadcrumbList","@id":"https:\/\/kohenavocats.com\/ru\/jurisprudences\/tribunal-darrondissement-26-juillet-2024-2\/#breadcrumb","itemListElement":[{"@type":"ListItem","position":1,"name":"Home","item":"https:\/\/kohenavocats.com\/ru\/avocats-en-droit-penal-a-paris-conseil-et-defense-strategique\/"},{"@type":"ListItem","position":2,"name":"Jurisprudences","item":"https:\/\/kohenavocats.com\/ru\/jurisprudences\/"},{"@type":"ListItem","position":3,"name":"Tribunal d&rsquo;arrondissement, 26 juillet 2024"}]},{"@type":"WebSite","@id":"https:\/\/kohenavocats.com\/ru\/#website","url":"https:\/\/kohenavocats.com\/ru\/","name":"Kohen Avocats","description":"Ma\u00eetre Hassan Kohen, avocat p\u00e9naliste \u00e0 Paris, intervient exclusivement en droit p\u00e9nal pour la d\u00e9fense des particuliers, notamment en mati\u00e8re d\u2019accusations de viol. Il assure un accompagnement rigoureux d\u00e8s la garde \u00e0 vue jusqu\u2019\u00e0 la Cour d\u2019assises, veillant au strict respect des garanties proc\u00e9durales.","publisher":{"@id":"https:\/\/kohenavocats.com\/ru\/#organization"},"potentialAction":[{"@type":"SearchAction","target":{"@type":"EntryPoint","urlTemplate":"https:\/\/kohenavocats.com\/ru\/?s={search_term_string}"},"query-input":{"@type":"PropertyValueSpecification","valueRequired":true,"valueName":"search_term_string"}}],"inLanguage":"ru-RU"},{"@type":"Organization","@id":"https:\/\/kohenavocats.com\/ru\/#organization","name":"Kohen Avocats","url":"https:\/\/kohenavocats.com\/ru\/","logo":{"@type":"ImageObject","inLanguage":"ru-RU","@id":"https:\/\/kohenavocats.com\/ru\/#\/schema\/logo\/image\/","url":"https:\/\/kohenavocats.com\/wp-content\/uploads\/2026\/01\/Logo-2-1.webp","contentUrl":"https:\/\/kohenavocats.com\/wp-content\/uploads\/2026\/01\/Logo-2-1.webp","width":2114,"height":1253,"caption":"Kohen Avocats"},"image":{"@id":"https:\/\/kohenavocats.com\/ru\/#\/schema\/logo\/image\/"}}]}},"jetpack_likes_enabled":false,"jetpack_sharing_enabled":true,"_links":{"self":[{"href":"https:\/\/kohenavocats.com\/ru\/wp-json\/wp\/v2\/kji_decision\/627686","targetHints":{"allow":["GET"]}}],"collection":[{"href":"https:\/\/kohenavocats.com\/ru\/wp-json\/wp\/v2\/kji_decision"}],"about":[{"href":"https:\/\/kohenavocats.com\/ru\/wp-json\/wp\/v2\/types\/kji_decision"}],"wp:attachment":[{"href":"https:\/\/kohenavocats.com\/ru\/wp-json\/wp\/v2\/media?parent=627686"}],"wp:term":[{"taxonomy":"kji_country","embeddable":true,"href":"https:\/\/kohenavocats.com\/ru\/wp-json\/wp\/v2\/kji_country?post=627686"},{"taxonomy":"kji_court","embeddable":true,"href":"https:\/\/kohenavocats.com\/ru\/wp-json\/wp\/v2\/kji_court?post=627686"},{"taxonomy":"kji_chamber","embeddable":true,"href":"https:\/\/kohenavocats.com\/ru\/wp-json\/wp\/v2\/kji_chamber?post=627686"},{"taxonomy":"kji_year","embeddable":true,"href":"https:\/\/kohenavocats.com\/ru\/wp-json\/wp\/v2\/kji_year?post=627686"},{"taxonomy":"kji_subject","embeddable":true,"href":"https:\/\/kohenavocats.com\/ru\/wp-json\/wp\/v2\/kji_subject?post=627686"},{"taxonomy":"kji_keyword","embeddable":true,"href":"https:\/\/kohenavocats.com\/ru\/wp-json\/wp\/v2\/kji_keyword?post=627686"},{"taxonomy":"kji_language","embeddable":true,"href":"https:\/\/kohenavocats.com\/ru\/wp-json\/wp\/v2\/kji_language?post=627686"}],"curies":[{"name":"wp","href":"https:\/\/api.w.org\/{rel}","templated":true}]}}