{"id":627692,"date":"2026-04-20T22:46:31","date_gmt":"2026-04-20T20:46:31","guid":{"rendered":"https:\/\/kohenavocats.com\/jurisprudences\/tribunal-darrondissement-19-juillet-2024-8\/"},"modified":"2026-04-20T22:46:35","modified_gmt":"2026-04-20T20:46:35","slug":"tribunal-darrondissement-19-juillet-2024-8","status":"publish","type":"kji_decision","link":"https:\/\/kohenavocats.com\/ru\/jurisprudences\/tribunal-darrondissement-19-juillet-2024-8\/","title":{"rendered":"Tribunal d&#8217;arrondissement, 19 juillet 2024"},"content":{"rendered":"<div class=\"kji-decision\">\n<div class=\"kji-full-text\">\n<p>Jugt n\u00b01820\/2024 Noticeno\u00b0:4397\/24\/CC 2xi.c.\/s 1 xrestit. AUDIENCE PUBLIQUE DU 19 JUILLET2024 Le Tribunal d&#039;arrondissement de et \u00e0 Luxembourg,chambre de vacation,si\u00e9geant en mati\u00e8re correctionnelle, statuant en composition dejuge unique, a rendu le jugement qui suit: Dans lacause du Minist\u00e8re Public contre PERSONNE1.), n\u00e9leDATE1.)\u00e0ADRESSE1.), demeurantADRESSE2.), -p r \u00e9 v e n u- F A I T S : Par citation du1 er juillet2024,le Procureur d&#039;Etat pr\u00e8s leTribunald&#039;arrondissement de Luxembourg a requis le pr\u00e9venu de compara\u00eetre \u00e0 l&#039;audience publique du16juillet2024 devant leTribunalcorrectionnel de ce si\u00e8ge pour y entendre statuer sur lapr\u00e9vention suivante: circulation\u2013d\u00e9fautd\u2019un permis de conduire valable. A l\u2019audience publique du16 juillet2024,Madamele vice-pr\u00e9sident constata l&#039;identit\u00e9 du pr\u00e9venuPERSONNE1.), lui donna connaissance de l\u2019acte qui a saisi le Tribunal etl\u2019informa de son droit de se taire et de son droit de ne pas s\u2019incriminer soi-m\u00eame. Le pr\u00e9venuPERSONNE1.)fut entendu en ses explications et moyens de d\u00e9fense. La repr\u00e9sentante du Minist\u00e8re Public, Charlotte MARC, attach\u00e9e de justicedu Procureur d\u2019Etat, r\u00e9suma l\u2019affaire et fut entendue en son r\u00e9quisitoire.<\/p>\n<p>2 Ma\u00eetre Ed\u00e9vi AMEGANDJI, avocat \u00e0 la Cour, demeurant \u00e0 Luxembourg, exposa plus amplement les moyens de d\u00e9fensedupr\u00e9venuPERSONNE1.). Le pr\u00e9venuPERSONNE1.)eut la parole en dernier. Le Tribunal prit l&#039;affaire en d\u00e9lib\u00e9r\u00e9 et rendit \u00e0 l&#039;audience publique de ce jour, date \u00e0 laquelle le prononc\u00e9 avait \u00e9t\u00e9 fix\u00e9, le L E J U G E M E N Tq u i s u i t : Vu la citation \u00e0 pr\u00e9venu (not.4397\/24\/CC) du1 er juillet2024, r\u00e9guli\u00e8rement notifi\u00e9e \u00e0 PERSONNE1.). Vu le proc\u00e8s-verbal num\u00e9ro1054\/2024du21 janvier 2024dress\u00e9 par la Police Grand- Ducale,Unit\u00e9 de la police de la route, Service intervention autoroutier. Le Minist\u00e8re Public reproche \u00e0PERSONNE1.)d\u2019avoir,en datedu21 janvier 2024, vers 17.30 heures, sur l\u2019aire de repos diteADRESSE3.), autorouteNUMERO1.)en direction de ADRESSE4.),conduit un v\u00e9hicule automoteur sur lavoie publique sans \u00eatre titulaire d\u2019un permis de conduire valable. Il r\u00e9sulte du dossier et des d\u00e9bats \u00e0 l\u2019audience qu\u2019en date du21 janvier 2024vers 17.30 heuressur l\u2019aire de repos diteADRESSE3.)autorouteNUMERO1.)en direction de ADRESSE4.),le pr\u00e9venuPERSONNE1.)a conduitun v\u00e9hicule sans \u00eatre titulaire d&#039;un permis de conduire valable,alors qu\u2019il se trouvait sous le coup d\u2019unesuspension administrative du permis de conduire par arr\u00eat\u00e9 minist\u00e9riel du19 ao\u00fbt 2020,ex\u00e9cut\u00e9e du 24.01.2023 au 24.01.2024notifi\u00e9 au pr\u00e9venu le24 janvier 2023. L\u2019infraction reproch\u00e9e au pr\u00e9venu est\u00e0 suffisance prouv\u00e9e par les \u00e9l\u00e9ments du dossier r\u00e9pressif etles aveux du pr\u00e9venu. PERSONNE1.)estpartantconvaincuparl\u2019instruction men\u00e9e\u00e0 l&#039;audience,ensemble les \u00e9l\u00e9ments du dossierr\u00e9pressif : \u00ab\u00e9tant conducteur d&#039;un v\u00e9hicule automoteur sur lavoie publique, le21 janvier 2024 vers 17.30 heures sur l\u2019aire de repos diteADRESSE3.)\u00bb autoroute NUMERO1.)en direction deADRESSE4.), d\u2019avoirconduit un v\u00e9hicule sans \u00eatre titulaire d&#039;un permis de conduire valable, en l&#039;esp\u00e8ce malgr\u00e9 unesuspension administrative du permis de conduire par arr\u00eat\u00e9 minist\u00e9riel du 19 ao\u00fbt 2020, ex\u00e9cut\u00e9e du 24.01.2023 au 24.01.2024 notifi\u00e9 au pr\u00e9venu le 24 janvier2023.\u00bb<\/p>\n<p>3 L\u2019infraction retenue \u00e0charge dePERSONNE1.)est punie d\u2019une peine d\u2019emprisonnement de huit jours \u00e0 trois ans ainsi que d\u2019une amende de 500 euros \u00e0 10.000 euros ou d\u2019une de ces peines seulement, conform\u00e9ment \u00e0 l\u2019article 13 de la loi modifi\u00e9e du14 f\u00e9vrier 1955 concernant la r\u00e9glementation de la circulation sur toutes les voies publiques. L\u2019article 13 point 1. de la loi modifi\u00e9e du 14 f\u00e9vrier 1955 pr\u00e9cit\u00e9e permet au juge saisi d\u2019une ou de plusieurs infractions \u00e0 la r\u00e9glementation de la circulation sur toutes les voies publiques ou de d\u00e9lits ou de crimes qui se sont joints \u00e0 ces infractions, de prononcer une interdiction de conduire de trois mois \u00e0 quinze ans en mati\u00e8re de d\u00e9lits. Au vu de la gravit\u00e9 del\u2019infraction commise, le Tribunal condamnePERSONNE1.)\u00e0 une peine d\u2019amende correctionnelle de500eurosainsi qu\u2019\u00e0 uneinterdiction de conduire de18 moisdu chef de l\u2019infraction retenue\u00e0 sa charge. En vertu de l\u2019article 628 alin\u00e9a 4 du Code deproc\u00e9dure p\u00e9nale, les Cours et Tribunaux peuvent, \u00abdans le cas o\u00f9 ils prononcent une interdiction de conduire un v\u00e9hicule automoteur sur la voie publique, ordonner par la m\u00eame d\u00e9cision motiv\u00e9e qu\u2019il sera sursis \u00e0 l\u2019ex\u00e9cution de tout ou partie de cette peine accessoire, \u00e0 condition que le condamn\u00e9 n\u2019ait pas \u00e9t\u00e9, avant le fait motivant sa poursuite, l\u2019objet d\u2019une condamnation irr\u00e9vocable \u00e0 une peine d\u2019emprisonnement correctionnel du chef d\u2019infraction aux lois et r\u00e8glements r\u00e9gissant la circulation sur la voie publique ou \u00e0 une peine privative de libert\u00e9 pour infraction aux lois et r\u00e8glements concernant la vente de substances m\u00e9dicamenteuses.\u00bb Le Tribunal constate que le pr\u00e9venun&#039;a pas subi jusqu&#039;\u00e0 ce jour de condamnation excluant un \u00e9ventuel sursis \u00e0 l&#039;ex\u00e9cution des peineset il ne semble pas indigne d\u2019une certaine indulgence du Tribunal. Il y a lieu en cons\u00e9quence de lui accorder la faveur dusursis int\u00e9gralquant \u00e0 l\u2019interdiction de conduire \u00e0 prononcer \u00e0 son encontre. Le Tribunal ordonne encore larestitution\u00e0PERSONNE1.)du v\u00e9hiculeVolkswagen, mod\u00e8le Eos, immatricul\u00e9NUMERO2.), saisi suivant proc\u00e8s-verbal n\u00b01055\/2024du21 janvier 2024 dress\u00e9 par la Police Grand-Ducale, Unit\u00e9 de la police de la route, Service intervention autoroutier. P A R C E S M O T I F S: le Tribunal d&#039;arrondissement de et \u00e0 Luxembourg,chambre de vacation, compos\u00e9e de son vice-pr\u00e9sident, si\u00e9geant en mati\u00e8recorrectionnelle, statuantcontradictoirement, le pr\u00e9venuentenduensesexplications et moyens de d\u00e9fense,la repr\u00e9sentante du Minist\u00e8re Public entendue en ses r\u00e9quisitionset le mandataire du pr\u00e9venuentendu en ses moyens de d\u00e9fense, le pr\u00e9venu ayant eu la parole en dernier, c o n d a m n ele pr\u00e9venuPERSONNE1.)du chefdel\u2019infractionretenue\u00e0 sa charge \u00e0 une amende deCINQ CENTS(500) eurosetaux frais de sa poursuite p\u00e9nale, liquid\u00e9s \u00e0 442,13euros; f i x ela dur\u00e9e de la contrainte par corps en cas de non-paiement de l&#039;amende\u00e0CINQ(5) jours;<\/p>\n<p>4 co n d a m n ele pr\u00e9venuPERSONNE1.)du chef de l\u2019infraction retenue \u00e0 sa charge\u00e0 une interdiction de conduire d&#039;une dur\u00e9e deDIX-HUIT(18) moisapplicable \u00e0 tous les v\u00e9hicules automoteurs des cat\u00e9gories de permis deconduire A, B, C, D, E et F sur toutes les voies publiques; d i tqu&#039;il serasursis\u00e0 l&#039;ex\u00e9cution del\u2019int\u00e9gralit\u00e9de cette interdiction de conduire; a v e r t i tle pr\u00e9venuPERSONNE1.)qu\u2019au cas o\u00f9, dans un d\u00e9lai de cinq ans \u00e0 dater du pr\u00e9sent jugement,ilaura commis une nouvelle infraction ayant entra\u00een\u00e9 une condamnation \u00e0 une interdiction de conduire un v\u00e9hicule sur la voie publique ou \u00e0 une peine privative de libert\u00e9 pour crimes ou d\u00e9lits pr\u00e9vus par la l\u00e9gislation sur la circulation sur les voies publiques ou sur la vente de substances m\u00e9dicamenteuses et la lutte contre la toxicomanie, l\u2019interdiction de conduire prononc\u00e9e ci-devant sera ex\u00e9cut\u00e9e sans confusion possible avec la nouvelle peine, et que les peines de la r\u00e9cidive seront encourues dans les termes de l\u2019article 56 al. 2 du Code p\u00e9nal; o r d o n n elarestitution\u00e0PERSONNE1.)du v\u00e9hiculeVolkswagen, mod\u00e8le Eos, immatricul\u00e9NUMERO2.), saisi suivant proc\u00e8s-verbal n\u00b01055\/2024du21 janvier 2024 dress\u00e9 par la PoliceGrand-Ducale, Unit\u00e9 de la police de la route, Service intervention autoroutier. Par application des articles 14, 16, 28, 29,30et 44duCode p\u00e9nal, des articles1,179, 182, 184,189, 190, 190-1,194, 195,196,628et 628-1duCodedeproc\u00e9dure p\u00e9naleetdes articles 1, 13et 14bisdela loi du 14 f\u00e9vrier 1955 concernant la r\u00e9glementation de la circulation sur toutes les voies publiques, qui furent d\u00e9sign\u00e9s \u00e0 l&#039;audience parMadamelevice-pr\u00e9sident. Ainsi fait, jug\u00e9 etprononc\u00e9 par Elisabeth EWERT, vice-pr\u00e9sident, en audience publique au Tribunal d\u2019Arrondissement \u00e0 Luxembourg, en pr\u00e9sence de Dominique PETERS, substitut principal du Procureur d\u2019Etat, et de Laetitia SANTOS, greffier assum\u00e9, qui, \u00e0 l&#039;exception de larepr\u00e9sentantedu Minist\u00e8re Public, ont sign\u00e9 le pr\u00e9sent jugement.<\/p>\n<\/div>\n<hr class=\"kji-sep\" \/>\n<p class=\"kji-source-links\"><strong>Sources officielles :<\/strong> <a class=\"kji-source-link\" href=\"https:\/\/data.public.lu\/fr\/datasets\/tribunal-darrondissement-luxembourg-penal\/\" target=\"_blank\" rel=\"noopener noreferrer\">consulter la page source<\/a> &middot; <a class=\"kji-pdf-link\" href=\"https:\/\/download.data.public.lu\/resources\/tribunal-darrondissement-luxembourg-penal\/20240828-032806\/20240719-talvac-1820-pseudonymise-accessible.pdf\" target=\"_blank\" rel=\"noopener noreferrer\">PDF officiel<\/a><\/p>\n<p class=\"kji-license-note\"><em>Licence CC BY-ND 4.0 (Administration judiciaire, data.public.lu). Republication autorisee avec attribution, sans modification editoriale du texte integral.<\/em><\/p>\n<\/div>\n","protected":false},"excerpt":{"rendered":"<p>Jugt n\u00b01820\/2024 Noticeno\u00b0:4397\/24\/CC 2xi.c.\/s 1 xrestit. AUDIENCE PUBLIQUE DU 19 JUILLET2024 Le Tribunal d&#8217;arrondissement de et \u00e0 Luxembourg,chambre de vacation,si\u00e9geant en mati\u00e8re correctionnelle, statuant en composition dejuge unique, a rendu le jugement qui suit: Dans lacause du Minist\u00e8re Public contre PERSONNE1.), n\u00e9leDATE1.)\u00e0ADRESSE1.), demeurantADRESSE2.), -p r\u2026<\/p>\n","protected":false},"featured_media":0,"template":"","meta":{"_crdt_document":""},"kji_country":[8418],"kji_court":[23583],"kji_chamber":[25729],"kji_year":[8677],"kji_subject":[7632],"kji_keyword":[23584,8600,7636],"kji_language":[7733],"class_list":["post-627692","kji_decision","type-kji_decision","status-publish","hentry","kji_country-luxembourg","kji_court-tribunal-darrondissement","kji_chamber-penal","kji_year-8677","kji_subject-penal","kji_keyword-arrondissement","kji_keyword-juillet","kji_keyword-tribunal","kji_language-francais"],"yoast_head":"<!-- This site is optimized with the Yoast SEO Premium plugin v27.4 (Yoast SEO v27.4) - https:\/\/yoast.com\/product\/yoast-seo-premium-wordpress\/ -->\n<title>Tribunal d&#039;arrondissement, 19 juillet 2024 - Ma\u00eetre Hassan Kohen, avocat en droit p\u00e9nal \u00e0 Paris<\/title>\n<meta name=\"robots\" content=\"index, follow, max-snippet:-1, max-image-preview:large, max-video-preview:-1\" \/>\n<link rel=\"canonical\" href=\"https:\/\/kohenavocats.com\/ru\/jurisprudences\/tribunal-darrondissement-19-juillet-2024-8\/\" \/>\n<meta property=\"og:locale\" content=\"ru_RU\" \/>\n<meta property=\"og:type\" content=\"article\" \/>\n<meta property=\"og:title\" content=\"Tribunal d&#039;arrondissement, 19 juillet 2024\" \/>\n<meta property=\"og:description\" content=\"Jugt n\u00b01820\/2024 Noticeno\u00b0:4397\/24\/CC 2xi.c.\/s 1 xrestit. AUDIENCE PUBLIQUE DU 19 JUILLET2024 Le Tribunal d&#039;arrondissement de et \u00e0 Luxembourg,chambre de vacation,si\u00e9geant en mati\u00e8re correctionnelle, statuant en composition dejuge unique, a rendu le jugement qui suit: Dans lacause du Minist\u00e8re Public contre PERSONNE1.), n\u00e9leDATE1.)\u00e0ADRESSE1.), demeurantADRESSE2.), -p r\u2026\" \/>\n<meta property=\"og:url\" content=\"https:\/\/kohenavocats.com\/ru\/jurisprudences\/tribunal-darrondissement-19-juillet-2024-8\/\" \/>\n<meta property=\"og:site_name\" content=\"Ma\u00eetre Hassan Kohen, avocat en droit p\u00e9nal \u00e0 Paris\" \/>\n<meta property=\"article:modified_time\" content=\"2026-04-20T20:46:35+00:00\" \/>\n<meta name=\"twitter:card\" content=\"summary_large_image\" \/>\n<meta name=\"twitter:label1\" content=\"\u041f\u0440\u0438\u043c\u0435\u0440\u043d\u043e\u0435 \u0432\u0440\u0435\u043c\u044f \u0434\u043b\u044f \u0447\u0442\u0435\u043d\u0438\u044f\" \/>\n\t<meta name=\"twitter:data1\" content=\"7 \u043c\u0438\u043d\u0443\u0442\" \/>\n<script type=\"application\/ld+json\" class=\"yoast-schema-graph\">{\"@context\":\"https:\\\/\\\/schema.org\",\"@graph\":[{\"@type\":\"WebPage\",\"@id\":\"https:\\\/\\\/kohenavocats.com\\\/ru\\\/jurisprudences\\\/tribunal-darrondissement-19-juillet-2024-8\\\/\",\"url\":\"https:\\\/\\\/kohenavocats.com\\\/ru\\\/jurisprudences\\\/tribunal-darrondissement-19-juillet-2024-8\\\/\",\"name\":\"Tribunal d'arrondissement, 19 juillet 2024 - Ma\u00eetre Hassan Kohen, avocat en droit p\u00e9nal \u00e0 Paris\",\"isPartOf\":{\"@id\":\"https:\\\/\\\/kohenavocats.com\\\/ru\\\/#website\"},\"datePublished\":\"2026-04-20T20:46:31+00:00\",\"dateModified\":\"2026-04-20T20:46:35+00:00\",\"breadcrumb\":{\"@id\":\"https:\\\/\\\/kohenavocats.com\\\/ru\\\/jurisprudences\\\/tribunal-darrondissement-19-juillet-2024-8\\\/#breadcrumb\"},\"inLanguage\":\"ru-RU\",\"potentialAction\":[{\"@type\":\"ReadAction\",\"target\":[\"https:\\\/\\\/kohenavocats.com\\\/ru\\\/jurisprudences\\\/tribunal-darrondissement-19-juillet-2024-8\\\/\"]}]},{\"@type\":\"BreadcrumbList\",\"@id\":\"https:\\\/\\\/kohenavocats.com\\\/ru\\\/jurisprudences\\\/tribunal-darrondissement-19-juillet-2024-8\\\/#breadcrumb\",\"itemListElement\":[{\"@type\":\"ListItem\",\"position\":1,\"name\":\"Home\",\"item\":\"https:\\\/\\\/kohenavocats.com\\\/ru\\\/avocats-en-droit-penal-a-paris-conseil-et-defense-strategique\\\/\"},{\"@type\":\"ListItem\",\"position\":2,\"name\":\"Jurisprudences\",\"item\":\"https:\\\/\\\/kohenavocats.com\\\/ru\\\/jurisprudences\\\/\"},{\"@type\":\"ListItem\",\"position\":3,\"name\":\"Tribunal d&rsquo;arrondissement, 19 juillet 2024\"}]},{\"@type\":\"WebSite\",\"@id\":\"https:\\\/\\\/kohenavocats.com\\\/ru\\\/#website\",\"url\":\"https:\\\/\\\/kohenavocats.com\\\/ru\\\/\",\"name\":\"Kohen Avocats\",\"description\":\"Ma\u00eetre Hassan Kohen, avocat p\u00e9naliste \u00e0 Paris, intervient exclusivement en droit p\u00e9nal pour la d\u00e9fense des particuliers, notamment en mati\u00e8re d\u2019accusations de viol. Il assure un accompagnement rigoureux d\u00e8s la garde \u00e0 vue jusqu\u2019\u00e0 la Cour d\u2019assises, veillant au strict respect des garanties proc\u00e9durales.\",\"publisher\":{\"@id\":\"https:\\\/\\\/kohenavocats.com\\\/ru\\\/#organization\"},\"potentialAction\":[{\"@type\":\"SearchAction\",\"target\":{\"@type\":\"EntryPoint\",\"urlTemplate\":\"https:\\\/\\\/kohenavocats.com\\\/ru\\\/?s={search_term_string}\"},\"query-input\":{\"@type\":\"PropertyValueSpecification\",\"valueRequired\":true,\"valueName\":\"search_term_string\"}}],\"inLanguage\":\"ru-RU\"},{\"@type\":\"Organization\",\"@id\":\"https:\\\/\\\/kohenavocats.com\\\/ru\\\/#organization\",\"name\":\"Kohen Avocats\",\"url\":\"https:\\\/\\\/kohenavocats.com\\\/ru\\\/\",\"logo\":{\"@type\":\"ImageObject\",\"inLanguage\":\"ru-RU\",\"@id\":\"https:\\\/\\\/kohenavocats.com\\\/ru\\\/#\\\/schema\\\/logo\\\/image\\\/\",\"url\":\"https:\\\/\\\/kohenavocats.com\\\/wp-content\\\/uploads\\\/2026\\\/01\\\/Logo-2-1.webp\",\"contentUrl\":\"https:\\\/\\\/kohenavocats.com\\\/wp-content\\\/uploads\\\/2026\\\/01\\\/Logo-2-1.webp\",\"width\":2114,\"height\":1253,\"caption\":\"Kohen Avocats\"},\"image\":{\"@id\":\"https:\\\/\\\/kohenavocats.com\\\/ru\\\/#\\\/schema\\\/logo\\\/image\\\/\"}}]}<\/script>\n<!-- \/ Yoast SEO Premium plugin. -->","yoast_head_json":{"title":"Tribunal d'arrondissement, 19 juillet 2024 - Ma\u00eetre Hassan Kohen, avocat en droit p\u00e9nal \u00e0 Paris","robots":{"index":"index","follow":"follow","max-snippet":"max-snippet:-1","max-image-preview":"max-image-preview:large","max-video-preview":"max-video-preview:-1"},"canonical":"https:\/\/kohenavocats.com\/ru\/jurisprudences\/tribunal-darrondissement-19-juillet-2024-8\/","og_locale":"ru_RU","og_type":"article","og_title":"Tribunal d'arrondissement, 19 juillet 2024","og_description":"Jugt n\u00b01820\/2024 Noticeno\u00b0:4397\/24\/CC 2xi.c.\/s 1 xrestit. AUDIENCE PUBLIQUE DU 19 JUILLET2024 Le Tribunal d'arrondissement de et \u00e0 Luxembourg,chambre de vacation,si\u00e9geant en mati\u00e8re correctionnelle, statuant en composition dejuge unique, a rendu le jugement qui suit: Dans lacause du Minist\u00e8re Public contre PERSONNE1.), n\u00e9leDATE1.)\u00e0ADRESSE1.), demeurantADRESSE2.), -p r\u2026","og_url":"https:\/\/kohenavocats.com\/ru\/jurisprudences\/tribunal-darrondissement-19-juillet-2024-8\/","og_site_name":"Ma\u00eetre Hassan Kohen, avocat en droit p\u00e9nal \u00e0 Paris","article_modified_time":"2026-04-20T20:46:35+00:00","twitter_card":"summary_large_image","twitter_misc":{"\u041f\u0440\u0438\u043c\u0435\u0440\u043d\u043e\u0435 \u0432\u0440\u0435\u043c\u044f \u0434\u043b\u044f \u0447\u0442\u0435\u043d\u0438\u044f":"7 \u043c\u0438\u043d\u0443\u0442"},"schema":{"@context":"https:\/\/schema.org","@graph":[{"@type":"WebPage","@id":"https:\/\/kohenavocats.com\/ru\/jurisprudences\/tribunal-darrondissement-19-juillet-2024-8\/","url":"https:\/\/kohenavocats.com\/ru\/jurisprudences\/tribunal-darrondissement-19-juillet-2024-8\/","name":"Tribunal d'arrondissement, 19 juillet 2024 - Ma\u00eetre Hassan Kohen, avocat en droit p\u00e9nal \u00e0 Paris","isPartOf":{"@id":"https:\/\/kohenavocats.com\/ru\/#website"},"datePublished":"2026-04-20T20:46:31+00:00","dateModified":"2026-04-20T20:46:35+00:00","breadcrumb":{"@id":"https:\/\/kohenavocats.com\/ru\/jurisprudences\/tribunal-darrondissement-19-juillet-2024-8\/#breadcrumb"},"inLanguage":"ru-RU","potentialAction":[{"@type":"ReadAction","target":["https:\/\/kohenavocats.com\/ru\/jurisprudences\/tribunal-darrondissement-19-juillet-2024-8\/"]}]},{"@type":"BreadcrumbList","@id":"https:\/\/kohenavocats.com\/ru\/jurisprudences\/tribunal-darrondissement-19-juillet-2024-8\/#breadcrumb","itemListElement":[{"@type":"ListItem","position":1,"name":"Home","item":"https:\/\/kohenavocats.com\/ru\/avocats-en-droit-penal-a-paris-conseil-et-defense-strategique\/"},{"@type":"ListItem","position":2,"name":"Jurisprudences","item":"https:\/\/kohenavocats.com\/ru\/jurisprudences\/"},{"@type":"ListItem","position":3,"name":"Tribunal d&rsquo;arrondissement, 19 juillet 2024"}]},{"@type":"WebSite","@id":"https:\/\/kohenavocats.com\/ru\/#website","url":"https:\/\/kohenavocats.com\/ru\/","name":"Kohen Avocats","description":"Ma\u00eetre Hassan Kohen, avocat p\u00e9naliste \u00e0 Paris, intervient exclusivement en droit p\u00e9nal pour la d\u00e9fense des particuliers, notamment en mati\u00e8re d\u2019accusations de viol. Il assure un accompagnement rigoureux d\u00e8s la garde \u00e0 vue jusqu\u2019\u00e0 la Cour d\u2019assises, veillant au strict respect des garanties proc\u00e9durales.","publisher":{"@id":"https:\/\/kohenavocats.com\/ru\/#organization"},"potentialAction":[{"@type":"SearchAction","target":{"@type":"EntryPoint","urlTemplate":"https:\/\/kohenavocats.com\/ru\/?s={search_term_string}"},"query-input":{"@type":"PropertyValueSpecification","valueRequired":true,"valueName":"search_term_string"}}],"inLanguage":"ru-RU"},{"@type":"Organization","@id":"https:\/\/kohenavocats.com\/ru\/#organization","name":"Kohen Avocats","url":"https:\/\/kohenavocats.com\/ru\/","logo":{"@type":"ImageObject","inLanguage":"ru-RU","@id":"https:\/\/kohenavocats.com\/ru\/#\/schema\/logo\/image\/","url":"https:\/\/kohenavocats.com\/wp-content\/uploads\/2026\/01\/Logo-2-1.webp","contentUrl":"https:\/\/kohenavocats.com\/wp-content\/uploads\/2026\/01\/Logo-2-1.webp","width":2114,"height":1253,"caption":"Kohen Avocats"},"image":{"@id":"https:\/\/kohenavocats.com\/ru\/#\/schema\/logo\/image\/"}}]}},"jetpack_likes_enabled":false,"jetpack_sharing_enabled":true,"_links":{"self":[{"href":"https:\/\/kohenavocats.com\/ru\/wp-json\/wp\/v2\/kji_decision\/627692","targetHints":{"allow":["GET"]}}],"collection":[{"href":"https:\/\/kohenavocats.com\/ru\/wp-json\/wp\/v2\/kji_decision"}],"about":[{"href":"https:\/\/kohenavocats.com\/ru\/wp-json\/wp\/v2\/types\/kji_decision"}],"wp:attachment":[{"href":"https:\/\/kohenavocats.com\/ru\/wp-json\/wp\/v2\/media?parent=627692"}],"wp:term":[{"taxonomy":"kji_country","embeddable":true,"href":"https:\/\/kohenavocats.com\/ru\/wp-json\/wp\/v2\/kji_country?post=627692"},{"taxonomy":"kji_court","embeddable":true,"href":"https:\/\/kohenavocats.com\/ru\/wp-json\/wp\/v2\/kji_court?post=627692"},{"taxonomy":"kji_chamber","embeddable":true,"href":"https:\/\/kohenavocats.com\/ru\/wp-json\/wp\/v2\/kji_chamber?post=627692"},{"taxonomy":"kji_year","embeddable":true,"href":"https:\/\/kohenavocats.com\/ru\/wp-json\/wp\/v2\/kji_year?post=627692"},{"taxonomy":"kji_subject","embeddable":true,"href":"https:\/\/kohenavocats.com\/ru\/wp-json\/wp\/v2\/kji_subject?post=627692"},{"taxonomy":"kji_keyword","embeddable":true,"href":"https:\/\/kohenavocats.com\/ru\/wp-json\/wp\/v2\/kji_keyword?post=627692"},{"taxonomy":"kji_language","embeddable":true,"href":"https:\/\/kohenavocats.com\/ru\/wp-json\/wp\/v2\/kji_language?post=627692"}],"curies":[{"name":"wp","href":"https:\/\/api.w.org\/{rel}","templated":true}]}}