{"id":627696,"date":"2026-04-20T22:46:40","date_gmt":"2026-04-20T20:46:40","guid":{"rendered":"https:\/\/kohenavocats.com\/jurisprudences\/tribunal-darrondissement-19-juillet-2024-10\/"},"modified":"2026-04-20T22:46:45","modified_gmt":"2026-04-20T20:46:45","slug":"tribunal-darrondissement-19-juillet-2024-10","status":"publish","type":"kji_decision","link":"https:\/\/kohenavocats.com\/ru\/jurisprudences\/tribunal-darrondissement-19-juillet-2024-10\/","title":{"rendered":"Tribunal d&#8217;arrondissement, 19 juillet 2024"},"content":{"rendered":"<div class=\"kji-decision\">\n<div class=\"kji-full-text\">\n<p>Jugement no.1822\/2024 Notice no.25813\/23\/CC 2xi.c.(i.c.prov.) 1 x rest. AUDIENCE PUBLIQUE DU 19 JUILLET 2024 LeTribunald&#039;arrondissement de et \u00e0 Luxembourg,chambrede vacationcorrectionnelle, statuant en composition dejuge unique, a rendu le jugement qui suit: dans la cause duMinist\u00e8re Publiccontre PERSONNE1.), n\u00e9eleDATE1.)\u00e0ADRESSE1.), demeurant\u00e0ADRESSE2.) -p r \u00e9 v e n ue- __________________________________________________________________________ F A I T S : Par citation du26 juin 2024,leProcureurd&#039;Etat pr\u00e8s leTribunald&#039;arrondissement de Luxembourg a requis lapr\u00e9venuede compara\u00eetre \u00e0 l&#039;audience publique du16juillet2024 devant leTribunalcorrectionnel de ce si\u00e8ge,pour y entendre statuer sur lapr\u00e9vention suivante: circulation: ivresse (3,6g par litrede sang). A cette audience,Madamelevice-pr\u00e9sidentconstata l&#039;identit\u00e9 de lapr\u00e9venuePERSONNE1.), lui donna connaissance de l\u2019acte qui a saisi leTribunalet l\u2019informa de son droit dese taire et de son droit de ne pas s\u2019incriminersoi-m\u00eame. Lapr\u00e9venuePERSONNE1.)fut entendueensesexplications et moyens de d\u00e9fense. Larepr\u00e9sentantedu Minist\u00e8re Public,Charlotte MARC,attach\u00e9e de justicedu Procureur d\u2019Etat, r\u00e9suma l\u2019affaire et conclut \u00e0 la condamnation de lapr\u00e9venuePERSONNE1.).<\/p>\n<p>2 Ma\u00eetreDavid SCHETTGEN, avocat \u00e0 la Cour, demeurant \u00e0 Luxembourg, exposa plus amplement les moyens de d\u00e9fense de lapr\u00e9venuePERSONNE1.). Lapr\u00e9venuePERSONNE1.)eut la parole en dernier. LeTribunalprit l&#039;affaire en d\u00e9lib\u00e9r\u00e9 et rendit \u00e0 l&#039;audience publique de ce jour, date \u00e0 laquelle le prononc\u00e9 avait \u00e9t\u00e9 fix\u00e9, le J U G E M E N T qui suit: Vu la citation \u00e0 pr\u00e9venu du26 juin 2024(not.25813\/23\/CC)r\u00e9guli\u00e8rement notifi\u00e9e\u00e0 la pr\u00e9venue. Vu la comparution volontaire dePERSONNE1.)pourla date, l\u2019heure et lieu de l\u2019infraction. Vu les expertises toxicologiques num\u00e9ro23 065013du13 juillet2023et17 juillet 2023, \u00e9tablie par le Laboratoire Nationalde Sant\u00e9. Vu le proc\u00e8s-verbal num\u00e9ro287\/2023\u00e9tabli en date du12 juillet 2023par la Police Grand- Ducale,r\u00e9gion capitale,Commissariat Hesperange. Le12 juillet 2023,vers 10.35 heures,la Police re\u00e7oit l\u2019information que le v\u00e9hicule de la marqueCHRYSLER, immatricul\u00e9 sous le num\u00e9roNUMERO1.),\u00e9tait \u00e0 l\u2019arr\u00eat en plein milieu de laADRESSE3.). Arriv\u00e9s sur les lieux,les agents de police constatent quela conductrice du v\u00e9hicule pr\u00e9cit\u00e9, identifi\u00e9 en la personne dePERSONNE1.)pr\u00e9sente des signes manifestes d\u2019ivresse et la soumettent aux examens d\u2019alcool\u00e9mie pr\u00e9vus par la loi. L\u2019examensommaire de l\u2019haleiner\u00e9v\u00e8le quePERSONNE1.)pr\u00e9sente un taux l&#039;alcool\u00e9mie de 1,72mg par litre d\u2019air expir\u00e9. PERSONNE1.)n\u2019\u00e9tant plus apte \u00e0 se soumettre \u00e0 l\u2019examen de l\u2019air expir\u00e9, elle est amen\u00e9e\u00e0 l\u2019h\u00f4pital o\u00f9 une prise de sang lui est faite. L\u2019examen toxicologique a r\u00e9v\u00e9l\u00e9 quePERSONNE1.)pr\u00e9sentait le 12 juillet 2023 un taux d\u2019alcool de 3,6 g\/l de sang. A l\u2019audience,PERSONNE1.)\u00e9tait en aveu del\u2019infraction lui reproch\u00e9e. L\u2019infraction reproch\u00e9e \u00e0PERSONNE1.)est\u00e0 suffisance prouv\u00e9e par les \u00e9l\u00e9ments du dossier r\u00e9pressif et ses aveux. PERSONNE1.)estpartantconvaincuepar les \u00e9l\u00e9ments du dossier r\u00e9pressif, ensemble les d\u00e9bats men\u00e9s \u00e0 l\u2019audience et ses aveux: \u00ab\u00e9tant conductriced\u2019un v\u00e9hicule automoteur sur la voie publique, le12 juillet 2023vers 10.35 heures \u00e0ADRESSE3.), d\u2019avoir circul\u00e9 avec untaux d\u2019alcoold\u2019au moins1,2gpar litre de sang, en l\u2019esp\u00e8ce de 3,6 g par litre de sang.\u00bb<\/p>\n<p>3 L&#039;infraction retenue \u00e0 chargedePERSONNE1.)est punie d\u2019une peine d\u2019emprisonnement de huit jours \u00e0 trois ans et d\u2019une amende de 500 euros \u00e0 10.000 euros ou d\u2019unede ces peines seulement, conform\u00e9ment \u00e0 l\u2019article 12 de la loi modifi\u00e9e du 14 f\u00e9vrier 1955 concernant la r\u00e9glementation de la circulation sur toutes les voies publiques. L\u2019article 13 point 1. de la loi modifi\u00e9e du 14 f\u00e9vrier 1955 pr\u00e9cit\u00e9e permet au juge saisi d\u2019une ou de plusieurs infractions \u00e0 la r\u00e9glementation de la circulation sur toutes les voies publiques ou de d\u00e9lits ou de crimes qui se sont joints \u00e0 ces infractions, de prononcer une interdiction de conduire de trois mois \u00e0 quinze ans en mati\u00e8re de d\u00e9lits. Aux termes de l\u2019article 13 point 1. al.2 de la loi pr\u00e9cit\u00e9e\u00abl\u2019interdiction de conduire sera toujours prononc\u00e9e en cas de condamnation du chef des d\u00e9lits vis\u00e9s au point 1 du paragraphe 2 de l\u2019article 12 et au point 1 du paragraphe 4bis de l\u2019article12 ou en cas de la r\u00e9cidive pr\u00e9vue au point 5 du paragraphe 2 du m\u00eame article \u00bb. En circulant sur la voie publique en \u00e9tat d&#039;impr\u00e9gnation alcoolique, lapr\u00e9venuea gravement mis en danger tant sa propre s\u00e9curit\u00e9 que celle des autres usagers. Au vu de la gravit\u00e9 del\u2019infraction commise, le Tribunal condamnePERSONNE1.)\u00e0 une peine d\u2019amende correctionnelle de1.000 euroset \u00e0 une peine d\u2019interdiction de conduire de 36mois. Le Tribunal constate que la pr\u00e9venuePERSONNE1.)n&#039;a pas subi jusqu&#039;\u00e0 ce jour de condamnation excluant un \u00e9ventuel sursis \u00e0 l&#039;ex\u00e9cution des peines etellene semble pas indigne d\u2019une certaine indulgence du Tribunal. Il y a lieu en cons\u00e9quence de lui accorder la faveur dusursispartielquant\u00e024 moisdel&#039;interdiction de conduire \u00e0 prononcer \u00e0 son encontre. Le Tribunal ordonneencorelarestitution\u00e0PERSONNE2.)de la voiture de marqueChrysler Grand-Voyager, immatricul\u00e9eNUMERO1.), saisiesuivant proc\u00e8s-verbal de saisie n\u00b0509\/2023 dress\u00e9 le 13 octobre 2023 par la Police Grand-Ducale,r\u00e9gion capitale, Commissariat Hesperange. P A R C E S M O T I F S : la chambrede vacationdu Tribunal d&#039;arrondissement de et \u00e0 Luxembourg, compos\u00e9e de son vice-pr\u00e9sident,statuant contradictoirement,PERSONNE1.)entendueensesexplications et moyens de d\u00e9fense, larepr\u00e9sentantedu Minist\u00e8re Public entendueen son r\u00e9quisitoire,le mandataire de la pr\u00e9venueentenduensesmoyens de d\u00e9fenseet la pr\u00e9venue ayant eu la parole en dernier, donneacte\u00e0PERSONNE1.)de sa comparution volontaire pourla date et lieu de l\u2019infraction; c o n d a m n elapr\u00e9venuePERSONNE1.)du chef del\u2019infraction retenue\u00e0 sa charge\u00e0 une amende deMILLE(1.000) euros, ainsi qu&#039;aux frais de sa mise en jugement, ces frais liquid\u00e9s \u00e0657,30euros; f i x ela dur\u00e9e de la contrainte par corps en cas de non-paiement de l&#039;amende \u00e0DIX(10) jours;<\/p>\n<p>4 c o n d a m n elapr\u00e9venuePERSONNE1.)duchefdel\u2019infractionretenue\u00e0 sa charge\u00e0une interdiction de conduire d&#039;une dur\u00e9e deTRENTE-SIX(36)moisapplicable \u00e0 tous les v\u00e9hicules automoteurs des cat\u00e9gories de permis de conduire A, B, C, D, E et F sur toutes les voiespubliques; d i tqu&#039;il serasursis\u00e0 l&#039;ex\u00e9cution deVINGT-QUATRE(24) moisdecette interdiction de conduire; o r d o n n elarestitution\u00e0PERSONNE2.)de la voiture de marqueChrysler Grand-Voyager, immatricul\u00e9eNUMERO1.),saisiesuivant proc\u00e8s-verbal de saisie n\u00b0509\/2023 dress\u00e9 le 13 octobre 2023 par la Police Grand-Ducale,r\u00e9gion capitale,Commissariat Hesperange. Par application des articles 14, 16, 28, 29,30et44duCode p\u00e9nal;des articles 1, 179, 182, 184, 189, 190, 190-1, 194,194-2195, 196,628et 628-1duCode de proc\u00e9dure p\u00e9nale; des articles 1, 12, 13et 14 bis de la loi du 14 f\u00e9vrier 1955 concernant la r\u00e9glementation de la circulation sur toutes les voies publiques quifurent d\u00e9sign\u00e9s \u00e0 l&#039;audience parMadamele vice- pr\u00e9sident. Ainsi fait, jug\u00e9 et prononc\u00e9 parElisabeth EWERT, vice-pr\u00e9sident, en audience publique au Tribunal d\u2019Arrondissement \u00e0 Luxembourg, en pr\u00e9sence deDominique PETERS, substitut principaldu Procureurd\u2019Etat, et deLaetitia SANTOS, greffier assum\u00e9, qui, \u00e0 l&#039;exception de larepr\u00e9sentantedu Minist\u00e8re Public, ont sign\u00e9 le pr\u00e9sent jugement.<\/p>\n<\/div>\n<hr class=\"kji-sep\" \/>\n<p class=\"kji-source-links\"><strong>Sources officielles :<\/strong> <a class=\"kji-source-link\" href=\"https:\/\/data.public.lu\/fr\/datasets\/tribunal-darrondissement-luxembourg-penal\/\" target=\"_blank\" rel=\"noopener noreferrer\">consulter la page source<\/a> &middot; <a class=\"kji-pdf-link\" href=\"https:\/\/download.data.public.lu\/resources\/tribunal-darrondissement-luxembourg-penal\/20240828-032820\/20240719-talvac-1822-pseudonymise-accessible.pdf\" target=\"_blank\" rel=\"noopener noreferrer\">PDF officiel<\/a><\/p>\n<p class=\"kji-license-note\"><em>Licence CC BY-ND 4.0 (Administration judiciaire, data.public.lu). Republication autorisee avec attribution, sans modification editoriale du texte integral.<\/em><\/p>\n<\/div>\n","protected":false},"excerpt":{"rendered":"<p>Jugement no.1822\/2024 Notice no.25813\/23\/CC 2xi.c.(i.c.prov.) 1 x rest. AUDIENCE PUBLIQUE DU 19 JUILLET 2024 LeTribunald&#8217;arrondissement de et \u00e0 Luxembourg,chambrede vacationcorrectionnelle, statuant en composition dejuge unique, a rendu le jugement qui suit: dans la cause duMinist\u00e8re Publiccontre PERSONNE1.), n\u00e9eleDATE1.)\u00e0ADRESSE1.), demeurant\u00e0ADRESSE2.) -p r \u00e9 v e n\u2026<\/p>\n","protected":false},"featured_media":0,"template":"","meta":{"_crdt_document":""},"kji_country":[8418],"kji_court":[23583],"kji_chamber":[25729],"kji_year":[8677],"kji_subject":[7632],"kji_keyword":[23584,23061,8600,7636],"kji_language":[7733],"class_list":["post-627696","kji_decision","type-kji_decision","status-publish","hentry","kji_country-luxembourg","kji_court-tribunal-darrondissement","kji_chamber-penal","kji_year-8677","kji_subject-penal","kji_keyword-arrondissement","kji_keyword-jugement","kji_keyword-juillet","kji_keyword-tribunal","kji_language-francais"],"yoast_head":"<!-- This site is optimized with the Yoast SEO Premium plugin v27.5 (Yoast SEO v27.5) - https:\/\/yoast.com\/product\/yoast-seo-premium-wordpress\/ -->\n<title>Tribunal d&#039;arrondissement, 19 juillet 2024 - Ma\u00eetre Hassan Kohen, avocat en droit p\u00e9nal \u00e0 Paris<\/title>\n<meta name=\"robots\" content=\"index, follow, max-snippet:-1, max-image-preview:large, max-video-preview:-1\" \/>\n<link rel=\"canonical\" href=\"https:\/\/kohenavocats.com\/ru\/jurisprudences\/tribunal-darrondissement-19-juillet-2024-10\/\" \/>\n<meta property=\"og:locale\" content=\"ru_RU\" \/>\n<meta property=\"og:type\" content=\"article\" \/>\n<meta property=\"og:title\" content=\"Tribunal d&#039;arrondissement, 19 juillet 2024\" \/>\n<meta property=\"og:description\" content=\"Jugement no.1822\/2024 Notice no.25813\/23\/CC 2xi.c.(i.c.prov.) 1 x rest. AUDIENCE PUBLIQUE DU 19 JUILLET 2024 LeTribunald&#039;arrondissement de et \u00e0 Luxembourg,chambrede vacationcorrectionnelle, statuant en composition dejuge unique, a rendu le jugement qui suit: dans la cause duMinist\u00e8re Publiccontre PERSONNE1.), n\u00e9eleDATE1.)\u00e0ADRESSE1.), demeurant\u00e0ADRESSE2.) -p r \u00e9 v e n\u2026\" \/>\n<meta property=\"og:url\" content=\"https:\/\/kohenavocats.com\/ru\/jurisprudences\/tribunal-darrondissement-19-juillet-2024-10\/\" \/>\n<meta property=\"og:site_name\" content=\"Ma\u00eetre Hassan Kohen, avocat en droit p\u00e9nal \u00e0 Paris\" \/>\n<meta property=\"article:modified_time\" content=\"2026-04-20T20:46:45+00:00\" \/>\n<meta name=\"twitter:card\" content=\"summary_large_image\" \/>\n<meta name=\"twitter:label1\" content=\"\u041f\u0440\u0438\u043c\u0435\u0440\u043d\u043e\u0435 \u0432\u0440\u0435\u043c\u044f \u0434\u043b\u044f \u0447\u0442\u0435\u043d\u0438\u044f\" \/>\n\t<meta name=\"twitter:data1\" content=\"6 \u043c\u0438\u043d\u0443\u0442\" \/>\n<script type=\"application\/ld+json\" class=\"yoast-schema-graph\">{\"@context\":\"https:\\\/\\\/schema.org\",\"@graph\":[{\"@type\":\"WebPage\",\"@id\":\"https:\\\/\\\/kohenavocats.com\\\/ru\\\/jurisprudences\\\/tribunal-darrondissement-19-juillet-2024-10\\\/\",\"url\":\"https:\\\/\\\/kohenavocats.com\\\/ru\\\/jurisprudences\\\/tribunal-darrondissement-19-juillet-2024-10\\\/\",\"name\":\"Tribunal d'arrondissement, 19 juillet 2024 - Ma\u00eetre Hassan Kohen, avocat en droit p\u00e9nal \u00e0 Paris\",\"isPartOf\":{\"@id\":\"https:\\\/\\\/kohenavocats.com\\\/ru\\\/#website\"},\"datePublished\":\"2026-04-20T20:46:40+00:00\",\"dateModified\":\"2026-04-20T20:46:45+00:00\",\"breadcrumb\":{\"@id\":\"https:\\\/\\\/kohenavocats.com\\\/ru\\\/jurisprudences\\\/tribunal-darrondissement-19-juillet-2024-10\\\/#breadcrumb\"},\"inLanguage\":\"ru-RU\",\"potentialAction\":[{\"@type\":\"ReadAction\",\"target\":[\"https:\\\/\\\/kohenavocats.com\\\/ru\\\/jurisprudences\\\/tribunal-darrondissement-19-juillet-2024-10\\\/\"]}]},{\"@type\":\"BreadcrumbList\",\"@id\":\"https:\\\/\\\/kohenavocats.com\\\/ru\\\/jurisprudences\\\/tribunal-darrondissement-19-juillet-2024-10\\\/#breadcrumb\",\"itemListElement\":[{\"@type\":\"ListItem\",\"position\":1,\"name\":\"Home\",\"item\":\"https:\\\/\\\/kohenavocats.com\\\/ru\\\/avocats-en-droit-penal-a-paris-conseil-et-defense-strategique\\\/\"},{\"@type\":\"ListItem\",\"position\":2,\"name\":\"Jurisprudences\",\"item\":\"https:\\\/\\\/kohenavocats.com\\\/ru\\\/jurisprudences\\\/\"},{\"@type\":\"ListItem\",\"position\":3,\"name\":\"Tribunal d&rsquo;arrondissement, 19 juillet 2024\"}]},{\"@type\":\"WebSite\",\"@id\":\"https:\\\/\\\/kohenavocats.com\\\/ru\\\/#website\",\"url\":\"https:\\\/\\\/kohenavocats.com\\\/ru\\\/\",\"name\":\"Kohen Avocats\",\"description\":\"Ma\u00eetre Hassan Kohen, avocat p\u00e9naliste \u00e0 Paris, intervient exclusivement en droit p\u00e9nal pour la d\u00e9fense des particuliers, notamment en mati\u00e8re d\u2019accusations de viol. Il assure un accompagnement rigoureux d\u00e8s la garde \u00e0 vue jusqu\u2019\u00e0 la Cour d\u2019assises, veillant au strict respect des garanties proc\u00e9durales.\",\"publisher\":{\"@id\":\"https:\\\/\\\/kohenavocats.com\\\/ru\\\/#organization\"},\"potentialAction\":[{\"@type\":\"SearchAction\",\"target\":{\"@type\":\"EntryPoint\",\"urlTemplate\":\"https:\\\/\\\/kohenavocats.com\\\/ru\\\/?s={search_term_string}\"},\"query-input\":{\"@type\":\"PropertyValueSpecification\",\"valueRequired\":true,\"valueName\":\"search_term_string\"}}],\"inLanguage\":\"ru-RU\"},{\"@type\":\"Organization\",\"@id\":\"https:\\\/\\\/kohenavocats.com\\\/ru\\\/#organization\",\"name\":\"Kohen Avocats\",\"url\":\"https:\\\/\\\/kohenavocats.com\\\/ru\\\/\",\"logo\":{\"@type\":\"ImageObject\",\"inLanguage\":\"ru-RU\",\"@id\":\"https:\\\/\\\/kohenavocats.com\\\/ru\\\/#\\\/schema\\\/logo\\\/image\\\/\",\"url\":\"https:\\\/\\\/kohenavocats.com\\\/wp-content\\\/uploads\\\/2026\\\/01\\\/Logo-2-1.webp\",\"contentUrl\":\"https:\\\/\\\/kohenavocats.com\\\/wp-content\\\/uploads\\\/2026\\\/01\\\/Logo-2-1.webp\",\"width\":2114,\"height\":1253,\"caption\":\"Kohen Avocats\"},\"image\":{\"@id\":\"https:\\\/\\\/kohenavocats.com\\\/ru\\\/#\\\/schema\\\/logo\\\/image\\\/\"}}]}<\/script>\n<!-- \/ Yoast SEO Premium plugin. -->","yoast_head_json":{"title":"Tribunal d'arrondissement, 19 juillet 2024 - Ma\u00eetre Hassan Kohen, avocat en droit p\u00e9nal \u00e0 Paris","robots":{"index":"index","follow":"follow","max-snippet":"max-snippet:-1","max-image-preview":"max-image-preview:large","max-video-preview":"max-video-preview:-1"},"canonical":"https:\/\/kohenavocats.com\/ru\/jurisprudences\/tribunal-darrondissement-19-juillet-2024-10\/","og_locale":"ru_RU","og_type":"article","og_title":"Tribunal d'arrondissement, 19 juillet 2024","og_description":"Jugement no.1822\/2024 Notice no.25813\/23\/CC 2xi.c.(i.c.prov.) 1 x rest. AUDIENCE PUBLIQUE DU 19 JUILLET 2024 LeTribunald'arrondissement de et \u00e0 Luxembourg,chambrede vacationcorrectionnelle, statuant en composition dejuge unique, a rendu le jugement qui suit: dans la cause duMinist\u00e8re Publiccontre PERSONNE1.), n\u00e9eleDATE1.)\u00e0ADRESSE1.), demeurant\u00e0ADRESSE2.) -p r \u00e9 v e n\u2026","og_url":"https:\/\/kohenavocats.com\/ru\/jurisprudences\/tribunal-darrondissement-19-juillet-2024-10\/","og_site_name":"Ma\u00eetre Hassan Kohen, avocat en droit p\u00e9nal \u00e0 Paris","article_modified_time":"2026-04-20T20:46:45+00:00","twitter_card":"summary_large_image","twitter_misc":{"\u041f\u0440\u0438\u043c\u0435\u0440\u043d\u043e\u0435 \u0432\u0440\u0435\u043c\u044f \u0434\u043b\u044f \u0447\u0442\u0435\u043d\u0438\u044f":"6 \u043c\u0438\u043d\u0443\u0442"},"schema":{"@context":"https:\/\/schema.org","@graph":[{"@type":"WebPage","@id":"https:\/\/kohenavocats.com\/ru\/jurisprudences\/tribunal-darrondissement-19-juillet-2024-10\/","url":"https:\/\/kohenavocats.com\/ru\/jurisprudences\/tribunal-darrondissement-19-juillet-2024-10\/","name":"Tribunal d'arrondissement, 19 juillet 2024 - Ma\u00eetre Hassan Kohen, avocat en droit p\u00e9nal \u00e0 Paris","isPartOf":{"@id":"https:\/\/kohenavocats.com\/ru\/#website"},"datePublished":"2026-04-20T20:46:40+00:00","dateModified":"2026-04-20T20:46:45+00:00","breadcrumb":{"@id":"https:\/\/kohenavocats.com\/ru\/jurisprudences\/tribunal-darrondissement-19-juillet-2024-10\/#breadcrumb"},"inLanguage":"ru-RU","potentialAction":[{"@type":"ReadAction","target":["https:\/\/kohenavocats.com\/ru\/jurisprudences\/tribunal-darrondissement-19-juillet-2024-10\/"]}]},{"@type":"BreadcrumbList","@id":"https:\/\/kohenavocats.com\/ru\/jurisprudences\/tribunal-darrondissement-19-juillet-2024-10\/#breadcrumb","itemListElement":[{"@type":"ListItem","position":1,"name":"Home","item":"https:\/\/kohenavocats.com\/ru\/avocats-en-droit-penal-a-paris-conseil-et-defense-strategique\/"},{"@type":"ListItem","position":2,"name":"Jurisprudences","item":"https:\/\/kohenavocats.com\/ru\/jurisprudences\/"},{"@type":"ListItem","position":3,"name":"Tribunal d&rsquo;arrondissement, 19 juillet 2024"}]},{"@type":"WebSite","@id":"https:\/\/kohenavocats.com\/ru\/#website","url":"https:\/\/kohenavocats.com\/ru\/","name":"Kohen Avocats","description":"Ma\u00eetre Hassan Kohen, avocat p\u00e9naliste \u00e0 Paris, intervient exclusivement en droit p\u00e9nal pour la d\u00e9fense des particuliers, notamment en mati\u00e8re d\u2019accusations de viol. Il assure un accompagnement rigoureux d\u00e8s la garde \u00e0 vue jusqu\u2019\u00e0 la Cour d\u2019assises, veillant au strict respect des garanties proc\u00e9durales.","publisher":{"@id":"https:\/\/kohenavocats.com\/ru\/#organization"},"potentialAction":[{"@type":"SearchAction","target":{"@type":"EntryPoint","urlTemplate":"https:\/\/kohenavocats.com\/ru\/?s={search_term_string}"},"query-input":{"@type":"PropertyValueSpecification","valueRequired":true,"valueName":"search_term_string"}}],"inLanguage":"ru-RU"},{"@type":"Organization","@id":"https:\/\/kohenavocats.com\/ru\/#organization","name":"Kohen Avocats","url":"https:\/\/kohenavocats.com\/ru\/","logo":{"@type":"ImageObject","inLanguage":"ru-RU","@id":"https:\/\/kohenavocats.com\/ru\/#\/schema\/logo\/image\/","url":"https:\/\/kohenavocats.com\/wp-content\/uploads\/2026\/01\/Logo-2-1.webp","contentUrl":"https:\/\/kohenavocats.com\/wp-content\/uploads\/2026\/01\/Logo-2-1.webp","width":2114,"height":1253,"caption":"Kohen Avocats"},"image":{"@id":"https:\/\/kohenavocats.com\/ru\/#\/schema\/logo\/image\/"}}]}},"jetpack_likes_enabled":false,"jetpack_sharing_enabled":true,"_links":{"self":[{"href":"https:\/\/kohenavocats.com\/ru\/wp-json\/wp\/v2\/kji_decision\/627696","targetHints":{"allow":["GET"]}}],"collection":[{"href":"https:\/\/kohenavocats.com\/ru\/wp-json\/wp\/v2\/kji_decision"}],"about":[{"href":"https:\/\/kohenavocats.com\/ru\/wp-json\/wp\/v2\/types\/kji_decision"}],"wp:attachment":[{"href":"https:\/\/kohenavocats.com\/ru\/wp-json\/wp\/v2\/media?parent=627696"}],"wp:term":[{"taxonomy":"kji_country","embeddable":true,"href":"https:\/\/kohenavocats.com\/ru\/wp-json\/wp\/v2\/kji_country?post=627696"},{"taxonomy":"kji_court","embeddable":true,"href":"https:\/\/kohenavocats.com\/ru\/wp-json\/wp\/v2\/kji_court?post=627696"},{"taxonomy":"kji_chamber","embeddable":true,"href":"https:\/\/kohenavocats.com\/ru\/wp-json\/wp\/v2\/kji_chamber?post=627696"},{"taxonomy":"kji_year","embeddable":true,"href":"https:\/\/kohenavocats.com\/ru\/wp-json\/wp\/v2\/kji_year?post=627696"},{"taxonomy":"kji_subject","embeddable":true,"href":"https:\/\/kohenavocats.com\/ru\/wp-json\/wp\/v2\/kji_subject?post=627696"},{"taxonomy":"kji_keyword","embeddable":true,"href":"https:\/\/kohenavocats.com\/ru\/wp-json\/wp\/v2\/kji_keyword?post=627696"},{"taxonomy":"kji_language","embeddable":true,"href":"https:\/\/kohenavocats.com\/ru\/wp-json\/wp\/v2\/kji_language?post=627696"}],"curies":[{"name":"wp","href":"https:\/\/api.w.org\/{rel}","templated":true}]}}