{"id":627738,"date":"2026-04-20T22:51:36","date_gmt":"2026-04-20T20:51:36","guid":{"rendered":"https:\/\/kohenavocats.com\/jurisprudences\/tribunal-darrondissement-15-juillet-2024-22\/"},"modified":"2026-04-20T22:51:40","modified_gmt":"2026-04-20T20:51:40","slug":"tribunal-darrondissement-15-juillet-2024-22","status":"publish","type":"kji_decision","link":"https:\/\/kohenavocats.com\/ru\/jurisprudences\/tribunal-darrondissement-15-juillet-2024-22\/","title":{"rendered":"Tribunal d&#8217;arrondissement, 15 juillet 2024"},"content":{"rendered":"<div class=\"kji-decision\">\n<div class=\"kji-full-text\">\n<p>Jugt n\u00b01809\/2024 not.22094\/23\/CC i.c.(2x) AUDIENCE PUBLIQUE DU 15JUILLET2024 Le Tribunal d\u2019arrondissement de et \u00e0 Luxembourg,neuvi\u00e8me chambre, si\u00e9geanten mati\u00e8re correctionnelle, statuant en composition dejuge unique, a rendu le jugement qui suit: dans la cause du Minist\u00e8re Public contre PERSONNE1.), n\u00e9 leDATE1.)\u00e0ADRESSE1.)(Chine), demeurant \u00e0L-ADRESSE2.), -p r \u00e9 v e n u- ___________________________________________________________________________ F A I T S : Par citation du11juin2024, Monsieur le Procureur d\u2019\u00c9tat pr\u00e8s le Tribunal d\u2019arrondissement de et \u00e0 Luxembourg a requislepr\u00e9venude compara\u00eetre \u00e0 l\u2019audience publique du9juillet2024 devant le Tribunal correctionnel de ce si\u00e8ge, pour y entendre statuer sur lapr\u00e9vention suivante: circulation:ivresse (0,71mg\/l). Al\u2019audience du9juillet2024, Monsieurlejuge-pr\u00e9sident constata l\u2019identit\u00e9du pr\u00e9venuet lui donna connaissance de l\u2019acte qui a saisi le Tribunal. Conform\u00e9ment \u00e0 l\u2019article 190-1 (2) du Code de proc\u00e9dure p\u00e9nale,ila \u00e9t\u00e9 instruit de son droit de garder lesilence et de ne pas s\u2019incriminer soi-m\u00eame. Le pr\u00e9venu renon\u00e7a \u00e0 l\u2019assistance d\u2019un avocat par d\u00e9claration \u00e9crite, dat\u00e9e et sign\u00e9e, conform\u00e9ment \u00e0 l\u2019article 3-6 point 8 du Code de proc\u00e9dure p\u00e9nale. Lepr\u00e9venuPERSONNE1.), assist\u00e9 de l\u2019interpr\u00e8teasserment\u00e9 \u00e0 l\u2019audience Jenny LAM THIEU MAN, fut entendu en ses explications et moyens de d\u00e9fense.<\/p>\n<p>2 Larepr\u00e9sentantedu Minist\u00e8re Public, Madame Claire KOOB,substitutdu Procureur d\u2019\u00c9tat, r\u00e9suma l\u2019affaire et fut entendueen son r\u00e9quisitoire. Lepr\u00e9venueutla parole en dernier. Le Tribunal prit l\u2019affaire en d\u00e9lib\u00e9r\u00e9 et rendit \u00e0 l\u2019audience publique de ce jour, date \u00e0 laquelle le prononc\u00e9 avait \u00e9t\u00e9 fix\u00e9, le J U G E M E N Tqui suit: Vu la citation\u00e0 pr\u00e9venudu11juin2024,r\u00e9guli\u00e8rement notifi\u00e9e\u00e0PERSONNE1.). Vu le dossier r\u00e9pressif constitu\u00e9 par le Minist\u00e8re Public sous la notice num\u00e9ro22094\/23\/CCet notamment le proc\u00e8s-verbalnum\u00e9roNUMERO1.)\/2023du14juin2023dress\u00e9 par laPolice Grand-Ducale,unit\u00e9 de police de la route,Service intervention autoroutier. Vule r\u00e9sultat de l\u2019examen de l\u2019air expir\u00e9 par \u00e9thylom\u00e8tre\u00e9tablissant l\u2019alcool\u00e9mie dele pr\u00e9venu \u00e00,71mg par litre d\u2019air expir\u00e9. Le Minist\u00e8re Public reproche\u00e0PERSONNE1.)d\u2019avoir,le14juin2023vers 02.45heures,sur l\u2019autorouteADRESSE3.), direction Allemagne, apr\u00e8s le tunnelADRESSE4.),circul\u00e9en \u00e9tat d\u2019ivresse. \u00c0 l\u2019audience publique du9juillet2024,PERSONNE1.)areconnu avoir commis l\u2019infraction luireproch\u00e9e. Au vu dur\u00e9sultat du test d\u2019alcool\u00e9mier\u00e9alis\u00e9 au moyen de l\u2019\u00e9thylom\u00e8tre,ily a lieude retenir PERSONNE1.)dans les liens del\u2019infraction libell\u00e9e \u00e0 sa charge. PERSONNE1.)est partantconvaincupar les \u00e9l\u00e9ments du dossier r\u00e9pressif, ensembleles d\u00e9bats men\u00e9s \u00e0 l\u2019audience et ses aveuxcomplets: \u00ab\u00e9tant conducteurd\u2019un v\u00e9hicule automoteur sur la voie publique, le 14 juin 2023 vers 02.45 heures, sur l\u2019autorouteADRESSE3.), direction Allemagne, apr\u00e8s le tunnelADRESSE4.), avoir circul\u00e9 avec un taux d\u2019alcool d\u2019au moins 0,55 mg par litre d\u2019air expir\u00e9, en l\u2019esp\u00e8ce de 0,71mg par litre d\u2019air expir\u00e9.\u00bb L\u2019article 12paragraphe 2de la loi modifi\u00e9e du 14 f\u00e9vrier 1955concernant la r\u00e9glementation de la circulation sur toutes les voies publiquessanctionne d\u2019une peine d\u2019emprisonnement de huit jours \u00e0 trois ans ainsi que d\u2019une amende de 500 \u00e0 10.000 euros ou d\u2019une de ces peines seulement,l\u2019infraction de conduite en \u00e9tat d\u2019ivresseretenue \u00e0 chargedePERSONNE1.). L\u2019article 13.1 de la loi pr\u00e9cit\u00e9e du 14 f\u00e9vrier 1955 permet au juge saisi d\u2019une ou de plusieurs infractions \u00e0 la r\u00e9glementation de la circulation sur les voies publiques ou de d\u00e9lits ou de crimes qui se sont joints \u00e0 ces infractions, de prononcer une interdiction de conduire de huit jours \u00e0 un an en mati\u00e8re de contraventions et de trois mois \u00e0 quinze ans en mati\u00e8re de d\u00e9lits ou de crimes.<\/p>\n<p>3 Cette interdiction de conduire \u00abseratoujours prononc\u00e9e en cas de condamnation du chef des d\u00e9lits vis\u00e9s au point 1 du paragraphe 2 de l\u2019article 12 et au point 1 du paragraphe 4bisde l\u2019article 12 (\u2026)\u00bb. En circulant sur la voie publique en \u00e9tat d\u2019impr\u00e9gnation alcoolique,lepr\u00e9venua gravement mis en danger tant sa propre s\u00e9curit\u00e9 que celle des autres usagers. Compte tenu de la gravit\u00e9 desinfractionsretenues\u00e0 chargede lapr\u00e9venue, il y a lieu de condamnerPERSONNE1.)\u00e0 uneamendede500euroset\u00e0 uneinterdiction de conduirede 17mois. En vertu de l\u2019article 628 alin\u00e9a 4 du Code de proc\u00e9dure p\u00e9nale, les cours et tribunaux peuvent, \u00ab dans le cas o\u00f9 ils prononcent une interdiction de conduire un v\u00e9hicule sur la voie publique, ordonner par la m\u00eamed\u00e9cision motiv\u00e9e qu\u2019il sera sursis \u00e0 l\u2019ex\u00e9cution de tout ou partie de cette peine accessoire, \u00e0 condition que le condamn\u00e9 n\u2019ait pas \u00e9t\u00e9, avant le fait motivant sa poursuite, l\u2019objet d\u2019une condamnation irr\u00e9vocable \u00e0 une peine d\u2019emprisonnement correctionneldu chef d\u2019infraction aux lois et r\u00e8glements r\u00e9gissant la circulation sur la voie publique ou \u00e0 une peine privative de libert\u00e9 pour infraction aux lois et r\u00e8glements concernant la vente de substances m\u00e9dicamenteuses et la lutte contre la toxicomanie. \u00bb Enconsid\u00e9ration de deuxant\u00e9c\u00e9dentsjudiciairessp\u00e9cifiquesrenseign\u00e9sau casier judiciairedu pr\u00e9venu, le Tribunal d\u00e9cide de ne pas faire b\u00e9n\u00e9ficierlepr\u00e9venudu sursis \u00e0 l\u2019ex\u00e9cution de l\u2019interdiction de conduire quisera prononc\u00e9e \u00e0 son encontre. L\u2019article 13 de la loi pr\u00e9cit\u00e9e du 14 f\u00e9vrier 1955 permetcependant\u00e0 la juridiction r\u00e9pressive d\u2019excepter certains trajetsde l\u2019interdiction de conduire \u00e0 prononcer. Afin de ne pas compromettre l\u2019avenir professionnel dupr\u00e9venu, le Tribunal d\u00e9cide d\u2019excepter del\u2019int\u00e9gralit\u00e9decette interdiction de conduire : -les trajets effectu\u00e9s dans l\u2019int\u00e9r\u00eat prouv\u00e9 de la profession dupr\u00e9venu, et -le trajet d\u2019aller et de retour effectu\u00e9 entre la r\u00e9sidence principale, une r\u00e9sidence secondaire pr\u00e9sentant un caract\u00e8re de stabilit\u00e9 ou tout autre lieu o\u00f9le pr\u00e9venuse rend de fa\u00e7on habituelle pour des motifs d\u2019ordre familial et le lieu du travail. P A R C E S M O T I F S : le Tribunal d\u2019arrondissement de et \u00e0 Luxembourg,neuvi\u00e8me chambre, compos\u00e9e de sonjuge- pr\u00e9sident, si\u00e9geant enmati\u00e8re correctionnelle, statuantcontradictoirement,PERSONNE1.) entendueensesexplications et moyens de d\u00e9fenseetlarepr\u00e9sentantedu Minist\u00e8re Public entendueen son r\u00e9quisitoire,lepr\u00e9venu ayant eu la parole en dernier, c o n d a m n ePERSONNE1.)du chef desinfractionsretenues\u00e0 sa charge\u00e0 uneamendede CINQCENTS(500) eurosainsi qu\u2019aux frais de sa mise en jugement, ces frais liquid\u00e9s \u00e08,52 euros, f i x ela dur\u00e9e de la contrainte par corps en cas de non-paiement de l\u2019amende \u00e0CINQ(5) jours,<\/p>\n<p>4 p r o n o n c econtrePERSONNE1.)du chef desinfractionsretenues\u00e0 sa chargeune interdiction de conduired\u2019une dur\u00e9e deDIX-SEPT(17)moisapplicable \u00e0 tous les v\u00e9hicules automoteurs des cat\u00e9gories de permis de conduire A-F sur la voie publique, e x c e p t ede l\u2019int\u00e9gralit\u00e9decetteinterdiction de conduire: -les trajets effectu\u00e9s dans l\u2019int\u00e9r\u00eat prouv\u00e9 de la profession du pr\u00e9venu, et -le trajet d\u2019aller et de retour effectu\u00e9 entre la r\u00e9sidence principale, une r\u00e9sidence secondaire pr\u00e9sentant un caract\u00e8re de stabilit\u00e9 ou toutautre lieu o\u00f9 le pr\u00e9venu se rend de fa\u00e7on habituelle pour des motifs d\u2019ordre familial et le lieu du travail. Le tout en application des articles 14, 16,28, 29et30du Code p\u00e9nal, des articles 179, 182, 184, 189, 190, 190-1, 194, 195,196,628 et 628-1du Code de proc\u00e9dure p\u00e9nale,des articles 12, 13et 14bisde la loi modifi\u00e9e du 14 f\u00e9vrier 1955concernant la r\u00e9glementation de la circulation sur toutes lesvoiesqui furent d\u00e9sign\u00e9s \u00e0 l\u2019audience par Monsieurlejuge-pr\u00e9sident. Ainsi fait, jug\u00e9 et prononc\u00e9 parAntoine d\u2019HUART,juge-pr\u00e9sident, en audience publique au Tribunal d\u2019arrondissement de et \u00e0 Luxembourg, Cit\u00e9 judiciaire, Plateau du Saint-Esprit, en pr\u00e9sence deJulie SIMON,substitutdu Procureur d\u2019Etat, et d\u2019Elisabeth BACK, greffi\u00e8re, qui, \u00e0 l\u2019exception de larepr\u00e9sentantedu Minist\u00e8re Public, ont sign\u00e9 le pr\u00e9sent jugement.<\/p>\n<\/div>\n<hr class=\"kji-sep\" \/>\n<p class=\"kji-source-links\"><strong>Sources officielles :<\/strong> <a class=\"kji-source-link\" href=\"https:\/\/data.public.lu\/fr\/datasets\/tribunal-darrondissement-luxembourg-penal\/\" target=\"_blank\" rel=\"noopener noreferrer\">consulter la page source<\/a> &middot; <a class=\"kji-pdf-link\" href=\"https:\/\/download.data.public.lu\/resources\/tribunal-darrondissement-luxembourg-penal\/20240828-033018\/20240715-tal09-1809-pseudonymise-accessible.pdf\" target=\"_blank\" rel=\"noopener noreferrer\">PDF officiel<\/a><\/p>\n<p class=\"kji-license-note\"><em>Licence CC BY-ND 4.0 (Administration judiciaire, data.public.lu). Republication autorisee avec attribution, sans modification editoriale du texte integral.<\/em><\/p>\n<\/div>\n","protected":false},"excerpt":{"rendered":"<p>Jugt n\u00b01809\/2024 not.22094\/23\/CC i.c.(2x) AUDIENCE PUBLIQUE DU 15JUILLET2024 Le Tribunal d\u2019arrondissement de et \u00e0 Luxembourg,neuvi\u00e8me chambre, si\u00e9geanten mati\u00e8re correctionnelle, statuant en composition dejuge unique, a rendu le jugement qui suit: dans la cause du Minist\u00e8re Public contre PERSONNE1.), n\u00e9 leDATE1.)\u00e0ADRESSE1.)(Chine), demeurant \u00e0L-ADRESSE2.), -p r \u00e9\u2026<\/p>\n","protected":false},"featured_media":0,"template":"","meta":{"_crdt_document":""},"kji_country":[8418],"kji_court":[23583],"kji_chamber":[25729],"kji_year":[8677],"kji_subject":[7632],"kji_keyword":[23584,8600,7636],"kji_language":[7733],"class_list":["post-627738","kji_decision","type-kji_decision","status-publish","hentry","kji_country-luxembourg","kji_court-tribunal-darrondissement","kji_chamber-penal","kji_year-8677","kji_subject-penal","kji_keyword-arrondissement","kji_keyword-juillet","kji_keyword-tribunal","kji_language-francais"],"yoast_head":"<!-- This site is optimized with the Yoast SEO Premium plugin v27.4 (Yoast SEO v27.4) - https:\/\/yoast.com\/product\/yoast-seo-premium-wordpress\/ -->\n<title>Tribunal d&#039;arrondissement, 15 juillet 2024 - Ma\u00eetre Hassan Kohen, avocat en droit p\u00e9nal \u00e0 Paris<\/title>\n<meta name=\"robots\" content=\"index, follow, max-snippet:-1, max-image-preview:large, max-video-preview:-1\" \/>\n<link rel=\"canonical\" href=\"https:\/\/kohenavocats.com\/ru\/jurisprudences\/tribunal-darrondissement-15-juillet-2024-22\/\" \/>\n<meta property=\"og:locale\" content=\"ru_RU\" \/>\n<meta property=\"og:type\" content=\"article\" \/>\n<meta property=\"og:title\" content=\"Tribunal d&#039;arrondissement, 15 juillet 2024\" \/>\n<meta property=\"og:description\" content=\"Jugt n\u00b01809\/2024 not.22094\/23\/CC i.c.(2x) AUDIENCE PUBLIQUE DU 15JUILLET2024 Le Tribunal d\u2019arrondissement de et \u00e0 Luxembourg,neuvi\u00e8me chambre, si\u00e9geanten mati\u00e8re correctionnelle, statuant en composition dejuge unique, a rendu le jugement qui suit: dans la cause du Minist\u00e8re Public contre PERSONNE1.), n\u00e9 leDATE1.)\u00e0ADRESSE1.)(Chine), demeurant \u00e0L-ADRESSE2.), -p r \u00e9\u2026\" \/>\n<meta property=\"og:url\" content=\"https:\/\/kohenavocats.com\/ru\/jurisprudences\/tribunal-darrondissement-15-juillet-2024-22\/\" \/>\n<meta property=\"og:site_name\" content=\"Ma\u00eetre Hassan Kohen, avocat en droit p\u00e9nal \u00e0 Paris\" \/>\n<meta property=\"article:modified_time\" content=\"2026-04-20T20:51:40+00:00\" \/>\n<meta name=\"twitter:card\" content=\"summary_large_image\" \/>\n<meta name=\"twitter:label1\" content=\"\u041f\u0440\u0438\u043c\u0435\u0440\u043d\u043e\u0435 \u0432\u0440\u0435\u043c\u044f \u0434\u043b\u044f \u0447\u0442\u0435\u043d\u0438\u044f\" \/>\n\t<meta name=\"twitter:data1\" content=\"7 \u043c\u0438\u043d\u0443\u0442\" \/>\n<script type=\"application\/ld+json\" class=\"yoast-schema-graph\">{\"@context\":\"https:\\\/\\\/schema.org\",\"@graph\":[{\"@type\":\"WebPage\",\"@id\":\"https:\\\/\\\/kohenavocats.com\\\/ru\\\/jurisprudences\\\/tribunal-darrondissement-15-juillet-2024-22\\\/\",\"url\":\"https:\\\/\\\/kohenavocats.com\\\/ru\\\/jurisprudences\\\/tribunal-darrondissement-15-juillet-2024-22\\\/\",\"name\":\"Tribunal d'arrondissement, 15 juillet 2024 - Ma\u00eetre Hassan Kohen, avocat en droit p\u00e9nal \u00e0 Paris\",\"isPartOf\":{\"@id\":\"https:\\\/\\\/kohenavocats.com\\\/ru\\\/#website\"},\"datePublished\":\"2026-04-20T20:51:36+00:00\",\"dateModified\":\"2026-04-20T20:51:40+00:00\",\"breadcrumb\":{\"@id\":\"https:\\\/\\\/kohenavocats.com\\\/ru\\\/jurisprudences\\\/tribunal-darrondissement-15-juillet-2024-22\\\/#breadcrumb\"},\"inLanguage\":\"ru-RU\",\"potentialAction\":[{\"@type\":\"ReadAction\",\"target\":[\"https:\\\/\\\/kohenavocats.com\\\/ru\\\/jurisprudences\\\/tribunal-darrondissement-15-juillet-2024-22\\\/\"]}]},{\"@type\":\"BreadcrumbList\",\"@id\":\"https:\\\/\\\/kohenavocats.com\\\/ru\\\/jurisprudences\\\/tribunal-darrondissement-15-juillet-2024-22\\\/#breadcrumb\",\"itemListElement\":[{\"@type\":\"ListItem\",\"position\":1,\"name\":\"Home\",\"item\":\"https:\\\/\\\/kohenavocats.com\\\/ru\\\/avocats-en-droit-penal-a-paris-conseil-et-defense-strategique\\\/\"},{\"@type\":\"ListItem\",\"position\":2,\"name\":\"Jurisprudences\",\"item\":\"https:\\\/\\\/kohenavocats.com\\\/ru\\\/jurisprudences\\\/\"},{\"@type\":\"ListItem\",\"position\":3,\"name\":\"Tribunal d&rsquo;arrondissement, 15 juillet 2024\"}]},{\"@type\":\"WebSite\",\"@id\":\"https:\\\/\\\/kohenavocats.com\\\/ru\\\/#website\",\"url\":\"https:\\\/\\\/kohenavocats.com\\\/ru\\\/\",\"name\":\"Kohen Avocats\",\"description\":\"Ma\u00eetre Hassan Kohen, avocat p\u00e9naliste \u00e0 Paris, intervient exclusivement en droit p\u00e9nal pour la d\u00e9fense des particuliers, notamment en mati\u00e8re d\u2019accusations de viol. Il assure un accompagnement rigoureux d\u00e8s la garde \u00e0 vue jusqu\u2019\u00e0 la Cour d\u2019assises, veillant au strict respect des garanties proc\u00e9durales.\",\"publisher\":{\"@id\":\"https:\\\/\\\/kohenavocats.com\\\/ru\\\/#organization\"},\"potentialAction\":[{\"@type\":\"SearchAction\",\"target\":{\"@type\":\"EntryPoint\",\"urlTemplate\":\"https:\\\/\\\/kohenavocats.com\\\/ru\\\/?s={search_term_string}\"},\"query-input\":{\"@type\":\"PropertyValueSpecification\",\"valueRequired\":true,\"valueName\":\"search_term_string\"}}],\"inLanguage\":\"ru-RU\"},{\"@type\":\"Organization\",\"@id\":\"https:\\\/\\\/kohenavocats.com\\\/ru\\\/#organization\",\"name\":\"Kohen Avocats\",\"url\":\"https:\\\/\\\/kohenavocats.com\\\/ru\\\/\",\"logo\":{\"@type\":\"ImageObject\",\"inLanguage\":\"ru-RU\",\"@id\":\"https:\\\/\\\/kohenavocats.com\\\/ru\\\/#\\\/schema\\\/logo\\\/image\\\/\",\"url\":\"https:\\\/\\\/kohenavocats.com\\\/wp-content\\\/uploads\\\/2026\\\/01\\\/Logo-2-1.webp\",\"contentUrl\":\"https:\\\/\\\/kohenavocats.com\\\/wp-content\\\/uploads\\\/2026\\\/01\\\/Logo-2-1.webp\",\"width\":2114,\"height\":1253,\"caption\":\"Kohen Avocats\"},\"image\":{\"@id\":\"https:\\\/\\\/kohenavocats.com\\\/ru\\\/#\\\/schema\\\/logo\\\/image\\\/\"}}]}<\/script>\n<!-- \/ Yoast SEO Premium plugin. -->","yoast_head_json":{"title":"Tribunal d'arrondissement, 15 juillet 2024 - Ma\u00eetre Hassan Kohen, avocat en droit p\u00e9nal \u00e0 Paris","robots":{"index":"index","follow":"follow","max-snippet":"max-snippet:-1","max-image-preview":"max-image-preview:large","max-video-preview":"max-video-preview:-1"},"canonical":"https:\/\/kohenavocats.com\/ru\/jurisprudences\/tribunal-darrondissement-15-juillet-2024-22\/","og_locale":"ru_RU","og_type":"article","og_title":"Tribunal d'arrondissement, 15 juillet 2024","og_description":"Jugt n\u00b01809\/2024 not.22094\/23\/CC i.c.(2x) AUDIENCE PUBLIQUE DU 15JUILLET2024 Le Tribunal d\u2019arrondissement de et \u00e0 Luxembourg,neuvi\u00e8me chambre, si\u00e9geanten mati\u00e8re correctionnelle, statuant en composition dejuge unique, a rendu le jugement qui suit: dans la cause du Minist\u00e8re Public contre PERSONNE1.), n\u00e9 leDATE1.)\u00e0ADRESSE1.)(Chine), demeurant \u00e0L-ADRESSE2.), -p r \u00e9\u2026","og_url":"https:\/\/kohenavocats.com\/ru\/jurisprudences\/tribunal-darrondissement-15-juillet-2024-22\/","og_site_name":"Ma\u00eetre Hassan Kohen, avocat en droit p\u00e9nal \u00e0 Paris","article_modified_time":"2026-04-20T20:51:40+00:00","twitter_card":"summary_large_image","twitter_misc":{"\u041f\u0440\u0438\u043c\u0435\u0440\u043d\u043e\u0435 \u0432\u0440\u0435\u043c\u044f \u0434\u043b\u044f \u0447\u0442\u0435\u043d\u0438\u044f":"7 \u043c\u0438\u043d\u0443\u0442"},"schema":{"@context":"https:\/\/schema.org","@graph":[{"@type":"WebPage","@id":"https:\/\/kohenavocats.com\/ru\/jurisprudences\/tribunal-darrondissement-15-juillet-2024-22\/","url":"https:\/\/kohenavocats.com\/ru\/jurisprudences\/tribunal-darrondissement-15-juillet-2024-22\/","name":"Tribunal d'arrondissement, 15 juillet 2024 - Ma\u00eetre Hassan Kohen, avocat en droit p\u00e9nal \u00e0 Paris","isPartOf":{"@id":"https:\/\/kohenavocats.com\/ru\/#website"},"datePublished":"2026-04-20T20:51:36+00:00","dateModified":"2026-04-20T20:51:40+00:00","breadcrumb":{"@id":"https:\/\/kohenavocats.com\/ru\/jurisprudences\/tribunal-darrondissement-15-juillet-2024-22\/#breadcrumb"},"inLanguage":"ru-RU","potentialAction":[{"@type":"ReadAction","target":["https:\/\/kohenavocats.com\/ru\/jurisprudences\/tribunal-darrondissement-15-juillet-2024-22\/"]}]},{"@type":"BreadcrumbList","@id":"https:\/\/kohenavocats.com\/ru\/jurisprudences\/tribunal-darrondissement-15-juillet-2024-22\/#breadcrumb","itemListElement":[{"@type":"ListItem","position":1,"name":"Home","item":"https:\/\/kohenavocats.com\/ru\/avocats-en-droit-penal-a-paris-conseil-et-defense-strategique\/"},{"@type":"ListItem","position":2,"name":"Jurisprudences","item":"https:\/\/kohenavocats.com\/ru\/jurisprudences\/"},{"@type":"ListItem","position":3,"name":"Tribunal d&rsquo;arrondissement, 15 juillet 2024"}]},{"@type":"WebSite","@id":"https:\/\/kohenavocats.com\/ru\/#website","url":"https:\/\/kohenavocats.com\/ru\/","name":"Kohen Avocats","description":"Ma\u00eetre Hassan Kohen, avocat p\u00e9naliste \u00e0 Paris, intervient exclusivement en droit p\u00e9nal pour la d\u00e9fense des particuliers, notamment en mati\u00e8re d\u2019accusations de viol. Il assure un accompagnement rigoureux d\u00e8s la garde \u00e0 vue jusqu\u2019\u00e0 la Cour d\u2019assises, veillant au strict respect des garanties proc\u00e9durales.","publisher":{"@id":"https:\/\/kohenavocats.com\/ru\/#organization"},"potentialAction":[{"@type":"SearchAction","target":{"@type":"EntryPoint","urlTemplate":"https:\/\/kohenavocats.com\/ru\/?s={search_term_string}"},"query-input":{"@type":"PropertyValueSpecification","valueRequired":true,"valueName":"search_term_string"}}],"inLanguage":"ru-RU"},{"@type":"Organization","@id":"https:\/\/kohenavocats.com\/ru\/#organization","name":"Kohen Avocats","url":"https:\/\/kohenavocats.com\/ru\/","logo":{"@type":"ImageObject","inLanguage":"ru-RU","@id":"https:\/\/kohenavocats.com\/ru\/#\/schema\/logo\/image\/","url":"https:\/\/kohenavocats.com\/wp-content\/uploads\/2026\/01\/Logo-2-1.webp","contentUrl":"https:\/\/kohenavocats.com\/wp-content\/uploads\/2026\/01\/Logo-2-1.webp","width":2114,"height":1253,"caption":"Kohen Avocats"},"image":{"@id":"https:\/\/kohenavocats.com\/ru\/#\/schema\/logo\/image\/"}}]}},"jetpack_likes_enabled":false,"jetpack_sharing_enabled":true,"_links":{"self":[{"href":"https:\/\/kohenavocats.com\/ru\/wp-json\/wp\/v2\/kji_decision\/627738","targetHints":{"allow":["GET"]}}],"collection":[{"href":"https:\/\/kohenavocats.com\/ru\/wp-json\/wp\/v2\/kji_decision"}],"about":[{"href":"https:\/\/kohenavocats.com\/ru\/wp-json\/wp\/v2\/types\/kji_decision"}],"wp:attachment":[{"href":"https:\/\/kohenavocats.com\/ru\/wp-json\/wp\/v2\/media?parent=627738"}],"wp:term":[{"taxonomy":"kji_country","embeddable":true,"href":"https:\/\/kohenavocats.com\/ru\/wp-json\/wp\/v2\/kji_country?post=627738"},{"taxonomy":"kji_court","embeddable":true,"href":"https:\/\/kohenavocats.com\/ru\/wp-json\/wp\/v2\/kji_court?post=627738"},{"taxonomy":"kji_chamber","embeddable":true,"href":"https:\/\/kohenavocats.com\/ru\/wp-json\/wp\/v2\/kji_chamber?post=627738"},{"taxonomy":"kji_year","embeddable":true,"href":"https:\/\/kohenavocats.com\/ru\/wp-json\/wp\/v2\/kji_year?post=627738"},{"taxonomy":"kji_subject","embeddable":true,"href":"https:\/\/kohenavocats.com\/ru\/wp-json\/wp\/v2\/kji_subject?post=627738"},{"taxonomy":"kji_keyword","embeddable":true,"href":"https:\/\/kohenavocats.com\/ru\/wp-json\/wp\/v2\/kji_keyword?post=627738"},{"taxonomy":"kji_language","embeddable":true,"href":"https:\/\/kohenavocats.com\/ru\/wp-json\/wp\/v2\/kji_language?post=627738"}],"curies":[{"name":"wp","href":"https:\/\/api.w.org\/{rel}","templated":true}]}}