{"id":628099,"date":"2026-04-20T23:13:06","date_gmt":"2026-04-20T21:13:06","guid":{"rendered":"https:\/\/kohenavocats.com\/jurisprudences\/tribunal-darrondissement-28-mars-2024-4\/"},"modified":"2026-04-20T23:13:10","modified_gmt":"2026-04-20T21:13:10","slug":"tribunal-darrondissement-28-mars-2024-4","status":"publish","type":"kji_decision","link":"https:\/\/kohenavocats.com\/ru\/jurisprudences\/tribunal-darrondissement-28-mars-2024-4\/","title":{"rendered":"Tribunal d&#8217;arrondissement, 28 mars 2024"},"content":{"rendered":"<div class=\"kji-decision\">\n<div class=\"kji-full-text\">\n<p>Jugt no854\/2024 not.22092\/23\/CC 2 i.c.\/s AUDIENCE PUBLIQUE DU 28MARS2024 Le Tribunal d&#039;arrondissement de et \u00e0 Luxembourg, seizi\u00e8me chambre, si\u00e9geant en mati\u00e8re correctionnelle, statuant en composition dejuge unique,a rendu le jugement qui suit: Dans la cause duminist\u00e8re publiccontre PERSONNE1.), n\u00e9 leDATE1.)\u00e0ADRESSE1.), demeurantL-ADRESSE2.), -p r \u00e9 v e n u- F A I T S : Par citation du20novembre2023, leprocureur d&#039;Etat pr\u00e8s le Tribunal d&#039;arrondissement de Luxembourg a requisle pr\u00e9venude compara\u00eetre \u00e0 l&#039;audience publique du30novembre2023 devant le Tribunal correctionnel de ce si\u00e8ge, pour y entendre statuer sur les pr\u00e9ventions suivantes: circulation: ivresse(1,18 mg\/l);avoir circul\u00e9 alors que son organisme comportait la pr\u00e9sence de tetrahydrocannabinol(THC) dont le taux s\u00e9rique est sup\u00e9rieur ou \u00e9gal \u00e0 1 ng\/ml, en l\u2019esp\u00e8ce de3,79ng\/ml;contravention. A cette date, l\u2019affaire fut contradictoirement remise \u00e0 l\u2019audience publique du 4 mars 2024. A l&#039;appel de la cause \u00e0 cette audience, levice-pr\u00e9sident constata l&#039;identit\u00e9 dpr\u00e9venu, lui donna connaissance de l&#039;acte qui a saisi le Tribunal et l\u2019informa de son droit de se taire et de son droit de ne pas s\u2019incriminer soi-m\u00eame. Le pr\u00e9venuPERSONNE1.)fut entendu en ses explications etmoyens de d\u00e9fense. Larepr\u00e9sentanteduminist\u00e8re public,PERSONNE2.),attach\u00e9e de justice, r\u00e9suma l&#039;affaire et fut entendue en son r\u00e9quisitoire. Ma\u00eetreKarim SOREL, avocat \u00e0 la Cour, demeurant \u00e0 Luxembourg, d\u00e9velopp a plus amplement lesmoyens de d\u00e9fense dupr\u00e9venuPERSONNE1.).<\/p>\n<p>2 Le pr\u00e9venueut la parole en dernier. Le Tribunal prit l&#039;affaire en d\u00e9lib\u00e9r\u00e9 et rendit \u00e0 l&#039;audience publique de ce jour, date \u00e0 laquelle le prononc\u00e9 avait \u00e9t\u00e9 fix\u00e9, le J U G E M E N T q u i s u i t : Vu la citation du20novembre2023, r\u00e9guli\u00e8rement notifi\u00e9eaupr\u00e9venuPERSONNE1.). Vu l\u2019ensemble du dossier r\u00e9pressif constitu\u00e9 par le Parquet sous la notice 22092\/23\/CC. Leminist\u00e8re publicreprocheaupr\u00e9venuPERSONNE1.)d\u2019avoir, le13juin2023,vers17.16 heures \u00e0ADRESSE3.),circul\u00e9 avec un taux d&#039;alcool de 1,18mg par litred\u2019air expir\u00e9, d\u2019avoir circul\u00e9 alors que son organisme comportait la pr\u00e9sence de tetrahydrocannabinol (THC) dont le taux s\u00e9rique est sup\u00e9rieur ou \u00e9gal \u00e0 1 ng\/ml, en l\u2019esp\u00e8ce de3,79ng\/ml,ainsi que d\u2019avoir enfreintunedisposition de l\u2019arr\u00eat\u00e9 grand-ducal du 23 novembre 1955portant r\u00e8glement de la circulation sur toutes les voies publiques. Le Tribunal correctionnel est comp\u00e9tent pour conna\u00eetrede lacontravention libell\u00e9e \u00e0 charge dupr\u00e9venuen raison desaconnexit\u00e9 avec lesd\u00e9litsmis \u00e0 sa charge. Tant lors de son auditionpolici\u00e8re du16 octobre 2023qu\u2019\u00e0 l\u2019audiencedu 4 mars 2024, le pr\u00e9venu a reconnu les infractions mises \u00e0 sa charge. Il a pr\u00e9sent\u00e9 ses excuses et a remis au Tribunal des pi\u00e8ces attestant sa prise en charge m\u00e9dicale.Ila fait preuve d\u2019un repentir sinc\u00e8re et a sollicit\u00e9 la cl\u00e9mence du Tribunal. Les infractions reproch\u00e9es \u00e0PERSONNE1.)sont \u00e9tablies tant en fait qu\u2019en droit par les \u00e9l\u00e9ments du dossier r\u00e9pressif et les aveux dupr\u00e9venu, de sorte qu\u2019il y a lieu de les retenir dans le chef de ce dernier. Le pr\u00e9venuPERSONNE1.)est partantconvaincupar les d\u00e9bats men\u00e9s \u00e0 l&#039;audience publique du4mars2024, ensemble les \u00e9l\u00e9ments du dossier r\u00e9pressif, le r\u00e9sultat de l\u2019expertise toxicologique et ses aveux circonstanci\u00e9s: \u00ab\u00e9tant conducteurd&#039;un v\u00e9hicule automoteur sur la voie publique, le 13 juin 2023, vers 17.16 heures \u00e0ADRESSE3.), 1) d&#039;avoir circul\u00e9, m\u00eame en l\u2019absence de signes manifestes d\u2019ivresse, avec un taux d&#039;alcool d&#039;au moins0,55 mg par litre d\u2019air expir\u00e9, en l\u2019esp\u00e8ce de 1,18 mgpar litre d\u2019air expir\u00e9; 2)d\u2019avoir circul\u00e9 alors que son organisme comportait la pr\u00e9sence de t\u00e9trahydrocannabinol (THC) dont le taux s\u00e9rique est sup\u00e9rieur ou \u00e9gal \u00e0 1 ng\/ml, en l\u2019esp\u00e8ce de3,79ng\/ml; 3)d\u00e9faut de conduire de fa\u00e7on \u00e0 rester constamment ma\u00eetre de son v\u00e9hicule.\u00bb Les infractions retenues sub 1) et 3) \u00e0 charge du pr\u00e9venu se trouvent en concours id\u00e9al entre elles. Ce groupe d\u2019infractions se trouve en concours r\u00e9el avec l\u2019infraction retenue sub 2), de sorte qu\u2019il y a lieu \u00e0 application des articles 60 et 65 du Code p\u00e9nal et de ne prononcer que la peine la plus forte. Les infractions retenues sub 1) et 2) \u00e0 charge dePERSONNE1.)sont punies d\u2019un emprisonnement de huit jours \u00e0 trois ans et d\u2019une amende de 500\u20ac\u00e0 10.000\u20acou d\u2019une de<\/p>\n<p>3 ces peines seulement, conform\u00e9ment \u00e0 l\u2019article 12 de la loi modifi\u00e9e du 14 f\u00e9vrier 1955 concernant la r\u00e9glementation de la circulation surtoutes les voies publiques. L\u2019article 13.1. de la loi modifi\u00e9e du 14 f\u00e9vrier 1955permet au juge saisi d\u2019une ou de plusieurs infractions \u00e0 la r\u00e9glementation de la circulation sur toutes les voies publiques ou de d\u00e9lits ou de crimes qui se sont joints \u00e0 ces infractions, de prononcer une interdiction de conduire de huit jours \u00e0 un an en mati\u00e8re de contraventions et de trois mois \u00e0 quinze ans en mati\u00e8re de d\u00e9lits ou de crimes. Aux termes de l\u2019article 13.1. alin\u00e9a 2 de la loi modifi\u00e9e du 14 f\u00e9vrier 1955\u00ab l&#039;interdiction de conduiresera toujours prononc\u00e9e en cas de condamnation du chef des d\u00e9lits vis\u00e9s au point 1 du paragraphe 2 de l\u2019article 12 et au point 1 du paragraphe 4bis de l\u2019article 12 ou en cas de la r\u00e9cidive pr\u00e9vue au point 5 du paragraphe 2 du m\u00eame article.\u00bb D\u2019apr\u00e8s le paragraphe 7 de l\u2019article 13 de la loi pr\u00e9cit\u00e9e, les r\u00e8gles de concours ne s\u2019appliquent pas aux interdictions de conduire, si bien qu\u2019en pr\u00e9sence d\u2019interdictions de conduire facultatives, le Tribunal doit appr\u00e9cier pour chaque infraction en concours s\u2019il estime que celle-ci encourt une interdiction de conduire et si oui, quelle sera sa dur\u00e9e. En circulant sur la voie publiqueen \u00e9tat d\u2019impr\u00e9gnation alcoolique et sous l\u2019influencede stup\u00e9fiants,le pr\u00e9venua gravement mis en danger tant sa propre s\u00e9curit\u00e9 que celle des autres usagers. Au vu de la gravit\u00e9 des infractions commises, tout en tenant \u00e9galement compte des aveux du pr\u00e9venu, de l\u2019absence d\u2019ant\u00e9c\u00e9dents judiciaires dans son chef et de son repentir sinc\u00e8re, le Tribunal condamnePERSONNE1.)\u00e0 une amende correctionnelle de500\u20ac, laquelle tient \u00e9galement compte de sa situation financi\u00e8re,et\u00e0: \u2022une interdiction de conduire de28moisdu chef de l\u2019infraction retenue sub 1) \u00e0 sa charge, \u2022uneinterdiction de conduire de12moisdu chef de l\u2019infraction retenue sub 2) \u00e0 sa charge. PERSONNE1.)demande \u00e0 voir les interdictions de conduire \u00e0 prononcer \u00e0 son encontre assorties du sursis. L\u2019article 628 alin\u00e9a 4 duCode de proc\u00e9dure p\u00e9nale permetau Tribunal qui prononce une interdiction de conduire, d\u2019ordonner qu\u2019il sera sursis \u00e0 l\u2019ex\u00e9cution de tout ou partie de cette peine accessoire, \u00e0 condition que le condamn\u00e9 n\u2019ait pas \u00e9t\u00e9, avant le fait motivant sa poursuite, l\u2019objet d\u2019une condamnation irr\u00e9vocable \u00e0 une peine d\u2019emprisonnement correctionnel du chef d\u2019infraction aux lois et r\u00e8glements r\u00e9gissant la circulation sur la voie publique ou \u00e0 une peine privative de libert\u00e9 pour infraction aux lois et r\u00e8glements concernant la vente de substances m\u00e9dicamenteuses et la lutte contre la toxicomanie. Lepr\u00e9venuPERSONNE1.)n&#039;a pas encore subi jusqu&#039;\u00e0 ce jour de condamnation excluant le sursis \u00e0 l&#039;ex\u00e9cution des peines. Face au taux d\u2019alcool particuli\u00e8rement \u00e9lev\u00e9, le Tribunal tient cependant \u00e0 relever qu\u2019imm\u00e9diatement apr\u00e8s les faits, lepr\u00e9venu a reconnu la n\u00e9cessit\u00e9 de sefaire soigner. Au vu de cette prise de conscience et du repentir sinc\u00e8re exprim\u00e9 par le pr\u00e9venu, le Tribunal d\u00e9cide de lui accorder la faveur dusursis int\u00e9gralquantaux interdictionsde conduire \u00e0 prononcer \u00e0 son encontre. P A R C E S M O T IF S le Tribunal d&#039;arrondissement de et \u00e0 Luxembourg,seizi\u00e8mechambre, compos\u00e9e de son vice-pr\u00e9sident, si\u00e9geant enmati\u00e8re correctionnelle, statuantcontradictoirement,le pr\u00e9venuPERSONNE1.)entendu ensesexplications etmoyensde d\u00e9fense,larepr\u00e9sentante<\/p>\n<p>4 duminist\u00e8re publicentendueen sonr\u00e9quisitoireet le mandataire du pr\u00e9venu entendu en ses moyens de d\u00e9fense, s e d \u00e9 c l a r e c o m p \u00e9 t e n tpour conna\u00eetre de lacontravention reproch\u00e9eaupr\u00e9venu PERSONNE1.); co n d a m n ele pr\u00e9venuPERSONNE1.)du chef des infractions retenues\u00e0 sa charge \u00e0 une amende decinqcents(500)\u20acainsi qu&#039;aux frais de sapoursuite p\u00e9nale, ces frais liquid\u00e9s \u00e0438,76\u20ac; f i x ela dur\u00e9e de la contrainte par corps en cas de non-paiement de l\u2019amende \u00e0cinq(5) jours; p r o n o n c econtrele pr\u00e9venuPERSONNE1.)du chef de l\u2019infraction retenue sub 1) \u00e0 sa charge pour la dur\u00e9e devingt-huit(28) moisl&#039;interdiction de conduire un v\u00e9hicule automoteur des cat\u00e9gories A-F sur la voie publique; p r o n o n c econtrele pr\u00e9venuPERSONNE1.)du chef de l\u2019infraction retenue sub 2) \u00e0 sa charge pour la dur\u00e9e dedouze(12) moisl&#039;interdiction de conduire un v\u00e9hicule automoteur des cat\u00e9gories A-F sur la voie publique; d i tqu&#039;il serasursis\u00e0 l&#039;ex\u00e9cution del\u2019int\u00e9gralit\u00e9de cesinterdictionsde conduire; a v e r t i tle pr\u00e9venuPERSONNE1.)qu\u2019au cas, o\u00f9 dans un d\u00e9lai de cinq ans\u00e0 dater du pr\u00e9sent jugement,ilaura commis une nouvelle infraction ayant entra\u00een\u00e9 une condamnation \u00e0 une interdiction de conduire d\u2019un v\u00e9hicule sur la voie publique ou \u00e0 une peine privative de libert\u00e9 pour crimes ou d\u00e9lits pr\u00e9vus par la l\u00e9gislation sur la circulation sur les voies publiques ou sur la vente de substances m\u00e9dicamenteuses et la lutte contre la toxicomanie, les interdictionsde conduire prononc\u00e9esci-devant serontex\u00e9cut\u00e9essans confusion possible avecla nouvelle peine et que les peines de la r\u00e9cidive seront encourues dans les termes de l\u2019article 56 al. 2 duCode p\u00e9nal. Par application des articles 14, 16, 28, 29, 30, 60,65et 66duCode p\u00e9nal; des articles1, 154,179, 182, 184,185,189, 190, 190-1, 194, 195, 196, 628 et 628-1 duCode de proc\u00e9dure p\u00e9nale; des articles 12, 13, 14 et 14 bis de la loi modifi\u00e9e du 14 f\u00e9vrier 1955 concernant la r\u00e9glementation de la circulation sur toutes les voies publiques;et des articles140 et 174 de l\u2019arr\u00eat\u00e9 grand-ducal du 23 novembre 1955 portant r\u00e8glement de la circulation sur toutes les voies publiques dont mention a \u00e9t\u00e9 faite. Ainsi fait, jug\u00e9 et prononc\u00e9 en l&#039;audience publique dudit Tribunal d&#039;arrondissement de et \u00e0 Luxembourg, date qu&#039;en t\u00eate, par Jessica SCHNEIDER, vice-pr\u00e9sident, assist\u00e9 deLaetitia SANTOS, greffi\u00e8re assum\u00e9e, en pr\u00e9sence deGilles BOILEAU,substitut du procureur d\u2019Etat, qui, \u00e0 l&#039;exception durepr\u00e9sentant duminist\u00e8republic, ont sign\u00e9 le pr\u00e9sent jugement.<\/p>\n<\/div>\n<hr class=\"kji-sep\" \/>\n<p class=\"kji-source-links\"><strong>Sources officielles :<\/strong> <a class=\"kji-source-link\" href=\"https:\/\/data.public.lu\/fr\/datasets\/tribunal-darrondissement-luxembourg-penal\/\" target=\"_blank\" rel=\"noopener noreferrer\">consulter la page source<\/a> &middot; <a class=\"kji-pdf-link\" href=\"https:\/\/download.data.public.lu\/resources\/tribunal-darrondissement-luxembourg-penal\/20241007-092031\/20240328-tal16-854-pseudonymise-accessible.pdf\" target=\"_blank\" rel=\"noopener noreferrer\">PDF officiel<\/a><\/p>\n<p class=\"kji-license-note\"><em>Licence CC BY-ND 4.0 (Administration judiciaire, data.public.lu). Republication autorisee avec attribution, sans modification editoriale du texte integral.<\/em><\/p>\n<\/div>\n","protected":false},"excerpt":{"rendered":"<p>Jugt no854\/2024 not.22092\/23\/CC 2 i.c.\/s AUDIENCE PUBLIQUE DU 28MARS2024 Le Tribunal d&#8217;arrondissement de et \u00e0 Luxembourg, seizi\u00e8me chambre, si\u00e9geant en mati\u00e8re correctionnelle, statuant en composition dejuge unique,a rendu le jugement qui suit: Dans la cause duminist\u00e8re publiccontre PERSONNE1.), n\u00e9 leDATE1.)\u00e0ADRESSE1.), demeurantL-ADRESSE2.), -p r \u00e9 v\u2026<\/p>\n","protected":false},"featured_media":0,"template":"","meta":{"_crdt_document":""},"kji_country":[8418],"kji_court":[23583],"kji_chamber":[25729],"kji_year":[8677],"kji_subject":[7632],"kji_keyword":[23584,7636],"kji_language":[7733],"class_list":["post-628099","kji_decision","type-kji_decision","status-publish","hentry","kji_country-luxembourg","kji_court-tribunal-darrondissement","kji_chamber-penal","kji_year-8677","kji_subject-penal","kji_keyword-arrondissement","kji_keyword-tribunal","kji_language-francais"],"yoast_head":"<!-- This site is optimized with the Yoast SEO Premium plugin v27.5 (Yoast SEO v27.5) - https:\/\/yoast.com\/product\/yoast-seo-premium-wordpress\/ -->\n<title>Tribunal d&#039;arrondissement, 28 mars 2024 - Ma\u00eetre Hassan Kohen, avocat en droit p\u00e9nal \u00e0 Paris<\/title>\n<meta name=\"robots\" content=\"index, follow, max-snippet:-1, max-image-preview:large, max-video-preview:-1\" \/>\n<link rel=\"canonical\" href=\"https:\/\/kohenavocats.com\/ru\/jurisprudences\/tribunal-darrondissement-28-mars-2024-4\/\" \/>\n<meta property=\"og:locale\" content=\"ru_RU\" \/>\n<meta property=\"og:type\" content=\"article\" \/>\n<meta property=\"og:title\" content=\"Tribunal d&#039;arrondissement, 28 mars 2024\" \/>\n<meta property=\"og:description\" content=\"Jugt no854\/2024 not.22092\/23\/CC 2 i.c.\/s AUDIENCE PUBLIQUE DU 28MARS2024 Le Tribunal d&#039;arrondissement de et \u00e0 Luxembourg, seizi\u00e8me chambre, si\u00e9geant en mati\u00e8re correctionnelle, statuant en composition dejuge unique,a rendu le jugement qui suit: Dans la cause duminist\u00e8re publiccontre PERSONNE1.), n\u00e9 leDATE1.)\u00e0ADRESSE1.), demeurantL-ADRESSE2.), -p r \u00e9 v\u2026\" \/>\n<meta property=\"og:url\" content=\"https:\/\/kohenavocats.com\/ru\/jurisprudences\/tribunal-darrondissement-28-mars-2024-4\/\" \/>\n<meta property=\"og:site_name\" content=\"Ma\u00eetre Hassan Kohen, avocat en droit p\u00e9nal \u00e0 Paris\" \/>\n<meta property=\"article:modified_time\" content=\"2026-04-20T21:13:10+00:00\" \/>\n<meta name=\"twitter:card\" content=\"summary_large_image\" \/>\n<meta name=\"twitter:label1\" content=\"\u041f\u0440\u0438\u043c\u0435\u0440\u043d\u043e\u0435 \u0432\u0440\u0435\u043c\u044f \u0434\u043b\u044f \u0447\u0442\u0435\u043d\u0438\u044f\" \/>\n\t<meta name=\"twitter:data1\" content=\"9 \u043c\u0438\u043d\u0443\u0442\" \/>\n<script type=\"application\/ld+json\" class=\"yoast-schema-graph\">{\"@context\":\"https:\\\/\\\/schema.org\",\"@graph\":[{\"@type\":\"WebPage\",\"@id\":\"https:\\\/\\\/kohenavocats.com\\\/ru\\\/jurisprudences\\\/tribunal-darrondissement-28-mars-2024-4\\\/\",\"url\":\"https:\\\/\\\/kohenavocats.com\\\/ru\\\/jurisprudences\\\/tribunal-darrondissement-28-mars-2024-4\\\/\",\"name\":\"Tribunal d'arrondissement, 28 mars 2024 - Ma\u00eetre Hassan Kohen, avocat en droit p\u00e9nal \u00e0 Paris\",\"isPartOf\":{\"@id\":\"https:\\\/\\\/kohenavocats.com\\\/ru\\\/#website\"},\"datePublished\":\"2026-04-20T21:13:06+00:00\",\"dateModified\":\"2026-04-20T21:13:10+00:00\",\"breadcrumb\":{\"@id\":\"https:\\\/\\\/kohenavocats.com\\\/ru\\\/jurisprudences\\\/tribunal-darrondissement-28-mars-2024-4\\\/#breadcrumb\"},\"inLanguage\":\"ru-RU\",\"potentialAction\":[{\"@type\":\"ReadAction\",\"target\":[\"https:\\\/\\\/kohenavocats.com\\\/ru\\\/jurisprudences\\\/tribunal-darrondissement-28-mars-2024-4\\\/\"]}]},{\"@type\":\"BreadcrumbList\",\"@id\":\"https:\\\/\\\/kohenavocats.com\\\/ru\\\/jurisprudences\\\/tribunal-darrondissement-28-mars-2024-4\\\/#breadcrumb\",\"itemListElement\":[{\"@type\":\"ListItem\",\"position\":1,\"name\":\"Home\",\"item\":\"https:\\\/\\\/kohenavocats.com\\\/ru\\\/avocats-en-droit-penal-a-paris-conseil-et-defense-strategique\\\/\"},{\"@type\":\"ListItem\",\"position\":2,\"name\":\"Jurisprudences\",\"item\":\"https:\\\/\\\/kohenavocats.com\\\/ru\\\/jurisprudences\\\/\"},{\"@type\":\"ListItem\",\"position\":3,\"name\":\"Tribunal d&rsquo;arrondissement, 28 mars 2024\"}]},{\"@type\":\"WebSite\",\"@id\":\"https:\\\/\\\/kohenavocats.com\\\/ru\\\/#website\",\"url\":\"https:\\\/\\\/kohenavocats.com\\\/ru\\\/\",\"name\":\"Kohen Avocats\",\"description\":\"Ma\u00eetre Hassan Kohen, avocat p\u00e9naliste \u00e0 Paris, intervient exclusivement en droit p\u00e9nal pour la d\u00e9fense des particuliers, notamment en mati\u00e8re d\u2019accusations de viol. Il assure un accompagnement rigoureux d\u00e8s la garde \u00e0 vue jusqu\u2019\u00e0 la Cour d\u2019assises, veillant au strict respect des garanties proc\u00e9durales.\",\"publisher\":{\"@id\":\"https:\\\/\\\/kohenavocats.com\\\/ru\\\/#organization\"},\"potentialAction\":[{\"@type\":\"SearchAction\",\"target\":{\"@type\":\"EntryPoint\",\"urlTemplate\":\"https:\\\/\\\/kohenavocats.com\\\/ru\\\/?s={search_term_string}\"},\"query-input\":{\"@type\":\"PropertyValueSpecification\",\"valueRequired\":true,\"valueName\":\"search_term_string\"}}],\"inLanguage\":\"ru-RU\"},{\"@type\":\"Organization\",\"@id\":\"https:\\\/\\\/kohenavocats.com\\\/ru\\\/#organization\",\"name\":\"Kohen Avocats\",\"url\":\"https:\\\/\\\/kohenavocats.com\\\/ru\\\/\",\"logo\":{\"@type\":\"ImageObject\",\"inLanguage\":\"ru-RU\",\"@id\":\"https:\\\/\\\/kohenavocats.com\\\/ru\\\/#\\\/schema\\\/logo\\\/image\\\/\",\"url\":\"https:\\\/\\\/kohenavocats.com\\\/wp-content\\\/uploads\\\/2026\\\/01\\\/Logo-2-1.webp\",\"contentUrl\":\"https:\\\/\\\/kohenavocats.com\\\/wp-content\\\/uploads\\\/2026\\\/01\\\/Logo-2-1.webp\",\"width\":2114,\"height\":1253,\"caption\":\"Kohen Avocats\"},\"image\":{\"@id\":\"https:\\\/\\\/kohenavocats.com\\\/ru\\\/#\\\/schema\\\/logo\\\/image\\\/\"}}]}<\/script>\n<!-- \/ Yoast SEO Premium plugin. -->","yoast_head_json":{"title":"Tribunal d'arrondissement, 28 mars 2024 - Ma\u00eetre Hassan Kohen, avocat en droit p\u00e9nal \u00e0 Paris","robots":{"index":"index","follow":"follow","max-snippet":"max-snippet:-1","max-image-preview":"max-image-preview:large","max-video-preview":"max-video-preview:-1"},"canonical":"https:\/\/kohenavocats.com\/ru\/jurisprudences\/tribunal-darrondissement-28-mars-2024-4\/","og_locale":"ru_RU","og_type":"article","og_title":"Tribunal d'arrondissement, 28 mars 2024","og_description":"Jugt no854\/2024 not.22092\/23\/CC 2 i.c.\/s AUDIENCE PUBLIQUE DU 28MARS2024 Le Tribunal d'arrondissement de et \u00e0 Luxembourg, seizi\u00e8me chambre, si\u00e9geant en mati\u00e8re correctionnelle, statuant en composition dejuge unique,a rendu le jugement qui suit: Dans la cause duminist\u00e8re publiccontre PERSONNE1.), n\u00e9 leDATE1.)\u00e0ADRESSE1.), demeurantL-ADRESSE2.), -p r \u00e9 v\u2026","og_url":"https:\/\/kohenavocats.com\/ru\/jurisprudences\/tribunal-darrondissement-28-mars-2024-4\/","og_site_name":"Ma\u00eetre Hassan Kohen, avocat en droit p\u00e9nal \u00e0 Paris","article_modified_time":"2026-04-20T21:13:10+00:00","twitter_card":"summary_large_image","twitter_misc":{"\u041f\u0440\u0438\u043c\u0435\u0440\u043d\u043e\u0435 \u0432\u0440\u0435\u043c\u044f \u0434\u043b\u044f \u0447\u0442\u0435\u043d\u0438\u044f":"9 \u043c\u0438\u043d\u0443\u0442"},"schema":{"@context":"https:\/\/schema.org","@graph":[{"@type":"WebPage","@id":"https:\/\/kohenavocats.com\/ru\/jurisprudences\/tribunal-darrondissement-28-mars-2024-4\/","url":"https:\/\/kohenavocats.com\/ru\/jurisprudences\/tribunal-darrondissement-28-mars-2024-4\/","name":"Tribunal d'arrondissement, 28 mars 2024 - Ma\u00eetre Hassan Kohen, avocat en droit p\u00e9nal \u00e0 Paris","isPartOf":{"@id":"https:\/\/kohenavocats.com\/ru\/#website"},"datePublished":"2026-04-20T21:13:06+00:00","dateModified":"2026-04-20T21:13:10+00:00","breadcrumb":{"@id":"https:\/\/kohenavocats.com\/ru\/jurisprudences\/tribunal-darrondissement-28-mars-2024-4\/#breadcrumb"},"inLanguage":"ru-RU","potentialAction":[{"@type":"ReadAction","target":["https:\/\/kohenavocats.com\/ru\/jurisprudences\/tribunal-darrondissement-28-mars-2024-4\/"]}]},{"@type":"BreadcrumbList","@id":"https:\/\/kohenavocats.com\/ru\/jurisprudences\/tribunal-darrondissement-28-mars-2024-4\/#breadcrumb","itemListElement":[{"@type":"ListItem","position":1,"name":"Home","item":"https:\/\/kohenavocats.com\/ru\/avocats-en-droit-penal-a-paris-conseil-et-defense-strategique\/"},{"@type":"ListItem","position":2,"name":"Jurisprudences","item":"https:\/\/kohenavocats.com\/ru\/jurisprudences\/"},{"@type":"ListItem","position":3,"name":"Tribunal d&rsquo;arrondissement, 28 mars 2024"}]},{"@type":"WebSite","@id":"https:\/\/kohenavocats.com\/ru\/#website","url":"https:\/\/kohenavocats.com\/ru\/","name":"Kohen Avocats","description":"Ma\u00eetre Hassan Kohen, avocat p\u00e9naliste \u00e0 Paris, intervient exclusivement en droit p\u00e9nal pour la d\u00e9fense des particuliers, notamment en mati\u00e8re d\u2019accusations de viol. Il assure un accompagnement rigoureux d\u00e8s la garde \u00e0 vue jusqu\u2019\u00e0 la Cour d\u2019assises, veillant au strict respect des garanties proc\u00e9durales.","publisher":{"@id":"https:\/\/kohenavocats.com\/ru\/#organization"},"potentialAction":[{"@type":"SearchAction","target":{"@type":"EntryPoint","urlTemplate":"https:\/\/kohenavocats.com\/ru\/?s={search_term_string}"},"query-input":{"@type":"PropertyValueSpecification","valueRequired":true,"valueName":"search_term_string"}}],"inLanguage":"ru-RU"},{"@type":"Organization","@id":"https:\/\/kohenavocats.com\/ru\/#organization","name":"Kohen Avocats","url":"https:\/\/kohenavocats.com\/ru\/","logo":{"@type":"ImageObject","inLanguage":"ru-RU","@id":"https:\/\/kohenavocats.com\/ru\/#\/schema\/logo\/image\/","url":"https:\/\/kohenavocats.com\/wp-content\/uploads\/2026\/01\/Logo-2-1.webp","contentUrl":"https:\/\/kohenavocats.com\/wp-content\/uploads\/2026\/01\/Logo-2-1.webp","width":2114,"height":1253,"caption":"Kohen Avocats"},"image":{"@id":"https:\/\/kohenavocats.com\/ru\/#\/schema\/logo\/image\/"}}]}},"jetpack_likes_enabled":false,"jetpack_sharing_enabled":true,"_links":{"self":[{"href":"https:\/\/kohenavocats.com\/ru\/wp-json\/wp\/v2\/kji_decision\/628099","targetHints":{"allow":["GET"]}}],"collection":[{"href":"https:\/\/kohenavocats.com\/ru\/wp-json\/wp\/v2\/kji_decision"}],"about":[{"href":"https:\/\/kohenavocats.com\/ru\/wp-json\/wp\/v2\/types\/kji_decision"}],"wp:attachment":[{"href":"https:\/\/kohenavocats.com\/ru\/wp-json\/wp\/v2\/media?parent=628099"}],"wp:term":[{"taxonomy":"kji_country","embeddable":true,"href":"https:\/\/kohenavocats.com\/ru\/wp-json\/wp\/v2\/kji_country?post=628099"},{"taxonomy":"kji_court","embeddable":true,"href":"https:\/\/kohenavocats.com\/ru\/wp-json\/wp\/v2\/kji_court?post=628099"},{"taxonomy":"kji_chamber","embeddable":true,"href":"https:\/\/kohenavocats.com\/ru\/wp-json\/wp\/v2\/kji_chamber?post=628099"},{"taxonomy":"kji_year","embeddable":true,"href":"https:\/\/kohenavocats.com\/ru\/wp-json\/wp\/v2\/kji_year?post=628099"},{"taxonomy":"kji_subject","embeddable":true,"href":"https:\/\/kohenavocats.com\/ru\/wp-json\/wp\/v2\/kji_subject?post=628099"},{"taxonomy":"kji_keyword","embeddable":true,"href":"https:\/\/kohenavocats.com\/ru\/wp-json\/wp\/v2\/kji_keyword?post=628099"},{"taxonomy":"kji_language","embeddable":true,"href":"https:\/\/kohenavocats.com\/ru\/wp-json\/wp\/v2\/kji_language?post=628099"}],"curies":[{"name":"wp","href":"https:\/\/api.w.org\/{rel}","templated":true}]}}