{"id":628230,"date":"2026-04-20T23:16:42","date_gmt":"2026-04-20T21:16:42","guid":{"rendered":"https:\/\/kohenavocats.com\/jurisprudences\/tribunal-darrondissement-5-juin-2024-2\/"},"modified":"2026-04-20T23:16:46","modified_gmt":"2026-04-20T21:16:46","slug":"tribunal-darrondissement-5-juin-2024-2","status":"publish","type":"kji_decision","link":"https:\/\/kohenavocats.com\/ru\/jurisprudences\/tribunal-darrondissement-5-juin-2024-2\/","title":{"rendered":"Tribunal d&#8217;arrondissement, 5 juin 2024"},"content":{"rendered":"<div class=\"kji-decision\">\n<div class=\"kji-full-text\">\n<p>Jugementn\u00b01262\/2024 not.5071\/24\/CD (amende) AUDIENCE PUBLIQUE DU 5 JUIN 2024 Le Tribunal d\u2019arrondissement de et \u00e0 Luxembourg, dix-huiti\u00e8me chambre, si\u00e9geant en mati\u00e8re correctionnelle, a rendu le jugement qui suit: Dansla cause du Minist\u00e8re Public contre PERSONNE1.) n\u00e9 leDATE1.)\u00e0ADRESSE1.)(France), demeurant \u00e0L-ADRESSE2.), comparant en personne, assist\u00e9 de Ma\u00eetreGeoffrey PARIS, demeurant \u00e0 Luxembourg, pr\u00e9venu Par citation du6 mai 2024,le Procureur d\u2019\u00c9tat pr\u00e8s le Tribunal d\u2019arrondissement de et \u00e0 Luxembourg a requis lepr\u00e9venu de compara\u00eetre \u00e0 l\u2019audience publique du29 mai 2024devant le Tribunal correctionnel de ce si\u00e8ge pour y entendre statuer sur les pr\u00e9ventions suivantes : infractions\u00e0l\u2019article 1500-2de la loi modifi\u00e9e du 10 ao\u00fbt 1915 sur les soci\u00e9t\u00e9s commerciales. \u00c0cette audience,MadameleVice-Pr\u00e9sident constata l\u2019identit\u00e9 du pr\u00e9venu, luidonna connaissance del\u2019acte qui a saisi le Tribunal et l\u2019informa desondroit de garder le silence et de ne pas s\u2019incriminer soi-m\u00eame. Le pr\u00e9venuPERSONNE1.)fut entendu en ses explications.<\/p>\n<p>2 La repr\u00e9sentante du Minist\u00e8re Public,Julie SIMON, Substitut du Procureur d\u2019\u00c9tat, r\u00e9suma l\u2019affaire et fut entendue en sesr\u00e9quisitions. Ma\u00eetre Geoffrey PARIS,Avocat \u00e0 la Cour,demeurant \u00e0 Luxembourg, exposa les moyens de d\u00e9fense du pr\u00e9venuPERSONNE1.). Le pr\u00e9venu eut la parole en dernier. Le Tribunal prit l\u2019affaire en d\u00e9lib\u00e9r\u00e9 et rendit \u00e0 l\u2019audience publique de ce jour, date \u00e0 laquelle le prononc\u00e9 avait \u00e9t\u00e9 fix\u00e9, le JUGEMENT QUISUIT: Vu le dossier r\u00e9pressif constitu\u00e9 par le Minist\u00e8re Public sous la notice5071\/24\/CDet notamment les proc\u00e8s-verbaux et rapports dress\u00e9s en cause par la Police grand-ducale. Vu la citation \u00e0 pr\u00e9venu du6 mai 2024,r\u00e9guli\u00e8rement notifi\u00e9e \u00e0PERSONNE1.). Le Minist\u00e8re Public reproche \u00e0PERSONNE1.): \u00ab1. d\u00e9fautde publication de de bilans de la soci\u00e9t\u00e9SOCIETE1.)S.A., comme auteur ayant lui-m\u00eame commis l&#039;infraction en sa qualit\u00e9 de dirigeant de droit de la soci\u00e9t\u00e9SOCIETE1.)S.A., \u00e9tablie et ayant si\u00e8ge social d\u00e9clar\u00e9 \u00e0 L-ADRESSE3.), inscrite au RCS de Luxembourg sous le num\u00e9roNUMERO1.), depuis le 01.08.2019, respectivement le 01.11.2020, respectivement le 01.08.2021, respectivement le 01.08.2022, respectivement le 01.08.2023 au Registre de Commerce et des Soci\u00e9t\u00e9s \u00e0 Luxembourg, sans pr\u00e9judice quant aux circonstances de temps et de lieu plus exactes, en infraction \u00e0 l&#039;article 1500-2 de la loi modifi\u00e9e du 10 ao\u00fbt 1915 sur les soci\u00e9t\u00e9s commerciales de ne pas avoir publi\u00e9 dans le d\u00e9lai l\u00e9gal l&#039;inventaire, le bilans et les comptes de profits et pertes se cl\u00f4turant respectivement au 31.12.2018, 31.12.2019, 31.12.2020, 31.12.2021 et 31.12.2022 relatifs \u00e0 la soci\u00e9t\u00e9SOCIETE1.)S.A., 2.d\u00e9faut de publication de bilans de la soci\u00e9t\u00e9SOCIETE2.)SARL, commeauteur ayant lui-m\u00eame commis l&#039;infraction en sa qualit\u00e9 de dirigeant de droit de la soci\u00e9t\u00e9SOCIETE2.)S.A.R.L., \u00e9tablie et ayant si\u00e8ge social d\u00e9clar\u00e9\u00e0L-ADRESSE4.), inscrite au RCS de Luxembourg sous le num\u00e9roNUMERO2.), depuis le 01.08.2019, respectivement le 01.11.2020, respectivement le 01.08.2021, respectivement le 01.08.2022, respectivement le 01.08.2023 au Registre de Commerce et des Soci\u00e9t\u00e9s \u00e0 Luxembourg, sans pr\u00e9judice quant aux circonstances de temps et de lieu plus exactes,<\/p>\n<p>3 eninfraction \u00e0 l&#039;article 1500-2 de la loi modifi\u00e9e du 10 ao\u00fbt 1915 sur les soci\u00e9t\u00e9s commerciales de ne pas avoir publi\u00e9 dans le d\u00e9lai l\u00e9gal l&#039;inventaire, le bilans et les comptes de profits et pertes se cl\u00f4turant respectivement au 31.12.2018, 31.12.2019, 31.12.2020, 31.12.2021 et 31.12.2022 relatifs \u00e0 la soci\u00e9t\u00e9SOCIETE2.)S.A.R.L., 3.d\u00e9faut de publication de bilans de la soci\u00e9t\u00e9SOCIETE3.)S.A., comme auteur ayant lui-m\u00eame commis l&#039;infraction en sa qualit\u00e9 de dirigeant de droit de la soci\u00e9t\u00e9SOCIETE3.)S.A., \u00e9tablie et ayant si\u00e8ge social d\u00e9clar\u00e9 \u00e0 L-ADRESSE3.), inscrite au RCS de Luxembourg sous le num\u00e9roNUMERO3.), depuis le 01.07.2019, respectivement le 01.11.2020, respectivement le 01.08.2021, respectivement le 01.08.2022, respectivement le 01.08.2023au Registre de Commerce et des Soci\u00e9t\u00e9s \u00e0 Luxembourg, sans pr\u00e9judice quant aux circonstances de temps et de lieu plus exactes, en infraction \u00e0 l&#039;article 1500-2 de la loi modifi\u00e9e du 10 ao\u00fbt 1915 sur les soci\u00e9t\u00e9s commerciales de ne pas avoir publi\u00e9 dans le d\u00e9lai l\u00e9gal l&#039;inventaire, le bilans et les comptes de profits et pertes se cl\u00f4turant respectivement au 30.11.2018, 31.12.2019, 31.12.2020, 31.12.2021 et 31.12.2022 relatifs \u00e0 la soci\u00e9t\u00e9SOCIETE3.)S.A.\u00bb. \u00c0 l\u2019audience publique du 29 mai 2024, le pr\u00e9venu a reconnu l\u2019int\u00e9gralit\u00e9 des faits mis \u00e0 sa charge et a exprim\u00e9 son repentir. Les infractions libell\u00e9es \u00e0 l\u2019encontre du pr\u00e9venuPERSONNE1.)sont encore \u00e9tablies tant en fait qu\u2019en droit au vu de l\u2019ensemble des \u00e9l\u00e9ments du dossier r\u00e9pressif et notamment des constatations des agents verbalisant, sauf \u00e0 pr\u00e9ciser que lepremier d\u00e9faut de publication vis\u00e9 sub 3. a \u00e9t\u00e9 commis le1 er ao\u00fbt 2019 et non pasle1 er juillet 2019, tel qu\u2019erron\u00e9ment libell\u00e9e par le Minist\u00e8re Public. Au vu des d\u00e9veloppements qui pr\u00e9c\u00e8dent,PERSONNE1.)estconvaincuparles \u00e9l\u00e9ments du dossier r\u00e9pressif et les d\u00e9bats men\u00e9s \u00e0 l\u2019audience: \u00ab 1. d\u00e9fautde publication de de bilans de la soci\u00e9t\u00e9SOCIETE1.)S.A., comme auteur ayant lui-m\u00eame commis l&#039;infraction en sa qualit\u00e9 de dirigeant de droit de la soci\u00e9t\u00e9SOCIETE1.)S.A., \u00e9tablie et ayant si\u00e8ge social d\u00e9clar\u00e9 \u00e0ADRESSE3.), inscrite au RCS de Luxembourg sous le num\u00e9roNUMERO1.), le1 er ao\u00fbt2019, respectivement le1 er novembre2020, respectivement le1 er ao\u00fbt2021, respectivement le1 er ao\u00fbt2022, respectivement le1 er ao\u00fbt2023 au Registre de Commerce et des Soci\u00e9t\u00e9s \u00e0 Luxembourg, en infraction \u00e0 l&#039;article 1500-2 de la loi modifi\u00e9e du 10 ao\u00fbt 1915 sur les soci\u00e9t\u00e9s commerciales de ne pas avoir publi\u00e9 dans le d\u00e9lai l\u00e9gal l&#039;inventaire, le bilans et les comptes de profits et pertes se cl\u00f4turant respectivement au31 d\u00e9cembre2018, 31<\/p>\n<p>4 d\u00e9cembre2019, 31d\u00e9cembre2020, 31d\u00e9cembre2021 et 31d\u00e9cembre2022 relatifs \u00e0 la soci\u00e9t\u00e9SOCIETE1.)S.A., 2. d\u00e9faut de publication de bilans de la soci\u00e9t\u00e9SOCIETE2.)SARL, commeauteur ayant lui-m\u00eame commis l&#039;infraction en sa qualit\u00e9 de dirigeant de droit de la soci\u00e9t\u00e9SOCIETE2.)S.A.R.L., \u00e9tablie et ayant si\u00e8ge social d\u00e9clar\u00e9 \u00e0 L-ADRESSE4.), inscrite au RCS de Luxembourg sous le num\u00e9roNUMERO2.), le1 er ao\u00fbt2019, respectivement le1 er novembre2020, respectivement le1 er ao\u00fbt2021, respectivement le1 er ao\u00fbt2022, respectivement le1 er ao\u00fbt2023 au Registre de Commerce et des Soci\u00e9t\u00e9s \u00e0 Luxembourg, en infraction \u00e0 l&#039;article 1500-2 de la loi modifi\u00e9e du 10 ao\u00fbt 1915 sur les soci\u00e9t\u00e9s commerciales de ne pas avoir publi\u00e9 dans le d\u00e9lai l\u00e9gal l&#039;inventaire, le bilans et les comptes de profits et pertes se cl\u00f4turant respectivement au31 d\u00e9cembre2018, 31 d\u00e9cembre2019, 31d\u00e9cembre2020, 31d\u00e9cembre2021 et 31d\u00e9cembre2022relatifs\u00e0la soci\u00e9t\u00e9SOCIETE2.)S.A.R.L., 3. d\u00e9faut de de publication de bilans de la soci\u00e9t\u00e9SOCIETE3.)S.A., comme auteur ayant lui-m\u00eame commis l&#039;infraction en sa qualit\u00e9 de dirigeant de droit de la soci\u00e9t\u00e9SOCIETE3.)S.A., \u00e9tablie et ayant si\u00e8ge social d\u00e9clar\u00e9\u00e0 L-ADRESSE3.), inscrite au RCS de Luxembourg sous le num\u00e9roNUMERO3.), le1 er ao\u00fbt2019, respectivement le1 er novembre2020, respectivement le1 er ao\u00fbt2021, respectivement le1 er ao\u00fbt2022, respectivement le1 er ao\u00fbt2023 au Registre de Commerce et des Soci\u00e9t\u00e9s \u00e0 Luxembourg, en infraction \u00e0 l&#039;article 1500-2 de la loi modifi\u00e9e du 10 ao\u00fbt 1915 sur les soci\u00e9t\u00e9s commerciales de ne pas avoir publi\u00e9 dans le d\u00e9lai l\u00e9gal l&#039;inventaire, le bilans et les comptes de profits et pertes se cl\u00f4turant respectivement au31 d\u00e9cembre2018, 31 d\u00e9cembre2019, 31d\u00e9cembre2020, 31d\u00e9cembre2021 et 31d\u00e9cembre2022relatifs \u00e0 la soci\u00e9t\u00e9SOCIETE3.)S.A. \u00bb. Quant \u00e0 la peine Lesinfractions retenues \u00e0 charge du pr\u00e9venuPERSONNE1.)se trouvent en concours r\u00e9el. En application de l\u2019article 60 du Code p\u00e9nal, la peine la plus forte sera d\u00e8s lors seule prononc\u00e9e, cette peine pouvant m\u00eame \u00eatre \u00e9lev\u00e9e au double du maximum, sans toutefois pouvoir exc\u00e9der la somme des peines pr\u00e9vues pour les diff\u00e9rents d\u00e9lits. L\u2019omission de soumettre et de publier le bilan est punie, en application des articles 1500-1 et 1500-2 de la loi du 10 ao\u00fbt 1915 sur les soci\u00e9t\u00e9s commerciales, d\u2019une amende de 500 euros \u00e0 25.000 euros.<\/p>\n<p>5 Dans l&#039;appr\u00e9ciation de la peine, le Tribunal prend en l&#039;esp\u00e8ce en consid\u00e9ration la gravit\u00e9et la multiplicit\u00e9 desinfractions, mais aussi l\u2019absence d\u2019ant\u00e9c\u00e9dents judiciairessp\u00e9cifiquesdans le chef du pr\u00e9venu. Il y a lieude condamner le pr\u00e9venuPERSONNE1.)\u00e0 uneamendede2.500 euros, qui tient compte de sa situation financi\u00e8re. PAR CES MOTIFS : leTribunal d\u2019arrondissement de et \u00e0 Luxembourg, dix-huiti\u00e8me chambre, si\u00e9geant en mati\u00e8re correctionnelle, statuantcontradictoirement,le pr\u00e9venuPERSONNE1.)entendu en ses explications, la repr\u00e9sentante du Minist\u00e8re Public entendue en sesr\u00e9quisitions, le mandataire du pr\u00e9venu entendu en ses moyens de d\u00e9fense, condamne PERSONNE1.)du chef des infractions retenues \u00e0 sa charge \u00e0 une amende correctionnelle dedeuxmillecinq cent(2.500) euros, fixe la dur\u00e9e de la contrainte par corps en cas de non-paiement de l&#039;amende \u00e0vingt-cinq (25) jours, condamne PERSONNE1.)aux frais de sa poursuite p\u00e9nale, cesfrais liquid\u00e9s \u00e0 16,52euros, Le tout enapplication des articles 14,16, 27, 28, 29, 30, 60et66 du Code p\u00e9nal, des articles 179, 182, 184, 185,189,190,191,190-1, 194,195, 196 du Code de proc\u00e9dure p\u00e9naleetdes articles 1500-1 et 1500-2 de la loi du 10 ao\u00fbt 1915 sur les soci\u00e9t\u00e9s commerciales, dont mention a \u00e9t\u00e9 faite. Ainsi fait et jug\u00e9 par Jessica JUNG, Vice-Pr\u00e9sident, Julien GROSS, Premier Juge, et Paul MINDEN, Premier Juge, et prononc\u00e9 en audience publique du 5 juin 2024 au Tribunal d\u2019arrondissement de Luxembourg, assist\u00e9 deKim VOLKMANN, Greffi\u00e8re, en pr\u00e9sence de Laurent SECK, Substitut Principal du Procureur d\u2019\u00c9tat, qui, \u00e0 l\u2019exception du repr\u00e9sentant du Minist\u00e8re Public, ont sign\u00e9 le pr\u00e9sent jugement.<\/p>\n<\/div>\n<hr class=\"kji-sep\" \/>\n<p class=\"kji-source-links\"><strong>Sources officielles :<\/strong> <a class=\"kji-source-link\" href=\"https:\/\/data.public.lu\/fr\/datasets\/tribunal-darrondissement-luxembourg-penal\/\" target=\"_blank\" rel=\"noopener noreferrer\">consulter la page source<\/a> &middot; <a class=\"kji-pdf-link\" href=\"https:\/\/download.data.public.lu\/resources\/tribunal-darrondissement-luxembourg-penal\/20240828-030656\/20240605-tal18-1262-pseudonymise-accessible.pdf\" target=\"_blank\" rel=\"noopener noreferrer\">PDF officiel<\/a><\/p>\n<p class=\"kji-license-note\"><em>Licence CC BY-ND 4.0 (Administration judiciaire, data.public.lu). Republication autorisee avec attribution, sans modification editoriale du texte integral.<\/em><\/p>\n<\/div>\n","protected":false},"excerpt":{"rendered":"<p>Jugementn\u00b01262\/2024 not.5071\/24\/CD (amende) AUDIENCE PUBLIQUE DU 5 JUIN 2024 Le Tribunal d\u2019arrondissement de et \u00e0 Luxembourg, dix-huiti\u00e8me chambre, si\u00e9geant en mati\u00e8re correctionnelle, a rendu le jugement qui suit: Dansla cause du Minist\u00e8re Public contre PERSONNE1.) n\u00e9 leDATE1.)\u00e0ADRESSE1.)(France), demeurant \u00e0L-ADRESSE2.), comparant en personne, assist\u00e9 de Ma\u00eetreGeoffrey\u2026<\/p>\n","protected":false},"featured_media":0,"template":"","meta":{"_crdt_document":""},"kji_country":[8418],"kji_court":[23583],"kji_chamber":[25729],"kji_year":[8677],"kji_subject":[7632],"kji_keyword":[23584,25730,7636],"kji_language":[7733],"class_list":["post-628230","kji_decision","type-kji_decision","status-publish","hentry","kji_country-luxembourg","kji_court-tribunal-darrondissement","kji_chamber-penal","kji_year-8677","kji_subject-penal","kji_keyword-arrondissement","kji_keyword-jugementn","kji_keyword-tribunal","kji_language-francais"],"yoast_head":"<!-- This site is optimized with the Yoast SEO Premium plugin v27.5 (Yoast SEO v27.5) - https:\/\/yoast.com\/product\/yoast-seo-premium-wordpress\/ -->\n<title>Tribunal d&#039;arrondissement, 5 juin 2024 - Ma\u00eetre Hassan Kohen, avocat en droit p\u00e9nal \u00e0 Paris<\/title>\n<meta name=\"robots\" content=\"index, follow, max-snippet:-1, max-image-preview:large, max-video-preview:-1\" \/>\n<link rel=\"canonical\" href=\"https:\/\/kohenavocats.com\/ru\/jurisprudences\/tribunal-darrondissement-5-juin-2024-2\/\" \/>\n<meta property=\"og:locale\" content=\"ru_RU\" \/>\n<meta property=\"og:type\" content=\"article\" \/>\n<meta property=\"og:title\" content=\"Tribunal d&#039;arrondissement, 5 juin 2024\" \/>\n<meta property=\"og:description\" content=\"Jugementn\u00b01262\/2024 not.5071\/24\/CD (amende) AUDIENCE PUBLIQUE DU 5 JUIN 2024 Le Tribunal d\u2019arrondissement de et \u00e0 Luxembourg, dix-huiti\u00e8me chambre, si\u00e9geant en mati\u00e8re correctionnelle, a rendu le jugement qui suit: Dansla cause du Minist\u00e8re Public contre PERSONNE1.) n\u00e9 leDATE1.)\u00e0ADRESSE1.)(France), demeurant \u00e0L-ADRESSE2.), comparant en personne, assist\u00e9 de Ma\u00eetreGeoffrey\u2026\" \/>\n<meta property=\"og:url\" content=\"https:\/\/kohenavocats.com\/ru\/jurisprudences\/tribunal-darrondissement-5-juin-2024-2\/\" \/>\n<meta property=\"og:site_name\" content=\"Ma\u00eetre Hassan Kohen, avocat en droit p\u00e9nal \u00e0 Paris\" \/>\n<meta property=\"article:modified_time\" content=\"2026-04-20T21:16:46+00:00\" \/>\n<meta name=\"twitter:card\" content=\"summary_large_image\" \/>\n<meta name=\"twitter:label1\" content=\"\u041f\u0440\u0438\u043c\u0435\u0440\u043d\u043e\u0435 \u0432\u0440\u0435\u043c\u044f \u0434\u043b\u044f \u0447\u0442\u0435\u043d\u0438\u044f\" \/>\n\t<meta name=\"twitter:data1\" content=\"8 \u043c\u0438\u043d\u0443\u0442\" \/>\n<script type=\"application\/ld+json\" class=\"yoast-schema-graph\">{\"@context\":\"https:\\\/\\\/schema.org\",\"@graph\":[{\"@type\":\"WebPage\",\"@id\":\"https:\\\/\\\/kohenavocats.com\\\/ru\\\/jurisprudences\\\/tribunal-darrondissement-5-juin-2024-2\\\/\",\"url\":\"https:\\\/\\\/kohenavocats.com\\\/ru\\\/jurisprudences\\\/tribunal-darrondissement-5-juin-2024-2\\\/\",\"name\":\"Tribunal d'arrondissement, 5 juin 2024 - Ma\u00eetre Hassan Kohen, avocat en droit p\u00e9nal \u00e0 Paris\",\"isPartOf\":{\"@id\":\"https:\\\/\\\/kohenavocats.com\\\/ru\\\/#website\"},\"datePublished\":\"2026-04-20T21:16:42+00:00\",\"dateModified\":\"2026-04-20T21:16:46+00:00\",\"breadcrumb\":{\"@id\":\"https:\\\/\\\/kohenavocats.com\\\/ru\\\/jurisprudences\\\/tribunal-darrondissement-5-juin-2024-2\\\/#breadcrumb\"},\"inLanguage\":\"ru-RU\",\"potentialAction\":[{\"@type\":\"ReadAction\",\"target\":[\"https:\\\/\\\/kohenavocats.com\\\/ru\\\/jurisprudences\\\/tribunal-darrondissement-5-juin-2024-2\\\/\"]}]},{\"@type\":\"BreadcrumbList\",\"@id\":\"https:\\\/\\\/kohenavocats.com\\\/ru\\\/jurisprudences\\\/tribunal-darrondissement-5-juin-2024-2\\\/#breadcrumb\",\"itemListElement\":[{\"@type\":\"ListItem\",\"position\":1,\"name\":\"Home\",\"item\":\"https:\\\/\\\/kohenavocats.com\\\/ru\\\/avocats-en-droit-penal-a-paris-conseil-et-defense-strategique\\\/\"},{\"@type\":\"ListItem\",\"position\":2,\"name\":\"Jurisprudences\",\"item\":\"https:\\\/\\\/kohenavocats.com\\\/ru\\\/jurisprudences\\\/\"},{\"@type\":\"ListItem\",\"position\":3,\"name\":\"Tribunal d&rsquo;arrondissement, 5 juin 2024\"}]},{\"@type\":\"WebSite\",\"@id\":\"https:\\\/\\\/kohenavocats.com\\\/ru\\\/#website\",\"url\":\"https:\\\/\\\/kohenavocats.com\\\/ru\\\/\",\"name\":\"Kohen Avocats\",\"description\":\"Ma\u00eetre Hassan Kohen, avocat p\u00e9naliste \u00e0 Paris, intervient exclusivement en droit p\u00e9nal pour la d\u00e9fense des particuliers, notamment en mati\u00e8re d\u2019accusations de viol. Il assure un accompagnement rigoureux d\u00e8s la garde \u00e0 vue jusqu\u2019\u00e0 la Cour d\u2019assises, veillant au strict respect des garanties proc\u00e9durales.\",\"publisher\":{\"@id\":\"https:\\\/\\\/kohenavocats.com\\\/ru\\\/#organization\"},\"potentialAction\":[{\"@type\":\"SearchAction\",\"target\":{\"@type\":\"EntryPoint\",\"urlTemplate\":\"https:\\\/\\\/kohenavocats.com\\\/ru\\\/?s={search_term_string}\"},\"query-input\":{\"@type\":\"PropertyValueSpecification\",\"valueRequired\":true,\"valueName\":\"search_term_string\"}}],\"inLanguage\":\"ru-RU\"},{\"@type\":\"Organization\",\"@id\":\"https:\\\/\\\/kohenavocats.com\\\/ru\\\/#organization\",\"name\":\"Kohen Avocats\",\"url\":\"https:\\\/\\\/kohenavocats.com\\\/ru\\\/\",\"logo\":{\"@type\":\"ImageObject\",\"inLanguage\":\"ru-RU\",\"@id\":\"https:\\\/\\\/kohenavocats.com\\\/ru\\\/#\\\/schema\\\/logo\\\/image\\\/\",\"url\":\"https:\\\/\\\/kohenavocats.com\\\/wp-content\\\/uploads\\\/2026\\\/01\\\/Logo-2-1.webp\",\"contentUrl\":\"https:\\\/\\\/kohenavocats.com\\\/wp-content\\\/uploads\\\/2026\\\/01\\\/Logo-2-1.webp\",\"width\":2114,\"height\":1253,\"caption\":\"Kohen Avocats\"},\"image\":{\"@id\":\"https:\\\/\\\/kohenavocats.com\\\/ru\\\/#\\\/schema\\\/logo\\\/image\\\/\"}}]}<\/script>\n<!-- \/ Yoast SEO Premium plugin. -->","yoast_head_json":{"title":"Tribunal d'arrondissement, 5 juin 2024 - Ma\u00eetre Hassan Kohen, avocat en droit p\u00e9nal \u00e0 Paris","robots":{"index":"index","follow":"follow","max-snippet":"max-snippet:-1","max-image-preview":"max-image-preview:large","max-video-preview":"max-video-preview:-1"},"canonical":"https:\/\/kohenavocats.com\/ru\/jurisprudences\/tribunal-darrondissement-5-juin-2024-2\/","og_locale":"ru_RU","og_type":"article","og_title":"Tribunal d'arrondissement, 5 juin 2024","og_description":"Jugementn\u00b01262\/2024 not.5071\/24\/CD (amende) AUDIENCE PUBLIQUE DU 5 JUIN 2024 Le Tribunal d\u2019arrondissement de et \u00e0 Luxembourg, dix-huiti\u00e8me chambre, si\u00e9geant en mati\u00e8re correctionnelle, a rendu le jugement qui suit: Dansla cause du Minist\u00e8re Public contre PERSONNE1.) n\u00e9 leDATE1.)\u00e0ADRESSE1.)(France), demeurant \u00e0L-ADRESSE2.), comparant en personne, assist\u00e9 de Ma\u00eetreGeoffrey\u2026","og_url":"https:\/\/kohenavocats.com\/ru\/jurisprudences\/tribunal-darrondissement-5-juin-2024-2\/","og_site_name":"Ma\u00eetre Hassan Kohen, avocat en droit p\u00e9nal \u00e0 Paris","article_modified_time":"2026-04-20T21:16:46+00:00","twitter_card":"summary_large_image","twitter_misc":{"\u041f\u0440\u0438\u043c\u0435\u0440\u043d\u043e\u0435 \u0432\u0440\u0435\u043c\u044f \u0434\u043b\u044f \u0447\u0442\u0435\u043d\u0438\u044f":"8 \u043c\u0438\u043d\u0443\u0442"},"schema":{"@context":"https:\/\/schema.org","@graph":[{"@type":"WebPage","@id":"https:\/\/kohenavocats.com\/ru\/jurisprudences\/tribunal-darrondissement-5-juin-2024-2\/","url":"https:\/\/kohenavocats.com\/ru\/jurisprudences\/tribunal-darrondissement-5-juin-2024-2\/","name":"Tribunal d'arrondissement, 5 juin 2024 - Ma\u00eetre Hassan Kohen, avocat en droit p\u00e9nal \u00e0 Paris","isPartOf":{"@id":"https:\/\/kohenavocats.com\/ru\/#website"},"datePublished":"2026-04-20T21:16:42+00:00","dateModified":"2026-04-20T21:16:46+00:00","breadcrumb":{"@id":"https:\/\/kohenavocats.com\/ru\/jurisprudences\/tribunal-darrondissement-5-juin-2024-2\/#breadcrumb"},"inLanguage":"ru-RU","potentialAction":[{"@type":"ReadAction","target":["https:\/\/kohenavocats.com\/ru\/jurisprudences\/tribunal-darrondissement-5-juin-2024-2\/"]}]},{"@type":"BreadcrumbList","@id":"https:\/\/kohenavocats.com\/ru\/jurisprudences\/tribunal-darrondissement-5-juin-2024-2\/#breadcrumb","itemListElement":[{"@type":"ListItem","position":1,"name":"Home","item":"https:\/\/kohenavocats.com\/ru\/avocats-en-droit-penal-a-paris-conseil-et-defense-strategique\/"},{"@type":"ListItem","position":2,"name":"Jurisprudences","item":"https:\/\/kohenavocats.com\/ru\/jurisprudences\/"},{"@type":"ListItem","position":3,"name":"Tribunal d&rsquo;arrondissement, 5 juin 2024"}]},{"@type":"WebSite","@id":"https:\/\/kohenavocats.com\/ru\/#website","url":"https:\/\/kohenavocats.com\/ru\/","name":"Kohen Avocats","description":"Ma\u00eetre Hassan Kohen, avocat p\u00e9naliste \u00e0 Paris, intervient exclusivement en droit p\u00e9nal pour la d\u00e9fense des particuliers, notamment en mati\u00e8re d\u2019accusations de viol. Il assure un accompagnement rigoureux d\u00e8s la garde \u00e0 vue jusqu\u2019\u00e0 la Cour d\u2019assises, veillant au strict respect des garanties proc\u00e9durales.","publisher":{"@id":"https:\/\/kohenavocats.com\/ru\/#organization"},"potentialAction":[{"@type":"SearchAction","target":{"@type":"EntryPoint","urlTemplate":"https:\/\/kohenavocats.com\/ru\/?s={search_term_string}"},"query-input":{"@type":"PropertyValueSpecification","valueRequired":true,"valueName":"search_term_string"}}],"inLanguage":"ru-RU"},{"@type":"Organization","@id":"https:\/\/kohenavocats.com\/ru\/#organization","name":"Kohen Avocats","url":"https:\/\/kohenavocats.com\/ru\/","logo":{"@type":"ImageObject","inLanguage":"ru-RU","@id":"https:\/\/kohenavocats.com\/ru\/#\/schema\/logo\/image\/","url":"https:\/\/kohenavocats.com\/wp-content\/uploads\/2026\/01\/Logo-2-1.webp","contentUrl":"https:\/\/kohenavocats.com\/wp-content\/uploads\/2026\/01\/Logo-2-1.webp","width":2114,"height":1253,"caption":"Kohen Avocats"},"image":{"@id":"https:\/\/kohenavocats.com\/ru\/#\/schema\/logo\/image\/"}}]}},"jetpack_likes_enabled":false,"jetpack_sharing_enabled":true,"_links":{"self":[{"href":"https:\/\/kohenavocats.com\/ru\/wp-json\/wp\/v2\/kji_decision\/628230","targetHints":{"allow":["GET"]}}],"collection":[{"href":"https:\/\/kohenavocats.com\/ru\/wp-json\/wp\/v2\/kji_decision"}],"about":[{"href":"https:\/\/kohenavocats.com\/ru\/wp-json\/wp\/v2\/types\/kji_decision"}],"wp:attachment":[{"href":"https:\/\/kohenavocats.com\/ru\/wp-json\/wp\/v2\/media?parent=628230"}],"wp:term":[{"taxonomy":"kji_country","embeddable":true,"href":"https:\/\/kohenavocats.com\/ru\/wp-json\/wp\/v2\/kji_country?post=628230"},{"taxonomy":"kji_court","embeddable":true,"href":"https:\/\/kohenavocats.com\/ru\/wp-json\/wp\/v2\/kji_court?post=628230"},{"taxonomy":"kji_chamber","embeddable":true,"href":"https:\/\/kohenavocats.com\/ru\/wp-json\/wp\/v2\/kji_chamber?post=628230"},{"taxonomy":"kji_year","embeddable":true,"href":"https:\/\/kohenavocats.com\/ru\/wp-json\/wp\/v2\/kji_year?post=628230"},{"taxonomy":"kji_subject","embeddable":true,"href":"https:\/\/kohenavocats.com\/ru\/wp-json\/wp\/v2\/kji_subject?post=628230"},{"taxonomy":"kji_keyword","embeddable":true,"href":"https:\/\/kohenavocats.com\/ru\/wp-json\/wp\/v2\/kji_keyword?post=628230"},{"taxonomy":"kji_language","embeddable":true,"href":"https:\/\/kohenavocats.com\/ru\/wp-json\/wp\/v2\/kji_language?post=628230"}],"curies":[{"name":"wp","href":"https:\/\/api.w.org\/{rel}","templated":true}]}}