{"id":628368,"date":"2026-04-20T23:20:33","date_gmt":"2026-04-20T21:20:33","guid":{"rendered":"https:\/\/kohenavocats.com\/jurisprudences\/tribunal-darrondissement-18-avril-2024-19\/"},"modified":"2026-04-20T23:20:38","modified_gmt":"2026-04-20T21:20:38","slug":"tribunal-darrondissement-18-avril-2024-19","status":"publish","type":"kji_decision","link":"https:\/\/kohenavocats.com\/ru\/jurisprudences\/tribunal-darrondissement-18-avril-2024-19\/","title":{"rendered":"Tribunal d&#8217;arrondissement, 18 avril 2024"},"content":{"rendered":"<div class=\"kji-decision\">\n<div class=\"kji-full-text\">\n<p>Jugement no.937\/2024 Not.34540\/22\/CD 1 x ex.p.\/s. 1 x r\u00e9voc. t.i.g. AUDIENCE PUBLIQUE DU 18 AVRIL2024 Le Tribunal d&#039;arrondissement de et \u00e0 Luxembourg, septi\u00e8me chambre correctionnelle,statuant en composition dejuge unique,a rendu le jugement qui suit: dans la cause du Minist\u00e8re Public contre PERSONNE1.), n\u00e9 leDATE1.)\u00e0ADRESSE1.), demeurantADRESSE2.), -p r \u00e9 v e n u- F A I T S : Par citation du2 f\u00e9vrier 2024,le Procureur d&#039;Etat pr\u00e8s le Tribunal d&#039;arrondissement de Luxembourg a requis le pr\u00e9venu de compara\u00eetre \u00e0 l&#039;audience publique du13 mars 2024devant le Tribunal correctionnel de ce si\u00e8ge, pour y entendre statuer sur la pr\u00e9vention suivante: infraction \u00e0 l\u2019article23 du Code p\u00e9nal.<\/p>\n<p>2 A l\u2019audience publique du13 mars 2024,Monsieur le juge-pr\u00e9sident constata l&#039;identit\u00e9 du pr\u00e9venuPERSONNE1.), lui donna connaissance de l&#039;acte qui a saisi le Tribunal et l\u2019informa de son droit de se taire et de sondroit de ne pas s\u2019incriminer soi-m\u00eame. Le pr\u00e9venuPERSONNE1.)renon\u00e7a \u00e0 l\u2019assistance d\u2019un avocat par d\u00e9claration \u00e9crite, dat\u00e9e et sign\u00e9econform\u00e9ment \u00e0 l\u2019article 3-6 point 8 du Code de proc\u00e9dure p\u00e9nale. Le t\u00e9moinPERSONNE2.)fut entendueen ses d\u00e9clarations orales, apr\u00e8s avoir pr\u00eat\u00e9 le serment pr\u00e9vu \u00e0 l&#039;article 155 du Code de proc\u00e9dure p\u00e9nale. Le pr\u00e9venuPERSONNE1.)fut entendu en ses explications et moyens de d\u00e9fense. La repr\u00e9sentante du Minist\u00e8re Public,Larissa LORANG,premiersubstitutdu Procureur d\u2019Etat, r\u00e9suma l\u2019affaire et conclut \u00e0 la condamnation du pr\u00e9venu PERSONNE1.). Le pr\u00e9venuPERSONNE1.)eut la parole en dernier. Le Tribunal prit l&#039;affaire en d\u00e9lib\u00e9r\u00e9 et rendit \u00e0 l&#039;audience publique de ce jour, date \u00e0 laquelle le prononc\u00e9 avait \u00e9t\u00e9 fix\u00e9, le J U G E M E N T qui suit: Vu la citation \u00e0 pr\u00e9venu du2 f\u00e9vrier 2024(not. 34540\/22\/CD) r\u00e9guli\u00e8rement notifi\u00e9e \u00e0PERSONNE1.). Vu le jugementnum\u00e9ro1840\/2020du27 juillet 2020rendu par le Tribunal d\u2019Arrondissement de Luxembourg,du chef de l\u2019infraction retenue \u00e0 sa charge \u00e0 prester un travail d\u2019int\u00e9r\u00eat g\u00e9n\u00e9ral d\u2019une dur\u00e9e de180heures. Vu le rapport de l\u2019agent de probationPERSONNE2.)du7 octobre 2022du Service Central d\u2019Assistance Sociale adress\u00e9 \u00e0 Madame la d\u00e9l\u00e9gu\u00e9e du Procureur G\u00e9n\u00e9ral d\u2019Etat. Entendu les d\u00e9clarations du t\u00e9moinPERSONNE2.)\u00e0 l\u2019audience publique du13 mars 2024. Le Minist\u00e8re Public reproche \u00e0PERSONNE1.),depuis le 7 mars 2021, ainsi que depuis le 7 septembre 2022, jusqu\u2019au jour de la pr\u00e9sente citation, dans l\u2019arrondissement judiciaire de Luxembourg, d\u2019avoir viol\u00e9 les obligations lui impos\u00e9es au dispositif du jugement num\u00e9ro 1840\/2020 rendu en date du 27 juillet<\/p>\n<p>3 2020 par le Tribunal d\u2019Arrondissement de et \u00e0 Luxembourg r\u00e9sultant d\u2019une sanction p\u00e9nale en application de l\u2019article 22 du Code p\u00e9nal d\u2019une part, en en commen\u00e7ant pas, dans les six mois \u00e0 partir du jour o\u00f9 la d\u00e9cision p\u00e9nale est devenue irr\u00e9vocable,soit jusqu\u2019au 6 mars 2021, l\u2019ex\u00e9cution des 180 heures de travail d\u2019int\u00e9r\u00eat g\u00e9n\u00e9ral auxquelles il a \u00e9t\u00e9 condamn\u00e9 par le m\u00eame jugement, et d\u2019autre part, en n\u2019achevant pas la totalit\u00e9 des 180 heures de travail d\u2019int\u00e9r\u00eat g\u00e9n\u00e9ral auxquelles il a \u00e9t\u00e9 condamn\u00e9 dansle d\u00e9lai de 24 mois lui imparti, soit jusqu\u2019au 6 septembre 2022, conform\u00e9ment aux modalit\u00e9s d\u2019ex\u00e9cution d\u00e9cid\u00e9es par le Procureur G\u00e9n\u00e9ral d\u2019Etat. A l\u2019audience publique du 13 mars 2024, le pr\u00e9venu a reconnu l\u2019infraction, laquelle est encore \u00e9tablie par les \u00e9l\u00e9ments du dossier r\u00e9pressif et les d\u00e9clarations du t\u00e9moin \u00e0 l\u2019audience. PERSONNE1.) est partantconvaincu,au vu des d\u00e9veloppements qui pr\u00e9c\u00e8dent, par les d\u00e9bats men\u00e9s \u00e0 l\u2019audience publique du13 mars 2024, ensemble les \u00e9l\u00e9ments du dossier r\u00e9pressif, les d\u00e9positions du t\u00e9moin PERSONNE2.)et ses aveux, de l\u2019infraction suivante : \u00abcomme auteur ayant lui-m\u00eame commis l\u2019infraction, depuis le7 mars 2021, ainsi que depuis le 7 septembre 2022, jusqu\u2019au 2 f\u00e9vrier 2024, jour de la citation,dans l\u2019arrondissement judiciaire de Luxembourg, en infraction \u00e0 l&#039;article 23 du Code p\u00e9nal, d\u2019avoir viol\u00e9les obligationsr\u00e9sultant des sanctions p\u00e9nales prononc\u00e9es en application des articles 17, 18, 21 et 22 duCode p\u00e9nal, en l\u2019esp\u00e8ce, d\u2019avoir viol\u00e9lesobligations lui impos\u00e9es au dispositif du jugement num\u00e9ro 1840\/2020 rendu en date du 27 juillet 2020 par le Tribunal d\u2019Arrondissement de et \u00e0 Luxembourg r\u00e9sultant d\u2019une sanction p\u00e9nale en application de l\u2019article 22 du Code p\u00e9nal d\u2019une part, en en commen\u00e7ant pas, dans les six mois \u00e0 partir du jour o\u00f9 la d\u00e9cision p\u00e9nale est devenue irr\u00e9vocable, soit jusqu\u2019au 6 mars 2021, l\u2019ex\u00e9cution des 180 heures de travail d\u2019int\u00e9r\u00eat g\u00e9n\u00e9ral auxquelles il a \u00e9t\u00e9 condamn\u00e9 par le m\u00eame jugement, et d\u2019autre part, en n\u2019achevant pas la totalit\u00e9 des 180 heures de travail d\u2019int\u00e9r\u00eat g\u00e9n\u00e9ral auxquelles il a \u00e9t\u00e9 condamn\u00e9 dans le d\u00e9lai de 24 mois lui imparti, soit jusqu\u2019au 6 septembre 2022, conform\u00e9ment aux modalit\u00e9s d\u2019ex\u00e9cution d\u00e9cid\u00e9es par leProcureur G\u00e9n\u00e9ral d\u2019Etat.\u00bb Aux termes de l\u2019article 23 du Code p\u00e9nal, toute violation de l\u2019obligation de prester un travail d\u2019int\u00e9r\u00eat g\u00e9n\u00e9ral est punie d\u2019un emprisonnement de 2 mois \u00e0 2 ans.<\/p>\n<p>4 En application de cette disposition, le Tribunal condamnePERSONNE1.)\u00e0 une peine d\u2019emprisonnement de12mois. Le pr\u00e9venu ne semble pas indigne d\u2019une certaine indulgence du Tribunal et il n\u2019a pas encore fait l\u2019objet d\u2019une condamnation p\u00e9nale emp\u00eachant l\u2019octroi d\u2019un sursis. Il convient donc de lui accorder la faveurdusursis int\u00e9gralquant \u00e0 la peine d\u2019emprisonnement \u00e0 prononcer \u00e0 son encontre. P A R C E S M O T I F S : le Tribunal d&#039;arrondissement de et \u00e0 Luxembourg,septi\u00e8me chambre, compos\u00e9e de son juge-pr\u00e9sident, si\u00e9geant en mati\u00e8re correctionnelle, statuant contradictoirement,le pr\u00e9venu entendu ensesexplications et moyens de d\u00e9fense, et la repr\u00e9sentante du Minist\u00e8re Public entendue en ses r\u00e9quisitions, c o n d a m n ePERSONNE1.)du chef de l\u2019infraction retenue \u00e0 sa charge \u00e0 une peine d\u2019emprisonnement dedouze(12) mois; d i tqu&#039;il serasursis\u00e0 l&#039;ex\u00e9cution del&#039;int\u00e9gralit\u00e9de cette peine d&#039;emprisonnement; a v e r t i tlepr\u00e9venu qu\u2019au cas o\u00f9, dans un d\u00e9lai de cinq ans \u00e0 dater du pr\u00e9sent jugement,ilaura commis une nouvelle infraction ayant entra\u00een\u00e9 une condamnation \u00e0 une peine d\u2019emprisonnement ou \u00e0 une peine plus grave pour crime ou d\u00e9lit de droit commun, la peine d\u2019emprisonnement prononc\u00e9e ci-devant sera ex\u00e9cut\u00e9e sans confusion possible avec la nouvelle peine et que les peines de la r\u00e9cidive seront encourues dans les termes de l\u2019article 56 al. 2 du Code p\u00e9nal; c o n d a m n ePERSONNE1.)aux frais de sa poursuite p\u00e9nale, ces frais \u00e9tant liquid\u00e9s \u00e016,27euros. Par application des articles 14, 15et23 duCode p\u00e9nal et des articles 1, 155, 179, 182, 184, 185, 189, 190, 190-1, 194, 195,196, 626, 628 et 628-1duCode de proc\u00e9dure p\u00e9nale. Ainsi fait, jug\u00e9 et prononc\u00e9 en l&#039;audience publique dudit Tribunal d&#039;arrondissement de et \u00e0 Luxembourg, date qu&#039;en t\u00eate, par Rapha\u00ebl SCHWEITZER,juge-pr\u00e9sident, assist\u00e9e du greffierassum\u00e9 Tahnee WAGNER, en pr\u00e9sence deLaurent SECK,substitutprincipalduProcureur d\u2019Etat, qui, \u00e0 l&#039;exception du repr\u00e9sentant du minist\u00e8re public, ont sign\u00e9 le pr\u00e9sent jugement.<\/p>\n<\/div>\n<hr class=\"kji-sep\" \/>\n<p class=\"kji-source-links\"><strong>Sources officielles :<\/strong> <a class=\"kji-source-link\" href=\"https:\/\/data.public.lu\/fr\/datasets\/tribunal-darrondissement-luxembourg-penal\/\" target=\"_blank\" rel=\"noopener noreferrer\">consulter la page source<\/a> &middot; <a class=\"kji-pdf-link\" href=\"https:\/\/download.data.public.lu\/resources\/tribunal-darrondissement-luxembourg-penal\/20240828-030348\/20240418-tal7-937-pseudonymise-accessible.pdf\" target=\"_blank\" rel=\"noopener noreferrer\">PDF officiel<\/a><\/p>\n<p class=\"kji-license-note\"><em>Licence CC BY-ND 4.0 (Administration judiciaire, data.public.lu). Republication autorisee avec attribution, sans modification editoriale du texte integral.<\/em><\/p>\n<\/div>\n","protected":false},"excerpt":{"rendered":"<p>Jugement no.937\/2024 Not.34540\/22\/CD 1 x ex.p.\/s. 1 x r\u00e9voc. t.i.g. AUDIENCE PUBLIQUE DU 18 AVRIL2024 Le Tribunal d&#8217;arrondissement de et \u00e0 Luxembourg, septi\u00e8me chambre correctionnelle,statuant en composition dejuge unique,a rendu le jugement qui suit: dans la cause du Minist\u00e8re Public contre PERSONNE1.), n\u00e9 leDATE1.)\u00e0ADRESSE1.), demeurantADRESSE2.),\u2026<\/p>\n","protected":false},"featured_media":0,"template":"","meta":{"_crdt_document":""},"kji_country":[8418],"kji_court":[23583],"kji_chamber":[25729],"kji_year":[8677],"kji_subject":[7632],"kji_keyword":[23584,8601,23061,7636],"kji_language":[7733],"class_list":["post-628368","kji_decision","type-kji_decision","status-publish","hentry","kji_country-luxembourg","kji_court-tribunal-darrondissement","kji_chamber-penal","kji_year-8677","kji_subject-penal","kji_keyword-arrondissement","kji_keyword-avril","kji_keyword-jugement","kji_keyword-tribunal","kji_language-francais"],"yoast_head":"<!-- This site is optimized with the Yoast SEO Premium plugin v27.5 (Yoast SEO v27.5) - https:\/\/yoast.com\/product\/yoast-seo-premium-wordpress\/ -->\n<title>Tribunal d&#039;arrondissement, 18 avril 2024 - Ma\u00eetre Hassan Kohen, avocat en droit p\u00e9nal \u00e0 Paris<\/title>\n<meta name=\"robots\" content=\"index, follow, max-snippet:-1, max-image-preview:large, max-video-preview:-1\" \/>\n<link rel=\"canonical\" href=\"https:\/\/kohenavocats.com\/ru\/jurisprudences\/tribunal-darrondissement-18-avril-2024-19\/\" \/>\n<meta property=\"og:locale\" content=\"ru_RU\" \/>\n<meta property=\"og:type\" content=\"article\" \/>\n<meta property=\"og:title\" content=\"Tribunal d&#039;arrondissement, 18 avril 2024\" \/>\n<meta property=\"og:description\" content=\"Jugement no.937\/2024 Not.34540\/22\/CD 1 x ex.p.\/s. 1 x r\u00e9voc. t.i.g. AUDIENCE PUBLIQUE DU 18 AVRIL2024 Le Tribunal d&#039;arrondissement de et \u00e0 Luxembourg, septi\u00e8me chambre correctionnelle,statuant en composition dejuge unique,a rendu le jugement qui suit: dans la cause du Minist\u00e8re Public contre PERSONNE1.), n\u00e9 leDATE1.)\u00e0ADRESSE1.), demeurantADRESSE2.),\u2026\" \/>\n<meta property=\"og:url\" content=\"https:\/\/kohenavocats.com\/ru\/jurisprudences\/tribunal-darrondissement-18-avril-2024-19\/\" \/>\n<meta property=\"og:site_name\" content=\"Ma\u00eetre Hassan Kohen, avocat en droit p\u00e9nal \u00e0 Paris\" \/>\n<meta property=\"article:modified_time\" content=\"2026-04-20T21:20:38+00:00\" \/>\n<meta name=\"twitter:card\" content=\"summary_large_image\" \/>\n<meta name=\"twitter:label1\" content=\"\u041f\u0440\u0438\u043c\u0435\u0440\u043d\u043e\u0435 \u0432\u0440\u0435\u043c\u044f \u0434\u043b\u044f \u0447\u0442\u0435\u043d\u0438\u044f\" \/>\n\t<meta name=\"twitter:data1\" content=\"6 \u043c\u0438\u043d\u0443\u0442\" \/>\n<script type=\"application\/ld+json\" class=\"yoast-schema-graph\">{\"@context\":\"https:\\\/\\\/schema.org\",\"@graph\":[{\"@type\":\"WebPage\",\"@id\":\"https:\\\/\\\/kohenavocats.com\\\/ru\\\/jurisprudences\\\/tribunal-darrondissement-18-avril-2024-19\\\/\",\"url\":\"https:\\\/\\\/kohenavocats.com\\\/ru\\\/jurisprudences\\\/tribunal-darrondissement-18-avril-2024-19\\\/\",\"name\":\"Tribunal d'arrondissement, 18 avril 2024 - Ma\u00eetre Hassan Kohen, avocat en droit p\u00e9nal \u00e0 Paris\",\"isPartOf\":{\"@id\":\"https:\\\/\\\/kohenavocats.com\\\/ru\\\/#website\"},\"datePublished\":\"2026-04-20T21:20:33+00:00\",\"dateModified\":\"2026-04-20T21:20:38+00:00\",\"breadcrumb\":{\"@id\":\"https:\\\/\\\/kohenavocats.com\\\/ru\\\/jurisprudences\\\/tribunal-darrondissement-18-avril-2024-19\\\/#breadcrumb\"},\"inLanguage\":\"ru-RU\",\"potentialAction\":[{\"@type\":\"ReadAction\",\"target\":[\"https:\\\/\\\/kohenavocats.com\\\/ru\\\/jurisprudences\\\/tribunal-darrondissement-18-avril-2024-19\\\/\"]}]},{\"@type\":\"BreadcrumbList\",\"@id\":\"https:\\\/\\\/kohenavocats.com\\\/ru\\\/jurisprudences\\\/tribunal-darrondissement-18-avril-2024-19\\\/#breadcrumb\",\"itemListElement\":[{\"@type\":\"ListItem\",\"position\":1,\"name\":\"Home\",\"item\":\"https:\\\/\\\/kohenavocats.com\\\/ru\\\/avocats-en-droit-penal-a-paris-conseil-et-defense-strategique\\\/\"},{\"@type\":\"ListItem\",\"position\":2,\"name\":\"Jurisprudences\",\"item\":\"https:\\\/\\\/kohenavocats.com\\\/ru\\\/jurisprudences\\\/\"},{\"@type\":\"ListItem\",\"position\":3,\"name\":\"Tribunal d&rsquo;arrondissement, 18 avril 2024\"}]},{\"@type\":\"WebSite\",\"@id\":\"https:\\\/\\\/kohenavocats.com\\\/ru\\\/#website\",\"url\":\"https:\\\/\\\/kohenavocats.com\\\/ru\\\/\",\"name\":\"Kohen Avocats\",\"description\":\"Ma\u00eetre Hassan Kohen, avocat p\u00e9naliste \u00e0 Paris, intervient exclusivement en droit p\u00e9nal pour la d\u00e9fense des particuliers, notamment en mati\u00e8re d\u2019accusations de viol. Il assure un accompagnement rigoureux d\u00e8s la garde \u00e0 vue jusqu\u2019\u00e0 la Cour d\u2019assises, veillant au strict respect des garanties proc\u00e9durales.\",\"publisher\":{\"@id\":\"https:\\\/\\\/kohenavocats.com\\\/ru\\\/#organization\"},\"potentialAction\":[{\"@type\":\"SearchAction\",\"target\":{\"@type\":\"EntryPoint\",\"urlTemplate\":\"https:\\\/\\\/kohenavocats.com\\\/ru\\\/?s={search_term_string}\"},\"query-input\":{\"@type\":\"PropertyValueSpecification\",\"valueRequired\":true,\"valueName\":\"search_term_string\"}}],\"inLanguage\":\"ru-RU\"},{\"@type\":\"Organization\",\"@id\":\"https:\\\/\\\/kohenavocats.com\\\/ru\\\/#organization\",\"name\":\"Kohen Avocats\",\"url\":\"https:\\\/\\\/kohenavocats.com\\\/ru\\\/\",\"logo\":{\"@type\":\"ImageObject\",\"inLanguage\":\"ru-RU\",\"@id\":\"https:\\\/\\\/kohenavocats.com\\\/ru\\\/#\\\/schema\\\/logo\\\/image\\\/\",\"url\":\"https:\\\/\\\/kohenavocats.com\\\/wp-content\\\/uploads\\\/2026\\\/01\\\/Logo-2-1.webp\",\"contentUrl\":\"https:\\\/\\\/kohenavocats.com\\\/wp-content\\\/uploads\\\/2026\\\/01\\\/Logo-2-1.webp\",\"width\":2114,\"height\":1253,\"caption\":\"Kohen Avocats\"},\"image\":{\"@id\":\"https:\\\/\\\/kohenavocats.com\\\/ru\\\/#\\\/schema\\\/logo\\\/image\\\/\"}}]}<\/script>\n<!-- \/ Yoast SEO Premium plugin. -->","yoast_head_json":{"title":"Tribunal d'arrondissement, 18 avril 2024 - Ma\u00eetre Hassan Kohen, avocat en droit p\u00e9nal \u00e0 Paris","robots":{"index":"index","follow":"follow","max-snippet":"max-snippet:-1","max-image-preview":"max-image-preview:large","max-video-preview":"max-video-preview:-1"},"canonical":"https:\/\/kohenavocats.com\/ru\/jurisprudences\/tribunal-darrondissement-18-avril-2024-19\/","og_locale":"ru_RU","og_type":"article","og_title":"Tribunal d'arrondissement, 18 avril 2024","og_description":"Jugement no.937\/2024 Not.34540\/22\/CD 1 x ex.p.\/s. 1 x r\u00e9voc. t.i.g. AUDIENCE PUBLIQUE DU 18 AVRIL2024 Le Tribunal d'arrondissement de et \u00e0 Luxembourg, septi\u00e8me chambre correctionnelle,statuant en composition dejuge unique,a rendu le jugement qui suit: dans la cause du Minist\u00e8re Public contre PERSONNE1.), n\u00e9 leDATE1.)\u00e0ADRESSE1.), demeurantADRESSE2.),\u2026","og_url":"https:\/\/kohenavocats.com\/ru\/jurisprudences\/tribunal-darrondissement-18-avril-2024-19\/","og_site_name":"Ma\u00eetre Hassan Kohen, avocat en droit p\u00e9nal \u00e0 Paris","article_modified_time":"2026-04-20T21:20:38+00:00","twitter_card":"summary_large_image","twitter_misc":{"\u041f\u0440\u0438\u043c\u0435\u0440\u043d\u043e\u0435 \u0432\u0440\u0435\u043c\u044f \u0434\u043b\u044f \u0447\u0442\u0435\u043d\u0438\u044f":"6 \u043c\u0438\u043d\u0443\u0442"},"schema":{"@context":"https:\/\/schema.org","@graph":[{"@type":"WebPage","@id":"https:\/\/kohenavocats.com\/ru\/jurisprudences\/tribunal-darrondissement-18-avril-2024-19\/","url":"https:\/\/kohenavocats.com\/ru\/jurisprudences\/tribunal-darrondissement-18-avril-2024-19\/","name":"Tribunal d'arrondissement, 18 avril 2024 - Ma\u00eetre Hassan Kohen, avocat en droit p\u00e9nal \u00e0 Paris","isPartOf":{"@id":"https:\/\/kohenavocats.com\/ru\/#website"},"datePublished":"2026-04-20T21:20:33+00:00","dateModified":"2026-04-20T21:20:38+00:00","breadcrumb":{"@id":"https:\/\/kohenavocats.com\/ru\/jurisprudences\/tribunal-darrondissement-18-avril-2024-19\/#breadcrumb"},"inLanguage":"ru-RU","potentialAction":[{"@type":"ReadAction","target":["https:\/\/kohenavocats.com\/ru\/jurisprudences\/tribunal-darrondissement-18-avril-2024-19\/"]}]},{"@type":"BreadcrumbList","@id":"https:\/\/kohenavocats.com\/ru\/jurisprudences\/tribunal-darrondissement-18-avril-2024-19\/#breadcrumb","itemListElement":[{"@type":"ListItem","position":1,"name":"Home","item":"https:\/\/kohenavocats.com\/ru\/avocats-en-droit-penal-a-paris-conseil-et-defense-strategique\/"},{"@type":"ListItem","position":2,"name":"Jurisprudences","item":"https:\/\/kohenavocats.com\/ru\/jurisprudences\/"},{"@type":"ListItem","position":3,"name":"Tribunal d&rsquo;arrondissement, 18 avril 2024"}]},{"@type":"WebSite","@id":"https:\/\/kohenavocats.com\/ru\/#website","url":"https:\/\/kohenavocats.com\/ru\/","name":"Kohen Avocats","description":"Ma\u00eetre Hassan Kohen, avocat p\u00e9naliste \u00e0 Paris, intervient exclusivement en droit p\u00e9nal pour la d\u00e9fense des particuliers, notamment en mati\u00e8re d\u2019accusations de viol. Il assure un accompagnement rigoureux d\u00e8s la garde \u00e0 vue jusqu\u2019\u00e0 la Cour d\u2019assises, veillant au strict respect des garanties proc\u00e9durales.","publisher":{"@id":"https:\/\/kohenavocats.com\/ru\/#organization"},"potentialAction":[{"@type":"SearchAction","target":{"@type":"EntryPoint","urlTemplate":"https:\/\/kohenavocats.com\/ru\/?s={search_term_string}"},"query-input":{"@type":"PropertyValueSpecification","valueRequired":true,"valueName":"search_term_string"}}],"inLanguage":"ru-RU"},{"@type":"Organization","@id":"https:\/\/kohenavocats.com\/ru\/#organization","name":"Kohen Avocats","url":"https:\/\/kohenavocats.com\/ru\/","logo":{"@type":"ImageObject","inLanguage":"ru-RU","@id":"https:\/\/kohenavocats.com\/ru\/#\/schema\/logo\/image\/","url":"https:\/\/kohenavocats.com\/wp-content\/uploads\/2026\/01\/Logo-2-1.webp","contentUrl":"https:\/\/kohenavocats.com\/wp-content\/uploads\/2026\/01\/Logo-2-1.webp","width":2114,"height":1253,"caption":"Kohen Avocats"},"image":{"@id":"https:\/\/kohenavocats.com\/ru\/#\/schema\/logo\/image\/"}}]}},"jetpack_likes_enabled":false,"jetpack_sharing_enabled":true,"_links":{"self":[{"href":"https:\/\/kohenavocats.com\/ru\/wp-json\/wp\/v2\/kji_decision\/628368","targetHints":{"allow":["GET"]}}],"collection":[{"href":"https:\/\/kohenavocats.com\/ru\/wp-json\/wp\/v2\/kji_decision"}],"about":[{"href":"https:\/\/kohenavocats.com\/ru\/wp-json\/wp\/v2\/types\/kji_decision"}],"wp:attachment":[{"href":"https:\/\/kohenavocats.com\/ru\/wp-json\/wp\/v2\/media?parent=628368"}],"wp:term":[{"taxonomy":"kji_country","embeddable":true,"href":"https:\/\/kohenavocats.com\/ru\/wp-json\/wp\/v2\/kji_country?post=628368"},{"taxonomy":"kji_court","embeddable":true,"href":"https:\/\/kohenavocats.com\/ru\/wp-json\/wp\/v2\/kji_court?post=628368"},{"taxonomy":"kji_chamber","embeddable":true,"href":"https:\/\/kohenavocats.com\/ru\/wp-json\/wp\/v2\/kji_chamber?post=628368"},{"taxonomy":"kji_year","embeddable":true,"href":"https:\/\/kohenavocats.com\/ru\/wp-json\/wp\/v2\/kji_year?post=628368"},{"taxonomy":"kji_subject","embeddable":true,"href":"https:\/\/kohenavocats.com\/ru\/wp-json\/wp\/v2\/kji_subject?post=628368"},{"taxonomy":"kji_keyword","embeddable":true,"href":"https:\/\/kohenavocats.com\/ru\/wp-json\/wp\/v2\/kji_keyword?post=628368"},{"taxonomy":"kji_language","embeddable":true,"href":"https:\/\/kohenavocats.com\/ru\/wp-json\/wp\/v2\/kji_language?post=628368"}],"curies":[{"name":"wp","href":"https:\/\/api.w.org\/{rel}","templated":true}]}}