{"id":628599,"date":"2026-04-20T23:31:56","date_gmt":"2026-04-20T21:31:56","guid":{"rendered":"https:\/\/kohenavocats.com\/jurisprudences\/tribunal-darrondissement-29-fevrier-2024-17\/"},"modified":"2026-04-20T23:32:00","modified_gmt":"2026-04-20T21:32:00","slug":"tribunal-darrondissement-29-fevrier-2024-17","status":"publish","type":"kji_decision","link":"https:\/\/kohenavocats.com\/ru\/jurisprudences\/tribunal-darrondissement-29-fevrier-2024-17\/","title":{"rendered":"Tribunal d&#8217;arrondissement, 29 f\u00e9vrier 2024"},"content":{"rendered":"<div class=\"kji-decision\">\n<div class=\"kji-full-text\">\n<p>1 Jugt no555\/2024 not.11777\/23\/CC 1x ex.p. 2x i.c. D \u00c9F A U T AUDIENCE PUBLIQUE DU 29F\u00c9VRIER 2024 Le Tribunal d&#039;arrondissement de et \u00e0 Luxembourg, seizi\u00e8me chambre, si\u00e9geant en mati\u00e8re correctionnelle, statuant en composition dejuge unique,a rendu le jugement qui suit: Dans la cause du minist\u00e8re public contre PERSONNE1.), n\u00e9 leDATE1.)\u00e0ADRESSE1.)(France), demeurant \u00e0L-ADRESSE2.), -p r \u00e9 v e n u\u2013 _____________________________ F A I T S : Par citation du15 janvier 2024, le procureur d\u2019Etat pr\u00e8s le Tribunal d&#039;arrondissement de et \u00e0 Luxembourg a cit\u00e9 le pr\u00e9venu \u00e0 compara\u00eetre \u00e0 l&#039;audience publique du5 f\u00e9vrier 2024 devant le Tribunal correctionnel de ce si\u00e8gepour y entendre statuer sur lespr\u00e9ventionssuivantes: circulation\u2013ivresse (1,13mg\/l), contravention. A cette audiencePERSONNE1.)ne comparut pas. Larepr\u00e9sentantedu minist\u00e8re public,Alessandra VIENI,substitut du procureur d\u2019Etat, r\u00e9suma l\u2019affaire et fut entendueen son r\u00e9quisitoire. Le Tribunal prit l\u2019affaire en d\u00e9lib\u00e9r\u00e9 et rendit \u00e0l&#039;audience publique de ce jour, date \u00e0 laquelle le prononc\u00e9 avait \u00e9t\u00e9 fix\u00e9, L E J U G E M E N T Q U I S U I T :<\/p>\n<p>2 Vu la citation \u00e0 pr\u00e9venu du 15 janvier 2024, notifi\u00e9e \u00e0PERSONNE1.), celui-ci ayant \u00e9t\u00e9 avis\u00e9 de retirer le courrierrecommand\u00e9 en date du 18 janvier 2024, ne l\u2019ayant cependant pas fait. Bien que r\u00e9guli\u00e8rement cit\u00e9,PERSONNE1.)necomparut pas \u00e0 l\u2018audience du 5 f\u00e9vrier 2024, de sorte qu&#039;il y a lieu de statuer par d\u00e9faut \u00e0 son \u00e9gard. Vu l\u2019ensemble du dossierr\u00e9pressif constitu\u00e9 par le Parquet sous la notice 11777\/23\/CC. Le minist\u00e8re public reproche au pr\u00e9venuPERSONNE1.)d\u2019avoir,le19 mars 2023 entre 0.30 et 01.30 heures \u00e0 L-ADRESSE3.),comme conducteur d\u2019un v\u00e9hicule automoteur sur la voie publique, circul\u00e9avecun taux d&#039;alcool de 1,13mg par litre d\u2019air expir\u00e9et d\u2019avoir enfreint une dispositionde l\u2019arr\u00eat\u00e9 grand-ducal du 23 novembre 1955portant r\u00e8glement de la circulation sur toutes les voies publiques. Le Tribunal correctionnelest comp\u00e9tent pourconna\u00eetre de la contravention libell\u00e9e\u00e0 charge du pr\u00e9venuen raison de saconnexit\u00e9 avec le d\u00e9lit mis \u00e0 sa charge. Les infractions mises \u00e0 charge dePERSONNE1.)sont \u00e9tablies tant en fait qu\u2019en droit par les constatationsdes agents verbalisant,le r\u00e9sultat de l\u2019examen de l\u2019air expir\u00e9 et les aveux du pr\u00e9venu lors de son audition polici\u00e8re du 25 mars 2023, de sorte qu\u2019elles sont \u00e0 retenir dans son chef. Le pr\u00e9venuPERSONNE1.)est partantconvaincupar les d\u00e9bats men\u00e9s \u00e0 l&#039;audience publique du5 f\u00e9vrier 2024, ensemble les \u00e9l\u00e9ments du dossier r\u00e9pressif: \u00ab\u00e9tant conducteur d\u2019un v\u00e9hicule automoteur sur la voie publique, le 19 mars 2023 entre 0.30 et 01.30 heures \u00e0 L-ADRESSE3.), 1) d\u2019avoir circul\u00e9, m\u00eame en l\u2019absence de signes manifestes d\u2019ivresse, avec un taux d&#039;alcool d&#039;au moins0,55 mg par litre d\u2019air expir\u00e9,en l\u2019esp\u00e8ce de 1,13mg par litre d\u2019air expir\u00e9; 2) d\u00e9faut de se comporter raisonnablement et prudemment de fa\u00e7on \u00e0 ne pas constituer un danger pour la circulation\u00bb. Les infractions retenues ci-dessus \u00e0 charge du pr\u00e9venu se trouvent en concours id\u00e9al entre elles, de sorte qu&#039;il convient, par application des dispositions de l\u2019article 65 du Code p\u00e9nal, de ne prononcer que lapeine la plus forte, \u00e0 savoir celle pr\u00e9vue pour le d\u00e9lit de conduite en \u00e9tat d\u2019ivresse. L&#039;infraction retenue sub 1) \u00e0 charge de PERSONNE1.) est punie d\u2019une peine d\u2019emprisonnement de huit jours \u00e0 trois ans et d\u2019une amende de 500 \u20ac \u00e0 10.000 \u20ac ou d\u2019une de ces peines seulement, conform\u00e9ment \u00e0 l\u2019article 12 de la loi modifi\u00e9e du 14 f\u00e9vrier 1955 concernant la r\u00e9glementation de la circulation sur toutes les voies publiques. L\u2019article 13.1. de la loi modifi\u00e9e du 14 f\u00e9vrier 1955 pr\u00e9cit\u00e9e permet au juge saisi d\u2019uneou de plusieurs infractions \u00e0 la r\u00e9glementation de la circulation sur toutes les voies publiques ou de d\u00e9lits ou de crimes qui se sont joints \u00e0 ces infractions, de prononcer une interdiction de conduire de huit jours \u00e0 un an en mati\u00e8re de contraventions et de trois mois \u00e0 quinze ans en mati\u00e8re de d\u00e9lits ou de crimes. Aux termes de l\u2019article 13.1. alin\u00e9a 2 de la loi modifi\u00e9e du 14 f\u00e9vrier 1955 pr\u00e9cit\u00e9e \u00abl&#039;interdiction de conduire sera toujours prononc\u00e9e en cas de condamnation du chef des d\u00e9lits<\/p>\n<p>3 vis\u00e9s au point 1 du paragraphe 2 de l\u2019article 12 et au point 1 du paragraphe 4bis de l\u2019article 12 ou en cas de la r\u00e9cidive pr\u00e9vue au point 5 du paragraphe 2 du m\u00eame article. \u00bb En circulant sur la voie publique en \u00e9tat d&#039;impr\u00e9gnation alcoolique, le pr\u00e9venu a gravement mis en danger tant sa propre s\u00e9curit\u00e9 que celle des autres usagers. Au vu de la gravit\u00e9 des infractions retenues et des multiples ant\u00e9c\u00e9dents judiciaires sp\u00e9cifiques fran\u00e7aisdu pr\u00e9venu renseign\u00e9s par l\u2019extrait du \u00ab Syst\u00e8me europ\u00e9en d\u2019information sur les casiers judiciaires \u00bb (ECRIS) figurant au dossier r\u00e9pressif,faisant s\u00e9rieusement douter le Tribunal de la prise de conscience du pr\u00e9venu quant \u00e0 la gravit\u00e9 de ses actes, il ya lieu de condamnerPERSONNE1.)\u00e0 une peine d\u2019emprisonnement de6 mois,\u00e0 uneamende correctionnelle de1.000 \u20acainsi qu\u2019\u00e0 uneinterdiction de conduire de25 mois. Le Tribunal statuant par d\u00e9faut \u00e0 l\u2019\u00e9gard du pr\u00e9venuPERSONNE1.), cette peine d\u2019emprisonnement ne saurait \u00eatre assortie d\u2019un sursis \u00e0 l\u2019ex\u00e9cution alors que l\u2019article 626 du Code de proc\u00e9dure p\u00e9nale pr\u00e9voit que les cours et tribunaux peuvent ordonner, par d\u00e9cision motiv\u00e9e, qu\u2019il sera sursis \u00e0 l\u2019ex\u00e9cution de tout ou partie de la peine qu\u2019en cas de condamnation contradictoire. P A R C E S M O T I F S : leTribunal d&#039;arrondissement de et \u00e0 Luxembourg, seizi\u00e8me chambre, compos\u00e9e de son vice-pr\u00e9sident, statuantpar d\u00e9faut,larepr\u00e9sentantedu minist\u00e8re public entendueen son r\u00e9quisitoire, s e d \u00e9 c l a r e c o m p \u00e9 t e n tpour conna\u00eetre dela contravention reproch\u00e9eau pr\u00e9venu PERSONNE1.); c o n d a m n ele pr\u00e9venuPERSONNE1.)du chef desinfractionsretenues\u00e0 sa charge \u00e0 unepeine d\u2019emprisonnement desix (6) mois, \u00e0 uneamende correctionnelle demille (1.000) \u20acainsi qu&#039;aux frais de sa mise en jugement, liquid\u00e9s \u00e024,57\u20ac; f i x ela dur\u00e9e de la contrainte par corps en cas de non-paiement de l\u2019amende \u00e0dix (10) jours; p r o n o n c econtre le pr\u00e9venuPERSONNE1.)du chef de l\u2019infraction retenue sub 1) \u00e0 sa charge pour la dur\u00e9e devingt-cinq (25) moisl&#039;interdiction de conduire un v\u00e9hicule automoteur des cat\u00e9gories A-F sur la voiepublique. Par application des articles 14,15,16, 28, 29, 30, 65et 66 du Code p\u00e9nal;des articles1, 154, 179, 182, 184, 185, 189, 190, 190-1, 194, 195 et196du Code de proc\u00e9dure p\u00e9nale;des articles 12, 13, 14 et 14bis de la loi modifi\u00e9e du 14 f\u00e9vrier 1955concernant la r\u00e9glementation de la circulation sur toutes les voies publiques; etdes articles140 et 174 de l\u2019arr\u00eat\u00e9 grand-ducaldu 23 novembre 1955 portant r\u00e8glement de la circulation sur toutes les voies publiques dont mention a \u00e9t\u00e9 faite. Ainsi fait, jug\u00e9 et prononc\u00e9 en l&#039;audience publique dudit Tribunal d&#039;arrondissement de et \u00e0 Luxembourg, date qu&#039;en t\u00eate, par Jessica SCHNEIDER, vice-pr\u00e9sident, assist\u00e9e deLaetitia SANTOS, greffi\u00e8re assum\u00e9e, en pr\u00e9sence de Guy BREISTROFF, substitut principal du procureur d\u2019Etat, qui, \u00e0 l&#039;exception du repr\u00e9sentant du minist\u00e8re public, ont sign\u00e9 le pr\u00e9sent jugement.<\/p>\n<p>4<\/p>\n<\/div>\n<hr class=\"kji-sep\" \/>\n<p class=\"kji-source-links\"><strong>Sources officielles :<\/strong> <a class=\"kji-source-link\" href=\"https:\/\/data.public.lu\/fr\/datasets\/tribunal-darrondissement-luxembourg-penal\/\" target=\"_blank\" rel=\"noopener noreferrer\">consulter la page source<\/a> &middot; <a class=\"kji-pdf-link\" href=\"https:\/\/download.data.public.lu\/resources\/tribunal-darrondissement-luxembourg-penal\/20241216-022217\/20240229-tal16-555-pseudonymise-accessible.pdf\" target=\"_blank\" rel=\"noopener noreferrer\">PDF officiel<\/a><\/p>\n<p class=\"kji-license-note\"><em>Licence CC BY-ND 4.0 (Administration judiciaire, data.public.lu). Republication autorisee avec attribution, sans modification editoriale du texte integral.<\/em><\/p>\n<\/div>\n","protected":false},"excerpt":{"rendered":"<p>1 Jugt no555\/2024 not.11777\/23\/CC 1x ex.p. 2x i.c. D \u00c9F A U T AUDIENCE PUBLIQUE DU 29F\u00c9VRIER 2024 Le Tribunal d&#8217;arrondissement de et \u00e0 Luxembourg, seizi\u00e8me chambre, si\u00e9geant en mati\u00e8re correctionnelle, statuant en composition dejuge unique,a rendu le jugement qui suit: Dans la cause du\u2026<\/p>\n","protected":false},"featured_media":0,"template":"","meta":{"_crdt_document":""},"kji_country":[8418],"kji_court":[23583],"kji_chamber":[25729],"kji_year":[8677],"kji_subject":[7632],"kji_keyword":[23584,8457,7636],"kji_language":[7733],"class_list":["post-628599","kji_decision","type-kji_decision","status-publish","hentry","kji_country-luxembourg","kji_court-tribunal-darrondissement","kji_chamber-penal","kji_year-8677","kji_subject-penal","kji_keyword-arrondissement","kji_keyword-fevrier","kji_keyword-tribunal","kji_language-francais"],"yoast_head":"<!-- This site is optimized with the Yoast SEO Premium plugin v27.4 (Yoast SEO v27.4) - https:\/\/yoast.com\/product\/yoast-seo-premium-wordpress\/ -->\n<title>Tribunal d&#039;arrondissement, 29 f\u00e9vrier 2024 - Ma\u00eetre Hassan Kohen, avocat en droit p\u00e9nal \u00e0 Paris<\/title>\n<meta name=\"robots\" content=\"index, follow, max-snippet:-1, max-image-preview:large, max-video-preview:-1\" \/>\n<link rel=\"canonical\" href=\"https:\/\/kohenavocats.com\/ru\/jurisprudences\/tribunal-darrondissement-29-fevrier-2024-17\/\" \/>\n<meta property=\"og:locale\" content=\"ru_RU\" \/>\n<meta property=\"og:type\" content=\"article\" \/>\n<meta property=\"og:title\" content=\"Tribunal d&#039;arrondissement, 29 f\u00e9vrier 2024\" \/>\n<meta property=\"og:description\" content=\"1 Jugt no555\/2024 not.11777\/23\/CC 1x ex.p. 2x i.c. D \u00c9F A U T AUDIENCE PUBLIQUE DU 29F\u00c9VRIER 2024 Le Tribunal d&#039;arrondissement de et \u00e0 Luxembourg, seizi\u00e8me chambre, si\u00e9geant en mati\u00e8re correctionnelle, statuant en composition dejuge unique,a rendu le jugement qui suit: Dans la cause du\u2026\" \/>\n<meta property=\"og:url\" content=\"https:\/\/kohenavocats.com\/ru\/jurisprudences\/tribunal-darrondissement-29-fevrier-2024-17\/\" \/>\n<meta property=\"og:site_name\" content=\"Ma\u00eetre Hassan Kohen, avocat en droit p\u00e9nal \u00e0 Paris\" \/>\n<meta property=\"article:modified_time\" content=\"2026-04-20T21:32:00+00:00\" \/>\n<meta name=\"twitter:card\" content=\"summary_large_image\" \/>\n<meta name=\"twitter:label1\" content=\"\u041f\u0440\u0438\u043c\u0435\u0440\u043d\u043e\u0435 \u0432\u0440\u0435\u043c\u044f \u0434\u043b\u044f \u0447\u0442\u0435\u043d\u0438\u044f\" \/>\n\t<meta name=\"twitter:data1\" content=\"6 \u043c\u0438\u043d\u0443\u0442\" \/>\n<script type=\"application\/ld+json\" class=\"yoast-schema-graph\">{\"@context\":\"https:\\\/\\\/schema.org\",\"@graph\":[{\"@type\":\"WebPage\",\"@id\":\"https:\\\/\\\/kohenavocats.com\\\/ru\\\/jurisprudences\\\/tribunal-darrondissement-29-fevrier-2024-17\\\/\",\"url\":\"https:\\\/\\\/kohenavocats.com\\\/ru\\\/jurisprudences\\\/tribunal-darrondissement-29-fevrier-2024-17\\\/\",\"name\":\"Tribunal d'arrondissement, 29 f\u00e9vrier 2024 - Ma\u00eetre Hassan Kohen, avocat en droit p\u00e9nal \u00e0 Paris\",\"isPartOf\":{\"@id\":\"https:\\\/\\\/kohenavocats.com\\\/ru\\\/#website\"},\"datePublished\":\"2026-04-20T21:31:56+00:00\",\"dateModified\":\"2026-04-20T21:32:00+00:00\",\"breadcrumb\":{\"@id\":\"https:\\\/\\\/kohenavocats.com\\\/ru\\\/jurisprudences\\\/tribunal-darrondissement-29-fevrier-2024-17\\\/#breadcrumb\"},\"inLanguage\":\"ru-RU\",\"potentialAction\":[{\"@type\":\"ReadAction\",\"target\":[\"https:\\\/\\\/kohenavocats.com\\\/ru\\\/jurisprudences\\\/tribunal-darrondissement-29-fevrier-2024-17\\\/\"]}]},{\"@type\":\"BreadcrumbList\",\"@id\":\"https:\\\/\\\/kohenavocats.com\\\/ru\\\/jurisprudences\\\/tribunal-darrondissement-29-fevrier-2024-17\\\/#breadcrumb\",\"itemListElement\":[{\"@type\":\"ListItem\",\"position\":1,\"name\":\"Home\",\"item\":\"https:\\\/\\\/kohenavocats.com\\\/ru\\\/avocats-en-droit-penal-a-paris-conseil-et-defense-strategique\\\/\"},{\"@type\":\"ListItem\",\"position\":2,\"name\":\"Jurisprudences\",\"item\":\"https:\\\/\\\/kohenavocats.com\\\/ru\\\/jurisprudences\\\/\"},{\"@type\":\"ListItem\",\"position\":3,\"name\":\"Tribunal d&rsquo;arrondissement, 29 f\u00e9vrier 2024\"}]},{\"@type\":\"WebSite\",\"@id\":\"https:\\\/\\\/kohenavocats.com\\\/ru\\\/#website\",\"url\":\"https:\\\/\\\/kohenavocats.com\\\/ru\\\/\",\"name\":\"Kohen Avocats\",\"description\":\"Ma\u00eetre Hassan Kohen, avocat p\u00e9naliste \u00e0 Paris, intervient exclusivement en droit p\u00e9nal pour la d\u00e9fense des particuliers, notamment en mati\u00e8re d\u2019accusations de viol. Il assure un accompagnement rigoureux d\u00e8s la garde \u00e0 vue jusqu\u2019\u00e0 la Cour d\u2019assises, veillant au strict respect des garanties proc\u00e9durales.\",\"publisher\":{\"@id\":\"https:\\\/\\\/kohenavocats.com\\\/ru\\\/#organization\"},\"potentialAction\":[{\"@type\":\"SearchAction\",\"target\":{\"@type\":\"EntryPoint\",\"urlTemplate\":\"https:\\\/\\\/kohenavocats.com\\\/ru\\\/?s={search_term_string}\"},\"query-input\":{\"@type\":\"PropertyValueSpecification\",\"valueRequired\":true,\"valueName\":\"search_term_string\"}}],\"inLanguage\":\"ru-RU\"},{\"@type\":\"Organization\",\"@id\":\"https:\\\/\\\/kohenavocats.com\\\/ru\\\/#organization\",\"name\":\"Kohen Avocats\",\"url\":\"https:\\\/\\\/kohenavocats.com\\\/ru\\\/\",\"logo\":{\"@type\":\"ImageObject\",\"inLanguage\":\"ru-RU\",\"@id\":\"https:\\\/\\\/kohenavocats.com\\\/ru\\\/#\\\/schema\\\/logo\\\/image\\\/\",\"url\":\"https:\\\/\\\/kohenavocats.com\\\/wp-content\\\/uploads\\\/2026\\\/01\\\/Logo-2-1.webp\",\"contentUrl\":\"https:\\\/\\\/kohenavocats.com\\\/wp-content\\\/uploads\\\/2026\\\/01\\\/Logo-2-1.webp\",\"width\":2114,\"height\":1253,\"caption\":\"Kohen Avocats\"},\"image\":{\"@id\":\"https:\\\/\\\/kohenavocats.com\\\/ru\\\/#\\\/schema\\\/logo\\\/image\\\/\"}}]}<\/script>\n<!-- \/ Yoast SEO Premium plugin. -->","yoast_head_json":{"title":"Tribunal d'arrondissement, 29 f\u00e9vrier 2024 - Ma\u00eetre Hassan Kohen, avocat en droit p\u00e9nal \u00e0 Paris","robots":{"index":"index","follow":"follow","max-snippet":"max-snippet:-1","max-image-preview":"max-image-preview:large","max-video-preview":"max-video-preview:-1"},"canonical":"https:\/\/kohenavocats.com\/ru\/jurisprudences\/tribunal-darrondissement-29-fevrier-2024-17\/","og_locale":"ru_RU","og_type":"article","og_title":"Tribunal d'arrondissement, 29 f\u00e9vrier 2024","og_description":"1 Jugt no555\/2024 not.11777\/23\/CC 1x ex.p. 2x i.c. D \u00c9F A U T AUDIENCE PUBLIQUE DU 29F\u00c9VRIER 2024 Le Tribunal d'arrondissement de et \u00e0 Luxembourg, seizi\u00e8me chambre, si\u00e9geant en mati\u00e8re correctionnelle, statuant en composition dejuge unique,a rendu le jugement qui suit: Dans la cause du\u2026","og_url":"https:\/\/kohenavocats.com\/ru\/jurisprudences\/tribunal-darrondissement-29-fevrier-2024-17\/","og_site_name":"Ma\u00eetre Hassan Kohen, avocat en droit p\u00e9nal \u00e0 Paris","article_modified_time":"2026-04-20T21:32:00+00:00","twitter_card":"summary_large_image","twitter_misc":{"\u041f\u0440\u0438\u043c\u0435\u0440\u043d\u043e\u0435 \u0432\u0440\u0435\u043c\u044f \u0434\u043b\u044f \u0447\u0442\u0435\u043d\u0438\u044f":"6 \u043c\u0438\u043d\u0443\u0442"},"schema":{"@context":"https:\/\/schema.org","@graph":[{"@type":"WebPage","@id":"https:\/\/kohenavocats.com\/ru\/jurisprudences\/tribunal-darrondissement-29-fevrier-2024-17\/","url":"https:\/\/kohenavocats.com\/ru\/jurisprudences\/tribunal-darrondissement-29-fevrier-2024-17\/","name":"Tribunal d'arrondissement, 29 f\u00e9vrier 2024 - Ma\u00eetre Hassan Kohen, avocat en droit p\u00e9nal \u00e0 Paris","isPartOf":{"@id":"https:\/\/kohenavocats.com\/ru\/#website"},"datePublished":"2026-04-20T21:31:56+00:00","dateModified":"2026-04-20T21:32:00+00:00","breadcrumb":{"@id":"https:\/\/kohenavocats.com\/ru\/jurisprudences\/tribunal-darrondissement-29-fevrier-2024-17\/#breadcrumb"},"inLanguage":"ru-RU","potentialAction":[{"@type":"ReadAction","target":["https:\/\/kohenavocats.com\/ru\/jurisprudences\/tribunal-darrondissement-29-fevrier-2024-17\/"]}]},{"@type":"BreadcrumbList","@id":"https:\/\/kohenavocats.com\/ru\/jurisprudences\/tribunal-darrondissement-29-fevrier-2024-17\/#breadcrumb","itemListElement":[{"@type":"ListItem","position":1,"name":"Home","item":"https:\/\/kohenavocats.com\/ru\/avocats-en-droit-penal-a-paris-conseil-et-defense-strategique\/"},{"@type":"ListItem","position":2,"name":"Jurisprudences","item":"https:\/\/kohenavocats.com\/ru\/jurisprudences\/"},{"@type":"ListItem","position":3,"name":"Tribunal d&rsquo;arrondissement, 29 f\u00e9vrier 2024"}]},{"@type":"WebSite","@id":"https:\/\/kohenavocats.com\/ru\/#website","url":"https:\/\/kohenavocats.com\/ru\/","name":"Kohen Avocats","description":"Ma\u00eetre Hassan Kohen, avocat p\u00e9naliste \u00e0 Paris, intervient exclusivement en droit p\u00e9nal pour la d\u00e9fense des particuliers, notamment en mati\u00e8re d\u2019accusations de viol. Il assure un accompagnement rigoureux d\u00e8s la garde \u00e0 vue jusqu\u2019\u00e0 la Cour d\u2019assises, veillant au strict respect des garanties proc\u00e9durales.","publisher":{"@id":"https:\/\/kohenavocats.com\/ru\/#organization"},"potentialAction":[{"@type":"SearchAction","target":{"@type":"EntryPoint","urlTemplate":"https:\/\/kohenavocats.com\/ru\/?s={search_term_string}"},"query-input":{"@type":"PropertyValueSpecification","valueRequired":true,"valueName":"search_term_string"}}],"inLanguage":"ru-RU"},{"@type":"Organization","@id":"https:\/\/kohenavocats.com\/ru\/#organization","name":"Kohen Avocats","url":"https:\/\/kohenavocats.com\/ru\/","logo":{"@type":"ImageObject","inLanguage":"ru-RU","@id":"https:\/\/kohenavocats.com\/ru\/#\/schema\/logo\/image\/","url":"https:\/\/kohenavocats.com\/wp-content\/uploads\/2026\/01\/Logo-2-1.webp","contentUrl":"https:\/\/kohenavocats.com\/wp-content\/uploads\/2026\/01\/Logo-2-1.webp","width":2114,"height":1253,"caption":"Kohen Avocats"},"image":{"@id":"https:\/\/kohenavocats.com\/ru\/#\/schema\/logo\/image\/"}}]}},"jetpack_likes_enabled":false,"jetpack_sharing_enabled":true,"_links":{"self":[{"href":"https:\/\/kohenavocats.com\/ru\/wp-json\/wp\/v2\/kji_decision\/628599","targetHints":{"allow":["GET"]}}],"collection":[{"href":"https:\/\/kohenavocats.com\/ru\/wp-json\/wp\/v2\/kji_decision"}],"about":[{"href":"https:\/\/kohenavocats.com\/ru\/wp-json\/wp\/v2\/types\/kji_decision"}],"wp:attachment":[{"href":"https:\/\/kohenavocats.com\/ru\/wp-json\/wp\/v2\/media?parent=628599"}],"wp:term":[{"taxonomy":"kji_country","embeddable":true,"href":"https:\/\/kohenavocats.com\/ru\/wp-json\/wp\/v2\/kji_country?post=628599"},{"taxonomy":"kji_court","embeddable":true,"href":"https:\/\/kohenavocats.com\/ru\/wp-json\/wp\/v2\/kji_court?post=628599"},{"taxonomy":"kji_chamber","embeddable":true,"href":"https:\/\/kohenavocats.com\/ru\/wp-json\/wp\/v2\/kji_chamber?post=628599"},{"taxonomy":"kji_year","embeddable":true,"href":"https:\/\/kohenavocats.com\/ru\/wp-json\/wp\/v2\/kji_year?post=628599"},{"taxonomy":"kji_subject","embeddable":true,"href":"https:\/\/kohenavocats.com\/ru\/wp-json\/wp\/v2\/kji_subject?post=628599"},{"taxonomy":"kji_keyword","embeddable":true,"href":"https:\/\/kohenavocats.com\/ru\/wp-json\/wp\/v2\/kji_keyword?post=628599"},{"taxonomy":"kji_language","embeddable":true,"href":"https:\/\/kohenavocats.com\/ru\/wp-json\/wp\/v2\/kji_language?post=628599"}],"curies":[{"name":"wp","href":"https:\/\/api.w.org\/{rel}","templated":true}]}}