{"id":629627,"date":"2026-04-21T01:25:27","date_gmt":"2026-04-20T23:25:27","guid":{"rendered":"https:\/\/kohenavocats.com\/jurisprudences\/tribunal-darrondissement-22-janvier-2024-6\/"},"modified":"2026-04-21T01:25:30","modified_gmt":"2026-04-20T23:25:30","slug":"tribunal-darrondissement-22-janvier-2024-6","status":"publish","type":"kji_decision","link":"https:\/\/kohenavocats.com\/ru\/jurisprudences\/tribunal-darrondissement-22-janvier-2024-6\/","title":{"rendered":"Tribunal d&#8217;arrondissement, 22 janvier 2024"},"content":{"rendered":"<div class=\"kji-decision\">\n<div class=\"kji-full-text\">\n<p>Jugt n\u00b0 201\/2024 Not.:13987\/22\/CC 2x ic (s) Audience publique du22 janvier 2024 Le Tribunal d&#039;arrondissement de et \u00e0 Luxembourg,douzi\u00e8me chambre, si\u00e9geant en mati\u00e8recorrectionnelle, statuant en composition de juge unique, a rendu le jugement qui suit: Dans la cause du Minist\u00e8re Public contre PERSONNE1.), n\u00e9leDATE1.)\u00e0ADRESSE1.), demeurant \u00e0 L-ADRESSE2.), -pr\u00e9venu- FAITS : Par citation du24 novembre2023, le Procureur d&#039;Etat pr\u00e8s le Tribunal d&#039;arrondissement de Luxembourg a requislepr\u00e9venu de compara\u00eetre \u00e0 l&#039;audience publique du2 janvier 2024devant le Tribunal correctionnel de ce si\u00e8ge pour y entendre statuer surla pr\u00e9ventionsuivante: circulation\u2013d\u00e9lit de grande vitesse. A l&#039;appel de la cause \u00e0 cette audience, le vice-pr\u00e9sident constata l&#039;identit\u00e9 dupr\u00e9venu, lui donna connaissance de l\u2019acte qui a saisi le Tribunal et l\u2019informa desesdroitsde garder le silence et de ne pas s\u2019incriminer soi-m\u00eame.<\/p>\n<p>2 Ma\u00eetre Max KREUTZ, avocat \u00e0 la Cour, en remplacement de Ma\u00eetre Philippe PENNING, avocat \u00e0 la Cour, les deux demeurant \u00e0 Luxembourg, souleva un moyen de nullit\u00e9in limine litis. Le repr\u00e9sentantdu Minist\u00e8re Public,Guy BREISTROFF, substitut principal du Procureurd\u2019Etat, prit position quant au moyen soulev\u00e9. Ma\u00eetre Max KREUTZ r\u00e9pliqua. Le Tribunal d\u00e9cida de joindre le moyen soulev\u00e9 au fond. Le pr\u00e9venuPERSONNE1.)futentendu en ses explications et moyens de d\u00e9fense. Le repr\u00e9sentant du Minist\u00e8re Public, Guy BREISTROFF, substitut principal du Procureur d\u2019Etat, fut entendu en son r\u00e9quisitoire. Ma\u00eetre Max KREUTZ, avocat \u00e0 la Cour, en remplacement de Ma\u00eetre Philippe PENNING, avocat \u00e0 la Cour, les deux demeurant \u00e0 Luxembourg, d\u00e9veloppa ensuite plus amplement les moyens de d\u00e9fense du pr\u00e9venuPERSONNE1.). Le pr\u00e9venu eut la parole en dernier. Le Tribunal prit l&#039;affaire en d\u00e9lib\u00e9r\u00e9 et rendit \u00e0 l&#039;audience publique de ce jour, date \u00e0 laquelle le prononc\u00e9 avait \u00e9t\u00e9 fix\u00e9,le JUGEMENTqui suit: Vu la citation\u00e0 pr\u00e9venudu24 novembre 2023, r\u00e9guli\u00e8rement notifi\u00e9e \u00e0PERSONNE1.). Vu le proc\u00e8s-verbal num\u00e9ro215\/2022du20 avril2022,dress\u00e9 par laPoliceGrand- Ducale,R\u00e9gion Capitale,Service r\u00e9gional de police de la route Capitale (L-SRPR). Le Minist\u00e8re Public reproche \u00e0PERSONNE1.)d\u2019avoir,le 20 avril 2022 vers 22.30 heures \u00e0ADRESSE3.),en tant que conducteur d\u2019un v\u00e9hicule automobile sur la voie publique, commis un d\u00e9lit de grande vitesse. Son mandataire demande la nullit\u00e9 de la proc\u00e9dure suivie \u00e0 charge de son client, alors que la Police aurait omis de l\u2019informer de ses droits et notamment de son droit de se faire assister par un avocat. Le Minist\u00e8re Publicr\u00e9plique que les Policiers ont act\u00e9 un exc\u00e8s de vitesse qui constitue en principe une contravention et o\u00f9 par cons\u00e9quent l\u2019article 46(3) du Code de proc\u00e9dure p\u00e9nale n\u2019est pas applicable. Ce ne serait que par la suite dans le cadre de la r\u00e9cidive de l\u2019article 11bis du Code de la routeque le fait incrimin\u00e9 serait \u00e0 qualifier de d\u00e9lit.<\/p>\n<p>3 Le Tribunal constate que le pr\u00e9venuPERSONNE1.)a us\u00e9, aupr\u00e8s de la Police, de son droit de se taire et que la mat\u00e9rialit\u00e9 du fait f\u00fbt \u00e9tablie par radar, de sorte que le non- respect des formalit\u00e9s de l\u2019article 46(3) du Code de proc\u00e9dure p\u00e9nale ne porte pas \u00e0 cons\u00e9quence et le moyen soulev\u00e9 est \u00e0 rejeter. PERSONNE1.)estpartantconvaincupar les d\u00e9batsmen\u00e9s \u00e0 l&#039;audience,les \u00e9l\u00e9ments du dossier r\u00e9pressif,etses aveux: \u00ab\u00e9tant conducteurd&#039;un v\u00e9hicule automoteur sur la voie publique, le20 avril 2022 vers 22.30 heures \u00e0ADRESSE3.), d\u2019avoird\u00e9pass\u00e9 la limitation de vitesse autoris\u00e9e de plus de 50 % du maximum de la vitesse r\u00e9glementaire autoris\u00e9e, la vitesse constat\u00e9e \u00e9tant d&#039;au moins 20 km\/h sup\u00e9rieure \u00e0 ce maximum et ce avant l&#039;expiration du d\u00e9lai de trois ans \u00e0 partir du jour o\u00f9 une pr\u00e9c\u00e9dente condamnation du chef d&#039;une contravention grave en mati\u00e8re de d\u00e9passement de la limitation r\u00e9glementaire de la vitesse est devenue irr\u00e9vocable, en l&#039;esp\u00e8ce d&#039;avoir circul\u00e9 \u00e0 une vitesse de 79km\/h, alors quele vitesse \u00e9tait limit\u00e9e \u00e0 50 km\/h et cealors que le pr\u00e9venu a \u00e9t\u00e9 condamn\u00e9 suivantjugement no. 122 du 1 er mars 2021 du tribunal de police de Luxembourg du chef d&#039;une contravention grave en mati\u00e8re de d\u00e9passement de la limitation r\u00e9glementaire de la vitesse pour avoir d\u00e9pass\u00e9 la limitation de vitesse de 130 km\/h, en ayant circul\u00e9 \u00e0 une vitesse de 237 km\/h.\u00bb L&#039;infraction retenue \u00e0 charge dePERSONNE1.)est punie d\u2019un emprisonnement de huit jours \u00e0 un an et d\u2019une amende de 500 euros \u00e0 10.000 euros ou d\u2019une de ces peines seulement, conform\u00e9ment \u00e0 l\u2019article 11bis de la loi modifi\u00e9e du 14 f\u00e9vrier 1955 concernant la r\u00e9glementation de la circulation sur toutes les voies publiques. L\u2019article 13.1 de la loi modifi\u00e9e du 14 f\u00e9vrier 1955 concernant la r\u00e9glementation de la circulation sur toutes les voies publiques permet au juge saisi d\u2019une ou de plusieurs infractions \u00e0 la r\u00e9glementation de la circulation sur toutes les voies publiques ou de d\u00e9lits ou de crimes qui se sont joints \u00e0 ces infractions, de prononcer une interdiction de conduire de huit jours \u00e0 un an en mati\u00e8re de contraventions et de trois mois \u00e0 quinze ans en mati\u00e8re de d\u00e9lits ou de crimes. Au vu dela gravit\u00e9 del\u2019infraction commise, le TribunalcondamnePERSONNE1.)\u00e0 une peined\u2019interdiction de conduire de9moiset \u00e0 une amende correctionnelle de700 eurosqui tient \u00e9galement compte de ses revenus disponibles. PERSONNE1.)demande \u00e0 voir l\u2019interdiction de conduire \u00e0 prononcer \u00e0 son encontre assortie du sursis, sinon d\u2019exceptions pour les trajets effectu\u00e9s dans l\u2019int\u00e9r\u00eat de son emploi. En vertu de l\u2019article 628 alin\u00e9a 4 duCodede proc\u00e9dure p\u00e9nale, les Cours et Tribunaux peuvent,\u00abdans le cas o\u00f9 ils prononcent une interdiction de conduire un v\u00e9hicule automoteur sur la voie publique, ordonner par la m\u00eame d\u00e9cision motiv\u00e9e qu\u2019il sera<\/p>\n<p>4 sursis \u00e0 l\u2019ex\u00e9cution de tout ou partie de cette peine accessoire, \u00e0condition que le condamn\u00e9 n\u2019ait pas \u00e9t\u00e9, avant le fait motivant sa poursuite, l\u2019objet d\u2019une condamnation irr\u00e9vocable \u00e0 une peine d\u2019emprisonnement correctionnel du chef d\u2019infraction aux lois et r\u00e8glements r\u00e9gissant la circulation sur la voie publique ou \u00e0une peine privative de libert\u00e9 pour infraction aux lois et r\u00e8glements concernant la vente de substances m\u00e9dicamenteuses.\u00bb Lepr\u00e9venuPERSONNE1.)n&#039;a pas encore subi jusqu&#039;\u00e0 ce jour de condamnation excluant le sursis\u00e0 l&#039;ex\u00e9cution des peines et iln&#039;est pas indigne de la cl\u00e9mence du Tribunal. Il y a partant lieu de lui accorder la faveur dusursisint\u00e9gralquant \u00e0 l\u2019interdiction de conduire\u00e0 prononcer \u00e0 son encontre. PAR CES MOTIFS la douzi\u00e8me chambre du Tribunal d&#039;arrondissement de et \u00e0 Luxembourg,compos\u00e9e de sonvice-pr\u00e9sident,statuantcontradictoirement,lerepr\u00e9sentantdu Minist\u00e8re Public entenduen son r\u00e9quisitoire,lepr\u00e9venuPERSONNE1.)et son mandataireentendusen leursexplications et moyens de d\u00e9fense,etle pr\u00e9venu ayant eu la parole en dernier, d\u00e9clarele moyen de nullit\u00e9 soulev\u00e9 recevable, mais non fond\u00e9; condamnePERSONNE1.)duchef del\u2019infractionretenue\u00e0sa charge \u00e0 une amende correctionnelledeseptcents(700)eurosainsi qu&#039;aux frais de sa poursuite p\u00e9nale, ces frais liquid\u00e9s\u00e08,52euros; fixela dur\u00e9e de la contrainte par corps en cas de non-paiement de l&#039;amende \u00e0sept(7) jours; prononcecontrePERSONNE1.)du chef del\u2019infractionretenue\u00e0 sa charge pour la dur\u00e9e deneuf (9)moisl&#039;interdiction de conduire un v\u00e9hicule automoteur des cat\u00e9gories A-F sur la voie publique ; ditqu&#039;il serasursis\u00e0 l&#039;ex\u00e9cution del\u2019int\u00e9gralit\u00e9de cette interdiction de conduire; avertitPERSONNE1.)qu\u2019au cas, o\u00f9 dans un d\u00e9lai de cinq ans \u00e0dater du pr\u00e9sent jugement, ilaura commis une nouvelle infraction ayant entra\u00een\u00e9 une condamnation \u00e0 une interdiction de conduire d\u2019un v\u00e9hicule sur la voie publique ou \u00e0 une peine privative de libert\u00e9 pour crimes ou d\u00e9lits pr\u00e9vus par la l\u00e9gislation sur la circulation sur les voies publiques ou sur la vente de substances m\u00e9dicamenteuses et la lutte contre la toxicomanie, l\u2019interdiction de conduire prononc\u00e9e ci-devant sera ex\u00e9cut\u00e9e sans confusion possible avec la nouvelle peine et que les peines de la r\u00e9cidive seront encourues dans les termes de l\u2019article 56 al. 2 duCodep\u00e9nal. Par application desarticles 14, 16, 27, 28, 29et30duCodep\u00e9nal,des articles155,179, 182, 184, 189, 190, 190-1, 194, 195,196, 628et 628-1duCodede proc\u00e9dure p\u00e9nale, des articles1, 2, 11bis, 13 et 14bisde la loi modifi\u00e9e du 14 f\u00e9vrier 1955concernant la r\u00e9glementation de la circulation sur toutes les voies publiques,qui furent d\u00e9sign\u00e9s \u00e0 l&#039;audience par levice-pr\u00e9sident.<\/p>\n<p>5 Ainsi fait, jug\u00e9 et prononc\u00e9 par Marc THILL, vice-pr\u00e9sident, en audience publique au Tribunal d\u2019arrondissement \u00e0 Luxembourg, en pr\u00e9sencedeSydney SCHREINER, substitut du Procureur d\u2019Etat, et d\u2019Anne THIRY, greffier, qui, \u00e0 l&#039;exception de la repr\u00e9sentante du Minist\u00e8re Public, ont sign\u00e9 le pr\u00e9sent jugement.<\/p>\n<\/div>\n<hr class=\"kji-sep\" \/>\n<p class=\"kji-source-links\"><strong>Sources officielles :<\/strong> <a class=\"kji-source-link\" href=\"https:\/\/data.public.lu\/fr\/datasets\/tribunal-darrondissement-luxembourg-penal\/\" target=\"_blank\" rel=\"noopener noreferrer\">consulter la page source<\/a> &middot; <a class=\"kji-pdf-link\" href=\"https:\/\/download.data.public.lu\/resources\/tribunal-darrondissement-luxembourg-penal\/20240828-022743\/20240122-tal12-201-pseudonymise-accessible.pdf\" target=\"_blank\" rel=\"noopener noreferrer\">PDF officiel<\/a><\/p>\n<p class=\"kji-license-note\"><em>Licence CC BY-ND 4.0 (Administration judiciaire, data.public.lu). Republication autorisee avec attribution, sans modification editoriale du texte integral.<\/em><\/p>\n<\/div>\n","protected":false},"excerpt":{"rendered":"<p>Jugt n\u00b0 201\/2024 Not.:13987\/22\/CC 2x ic (s) Audience publique du22 janvier 2024 Le Tribunal d&#8217;arrondissement de et \u00e0 Luxembourg,douzi\u00e8me chambre, si\u00e9geant en mati\u00e8recorrectionnelle, statuant en composition de juge unique, a rendu le jugement qui suit: Dans la cause du Minist\u00e8re Public contre PERSONNE1.), n\u00e9leDATE1.)\u00e0ADRESSE1.), demeurant\u2026<\/p>\n","protected":false},"featured_media":0,"template":"","meta":{"_crdt_document":""},"kji_country":[8418],"kji_court":[23583],"kji_chamber":[25729],"kji_year":[8677],"kji_subject":[7632],"kji_keyword":[23584,8460,7636],"kji_language":[7733],"class_list":["post-629627","kji_decision","type-kji_decision","status-publish","hentry","kji_country-luxembourg","kji_court-tribunal-darrondissement","kji_chamber-penal","kji_year-8677","kji_subject-penal","kji_keyword-arrondissement","kji_keyword-janvier","kji_keyword-tribunal","kji_language-francais"],"yoast_head":"<!-- This site is optimized with the Yoast SEO Premium plugin v27.5 (Yoast SEO v27.5) - https:\/\/yoast.com\/product\/yoast-seo-premium-wordpress\/ -->\n<title>Tribunal d&#039;arrondissement, 22 janvier 2024 - Ma\u00eetre Hassan Kohen, avocat en droit p\u00e9nal \u00e0 Paris<\/title>\n<meta name=\"robots\" content=\"index, follow, max-snippet:-1, max-image-preview:large, max-video-preview:-1\" \/>\n<link rel=\"canonical\" href=\"https:\/\/kohenavocats.com\/ru\/jurisprudences\/tribunal-darrondissement-22-janvier-2024-6\/\" \/>\n<meta property=\"og:locale\" content=\"ru_RU\" \/>\n<meta property=\"og:type\" content=\"article\" \/>\n<meta property=\"og:title\" content=\"Tribunal d&#039;arrondissement, 22 janvier 2024\" \/>\n<meta property=\"og:description\" content=\"Jugt n\u00b0 201\/2024 Not.:13987\/22\/CC 2x ic (s) Audience publique du22 janvier 2024 Le Tribunal d&#039;arrondissement de et \u00e0 Luxembourg,douzi\u00e8me chambre, si\u00e9geant en mati\u00e8recorrectionnelle, statuant en composition de juge unique, a rendu le jugement qui suit: Dans la cause du Minist\u00e8re Public contre PERSONNE1.), n\u00e9leDATE1.)\u00e0ADRESSE1.), demeurant\u2026\" \/>\n<meta property=\"og:url\" content=\"https:\/\/kohenavocats.com\/ru\/jurisprudences\/tribunal-darrondissement-22-janvier-2024-6\/\" \/>\n<meta property=\"og:site_name\" content=\"Ma\u00eetre Hassan Kohen, avocat en droit p\u00e9nal \u00e0 Paris\" \/>\n<meta property=\"article:modified_time\" content=\"2026-04-20T23:25:30+00:00\" \/>\n<meta name=\"twitter:card\" content=\"summary_large_image\" \/>\n<meta name=\"twitter:label1\" content=\"\u041f\u0440\u0438\u043c\u0435\u0440\u043d\u043e\u0435 \u0432\u0440\u0435\u043c\u044f \u0434\u043b\u044f \u0447\u0442\u0435\u043d\u0438\u044f\" \/>\n\t<meta name=\"twitter:data1\" content=\"7 \u043c\u0438\u043d\u0443\u0442\" \/>\n<script type=\"application\/ld+json\" class=\"yoast-schema-graph\">{\"@context\":\"https:\\\/\\\/schema.org\",\"@graph\":[{\"@type\":\"WebPage\",\"@id\":\"https:\\\/\\\/kohenavocats.com\\\/ru\\\/jurisprudences\\\/tribunal-darrondissement-22-janvier-2024-6\\\/\",\"url\":\"https:\\\/\\\/kohenavocats.com\\\/ru\\\/jurisprudences\\\/tribunal-darrondissement-22-janvier-2024-6\\\/\",\"name\":\"Tribunal d'arrondissement, 22 janvier 2024 - Ma\u00eetre Hassan Kohen, avocat en droit p\u00e9nal \u00e0 Paris\",\"isPartOf\":{\"@id\":\"https:\\\/\\\/kohenavocats.com\\\/ru\\\/#website\"},\"datePublished\":\"2026-04-20T23:25:27+00:00\",\"dateModified\":\"2026-04-20T23:25:30+00:00\",\"breadcrumb\":{\"@id\":\"https:\\\/\\\/kohenavocats.com\\\/ru\\\/jurisprudences\\\/tribunal-darrondissement-22-janvier-2024-6\\\/#breadcrumb\"},\"inLanguage\":\"ru-RU\",\"potentialAction\":[{\"@type\":\"ReadAction\",\"target\":[\"https:\\\/\\\/kohenavocats.com\\\/ru\\\/jurisprudences\\\/tribunal-darrondissement-22-janvier-2024-6\\\/\"]}]},{\"@type\":\"BreadcrumbList\",\"@id\":\"https:\\\/\\\/kohenavocats.com\\\/ru\\\/jurisprudences\\\/tribunal-darrondissement-22-janvier-2024-6\\\/#breadcrumb\",\"itemListElement\":[{\"@type\":\"ListItem\",\"position\":1,\"name\":\"Home\",\"item\":\"https:\\\/\\\/kohenavocats.com\\\/ru\\\/avocats-en-droit-penal-a-paris-conseil-et-defense-strategique\\\/\"},{\"@type\":\"ListItem\",\"position\":2,\"name\":\"Jurisprudences\",\"item\":\"https:\\\/\\\/kohenavocats.com\\\/ru\\\/jurisprudences\\\/\"},{\"@type\":\"ListItem\",\"position\":3,\"name\":\"Tribunal d&rsquo;arrondissement, 22 janvier 2024\"}]},{\"@type\":\"WebSite\",\"@id\":\"https:\\\/\\\/kohenavocats.com\\\/ru\\\/#website\",\"url\":\"https:\\\/\\\/kohenavocats.com\\\/ru\\\/\",\"name\":\"Kohen Avocats\",\"description\":\"Ma\u00eetre Hassan Kohen, avocat p\u00e9naliste \u00e0 Paris, intervient exclusivement en droit p\u00e9nal pour la d\u00e9fense des particuliers, notamment en mati\u00e8re d\u2019accusations de viol. Il assure un accompagnement rigoureux d\u00e8s la garde \u00e0 vue jusqu\u2019\u00e0 la Cour d\u2019assises, veillant au strict respect des garanties proc\u00e9durales.\",\"publisher\":{\"@id\":\"https:\\\/\\\/kohenavocats.com\\\/ru\\\/#organization\"},\"potentialAction\":[{\"@type\":\"SearchAction\",\"target\":{\"@type\":\"EntryPoint\",\"urlTemplate\":\"https:\\\/\\\/kohenavocats.com\\\/ru\\\/?s={search_term_string}\"},\"query-input\":{\"@type\":\"PropertyValueSpecification\",\"valueRequired\":true,\"valueName\":\"search_term_string\"}}],\"inLanguage\":\"ru-RU\"},{\"@type\":\"Organization\",\"@id\":\"https:\\\/\\\/kohenavocats.com\\\/ru\\\/#organization\",\"name\":\"Kohen Avocats\",\"url\":\"https:\\\/\\\/kohenavocats.com\\\/ru\\\/\",\"logo\":{\"@type\":\"ImageObject\",\"inLanguage\":\"ru-RU\",\"@id\":\"https:\\\/\\\/kohenavocats.com\\\/ru\\\/#\\\/schema\\\/logo\\\/image\\\/\",\"url\":\"https:\\\/\\\/kohenavocats.com\\\/wp-content\\\/uploads\\\/2026\\\/01\\\/Logo-2-1.webp\",\"contentUrl\":\"https:\\\/\\\/kohenavocats.com\\\/wp-content\\\/uploads\\\/2026\\\/01\\\/Logo-2-1.webp\",\"width\":2114,\"height\":1253,\"caption\":\"Kohen Avocats\"},\"image\":{\"@id\":\"https:\\\/\\\/kohenavocats.com\\\/ru\\\/#\\\/schema\\\/logo\\\/image\\\/\"}}]}<\/script>\n<!-- \/ Yoast SEO Premium plugin. -->","yoast_head_json":{"title":"Tribunal d'arrondissement, 22 janvier 2024 - Ma\u00eetre Hassan Kohen, avocat en droit p\u00e9nal \u00e0 Paris","robots":{"index":"index","follow":"follow","max-snippet":"max-snippet:-1","max-image-preview":"max-image-preview:large","max-video-preview":"max-video-preview:-1"},"canonical":"https:\/\/kohenavocats.com\/ru\/jurisprudences\/tribunal-darrondissement-22-janvier-2024-6\/","og_locale":"ru_RU","og_type":"article","og_title":"Tribunal d'arrondissement, 22 janvier 2024","og_description":"Jugt n\u00b0 201\/2024 Not.:13987\/22\/CC 2x ic (s) Audience publique du22 janvier 2024 Le Tribunal d'arrondissement de et \u00e0 Luxembourg,douzi\u00e8me chambre, si\u00e9geant en mati\u00e8recorrectionnelle, statuant en composition de juge unique, a rendu le jugement qui suit: Dans la cause du Minist\u00e8re Public contre PERSONNE1.), n\u00e9leDATE1.)\u00e0ADRESSE1.), demeurant\u2026","og_url":"https:\/\/kohenavocats.com\/ru\/jurisprudences\/tribunal-darrondissement-22-janvier-2024-6\/","og_site_name":"Ma\u00eetre Hassan Kohen, avocat en droit p\u00e9nal \u00e0 Paris","article_modified_time":"2026-04-20T23:25:30+00:00","twitter_card":"summary_large_image","twitter_misc":{"\u041f\u0440\u0438\u043c\u0435\u0440\u043d\u043e\u0435 \u0432\u0440\u0435\u043c\u044f \u0434\u043b\u044f \u0447\u0442\u0435\u043d\u0438\u044f":"7 \u043c\u0438\u043d\u0443\u0442"},"schema":{"@context":"https:\/\/schema.org","@graph":[{"@type":"WebPage","@id":"https:\/\/kohenavocats.com\/ru\/jurisprudences\/tribunal-darrondissement-22-janvier-2024-6\/","url":"https:\/\/kohenavocats.com\/ru\/jurisprudences\/tribunal-darrondissement-22-janvier-2024-6\/","name":"Tribunal d'arrondissement, 22 janvier 2024 - Ma\u00eetre Hassan Kohen, avocat en droit p\u00e9nal \u00e0 Paris","isPartOf":{"@id":"https:\/\/kohenavocats.com\/ru\/#website"},"datePublished":"2026-04-20T23:25:27+00:00","dateModified":"2026-04-20T23:25:30+00:00","breadcrumb":{"@id":"https:\/\/kohenavocats.com\/ru\/jurisprudences\/tribunal-darrondissement-22-janvier-2024-6\/#breadcrumb"},"inLanguage":"ru-RU","potentialAction":[{"@type":"ReadAction","target":["https:\/\/kohenavocats.com\/ru\/jurisprudences\/tribunal-darrondissement-22-janvier-2024-6\/"]}]},{"@type":"BreadcrumbList","@id":"https:\/\/kohenavocats.com\/ru\/jurisprudences\/tribunal-darrondissement-22-janvier-2024-6\/#breadcrumb","itemListElement":[{"@type":"ListItem","position":1,"name":"Home","item":"https:\/\/kohenavocats.com\/ru\/avocats-en-droit-penal-a-paris-conseil-et-defense-strategique\/"},{"@type":"ListItem","position":2,"name":"Jurisprudences","item":"https:\/\/kohenavocats.com\/ru\/jurisprudences\/"},{"@type":"ListItem","position":3,"name":"Tribunal d&rsquo;arrondissement, 22 janvier 2024"}]},{"@type":"WebSite","@id":"https:\/\/kohenavocats.com\/ru\/#website","url":"https:\/\/kohenavocats.com\/ru\/","name":"Kohen Avocats","description":"Ma\u00eetre Hassan Kohen, avocat p\u00e9naliste \u00e0 Paris, intervient exclusivement en droit p\u00e9nal pour la d\u00e9fense des particuliers, notamment en mati\u00e8re d\u2019accusations de viol. Il assure un accompagnement rigoureux d\u00e8s la garde \u00e0 vue jusqu\u2019\u00e0 la Cour d\u2019assises, veillant au strict respect des garanties proc\u00e9durales.","publisher":{"@id":"https:\/\/kohenavocats.com\/ru\/#organization"},"potentialAction":[{"@type":"SearchAction","target":{"@type":"EntryPoint","urlTemplate":"https:\/\/kohenavocats.com\/ru\/?s={search_term_string}"},"query-input":{"@type":"PropertyValueSpecification","valueRequired":true,"valueName":"search_term_string"}}],"inLanguage":"ru-RU"},{"@type":"Organization","@id":"https:\/\/kohenavocats.com\/ru\/#organization","name":"Kohen Avocats","url":"https:\/\/kohenavocats.com\/ru\/","logo":{"@type":"ImageObject","inLanguage":"ru-RU","@id":"https:\/\/kohenavocats.com\/ru\/#\/schema\/logo\/image\/","url":"https:\/\/kohenavocats.com\/wp-content\/uploads\/2026\/01\/Logo-2-1.webp","contentUrl":"https:\/\/kohenavocats.com\/wp-content\/uploads\/2026\/01\/Logo-2-1.webp","width":2114,"height":1253,"caption":"Kohen Avocats"},"image":{"@id":"https:\/\/kohenavocats.com\/ru\/#\/schema\/logo\/image\/"}}]}},"jetpack_likes_enabled":false,"jetpack_sharing_enabled":true,"_links":{"self":[{"href":"https:\/\/kohenavocats.com\/ru\/wp-json\/wp\/v2\/kji_decision\/629627","targetHints":{"allow":["GET"]}}],"collection":[{"href":"https:\/\/kohenavocats.com\/ru\/wp-json\/wp\/v2\/kji_decision"}],"about":[{"href":"https:\/\/kohenavocats.com\/ru\/wp-json\/wp\/v2\/types\/kji_decision"}],"wp:attachment":[{"href":"https:\/\/kohenavocats.com\/ru\/wp-json\/wp\/v2\/media?parent=629627"}],"wp:term":[{"taxonomy":"kji_country","embeddable":true,"href":"https:\/\/kohenavocats.com\/ru\/wp-json\/wp\/v2\/kji_country?post=629627"},{"taxonomy":"kji_court","embeddable":true,"href":"https:\/\/kohenavocats.com\/ru\/wp-json\/wp\/v2\/kji_court?post=629627"},{"taxonomy":"kji_chamber","embeddable":true,"href":"https:\/\/kohenavocats.com\/ru\/wp-json\/wp\/v2\/kji_chamber?post=629627"},{"taxonomy":"kji_year","embeddable":true,"href":"https:\/\/kohenavocats.com\/ru\/wp-json\/wp\/v2\/kji_year?post=629627"},{"taxonomy":"kji_subject","embeddable":true,"href":"https:\/\/kohenavocats.com\/ru\/wp-json\/wp\/v2\/kji_subject?post=629627"},{"taxonomy":"kji_keyword","embeddable":true,"href":"https:\/\/kohenavocats.com\/ru\/wp-json\/wp\/v2\/kji_keyword?post=629627"},{"taxonomy":"kji_language","embeddable":true,"href":"https:\/\/kohenavocats.com\/ru\/wp-json\/wp\/v2\/kji_language?post=629627"}],"curies":[{"name":"wp","href":"https:\/\/api.w.org\/{rel}","templated":true}]}}