{"id":629742,"date":"2026-04-21T01:41:33","date_gmt":"2026-04-20T23:41:33","guid":{"rendered":"https:\/\/kohenavocats.com\/jurisprudences\/tribunal-darrondissement-25-janvier-2024-41\/"},"modified":"2026-04-21T01:41:36","modified_gmt":"2026-04-20T23:41:36","slug":"tribunal-darrondissement-25-janvier-2024-41","status":"publish","type":"kji_decision","link":"https:\/\/kohenavocats.com\/ru\/jurisprudences\/tribunal-darrondissement-25-janvier-2024-41\/","title":{"rendered":"Tribunal d&#8217;arrondissement, 25 janvier 2024"},"content":{"rendered":"<div class=\"kji-decision\">\n<div class=\"kji-full-text\">\n<p>Jugement no.227\/2024 Not.36597\/23\/CC 1 x ex.p. 2xi.c. AUDIENCE PUBLIQUE DU 25 JANVIER 2024 LeTribunald&#039;arrondissement de et \u00e0 Luxembourg,septi\u00e8me chambre correctionnelle, statuant en composition dejuge unique, a rendu le jugement qui suit: dans la cause duMinist\u00e8re Publiccontre PERSONNE1.), n\u00e9 leDATE1.)\u00e0ADRESSE1.), demeurantADRESSE2.), -p r \u00e9 v e n u\u2013 L\u2019Etat luxembourgeois (PONTS ET CHAUSSEES \u2013Service juridique (Minist\u00e8re des travaux publics) L-2940 Luxembourg, repr\u00e9sent\u00e9 par son agentPERSONNE2.) partie civileconstitu\u00e9e contre le pr\u00e9venuPERSONNE1.),pr\u00e9qualifi\u00e9. _____________________________________________________________________ F A I T S : Par citation du15 novembre 2023le Procureur d&#039;Etat pr\u00e8s le Tribunal d&#039;arrondissement de Luxembourg a requis lepr\u00e9venu de compara\u00eetre \u00e0 l\u2019audience publique du5 janvier 2024devant le Tribunal correctionnel de ce si\u00e8ge, pour y entendre statuer sur lespr\u00e9ventionssuivantes: circulation:d\u00e9faut de permis de conduire valable;influence d\u2019alcool(0,48mg\/l d\u2019air expir\u00e9), contraventions.<\/p>\n<p>2 A cette audience, levice-pr\u00e9sident constata l&#039;identit\u00e9 du pr\u00e9venuPERSONNE1.),lui donna connaissance de l\u2019acte qui a saisi le Tribunal et l\u2019informa de son droit de se taire et de son droit de ne pas s\u2019incriminer soi-m\u00eame. Le pr\u00e9venuPERSONNE1.)fut entendu en ses explications et moyens de d\u00e9fense. PERSONNE2.), d\u00fbment mandat\u00e9, se constitua partie civile pour et au nom del\u2019Etat luxembourgeois (PONTS ET CHAUSSEES (Minist\u00e8re des travaux publics))et demanda r\u00e9paration du pr\u00e9judice accru. Lerepr\u00e9sentantdu Minist\u00e8re Public,David GROBER, substitutdu Procureur d\u2019Etat, r\u00e9suma l\u2019affaire etfut entendu en son r\u00e9quisitoire. Ma\u00eetre Daniel NOEL, avocat \u00e0 la Cour, demeurant \u00e0 Esch-sur-Alzette, d\u00e9veloppa plus amplement les moyens de d\u00e9fense du pr\u00e9venuPERSONNE1.). Le pr\u00e9venuPERSONNE1.)eut la parole en dernier. LeTribunalprit l&#039;affaire en d\u00e9lib\u00e9r\u00e9 et rendit \u00e0 l&#039;audience publique de ce jour, date \u00e0 laquelle le prononc\u00e9 avait \u00e9t\u00e9 fix\u00e9, le J U G E M E N T qui suit: Vu la citation\u00e0 pr\u00e9venudu15 novembre 2023(not. 36597\/23\/CC)r\u00e9guli\u00e8rement notifi\u00e9e \u00e0 PERSONNE1.). AU PENAL: Vu le proc\u00e8s-verbal num\u00e9ro1405\/2023\u00e9tabli en date du10septembre2023par la Police Grand- Ducale,Unit\u00e9 de la police de la route,Service intervention autoroutier. Le Minist\u00e8re Public reproche \u00e0PERSONNE1.)les infractions suivantes: \u00ab\u00e9tant conducteur d&#039;un v\u00e9hicule automoteur sur la voie publique, le 10septembre 2023surADRESSE3.), sans pr\u00e9judice des circonstances de temps et de lieu exactes, 1) d\u2019avoir circul\u00e9, m\u00eame en l&#039;absence de signes manifestes d&#039;influence de l&#039;alcool, avec un taux d&#039;alcool d&#039;au moins 0,25 mg par litre d&#039;air expir\u00e9 sans atteindre 0,55 mg par litre d&#039;air expir\u00e9, en l&#039;esp\u00e8ce de 0,48 mg par litre d&#039;air expir\u00e9; 2) d\u2019avoir conduit un v\u00e9hicule sans \u00eatre titulaire d&#039;un permis deconduire valable, en l&#039;esp\u00e8ce, malgr\u00e9 une interdiction de conduire judiciaire de 34 mois (except\u00e9s le trajet le plus court menant du domicile du pr\u00e9venu \u00e0 son lieu de travail et le retour ainsi que les trajets effectu\u00e9s dans l&#039;int\u00e9r\u00eat prouv\u00e9 de sa profession), ex\u00e9cut\u00e9e du 15juillet 2023au 29avril2026, notifi\u00e9e au pr\u00e9venu le 30juin2018, r\u00e9sultant d&#039;un jugement n\u00b01165 rendu par le tribunal correctionnel de Luxembourg en date du 29mars2018;<\/p>\n<p>3 3) d\u00e9faut de se comporter raisonnablement et prudemment defa\u00e7on \u00e0 ne pas constituer un danger pour la circulation; 4) d\u00e9faut de se comporter raisonnablement et prudemment de fa\u00e7on \u00e0 ne pas causer un dommage aux propri\u00e9t\u00e9s publiques ou priv\u00e9es; 5) d\u00e9faut de conduire de fa\u00e7on \u00e0 rester constamment ma\u00eetre de son v\u00e9hicule.\u00bb Il r\u00e9sulte du casier judiciaire du pr\u00e9venuPERSONNE1.)qu\u2019ila \u00e9t\u00e9 condamn\u00e9 en date du 9 octobre 2020 du chef de conduite avec un taux d\u2019alcool de 0,82 mg\/l d\u2019air expir\u00e9.En date du 10 septembre 2023, le pr\u00e9venu auraitcommis l\u2019infractionde conduite sous influence d\u2019alcool avec un tauxd\u2019alcoolde 0,48 mg\/l, constatant quele d\u00e9lais de deux ans apr\u00e8s la premi\u00e8re condamnation est \u00e9coul\u00e9. Le tribunalcorrectionnelestpartantincomp\u00e9tent pour conna\u00eetre de cette infractionqui constitue une contravention non connexe au d\u00e9lit de conduite sans permis de conduire valable libell\u00e9 sub 2) de la citation \u00e0 pr\u00e9venu. Lesinfractionslibell\u00e9essub3),4) et 5), \u00e0 savoir: 3) d\u00e9faut de se comporter raisonnablement et prudemment de fa\u00e7on \u00e0 ne pas constituer un danger pour la circulation; 4) d\u00e9faut de se comporterraisonnablement et prudemment de fa\u00e7on \u00e0 ne pas causer un dommage aux propri\u00e9t\u00e9s publiques ou priv\u00e9es; 5) d\u00e9faut de conduire de fa\u00e7on \u00e0 rester constamment ma\u00eetre de son v\u00e9hicule, sont\u00e9galementdescontraventionsnon connexesavec la conduite sans \u00eatre titulaire d\u2019un permis de conduire valable. Il s\u2019ensuit que le tribunal correctionnel est incomp\u00e9tent pour conna\u00eetre de cescontraventions. Il r\u00e9sulte du dossier r\u00e9pressif quele pr\u00e9venuPERSONNE1.)aconduit un v\u00e9hicule sans \u00eatre titulaire d\u2019un permis deconduire valable, en l\u2019esp\u00e8cemalgr\u00e9 une interdiction de conduire judiciaire de 34 mois, ex\u00e9cut\u00e9e du 15 juillet 2023 au 29 avril 2026, notifi\u00e9e au pr\u00e9venu le 30 juin 2018, r\u00e9sultant d&#039;un jugement n\u00b01165 rendu par le tribunal correctionnel de Luxembourg en date du 29 mars 2018. Cetteinfraction reproch\u00e9eau pr\u00e9venu est partant donn\u00e9e en l\u2019esp\u00e8ce. PERSONNE1.)est partantconvaincupar les \u00e9l\u00e9ments du dossier r\u00e9pressif,ensemble l\u2019instruction men\u00e9e \u00e0 l\u2019audience: \u00ab\u00e9tant conducteur d\u2019unv\u00e9hicule automoteur sur la voie publique, le10 septembre 2023 sur l\u2019autoroute A4 direction Luxembourg, sortie Foetz,<\/p>\n<p>4 d\u2019avoir conduit un v\u00e9hicule sans \u00eatre titulaire d\u2019un permis de conduire valable, en l\u2019esp\u00e8ce malgr\u00e9 une interdiction de conduirejudiciaire de 34 mois,ex\u00e9cut\u00e9edu 15 juillet 2023 au 29 avril 2026, notifi\u00e9eau pr\u00e9venu le 30 juin 2018, r\u00e9sultant d\u2019un jugement num\u00e9ro 1165 rendu par le tribunal correctionnel de Luxembourgen date du 29 mars 2018.\u00bb L\u2019infraction retenue \u00e0 charge dePERSONNE1.)est punie d\u2019une peine d\u2019emprisonnement de huit jours \u00e0 trois ans ainsi que d\u2019une amende de 500 euros \u00e0 10.000 euros ou d\u2019une de ces peines seulement, conform\u00e9ment \u00e0 l\u2019article 13 de la loi modifi\u00e9e du 14 f\u00e9vrier 1955 concernant la r\u00e9glementationde la circulation sur toutes les voies publiques. L\u2019article 13.1. de la loi modifi\u00e9e du 14 f\u00e9vrier 1955 concernant la r\u00e9glementation de la circulation sur toutes les voies publiques permet au juge saisi d\u2019une ou de plusieurs infractions \u00e0 la r\u00e9glementation de la circulation sur toutes les voies publiques ou de d\u00e9lits ou de crimes qui se sont joints \u00e0 ces infractions, de prononcer une interdiction de conduire de huit jours \u00e0 un an en mati\u00e8re de contraventions et de trois mois \u00e0 quinze ans en mati\u00e8re de d\u00e9lits ou de crimes. Au vu de la gravit\u00e9 del\u2019infraction commiseet de ses multiples ant\u00e9c\u00e9dents judiciaires en mati\u00e8re de circulation routi\u00e8re, le Tribunal condamnePERSONNE1.)\u00e0 une peine d\u2019emprisonnement de6 mois, \u00e0 une amende de1.500 euros, ainsiqu\u2019\u00e0une interdiction de conduire de18moisdu chef de l\u2019infraction retenue \u00e0 sa charge. AU CIVIL: A l\u2019audience publique du5 janvier 2024,PERSONNE2.), d\u00fbment mandat\u00e9, se constitua partie civile pour et au nom del\u2019Etat luxembourgeois (PONTS ETCHAUSSEES (Minist\u00e8re des travaux publics))et demanda r\u00e9paration du pr\u00e9judice accru. Il y a lieu de donner acte \u00e0 la partie demanderesse au civil de sa constitution de partie civile. Le Tribunal est cependant incomp\u00e9tent pour en conna\u00eetre, eu \u00e9gard \u00e0 lad\u00e9cision \u00e0 intervenir au p\u00e9nal \u00e0 l&#039;\u00e9gard du pr\u00e9venuPERSONNE1.), se d\u00e9clarant incomp\u00e9tent pour conna\u00eetre dela contraventionsub 4)d\u00e9faut de se comporter raisonnablement et prudemment de fa\u00e7on \u00e0 ne pas causer un dommage aux propri\u00e9t\u00e9s publiques oupriv\u00e9es. P A R C E S M O T I F S : leTribunald&#039;arrondissement de et \u00e0 Luxembourg,septi\u00e8me chambre, compos\u00e9e de sonvice- pr\u00e9sident, si\u00e9geant enmati\u00e8re correctionnelle,statuantcontradictoirement,lepr\u00e9venu PERSONNE1.)et sonmandataire entendus en leursexplications et moyens de d\u00e9fense, le demandeur au civilentenduen sesconclusions,etlerepr\u00e9sentant du Minist\u00e8re Public entendu en ses r\u00e9quisitions, AU PENAL: se d\u00e9clareincomp\u00e9tent pour conna\u00eetre desinfractionslibell\u00e9essub1), 3, 4 et 5)dans la citation \u00e0 pr\u00e9venu; c o n d a m n ele pr\u00e9venuPERSONNE1.)du chef del\u2019infraction retenue \u00e0 sa charge \u00e0 une peine d\u2019emprisonnement desix (6) mois;<\/p>\n<p>5 c o n d a m n ele pr\u00e9venuPERSONNE1.)du chef del\u2019infraction retenue\u00e0 sa charge \u00e0 une amende correctionnelle demille cinq cents (1.500) euros,ainsi qu&#039;aux frais de sa mise en jugement, ces frais liquid\u00e9s \u00e08,52euros; f i x ela dur\u00e9e de la contrainte par corps en cas de non-paiement de l&#039;amende \u00e0quinze (15) jours; p r o n o n c econtrePERSONNE1.)du chef del\u2019infractionretenue\u00e0 sa charge pour la dur\u00e9e dedix-huit(18)moisl&#039;interdiction de conduire un v\u00e9hicule automoteur des cat\u00e9gories A-F sur la voiepublique; AU CIVIL: d o n n e acteau demandeur au civil,l\u2019Etat luxembourgeois(PONTS ET CHAUSSEES (Minist\u00e8re des travaux publics)), de sa constitution de partie civile; se d \u00e9 c l a r eincomp\u00e9tentpour en conna\u00eetre; laisseles frais \u00e0 charge du demandeur au civil. Par application des articles 14,15, 16,28, 29et30 duCodep\u00e9nal, des articles 1, 179, 182, 184, 185, 189, 190, 190-1, 194, 195 et 196 duCodede proc\u00e9dure p\u00e9nale et des articles 1, 2, 13, 14 et 14 bisde la loi modifi\u00e9e du 14 f\u00e9vrier 1955 concernant la r\u00e9glementation de la circulation sur toutes les voies publiques,qui furent d\u00e9sign\u00e9s \u00e0 l&#039;audience par le vice-pr\u00e9sident. Ainsi fait, jug\u00e9 et prononc\u00e9 en l&#039;audience publique dudit Tribunal d&#039;arrondissement de et \u00e0 Luxembourg, date qu&#039;en t\u00eate, par St\u00e9phane MAAS, vice-pr\u00e9sident, assist\u00e9 du greffier assum\u00e9 Tahnee WAGNER, en pr\u00e9sence de Mich\u00e8le FEIDER, substitut principal du Procureur d\u2019Etat, qui, \u00e0 l\u2019exception du repr\u00e9sentant du Minist\u00e8re Public, ont sign\u00e9 le pr\u00e9sent jugement.<\/p>\n<\/div>\n<hr class=\"kji-sep\" \/>\n<p class=\"kji-source-links\"><strong>Sources officielles :<\/strong> <a class=\"kji-source-link\" href=\"https:\/\/data.public.lu\/fr\/datasets\/tribunal-darrondissement-luxembourg-penal\/\" target=\"_blank\" rel=\"noopener noreferrer\">consulter la page source<\/a> &middot; <a class=\"kji-pdf-link\" href=\"https:\/\/download.data.public.lu\/resources\/tribunal-darrondissement-luxembourg-penal\/20240828-022344\/20240125-tal7-227-pseudonymise-accessible.pdf\" target=\"_blank\" rel=\"noopener noreferrer\">PDF officiel<\/a><\/p>\n<p class=\"kji-license-note\"><em>Licence CC BY-ND 4.0 (Administration judiciaire, data.public.lu). Republication autorisee avec attribution, sans modification editoriale du texte integral.<\/em><\/p>\n<\/div>\n","protected":false},"excerpt":{"rendered":"<p>Jugement no.227\/2024 Not.36597\/23\/CC 1 x ex.p. 2xi.c. AUDIENCE PUBLIQUE DU 25 JANVIER 2024 LeTribunald&#8217;arrondissement de et \u00e0 Luxembourg,septi\u00e8me chambre correctionnelle, statuant en composition dejuge unique, a rendu le jugement qui suit: dans la cause duMinist\u00e8re Publiccontre PERSONNE1.), n\u00e9 leDATE1.)\u00e0ADRESSE1.), demeurantADRESSE2.), -p r \u00e9 v e\u2026<\/p>\n","protected":false},"featured_media":0,"template":"","meta":{"_crdt_document":""},"kji_country":[8418],"kji_court":[23583],"kji_chamber":[25729],"kji_year":[8677],"kji_subject":[7632],"kji_keyword":[23584,8460,23061,7636],"kji_language":[7733],"class_list":["post-629742","kji_decision","type-kji_decision","status-publish","hentry","kji_country-luxembourg","kji_court-tribunal-darrondissement","kji_chamber-penal","kji_year-8677","kji_subject-penal","kji_keyword-arrondissement","kji_keyword-janvier","kji_keyword-jugement","kji_keyword-tribunal","kji_language-francais"],"yoast_head":"<!-- This site is optimized with the Yoast SEO Premium plugin v27.5 (Yoast SEO v27.5) - https:\/\/yoast.com\/product\/yoast-seo-premium-wordpress\/ -->\n<title>Tribunal d&#039;arrondissement, 25 janvier 2024 - Ma\u00eetre Hassan Kohen, avocat en droit p\u00e9nal \u00e0 Paris<\/title>\n<meta name=\"robots\" content=\"index, follow, max-snippet:-1, max-image-preview:large, max-video-preview:-1\" \/>\n<link rel=\"canonical\" href=\"https:\/\/kohenavocats.com\/ru\/jurisprudences\/tribunal-darrondissement-25-janvier-2024-41\/\" \/>\n<meta property=\"og:locale\" content=\"ru_RU\" \/>\n<meta property=\"og:type\" content=\"article\" \/>\n<meta property=\"og:title\" content=\"Tribunal d&#039;arrondissement, 25 janvier 2024\" \/>\n<meta property=\"og:description\" content=\"Jugement no.227\/2024 Not.36597\/23\/CC 1 x ex.p. 2xi.c. AUDIENCE PUBLIQUE DU 25 JANVIER 2024 LeTribunald&#039;arrondissement de et \u00e0 Luxembourg,septi\u00e8me chambre correctionnelle, statuant en composition dejuge unique, a rendu le jugement qui suit: dans la cause duMinist\u00e8re Publiccontre PERSONNE1.), n\u00e9 leDATE1.)\u00e0ADRESSE1.), demeurantADRESSE2.), -p r \u00e9 v e\u2026\" \/>\n<meta property=\"og:url\" content=\"https:\/\/kohenavocats.com\/ru\/jurisprudences\/tribunal-darrondissement-25-janvier-2024-41\/\" \/>\n<meta property=\"og:site_name\" content=\"Ma\u00eetre Hassan Kohen, avocat en droit p\u00e9nal \u00e0 Paris\" \/>\n<meta property=\"article:modified_time\" content=\"2026-04-20T23:41:36+00:00\" \/>\n<meta name=\"twitter:card\" content=\"summary_large_image\" \/>\n<meta name=\"twitter:label1\" content=\"\u041f\u0440\u0438\u043c\u0435\u0440\u043d\u043e\u0435 \u0432\u0440\u0435\u043c\u044f \u0434\u043b\u044f \u0447\u0442\u0435\u043d\u0438\u044f\" \/>\n\t<meta name=\"twitter:data1\" content=\"8 \u043c\u0438\u043d\u0443\u0442\" \/>\n<script type=\"application\/ld+json\" class=\"yoast-schema-graph\">{\"@context\":\"https:\\\/\\\/schema.org\",\"@graph\":[{\"@type\":\"WebPage\",\"@id\":\"https:\\\/\\\/kohenavocats.com\\\/ru\\\/jurisprudences\\\/tribunal-darrondissement-25-janvier-2024-41\\\/\",\"url\":\"https:\\\/\\\/kohenavocats.com\\\/ru\\\/jurisprudences\\\/tribunal-darrondissement-25-janvier-2024-41\\\/\",\"name\":\"Tribunal d'arrondissement, 25 janvier 2024 - Ma\u00eetre Hassan Kohen, avocat en droit p\u00e9nal \u00e0 Paris\",\"isPartOf\":{\"@id\":\"https:\\\/\\\/kohenavocats.com\\\/ru\\\/#website\"},\"datePublished\":\"2026-04-20T23:41:33+00:00\",\"dateModified\":\"2026-04-20T23:41:36+00:00\",\"breadcrumb\":{\"@id\":\"https:\\\/\\\/kohenavocats.com\\\/ru\\\/jurisprudences\\\/tribunal-darrondissement-25-janvier-2024-41\\\/#breadcrumb\"},\"inLanguage\":\"ru-RU\",\"potentialAction\":[{\"@type\":\"ReadAction\",\"target\":[\"https:\\\/\\\/kohenavocats.com\\\/ru\\\/jurisprudences\\\/tribunal-darrondissement-25-janvier-2024-41\\\/\"]}]},{\"@type\":\"BreadcrumbList\",\"@id\":\"https:\\\/\\\/kohenavocats.com\\\/ru\\\/jurisprudences\\\/tribunal-darrondissement-25-janvier-2024-41\\\/#breadcrumb\",\"itemListElement\":[{\"@type\":\"ListItem\",\"position\":1,\"name\":\"Home\",\"item\":\"https:\\\/\\\/kohenavocats.com\\\/ru\\\/avocats-en-droit-penal-a-paris-conseil-et-defense-strategique\\\/\"},{\"@type\":\"ListItem\",\"position\":2,\"name\":\"Jurisprudences\",\"item\":\"https:\\\/\\\/kohenavocats.com\\\/ru\\\/jurisprudences\\\/\"},{\"@type\":\"ListItem\",\"position\":3,\"name\":\"Tribunal d&rsquo;arrondissement, 25 janvier 2024\"}]},{\"@type\":\"WebSite\",\"@id\":\"https:\\\/\\\/kohenavocats.com\\\/ru\\\/#website\",\"url\":\"https:\\\/\\\/kohenavocats.com\\\/ru\\\/\",\"name\":\"Kohen Avocats\",\"description\":\"Ma\u00eetre Hassan Kohen, avocat p\u00e9naliste \u00e0 Paris, intervient exclusivement en droit p\u00e9nal pour la d\u00e9fense des particuliers, notamment en mati\u00e8re d\u2019accusations de viol. Il assure un accompagnement rigoureux d\u00e8s la garde \u00e0 vue jusqu\u2019\u00e0 la Cour d\u2019assises, veillant au strict respect des garanties proc\u00e9durales.\",\"publisher\":{\"@id\":\"https:\\\/\\\/kohenavocats.com\\\/ru\\\/#organization\"},\"potentialAction\":[{\"@type\":\"SearchAction\",\"target\":{\"@type\":\"EntryPoint\",\"urlTemplate\":\"https:\\\/\\\/kohenavocats.com\\\/ru\\\/?s={search_term_string}\"},\"query-input\":{\"@type\":\"PropertyValueSpecification\",\"valueRequired\":true,\"valueName\":\"search_term_string\"}}],\"inLanguage\":\"ru-RU\"},{\"@type\":\"Organization\",\"@id\":\"https:\\\/\\\/kohenavocats.com\\\/ru\\\/#organization\",\"name\":\"Kohen Avocats\",\"url\":\"https:\\\/\\\/kohenavocats.com\\\/ru\\\/\",\"logo\":{\"@type\":\"ImageObject\",\"inLanguage\":\"ru-RU\",\"@id\":\"https:\\\/\\\/kohenavocats.com\\\/ru\\\/#\\\/schema\\\/logo\\\/image\\\/\",\"url\":\"https:\\\/\\\/kohenavocats.com\\\/wp-content\\\/uploads\\\/2026\\\/01\\\/Logo-2-1.webp\",\"contentUrl\":\"https:\\\/\\\/kohenavocats.com\\\/wp-content\\\/uploads\\\/2026\\\/01\\\/Logo-2-1.webp\",\"width\":2114,\"height\":1253,\"caption\":\"Kohen Avocats\"},\"image\":{\"@id\":\"https:\\\/\\\/kohenavocats.com\\\/ru\\\/#\\\/schema\\\/logo\\\/image\\\/\"}}]}<\/script>\n<!-- \/ Yoast SEO Premium plugin. -->","yoast_head_json":{"title":"Tribunal d'arrondissement, 25 janvier 2024 - Ma\u00eetre Hassan Kohen, avocat en droit p\u00e9nal \u00e0 Paris","robots":{"index":"index","follow":"follow","max-snippet":"max-snippet:-1","max-image-preview":"max-image-preview:large","max-video-preview":"max-video-preview:-1"},"canonical":"https:\/\/kohenavocats.com\/ru\/jurisprudences\/tribunal-darrondissement-25-janvier-2024-41\/","og_locale":"ru_RU","og_type":"article","og_title":"Tribunal d'arrondissement, 25 janvier 2024","og_description":"Jugement no.227\/2024 Not.36597\/23\/CC 1 x ex.p. 2xi.c. AUDIENCE PUBLIQUE DU 25 JANVIER 2024 LeTribunald'arrondissement de et \u00e0 Luxembourg,septi\u00e8me chambre correctionnelle, statuant en composition dejuge unique, a rendu le jugement qui suit: dans la cause duMinist\u00e8re Publiccontre PERSONNE1.), n\u00e9 leDATE1.)\u00e0ADRESSE1.), demeurantADRESSE2.), -p r \u00e9 v e\u2026","og_url":"https:\/\/kohenavocats.com\/ru\/jurisprudences\/tribunal-darrondissement-25-janvier-2024-41\/","og_site_name":"Ma\u00eetre Hassan Kohen, avocat en droit p\u00e9nal \u00e0 Paris","article_modified_time":"2026-04-20T23:41:36+00:00","twitter_card":"summary_large_image","twitter_misc":{"\u041f\u0440\u0438\u043c\u0435\u0440\u043d\u043e\u0435 \u0432\u0440\u0435\u043c\u044f \u0434\u043b\u044f \u0447\u0442\u0435\u043d\u0438\u044f":"8 \u043c\u0438\u043d\u0443\u0442"},"schema":{"@context":"https:\/\/schema.org","@graph":[{"@type":"WebPage","@id":"https:\/\/kohenavocats.com\/ru\/jurisprudences\/tribunal-darrondissement-25-janvier-2024-41\/","url":"https:\/\/kohenavocats.com\/ru\/jurisprudences\/tribunal-darrondissement-25-janvier-2024-41\/","name":"Tribunal d'arrondissement, 25 janvier 2024 - Ma\u00eetre Hassan Kohen, avocat en droit p\u00e9nal \u00e0 Paris","isPartOf":{"@id":"https:\/\/kohenavocats.com\/ru\/#website"},"datePublished":"2026-04-20T23:41:33+00:00","dateModified":"2026-04-20T23:41:36+00:00","breadcrumb":{"@id":"https:\/\/kohenavocats.com\/ru\/jurisprudences\/tribunal-darrondissement-25-janvier-2024-41\/#breadcrumb"},"inLanguage":"ru-RU","potentialAction":[{"@type":"ReadAction","target":["https:\/\/kohenavocats.com\/ru\/jurisprudences\/tribunal-darrondissement-25-janvier-2024-41\/"]}]},{"@type":"BreadcrumbList","@id":"https:\/\/kohenavocats.com\/ru\/jurisprudences\/tribunal-darrondissement-25-janvier-2024-41\/#breadcrumb","itemListElement":[{"@type":"ListItem","position":1,"name":"Home","item":"https:\/\/kohenavocats.com\/ru\/avocats-en-droit-penal-a-paris-conseil-et-defense-strategique\/"},{"@type":"ListItem","position":2,"name":"Jurisprudences","item":"https:\/\/kohenavocats.com\/ru\/jurisprudences\/"},{"@type":"ListItem","position":3,"name":"Tribunal d&rsquo;arrondissement, 25 janvier 2024"}]},{"@type":"WebSite","@id":"https:\/\/kohenavocats.com\/ru\/#website","url":"https:\/\/kohenavocats.com\/ru\/","name":"Kohen Avocats","description":"Ma\u00eetre Hassan Kohen, avocat p\u00e9naliste \u00e0 Paris, intervient exclusivement en droit p\u00e9nal pour la d\u00e9fense des particuliers, notamment en mati\u00e8re d\u2019accusations de viol. Il assure un accompagnement rigoureux d\u00e8s la garde \u00e0 vue jusqu\u2019\u00e0 la Cour d\u2019assises, veillant au strict respect des garanties proc\u00e9durales.","publisher":{"@id":"https:\/\/kohenavocats.com\/ru\/#organization"},"potentialAction":[{"@type":"SearchAction","target":{"@type":"EntryPoint","urlTemplate":"https:\/\/kohenavocats.com\/ru\/?s={search_term_string}"},"query-input":{"@type":"PropertyValueSpecification","valueRequired":true,"valueName":"search_term_string"}}],"inLanguage":"ru-RU"},{"@type":"Organization","@id":"https:\/\/kohenavocats.com\/ru\/#organization","name":"Kohen Avocats","url":"https:\/\/kohenavocats.com\/ru\/","logo":{"@type":"ImageObject","inLanguage":"ru-RU","@id":"https:\/\/kohenavocats.com\/ru\/#\/schema\/logo\/image\/","url":"https:\/\/kohenavocats.com\/wp-content\/uploads\/2026\/01\/Logo-2-1.webp","contentUrl":"https:\/\/kohenavocats.com\/wp-content\/uploads\/2026\/01\/Logo-2-1.webp","width":2114,"height":1253,"caption":"Kohen Avocats"},"image":{"@id":"https:\/\/kohenavocats.com\/ru\/#\/schema\/logo\/image\/"}}]}},"jetpack_likes_enabled":false,"jetpack_sharing_enabled":true,"_links":{"self":[{"href":"https:\/\/kohenavocats.com\/ru\/wp-json\/wp\/v2\/kji_decision\/629742","targetHints":{"allow":["GET"]}}],"collection":[{"href":"https:\/\/kohenavocats.com\/ru\/wp-json\/wp\/v2\/kji_decision"}],"about":[{"href":"https:\/\/kohenavocats.com\/ru\/wp-json\/wp\/v2\/types\/kji_decision"}],"wp:attachment":[{"href":"https:\/\/kohenavocats.com\/ru\/wp-json\/wp\/v2\/media?parent=629742"}],"wp:term":[{"taxonomy":"kji_country","embeddable":true,"href":"https:\/\/kohenavocats.com\/ru\/wp-json\/wp\/v2\/kji_country?post=629742"},{"taxonomy":"kji_court","embeddable":true,"href":"https:\/\/kohenavocats.com\/ru\/wp-json\/wp\/v2\/kji_court?post=629742"},{"taxonomy":"kji_chamber","embeddable":true,"href":"https:\/\/kohenavocats.com\/ru\/wp-json\/wp\/v2\/kji_chamber?post=629742"},{"taxonomy":"kji_year","embeddable":true,"href":"https:\/\/kohenavocats.com\/ru\/wp-json\/wp\/v2\/kji_year?post=629742"},{"taxonomy":"kji_subject","embeddable":true,"href":"https:\/\/kohenavocats.com\/ru\/wp-json\/wp\/v2\/kji_subject?post=629742"},{"taxonomy":"kji_keyword","embeddable":true,"href":"https:\/\/kohenavocats.com\/ru\/wp-json\/wp\/v2\/kji_keyword?post=629742"},{"taxonomy":"kji_language","embeddable":true,"href":"https:\/\/kohenavocats.com\/ru\/wp-json\/wp\/v2\/kji_language?post=629742"}],"curies":[{"name":"wp","href":"https:\/\/api.w.org\/{rel}","templated":true}]}}