{"id":630955,"date":"2026-04-21T04:01:33","date_gmt":"2026-04-21T02:01:33","guid":{"rendered":"https:\/\/kohenavocats.com\/jurisprudences\/tribunal-darrondissement-19-octobre-2023-13\/"},"modified":"2026-04-21T04:01:36","modified_gmt":"2026-04-21T02:01:36","slug":"tribunal-darrondissement-19-octobre-2023-13","status":"publish","type":"kji_decision","link":"https:\/\/kohenavocats.com\/ru\/jurisprudences\/tribunal-darrondissement-19-octobre-2023-13\/","title":{"rendered":"Tribunal d&#8217;arrondissement, 19 octobre 2023"},"content":{"rendered":"<div class=\"kji-decision\">\n<div class=\"kji-full-text\">\n<p>1 Jugt no1994\/2023 not.23293\/22\/CD 1x exp D \u00c9 F A U T JUGEMENT SUR OPPOSITION AUDIENCEPUBLIQUE DU 19OCTOBRE2023 LeTribunald&#039;arrondissement de et \u00e0 Luxembourg, seizi\u00e8me chambre correctionnelle, a rendu le jugement qui suit: Dans la cause duMinist\u00e8re Publiccontre PERSONNE1.), n\u00e9 leDATE1.)\u00e0ADRESSE1.), demeurant \u00e0 L-ADRESSE2.), -p r \u00e9 v e n u- ____________________________________ F A I T S : Les faits et r\u00e9troactes de l\u2019affaire r\u00e9sultent \u00e0 suffisance de droit desqualit\u00e9s et consid\u00e9rants d\u2019un jugement rendu par d\u00e9faut \u00e0 l\u2019\u00e9gard dupr\u00e9venuPERSONNE1.)par leTribunalcorrectionnel de et \u00e0 Luxembourg en date du16mars 2023sous le num\u00e9ro785\/2023et dont ledispositif est con\u00e7u comme suit: \u00abP A R C E S M O TI F S : leTribunald&#039;arrondissement de et \u00e0 Luxembourg, seizi\u00e8me chambre, si\u00e9geant en mati\u00e8re correctionnelle, statuantpard\u00e9faut\u00e0 l\u2019\u00e9gard du pr\u00e9venu,la repr\u00e9sentante duMinist\u00e8re Public entendue en son r\u00e9quisitoire,<\/p>\n<p>2 o r d o n n ela jonction desaffaires introduites par le Parquet sous les notices n\u00b023293\/22\/CD et n\u00b0 32939\/22\/CD; c o n d a m n ePERSONNE1.)du chef des infractions retenues \u00e0 sa charge \u00e0 une peine d\u2019emprisonnement deneuf (9) mois,\u00e0 une amende correctionnelle demille (1.000) \u20acainsi qu&#039;aux frais de sa mise en jugement, liquid\u00e9s \u00e0 32,52 \u20ac; f i x ela dur\u00e9e de la contrainte par corps en cas de non-paiement de l&#039;amende \u00e0 dix (10) jours.Par application des articles 14, 15, 16, 28, 29, 30, 60, 66, 461 et 463 du Code p\u00e9nal et des articles 1, 179, 182, 184, 185, 189, 190, 190-1, 194, 195, 196 et 389 du Code de proc\u00e9dure p\u00e9nale, dont mention a \u00e9t\u00e9 faite\u00bb. __________________________________________________________________________ Par courrierdat\u00e9 au 30 mars 2023etentr\u00e9 au Parquet le3 avril 2023,PERSONNE1.)a relev\u00e9 opposition contre le jugement rendu par d\u00e9faut en datedu16mars2023sous le num\u00e9ro 785\/2023. Par citation du14juillet 2023, Monsieur leProcureurd&#039;Etat pr\u00e8s leTribunald&#039;arrondissement de et \u00e0 Luxembourg a requis lepr\u00e9venu \u00e0 compara\u00eetre \u00e0 l\u2019audience publique du3octobre2023 devant leTribunalcorrectionnel de ce si\u00e8ge, pour y entendre statuer sur le m\u00e9rite de l\u2019opposition ainsi relev\u00e9e. A l\u2019audience publique du 3 octobre 2023, lepr\u00e9venuPERSONNE1.)ne comparut. Lerepr\u00e9sentant duMinist\u00e8re Public, MonsieurSam RIES,premiersubstitutduProcureur d\u2019Etat, r\u00e9suma l&#039;affaire et fut entendu en son r\u00e9quisitoire. LeTribunalprit l\u2019affaire end\u00e9lib\u00e9r\u00e9 et rendit \u00e0 l\u2019audience publique de ce jour, date \u00e0 laquelle le prononc\u00e9 avait \u00e9t\u00e9 fix\u00e9, L E J U G E M E N T Q U I S U I T: Vu le jugementnum\u00e9ro785\/2023rendu par d\u00e9faut \u00e0 l\u2019\u00e9gard dupr\u00e9venuPERSONNE1.)en date du16mars 2023par leTribunald\u2019arrondissement de et \u00e0 Luxembourg,chambre correctionnelle,luinotifi\u00e9 le29mars 2023. Vu l\u2019opposition relev\u00e9e parPERSONNE1.),par courrier entr\u00e9 au greffe du Parquet de Luxembourg le3avril 2023,contre le pr\u00e9dit jugement correctionnel. L\u2019article 187 alin\u00e9a 1 er du Code de proc\u00e9dure p\u00e9nale pr\u00e9voit que \u00abla condamnation par d\u00e9faut sera consid\u00e9r\u00e9e comme non avenue si, dans les quinze jours de la signification ou notification qui en a \u00e9t\u00e9 faite au pr\u00e9venu ou \u00e0 son domicile, celui-ci forme opposition \u00e0 l\u2019ex\u00e9cution du jugement et notifie son opposition tant auMinist\u00e8re Publicqu\u2019\u00e0 la partie civile\u00bb. LeTribunalconstate que le jugement num\u00e9ro 785\/2023 du 16 mars 2023 a \u00e9t\u00e9 notifi\u00e9 le 29 mars 2023\u00e0PERSONNE1.)et que l\u2019opposition, faite par lettre d\u2019opposition du 30 mars 2023, est entr\u00e9e auParquet le 3 avril 2023.<\/p>\n<p>3 L\u2019opposition form\u00e9epar lepr\u00e9venu estpartant\u00e0 d\u00e9clarerrecevable. Vu la citation \u00e0 pr\u00e9venu du 14 juillet 2023, notifi\u00e9e \u00e0PERSONNE1.),celui-ci ayant \u00e9t\u00e9 avis\u00e9 de retirer le courrier recommand\u00e9 en date du 17 juillet 2023, ne l\u2019ayant cependant pas fait. Bien que r\u00e9guli\u00e8rement cit\u00e9,PERSONNE1.)ne comparut pas \u00e0 l\u2019audience du3 octobre 2023, de sorte qu&#039;il y a lieu de statuer par d\u00e9faut \u00e0 son \u00e9gard. L\u2019article 188, alin\u00e9a 2 du Code de proc\u00e9dure p\u00e9nale dispose que : \u00abL\u2019opposition sera r\u00e9put\u00e9e non avenue si l\u2019opposant ne compara\u00eet pas en personne ou s\u2019il ne charge pas un avocat de pr\u00e9senter ses moyens de d\u00e9fense.\u00bb Par application de la disposition l\u00e9gale cit\u00e9e ci-dessus, l\u2019oppositionrelev\u00e9e parPERSONNE1.) est \u00e0 d\u00e9clarer non avenue. P A R C E S M O T I F S : leTribunald&#039;arrondissement de et \u00e0 Luxembourg, seizi\u00e8me chambre, si\u00e9geant en mati\u00e8re correctionnelle, statuantpar d\u00e9faut\u00e0 l\u2019\u00e9garddePERSONNE1.), lerepr\u00e9sentant duMinist\u00e8re Publicentenduen son r\u00e9quisitoire, d \u00e9 c l a r el\u2019opposition relev\u00e9e le3avril 2023parPERSONNE1.)contre le jugementnum\u00e9ro 785\/2023rendu par d\u00e9faut le16mars 2023par leTribunald\u2019arrondissement de Luxembourg, chambre correctionnelle,non avenue; c o n d a m n ePERSONNE1.)aux frais de la poursuite p\u00e9naleen instance d\u2019opposition, ces frais liquid\u00e9s \u00e08,52euros. Par application des articles1,179, 182, 184, 185, 187, 188, 190, 190-1, 194, 195,et196du Codede proc\u00e9dure p\u00e9nale,dont mention a \u00e9t\u00e9 faite. Ainsi fait et jug\u00e9 par S\u00e9verine LETTNER,vice-pr\u00e9sident, St\u00e9phanie MARQUESSANTOS, premier juge et Claire KOOB, juge, et prononc\u00e9 par le vice-pr\u00e9sident en audience publique au Tribunald\u2019arrondissement \u00e0 Luxembourg,en pr\u00e9sence deGilles BOILEAU,substitut du Procureurd\u2019Etat, et de Philippe FR\u00d6HLICH, greffier, qui, \u00e0 l&#039;exceptiondu repr\u00e9sentant du Minist\u00e8re Public, ont sign\u00e9 le pr\u00e9sent jugement.<\/p>\n<\/div>\n<hr class=\"kji-sep\" \/>\n<p class=\"kji-source-links\"><strong>Sources officielles :<\/strong> <a class=\"kji-source-link\" href=\"https:\/\/data.public.lu\/fr\/datasets\/tribunal-darrondissement-luxembourg-penal\/\" target=\"_blank\" rel=\"noopener noreferrer\">consulter la page source<\/a> &middot; <a class=\"kji-pdf-link\" href=\"https:\/\/download.data.public.lu\/resources\/tribunal-darrondissement-luxembourg-penal\/20240828-020817\/20231019-tal16-1994-pseudonymise-accessible.pdf\" target=\"_blank\" rel=\"noopener noreferrer\">PDF officiel<\/a><\/p>\n<p class=\"kji-license-note\"><em>Licence CC BY-ND 4.0 (Administration judiciaire, data.public.lu). Republication autorisee avec attribution, sans modification editoriale du texte integral.<\/em><\/p>\n<\/div>\n","protected":false},"excerpt":{"rendered":"<p>1 Jugt no1994\/2023 not.23293\/22\/CD 1x exp D \u00c9 F A U T JUGEMENT SUR OPPOSITION AUDIENCEPUBLIQUE DU 19OCTOBRE2023 LeTribunald&#8217;arrondissement de et \u00e0 Luxembourg, seizi\u00e8me chambre correctionnelle, a rendu le jugement qui suit: Dans la cause duMinist\u00e8re Publiccontre PERSONNE1.), n\u00e9 leDATE1.)\u00e0ADRESSE1.), demeurant \u00e0 L-ADRESSE2.), -p r\u2026<\/p>\n","protected":false},"featured_media":0,"template":"","meta":{"_crdt_document":""},"kji_country":[8418],"kji_court":[23583],"kji_chamber":[25729],"kji_year":[24566],"kji_subject":[7632],"kji_keyword":[23584,8598,7636],"kji_language":[7733],"class_list":["post-630955","kji_decision","type-kji_decision","status-publish","hentry","kji_country-luxembourg","kji_court-tribunal-darrondissement","kji_chamber-penal","kji_year-24566","kji_subject-penal","kji_keyword-arrondissement","kji_keyword-octobre","kji_keyword-tribunal","kji_language-francais"],"yoast_head":"<!-- This site is optimized with the Yoast SEO Premium plugin v27.5 (Yoast SEO v27.5) - https:\/\/yoast.com\/product\/yoast-seo-premium-wordpress\/ -->\n<title>Tribunal d&#039;arrondissement, 19 octobre 2023 - Ma\u00eetre Hassan Kohen, avocat en droit p\u00e9nal \u00e0 Paris<\/title>\n<meta name=\"robots\" content=\"index, follow, max-snippet:-1, max-image-preview:large, max-video-preview:-1\" \/>\n<link rel=\"canonical\" href=\"https:\/\/kohenavocats.com\/ru\/jurisprudences\/tribunal-darrondissement-19-octobre-2023-13\/\" \/>\n<meta property=\"og:locale\" content=\"ru_RU\" \/>\n<meta property=\"og:type\" content=\"article\" \/>\n<meta property=\"og:title\" content=\"Tribunal d&#039;arrondissement, 19 octobre 2023\" \/>\n<meta property=\"og:description\" content=\"1 Jugt no1994\/2023 not.23293\/22\/CD 1x exp D \u00c9 F A U T JUGEMENT SUR OPPOSITION AUDIENCEPUBLIQUE DU 19OCTOBRE2023 LeTribunald&#039;arrondissement de et \u00e0 Luxembourg, seizi\u00e8me chambre correctionnelle, a rendu le jugement qui suit: Dans la cause duMinist\u00e8re Publiccontre PERSONNE1.), n\u00e9 leDATE1.)\u00e0ADRESSE1.), demeurant \u00e0 L-ADRESSE2.), -p r\u2026\" \/>\n<meta property=\"og:url\" content=\"https:\/\/kohenavocats.com\/ru\/jurisprudences\/tribunal-darrondissement-19-octobre-2023-13\/\" \/>\n<meta property=\"og:site_name\" content=\"Ma\u00eetre Hassan Kohen, avocat en droit p\u00e9nal \u00e0 Paris\" \/>\n<meta property=\"article:modified_time\" content=\"2026-04-21T02:01:36+00:00\" \/>\n<meta name=\"twitter:card\" content=\"summary_large_image\" \/>\n<meta name=\"twitter:label1\" content=\"\u041f\u0440\u0438\u043c\u0435\u0440\u043d\u043e\u0435 \u0432\u0440\u0435\u043c\u044f \u0434\u043b\u044f \u0447\u0442\u0435\u043d\u0438\u044f\" \/>\n\t<meta name=\"twitter:data1\" content=\"4 \u043c\u0438\u043d\u0443\u0442\u044b\" \/>\n<script type=\"application\/ld+json\" class=\"yoast-schema-graph\">{\"@context\":\"https:\\\/\\\/schema.org\",\"@graph\":[{\"@type\":\"WebPage\",\"@id\":\"https:\\\/\\\/kohenavocats.com\\\/ru\\\/jurisprudences\\\/tribunal-darrondissement-19-octobre-2023-13\\\/\",\"url\":\"https:\\\/\\\/kohenavocats.com\\\/ru\\\/jurisprudences\\\/tribunal-darrondissement-19-octobre-2023-13\\\/\",\"name\":\"Tribunal d'arrondissement, 19 octobre 2023 - Ma\u00eetre Hassan Kohen, avocat en droit p\u00e9nal \u00e0 Paris\",\"isPartOf\":{\"@id\":\"https:\\\/\\\/kohenavocats.com\\\/ru\\\/#website\"},\"datePublished\":\"2026-04-21T02:01:33+00:00\",\"dateModified\":\"2026-04-21T02:01:36+00:00\",\"breadcrumb\":{\"@id\":\"https:\\\/\\\/kohenavocats.com\\\/ru\\\/jurisprudences\\\/tribunal-darrondissement-19-octobre-2023-13\\\/#breadcrumb\"},\"inLanguage\":\"ru-RU\",\"potentialAction\":[{\"@type\":\"ReadAction\",\"target\":[\"https:\\\/\\\/kohenavocats.com\\\/ru\\\/jurisprudences\\\/tribunal-darrondissement-19-octobre-2023-13\\\/\"]}]},{\"@type\":\"BreadcrumbList\",\"@id\":\"https:\\\/\\\/kohenavocats.com\\\/ru\\\/jurisprudences\\\/tribunal-darrondissement-19-octobre-2023-13\\\/#breadcrumb\",\"itemListElement\":[{\"@type\":\"ListItem\",\"position\":1,\"name\":\"Home\",\"item\":\"https:\\\/\\\/kohenavocats.com\\\/ru\\\/avocats-en-droit-penal-a-paris-conseil-et-defense-strategique\\\/\"},{\"@type\":\"ListItem\",\"position\":2,\"name\":\"Jurisprudences\",\"item\":\"https:\\\/\\\/kohenavocats.com\\\/ru\\\/jurisprudences\\\/\"},{\"@type\":\"ListItem\",\"position\":3,\"name\":\"Tribunal d&rsquo;arrondissement, 19 octobre 2023\"}]},{\"@type\":\"WebSite\",\"@id\":\"https:\\\/\\\/kohenavocats.com\\\/ru\\\/#website\",\"url\":\"https:\\\/\\\/kohenavocats.com\\\/ru\\\/\",\"name\":\"Kohen Avocats\",\"description\":\"Ma\u00eetre Hassan Kohen, avocat p\u00e9naliste \u00e0 Paris, intervient exclusivement en droit p\u00e9nal pour la d\u00e9fense des particuliers, notamment en mati\u00e8re d\u2019accusations de viol. Il assure un accompagnement rigoureux d\u00e8s la garde \u00e0 vue jusqu\u2019\u00e0 la Cour d\u2019assises, veillant au strict respect des garanties proc\u00e9durales.\",\"publisher\":{\"@id\":\"https:\\\/\\\/kohenavocats.com\\\/ru\\\/#organization\"},\"potentialAction\":[{\"@type\":\"SearchAction\",\"target\":{\"@type\":\"EntryPoint\",\"urlTemplate\":\"https:\\\/\\\/kohenavocats.com\\\/ru\\\/?s={search_term_string}\"},\"query-input\":{\"@type\":\"PropertyValueSpecification\",\"valueRequired\":true,\"valueName\":\"search_term_string\"}}],\"inLanguage\":\"ru-RU\"},{\"@type\":\"Organization\",\"@id\":\"https:\\\/\\\/kohenavocats.com\\\/ru\\\/#organization\",\"name\":\"Kohen Avocats\",\"url\":\"https:\\\/\\\/kohenavocats.com\\\/ru\\\/\",\"logo\":{\"@type\":\"ImageObject\",\"inLanguage\":\"ru-RU\",\"@id\":\"https:\\\/\\\/kohenavocats.com\\\/ru\\\/#\\\/schema\\\/logo\\\/image\\\/\",\"url\":\"https:\\\/\\\/kohenavocats.com\\\/wp-content\\\/uploads\\\/2026\\\/01\\\/Logo-2-1.webp\",\"contentUrl\":\"https:\\\/\\\/kohenavocats.com\\\/wp-content\\\/uploads\\\/2026\\\/01\\\/Logo-2-1.webp\",\"width\":2114,\"height\":1253,\"caption\":\"Kohen Avocats\"},\"image\":{\"@id\":\"https:\\\/\\\/kohenavocats.com\\\/ru\\\/#\\\/schema\\\/logo\\\/image\\\/\"}}]}<\/script>\n<!-- \/ Yoast SEO Premium plugin. -->","yoast_head_json":{"title":"Tribunal d'arrondissement, 19 octobre 2023 - Ma\u00eetre Hassan Kohen, avocat en droit p\u00e9nal \u00e0 Paris","robots":{"index":"index","follow":"follow","max-snippet":"max-snippet:-1","max-image-preview":"max-image-preview:large","max-video-preview":"max-video-preview:-1"},"canonical":"https:\/\/kohenavocats.com\/ru\/jurisprudences\/tribunal-darrondissement-19-octobre-2023-13\/","og_locale":"ru_RU","og_type":"article","og_title":"Tribunal d'arrondissement, 19 octobre 2023","og_description":"1 Jugt no1994\/2023 not.23293\/22\/CD 1x exp D \u00c9 F A U T JUGEMENT SUR OPPOSITION AUDIENCEPUBLIQUE DU 19OCTOBRE2023 LeTribunald'arrondissement de et \u00e0 Luxembourg, seizi\u00e8me chambre correctionnelle, a rendu le jugement qui suit: Dans la cause duMinist\u00e8re Publiccontre PERSONNE1.), n\u00e9 leDATE1.)\u00e0ADRESSE1.), demeurant \u00e0 L-ADRESSE2.), -p r\u2026","og_url":"https:\/\/kohenavocats.com\/ru\/jurisprudences\/tribunal-darrondissement-19-octobre-2023-13\/","og_site_name":"Ma\u00eetre Hassan Kohen, avocat en droit p\u00e9nal \u00e0 Paris","article_modified_time":"2026-04-21T02:01:36+00:00","twitter_card":"summary_large_image","twitter_misc":{"\u041f\u0440\u0438\u043c\u0435\u0440\u043d\u043e\u0435 \u0432\u0440\u0435\u043c\u044f \u0434\u043b\u044f \u0447\u0442\u0435\u043d\u0438\u044f":"4 \u043c\u0438\u043d\u0443\u0442\u044b"},"schema":{"@context":"https:\/\/schema.org","@graph":[{"@type":"WebPage","@id":"https:\/\/kohenavocats.com\/ru\/jurisprudences\/tribunal-darrondissement-19-octobre-2023-13\/","url":"https:\/\/kohenavocats.com\/ru\/jurisprudences\/tribunal-darrondissement-19-octobre-2023-13\/","name":"Tribunal d'arrondissement, 19 octobre 2023 - Ma\u00eetre Hassan Kohen, avocat en droit p\u00e9nal \u00e0 Paris","isPartOf":{"@id":"https:\/\/kohenavocats.com\/ru\/#website"},"datePublished":"2026-04-21T02:01:33+00:00","dateModified":"2026-04-21T02:01:36+00:00","breadcrumb":{"@id":"https:\/\/kohenavocats.com\/ru\/jurisprudences\/tribunal-darrondissement-19-octobre-2023-13\/#breadcrumb"},"inLanguage":"ru-RU","potentialAction":[{"@type":"ReadAction","target":["https:\/\/kohenavocats.com\/ru\/jurisprudences\/tribunal-darrondissement-19-octobre-2023-13\/"]}]},{"@type":"BreadcrumbList","@id":"https:\/\/kohenavocats.com\/ru\/jurisprudences\/tribunal-darrondissement-19-octobre-2023-13\/#breadcrumb","itemListElement":[{"@type":"ListItem","position":1,"name":"Home","item":"https:\/\/kohenavocats.com\/ru\/avocats-en-droit-penal-a-paris-conseil-et-defense-strategique\/"},{"@type":"ListItem","position":2,"name":"Jurisprudences","item":"https:\/\/kohenavocats.com\/ru\/jurisprudences\/"},{"@type":"ListItem","position":3,"name":"Tribunal d&rsquo;arrondissement, 19 octobre 2023"}]},{"@type":"WebSite","@id":"https:\/\/kohenavocats.com\/ru\/#website","url":"https:\/\/kohenavocats.com\/ru\/","name":"Kohen Avocats","description":"Ma\u00eetre Hassan Kohen, avocat p\u00e9naliste \u00e0 Paris, intervient exclusivement en droit p\u00e9nal pour la d\u00e9fense des particuliers, notamment en mati\u00e8re d\u2019accusations de viol. Il assure un accompagnement rigoureux d\u00e8s la garde \u00e0 vue jusqu\u2019\u00e0 la Cour d\u2019assises, veillant au strict respect des garanties proc\u00e9durales.","publisher":{"@id":"https:\/\/kohenavocats.com\/ru\/#organization"},"potentialAction":[{"@type":"SearchAction","target":{"@type":"EntryPoint","urlTemplate":"https:\/\/kohenavocats.com\/ru\/?s={search_term_string}"},"query-input":{"@type":"PropertyValueSpecification","valueRequired":true,"valueName":"search_term_string"}}],"inLanguage":"ru-RU"},{"@type":"Organization","@id":"https:\/\/kohenavocats.com\/ru\/#organization","name":"Kohen Avocats","url":"https:\/\/kohenavocats.com\/ru\/","logo":{"@type":"ImageObject","inLanguage":"ru-RU","@id":"https:\/\/kohenavocats.com\/ru\/#\/schema\/logo\/image\/","url":"https:\/\/kohenavocats.com\/wp-content\/uploads\/2026\/01\/Logo-2-1.webp","contentUrl":"https:\/\/kohenavocats.com\/wp-content\/uploads\/2026\/01\/Logo-2-1.webp","width":2114,"height":1253,"caption":"Kohen Avocats"},"image":{"@id":"https:\/\/kohenavocats.com\/ru\/#\/schema\/logo\/image\/"}}]}},"jetpack_likes_enabled":false,"jetpack_sharing_enabled":true,"_links":{"self":[{"href":"https:\/\/kohenavocats.com\/ru\/wp-json\/wp\/v2\/kji_decision\/630955","targetHints":{"allow":["GET"]}}],"collection":[{"href":"https:\/\/kohenavocats.com\/ru\/wp-json\/wp\/v2\/kji_decision"}],"about":[{"href":"https:\/\/kohenavocats.com\/ru\/wp-json\/wp\/v2\/types\/kji_decision"}],"wp:attachment":[{"href":"https:\/\/kohenavocats.com\/ru\/wp-json\/wp\/v2\/media?parent=630955"}],"wp:term":[{"taxonomy":"kji_country","embeddable":true,"href":"https:\/\/kohenavocats.com\/ru\/wp-json\/wp\/v2\/kji_country?post=630955"},{"taxonomy":"kji_court","embeddable":true,"href":"https:\/\/kohenavocats.com\/ru\/wp-json\/wp\/v2\/kji_court?post=630955"},{"taxonomy":"kji_chamber","embeddable":true,"href":"https:\/\/kohenavocats.com\/ru\/wp-json\/wp\/v2\/kji_chamber?post=630955"},{"taxonomy":"kji_year","embeddable":true,"href":"https:\/\/kohenavocats.com\/ru\/wp-json\/wp\/v2\/kji_year?post=630955"},{"taxonomy":"kji_subject","embeddable":true,"href":"https:\/\/kohenavocats.com\/ru\/wp-json\/wp\/v2\/kji_subject?post=630955"},{"taxonomy":"kji_keyword","embeddable":true,"href":"https:\/\/kohenavocats.com\/ru\/wp-json\/wp\/v2\/kji_keyword?post=630955"},{"taxonomy":"kji_language","embeddable":true,"href":"https:\/\/kohenavocats.com\/ru\/wp-json\/wp\/v2\/kji_language?post=630955"}],"curies":[{"name":"wp","href":"https:\/\/api.w.org\/{rel}","templated":true}]}}