{"id":631564,"date":"2026-04-21T05:02:10","date_gmt":"2026-04-21T03:02:10","guid":{"rendered":"https:\/\/kohenavocats.com\/jurisprudences\/tribunal-darrondissement-6-juillet-2023\/"},"modified":"2026-04-21T05:02:13","modified_gmt":"2026-04-21T03:02:13","slug":"tribunal-darrondissement-6-juillet-2023","status":"publish","type":"kji_decision","link":"https:\/\/kohenavocats.com\/ru\/jurisprudences\/tribunal-darrondissement-6-juillet-2023\/","title":{"rendered":"Tribunal d&#8217;arrondissement, 6 juillet 2023"},"content":{"rendered":"<div class=\"kji-decision\">\n<div class=\"kji-full-text\">\n<p>Jugtn\u00b01521\/2022 not.36116\/21\/CD ex.p.1x AUDIENCE PUBLIQUE DU 6 JUILLET 2023 Le Tribunal d\u2019arrondissement de et \u00e0 Luxembourg,neuvi\u00e8me chambre, si\u00e9geant enmati\u00e8re correctionnelle,a rendu le jugement qui suit: Dans la cause du Minist\u00e8re Public contre PERSONNE1.),aliasPERSONNE2.), n\u00e9leDATE1.)\u00e0ADRESSE1.)(Alg\u00e9rie), actuellement d\u00e9tenu au Centre p\u00e9nitentiaire \u00e0 Schrassig (Luxembourg) -p r \u00e9 v e n u- F A I T S : Par citation du7 mars 2023, Monsieur le Procureur d\u2019Etat pr\u00e8s le Tribunal d\u2019arrondissement de et \u00e0 Luxembourg a requis le pr\u00e9venuPERSONNE1.),aliasPERSONNE2.),ci-apr\u00e8s PERSONNE1.),decompara\u00eetre\u00e0 l\u2019audience publique du20 mars 2023devant le Tribunal correctionnel de ce si\u00e8ge pour y entendre statuer sur les pr\u00e9ventions suivantes: vol\u00e0 l\u2019aided\u2019escalade etd\u2019effraction. \u00c0 cetteaudiencel\u2019affaire fut contradictoirement remise au15 juin 2023. \u00c0 l\u2019audience du 15 juin 2023,Madamelevice-pr\u00e9sident constata l\u2019identit\u00e9 dupr\u00e9venu PERSONNE1.)etlui donna connaissance del\u2019acte quiasaisi le Tribunal. Conform\u00e9ment \u00e0 l\u2019article 190-1 (2) duCodede proc\u00e9dure p\u00e9nale, le pr\u00e9venu fut instruit de son droit de garder le silence et de ne pas s\u2019incriminer soi-m\u00eame. Le pr\u00e9venuPERSONNE1.)fut entendu en ses explications et moyens de d\u00e9fense.<\/p>\n<p>2 Lerepr\u00e9sentant du Minist\u00e8re Public,Monsieur Sam RIES,substitut du Procureur d\u2019Etat,r\u00e9suma l\u2019affaire et fut entendu en ses r\u00e9quisitions. Ma\u00eetreLaura MAY, avocat \u00e0 la Cour, demeurant \u00e0 Luxembourg, d\u00e9veloppa plus amplement les moyens de d\u00e9fense de son mandant. Le pr\u00e9venuPERSONNE1.)eut la parole en dernier. Le Tribunal prit l\u2019affaire en d\u00e9lib\u00e9r\u00e9 et rendit \u00e0 l\u2019audience publique de ce jour, date \u00e0 laquelle le prononc\u00e9 avait \u00e9t\u00e9 fix\u00e9, le L EJ U G E M EN Tqui suit: Vu l\u2019ensemble du dossier r\u00e9pressif constitu\u00e9 par leMinist\u00e8re Public sous la notice36116\/21\/CD etnotammentle proc\u00e8s-verbal num\u00e9ro 14227\/2021 du 5 septembre 2021 dress\u00e9 par la Police Grand-Ducale, R\u00e9gion Sud-Ouest, Commissariat Esch (C3R). Vu lesrapports d\u2019expertise g\u00e9n\u00e9tique num\u00e9roP00289102du18 octobre2022\u00e9tabli par le Laboratoire national de Sant\u00e9. Vu l\u2019ordonnancede renvoin\u00b0236\/23renduepar la chambre du conseil du Tribunal d\u2019arrondissement de et \u00e0 Luxembourg en date du1 er f\u00e9vrier 2023renvoyantPERSONNE1.), par application de circonstancesatt\u00e9nuantes,devant une chambre correctionnelle de ce m\u00eame Tribunaldu chef devol qualifi\u00e9. Vu la citation \u00e0 pr\u00e9venu du7 mars 2023r\u00e9guli\u00e8rement notifi\u00e9e \u00e0PERSONNE1.). Le Minist\u00e8re Public reproche au pr\u00e9venuPERSONNE1.)d\u2019avoir,entre le 1 er ao\u00fbt 2021 vers 12.00 heures et le 5 septembre 2021 vers 14.45 heures \u00e0ADRESSE2.), soustrait frauduleusement au pr\u00e9judice dePERSONNE3.), n\u00e9e leDATE2.), un IPAD, deux montres, un v\u00e9lo \u00e9lectrique et une machine \u00e0 caf\u00e9, partant des choses qui ne lui appartiennent pas,avec la circonstance que le vol a \u00e9t\u00e9 commis en escaladant un grillage, partant \u00e0 l\u2019aide d\u2019escalade,ainsi qu\u2019en brisant la surface vitr\u00e9e dela fen\u00eatre de droite eten for\u00e7anttantla fen\u00eatre de gauche menanttoutes deuxvers la cave que le portillon menant au jardin, partant \u00e0 l\u2019aide d\u2019effraction. \u00c0 l\u2019audience du 15 juin 2023, le pr\u00e9venu a d\u00e9clar\u00e9 ne pas se souvenir avoir commis le vol qualifi\u00e9 lui reproch\u00e9.Cependant, au vu de sa consommation excessive d\u2019alcool au moment des faits, il a expliqu\u00e9ne pas pouvoir se l\u2019exclure. Au vu des \u00e9l\u00e9ments du dossier r\u00e9pressif,le Tribunal retient que l\u2019infraction de vol qualifi\u00e9 reproch\u00e9e \u00e0PERSONNE1.)est\u00e9tablie\u00e0 suffisance de droit par ler\u00e9sultatdel\u2019expertise g\u00e9n\u00e9tiquesusmentionn\u00e9e\u00e9tablissant la compatibilit\u00e9 du profil g\u00e9n\u00e9tique dePERSONNE1.) avec le m\u00e9lange de g\u00e9notypes caract\u00e9ris\u00e9 \u00e0 partir du pr\u00e9l\u00e8vement effectu\u00e9 sur le cadre de la fen\u00eatre droite de la caveet par les constatations polici\u00e8res consign\u00e9es dans leproc\u00e8s-verbal dress\u00e9 en cause. PERSONNE1.)est partantconvaincupar les d\u00e9batsmen\u00e9s\u00e0 l\u2019audience, ensemble les \u00e9l\u00e9ments du dossier r\u00e9pressif: \u00abcomme auteur, ayant lui-m\u00eame commis l\u2019infraction,<\/p>\n<p>3 entre le 1 er ao\u00fbt 2021 vers 12.00 heures et le 5 septembre 2021 vers 14.45 heures \u00e0 ADRESSE2.), en infraction aux articles 461 et 467 du Code p\u00e9nal, d\u2019avoir soustrait frauduleusement au pr\u00e9judice d\u2019autrui une chose qui ne lui appartient pas, avec la circonstance que le vol a \u00e9t\u00e9 commis \u00e0 l\u2019aided\u2019escaladeetd\u2019effraction, en l\u2019esp\u00e8ce, d\u2019avoir soustrait frauduleusement au pr\u00e9judice dePERSONNE3.), n\u00e9ele DATE2.), un IPAD, deux montres, un v\u00e9lo \u00e9lectrique et une machine \u00e0 caf\u00e9, partant des choses qui ne lui appartiennent pas, avec la circonstance que le vol a \u00e9t\u00e9 commis en escaladant un grillage,partant \u00e0 l\u2019aide d\u2019escalade, ainsi qu\u2019en brisantla surface vitr\u00e9e de la fen\u00eatrede droite menant vers la cave eten for\u00e7anttantla fen\u00eatre de gauche menant vers la cave que le portillon menant au jardin, partant \u00e0 l\u2019aide d\u2019effraction\u00bb. Aux termes de l\u2019article 467 du Code p\u00e9nal, le vol \u00e0 l\u2019aide d\u2019effractionest puni de la r\u00e9clusion de cinq \u00e0 dix ans. En vertu de la d\u00e9criminalisation op\u00e9r\u00e9e par la chambre du conseil et en application de l\u2019article 74 du Code p\u00e9nal, la r\u00e9clusion est commu\u00e9e en une peine d\u2019emprisonnement de trois mois au moins. Le maximum encourudu chef de cette infraction est un emprisonnement de cinq ans. En vertu de l\u2019article 77 du Code p\u00e9nal, une amende de 251 \u00e0 10.000 euros peut en outre \u00eatre prononc\u00e9e. Compte tenu de la gravit\u00e9 de l\u2019infractionretenue \u00e0 charge du pr\u00e9venu, le Tribunal condamne PERSONNE1.)\u00e0 unepeine d\u2019emprisonnementde15mois. Eu \u00e9gard aux ant\u00e9c\u00e9dents judiciaires dupr\u00e9venu, tout am\u00e9nagement de la peine d\u2019emprisonnement \u00e0 prononcer \u00e0 son encontre est l\u00e9galement exclu. Au vu dela situation financi\u00e8re pr\u00e9caire du pr\u00e9venu, le Tribunal d\u00e9cide de faire abstraction d\u2019unepeine d\u2019amende. PA R C E S M O T I F S: le Tribunal d\u2019arrondissement de et \u00e0 Luxembourg,neuvi\u00e8mechambre, si\u00e9geant en mati\u00e8re correctionnelle, statuantcontradictoirement,le pr\u00e9venuentendu en ses explications et moyens de d\u00e9fense,lerepr\u00e9sentant du Minist\u00e8re Public entendu en son r\u00e9quisitoire,le mandatairedu pr\u00e9venu entendu en ses moyens de d\u00e9fenseet le pr\u00e9venu ayant eu la parole en dernier, c o n d a m n ePERSONNE1.),aliasPERSONNE2.),du chefdel\u2019infractionretenue\u00e0 sa charge \u00e0 unepeine d\u2019emprisonnementdeQUINZE(15)moisainsi qu\u2019aux frais de sa poursuite p\u00e9nale, cesfrais liquid\u00e9s \u00e02.572,41euros. Le tout en application desarticles14, 15,74, 77,461 et 467du Code p\u00e9nal, des articles1,179, 182, 184,189, 190, 190-1, 194, 195et196du Code de proc\u00e9dure p\u00e9nale qui furent d\u00e9sign\u00e9s \u00e0 l\u2019audience par Madame le vice-pr\u00e9sident.<\/p>\n<p>4 Ainsi fait et jug\u00e9 par Elisabeth EWERT, vice-pr\u00e9sident, Sonia MARQUES, premier juge et Antoine d\u2019HUART, juge, et prononc\u00e9 en audience publique au Tribunal d\u2019arrondissement de et \u00e0 Luxembourg, Cit\u00e9 Judiciaire, Plateau du Saint Esprit, par Madame le vice-pr\u00e9sident, en pr\u00e9sence deSandrine EWEN, premier substitut du Procureur d\u2019Etat et de Elisabeth BACK, greffi\u00e8re, qui, \u00e0 l\u2019exception de larepr\u00e9sentantedu Minist\u00e8re Public, ont sign\u00e9 le pr\u00e9sent jugement.<\/p>\n<\/div>\n<hr class=\"kji-sep\" \/>\n<p class=\"kji-source-links\"><strong>Sources officielles :<\/strong> <a class=\"kji-source-link\" href=\"https:\/\/data.public.lu\/fr\/datasets\/tribunal-darrondissement-luxembourg-penal\/\" target=\"_blank\" rel=\"noopener noreferrer\">consulter la page source<\/a> &middot; <a class=\"kji-pdf-link\" href=\"https:\/\/download.data.public.lu\/resources\/tribunal-darrondissement-luxembourg-penal\/20240828-014937\/20230706-tal9-1521-pseudonymise-accessible.pdf\" target=\"_blank\" rel=\"noopener noreferrer\">PDF officiel<\/a><\/p>\n<p class=\"kji-license-note\"><em>Licence CC BY-ND 4.0 (Administration judiciaire, data.public.lu). Republication autorisee avec attribution, sans modification editoriale du texte integral.<\/em><\/p>\n<\/div>\n","protected":false},"excerpt":{"rendered":"<p>Jugtn\u00b01521\/2022 not.36116\/21\/CD ex.p.1x AUDIENCE PUBLIQUE DU 6 JUILLET 2023 Le Tribunal d\u2019arrondissement de et \u00e0 Luxembourg,neuvi\u00e8me chambre, si\u00e9geant enmati\u00e8re correctionnelle,a rendu le jugement qui suit: Dans la cause du Minist\u00e8re Public contre PERSONNE1.),aliasPERSONNE2.), n\u00e9leDATE1.)\u00e0ADRESSE1.)(Alg\u00e9rie), actuellement d\u00e9tenu au Centre p\u00e9nitentiaire \u00e0 Schrassig (Luxembourg) -p r \u00e9\u2026<\/p>\n","protected":false},"featured_media":0,"template":"","meta":{"_crdt_document":""},"kji_country":[8418],"kji_court":[23583],"kji_chamber":[25729],"kji_year":[24566],"kji_subject":[7632],"kji_keyword":[23584,25887,8600,7636],"kji_language":[7733],"class_list":["post-631564","kji_decision","type-kji_decision","status-publish","hentry","kji_country-luxembourg","kji_court-tribunal-darrondissement","kji_chamber-penal","kji_year-24566","kji_subject-penal","kji_keyword-arrondissement","kji_keyword-jugtn","kji_keyword-juillet","kji_keyword-tribunal","kji_language-francais"],"yoast_head":"<!-- This site is optimized with the Yoast SEO Premium plugin v27.4 (Yoast SEO v27.4) - https:\/\/yoast.com\/product\/yoast-seo-premium-wordpress\/ -->\n<title>Tribunal d&#039;arrondissement, 6 juillet 2023 - Ma\u00eetre Hassan Kohen, avocat en droit p\u00e9nal \u00e0 Paris<\/title>\n<meta name=\"robots\" content=\"index, follow, max-snippet:-1, max-image-preview:large, max-video-preview:-1\" \/>\n<link rel=\"canonical\" href=\"https:\/\/kohenavocats.com\/ru\/jurisprudences\/tribunal-darrondissement-6-juillet-2023\/\" \/>\n<meta property=\"og:locale\" content=\"ru_RU\" \/>\n<meta property=\"og:type\" content=\"article\" \/>\n<meta property=\"og:title\" content=\"Tribunal d&#039;arrondissement, 6 juillet 2023\" \/>\n<meta property=\"og:description\" content=\"Jugtn\u00b01521\/2022 not.36116\/21\/CD ex.p.1x AUDIENCE PUBLIQUE DU 6 JUILLET 2023 Le Tribunal d\u2019arrondissement de et \u00e0 Luxembourg,neuvi\u00e8me chambre, si\u00e9geant enmati\u00e8re correctionnelle,a rendu le jugement qui suit: Dans la cause du Minist\u00e8re Public contre PERSONNE1.),aliasPERSONNE2.), n\u00e9leDATE1.)\u00e0ADRESSE1.)(Alg\u00e9rie), actuellement d\u00e9tenu au Centre p\u00e9nitentiaire \u00e0 Schrassig (Luxembourg) -p r \u00e9\u2026\" \/>\n<meta property=\"og:url\" content=\"https:\/\/kohenavocats.com\/ru\/jurisprudences\/tribunal-darrondissement-6-juillet-2023\/\" \/>\n<meta property=\"og:site_name\" content=\"Ma\u00eetre Hassan Kohen, avocat en droit p\u00e9nal \u00e0 Paris\" \/>\n<meta property=\"article:modified_time\" content=\"2026-04-21T03:02:13+00:00\" \/>\n<meta name=\"twitter:card\" content=\"summary_large_image\" \/>\n<meta name=\"twitter:label1\" content=\"\u041f\u0440\u0438\u043c\u0435\u0440\u043d\u043e\u0435 \u0432\u0440\u0435\u043c\u044f \u0434\u043b\u044f \u0447\u0442\u0435\u043d\u0438\u044f\" \/>\n\t<meta name=\"twitter:data1\" content=\"6 \u043c\u0438\u043d\u0443\u0442\" \/>\n<script type=\"application\/ld+json\" class=\"yoast-schema-graph\">{\"@context\":\"https:\\\/\\\/schema.org\",\"@graph\":[{\"@type\":\"WebPage\",\"@id\":\"https:\\\/\\\/kohenavocats.com\\\/ru\\\/jurisprudences\\\/tribunal-darrondissement-6-juillet-2023\\\/\",\"url\":\"https:\\\/\\\/kohenavocats.com\\\/ru\\\/jurisprudences\\\/tribunal-darrondissement-6-juillet-2023\\\/\",\"name\":\"Tribunal d'arrondissement, 6 juillet 2023 - Ma\u00eetre Hassan Kohen, avocat en droit p\u00e9nal \u00e0 Paris\",\"isPartOf\":{\"@id\":\"https:\\\/\\\/kohenavocats.com\\\/ru\\\/#website\"},\"datePublished\":\"2026-04-21T03:02:10+00:00\",\"dateModified\":\"2026-04-21T03:02:13+00:00\",\"breadcrumb\":{\"@id\":\"https:\\\/\\\/kohenavocats.com\\\/ru\\\/jurisprudences\\\/tribunal-darrondissement-6-juillet-2023\\\/#breadcrumb\"},\"inLanguage\":\"ru-RU\",\"potentialAction\":[{\"@type\":\"ReadAction\",\"target\":[\"https:\\\/\\\/kohenavocats.com\\\/ru\\\/jurisprudences\\\/tribunal-darrondissement-6-juillet-2023\\\/\"]}]},{\"@type\":\"BreadcrumbList\",\"@id\":\"https:\\\/\\\/kohenavocats.com\\\/ru\\\/jurisprudences\\\/tribunal-darrondissement-6-juillet-2023\\\/#breadcrumb\",\"itemListElement\":[{\"@type\":\"ListItem\",\"position\":1,\"name\":\"Home\",\"item\":\"https:\\\/\\\/kohenavocats.com\\\/ru\\\/avocats-en-droit-penal-a-paris-conseil-et-defense-strategique\\\/\"},{\"@type\":\"ListItem\",\"position\":2,\"name\":\"Jurisprudences\",\"item\":\"https:\\\/\\\/kohenavocats.com\\\/ru\\\/jurisprudences\\\/\"},{\"@type\":\"ListItem\",\"position\":3,\"name\":\"Tribunal d&rsquo;arrondissement, 6 juillet 2023\"}]},{\"@type\":\"WebSite\",\"@id\":\"https:\\\/\\\/kohenavocats.com\\\/ru\\\/#website\",\"url\":\"https:\\\/\\\/kohenavocats.com\\\/ru\\\/\",\"name\":\"Kohen Avocats\",\"description\":\"Ma\u00eetre Hassan Kohen, avocat p\u00e9naliste \u00e0 Paris, intervient exclusivement en droit p\u00e9nal pour la d\u00e9fense des particuliers, notamment en mati\u00e8re d\u2019accusations de viol. Il assure un accompagnement rigoureux d\u00e8s la garde \u00e0 vue jusqu\u2019\u00e0 la Cour d\u2019assises, veillant au strict respect des garanties proc\u00e9durales.\",\"publisher\":{\"@id\":\"https:\\\/\\\/kohenavocats.com\\\/ru\\\/#organization\"},\"potentialAction\":[{\"@type\":\"SearchAction\",\"target\":{\"@type\":\"EntryPoint\",\"urlTemplate\":\"https:\\\/\\\/kohenavocats.com\\\/ru\\\/?s={search_term_string}\"},\"query-input\":{\"@type\":\"PropertyValueSpecification\",\"valueRequired\":true,\"valueName\":\"search_term_string\"}}],\"inLanguage\":\"ru-RU\"},{\"@type\":\"Organization\",\"@id\":\"https:\\\/\\\/kohenavocats.com\\\/ru\\\/#organization\",\"name\":\"Kohen Avocats\",\"url\":\"https:\\\/\\\/kohenavocats.com\\\/ru\\\/\",\"logo\":{\"@type\":\"ImageObject\",\"inLanguage\":\"ru-RU\",\"@id\":\"https:\\\/\\\/kohenavocats.com\\\/ru\\\/#\\\/schema\\\/logo\\\/image\\\/\",\"url\":\"https:\\\/\\\/kohenavocats.com\\\/wp-content\\\/uploads\\\/2026\\\/01\\\/Logo-2-1.webp\",\"contentUrl\":\"https:\\\/\\\/kohenavocats.com\\\/wp-content\\\/uploads\\\/2026\\\/01\\\/Logo-2-1.webp\",\"width\":2114,\"height\":1253,\"caption\":\"Kohen Avocats\"},\"image\":{\"@id\":\"https:\\\/\\\/kohenavocats.com\\\/ru\\\/#\\\/schema\\\/logo\\\/image\\\/\"}}]}<\/script>\n<!-- \/ Yoast SEO Premium plugin. -->","yoast_head_json":{"title":"Tribunal d'arrondissement, 6 juillet 2023 - Ma\u00eetre Hassan Kohen, avocat en droit p\u00e9nal \u00e0 Paris","robots":{"index":"index","follow":"follow","max-snippet":"max-snippet:-1","max-image-preview":"max-image-preview:large","max-video-preview":"max-video-preview:-1"},"canonical":"https:\/\/kohenavocats.com\/ru\/jurisprudences\/tribunal-darrondissement-6-juillet-2023\/","og_locale":"ru_RU","og_type":"article","og_title":"Tribunal d'arrondissement, 6 juillet 2023","og_description":"Jugtn\u00b01521\/2022 not.36116\/21\/CD ex.p.1x AUDIENCE PUBLIQUE DU 6 JUILLET 2023 Le Tribunal d\u2019arrondissement de et \u00e0 Luxembourg,neuvi\u00e8me chambre, si\u00e9geant enmati\u00e8re correctionnelle,a rendu le jugement qui suit: Dans la cause du Minist\u00e8re Public contre PERSONNE1.),aliasPERSONNE2.), n\u00e9leDATE1.)\u00e0ADRESSE1.)(Alg\u00e9rie), actuellement d\u00e9tenu au Centre p\u00e9nitentiaire \u00e0 Schrassig (Luxembourg) -p r \u00e9\u2026","og_url":"https:\/\/kohenavocats.com\/ru\/jurisprudences\/tribunal-darrondissement-6-juillet-2023\/","og_site_name":"Ma\u00eetre Hassan Kohen, avocat en droit p\u00e9nal \u00e0 Paris","article_modified_time":"2026-04-21T03:02:13+00:00","twitter_card":"summary_large_image","twitter_misc":{"\u041f\u0440\u0438\u043c\u0435\u0440\u043d\u043e\u0435 \u0432\u0440\u0435\u043c\u044f \u0434\u043b\u044f \u0447\u0442\u0435\u043d\u0438\u044f":"6 \u043c\u0438\u043d\u0443\u0442"},"schema":{"@context":"https:\/\/schema.org","@graph":[{"@type":"WebPage","@id":"https:\/\/kohenavocats.com\/ru\/jurisprudences\/tribunal-darrondissement-6-juillet-2023\/","url":"https:\/\/kohenavocats.com\/ru\/jurisprudences\/tribunal-darrondissement-6-juillet-2023\/","name":"Tribunal d'arrondissement, 6 juillet 2023 - Ma\u00eetre Hassan Kohen, avocat en droit p\u00e9nal \u00e0 Paris","isPartOf":{"@id":"https:\/\/kohenavocats.com\/ru\/#website"},"datePublished":"2026-04-21T03:02:10+00:00","dateModified":"2026-04-21T03:02:13+00:00","breadcrumb":{"@id":"https:\/\/kohenavocats.com\/ru\/jurisprudences\/tribunal-darrondissement-6-juillet-2023\/#breadcrumb"},"inLanguage":"ru-RU","potentialAction":[{"@type":"ReadAction","target":["https:\/\/kohenavocats.com\/ru\/jurisprudences\/tribunal-darrondissement-6-juillet-2023\/"]}]},{"@type":"BreadcrumbList","@id":"https:\/\/kohenavocats.com\/ru\/jurisprudences\/tribunal-darrondissement-6-juillet-2023\/#breadcrumb","itemListElement":[{"@type":"ListItem","position":1,"name":"Home","item":"https:\/\/kohenavocats.com\/ru\/avocats-en-droit-penal-a-paris-conseil-et-defense-strategique\/"},{"@type":"ListItem","position":2,"name":"Jurisprudences","item":"https:\/\/kohenavocats.com\/ru\/jurisprudences\/"},{"@type":"ListItem","position":3,"name":"Tribunal d&rsquo;arrondissement, 6 juillet 2023"}]},{"@type":"WebSite","@id":"https:\/\/kohenavocats.com\/ru\/#website","url":"https:\/\/kohenavocats.com\/ru\/","name":"Kohen Avocats","description":"Ma\u00eetre Hassan Kohen, avocat p\u00e9naliste \u00e0 Paris, intervient exclusivement en droit p\u00e9nal pour la d\u00e9fense des particuliers, notamment en mati\u00e8re d\u2019accusations de viol. Il assure un accompagnement rigoureux d\u00e8s la garde \u00e0 vue jusqu\u2019\u00e0 la Cour d\u2019assises, veillant au strict respect des garanties proc\u00e9durales.","publisher":{"@id":"https:\/\/kohenavocats.com\/ru\/#organization"},"potentialAction":[{"@type":"SearchAction","target":{"@type":"EntryPoint","urlTemplate":"https:\/\/kohenavocats.com\/ru\/?s={search_term_string}"},"query-input":{"@type":"PropertyValueSpecification","valueRequired":true,"valueName":"search_term_string"}}],"inLanguage":"ru-RU"},{"@type":"Organization","@id":"https:\/\/kohenavocats.com\/ru\/#organization","name":"Kohen Avocats","url":"https:\/\/kohenavocats.com\/ru\/","logo":{"@type":"ImageObject","inLanguage":"ru-RU","@id":"https:\/\/kohenavocats.com\/ru\/#\/schema\/logo\/image\/","url":"https:\/\/kohenavocats.com\/wp-content\/uploads\/2026\/01\/Logo-2-1.webp","contentUrl":"https:\/\/kohenavocats.com\/wp-content\/uploads\/2026\/01\/Logo-2-1.webp","width":2114,"height":1253,"caption":"Kohen Avocats"},"image":{"@id":"https:\/\/kohenavocats.com\/ru\/#\/schema\/logo\/image\/"}}]}},"jetpack_likes_enabled":false,"jetpack_sharing_enabled":true,"_links":{"self":[{"href":"https:\/\/kohenavocats.com\/ru\/wp-json\/wp\/v2\/kji_decision\/631564","targetHints":{"allow":["GET"]}}],"collection":[{"href":"https:\/\/kohenavocats.com\/ru\/wp-json\/wp\/v2\/kji_decision"}],"about":[{"href":"https:\/\/kohenavocats.com\/ru\/wp-json\/wp\/v2\/types\/kji_decision"}],"wp:attachment":[{"href":"https:\/\/kohenavocats.com\/ru\/wp-json\/wp\/v2\/media?parent=631564"}],"wp:term":[{"taxonomy":"kji_country","embeddable":true,"href":"https:\/\/kohenavocats.com\/ru\/wp-json\/wp\/v2\/kji_country?post=631564"},{"taxonomy":"kji_court","embeddable":true,"href":"https:\/\/kohenavocats.com\/ru\/wp-json\/wp\/v2\/kji_court?post=631564"},{"taxonomy":"kji_chamber","embeddable":true,"href":"https:\/\/kohenavocats.com\/ru\/wp-json\/wp\/v2\/kji_chamber?post=631564"},{"taxonomy":"kji_year","embeddable":true,"href":"https:\/\/kohenavocats.com\/ru\/wp-json\/wp\/v2\/kji_year?post=631564"},{"taxonomy":"kji_subject","embeddable":true,"href":"https:\/\/kohenavocats.com\/ru\/wp-json\/wp\/v2\/kji_subject?post=631564"},{"taxonomy":"kji_keyword","embeddable":true,"href":"https:\/\/kohenavocats.com\/ru\/wp-json\/wp\/v2\/kji_keyword?post=631564"},{"taxonomy":"kji_language","embeddable":true,"href":"https:\/\/kohenavocats.com\/ru\/wp-json\/wp\/v2\/kji_language?post=631564"}],"curies":[{"name":"wp","href":"https:\/\/api.w.org\/{rel}","templated":true}]}}