{"id":631684,"date":"2026-04-21T05:17:39","date_gmt":"2026-04-21T03:17:39","guid":{"rendered":"https:\/\/kohenavocats.com\/jurisprudences\/tribunal-darrondissement-29-juin-2023-16\/"},"modified":"2026-04-21T05:17:43","modified_gmt":"2026-04-21T03:17:43","slug":"tribunal-darrondissement-29-juin-2023-16","status":"publish","type":"kji_decision","link":"https:\/\/kohenavocats.com\/ru\/jurisprudences\/tribunal-darrondissement-29-juin-2023-16\/","title":{"rendered":"Tribunal d&#8217;arrondissement, 29 juin 2023"},"content":{"rendered":"<div class=\"kji-decision\">\n<div class=\"kji-full-text\">\n<p>Jugt no1463\/2023 Notice no29543\/21\/cd 1 x ex.p.+s. (amende) AUDIENCE PUBLIQUE DU 29JUIN 2023 Le Tribunal d&#039;arrondissement de et \u00e0 Luxembourg,septi\u00e8me chambre correctionnelle,a rendu le jugement qui suit: dans la cause duMinist\u00e8re Public contre PERSONNE1.), n\u00e9 leDATE1.)\u00e0ADRESSE1.), demeurantADRESSE2.), -p r \u00e9 v e n u- &#8212;&#8212;&#8212;&#8212;&#8212;&#8212;&#8212;&#8212;&#8212;&#8212;&#8212;&#8212;&#8212;&#8212;&#8212;&#8212;&#8212;&#8212;&#8212;&#8212;&#8212;&#8212;&#8212;&#8212;&#8212;&#8212;&#8212;&#8212;&#8212;&#8212;&#8212;&#8212;&#8212;&#8212; F A I T S : Par citation du11 mai 2023, le Procureur d&#039;Etat pr\u00e8s le Tribunal d&#039;arrondissement de Luxembourg a requisle pr\u00e9venude compara\u00eetre \u00e0 l\u2019audience publique du23 mai 2023devant le Tribunal correctionnel de ce si\u00e8ge, pour y entendre statuer sur lespr\u00e9ventionssuivantes: infractions auxarticles457-1, 3\u00b0 et 457-3 du Code p\u00e9nal. A l\u2019audience publique du23 mai2023, le vice-pr\u00e9sident constata l&#039;identit\u00e9 du pr\u00e9venuPERSONNE1.),lui donna connaissance de l&#039;acte qui a saisi le Tribunal et l\u2019informa de son droit de se taire et de son droit de ne pas s\u2019incriminer soi-m\u00eame.<\/p>\n<p>2 Le pr\u00e9venuPERSONNE1.) renon\u00e7a \u00e0l\u2019assistance d\u2019un avocat par d\u00e9claration \u00e9crite, dat\u00e9e et sign\u00e9e conform\u00e9ment \u00e0 l\u2019article 3-6 point 8 du Code de proc\u00e9dure p\u00e9nale. Lepr\u00e9venuPERSONNE1.)fut entendu en ses explications et moyens de d\u00e9fense. La repr\u00e9sentantedu Minist\u00e8re Public,Dominique PETERS, substitutprincipal du Procureur d\u2019Etat,r\u00e9suma l\u2019affaire etconclut \u00e0 la condamnationdu pr\u00e9venu PERSONNE1.). Le pr\u00e9venuPERSONNE1.)eut la parole en dernier. Le Tribunal prit l&#039;affaire en d\u00e9lib\u00e9r\u00e9 et rendit \u00e0 l&#039;audience publique de ce jour, date \u00e0 laquelle le prononc\u00e9 avait \u00e9t\u00e9 fix\u00e9, le J U G E M E N T qui suit : Vu la citation \u00e0 pr\u00e9venu du11 mai 2023(not.29543\/21\/cd)r\u00e9guli\u00e8rement notifi\u00e9e \u00e0PERSONNE1.). Vu leproc\u00e8s-verbalnum\u00e9roSPJ-CO-AT-2021-JDA-100118-1\u00e9tabli en date du25 octobre 2021parla Police Grand-Ducale,Service de la Police Judiciaire,Unit\u00e9 SPJ-CO-AT. Le Minist\u00e8re Public reprocheau pr\u00e9venuPERSONNE1.)d\u2019avoir,en date du 4 septembre 2021, \u00e0 9.28 heures, dans l\u2019arrondissement judiciaire de Luxembourg, et \u00e0ADRESSE2.), 1) en infraction \u00e0 l\u2019article 457-1, 3\u00b0 du Code P\u00e9nal, avoir imprim\u00e9 ou fait imprimer, fabriqu\u00e9, d\u00e9tenu, transport\u00e9, import\u00e9, export\u00e9, fait fabriquer, importer, exporter ou transporter, mis en circulation sur le territoire luxembourgeois, envoy\u00e9 \u00e0 partir du territoire luxembourgeois, remis \u00e0 la poste ou \u00e0 un autre professionnel charg\u00e9 de la distribution du courrier sur le territoire luxembourgeois, fait transiter par le territoire luxembourgeois, des \u00e9crits, imprim\u00e9s, dessins, gravures, peintures, affiches, photographies, films cin\u00e9matographiques, embl\u00e8mes, images ou tout autre support de l&#039;\u00e9crit, de la parole ou de l&#039;image, de nature \u00e0 inciter aux actes pr\u00e9vus \u00e0 l&#039;article 455, (les actes pr\u00e9vus \u00e0 l\u2019article 455 du m\u00eame Code \u00e9tant la discrimination, soit toute distinction op\u00e9r\u00e9e entre les personnes physiques \u00e0 raison de leur origine, de leur couleur de peau, de leur sexe, de leur orientation sexuelle, de leur situation de famille, de leur \u00e2ge, de leur \u00e9tat de sant\u00e9, de leur handicap, de leurs m\u0153urs, de leurs opinions politiques ou philosophiques, de leurs activit\u00e9s syndicales, de leur appartenance ou de leur non appartenance, vraie ou suppos\u00e9e, \u00e0 une ethnie, unenation, une race ou une religion d\u00e9termin\u00e9e), \u00e0 la haine ou \u00e0 la violence \u00e0 l&#039;\u00e9gard d&#039;une personne, physique ou morale, d&#039;un groupe ou d&#039;une communaut\u00e9, en se fondant sur l&#039;un des \u00e9l\u00e9ments vis\u00e9s \u00e0 l&#039;article 454 (toute distinction op\u00e9r\u00e9e entre les personnes physiques \u00e0 raison de leur origine, de leur couleur de peau, de leur sexe, de leur orientation sexuelle, de leur situation de famille, de leur<\/p>\n<p>3 \u00e2ge, de leur \u00e9tat de sant\u00e9, de leur handicap, de leurs m\u0153urs, de leurs opinions politiques ou philosophiques, de leurs activit\u00e9s syndicales, de leur appartenance ou de leur non appartenance, vraie ou suppos\u00e9e, \u00e0 une ethnie, une nation, une race ou une religion d\u00e9termin\u00e9e), en l\u2019esp\u00e8ce,d&#039;avoir partag\u00e9, sur le murde son profil virtuel facebook \u00abPERSONNE1.)\u00bb un commentaire publi\u00e9 le 1 er septembre 2021 \u00e0 0.00 heurespar l\u2019utilisateur facebook \u00abALIAS1.)\u00bb formul\u00e9 dans les termes suivants: \u00ab I have spent a year writing a book that I am offering as a free download, in which Iprove that the families and corporations carrying out this global genocide are many of the same families and corporations that financed Hitler and the Nazis, built Auschwitz, and carried out the holocaust. What is happening today is a continuation of that final solution for the much spoken of New World Order. Read thirty pages in and you will begin to see that what I am saying is not just speculative or theory ; And bythe end of the book you will left in no doubt that what I am saying is absolutely true, but I offer remedy to the problem in how we can come togeher and end the global plutocratic dictatorship.Download free fromMEDIA1.)PERSONNE2.)\u00bb ainsi qu\u2019une photographie montrant une jeune fille portant sur son manteau une \u00e9toile jaune avec l\u2019inscription \u00abJude\u00bb avec la l\u00e9gende suivante:\u00abQ: What\u2019s the difference between a Vaccine Passport and a Yellow Star? A: 82 years.\u00bb, partant, d\u2019avoir incit\u00e9 \u00e0 la haine \u00e0l\u2019\u00e9gard d\u2019une communaut\u00e9 de personnes \u00e0 raison de leur appartenance, vraie ou suppos\u00e9e, \u00e0 une religion d\u00e9termin\u00e9e, \u00e0 savoir la religion juive, le terme \u00ab New World Order \u00bb \u00e9tant directement employ\u00e9 aux th\u00e9ories complotistes remontant \u00e0 la fin du XIXe si\u00e8cle accusant une \u00e9lite jud\u00e9o-ma\u00e7onnique de dominer le monde \u00e0 l\u2019insu des populations chr\u00e9tiennes innocentes, 2) en infraction \u00e0 l\u2019article 457-3 du Code p\u00e9nal, d\u2019avoir, soit par des discours, cris ou menaces prof\u00e9r\u00e9s dans des lieux ou r\u00e9unions publics, soit par des \u00e9crits, imprim\u00e9s, dessins, gravures, peintures, embl\u00e8mes, images ou tout autre support de l\u2019\u00e9crit, de la parole ou de l\u2019image vendus ou distribu\u00e9s, mis en vente ou expos\u00e9s dans des lieux ou r\u00e9unions publics, soit par des placards ou des affichesexpos\u00e9s au regard du public, soit par tout moyen de communication audiovisuelle, contest\u00e9, minimis\u00e9, justifi\u00e9 ou ni\u00e9 l\u2019existence d\u2019un ou de plusieurs crimes contre l\u2019humanit\u00e9 ou crimes de guerre tels qu\u2019ils sont d\u00e9finis par l\u2019 article 6 du statut du tribunal militaire international annex\u00e9 \u00e0 l\u2019accord de Londres du 8 ao\u00fbt 1945 et qui ont \u00e9t\u00e9 commis soit par les membres d\u2019une organisation d\u00e9clar\u00e9e criminelle en application de l\u2019 article 9 dudit statut, soit par une personne reconnue coupable de tels crimes par une juridiction luxembourgeoise, \u00e9trang\u00e8re ou internationale, d\u2019avoir, par un des moyens \u00e9nonc\u00e9s au paragraphe pr\u00e9c\u00e9dent, contest\u00e9, minimis\u00e9, justifi\u00e9 ou ni\u00e9 l\u2019existence d\u2019un ou de plusieurs g\u00e9nocides tels qu\u2019ils sont d\u00e9finis par l\u2019 article 136bis du Code p\u00e9nal, ainsi que des crimes contre l\u2019humanit\u00e9 et crimes de guerres, tels qu\u2019ils sont d\u00e9finis aux articles 136ter \u00e0 136quinquies du Code p\u00e9nal et reconnus par une juridiction luxembourgeoise ou internationale, en l\u2019esp\u00e8ce,d&#039;avoir partag\u00e9, sur le mur deson profil virtuel facebook \u00abPERSONNE1.)\u00bb un commentaire publi\u00e9 le 1 er septembre 2021 \u00e0 0.00<\/p>\n<p>4 heurespar l\u2019utilisateur facebook \u00abALIAS1.)\u00bb formul\u00e9 dans les termes suivants: \u00ab I have spent a year writing a book that I am offering as a free download, in which I prove that the families and corporations carrying out this global genocide are many of the same families and corporations that financed Hitler and the Nazis, built Auschwitz, and carried out the holocaust. What is happening today is a continuation of that final solution for the much spoken of New World Order. Read thirty pages in and you will begin to see that what I am saying is not just speculative or theory ; And bythe end of the book you will left in no doubt that what I am saying is absolutely true, but I offer remedy to the problem in how we can come togeher and end the global plutocratic dictatorship.Download free fromMEDIA1.)PERSONNE2.) \u00bb ainsi qu\u2019une photographie montrant une jeune fille portant sur son manteau une \u00e9toile jaune avec l\u2019inscription \u00abJude\u00bb avec la l\u00e9gende suivante:\u00abQ: What\u2019s the difference between a Vaccine Passport and a Yellow Star? A: 82 years.\u00bb, partant, d\u2019avoir minimis\u00e9 l\u2019holocauste en mettant sur un pied d\u2019\u00e9galit\u00e9 les horreurs v\u00e9cus par les victimes du Troisi\u00e8me Reich et les d\u00e9sagr\u00e9ments ressentis par les personnes sceptiques aux mesures sanitaires d\u00e9ploy\u00e9es par le Gouvernement pour lutter contre la pand\u00e9mie du Covid-19. Les faits Le 25 septembre 2021, le service de police judiciaire a \u00e9t\u00e9 charg\u00e9 d\u2019une enqu\u00eate suite \u00e0 un signalement effectu\u00e9 en date 20 septembre 2021 par le biais de la plate-forme Bee Secure Stoplinede l\u2019existence d\u2019une publication sur Facebook \u00e9manant du \u00abPERSONNE1.)\u00bb concernant des propos discriminatoires. L\u2019enqu\u00eate men\u00e9e par les agentsde policea r\u00e9v\u00e9l\u00e9 que le profil Facebook \u00abPERSONNE1.)\u00bb a pu \u00eatre attribu\u00e9 au pr\u00e9venuPERSONNE1.). Il ressort de la capture d\u2019\u00e9cran jointe au signalementpr\u00e9cit\u00e9, qu\u2019endate du 4 septembre 2021, \u00e0 17.28 heures, le pr\u00e9venu a partag\u00e9, via son profil Facebook, un collage montrant une jeune fille portant une robe sur son manteau une \u00e9toile jaune avec l\u2019inscription \u00abJude\u00bb avec la l\u00e9gende suivante: \u00abQ: What\u2019s the difference between a Vaccine Passport and a Yellow Star?A:82 years\u00bb, publi\u00e9 le 1 er septembre 2021 par l\u2019utilisateur Facebook \u00abALIAS1.)\u00bb, avec le commentaire formul\u00e9 dans les termes suivants: \u00abI have spent a year writing a book that I am offering as a free download, in which I prove that the families and corporations carrying out this global genocide are many of the same families and corporations that financed Hitler and the Nazis, built Auschwitz, and carried out the holocaust. What is happening today is a continuation of that final solution for the much spoken of New World Order. Read thirty pages in and you will begin to see that what I am saying is not just speculative or theory ; And by theend of the book you will left in no doubt that what I am saying is absolutely true, but I offer remedy to the problem in how we can come together and end the global plutocratic dictatorship. Download free fromMEDIA1.)PERSONNE2.)\u00bb. PERSONNE1.)a \u00e9t\u00e9 auditionn\u00e9 le 8 juin 2022 par le service de la police judiciaire.Il a reconnu \u00eatre l\u2019utilisateur du compte Facebook \u00abPERSONNE1.)\u00bb etayant partag\u00e9 le commentaire ainsi que le collage vis\u00e9s et publi\u00e9s par l\u2019utilisateur \u00abALIAS1.)\u00bb.<\/p>\n<p>5 Ayant \u00e9t\u00e9 confront\u00e9 avec le commentaire et le collage publi\u00e9s sur son compte Facebook,PERSONNE1.)a expliqu\u00e9 qu\u2019il a vu par hasard le commentaire litigieux sur le compte Facebookd\u2019un autre utilisateuret qu\u2019il avait lu une partie du livre cit\u00e9 par l\u2019utilisateur ayant publi\u00e9 le commentaire litigieux. Il a encore expliqu\u00e9 que le collage ainsi que le commentaire s\u2019inscrivaient dans la situation actuelle au monde, marqu\u00e9e par les mesures sanitaires dans le cadre de la lutte contre la pand\u00e9mie Covid-19, de sorte qu\u2019il a d\u00e9cid\u00e9 de les publier sur son mur virtuel Facebook.Il a pourtant pr\u00e9cis\u00e9 r\u00e9futer toute accusation d\u2019incitation \u00e0 la haine contre les juifs.Il ne se serait pas rendu compte que la publication du commentaireet du collagevis\u00e9saurait constitu\u00e9 une infraction. A l\u2019audience publique du 23 mai 2023, le pr\u00e9venuPERSONNE1.)a pr\u00e9cis\u00e9 qu\u2019il n\u2019a jamais eu l\u2019intention d\u2019inciter\u00e0 la haine.Il aurait uniquement republi\u00e9 un commentaire Facebook, afin d\u2019avoir l\u2019opinion d\u2019autres utilisateurs Facebookconcernantl\u2019id\u00e9e qui se cachait derri\u00e8re cette publication. Il a encore pr\u00e9cis\u00e9 qu\u2019apr\u00e8s avoir \u00e9t\u00e9 auditionn\u00e9 par la police, il a tout de suite supprim\u00e9 la publication. Il a pourtant contest\u00e9 que le commentaire et le collage republi\u00e9s via son compte Facebook constituaient une minimisation de l\u2019holocauste. Finalement,PERSONNE1.)a pr\u00e9cis\u00e9quela publication vis\u00e9e ne s\u2019av\u00e9rait pas probl\u00e9matique. En droit Au vu des contestations du pr\u00e9venu, il incombe au Minist\u00e8re public de rapporter lapreuve de la mat\u00e9rialit\u00e9 des infractions leurs reproch\u00e9es, tant en fait qu\u2019en droit. Dans ce contexte, le Tribunal rel\u00e8ve que le Code de proc\u00e9dure p\u00e9nale adopte le syst\u00e8me de la libre appr\u00e9ciation de la preuve par le juge qui forme son intime conviction librement sans \u00eatre tenu par telle preuve plut\u00f4t que par telle autre. Il interroge sa conscience et d\u00e9cide en fonction de son intime conviction (cf. Franchimont, Manuel de proc\u00e9dure p\u00e9nale, p. 764). Le juge r\u00e9pressif appr\u00e9cie souverainement, en fait, la valeur probante des \u00e9l\u00e9ments sur lesquels il fonde son intime conviction (cf. Cass. Belge, 31 d\u00e9cembre 1985, Pas. Belge 1986, I, 549). Cependant, si le juge p\u00e9nal peut fonder sa d\u00e9cision sur l\u2019intime conviction, il faut que cette conviction r\u00e9sulte de moyens de preuve l\u00e9galement admis et administr\u00e9s en la forme. En d\u2019autres termes, sa conviction doit \u00eatre l\u2019effet d\u2019une conclusion, d\u2019un travail pr\u00e9liminaire de r\u00e9flexion et de raisonnement, ne laissant plus de doute dans l\u2019esprit d\u2019une personne raisonnable. -L\u2019infraction \u00e0 l\u2019article 457-1, 3\u00b0 du Code p\u00e9nal L\u2019article 457-1 du Code p\u00e9nal sanctionne le fait d\u2019inciter publiquement, dans des discours ou des \u00e9crits, \u00e0 la haine ou \u00e0 la violence \u00e0 l\u2019\u00e9gard d\u2019une personne, physique ou morale, d\u2019un groupe ou d\u2019une communaut\u00e9 en se fondant sur un des \u00e9l\u00e9ments vis\u00e9s \u00e0 l\u2019article 454 du Code p\u00e9nal.<\/p>\n<p>6 Les \u00e9l\u00e9ments constitutifs de l\u2019infraction d\u2019incitation \u00e0 la haine ou \u00e0 la violence contre une personne, un groupe ou une communaut\u00e9 sont le fait de tenir des propos susceptibles d\u2019inciter \u00e0 la haine ou \u00e0 la violence, le fait de tenir ceux- ci publiquement, soit directement dans des lieux ou des r\u00e9unions publics, soit au moyen d\u2019un support de l\u2019\u00e9crit ou de la parole distribu\u00e9 ou d\u2019un autre moyen de communication audiovisuelle, ainsique la diff\u00e9rence entre la personne et le groupe vis\u00e9 et d\u2019autres groupes de la population. Le pr\u00e9venuPERSONNE1.)est en aveud\u2019avoir partag\u00e9 le commentaire ainsi quel\u2019image litigieux sur son compte Facebook, qui \u00e9taient accessiblesaux usagers dudit r\u00e9seau social, ce qui n\u2019a d\u2019ailleurs pas non plus \u00e9t\u00e9 contest\u00e9 par le pr\u00e9venu \u00e0 l\u2019audience.Le simple fait qu\u2019il n\u2019ait que partag\u00e9 un commentaire d\u2019un autre utilisateur Facebookest sans incidence en l\u2019esp\u00e8ce, alors que par le partage dudit commentaire, il a fait siens les termes publi\u00e9s par l\u2019utilisateur \u00abALIAS1.)\u00bb. Pour que l\u2019infraction soit \u00e9tablie dans le chef du pr\u00e9venu, il faut encore que la publication soit susceptible d\u2019entra\u00eener un sentiment de haine \u00e0 l\u2019encontre du groupe depersonnes vis\u00e9, \u00e0 savoir un sentiment violent qui pousse \u00e0 vouloir du mal ou une aversion profonde. La notion de haine a trait \u00e0 un sentiment subjectif fort, non rationnel, incontr\u00f4lable pour celui qui le ressent et constitutif, d\u2019un residuum innommable et immutable d\u2019aversion \u00e0 l\u2019encontre du groupe de personnes concern\u00e9. S\u2019il est suffisant, pour que l\u2019infraction soit \u00e9tablie dans le chef du pr\u00e9venu, \u00e0 d\u00e9faut d\u2019incitation \u00e0 la commission d\u2019actes de violence, que les propos soient susceptibles d\u2019entra\u00eener un sentiment de haine \u00e0 l\u2019encontre du groupe de personnes vis\u00e9, il faut cependant que le sentiment v\u00e9hicul\u00e9 soit un sentiment de haine, soit un sentiment violent qui pousse \u00e0 vouloir du mal ou une aversion profonde. Il appartient ainsi au Tribunal d\u2019analyser si par lapublicationdu commentaire et du collage, un utilisateur Facebook estsusceptibled\u2019\u00eatre incit\u00e9 \u00e0 une aversion profonde envers des personnes juives ou la communaut\u00e9 juive en g\u00e9n\u00e9ral, voire d\u2019\u00eatre provoqu\u00e9 \u00e0 exercer des actes de violence \u00e0 titre de r\u00e9action. En l\u2019esp\u00e8ce, le Tribunal se doit de constater que le pr\u00e9venu en partageant et publiant les commentaires et collages initialement partag\u00e9s par un autre utilisateur, a fait siens les paroles tels que diffus\u00e9ssur la plateforme Facebook. Ainsi, en employant le terme \u00abNew World Order\u00bb dans le contexte de la r\u00e9daction du commentaire vis\u00e9 etdu collage montrant une fille d\u2019appartenance juive, il est fait r\u00e9f\u00e9rence aux complotistes pour justifier leur aversion contre la communaut\u00e9 juive. Ainsi, dans ce contexte,le pr\u00e9venu a risqu\u00e9 d\u2019inciter aupr\u00e8s de certains utilisateurs Facebook une aversion profonde envers la communaut\u00e9 juive. Il y a encore lieu de constater que la publication vise clairement un groupe de personnes \u00e0 raison des \u00e9l\u00e9ments discriminatoires vis\u00e9s \u00e0 l\u2019article 454 du<\/p>\n<p>7 Code p\u00e9nal, alors qu\u2019elle vise un groupe depersonnes qui se distingue du reste de la population par leur appartenance \u00e0 une religion d\u00e9termin\u00e9e. L\u2019\u00e9l\u00e9ment mat\u00e9riel de l\u2019infraction pr\u00e9vue \u00e0 l\u2019article 457-1 du code p\u00e9nal est partant \u00e9tabli. Si \u00e0 l\u2019instar de tout d\u00e9lit, l\u2019infraction d\u2019incitation \u00e0 la haine requiert un \u00e9l\u00e9ment moral, elle est cependant exclusive de bonne foi. En effet, l\u2019\u00e9l\u00e9ment moral de l\u2019infraction n\u2019est pas \u00e9tabli par l\u2019\u00e9ventuelle mauvaise foi de l\u2019auteur des propos incitant \u00e0 la haine ou \u00e0 la violence, mais par le fait de tenir des propos ayant cet effet, alors que cet effet aurait d\u00fb \u00eatre entrevu par l\u2019auteur. Il n\u2019est pas n\u00e9cessaire que les messages contiennent une exhortation \u00e0 la haine, \u00e0 la violence ou \u00e0 la discrimination. Il suffit, pour que l\u2019infraction soit constitu\u00e9e, que les messages soient de nature \u00e0 susciter ces sentiments (Cour cassation fran\u00e7aise, 12.09.2000, n\u00b0 98-88.203). S\u2019il est suffisant, pour que l\u2019infraction soit \u00e9tablie dans le chef d\u2019un pr\u00e9venu, \u00e0 d\u00e9faut d\u2019incitation \u00e0 la commission d\u2019actes de violence, que les propos soient susceptibles d\u2019entra\u00eener un sentiment de haine \u00e0 l\u2019encontre du groupe de personnes vis\u00e9, il faut cependant que le sentiment ainsi v\u00e9hicul\u00e9 soit bien un sentiment de haine, \u00e0 savoir un sentiment violent qui pousse \u00e0 vouloirdu mal ou une aversion profonde. Pour analyser si un tel sentiment peut \u00eatre con\u00e7u dans l\u2019esprit des gens dans un texte \u00e9crit, il y a lieu de prendre en consid\u00e9ration le texte en son ensemble. En effet, un texte \u00e9crit constitueun ensemble d\u2019un seul tenant, qui est lu en tant que tel et dont les phrases sont \u00e0 consid\u00e9rer comme faisant partie d\u2019un ensemble. L\u2019infraction n\u00e9cessite encore un \u00e9l\u00e9ment moral caract\u00e9ris\u00e9 dans la volont\u00e9 d\u2019inciter \u00e0 la haine ou \u00e0 la violence \u00e0 l\u2019\u00e9gard d\u2019une personne, physique ou morale, d\u2019un groupe ou d\u2019une communaut\u00e9, en se fondant sur l\u2019un des \u00e9l\u00e9ments vis\u00e9s \u00e0 l\u2019article 454 du Code p\u00e9nal. Il faut donc un \u00e9l\u00e9ment intentionnel, \u00e0 savoir un motif discriminatoire, une volont\u00e9 discriminatoire consistant en un dol sp\u00e9cial (CA Paris,8 mai 1989: Juris-Data no 603168). Encore faut-il que le motif discriminatoire rentre dans la cat\u00e9gorie de ceux limitativement \u00e9num\u00e9r\u00e9s dans l\u2019article 454 du Code p\u00e9nal. La r\u00e9f\u00e9rence \u00e0 l\u2019appartenance \u00e0 une ethnie, \u00e0 une race respectivement \u00e0 la couleur de la peau est suffisamment large pour couvrir pratiquement toutes les discriminations fond\u00e9es sur la naissance. En tout \u00e9tat de cause, il suffit que l\u2019auteur des agissements se soit d\u00e9termin\u00e9 en fonction d\u2019une appartenance ou d\u2019unenon-appartenance vraie ou suppos\u00e9e. Seule importe l\u2019id\u00e9e que l\u2019int\u00e9ress\u00e9 se fait de l\u2019appartenance de telle personne \u00e0 une ethnie, une nation ou une race.<\/p>\n<p>8 Le Tribunal rappelle que s\u2019il est de principe, et tel qu\u2019il a \u00e9t\u00e9 retenu dans divers textes internationaux tels l\u2019article 10 de la CEDH que chacun puisse exprimer librement ses opinions, cependant selon les m\u00eames textes la libert\u00e9 d\u2019expression peut \u00eatre soumise \u00e0 des ing\u00e9rences dans les cas o\u00f9 celle-ci constituent des mesures n\u00e9cessaires. Les exceptionsau principe de la libert\u00e9 d\u2019expression doivent \u00eatre interpr\u00e9t\u00e9es \u00e9troitement et ne doivent pas \u00eatre disproportionn\u00e9es au but vis\u00e9. L\u2019article 10, alin\u00e9a 2 de la Convention pose des limites \u00e0 cette libert\u00e9 d\u2019expression qui s\u2019arr\u00eate l\u00e0 o\u00f9 elle heurte d\u2019autres droits et int\u00e9r\u00eats l\u00e9gitimes. Des textes et des avis publi\u00e9s peuvent ne plus \u00eatre couverts par la protection de la libert\u00e9 d\u2019expression lorsqu\u2019ils sont source d\u2019un danger clair et imminent de troubles publics, d\u2019infractions ou d\u2019autres formes d\u2019atteinteaux droits d\u2019autrui, par exemple lorsqu\u2019ils sont r\u00e9alis\u00e9s de mani\u00e8re \u00e0 inciter \u00e0 la violence ou \u00e0 la haine. En publiant un commentaire ayant vocation \u00e0 entra\u00eener aupr\u00e8s de certains internautes des sentiments antis\u00e9mites, le pr\u00e9venuPERSONNE1.) a clairement manifest\u00e9 sa volont\u00e9 d\u2019inciter \u00e0 la haine ou \u00e0 la violence \u00e0 l\u2019\u00e9gard d\u2019une communaut\u00e9. L\u2019\u00e9l\u00e9ment moral \u00e9tant \u00e9galement \u00e9tabli, il y a lieu de retenirPERSONNE1.) dans les liens de l\u2019infraction \u00e0 l\u2019article 457-1 du code p\u00e9nal. -L\u2019infraction \u00e0l\u2019article 457-3 du Code p\u00e9nal L\u2019article 457-3 du Code p\u00e9nal sanctionne le fait pour une personne de contester, minimiser, justifier des crimes contre l\u2019humanit\u00e9 ou les crimes de guerre tels que d\u00e9finis par l\u2019article 6 du statut du Tribunalmilitaire international annex\u00e9 \u00e0 l\u2019accord de Londres du 8 ao\u00fbt 1945 et reconnus par une juridiction luxembourgeoise, \u00e9trang\u00e8re ou internationale. L\u2019article 6 dudit statut se lit comme suit : \u00ab (\u2026)c) Les crimes contre l\u2019Humanit\u00e9 : c\u2019est-\u00e0-dire l\u2019assassinat, l\u2019extermination, la r\u00e9duction en esclavage, la d\u00e9portation, et tout autre acte inhumain commis contre toutes populations civiles, avant ou pendant la guerre, ou bien les pers\u00e9cutions pour des motifs politiques, raciaux ou religieux lorsque ces actes oupers\u00e9cutions, qu\u2019ils aient constitu\u00e9 ou non une violation du droit interne du pays o\u00f9 ils ont \u00e9t\u00e9 perp\u00e9tr\u00e9s, ont \u00e9t\u00e9 commis \u00e0 la suite de tout crime rentrant dans la comp\u00e9tence du Tribunal, ou en liaison avec ce crime.(\u2026) \u00bb. Le g\u00e9nocide des personnes deconviction religieuse juive pendant la seconde guerre mondiale rentre dans cette cat\u00e9gorie de crimes contre l\u2019humanit\u00e9. Il est \u00e9galement \u00e9tabli que le g\u00e9nocide des juifs a \u00e9t\u00e9 reconnu par le Tribunal militaire de Nuremberg apr\u00e8s la deuxi\u00e8me guerre mondiale, de sorte que l\u2019article 457-3 alin\u00e9a 1er du Code p\u00e9nal est applicable en l\u2019esp\u00e8ce. En diffusantla publication litigieuse, le pr\u00e9venu a fait une analogie entre le sort r\u00e9serv\u00e9 aux personnes juives dans le contexte de leur pers\u00e9cution et de leur g\u00e9nocide sous le r\u00e9gime nazi et celui des personnes non vaccin\u00e9es dans<\/p>\n<p>9 le cadre de la lutte contre la pand\u00e9mie du coronavirus, insinuant ainsi que les personnes qui refuseraient de se faire vacciner contre le virus subiraient les m\u00eames injustices et discriminations que celles dont les juifs ont \u00e9t\u00e9 victimes dans le cadre de la mise en \u0153uvre de leur g\u00e9nocide par le r\u00e9gime nazi. En minimisant ainsi le crime contre l\u2019humanit\u00e9 commis par le r\u00e9gime nazi et le Troisi\u00e8me Reich, \u00e0 l\u2019encontre de personnes de confession et ou d\u2019ascendance juive, la mat\u00e9rialit\u00e9 des faits reproch\u00e9s \u00e0PERSONNE1.)se trouve \u00e9tablie. L\u2019\u00e9l\u00e9ment moral de l\u2019infraction est \u00e9galement donn\u00e9 vu quePERSONNE1.) avait parfaite connaissance que la publication \u00e9tait librement accessible \u00e0 tout le monde consultant son profil et pouvait ainsi \u00eatre lue et vuepar un grand nombre d\u2019utilisateurs de la plateforme Facebook. Le pr\u00e9venuPERSONNE1.)est partantconvaincupar les \u00e9l\u00e9ments du dossier r\u00e9pressif,desinfractionssuivantes: \u00abcomme auteur ayant lui-m\u00eame commis lesinfractions, le 4 septembre 2021, \u00e0 9.28 heures, dans l\u2019arrondissement judiciaire de ADRESSE1.), et \u00e0ADRESSE2.), 1)en infraction \u00e0 l\u2019article 457-1, 3\u00b0 du Code P\u00e9nal, d\u2019avoir mis en circulation sur le territoire luxembourgeois, des \u00e9crits, photographies,images,de nature \u00e0 inciter aux actes pr\u00e9vus \u00e0 l&#039;article 455, (les actes pr\u00e9vus \u00e0 l\u2019article 455 du m\u00eame Code \u00e9tant la discrimination, soit toute distinction op\u00e9r\u00e9e entreles personnes physiques \u00e0 raison de leur appartenance, vraie ou suppos\u00e9e, \u00e0 une religion d\u00e9termin\u00e9e), \u00e0 la haine\u00e0 l&#039;\u00e9gard d&#039;une communaut\u00e9, en se fondant sur l&#039;un des \u00e9l\u00e9ments vis\u00e9s \u00e0 l&#039;article 454 (toute distinction op\u00e9r\u00e9e entre les personnes physiques \u00e0raison de leur appartenance ou, vraie ou suppos\u00e9e, \u00e0 une religion d\u00e9termin\u00e9e), en l\u2019esp\u00e8ce,d&#039;avoir partag\u00e9, sur le mur de son profil virtuel facebook \u201cPERSONNE1.)\u201d un commentaire publi\u00e9 le 1er septembre 2021 \u00e0 0.00 par l\u2019utilisateur facebook \u00abALIAS1.)\u00bb formul\u00e9 dans les termes suivants : \u00ab I have spent a year writing a book that I am offering as a free download, in which I prove that the families and corporations carrying out this global genocide are many of the same families and corporations that financed Hitler and the Nazis, built Auschwitz, and carried out the holocaust. What is happening today is a continuation of that final solution for the much spoken of New World Order. Read thirty pages in and you will begin to see that what I am saying is not just speculative or theory ; And by the end of the book you will left in no doubt that what I am saying is absolutely true, but I offer remedy to the problem in how we can come togeher and end the global plutocratic dictatorship.Download free fromMEDIA1.)PERSONNE2.)\u00bb ainsi qu\u2019une photographie montrant une jeune fille portant sur son manteau une \u00e9toile jaune avec l\u2019inscription \u00ab Jude\u00bb avec la l\u00e9gende suivante:\u00abQ: What\u2019s the difference between a Vaccine Passport and a Yellow Star? A: 82 years.\u00bb, partant, d\u2019avoir incit\u00e9 \u00e0 la haine \u00e0 l\u2019\u00e9gard d\u2019une communaut\u00e9 de personnes \u00e0 raison de leur appartenance, vraie<\/p>\n<p>10 ou suppos\u00e9e, \u00e0 une religion d\u00e9termin\u00e9e, \u00e0 savoir la religion juive, le terme \u00ab New World Order \u00bb \u00e9tant directement employ\u00e9 aux th\u00e9ories complotistes remontant \u00e0 la fin du XIXe si\u00e8cle accusant une \u00e9lite jud\u00e9o- ma\u00e7onnique de dominer le monde \u00e0 l\u2019insu des populations chr\u00e9tiennes innocentes, 2)en infraction \u00e0 l\u2019article 457-3 du Code p\u00e9nal, d\u2019avoir,par des \u00e9crits etimages expos\u00e9s dansun lieupublic, parun moyen de communication audiovisuelle, minimis\u00e9l\u2019existence d\u2019un crimecontre l\u2019humanit\u00e9tel qued\u00e9fini par l\u2019 article 6 du statut du tribunal militaire international annex\u00e9 \u00e0 l\u2019accord de Londres du 8 ao\u00fbt 1945 et qui ont \u00e9t\u00e9 commis par une personne reconnue coupable de tels crimes par une juridiction luxembourgeoise, \u00e9trang\u00e8re ou internationale, en l\u2019esp\u00e8ce, d\u2019avoir partag\u00e9, sur le mur de son profil virtuel facebook \u201cPERSONNE1.)\u201d un commentaire publi\u00e9 le 1er septembre 2021 \u00e0 0.00 par l\u2019utilisateur facebook \u00abALIAS1.)\u00bb formul\u00e9 dans les termes suivants : \u00ab I have spent a year writing a book that I am offering as a free download, in which I prove that the families and corporations carrying out this global genocide are many of the same families and corporations that financed Hitler and the Nazis, built Auschwitz, and carried out the holocaust. What is happening today is a continuation of that final solution for the much spoken of New World Order. Read thirty pages in and you will begin to see that what I am saying is not just speculative or theory ; And by the end of the book you will left in no doubt that what I am saying is absolutely true, but I offer remedy to the problem in how we can come togeher and end the global plutocratic dictatorship.Download free fromMEDIA1.)PERSONNE2.) \u00bb ainsi qu\u2019une photographie montrant une jeune fille portant sur son manteau une \u00e9toile jaune avec l\u2019inscription \u00ab Jude\u00bb avec la l\u00e9gende suivante:\u00abQ: What\u2019s the difference between aVaccine Passport and a Yellow Star? A: 82 years.\u00bb, partant, d\u2019avoir minimis\u00e9 l\u2019holocauste en mettant sur un pied d\u2019\u00e9galit\u00e9 les horreurs v\u00e9cus par les victimes du Troisi\u00e8me Reich et les d\u00e9sagr\u00e9ments ressentis par les personnes sceptiques aux mesures sanitaires d\u00e9ploy\u00e9es par le Gouvernement pour luttercontre la pand\u00e9mie du Covid-19.\u00bb La peine Les infractions retenues \u00e0 charge du pr\u00e9venu se trouvent en concours r\u00e9el. En application de l\u2019article 60 du Code p\u00e9nal, la peine la plus forte sera d\u00e8s lorsseule prononc\u00e9e, cette peine pouvant m\u00eame \u00eatre \u00e9lev\u00e9e au double du maximum, sans toutefois pouvoir exc\u00e9der la somme des peines pr\u00e9vues pour les diff\u00e9rents d\u00e9lits. L\u2019article 457-13\u00b0 du Code p\u00e9nalpr\u00e9voit unemprisonnement de huit jours \u00e0 deux ans et une amende de 251 euros \u00e0 25.000 euros ou del&#039;une de ces peines seulement. L\u2019article457-3 du Code p\u00e9nal pr\u00e9voitla m\u00eame peine.<\/p>\n<p>11 Le Tribunal estime que les infractions retenues \u00e0charge dePERSONNE1.) sontad\u00e9quatement sanctionn\u00e9es par sacondamnation \u00e0une peine d\u2019emprisonnement de3moisetune amende correctionnelle de1.000euros, laquelle tient \u00e9galement compte de ses revenus disponibles. Commele pr\u00e9venuPERSONNE1.)n\u2019a pas encore subi, jusqu\u2019\u00e0 ce jour, de condamnation excluant le sursis \u00e0 l\u2019ex\u00e9cution des peines, le Tribunal retient qu\u2019il y a lieu de lui accorder la faveur dusursisint\u00e9gralquant \u00e0 l\u2019ex\u00e9cution de la peine d\u2019emprisonnement \u00e0 prononcer \u00e0 son encontre. P A R C E S M O T I F S : le Tribunal d&#039;arrondissement de et \u00e0 Luxembourg,septi\u00e8me chambre, si\u00e9geant enmati\u00e8re correctionnelle, statuantcontradictoirement,le pr\u00e9venuPERSONNE1.)entendu ensesexplications et moyens de d\u00e9fense, larepr\u00e9sentantedu Minist\u00e8re Public entendueen ses r\u00e9quisitions, c o n d a m n ele pr\u00e9venuPERSONNE1.)du chef desinfractionsretenues \u00e0 sa charge \u00e0 une peine d\u2019emprisonnement detrois (3) mois; ditqu&#039;il serasursis\u00e0 l&#039;ex\u00e9cution del&#039;int\u00e9gralit\u00e9de cette peine d&#039;emprisonnement; a v e r t i tle pr\u00e9venuPERSONNE1.)qu\u2019au cas o\u00f9, dans un d\u00e9lai de cinq ans \u00e0 dater du pr\u00e9sent jugement, il aura commis une nouvelle infraction ayant entra\u00een\u00e9 une condamnation \u00e0 une peine d\u2019emprisonnement ou \u00e0 une peine plus grave pour crime ou d\u00e9lit de droit commun, la peine d\u2019emprisonnement prononc\u00e9e ci-devant sera ex\u00e9cut\u00e9e sans confusion possible avec la nouvelle peine et que les peines de la r\u00e9cidive seront encouruesdans les termes de l\u2019article 56 al. 2 du Code p\u00e9nal; c o n d a m n ele pr\u00e9venuPERSONNE1.)du chef desinfractionsretenues \u00e0 sa charge\u00e0 une amende demille (1.000) euros, ainsi qu&#039;aux frais de sa mise en jugement, ces frais liquid\u00e9s \u00e017,92euros; f i x ela dur\u00e9e de la contrainte par corps en cas de non-paiement de l&#039;amende \u00e0dix(10) jours. Par application des articles 14,15,16, 28, 29, 30,60,66,457-1et 457-3du Codep\u00e9nal et des articles 1, 155, 179, 182, 184, 189, 190, 190-1, 194, 195 et 196 duCodede proc\u00e9dure p\u00e9nale dont mention a \u00e9t\u00e9 faite. Ainsi fait et jug\u00e9 parSt\u00e9phane MAAS, vice-pr\u00e9sident,Ma\u00eft\u00e9 BASSANI, juge, etRapha\u00ebl SCHWEITZER, juge, et prononc\u00e9, en pr\u00e9sence dePascal COLAS, premier substitut du Procureur d\u2019Etat,en l&#039;audience publique du<\/p>\n<p>12 Tribunal d&#039;arrondissement de Luxembourg, date qu&#039;en t\u00eate, par le vice- pr\u00e9sident, assist\u00e9 du greffierassum\u00e9 Tahnee WAGNER, qui, \u00e0 l&#039;exception du repr\u00e9sentant du Minist\u00e8re Public, ont sign\u00e9 le pr\u00e9sent jugement.<\/p>\n<\/div>\n<hr class=\"kji-sep\" \/>\n<p class=\"kji-source-links\"><strong>Sources officielles :<\/strong> <a class=\"kji-source-link\" href=\"https:\/\/data.public.lu\/fr\/datasets\/tribunal-darrondissement-luxembourg-penal\/\" target=\"_blank\" rel=\"noopener noreferrer\">consulter la page source<\/a> &middot; <a class=\"kji-pdf-link\" href=\"https:\/\/download.data.public.lu\/resources\/tribunal-darrondissement-luxembourg-penal\/20240828-023513\/20230629-tal7-1463-pseudonymise-accessible.pdf\" target=\"_blank\" rel=\"noopener noreferrer\">PDF officiel<\/a><\/p>\n<p class=\"kji-license-note\"><em>Licence CC BY-ND 4.0 (Administration judiciaire, data.public.lu). Republication autorisee avec attribution, sans modification editoriale du texte integral.<\/em><\/p>\n<\/div>\n","protected":false},"excerpt":{"rendered":"<p>Jugt no1463\/2023 Notice no29543\/21\/cd 1 x ex.p.+s. (amende) AUDIENCE PUBLIQUE DU 29JUIN 2023 Le Tribunal d&#8217;arrondissement de et \u00e0 Luxembourg,septi\u00e8me chambre correctionnelle,a rendu le jugement qui suit: dans la cause duMinist\u00e8re Public contre PERSONNE1.), n\u00e9 leDATE1.)\u00e0ADRESSE1.), demeurantADRESSE2.), -p r \u00e9 v e n u- &#8212;&#8212;&#8212;&#8212;&#8212;&#8212;&#8212;&#8212;&#8212;&#8212;&#8212;&#8212;&#8212;&#8212;&#8212;&#8212;&#8212;&#8212;&#8212;&#8212;&#8212;&#8212;&#8212;&#8212;&#8212;&#8212;&#8212;&#8212;&#8212;&#8212;&#8212;&#8212;&#8212;&#8212;\u2026<\/p>\n","protected":false},"featured_media":0,"template":"","meta":{"_crdt_document":""},"kji_country":[8418],"kji_court":[23583],"kji_chamber":[25729],"kji_year":[24566],"kji_subject":[7632],"kji_keyword":[23584,7636],"kji_language":[7733],"class_list":["post-631684","kji_decision","type-kji_decision","status-publish","hentry","kji_country-luxembourg","kji_court-tribunal-darrondissement","kji_chamber-penal","kji_year-24566","kji_subject-penal","kji_keyword-arrondissement","kji_keyword-tribunal","kji_language-francais"],"yoast_head":"<!-- This site is optimized with the Yoast SEO Premium plugin v27.5 (Yoast SEO v27.5) - https:\/\/yoast.com\/product\/yoast-seo-premium-wordpress\/ -->\n<title>Tribunal d&#039;arrondissement, 29 juin 2023 - Ma\u00eetre Hassan Kohen, avocat en droit p\u00e9nal \u00e0 Paris<\/title>\n<meta name=\"robots\" content=\"index, follow, max-snippet:-1, max-image-preview:large, max-video-preview:-1\" \/>\n<link rel=\"canonical\" href=\"https:\/\/kohenavocats.com\/ru\/jurisprudences\/tribunal-darrondissement-29-juin-2023-16\/\" \/>\n<meta property=\"og:locale\" content=\"ru_RU\" \/>\n<meta property=\"og:type\" content=\"article\" \/>\n<meta property=\"og:title\" content=\"Tribunal d&#039;arrondissement, 29 juin 2023\" \/>\n<meta property=\"og:description\" content=\"Jugt no1463\/2023 Notice no29543\/21\/cd 1 x ex.p.+s. (amende) AUDIENCE PUBLIQUE DU 29JUIN 2023 Le Tribunal d&#039;arrondissement de et \u00e0 Luxembourg,septi\u00e8me chambre correctionnelle,a rendu le jugement qui suit: dans la cause duMinist\u00e8re Public contre PERSONNE1.), n\u00e9 leDATE1.)\u00e0ADRESSE1.), demeurantADRESSE2.), -p r \u00e9 v e n u- -----------------------------------------------------------------------------------------------------\u2026\" \/>\n<meta property=\"og:url\" content=\"https:\/\/kohenavocats.com\/ru\/jurisprudences\/tribunal-darrondissement-29-juin-2023-16\/\" \/>\n<meta property=\"og:site_name\" content=\"Ma\u00eetre Hassan Kohen, avocat en droit p\u00e9nal \u00e0 Paris\" \/>\n<meta property=\"article:modified_time\" content=\"2026-04-21T03:17:43+00:00\" \/>\n<meta name=\"twitter:card\" content=\"summary_large_image\" \/>\n<meta name=\"twitter:label1\" content=\"\u041f\u0440\u0438\u043c\u0435\u0440\u043d\u043e\u0435 \u0432\u0440\u0435\u043c\u044f \u0434\u043b\u044f \u0447\u0442\u0435\u043d\u0438\u044f\" \/>\n\t<meta name=\"twitter:data1\" content=\"26 \u043c\u0438\u043d\u0443\u0442\" \/>\n<script type=\"application\/ld+json\" class=\"yoast-schema-graph\">{\"@context\":\"https:\\\/\\\/schema.org\",\"@graph\":[{\"@type\":\"WebPage\",\"@id\":\"https:\\\/\\\/kohenavocats.com\\\/ru\\\/jurisprudences\\\/tribunal-darrondissement-29-juin-2023-16\\\/\",\"url\":\"https:\\\/\\\/kohenavocats.com\\\/ru\\\/jurisprudences\\\/tribunal-darrondissement-29-juin-2023-16\\\/\",\"name\":\"Tribunal d'arrondissement, 29 juin 2023 - Ma\u00eetre Hassan Kohen, avocat en droit p\u00e9nal \u00e0 Paris\",\"isPartOf\":{\"@id\":\"https:\\\/\\\/kohenavocats.com\\\/ru\\\/#website\"},\"datePublished\":\"2026-04-21T03:17:39+00:00\",\"dateModified\":\"2026-04-21T03:17:43+00:00\",\"breadcrumb\":{\"@id\":\"https:\\\/\\\/kohenavocats.com\\\/ru\\\/jurisprudences\\\/tribunal-darrondissement-29-juin-2023-16\\\/#breadcrumb\"},\"inLanguage\":\"ru-RU\",\"potentialAction\":[{\"@type\":\"ReadAction\",\"target\":[\"https:\\\/\\\/kohenavocats.com\\\/ru\\\/jurisprudences\\\/tribunal-darrondissement-29-juin-2023-16\\\/\"]}]},{\"@type\":\"BreadcrumbList\",\"@id\":\"https:\\\/\\\/kohenavocats.com\\\/ru\\\/jurisprudences\\\/tribunal-darrondissement-29-juin-2023-16\\\/#breadcrumb\",\"itemListElement\":[{\"@type\":\"ListItem\",\"position\":1,\"name\":\"Home\",\"item\":\"https:\\\/\\\/kohenavocats.com\\\/ru\\\/avocats-en-droit-penal-a-paris-conseil-et-defense-strategique\\\/\"},{\"@type\":\"ListItem\",\"position\":2,\"name\":\"Jurisprudences\",\"item\":\"https:\\\/\\\/kohenavocats.com\\\/ru\\\/jurisprudences\\\/\"},{\"@type\":\"ListItem\",\"position\":3,\"name\":\"Tribunal d&rsquo;arrondissement, 29 juin 2023\"}]},{\"@type\":\"WebSite\",\"@id\":\"https:\\\/\\\/kohenavocats.com\\\/ru\\\/#website\",\"url\":\"https:\\\/\\\/kohenavocats.com\\\/ru\\\/\",\"name\":\"Kohen Avocats\",\"description\":\"Ma\u00eetre Hassan Kohen, avocat p\u00e9naliste \u00e0 Paris, intervient exclusivement en droit p\u00e9nal pour la d\u00e9fense des particuliers, notamment en mati\u00e8re d\u2019accusations de viol. Il assure un accompagnement rigoureux d\u00e8s la garde \u00e0 vue jusqu\u2019\u00e0 la Cour d\u2019assises, veillant au strict respect des garanties proc\u00e9durales.\",\"publisher\":{\"@id\":\"https:\\\/\\\/kohenavocats.com\\\/ru\\\/#organization\"},\"potentialAction\":[{\"@type\":\"SearchAction\",\"target\":{\"@type\":\"EntryPoint\",\"urlTemplate\":\"https:\\\/\\\/kohenavocats.com\\\/ru\\\/?s={search_term_string}\"},\"query-input\":{\"@type\":\"PropertyValueSpecification\",\"valueRequired\":true,\"valueName\":\"search_term_string\"}}],\"inLanguage\":\"ru-RU\"},{\"@type\":\"Organization\",\"@id\":\"https:\\\/\\\/kohenavocats.com\\\/ru\\\/#organization\",\"name\":\"Kohen Avocats\",\"url\":\"https:\\\/\\\/kohenavocats.com\\\/ru\\\/\",\"logo\":{\"@type\":\"ImageObject\",\"inLanguage\":\"ru-RU\",\"@id\":\"https:\\\/\\\/kohenavocats.com\\\/ru\\\/#\\\/schema\\\/logo\\\/image\\\/\",\"url\":\"https:\\\/\\\/kohenavocats.com\\\/wp-content\\\/uploads\\\/2026\\\/01\\\/Logo-2-1.webp\",\"contentUrl\":\"https:\\\/\\\/kohenavocats.com\\\/wp-content\\\/uploads\\\/2026\\\/01\\\/Logo-2-1.webp\",\"width\":2114,\"height\":1253,\"caption\":\"Kohen Avocats\"},\"image\":{\"@id\":\"https:\\\/\\\/kohenavocats.com\\\/ru\\\/#\\\/schema\\\/logo\\\/image\\\/\"}}]}<\/script>\n<!-- \/ Yoast SEO Premium plugin. -->","yoast_head_json":{"title":"Tribunal d'arrondissement, 29 juin 2023 - Ma\u00eetre Hassan Kohen, avocat en droit p\u00e9nal \u00e0 Paris","robots":{"index":"index","follow":"follow","max-snippet":"max-snippet:-1","max-image-preview":"max-image-preview:large","max-video-preview":"max-video-preview:-1"},"canonical":"https:\/\/kohenavocats.com\/ru\/jurisprudences\/tribunal-darrondissement-29-juin-2023-16\/","og_locale":"ru_RU","og_type":"article","og_title":"Tribunal d'arrondissement, 29 juin 2023","og_description":"Jugt no1463\/2023 Notice no29543\/21\/cd 1 x ex.p.+s. (amende) AUDIENCE PUBLIQUE DU 29JUIN 2023 Le Tribunal d'arrondissement de et \u00e0 Luxembourg,septi\u00e8me chambre correctionnelle,a rendu le jugement qui suit: dans la cause duMinist\u00e8re Public contre PERSONNE1.), n\u00e9 leDATE1.)\u00e0ADRESSE1.), demeurantADRESSE2.), -p r \u00e9 v e n u- -----------------------------------------------------------------------------------------------------\u2026","og_url":"https:\/\/kohenavocats.com\/ru\/jurisprudences\/tribunal-darrondissement-29-juin-2023-16\/","og_site_name":"Ma\u00eetre Hassan Kohen, avocat en droit p\u00e9nal \u00e0 Paris","article_modified_time":"2026-04-21T03:17:43+00:00","twitter_card":"summary_large_image","twitter_misc":{"\u041f\u0440\u0438\u043c\u0435\u0440\u043d\u043e\u0435 \u0432\u0440\u0435\u043c\u044f \u0434\u043b\u044f \u0447\u0442\u0435\u043d\u0438\u044f":"26 \u043c\u0438\u043d\u0443\u0442"},"schema":{"@context":"https:\/\/schema.org","@graph":[{"@type":"WebPage","@id":"https:\/\/kohenavocats.com\/ru\/jurisprudences\/tribunal-darrondissement-29-juin-2023-16\/","url":"https:\/\/kohenavocats.com\/ru\/jurisprudences\/tribunal-darrondissement-29-juin-2023-16\/","name":"Tribunal d'arrondissement, 29 juin 2023 - Ma\u00eetre Hassan Kohen, avocat en droit p\u00e9nal \u00e0 Paris","isPartOf":{"@id":"https:\/\/kohenavocats.com\/ru\/#website"},"datePublished":"2026-04-21T03:17:39+00:00","dateModified":"2026-04-21T03:17:43+00:00","breadcrumb":{"@id":"https:\/\/kohenavocats.com\/ru\/jurisprudences\/tribunal-darrondissement-29-juin-2023-16\/#breadcrumb"},"inLanguage":"ru-RU","potentialAction":[{"@type":"ReadAction","target":["https:\/\/kohenavocats.com\/ru\/jurisprudences\/tribunal-darrondissement-29-juin-2023-16\/"]}]},{"@type":"BreadcrumbList","@id":"https:\/\/kohenavocats.com\/ru\/jurisprudences\/tribunal-darrondissement-29-juin-2023-16\/#breadcrumb","itemListElement":[{"@type":"ListItem","position":1,"name":"Home","item":"https:\/\/kohenavocats.com\/ru\/avocats-en-droit-penal-a-paris-conseil-et-defense-strategique\/"},{"@type":"ListItem","position":2,"name":"Jurisprudences","item":"https:\/\/kohenavocats.com\/ru\/jurisprudences\/"},{"@type":"ListItem","position":3,"name":"Tribunal d&rsquo;arrondissement, 29 juin 2023"}]},{"@type":"WebSite","@id":"https:\/\/kohenavocats.com\/ru\/#website","url":"https:\/\/kohenavocats.com\/ru\/","name":"Kohen Avocats","description":"Ma\u00eetre Hassan Kohen, avocat p\u00e9naliste \u00e0 Paris, intervient exclusivement en droit p\u00e9nal pour la d\u00e9fense des particuliers, notamment en mati\u00e8re d\u2019accusations de viol. Il assure un accompagnement rigoureux d\u00e8s la garde \u00e0 vue jusqu\u2019\u00e0 la Cour d\u2019assises, veillant au strict respect des garanties proc\u00e9durales.","publisher":{"@id":"https:\/\/kohenavocats.com\/ru\/#organization"},"potentialAction":[{"@type":"SearchAction","target":{"@type":"EntryPoint","urlTemplate":"https:\/\/kohenavocats.com\/ru\/?s={search_term_string}"},"query-input":{"@type":"PropertyValueSpecification","valueRequired":true,"valueName":"search_term_string"}}],"inLanguage":"ru-RU"},{"@type":"Organization","@id":"https:\/\/kohenavocats.com\/ru\/#organization","name":"Kohen Avocats","url":"https:\/\/kohenavocats.com\/ru\/","logo":{"@type":"ImageObject","inLanguage":"ru-RU","@id":"https:\/\/kohenavocats.com\/ru\/#\/schema\/logo\/image\/","url":"https:\/\/kohenavocats.com\/wp-content\/uploads\/2026\/01\/Logo-2-1.webp","contentUrl":"https:\/\/kohenavocats.com\/wp-content\/uploads\/2026\/01\/Logo-2-1.webp","width":2114,"height":1253,"caption":"Kohen Avocats"},"image":{"@id":"https:\/\/kohenavocats.com\/ru\/#\/schema\/logo\/image\/"}}]}},"jetpack_likes_enabled":false,"jetpack_sharing_enabled":true,"_links":{"self":[{"href":"https:\/\/kohenavocats.com\/ru\/wp-json\/wp\/v2\/kji_decision\/631684","targetHints":{"allow":["GET"]}}],"collection":[{"href":"https:\/\/kohenavocats.com\/ru\/wp-json\/wp\/v2\/kji_decision"}],"about":[{"href":"https:\/\/kohenavocats.com\/ru\/wp-json\/wp\/v2\/types\/kji_decision"}],"wp:attachment":[{"href":"https:\/\/kohenavocats.com\/ru\/wp-json\/wp\/v2\/media?parent=631684"}],"wp:term":[{"taxonomy":"kji_country","embeddable":true,"href":"https:\/\/kohenavocats.com\/ru\/wp-json\/wp\/v2\/kji_country?post=631684"},{"taxonomy":"kji_court","embeddable":true,"href":"https:\/\/kohenavocats.com\/ru\/wp-json\/wp\/v2\/kji_court?post=631684"},{"taxonomy":"kji_chamber","embeddable":true,"href":"https:\/\/kohenavocats.com\/ru\/wp-json\/wp\/v2\/kji_chamber?post=631684"},{"taxonomy":"kji_year","embeddable":true,"href":"https:\/\/kohenavocats.com\/ru\/wp-json\/wp\/v2\/kji_year?post=631684"},{"taxonomy":"kji_subject","embeddable":true,"href":"https:\/\/kohenavocats.com\/ru\/wp-json\/wp\/v2\/kji_subject?post=631684"},{"taxonomy":"kji_keyword","embeddable":true,"href":"https:\/\/kohenavocats.com\/ru\/wp-json\/wp\/v2\/kji_keyword?post=631684"},{"taxonomy":"kji_language","embeddable":true,"href":"https:\/\/kohenavocats.com\/ru\/wp-json\/wp\/v2\/kji_language?post=631684"}],"curies":[{"name":"wp","href":"https:\/\/api.w.org\/{rel}","templated":true}]}}