{"id":631985,"date":"2026-04-21T06:01:36","date_gmt":"2026-04-21T04:01:36","guid":{"rendered":"https:\/\/kohenavocats.com\/jurisprudences\/cour-superieure-de-justice-27-juin-2023-n-2019-00907\/"},"modified":"2026-04-21T06:01:39","modified_gmt":"2026-04-21T04:01:39","slug":"cour-superieure-de-justice-27-juin-2023-n-2019-00907","status":"publish","type":"kji_decision","link":"https:\/\/kohenavocats.com\/ru\/jurisprudences\/cour-superieure-de-justice-27-juin-2023-n-2019-00907\/","title":{"rendered":"Cour sup\u00e9rieure de justice, 27 juin 2023, n\u00b0 2019-00907"},"content":{"rendered":"<div class=\"kji-decision\">\n<div class=\"kji-full-text\">\n<p>1 Arr\u00eat N\u00b0131\/23IV-COM Audience publique duvingt-sept juindeux millevingt-trois Num\u00e9roCAL-2019-00907du r\u00f4le Composition: Marianne EICHER, pr\u00e9sident de chambre; Mich\u00e8le HORNICK, conseiller; Carole BESCH, conseiller; Eric VILVENS, greffier. E n t r e la soci\u00e9t\u00e9anonymeSOCIETE1.),d\u00e9clar\u00e9e en \u00e9tat de liquidation par jugement du tribunal d\u2019arrondissement de Diekirch du 2 juin 2021, \u00e9tablie et ayant son si\u00e8ge social \u00e0L-ADRESSE1.),repr\u00e9sent\u00e9e par sonliquidateur,inscrite au Registre deCommerce et desSoci\u00e9t\u00e9s de Luxembourg sous le num\u00e9roNUMERO1.), appelanteaux termes d\u2019un acte de l&#039;huissier de justiceGeorges Weber de Diekirch du27 ao\u00fbt 2019, comparant parMa\u00eetreNicolas Bauer, avocat \u00e0 la Cour,demeurant \u00e0 Esch-sur-Alzette, et la soci\u00e9t\u00e9\u00e0 responsabilit\u00e9 limit\u00e9eSOCIETE2.),\u00e9tablie et ayant son si\u00e8ge social \u00e0L-ADRESSE2.),repr\u00e9sent\u00e9e par song\u00e9rant,inscrite au Registre deCommerce et desSoci\u00e9t\u00e9s de Luxembourg sous le num\u00e9roNUMERO2.), intim\u00e9eaux fins dupr\u00e9dit acteWeber,<\/p>\n<p>2 comparant par Ma\u00eetreMarianne Goebel, avocat \u00e0 la Cour, demeurant \u00e0 Luxembourg. LA COUR D&#039;APPEL Vu l\u2019arr\u00eat du 23 mars 2021 par lequel la Cour a re\u00e7u l\u2019appel interjet\u00e9 par la soci\u00e9t\u00e9 anonymeSOCIETE1.)et a sursis \u00e0 statueren attendant le r\u00e9sultat de l\u2019action p\u00e9nale mise en mouvement par la plainte avec constitution de partie civile du 5 juin 2020. Ladite plainte \u00e9tait notamment dirig\u00e9e contre la soci\u00e9t\u00e9 \u00e0 responsabilit\u00e9 limit\u00e9eSOCIETE2.),PERSONNE1.),PERSONNE2.)et PERSONNE3.) pour faux, usage de faux, faux t\u00e9moignage, subornation de t\u00e9moin et escroquerie. Elle portait notamment sur deux attestations testimoniales r\u00e9dig\u00e9es par PERSONNE2.) et PERSONNE3.), argu\u00e9es de mensong\u00e8res et de faux t\u00e9moignageset sur la fiche de travail sign\u00e9e parPERSONNE2.)qui constituerait un faux en \u00e9critures. Vu l\u2019ordonnance de non-lieu n\u00b0 24\/23 du 26 janvier 2023 de la chambre du conseil du Tribunal d\u2019arrondissement de Diekirch (ci- apr\u00e8s l\u2019Ordonnance) qui a dans son dispositif\u00abdit qu\u2019il n\u2019y a pas lieu \u00e0 poursuite des faits qui ont form\u00e9 l\u2019objet de l\u2019information ouverte \u00e0 l\u2019\u00e9gard la soci\u00e9t\u00e9SOCIETE2.)s\u00e0rl,PERSONNE4.),PERSONNE5.)et PERSONNE6.)des chefs d\u2019infractions aux articles 1 er et 39 de la loi modifi\u00e9e du 2 septembre 2011 r\u00e9glementant l\u2019acc\u00e8s aux professions d\u2019artisan, de commer\u00e7ant, d\u2019industriel ainsi qu\u2019\u00e0 certaines professions lib\u00e9ralessuite aur\u00e9quisitoire du Parquet du 2 mai 2018\u00bb,apr\u00e8s avoir, dans sa motivation, retenu\u00abqu\u2019il n\u2019y a pas lieu de poursuivrela soci\u00e9t\u00e9SOCIETE2.)s.\u00e0 r.l.,PERSONNE4.),PERSONNE5.) et PERSONNE6.)des chefs defaux, usage de faux, fausse attestation testimoniale et escroqueriepour les faits qui ont form\u00e9 l\u2019objet de l\u2019information ouverte en cause suite \u00e0 la plainte avec constitution de partie civile d\u00e9pos\u00e9e le 9 juin 2020 par la soci\u00e9t\u00e9SOCIETE1.)s.a. et suite aur\u00e9quisitoire du Parquet du 28 janvier 2021\u00bb. Conform\u00e9ment \u00e0 l\u2019article 225 du Nouveau Code de proc\u00e9dure civile, l\u2019ordonnance de cl\u00f4ture peut \u00eatre r\u00e9voqu\u00e9e pour cause grave, d\u2019office ou \u00e0 la demande des parties. La seule Ordonnance, telle qu\u2019elle est r\u00e9dig\u00e9e, ne permet pas d\u2019\u00e9tablir que l\u2019action p\u00e9nale mise en mouvement par la plainte avec constitution de partie civile du 5 juin 2020 a actuellement pris fin. Une simple erreur mat\u00e9rielle dans l\u2019Ordonnance n\u2019\u00e9tant pas \u00e0 exclure, il y a lieu de r\u00e9voquer l\u2019ordonnance de cl\u00f4ture du 8 f\u00e9vrier 2023 afin<\/p>\n<p>3 de permettre aux parties de proc\u00e9der le cas \u00e9ch\u00e9ant conform\u00e9ment \u00e0 l\u2019article 638-2 du Nouveau Code de proc\u00e9dure civile,sinon de conclure par rapport \u00e0 un \u00e9ventuel maintien de la surs\u00e9ance \u00e0 statuer. Il y a lieu de r\u00e9server le surplus. PAR CES MOTIFS La Cour d\u2019appel, quatri\u00e8me chambre, si\u00e9geant en mati\u00e8re commerciale, statuant contradictoirement, r\u00e9voquel\u2019ordonnance de cl\u00f4ture du 8 f\u00e9vrier 2023, invite les parties \u00e0 proc\u00e9der le cas \u00e9ch\u00e9ant conform\u00e9ment \u00e0 l\u2019article 638-2 du Nouveau Code de proc\u00e9dure civile,sinon de conclure par rapport \u00e0 un \u00e9ventuel maintien de la surs\u00e9ance \u00e0 statuer,et ceavant le 1 er septembre2023, r\u00e9serve les droits des parties et les frais.<\/p>\n<\/div>\n<hr class=\"kji-sep\" \/>\n<p class=\"kji-source-links\"><strong>Sources officielles :<\/strong> <a class=\"kji-source-link\" href=\"https:\/\/data.public.lu\/fr\/datasets\/cour-superieure-de-justice-chambre-4\/\" target=\"_blank\" rel=\"noopener noreferrer\">consulter la page source<\/a> &middot; <a class=\"kji-pdf-link\" href=\"https:\/\/download.data.public.lu\/resources\/cour-superieure-de-justice-chambre-4\/20240827-173941\/20230627-d-cal-2019-00907-pseudonymise-accessible.pdf\" target=\"_blank\" rel=\"noopener noreferrer\">PDF officiel<\/a><\/p>\n<p class=\"kji-license-note\"><em>Licence CC BY-ND 4.0 (Administration judiciaire, data.public.lu). Republication autorisee avec attribution, sans modification editoriale du texte integral.<\/em><\/p>\n<\/div>\n","protected":false},"excerpt":{"rendered":"<p>1 Arr\u00eat N\u00b0131\/23IV-COM Audience publique duvingt-sept juindeux millevingt-trois Num\u00e9roCAL-2019-00907du r\u00f4le Composition: Marianne EICHER, pr\u00e9sident de chambre; Mich\u00e8le HORNICK, conseiller; Carole BESCH, conseiller; Eric VILVENS, greffier. E n t r e la soci\u00e9t\u00e9anonymeSOCIETE1.),d\u00e9clar\u00e9e en \u00e9tat de liquidation par jugement du tribunal d\u2019arrondissement de Diekirch du 2\u2026<\/p>\n","protected":false},"featured_media":0,"template":"","meta":{"_crdt_document":""},"kji_country":[8418],"kji_court":[12305],"kji_chamber":[18433],"kji_year":[24566],"kji_subject":[7724],"kji_keyword":[9055,12307],"kji_language":[7733],"class_list":["post-631985","kji_decision","type-kji_decision","status-publish","hentry","kji_country-luxembourg","kji_court-cour-superieure-de-justice","kji_chamber-chambre-4","kji_year-24566","kji_subject-civil","kji_keyword-justice","kji_keyword-superieure","kji_language-francais"],"yoast_head":"<!-- This site is optimized with the Yoast SEO Premium plugin v27.4 (Yoast SEO v27.4) - https:\/\/yoast.com\/product\/yoast-seo-premium-wordpress\/ -->\n<title>Cour sup\u00e9rieure de justice, 27 juin 2023, n\u00b0 2019-00907 - Ma\u00eetre Hassan Kohen, avocat en droit p\u00e9nal \u00e0 Paris<\/title>\n<meta name=\"robots\" content=\"index, follow, max-snippet:-1, max-image-preview:large, max-video-preview:-1\" \/>\n<link rel=\"canonical\" href=\"https:\/\/kohenavocats.com\/ru\/jurisprudences\/cour-superieure-de-justice-27-juin-2023-n-2019-00907\/\" \/>\n<meta property=\"og:locale\" content=\"ru_RU\" \/>\n<meta property=\"og:type\" content=\"article\" \/>\n<meta property=\"og:title\" content=\"Cour sup\u00e9rieure de justice, 27 juin 2023, n\u00b0 2019-00907\" \/>\n<meta property=\"og:description\" content=\"1 Arr\u00eat N\u00b0131\/23IV-COM Audience publique duvingt-sept juindeux millevingt-trois Num\u00e9roCAL-2019-00907du r\u00f4le Composition: Marianne EICHER, pr\u00e9sident de chambre; Mich\u00e8le HORNICK, conseiller; Carole BESCH, conseiller; Eric VILVENS, greffier. E n t r e la soci\u00e9t\u00e9anonymeSOCIETE1.),d\u00e9clar\u00e9e en \u00e9tat de liquidation par jugement du tribunal d\u2019arrondissement de Diekirch du 2\u2026\" \/>\n<meta property=\"og:url\" content=\"https:\/\/kohenavocats.com\/ru\/jurisprudences\/cour-superieure-de-justice-27-juin-2023-n-2019-00907\/\" \/>\n<meta property=\"og:site_name\" content=\"Ma\u00eetre Hassan Kohen, avocat en droit p\u00e9nal \u00e0 Paris\" \/>\n<meta property=\"article:modified_time\" content=\"2026-04-21T04:01:39+00:00\" \/>\n<meta name=\"twitter:card\" content=\"summary_large_image\" \/>\n<meta name=\"twitter:label1\" content=\"\u041f\u0440\u0438\u043c\u0435\u0440\u043d\u043e\u0435 \u0432\u0440\u0435\u043c\u044f \u0434\u043b\u044f \u0447\u0442\u0435\u043d\u0438\u044f\" \/>\n\t<meta name=\"twitter:data1\" content=\"4 \u043c\u0438\u043d\u0443\u0442\u044b\" \/>\n<script type=\"application\/ld+json\" class=\"yoast-schema-graph\">{\"@context\":\"https:\\\/\\\/schema.org\",\"@graph\":[{\"@type\":\"WebPage\",\"@id\":\"https:\\\/\\\/kohenavocats.com\\\/ru\\\/jurisprudences\\\/cour-superieure-de-justice-27-juin-2023-n-2019-00907\\\/\",\"url\":\"https:\\\/\\\/kohenavocats.com\\\/ru\\\/jurisprudences\\\/cour-superieure-de-justice-27-juin-2023-n-2019-00907\\\/\",\"name\":\"Cour sup\u00e9rieure de justice, 27 juin 2023, n\u00b0 2019-00907 - Ma\u00eetre Hassan Kohen, avocat en droit p\u00e9nal \u00e0 Paris\",\"isPartOf\":{\"@id\":\"https:\\\/\\\/kohenavocats.com\\\/ru\\\/#website\"},\"datePublished\":\"2026-04-21T04:01:36+00:00\",\"dateModified\":\"2026-04-21T04:01:39+00:00\",\"breadcrumb\":{\"@id\":\"https:\\\/\\\/kohenavocats.com\\\/ru\\\/jurisprudences\\\/cour-superieure-de-justice-27-juin-2023-n-2019-00907\\\/#breadcrumb\"},\"inLanguage\":\"ru-RU\",\"potentialAction\":[{\"@type\":\"ReadAction\",\"target\":[\"https:\\\/\\\/kohenavocats.com\\\/ru\\\/jurisprudences\\\/cour-superieure-de-justice-27-juin-2023-n-2019-00907\\\/\"]}]},{\"@type\":\"BreadcrumbList\",\"@id\":\"https:\\\/\\\/kohenavocats.com\\\/ru\\\/jurisprudences\\\/cour-superieure-de-justice-27-juin-2023-n-2019-00907\\\/#breadcrumb\",\"itemListElement\":[{\"@type\":\"ListItem\",\"position\":1,\"name\":\"Home\",\"item\":\"https:\\\/\\\/kohenavocats.com\\\/ru\\\/avocats-en-droit-penal-a-paris-conseil-et-defense-strategique\\\/\"},{\"@type\":\"ListItem\",\"position\":2,\"name\":\"Jurisprudences\",\"item\":\"https:\\\/\\\/kohenavocats.com\\\/ru\\\/jurisprudences\\\/\"},{\"@type\":\"ListItem\",\"position\":3,\"name\":\"Cour sup\u00e9rieure de justice, 27 juin 2023, n\u00b0 2019-00907\"}]},{\"@type\":\"WebSite\",\"@id\":\"https:\\\/\\\/kohenavocats.com\\\/ru\\\/#website\",\"url\":\"https:\\\/\\\/kohenavocats.com\\\/ru\\\/\",\"name\":\"Kohen Avocats\",\"description\":\"Ma\u00eetre Hassan Kohen, avocat p\u00e9naliste \u00e0 Paris, intervient exclusivement en droit p\u00e9nal pour la d\u00e9fense des particuliers, notamment en mati\u00e8re d\u2019accusations de viol. Il assure un accompagnement rigoureux d\u00e8s la garde \u00e0 vue jusqu\u2019\u00e0 la Cour d\u2019assises, veillant au strict respect des garanties proc\u00e9durales.\",\"publisher\":{\"@id\":\"https:\\\/\\\/kohenavocats.com\\\/ru\\\/#organization\"},\"potentialAction\":[{\"@type\":\"SearchAction\",\"target\":{\"@type\":\"EntryPoint\",\"urlTemplate\":\"https:\\\/\\\/kohenavocats.com\\\/ru\\\/?s={search_term_string}\"},\"query-input\":{\"@type\":\"PropertyValueSpecification\",\"valueRequired\":true,\"valueName\":\"search_term_string\"}}],\"inLanguage\":\"ru-RU\"},{\"@type\":\"Organization\",\"@id\":\"https:\\\/\\\/kohenavocats.com\\\/ru\\\/#organization\",\"name\":\"Kohen Avocats\",\"url\":\"https:\\\/\\\/kohenavocats.com\\\/ru\\\/\",\"logo\":{\"@type\":\"ImageObject\",\"inLanguage\":\"ru-RU\",\"@id\":\"https:\\\/\\\/kohenavocats.com\\\/ru\\\/#\\\/schema\\\/logo\\\/image\\\/\",\"url\":\"https:\\\/\\\/kohenavocats.com\\\/wp-content\\\/uploads\\\/2026\\\/01\\\/Logo-2-1.webp\",\"contentUrl\":\"https:\\\/\\\/kohenavocats.com\\\/wp-content\\\/uploads\\\/2026\\\/01\\\/Logo-2-1.webp\",\"width\":2114,\"height\":1253,\"caption\":\"Kohen Avocats\"},\"image\":{\"@id\":\"https:\\\/\\\/kohenavocats.com\\\/ru\\\/#\\\/schema\\\/logo\\\/image\\\/\"}}]}<\/script>\n<!-- \/ Yoast SEO Premium plugin. -->","yoast_head_json":{"title":"Cour sup\u00e9rieure de justice, 27 juin 2023, n\u00b0 2019-00907 - Ma\u00eetre Hassan Kohen, avocat en droit p\u00e9nal \u00e0 Paris","robots":{"index":"index","follow":"follow","max-snippet":"max-snippet:-1","max-image-preview":"max-image-preview:large","max-video-preview":"max-video-preview:-1"},"canonical":"https:\/\/kohenavocats.com\/ru\/jurisprudences\/cour-superieure-de-justice-27-juin-2023-n-2019-00907\/","og_locale":"ru_RU","og_type":"article","og_title":"Cour sup\u00e9rieure de justice, 27 juin 2023, n\u00b0 2019-00907","og_description":"1 Arr\u00eat N\u00b0131\/23IV-COM Audience publique duvingt-sept juindeux millevingt-trois Num\u00e9roCAL-2019-00907du r\u00f4le Composition: Marianne EICHER, pr\u00e9sident de chambre; Mich\u00e8le HORNICK, conseiller; Carole BESCH, conseiller; Eric VILVENS, greffier. E n t r e la soci\u00e9t\u00e9anonymeSOCIETE1.),d\u00e9clar\u00e9e en \u00e9tat de liquidation par jugement du tribunal d\u2019arrondissement de Diekirch du 2\u2026","og_url":"https:\/\/kohenavocats.com\/ru\/jurisprudences\/cour-superieure-de-justice-27-juin-2023-n-2019-00907\/","og_site_name":"Ma\u00eetre Hassan Kohen, avocat en droit p\u00e9nal \u00e0 Paris","article_modified_time":"2026-04-21T04:01:39+00:00","twitter_card":"summary_large_image","twitter_misc":{"\u041f\u0440\u0438\u043c\u0435\u0440\u043d\u043e\u0435 \u0432\u0440\u0435\u043c\u044f \u0434\u043b\u044f \u0447\u0442\u0435\u043d\u0438\u044f":"4 \u043c\u0438\u043d\u0443\u0442\u044b"},"schema":{"@context":"https:\/\/schema.org","@graph":[{"@type":"WebPage","@id":"https:\/\/kohenavocats.com\/ru\/jurisprudences\/cour-superieure-de-justice-27-juin-2023-n-2019-00907\/","url":"https:\/\/kohenavocats.com\/ru\/jurisprudences\/cour-superieure-de-justice-27-juin-2023-n-2019-00907\/","name":"Cour sup\u00e9rieure de justice, 27 juin 2023, n\u00b0 2019-00907 - Ma\u00eetre Hassan Kohen, avocat en droit p\u00e9nal \u00e0 Paris","isPartOf":{"@id":"https:\/\/kohenavocats.com\/ru\/#website"},"datePublished":"2026-04-21T04:01:36+00:00","dateModified":"2026-04-21T04:01:39+00:00","breadcrumb":{"@id":"https:\/\/kohenavocats.com\/ru\/jurisprudences\/cour-superieure-de-justice-27-juin-2023-n-2019-00907\/#breadcrumb"},"inLanguage":"ru-RU","potentialAction":[{"@type":"ReadAction","target":["https:\/\/kohenavocats.com\/ru\/jurisprudences\/cour-superieure-de-justice-27-juin-2023-n-2019-00907\/"]}]},{"@type":"BreadcrumbList","@id":"https:\/\/kohenavocats.com\/ru\/jurisprudences\/cour-superieure-de-justice-27-juin-2023-n-2019-00907\/#breadcrumb","itemListElement":[{"@type":"ListItem","position":1,"name":"Home","item":"https:\/\/kohenavocats.com\/ru\/avocats-en-droit-penal-a-paris-conseil-et-defense-strategique\/"},{"@type":"ListItem","position":2,"name":"Jurisprudences","item":"https:\/\/kohenavocats.com\/ru\/jurisprudences\/"},{"@type":"ListItem","position":3,"name":"Cour sup\u00e9rieure de justice, 27 juin 2023, n\u00b0 2019-00907"}]},{"@type":"WebSite","@id":"https:\/\/kohenavocats.com\/ru\/#website","url":"https:\/\/kohenavocats.com\/ru\/","name":"Kohen Avocats","description":"Ma\u00eetre Hassan Kohen, avocat p\u00e9naliste \u00e0 Paris, intervient exclusivement en droit p\u00e9nal pour la d\u00e9fense des particuliers, notamment en mati\u00e8re d\u2019accusations de viol. Il assure un accompagnement rigoureux d\u00e8s la garde \u00e0 vue jusqu\u2019\u00e0 la Cour d\u2019assises, veillant au strict respect des garanties proc\u00e9durales.","publisher":{"@id":"https:\/\/kohenavocats.com\/ru\/#organization"},"potentialAction":[{"@type":"SearchAction","target":{"@type":"EntryPoint","urlTemplate":"https:\/\/kohenavocats.com\/ru\/?s={search_term_string}"},"query-input":{"@type":"PropertyValueSpecification","valueRequired":true,"valueName":"search_term_string"}}],"inLanguage":"ru-RU"},{"@type":"Organization","@id":"https:\/\/kohenavocats.com\/ru\/#organization","name":"Kohen Avocats","url":"https:\/\/kohenavocats.com\/ru\/","logo":{"@type":"ImageObject","inLanguage":"ru-RU","@id":"https:\/\/kohenavocats.com\/ru\/#\/schema\/logo\/image\/","url":"https:\/\/kohenavocats.com\/wp-content\/uploads\/2026\/01\/Logo-2-1.webp","contentUrl":"https:\/\/kohenavocats.com\/wp-content\/uploads\/2026\/01\/Logo-2-1.webp","width":2114,"height":1253,"caption":"Kohen Avocats"},"image":{"@id":"https:\/\/kohenavocats.com\/ru\/#\/schema\/logo\/image\/"}}]}},"jetpack_likes_enabled":false,"jetpack_sharing_enabled":true,"_links":{"self":[{"href":"https:\/\/kohenavocats.com\/ru\/wp-json\/wp\/v2\/kji_decision\/631985","targetHints":{"allow":["GET"]}}],"collection":[{"href":"https:\/\/kohenavocats.com\/ru\/wp-json\/wp\/v2\/kji_decision"}],"about":[{"href":"https:\/\/kohenavocats.com\/ru\/wp-json\/wp\/v2\/types\/kji_decision"}],"wp:attachment":[{"href":"https:\/\/kohenavocats.com\/ru\/wp-json\/wp\/v2\/media?parent=631985"}],"wp:term":[{"taxonomy":"kji_country","embeddable":true,"href":"https:\/\/kohenavocats.com\/ru\/wp-json\/wp\/v2\/kji_country?post=631985"},{"taxonomy":"kji_court","embeddable":true,"href":"https:\/\/kohenavocats.com\/ru\/wp-json\/wp\/v2\/kji_court?post=631985"},{"taxonomy":"kji_chamber","embeddable":true,"href":"https:\/\/kohenavocats.com\/ru\/wp-json\/wp\/v2\/kji_chamber?post=631985"},{"taxonomy":"kji_year","embeddable":true,"href":"https:\/\/kohenavocats.com\/ru\/wp-json\/wp\/v2\/kji_year?post=631985"},{"taxonomy":"kji_subject","embeddable":true,"href":"https:\/\/kohenavocats.com\/ru\/wp-json\/wp\/v2\/kji_subject?post=631985"},{"taxonomy":"kji_keyword","embeddable":true,"href":"https:\/\/kohenavocats.com\/ru\/wp-json\/wp\/v2\/kji_keyword?post=631985"},{"taxonomy":"kji_language","embeddable":true,"href":"https:\/\/kohenavocats.com\/ru\/wp-json\/wp\/v2\/kji_language?post=631985"}],"curies":[{"name":"wp","href":"https:\/\/api.w.org\/{rel}","templated":true}]}}