{"id":632408,"date":"2026-04-21T06:47:12","date_gmt":"2026-04-21T04:47:12","guid":{"rendered":"https:\/\/kohenavocats.com\/jurisprudences\/eclinlrvs20255514-raad-van-state-14-11-2025-brs-25-000896\/"},"modified":"2026-04-21T06:47:12","modified_gmt":"2026-04-21T04:47:12","slug":"eclinlrvs20255514-raad-van-state-14-11-2025-brs-25-000896","status":"publish","type":"kji_decision","link":"https:\/\/kohenavocats.com\/ru\/jurisprudences\/eclinlrvs20255514-raad-van-state-14-11-2025-brs-25-000896\/","title":{"rendered":"ECLI:NL:RVS:2025:5514 Raad van State , 14-11-2025 \/ BRS.25.000896"},"content":{"rendered":"<div class=\"kji-decision\">\n<div class=\"kji-full-text\">\n<p><strong>Inhoudsindicatie.<\/strong> Bij besluit van 25 juni 2025 heeft de minister van Asiel en Migratie een aanvraag van betrokkene om hem een verblijfsvergunning asiel voor bepaalde tijd te verlenen, niet in behandeling genomen.<\/p>\n<p>BRS.25.000896<\/p>\n<p>ECLI:NL:RVS:2025:5514<\/p>\n<p>Datum uitspraak: 14 november 2025<\/p>\n<p>AFDELING<\/p>\n<p>BESTUURSRECHTSPRAAK<\/p>\n<p>Uitspraak met toepassing van artikel 8:54, eerste lid, van de Algemene wet bestuursrecht op het hoger beroep van:<\/p>\n<p>de minister van Asiel en Migratie,<\/p>\n<p>appellant,<\/p>\n<p>tegen de uitspraak van de rechtbank Den Haag, zittingsplaats Roermond, van 18 juli 2025 in zaak nr. NL25.28192 in het geding tussen:<\/p>\n<p>[de betrokkene]<\/p>\n<p>en<\/p>\n<p>de minister.<\/p>\n<p>Procesverloop<\/p>\n<p>Bij besluit van 25 juni 2025 heeft de minister een aanvraag van betrokkene om hem een verblijfsvergunning asiel voor bepaalde tijd te verlenen, niet in behandeling genomen.<\/p>\n<p>Bij uitspraak van 18 juli 2025 heeft de rechtbank het daartegen door betrokkene ingestelde beroep gegrond verklaard, dat besluit vernietigd en bepaald dat de minister een nieuw besluit op de aanvraag neemt met inachtneming van de uitspraak.<\/p>\n<p>Tegen deze uitspraak heeft de minister hoger beroep ingesteld.<\/p>\n<p>Betrokkene, vertegenwoordigd door mr. E. Derksen, advocaat in Velp, heeft een schriftelijke uiteenzetting gegeven.<\/p>\n<p>Overwegingen<\/p>\n<p>1. Betrokkene is in het kader van een eerdere Dublinprocedure door Duitsland overgedragen aan Spanje. Vervolgens heeft betrokkene zich op 24 april 2025 in Nederland gemeld en de huidige asielaanvraag ingediend. De minister heeft deze asielaanvraag niet in behandeling genomen, omdat Spanje daarvoor verantwoordelijk is op grond van artikel 13, eerste lid, van de Dublinverordening.<\/p>\n<p>2. De minister komt in haar eerste grief terecht op tegen het oordeel van de rechtbank dat zij geen gewicht heeft toegekend aan de verklaringen van betrokkene over zijn persoonlijke ervaringen nadat hij door de Duitse autoriteiten was overgedragen aan Spanje. De minister heeft in het besluit namelijk toegelicht dat betrokkene heeft verklaard dat hij na aankomst geen opvang aangeboden heeft gekregen, op straat heeft moeten overnachten en geen asielaanvraag heeft kunnen indienen. In dit verband heeft de minister erop gewezen dat betrokkene deze stellingen niet nader heeft toegelicht of heeft onderbouwd met documenten. Dat betrokkene naar hij stelt wel documenten heeft gehad, maar heeft weggegooid, komt in dit verband voor zijn risico. Ook heeft de minister bij de beoordeling betrokken dat betrokkene bij voorkomende problemen dient te klagen bij de Spaanse autoriteiten en dat niet gebleken is dat dit voor hem bij voorbaat zinloos of onmogelijk is. Uit de verklaringen van betrokkene volgt dat niet. Dit in aanmerking nemend heeft de minister zich terecht op het standpunt gesteld dat betrokkene niet aannemelijk heeft gemaakt dat Spanje zijn internationale verplichtingen tegenover hem niet zal nakomen en dat de minister niet meer van het interstatelijk vertrouwensbeginsel mag uitgaan. De rechtbank heeft dit niet onderkend. De grief slaagt.<\/p>\n<p>3. Het hoger beroep is gegrond. De Afdeling vernietigt de uitspraak van de rechtbank. Het is niet nodig wat de minister verder heeft aangevoerd te bespreken. Omdat er geen beroepsgronden zijn die de rechtbank niet heeft besproken, is het beroep alsnog ongegrond. De minister hoeft geen proceskosten te vergoeden. Beslissing<\/p>\n<p>De Afdeling bestuursrechtspraak van de Raad van State:<\/p>\n<p>I. verklaart het hoger beroep gegrond;<\/p>\n<p>II. vernietigt de uitspraak van de rechtbank Den Haag, zittingsplaats Roermond, van 18 juli 2025 in zaak nr. NL25.28192;<\/p>\n<p>III. verklaart het beroep ongegrond.<\/p>\n<p>Aldus vastgesteld door mr. H.G. Sevenster, voorzitter, en mr. J.M. Willems en mr. M.J.M. Ristra-Peeters, leden, in tegenwoordigheid van mr. M.C.S. Heinen, griffier.<\/p>\n<p>w.g. Sevenster<\/p>\n<p>voorzitter<\/p>\n<p>w.g. Heinen<\/p>\n<p>griffier<\/p>\n<p>Uitgesproken in het openbaar op 14 november 2025<\/p>\n<p>986<\/p>\n<\/div>\n<hr class=\"kji-sep\" \/>\n<p class=\"kji-source-links\"><strong>Sources officielles :<\/strong> <a class=\"kji-source-link\" href=\"http:\/\/deeplink.rechtspraak.nl\/uitspraak?id=ECLI:NL:RVS:2025:5514\" target=\"_blank\" rel=\"noopener noreferrer\">consulter la page source<\/a><\/p>\n<p class=\"kji-license-note\"><em>Rechtspraak.nl open data, Creative Commons Zero. Volume cible 1.8M decisions.<\/em><\/p>\n<\/div>\n","protected":false},"excerpt":{"rendered":"<p>Bij besluit van 25 juni 2025 heeft de minister van Asiel en Migratie een aanvraag van betrokkene om hem een verblijfsvergunning asiel voor bepaalde tijd te verlenen, niet in behandeling genomen.<\/p>\n","protected":false},"featured_media":0,"template":"","meta":{"_crdt_document":""},"kji_country":[7669],"kji_court":[8622],"kji_chamber":[],"kji_year":[8463],"kji_subject":[7625],"kji_keyword":[7827,7680,7673,8102,7976],"kji_language":[7671],"class_list":["post-632408","kji_decision","type-kji_decision","status-publish","hentry","kji_country-pays-bas","kji_court-raad-van-state","kji_year-8463","kji_subject-commercial","kji_keyword-asiel","kji_keyword-besluit","kji_keyword-heeft","kji_keyword-minister","kji_keyword-state","kji_language-nl"],"yoast_head":"<!-- This site is optimized with the Yoast SEO Premium plugin v27.4 (Yoast SEO v27.4) - https:\/\/yoast.com\/product\/yoast-seo-premium-wordpress\/ -->\n<title>ECLI:NL:RVS:2025:5514 Raad van State , 14-11-2025 \/ BRS.25.000896 - Ma\u00eetre Hassan Kohen, avocat en droit p\u00e9nal \u00e0 Paris<\/title>\n<meta name=\"robots\" content=\"index, follow, max-snippet:-1, max-image-preview:large, max-video-preview:-1\" \/>\n<link rel=\"canonical\" href=\"https:\/\/kohenavocats.com\/ru\/jurisprudences\/eclinlrvs20255514-raad-van-state-14-11-2025-brs-25-000896\/\" \/>\n<meta property=\"og:locale\" content=\"ru_RU\" \/>\n<meta property=\"og:type\" content=\"article\" \/>\n<meta property=\"og:title\" content=\"ECLI:NL:RVS:2025:5514 Raad van State , 14-11-2025 \/ BRS.25.000896\" \/>\n<meta property=\"og:description\" content=\"Bij besluit van 25 juni 2025 heeft de minister van Asiel en Migratie een aanvraag van betrokkene om hem een verblijfsvergunning asiel voor bepaalde tijd te verlenen, niet in behandeling genomen.\" \/>\n<meta property=\"og:url\" content=\"https:\/\/kohenavocats.com\/ru\/jurisprudences\/eclinlrvs20255514-raad-van-state-14-11-2025-brs-25-000896\/\" \/>\n<meta property=\"og:site_name\" content=\"Ma\u00eetre Hassan Kohen, avocat en droit p\u00e9nal \u00e0 Paris\" \/>\n<meta name=\"twitter:card\" content=\"summary_large_image\" \/>\n<meta name=\"twitter:label1\" content=\"\u041f\u0440\u0438\u043c\u0435\u0440\u043d\u043e\u0435 \u0432\u0440\u0435\u043c\u044f \u0434\u043b\u044f \u0447\u0442\u0435\u043d\u0438\u044f\" \/>\n\t<meta name=\"twitter:data1\" content=\"3 \u043c\u0438\u043d\u0443\u0442\u044b\" \/>\n<script type=\"application\/ld+json\" class=\"yoast-schema-graph\">{\"@context\":\"https:\\\/\\\/schema.org\",\"@graph\":[{\"@type\":\"WebPage\",\"@id\":\"https:\\\/\\\/kohenavocats.com\\\/ru\\\/jurisprudences\\\/eclinlrvs20255514-raad-van-state-14-11-2025-brs-25-000896\\\/\",\"url\":\"https:\\\/\\\/kohenavocats.com\\\/ru\\\/jurisprudences\\\/eclinlrvs20255514-raad-van-state-14-11-2025-brs-25-000896\\\/\",\"name\":\"ECLI:NL:RVS:2025:5514 Raad van State , 14-11-2025 \\\/ BRS.25.000896 - Ma\u00eetre Hassan Kohen, avocat en droit p\u00e9nal \u00e0 Paris\",\"isPartOf\":{\"@id\":\"https:\\\/\\\/kohenavocats.com\\\/ru\\\/#website\"},\"datePublished\":\"2026-04-21T04:47:12+00:00\",\"breadcrumb\":{\"@id\":\"https:\\\/\\\/kohenavocats.com\\\/ru\\\/jurisprudences\\\/eclinlrvs20255514-raad-van-state-14-11-2025-brs-25-000896\\\/#breadcrumb\"},\"inLanguage\":\"ru-RU\",\"potentialAction\":[{\"@type\":\"ReadAction\",\"target\":[\"https:\\\/\\\/kohenavocats.com\\\/ru\\\/jurisprudences\\\/eclinlrvs20255514-raad-van-state-14-11-2025-brs-25-000896\\\/\"]}]},{\"@type\":\"BreadcrumbList\",\"@id\":\"https:\\\/\\\/kohenavocats.com\\\/ru\\\/jurisprudences\\\/eclinlrvs20255514-raad-van-state-14-11-2025-brs-25-000896\\\/#breadcrumb\",\"itemListElement\":[{\"@type\":\"ListItem\",\"position\":1,\"name\":\"Home\",\"item\":\"https:\\\/\\\/kohenavocats.com\\\/ru\\\/avocats-en-droit-penal-a-paris-conseil-et-defense-strategique\\\/\"},{\"@type\":\"ListItem\",\"position\":2,\"name\":\"Jurisprudences\",\"item\":\"https:\\\/\\\/kohenavocats.com\\\/ru\\\/jurisprudences\\\/\"},{\"@type\":\"ListItem\",\"position\":3,\"name\":\"ECLI:NL:RVS:2025:5514 Raad van State , 14-11-2025 \\\/ BRS.25.000896\"}]},{\"@type\":\"WebSite\",\"@id\":\"https:\\\/\\\/kohenavocats.com\\\/ru\\\/#website\",\"url\":\"https:\\\/\\\/kohenavocats.com\\\/ru\\\/\",\"name\":\"Kohen Avocats\",\"description\":\"Ma\u00eetre Hassan Kohen, avocat p\u00e9naliste \u00e0 Paris, intervient exclusivement en droit p\u00e9nal pour la d\u00e9fense des particuliers, notamment en mati\u00e8re d\u2019accusations de viol. Il assure un accompagnement rigoureux d\u00e8s la garde \u00e0 vue jusqu\u2019\u00e0 la Cour d\u2019assises, veillant au strict respect des garanties proc\u00e9durales.\",\"publisher\":{\"@id\":\"https:\\\/\\\/kohenavocats.com\\\/ru\\\/#organization\"},\"potentialAction\":[{\"@type\":\"SearchAction\",\"target\":{\"@type\":\"EntryPoint\",\"urlTemplate\":\"https:\\\/\\\/kohenavocats.com\\\/ru\\\/?s={search_term_string}\"},\"query-input\":{\"@type\":\"PropertyValueSpecification\",\"valueRequired\":true,\"valueName\":\"search_term_string\"}}],\"inLanguage\":\"ru-RU\"},{\"@type\":\"Organization\",\"@id\":\"https:\\\/\\\/kohenavocats.com\\\/ru\\\/#organization\",\"name\":\"Kohen Avocats\",\"url\":\"https:\\\/\\\/kohenavocats.com\\\/ru\\\/\",\"logo\":{\"@type\":\"ImageObject\",\"inLanguage\":\"ru-RU\",\"@id\":\"https:\\\/\\\/kohenavocats.com\\\/ru\\\/#\\\/schema\\\/logo\\\/image\\\/\",\"url\":\"https:\\\/\\\/kohenavocats.com\\\/wp-content\\\/uploads\\\/2026\\\/01\\\/Logo-2-1.webp\",\"contentUrl\":\"https:\\\/\\\/kohenavocats.com\\\/wp-content\\\/uploads\\\/2026\\\/01\\\/Logo-2-1.webp\",\"width\":2114,\"height\":1253,\"caption\":\"Kohen Avocats\"},\"image\":{\"@id\":\"https:\\\/\\\/kohenavocats.com\\\/ru\\\/#\\\/schema\\\/logo\\\/image\\\/\"}}]}<\/script>\n<!-- \/ Yoast SEO Premium plugin. -->","yoast_head_json":{"title":"ECLI:NL:RVS:2025:5514 Raad van State , 14-11-2025 \/ BRS.25.000896 - Ma\u00eetre Hassan Kohen, avocat en droit p\u00e9nal \u00e0 Paris","robots":{"index":"index","follow":"follow","max-snippet":"max-snippet:-1","max-image-preview":"max-image-preview:large","max-video-preview":"max-video-preview:-1"},"canonical":"https:\/\/kohenavocats.com\/ru\/jurisprudences\/eclinlrvs20255514-raad-van-state-14-11-2025-brs-25-000896\/","og_locale":"ru_RU","og_type":"article","og_title":"ECLI:NL:RVS:2025:5514 Raad van State , 14-11-2025 \/ BRS.25.000896","og_description":"Bij besluit van 25 juni 2025 heeft de minister van Asiel en Migratie een aanvraag van betrokkene om hem een verblijfsvergunning asiel voor bepaalde tijd te verlenen, niet in behandeling genomen.","og_url":"https:\/\/kohenavocats.com\/ru\/jurisprudences\/eclinlrvs20255514-raad-van-state-14-11-2025-brs-25-000896\/","og_site_name":"Ma\u00eetre Hassan Kohen, avocat en droit p\u00e9nal \u00e0 Paris","twitter_card":"summary_large_image","twitter_misc":{"\u041f\u0440\u0438\u043c\u0435\u0440\u043d\u043e\u0435 \u0432\u0440\u0435\u043c\u044f \u0434\u043b\u044f \u0447\u0442\u0435\u043d\u0438\u044f":"3 \u043c\u0438\u043d\u0443\u0442\u044b"},"schema":{"@context":"https:\/\/schema.org","@graph":[{"@type":"WebPage","@id":"https:\/\/kohenavocats.com\/ru\/jurisprudences\/eclinlrvs20255514-raad-van-state-14-11-2025-brs-25-000896\/","url":"https:\/\/kohenavocats.com\/ru\/jurisprudences\/eclinlrvs20255514-raad-van-state-14-11-2025-brs-25-000896\/","name":"ECLI:NL:RVS:2025:5514 Raad van State , 14-11-2025 \/ BRS.25.000896 - Ma\u00eetre Hassan Kohen, avocat en droit p\u00e9nal \u00e0 Paris","isPartOf":{"@id":"https:\/\/kohenavocats.com\/ru\/#website"},"datePublished":"2026-04-21T04:47:12+00:00","breadcrumb":{"@id":"https:\/\/kohenavocats.com\/ru\/jurisprudences\/eclinlrvs20255514-raad-van-state-14-11-2025-brs-25-000896\/#breadcrumb"},"inLanguage":"ru-RU","potentialAction":[{"@type":"ReadAction","target":["https:\/\/kohenavocats.com\/ru\/jurisprudences\/eclinlrvs20255514-raad-van-state-14-11-2025-brs-25-000896\/"]}]},{"@type":"BreadcrumbList","@id":"https:\/\/kohenavocats.com\/ru\/jurisprudences\/eclinlrvs20255514-raad-van-state-14-11-2025-brs-25-000896\/#breadcrumb","itemListElement":[{"@type":"ListItem","position":1,"name":"Home","item":"https:\/\/kohenavocats.com\/ru\/avocats-en-droit-penal-a-paris-conseil-et-defense-strategique\/"},{"@type":"ListItem","position":2,"name":"Jurisprudences","item":"https:\/\/kohenavocats.com\/ru\/jurisprudences\/"},{"@type":"ListItem","position":3,"name":"ECLI:NL:RVS:2025:5514 Raad van State , 14-11-2025 \/ BRS.25.000896"}]},{"@type":"WebSite","@id":"https:\/\/kohenavocats.com\/ru\/#website","url":"https:\/\/kohenavocats.com\/ru\/","name":"Kohen Avocats","description":"Ma\u00eetre Hassan Kohen, avocat p\u00e9naliste \u00e0 Paris, intervient exclusivement en droit p\u00e9nal pour la d\u00e9fense des particuliers, notamment en mati\u00e8re d\u2019accusations de viol. Il assure un accompagnement rigoureux d\u00e8s la garde \u00e0 vue jusqu\u2019\u00e0 la Cour d\u2019assises, veillant au strict respect des garanties proc\u00e9durales.","publisher":{"@id":"https:\/\/kohenavocats.com\/ru\/#organization"},"potentialAction":[{"@type":"SearchAction","target":{"@type":"EntryPoint","urlTemplate":"https:\/\/kohenavocats.com\/ru\/?s={search_term_string}"},"query-input":{"@type":"PropertyValueSpecification","valueRequired":true,"valueName":"search_term_string"}}],"inLanguage":"ru-RU"},{"@type":"Organization","@id":"https:\/\/kohenavocats.com\/ru\/#organization","name":"Kohen Avocats","url":"https:\/\/kohenavocats.com\/ru\/","logo":{"@type":"ImageObject","inLanguage":"ru-RU","@id":"https:\/\/kohenavocats.com\/ru\/#\/schema\/logo\/image\/","url":"https:\/\/kohenavocats.com\/wp-content\/uploads\/2026\/01\/Logo-2-1.webp","contentUrl":"https:\/\/kohenavocats.com\/wp-content\/uploads\/2026\/01\/Logo-2-1.webp","width":2114,"height":1253,"caption":"Kohen Avocats"},"image":{"@id":"https:\/\/kohenavocats.com\/ru\/#\/schema\/logo\/image\/"}}]}},"jetpack_likes_enabled":false,"jetpack_sharing_enabled":true,"_links":{"self":[{"href":"https:\/\/kohenavocats.com\/ru\/wp-json\/wp\/v2\/kji_decision\/632408","targetHints":{"allow":["GET"]}}],"collection":[{"href":"https:\/\/kohenavocats.com\/ru\/wp-json\/wp\/v2\/kji_decision"}],"about":[{"href":"https:\/\/kohenavocats.com\/ru\/wp-json\/wp\/v2\/types\/kji_decision"}],"wp:attachment":[{"href":"https:\/\/kohenavocats.com\/ru\/wp-json\/wp\/v2\/media?parent=632408"}],"wp:term":[{"taxonomy":"kji_country","embeddable":true,"href":"https:\/\/kohenavocats.com\/ru\/wp-json\/wp\/v2\/kji_country?post=632408"},{"taxonomy":"kji_court","embeddable":true,"href":"https:\/\/kohenavocats.com\/ru\/wp-json\/wp\/v2\/kji_court?post=632408"},{"taxonomy":"kji_chamber","embeddable":true,"href":"https:\/\/kohenavocats.com\/ru\/wp-json\/wp\/v2\/kji_chamber?post=632408"},{"taxonomy":"kji_year","embeddable":true,"href":"https:\/\/kohenavocats.com\/ru\/wp-json\/wp\/v2\/kji_year?post=632408"},{"taxonomy":"kji_subject","embeddable":true,"href":"https:\/\/kohenavocats.com\/ru\/wp-json\/wp\/v2\/kji_subject?post=632408"},{"taxonomy":"kji_keyword","embeddable":true,"href":"https:\/\/kohenavocats.com\/ru\/wp-json\/wp\/v2\/kji_keyword?post=632408"},{"taxonomy":"kji_language","embeddable":true,"href":"https:\/\/kohenavocats.com\/ru\/wp-json\/wp\/v2\/kji_language?post=632408"}],"curies":[{"name":"wp","href":"https:\/\/api.w.org\/{rel}","templated":true}]}}