{"id":632688,"date":"2026-04-21T07:17:15","date_gmt":"2026-04-21T05:17:15","guid":{"rendered":"https:\/\/kohenavocats.com\/jurisprudences\/tribunal-federal-suisse-22-juin-2023-n-2c-339-2023\/"},"modified":"2026-04-21T07:17:15","modified_gmt":"2026-04-21T05:17:15","slug":"tribunal-federal-suisse-22-juin-2023-n-2c-339-2023","status":"publish","type":"kji_decision","link":"https:\/\/kohenavocats.com\/ru\/jurisprudences\/tribunal-federal-suisse-22-juin-2023-n-2c-339-2023\/","title":{"rendered":"Tribunal f\u00e9d\u00e9ral suisse, 22 juin 2023, n\u00b0 2C 339-2023"},"content":{"rendered":"<div class=\"kji-decision\">\n<div class=\"kji-full-text\">\n<p>Bundesgericht<\/p>\n<p>Tribunal f\u00e9d\u00e9ral<\/p>\n<p>Tribunale federale<\/p>\n<p>Tribunal federal<\/p>\n<p>2C_339\/2023<\/p>\n<p>Sentenza del 22 giugno 2023<\/p>\n<p>II Corte di diritto pubblico<\/p>\n<p>Composizione<\/p>\n<p>Giudici federali Aubry Girardin, Presidente,<\/p>\n<p>Donzallaz, Hartmann,<\/p>\n<p>Cancelliera Ieronimo Perroud.<\/p>\n<p>Partecipanti al procedimento<\/p>\n<p>A.________,<\/p>\n<p>patrocinata dall&#039;avv. Antonio Monti,<\/p>\n<p>ricorrente,<\/p>\n<p>contro<\/p>\n<p>Amministrazione federale delle contribuzioni, Assistenza amministrativa SEI, Eigerstrasse 65, 3003 Berne<\/p>\n<p>Oggetto<\/p>\n<p>Assistenza amministrativa (CDI CH-IT),<\/p>\n<p>ricorso contro la sentenza emanata il 24 maggio 2023 dal Tribunale amministrativo federale, Corte I (A-5737\/2020).<\/p>\n<p>Ritenuto in fatto e considerato in diritto:<\/p>\n<p>1.<\/p>\n<p>1.1. Il 10 luglio 2017 il Comando generale della Guardia di Finanza, II Reparto, Ufficio Cooperazione lnternazionale e Rapporti con Enti Collaterali (in seguito: autorit\u00e0 richiedente italiana), ha presentato all&#039;Amministrazione federale delle contribuzioni (in seguito: AFC) otto domande di assistenza amministrativa in materia fiscale fondate sull&#039;art. 27 della Convenzione del 9 marzo 1976 tra la Confederazione Svizzera e la Repubblica italiana per evitare le doppie imposizioni e per regolare talune altre questioni in materia di imposte sul reddito e sul patrimonio (CDI CH-IT; RS 0.672.945.41) in relazione con la lett. e bis del Protocollo aggiuntivo (RS 0.672.945.41), rispettivamente sulla Convenzione del 25 gennaio 1988 sulla reciproca assistenza amministrativa in materia fiscale (MAC; RS 0.652.1).<\/p>\n<p>Le persone interessate dalle domande sono presumibilmente contribuenti fiscali italiani, identificabili in base agli elenchi \/ alle liste allegate alle domande stesse. II detentore delle informazioni in Svizzera \u00e8 la banca B.________ AG, con sede a X.________, e la tipologia d&#039;imposta interessata \u00e8 l&#039;imposta sul reddito delle societ\u00e0 \/ delle persone fisiche. I suddetti elenchi sono stati spiegati dall&#039;autorit\u00e0 richiedente italiana nelle domande, facendo degli esempi. Siccome &#8212; fatta eccezione per gli esempi &#8212; le predette otto domande di assistenza amministrativa sono identiche, l&#039;AFC le ha trattate come una sola domanda di assistenza amministrativa basata su otto elenchi \/ liste.<\/p>\n<p>1.2. La domanda, che trae origine da attivit\u00e0 di verifica e controllo da parte della Guardia di Finanza italiana, fa nella fattispecie riferimento alle posizioni contenute nell&#039;elenco sub 3.a. (4), e meglio:<\/p>\n<p>\u00ab [&#8230;] i dati concernenti 707 posizioni finanziarie (rapporti finanziari), dove i codici C.I.F. risultano riferiti a soggetti diversi dalle persone fisiche con denominazione di societ\u00e0 o enti ed espressa menzione del domicilio italiano nel campo &quot;M\/S_Dom_Name&quot; [&#8230;] \u00bb.<\/p>\n<p>Con scritto 25 giugno 2019, l&#039;autorit\u00e0 richiedente italiana ha poi circoscritto le otto domande al periodo dal 23 febbraio 2015 al 31 dicembre 2017 chiedendo all&#039;AFC, sulla sola base dell&#039;art. 27 CDI CH-IT:<\/p>\n<p>&quot; [&#8230;]<\/p>\n<p>a) per i conti bancari:<\/p>\n<p>&#8212; i nomi, i cognomi, le date di nascita e gli indirizzi dell&#039;ultimo domicilio conosciuto:<\/p>\n<p>(i) deI \/ della titolare \/ dei titolari del conto;<\/p>\n<p>(ii) dell&#039;avente \/ degli aventi diritto economico;<\/p>\n<p>(iii) nel caso in cui un \/ una titolare del conto oppure un avente diritto economico fossero deceduti, le informazioni sono richieste per tutti i successori legali o le persone alle quali sono stati versati i valori patrimoniali, se conosciuti;<\/p>\n<p>&#8212; il tipo di relazione bancaria;<\/p>\n<p>&#8212; la data della chiusura del conto;<\/p>\n<p>&#8212; la situazione patrimoniale al 23 febbraio 2015, 31 dicembre 2015, 31 dicembre 2016 e 31 dicembre 2017;<\/p>\n<p>[&#8230;] \u00bb<\/p>\n<p>1.3. Il 23 settembre 2019, l&#039;AFC ha esortato B.________ AG a trasmettere tutte le informazioni richieste. La banca \u00e8 stata inoltre invitata ad informare le persone interessate e legittimate a ricorrere in merito al procedimento di assistenza amministrativa e alle parti essenziali del contenuto della domanda.<\/p>\n<p>Tra il 31 gennaio e il 4 febbraio 2020, B.________ AG ha dato seguito alla richiesta di trasmissione delle informazioni dell&#039;AFC e ha provveduto ad informare le persone interessate e legittimate a ricorrere, tra cui, con scritto del marzo 2020, anche la societ\u00e0 A.________, titolare di un conto di cui C.________ \u00e8 l&#039;avente diritto economico.<\/p>\n<p>1.4. Con decisione finale del 15 ottobre 2020 l&#039;AFC ha accolto la domanda di assistenza amministrativa italiana del 10 luglio 2017 fondata sulla lista sub 3.a (4) per quanto concerne la A.________ e ha concesso l&#039;assistenza amministrativa.<\/p>\n<p>Il 16 novembre 2020 la A.________ ha adito il Tribunale amministrativo federale, opponendosi all&#039;esecuzione della domanda. Il 24 maggio 2023 la Corte federale ha respinto il gravame.<\/p>\n<p>1.5. Il 12 giugno 2023 la A.________ ha presentato dinanzi al Tribunale federale un ricorso in materia di diritto pubblico con cui, protestate spese e ripetibili, chiede che in accoglimento del proprio gravame la domanda di assistenza amministrativa che concerne lei e la persona fisica indicata come &quot;coinvolta nel presente procedimento&quot; sia respinta. In via subordinata domanda che le spese processuali poste a suo carico dal Tribunale amministrativo federale siano fissate in un importo non superiore a fr. 2&#039;000.&#8212;. Postula inoltre che al ricorso sia conferito l&#039;effetto sospensivo.<\/p>\n<p>Non \u00e8 stato ordinato alcun atto istruttorio.<\/p>\n<p>2.<\/p>\n<p>Ai sensi dell&#039;art. 83 lett. h LTF, il ricorso in materia di diritto pubblico \u00e8 inammissibile contro le decisioni concernenti l&#039;assistenza amministrativa internazionale, eccettuata l&#039;assistenza amministrativa in materia fiscale. Secondo l&#039;art. 84a LTF, in quest&#039;ultimo campo, il ricorso \u00e8 ammissibile soltanto se concerne una questione di diritto di importanza fondamentale o se si tratta per altri motivi di un caso particolarmente importante ai sensi dell&#039;art. 84 cpv. 2 LTF. Giusta quest&#039;ultimo articolo, un caso \u00e8 particolarmente importante segnatamente laddove vi sono ragioni per ritenere che sono stati violati elementari principi procedurali o che il procedimento all&#039;estero presenta gravi lacune (su queste nozioni, cfr. DTF 139 II 404 consid. 1.3). Spetta alla parte ricorrente dimostrare a sufficienza che la causa adempie siffatte condizioni (art. 42 cpv. 2 LTF; DTF 139 II 340 consid. 4), a meno che ci\u00f2 non sia manifesto (sentenza 2C_77\/2022 del 4 febbraio 2022 consid. 2).<\/p>\n<p>Per quanto riguarda la presenza di una questione di diritto di importanza fondamentale (art. 84a LTF), essa presuppone che la decisione impugnata sia determinante per la prassi. Ci\u00f2 \u00e8 segnatamente il caso quando le istanze precedenti sono confrontate a numerosi casi analoghi o quando \u00e8 necessario risolvere una questione giuridica che si pone per la prima volta e che d\u00e0 luogo a un&#039;incertezza qualificata, la quale richiede in maniera impellente un chiarimento da parte del Tribunale federale (cfr. DTF 139 II 404 consid. 1.3; sentenza 2C_77\/2022 gi\u00e0 citata consid. 2). Nel contesto dell&#039;art. 84a LTF, la questione di diritto di importanza fondamentale deve riguardare l&#039;ambito dell&#039;assistenza amministrativa in materia fiscale, ovvero l&#039;applicazione di norme (di diritto internazionale o interne) inerenti specificamente a tale ambito (sentenze 2C_936\/2021 del 2 dicembre 2021 consid. 3; 2C_765\/2021 del 12 ottobre 2021 consid. 3.1). Giova poi ricordare che compito del Tribunale federale non \u00e8 pronunciarsi su questioni giuridiche astratte (vedasi in materia di assistenza amministrativa DTF 142 II 161 consid. 3). Affinch\u00e9 il ricorso sia ammissibile ai sensi dell&#039;art. 84a LTF, occorre dunque che la questione di diritto di importanza fondamentale invocata dalla parte ricorrente sia determinante per l&#039;esito del litigio, ci\u00f2 che presuppone che essa si rapporti agli elementi fattuali e al ragionamento giuridico risultanti dalla sentenza impugnata (sentenza 2C_1044\/2022 del 23 dicembre 2022 consid. 2 e riferimenti).<\/p>\n<p>Per giurisprudenza, l&#039;esistenza di un caso particolarmente importante (art. 84 cpv. 2 LTF) dev&#039;essere ammessa con riserbo. Il Tribunale federale dispone di un ampio potere d&#039;apprezzamento al riguardo (DTF 145 IV 99 consid. 1.2). Solamente una violazione importante e sufficientemente credibile dei principi procedurali fondamentali, ivi compreso nella procedura svizzera (sentenze 2C_77\/2022 gi\u00e0 citata consid. 2; 2C_936\/2021 del 2 dicembre 2021 consid. 5), pu\u00f2 far apparire il caso come particolarmente importante. Non \u00e8 dunque sufficiente invocare delle violazioni dei diritti fondamentali di procedura per giustificare l&#039;entrata in materia; solo una violazione importante, dettagliata a sufficienza e credibile permette di ritenere adempiuta la condizione posta dall&#039;art. 84 cpv. 2 LTF (DTF 145 IV 99 consid. 1.5; sentenza 2C_1044\/2022 gi\u00e0 citata consid. 2 e richiami).<\/p>\n<p>3.<\/p>\n<p>3.1. Osservando che oggetto di disamina \u00e8 l&#039;acquisizione (illegale) dei dati da parte dell&#039;autorit\u00e0 richiedente nonch\u00e9 la violazione del segreto bancario, la ricorrente intravede una questione di diritto di importanza fondamentale (art. 84a LTF) in primo luogo nel sapere se, nelle circostanze date, le quali non permettono di negare atti illeciti da parte dello Stato italiano, l&#039;autorit\u00e0 richiesta svizzera fosse tenuta a dare seguito alla domanda di assistenza amministrativa ora contestata.<\/p>\n<p>3.2. Sennonch\u00e9, come accennato in precedenza (cfr. supra consid. 2), incombe alla parte ricorrente (art. 42 cpv. 2 LTF) indicare con precisione la questione di diritto di importanza fondamentale (art. 84a LTF) e\/o il caso particolarmente importante (art. 84a in relazione con l&#039;art. 84 cpv. 2 LTF) : non spetta infatti a questa Corte &quot;desumerli&quot; dal ricorso che le viene sottoposto, attraverso la lettura di critiche di merito.<\/p>\n<p>3.3. Sulla tematica in questione, l&#039;impugnativa non contiene nessuna motivazione specifica, di modo che la stessa non adempie le esigenze di motivazione richieste, come esposto di seguito.<\/p>\n<p>3.3.1. Con riferimento alla denuncia della violazione del principio della buona fede in relazione con l&#039;art. 7 della legge federale del 28 settembre 2012 sull&#039;assistenza amministrativa internazionale in materia fiscale (LAAF; RS 651.1) in questa sede sollevata, va ricordato che il Tribunale federale si \u00e8 gi\u00e0 pronunciato al riguardo, in particolare nella sentenza di principio 2C_73\/2021 del 27 dicembre 2021, che concerneva l&#039;Italia, segnatamente al considerando 7. Ora, la ricorrente non fa valere nuove questioni in quest&#039;ottica. La problematica non costituisce dunque una questione specifica che si pone per la prima volta e richiede in maniera impellente un chiarimento, ma rappresentante unicamente un caso di applicazione della giurisprudenza, sulla quale non occorre quindi ritornare sotto l&#039;angolo dell&#039;art. 84a LTF.<\/p>\n<p>3.3.2. Per quanto concerne poi la censura riferita alla disattenzione del segreto bancario, nella misura in cui se ne possa dedurre che la ricorrente consideri che in concreto si sia in presenza di una questione di diritto fondamentale, va ricordato che questa Corte si \u00e8 gi\u00e0 pronunciata sull&#039;opponibilit\u00e0 del segreto bancario (svizzero) a una domanda di assistenza amministrativa nella sentenza 2C_1174\/2014 del 24 settembre 2015, pubblicata in DTF 142 II 161. Sennonch\u00e9 la ricorrente non spiega in che la presente fattispecie renderebbe necessario un nuovo esame della questione rispettivamente solleverebbe una nuova questione di diritto di importanza fondamentale (art. 42 cpv. 2 LTF).<\/p>\n<p>3.4. Infine la ricorrente non fa valere che elementari principi procedurali sarebbero stati violati, rispettivamente che il procedimento condotto dalle autorit\u00e0 italiane sarebbe inficiato da gravi lacune, di modo che la vertenza non pu\u00f2 essere considerata particolarmente importante ai sensi dell&#039;art. 84 cpv. 2 LTF. Del resto, una tale violazione non \u00e8 manifesta (cfr. supra consid. 2 in fine).<\/p>\n<p>4.<\/p>\n<p>4.1. Per quanto precede, l&#039;entrata in materia sulla base degli artt. 84a e 84 cpv. 2 LTF va esclusa, ci\u00f2 che porta a dichiarare inammissibile il gravame come ricorso in materia di diritto pubblico, in applicazione degli artt. 107 cpv. 3 e 109 cpv. 1 LTF. Quanto alla via del ricorso sussidiario in materia costituzionale, dal momento che la sentenza impugnata emana dal Tribunale amministrativo federale, essa non entra in considerazione (art. 113 e contrario LTF).<\/p>\n<p>4.2. Dato l&#039;esito del litigio, la domanda di effetto sospensivo, con cui ci si limita del resto a chiedere la conferma di quanto previsto dall&#039;art. 103 cpv. 2 lett. d LTF, \u00e8 priva di oggetto (sentenza 2C_1044\/2022 gi\u00e0 citata consid. 5.2 e richiami).<\/p>\n<p>5.<\/p>\n<p>Le spese giudiziarie seguono la soccombenza e sono poste a carico dell&#039;insorgente (art. 66 cpv. 1 LTF). Non vengono assegnate ripetibili (art. 68 cpv. 3 LTF).<\/p>\n<p>Per questi motivi, il Tribunale federale pronuncia:<\/p>\n<p>1.<\/p>\n<p>Il ricorso \u00e8 inammissibile.<\/p>\n<p>2.<\/p>\n<p>Le spese giudiziarie di fr. 3&#039;000.&#8212; sono poste a carico della ricorrente.<\/p>\n<p>3.<\/p>\n<p>Comunicazione al patrocinatore della ricorrente, all&#039;Amministrazione federale delle contribuzioni &#8212; Servizio per lo scambio d&#039;informazioni in materia fiscale, nonch\u00e9 al Tribunale amministrativo federale, Corte I.<\/p>\n<p>Losanna, 22 giugno 2023<\/p>\n<p>In nome della II Corte di diritto pubblico<\/p>\n<p>del Tribunale federale svizzero<\/p>\n<p>La Presidente: F. Aubry Girardin<\/p>\n<p>La Cancelliera: Ieronimo Perroud<\/p>\n<\/div>\n<hr class=\"kji-sep\" \/>\n<p class=\"kji-source-links\"><strong>Sources officielles :<\/strong> <a class=\"kji-source-link\" href=\"https:\/\/search.bger.ch\/ext\/eurospider\/live\/fr\/php\/aza\/http\/index.php?lang=fr&#038;type=highlight_simple_query&#038;page=3&#038;from_date=&#038;to_date=&#038;sort=relevance&#038;insertion_date=&#038;top_subcollection_aza=all&#038;query_words=considerato&#038;rank=26&#038;azaclir=aza&#038;highlight_docid=aza%3A%2F%2F22-06-2023-2C_339-2023&#038;number_of_ranks=4120\" target=\"_blank\" rel=\"noopener noreferrer\">consulter la page source<\/a><\/p>\n<p class=\"kji-license-note\"><em>Source officielle Tribunal federal suisse. Contenu HTML public, PDF non garanti en version gratuite.<\/em><\/p>\n<\/div>\n","protected":false},"excerpt":{"rendered":"<p>Bundesgericht Tribunal f\u00e9d\u00e9ral Tribunale federale Tribunal federal 2C_339\/2023 Sentenza del 22 giugno 2023 II Corte di diritto pubblico Composizione Giudici federali Aubry Girardin, Presidente, Donzallaz, Hartmann, Cancelliera Ieronimo Perroud. Partecipanti al procedimento A.________, patrocinata dall&#8217;avv. Antonio Monti, ricorrente, contro Amministrazione federale delle contribuzioni, Assistenza amministrativa SEI, Eigerstrasse 65, 3003 Berne Oggetto Assistenza amministrativa (CDI CH-IT),&#8230;<\/p>\n","protected":false},"featured_media":0,"template":"","meta":{"_crdt_document":""},"kji_country":[9676],"kji_court":[9677],"kji_chamber":[10165],"kji_year":[24566],"kji_subject":[7650],"kji_keyword":[9799,9679,9680,7636],"kji_language":[7685],"class_list":["post-632688","kji_decision","type-kji_decision","status-publish","hentry","kji_country-suisse","kji_court-tribunal-federal-suisse","kji_chamber-iie-cour-de-droit-public","kji_year-24566","kji_subject-administratif","kji_keyword-bundesgericht","kji_keyword-federal","kji_keyword-suisse","kji_keyword-tribunal","kji_language-italien"],"yoast_head":"<!-- This site is optimized with the Yoast SEO Premium plugin v27.4 (Yoast SEO v27.4) - https:\/\/yoast.com\/product\/yoast-seo-premium-wordpress\/ -->\n<title>Tribunal f\u00e9d\u00e9ral suisse, 22 juin 2023, n\u00b0 2C 339-2023 - Ma\u00eetre Hassan Kohen, avocat en droit p\u00e9nal \u00e0 Paris<\/title>\n<meta name=\"robots\" content=\"index, follow, max-snippet:-1, max-image-preview:large, max-video-preview:-1\" \/>\n<link rel=\"canonical\" href=\"https:\/\/kohenavocats.com\/ru\/jurisprudences\/tribunal-federal-suisse-22-juin-2023-n-2c-339-2023\/\" \/>\n<meta property=\"og:locale\" content=\"ru_RU\" \/>\n<meta property=\"og:type\" content=\"article\" \/>\n<meta property=\"og:title\" content=\"Tribunal f\u00e9d\u00e9ral suisse, 22 juin 2023, n\u00b0 2C 339-2023\" \/>\n<meta property=\"og:description\" content=\"Bundesgericht Tribunal f\u00e9d\u00e9ral Tribunale federale Tribunal federal 2C_339\/2023 Sentenza del 22 giugno 2023 II Corte di diritto pubblico Composizione Giudici federali Aubry Girardin, Presidente, Donzallaz, Hartmann, Cancelliera Ieronimo Perroud. Partecipanti al procedimento A.________, patrocinata dall&#039;avv. Antonio Monti, ricorrente, contro Amministrazione federale delle contribuzioni, Assistenza amministrativa SEI, Eigerstrasse 65, 3003 Berne Oggetto Assistenza amministrativa (CDI CH-IT),...\" \/>\n<meta property=\"og:url\" content=\"https:\/\/kohenavocats.com\/ru\/jurisprudences\/tribunal-federal-suisse-22-juin-2023-n-2c-339-2023\/\" \/>\n<meta property=\"og:site_name\" content=\"Ma\u00eetre Hassan Kohen, avocat en droit p\u00e9nal \u00e0 Paris\" \/>\n<meta name=\"twitter:card\" content=\"summary_large_image\" \/>\n<meta name=\"twitter:label1\" content=\"\u041f\u0440\u0438\u043c\u0435\u0440\u043d\u043e\u0435 \u0432\u0440\u0435\u043c\u044f \u0434\u043b\u044f \u0447\u0442\u0435\u043d\u0438\u044f\" \/>\n\t<meta name=\"twitter:data1\" content=\"9 \u043c\u0438\u043d\u0443\u0442\" \/>\n<script type=\"application\/ld+json\" class=\"yoast-schema-graph\">{\"@context\":\"https:\\\/\\\/schema.org\",\"@graph\":[{\"@type\":\"WebPage\",\"@id\":\"https:\\\/\\\/kohenavocats.com\\\/ru\\\/jurisprudences\\\/tribunal-federal-suisse-22-juin-2023-n-2c-339-2023\\\/\",\"url\":\"https:\\\/\\\/kohenavocats.com\\\/ru\\\/jurisprudences\\\/tribunal-federal-suisse-22-juin-2023-n-2c-339-2023\\\/\",\"name\":\"Tribunal f\u00e9d\u00e9ral suisse, 22 juin 2023, n\u00b0 2C 339-2023 - Ma\u00eetre Hassan Kohen, avocat en droit p\u00e9nal \u00e0 Paris\",\"isPartOf\":{\"@id\":\"https:\\\/\\\/kohenavocats.com\\\/ru\\\/#website\"},\"datePublished\":\"2026-04-21T05:17:15+00:00\",\"breadcrumb\":{\"@id\":\"https:\\\/\\\/kohenavocats.com\\\/ru\\\/jurisprudences\\\/tribunal-federal-suisse-22-juin-2023-n-2c-339-2023\\\/#breadcrumb\"},\"inLanguage\":\"ru-RU\",\"potentialAction\":[{\"@type\":\"ReadAction\",\"target\":[\"https:\\\/\\\/kohenavocats.com\\\/ru\\\/jurisprudences\\\/tribunal-federal-suisse-22-juin-2023-n-2c-339-2023\\\/\"]}]},{\"@type\":\"BreadcrumbList\",\"@id\":\"https:\\\/\\\/kohenavocats.com\\\/ru\\\/jurisprudences\\\/tribunal-federal-suisse-22-juin-2023-n-2c-339-2023\\\/#breadcrumb\",\"itemListElement\":[{\"@type\":\"ListItem\",\"position\":1,\"name\":\"Home\",\"item\":\"https:\\\/\\\/kohenavocats.com\\\/ru\\\/avocats-en-droit-penal-a-paris-conseil-et-defense-strategique\\\/\"},{\"@type\":\"ListItem\",\"position\":2,\"name\":\"Jurisprudences\",\"item\":\"https:\\\/\\\/kohenavocats.com\\\/ru\\\/jurisprudences\\\/\"},{\"@type\":\"ListItem\",\"position\":3,\"name\":\"Tribunal f\u00e9d\u00e9ral suisse, 22 juin 2023, n\u00b0 2C 339-2023\"}]},{\"@type\":\"WebSite\",\"@id\":\"https:\\\/\\\/kohenavocats.com\\\/ru\\\/#website\",\"url\":\"https:\\\/\\\/kohenavocats.com\\\/ru\\\/\",\"name\":\"Kohen Avocats\",\"description\":\"Ma\u00eetre Hassan Kohen, avocat p\u00e9naliste \u00e0 Paris, intervient exclusivement en droit p\u00e9nal pour la d\u00e9fense des particuliers, notamment en mati\u00e8re d\u2019accusations de viol. Il assure un accompagnement rigoureux d\u00e8s la garde \u00e0 vue jusqu\u2019\u00e0 la Cour d\u2019assises, veillant au strict respect des garanties proc\u00e9durales.\",\"publisher\":{\"@id\":\"https:\\\/\\\/kohenavocats.com\\\/ru\\\/#organization\"},\"potentialAction\":[{\"@type\":\"SearchAction\",\"target\":{\"@type\":\"EntryPoint\",\"urlTemplate\":\"https:\\\/\\\/kohenavocats.com\\\/ru\\\/?s={search_term_string}\"},\"query-input\":{\"@type\":\"PropertyValueSpecification\",\"valueRequired\":true,\"valueName\":\"search_term_string\"}}],\"inLanguage\":\"ru-RU\"},{\"@type\":\"Organization\",\"@id\":\"https:\\\/\\\/kohenavocats.com\\\/ru\\\/#organization\",\"name\":\"Kohen Avocats\",\"url\":\"https:\\\/\\\/kohenavocats.com\\\/ru\\\/\",\"logo\":{\"@type\":\"ImageObject\",\"inLanguage\":\"ru-RU\",\"@id\":\"https:\\\/\\\/kohenavocats.com\\\/ru\\\/#\\\/schema\\\/logo\\\/image\\\/\",\"url\":\"https:\\\/\\\/kohenavocats.com\\\/wp-content\\\/uploads\\\/2026\\\/01\\\/Logo-2-1.webp\",\"contentUrl\":\"https:\\\/\\\/kohenavocats.com\\\/wp-content\\\/uploads\\\/2026\\\/01\\\/Logo-2-1.webp\",\"width\":2114,\"height\":1253,\"caption\":\"Kohen Avocats\"},\"image\":{\"@id\":\"https:\\\/\\\/kohenavocats.com\\\/ru\\\/#\\\/schema\\\/logo\\\/image\\\/\"}}]}<\/script>\n<!-- \/ Yoast SEO Premium plugin. -->","yoast_head_json":{"title":"Tribunal f\u00e9d\u00e9ral suisse, 22 juin 2023, n\u00b0 2C 339-2023 - Ma\u00eetre Hassan Kohen, avocat en droit p\u00e9nal \u00e0 Paris","robots":{"index":"index","follow":"follow","max-snippet":"max-snippet:-1","max-image-preview":"max-image-preview:large","max-video-preview":"max-video-preview:-1"},"canonical":"https:\/\/kohenavocats.com\/ru\/jurisprudences\/tribunal-federal-suisse-22-juin-2023-n-2c-339-2023\/","og_locale":"ru_RU","og_type":"article","og_title":"Tribunal f\u00e9d\u00e9ral suisse, 22 juin 2023, n\u00b0 2C 339-2023","og_description":"Bundesgericht Tribunal f\u00e9d\u00e9ral Tribunale federale Tribunal federal 2C_339\/2023 Sentenza del 22 giugno 2023 II Corte di diritto pubblico Composizione Giudici federali Aubry Girardin, Presidente, Donzallaz, Hartmann, Cancelliera Ieronimo Perroud. Partecipanti al procedimento A.________, patrocinata dall'avv. Antonio Monti, ricorrente, contro Amministrazione federale delle contribuzioni, Assistenza amministrativa SEI, Eigerstrasse 65, 3003 Berne Oggetto Assistenza amministrativa (CDI CH-IT),...","og_url":"https:\/\/kohenavocats.com\/ru\/jurisprudences\/tribunal-federal-suisse-22-juin-2023-n-2c-339-2023\/","og_site_name":"Ma\u00eetre Hassan Kohen, avocat en droit p\u00e9nal \u00e0 Paris","twitter_card":"summary_large_image","twitter_misc":{"\u041f\u0440\u0438\u043c\u0435\u0440\u043d\u043e\u0435 \u0432\u0440\u0435\u043c\u044f \u0434\u043b\u044f \u0447\u0442\u0435\u043d\u0438\u044f":"9 \u043c\u0438\u043d\u0443\u0442"},"schema":{"@context":"https:\/\/schema.org","@graph":[{"@type":"WebPage","@id":"https:\/\/kohenavocats.com\/ru\/jurisprudences\/tribunal-federal-suisse-22-juin-2023-n-2c-339-2023\/","url":"https:\/\/kohenavocats.com\/ru\/jurisprudences\/tribunal-federal-suisse-22-juin-2023-n-2c-339-2023\/","name":"Tribunal f\u00e9d\u00e9ral suisse, 22 juin 2023, n\u00b0 2C 339-2023 - Ma\u00eetre Hassan Kohen, avocat en droit p\u00e9nal \u00e0 Paris","isPartOf":{"@id":"https:\/\/kohenavocats.com\/ru\/#website"},"datePublished":"2026-04-21T05:17:15+00:00","breadcrumb":{"@id":"https:\/\/kohenavocats.com\/ru\/jurisprudences\/tribunal-federal-suisse-22-juin-2023-n-2c-339-2023\/#breadcrumb"},"inLanguage":"ru-RU","potentialAction":[{"@type":"ReadAction","target":["https:\/\/kohenavocats.com\/ru\/jurisprudences\/tribunal-federal-suisse-22-juin-2023-n-2c-339-2023\/"]}]},{"@type":"BreadcrumbList","@id":"https:\/\/kohenavocats.com\/ru\/jurisprudences\/tribunal-federal-suisse-22-juin-2023-n-2c-339-2023\/#breadcrumb","itemListElement":[{"@type":"ListItem","position":1,"name":"Home","item":"https:\/\/kohenavocats.com\/ru\/avocats-en-droit-penal-a-paris-conseil-et-defense-strategique\/"},{"@type":"ListItem","position":2,"name":"Jurisprudences","item":"https:\/\/kohenavocats.com\/ru\/jurisprudences\/"},{"@type":"ListItem","position":3,"name":"Tribunal f\u00e9d\u00e9ral suisse, 22 juin 2023, n\u00b0 2C 339-2023"}]},{"@type":"WebSite","@id":"https:\/\/kohenavocats.com\/ru\/#website","url":"https:\/\/kohenavocats.com\/ru\/","name":"Kohen Avocats","description":"Ma\u00eetre Hassan Kohen, avocat p\u00e9naliste \u00e0 Paris, intervient exclusivement en droit p\u00e9nal pour la d\u00e9fense des particuliers, notamment en mati\u00e8re d\u2019accusations de viol. Il assure un accompagnement rigoureux d\u00e8s la garde \u00e0 vue jusqu\u2019\u00e0 la Cour d\u2019assises, veillant au strict respect des garanties proc\u00e9durales.","publisher":{"@id":"https:\/\/kohenavocats.com\/ru\/#organization"},"potentialAction":[{"@type":"SearchAction","target":{"@type":"EntryPoint","urlTemplate":"https:\/\/kohenavocats.com\/ru\/?s={search_term_string}"},"query-input":{"@type":"PropertyValueSpecification","valueRequired":true,"valueName":"search_term_string"}}],"inLanguage":"ru-RU"},{"@type":"Organization","@id":"https:\/\/kohenavocats.com\/ru\/#organization","name":"Kohen Avocats","url":"https:\/\/kohenavocats.com\/ru\/","logo":{"@type":"ImageObject","inLanguage":"ru-RU","@id":"https:\/\/kohenavocats.com\/ru\/#\/schema\/logo\/image\/","url":"https:\/\/kohenavocats.com\/wp-content\/uploads\/2026\/01\/Logo-2-1.webp","contentUrl":"https:\/\/kohenavocats.com\/wp-content\/uploads\/2026\/01\/Logo-2-1.webp","width":2114,"height":1253,"caption":"Kohen Avocats"},"image":{"@id":"https:\/\/kohenavocats.com\/ru\/#\/schema\/logo\/image\/"}}]}},"jetpack_likes_enabled":false,"jetpack_sharing_enabled":true,"_links":{"self":[{"href":"https:\/\/kohenavocats.com\/ru\/wp-json\/wp\/v2\/kji_decision\/632688","targetHints":{"allow":["GET"]}}],"collection":[{"href":"https:\/\/kohenavocats.com\/ru\/wp-json\/wp\/v2\/kji_decision"}],"about":[{"href":"https:\/\/kohenavocats.com\/ru\/wp-json\/wp\/v2\/types\/kji_decision"}],"wp:attachment":[{"href":"https:\/\/kohenavocats.com\/ru\/wp-json\/wp\/v2\/media?parent=632688"}],"wp:term":[{"taxonomy":"kji_country","embeddable":true,"href":"https:\/\/kohenavocats.com\/ru\/wp-json\/wp\/v2\/kji_country?post=632688"},{"taxonomy":"kji_court","embeddable":true,"href":"https:\/\/kohenavocats.com\/ru\/wp-json\/wp\/v2\/kji_court?post=632688"},{"taxonomy":"kji_chamber","embeddable":true,"href":"https:\/\/kohenavocats.com\/ru\/wp-json\/wp\/v2\/kji_chamber?post=632688"},{"taxonomy":"kji_year","embeddable":true,"href":"https:\/\/kohenavocats.com\/ru\/wp-json\/wp\/v2\/kji_year?post=632688"},{"taxonomy":"kji_subject","embeddable":true,"href":"https:\/\/kohenavocats.com\/ru\/wp-json\/wp\/v2\/kji_subject?post=632688"},{"taxonomy":"kji_keyword","embeddable":true,"href":"https:\/\/kohenavocats.com\/ru\/wp-json\/wp\/v2\/kji_keyword?post=632688"},{"taxonomy":"kji_language","embeddable":true,"href":"https:\/\/kohenavocats.com\/ru\/wp-json\/wp\/v2\/kji_language?post=632688"}],"curies":[{"name":"wp","href":"https:\/\/api.w.org\/{rel}","templated":true}]}}