{"id":633598,"date":"2026-04-21T09:02:56","date_gmt":"2026-04-21T07:02:56","guid":{"rendered":"https:\/\/kohenavocats.com\/jurisprudences\/acordao-supremo-tribunal-de-justica-processo-3156-15-4t8gdm-p1-a-s1-2023-06-20\/"},"modified":"2026-04-21T09:02:56","modified_gmt":"2026-04-21T07:02:56","slug":"acordao-supremo-tribunal-de-justica-processo-3156-15-4t8gdm-p1-a-s1-2023-06-20","status":"publish","type":"kji_decision","link":"https:\/\/kohenavocats.com\/ru\/jurisprudences\/acordao-supremo-tribunal-de-justica-processo-3156-15-4t8gdm-p1-a-s1-2023-06-20\/","title":{"rendered":"Ac\u00f3rd\u00e3o Supremo Tribunal de Justi\u00e7a \u2013 Processo 3156\/15.4T8GDM.P1-A.S1 \u2013 2023-06-20"},"content":{"rendered":"<div class=\"kji-decision\">\n<p class=\"kji-summary\">Relator: MARIA JO?O VAZ TOM?. I &#8212; Os recursos est?o sujeitos a prazos perent?rios de curta dura??o. II &#8212; O decurso do prazo acarreta a extin??o por caducidade do direito de recorrer, sendo esta de conhecimento oficioso (art. 139.?, n.? 3, do CPC). III &#8212; Dos arts 615.?, n.? 4, e 616.?, do CPC &#8212; aplic?veis aos ac?rd?os ex vi do art. 666.?, n.? 1, do mesmo corpo de normas &#8212; decorre que, admitindo-se recurso ordin?rio, a parte interessada apenas pode arguir as nulidades perante o tribunal que proferiu a decis?o ou, em recurso, invocar essas nulidades nas respetivas alega??es. N?o lhe ? l?cito, sob pena de viola??o do prazo perent?rio estabelecido no art. 638.?, n.? 1, do CPC, arguir primeiro as nulidades, aguardar a decis?o da confer?ncia e, depois desta, interpor o recurso. Sendo o recurso de revista excecional um recurso ordin?rio, ap?s a notifica??o do ac?rd?o que decide a apela??o come?a a correr o prazo de recurso de 30 dias, que n?o ? interrompido pelo requerimento de argui??o de nulidades e subsequente decis?o da confer?ncia. O prazo perent?rio de 30 dias n?o se conta, pois, a partir da notifica??o do ac?rd?o proferido em confer?ncia para apreciar as nulidades arguidas e a reforma pedida. IV &#8212; Em caso algum ? consentido ao recorrente lan?ar m?o da reclama??o de um ac?rd?o para requerer julgamento ampliado de revista. V &#8212; De resto, ainda que a autora houvesse interposto recurso para julgamento ampliado de revista e n?o de revista excecional, compete ao relator apurar a (in)verifica??o dos requisitos gerais de recorribilidade, conforme o art. 652.?, n.? 1, do CPC.<\/p>\n<hr class=\"kji-sep\" \/>\n<p class=\"kji-source-links\"><strong>Sources officielles :<\/strong> <a class=\"kji-source-link\" href=\"https:\/\/www.dgsi.pt\/jstj.nsf\/954f0ce6ad9dd8b980256b5f003fa814\/6d747895fc4c7118802589d5003e6ff7?OpenDocument&#038;ExpandSection=1\" target=\"_blank\" rel=\"noopener noreferrer\">consulter la page source<\/a><\/p>\n<p class=\"kji-license-note\"><em>Portails officiels portugais (DGSI \/ Tribunal Constitucional). Republication en metadata_only par prudence licencielle ; consulter la source officielle pour le texte authentique.<\/em><\/p>\n<\/div>\n","protected":false},"excerpt":{"rendered":"<p>Relator: MARIA JO?O VAZ TOM?. I &#8212; Os recursos est?o sujeitos a prazos perent?rios de curta dura??o. II &#8212; O decurso do prazo acarreta a extin??o por caducidade do direito de recorrer, sendo esta de conhecimento oficioso (art. 139.?, n.? 3, do CPC). III &#8212; Dos arts 615.?, n.? 4, e 616.?, do CPC &#8212; aplic?veis aos ac?rd?os ex vi do art. 666.?, n.? 1, do mesmo corpo de normas &#8212; decorre que, admitindo-se recurso ordin?rio, a parte interessada apenas pode arguir as nulidades perante o tribunal que proferiu a decis?o ou, em recurso, invocar essas nulidades nas respetivas alega??es. N?o lhe ? l?cito, sob pena de viola??o do prazo perent?rio estabelecido no art. 638.?, n.? 1, do CPC, arguir primeiro as nulidades, aguardar a decis?o da confer?ncia e, depois desta, interpor o recurso. Sendo o recurso de revista excecional um recurso ordin?rio, ap?s a notifica??o do ac?rd?o que decide a apela??o come?a a correr o prazo de recurso de 30 dias, que n?o ? interrompido pelo requerimento de argui??o de nulidades e subsequente decis?o da confer?ncia. O prazo perent?rio de 30 dias n?o se conta, pois, a partir da notifica??o do ac?rd?o proferido em confer?ncia para apreciar as nulidades arguidas e a reforma pedida. IV &#8212; Em caso algum ? consentido ao recorrente lan?ar m?o da reclama??o de um ac?rd?o para requerer julgamento ampliado de revista. V &#8212; De resto, ainda que a autora houvesse interposto recurso para julgamento ampliado de revista e n?o de revista excecional, compete ao relator apurar a (in)verifica??o dos requisitos gerais de recorribilidade, conforme o art. 652.?, n.? 1, do CPC.<\/p>\n","protected":false},"featured_media":0,"template":"","meta":{"_crdt_document":""},"kji_country":[7762],"kji_court":[7763],"kji_chamber":[9174],"kji_year":[24566],"kji_subject":[7724],"kji_keyword":[7772,7774,7771,7773,7636],"kji_language":[7770],"class_list":["post-633598","kji_decision","type-kji_decision","status-publish","hentry","kji_country-portugal","kji_court-supremo-tribunal-de-justica","kji_chamber-1-seco","kji_year-24566","kji_subject-civil","kji_keyword-acordao","kji_keyword-justica","kji_keyword-processo","kji_keyword-supremo","kji_keyword-tribunal","kji_language-pt"],"yoast_head":"<!-- This site is optimized with the Yoast SEO Premium plugin v27.5 (Yoast SEO v27.5) - https:\/\/yoast.com\/product\/yoast-seo-premium-wordpress\/ -->\n<title>Ac\u00f3rd\u00e3o Supremo Tribunal de Justi\u00e7a \u2013 Processo 3156\/15.4T8GDM.P1-A.S1 \u2013 2023-06-20 - Ma\u00eetre Hassan Kohen, avocat en droit p\u00e9nal \u00e0 Paris<\/title>\n<meta name=\"robots\" content=\"index, follow, max-snippet:-1, max-image-preview:large, max-video-preview:-1\" \/>\n<link rel=\"canonical\" href=\"https:\/\/kohenavocats.com\/ru\/jurisprudences\/acordao-supremo-tribunal-de-justica-processo-3156-15-4t8gdm-p1-a-s1-2023-06-20\/\" \/>\n<meta property=\"og:locale\" content=\"ru_RU\" \/>\n<meta property=\"og:type\" content=\"article\" \/>\n<meta property=\"og:title\" content=\"Ac\u00f3rd\u00e3o Supremo Tribunal de Justi\u00e7a \u2013 Processo 3156\/15.4T8GDM.P1-A.S1 \u2013 2023-06-20\" \/>\n<meta property=\"og:description\" content=\"Relator: MARIA JO?O VAZ TOM?. I - Os recursos est?o sujeitos a prazos perent?rios de curta dura??o. II - O decurso do prazo acarreta a extin??o por caducidade do direito de recorrer, sendo esta de conhecimento oficioso (art. 139.?, n.? 3, do CPC). III - Dos arts 615.?, n.? 4, e 616.?, do CPC - aplic?veis aos ac?rd?os ex vi do art. 666.?, n.? 1, do mesmo corpo de normas - decorre que, admitindo-se recurso ordin?rio, a parte interessada apenas pode arguir as nulidades perante o tribunal que proferiu a decis?o ou, em recurso, invocar essas nulidades nas respetivas alega??es. N?o lhe ? l?cito, sob pena de viola??o do prazo perent?rio estabelecido no art. 638.?, n.? 1, do CPC, arguir primeiro as nulidades, aguardar a decis?o da confer?ncia e, depois desta, interpor o recurso. Sendo o recurso de revista excecional um recurso ordin?rio, ap?s a notifica??o do ac?rd?o que decide a apela??o come?a a correr o prazo de recurso de 30 dias, que n?o ? interrompido pelo requerimento de argui??o de nulidades e subsequente decis?o da confer?ncia. O prazo perent?rio de 30 dias n?o se conta, pois, a partir da notifica??o do ac?rd?o proferido em confer?ncia para apreciar as nulidades arguidas e a reforma pedida. IV - Em caso algum ? consentido ao recorrente lan?ar m?o da reclama??o de um ac?rd?o para requerer julgamento ampliado de revista. V - De resto, ainda que a autora houvesse interposto recurso para julgamento ampliado de revista e n?o de revista excecional, compete ao relator apurar a (in)verifica??o dos requisitos gerais de recorribilidade, conforme o art. 652.?, n.? 1, do CPC.\" \/>\n<meta property=\"og:url\" content=\"https:\/\/kohenavocats.com\/ru\/jurisprudences\/acordao-supremo-tribunal-de-justica-processo-3156-15-4t8gdm-p1-a-s1-2023-06-20\/\" \/>\n<meta property=\"og:site_name\" content=\"Ma\u00eetre Hassan Kohen, avocat en droit p\u00e9nal \u00e0 Paris\" \/>\n<meta name=\"twitter:card\" content=\"summary_large_image\" \/>\n<meta name=\"twitter:label1\" content=\"\u041f\u0440\u0438\u043c\u0435\u0440\u043d\u043e\u0435 \u0432\u0440\u0435\u043c\u044f \u0434\u043b\u044f \u0447\u0442\u0435\u043d\u0438\u044f\" \/>\n\t<meta name=\"twitter:data1\" content=\"2 \u043c\u0438\u043d\u0443\u0442\u044b\" \/>\n<script type=\"application\/ld+json\" class=\"yoast-schema-graph\">{\"@context\":\"https:\\\/\\\/schema.org\",\"@graph\":[{\"@type\":\"WebPage\",\"@id\":\"https:\\\/\\\/kohenavocats.com\\\/ru\\\/jurisprudences\\\/acordao-supremo-tribunal-de-justica-processo-3156-15-4t8gdm-p1-a-s1-2023-06-20\\\/\",\"url\":\"https:\\\/\\\/kohenavocats.com\\\/ru\\\/jurisprudences\\\/acordao-supremo-tribunal-de-justica-processo-3156-15-4t8gdm-p1-a-s1-2023-06-20\\\/\",\"name\":\"Ac\u00f3rd\u00e3o Supremo Tribunal de Justi\u00e7a \u2013 Processo 3156\\\/15.4T8GDM.P1-A.S1 \u2013 2023-06-20 - Ma\u00eetre Hassan Kohen, avocat en droit p\u00e9nal \u00e0 Paris\",\"isPartOf\":{\"@id\":\"https:\\\/\\\/kohenavocats.com\\\/ru\\\/#website\"},\"datePublished\":\"2026-04-21T07:02:56+00:00\",\"breadcrumb\":{\"@id\":\"https:\\\/\\\/kohenavocats.com\\\/ru\\\/jurisprudences\\\/acordao-supremo-tribunal-de-justica-processo-3156-15-4t8gdm-p1-a-s1-2023-06-20\\\/#breadcrumb\"},\"inLanguage\":\"ru-RU\",\"potentialAction\":[{\"@type\":\"ReadAction\",\"target\":[\"https:\\\/\\\/kohenavocats.com\\\/ru\\\/jurisprudences\\\/acordao-supremo-tribunal-de-justica-processo-3156-15-4t8gdm-p1-a-s1-2023-06-20\\\/\"]}]},{\"@type\":\"BreadcrumbList\",\"@id\":\"https:\\\/\\\/kohenavocats.com\\\/ru\\\/jurisprudences\\\/acordao-supremo-tribunal-de-justica-processo-3156-15-4t8gdm-p1-a-s1-2023-06-20\\\/#breadcrumb\",\"itemListElement\":[{\"@type\":\"ListItem\",\"position\":1,\"name\":\"Home\",\"item\":\"https:\\\/\\\/kohenavocats.com\\\/ru\\\/avocats-en-droit-penal-a-paris-conseil-et-defense-strategique\\\/\"},{\"@type\":\"ListItem\",\"position\":2,\"name\":\"Jurisprudences\",\"item\":\"https:\\\/\\\/kohenavocats.com\\\/ru\\\/jurisprudences\\\/\"},{\"@type\":\"ListItem\",\"position\":3,\"name\":\"Ac\u00f3rd\u00e3o Supremo Tribunal de Justi\u00e7a \u2013 Processo 3156\\\/15.4T8GDM.P1-A.S1 \u2013 2023-06-20\"}]},{\"@type\":\"WebSite\",\"@id\":\"https:\\\/\\\/kohenavocats.com\\\/ru\\\/#website\",\"url\":\"https:\\\/\\\/kohenavocats.com\\\/ru\\\/\",\"name\":\"Kohen Avocats\",\"description\":\"Ma\u00eetre Hassan Kohen, avocat p\u00e9naliste \u00e0 Paris, intervient exclusivement en droit p\u00e9nal pour la d\u00e9fense des particuliers, notamment en mati\u00e8re d\u2019accusations de viol. Il assure un accompagnement rigoureux d\u00e8s la garde \u00e0 vue jusqu\u2019\u00e0 la Cour d\u2019assises, veillant au strict respect des garanties proc\u00e9durales.\",\"publisher\":{\"@id\":\"https:\\\/\\\/kohenavocats.com\\\/ru\\\/#organization\"},\"potentialAction\":[{\"@type\":\"SearchAction\",\"target\":{\"@type\":\"EntryPoint\",\"urlTemplate\":\"https:\\\/\\\/kohenavocats.com\\\/ru\\\/?s={search_term_string}\"},\"query-input\":{\"@type\":\"PropertyValueSpecification\",\"valueRequired\":true,\"valueName\":\"search_term_string\"}}],\"inLanguage\":\"ru-RU\"},{\"@type\":\"Organization\",\"@id\":\"https:\\\/\\\/kohenavocats.com\\\/ru\\\/#organization\",\"name\":\"Kohen Avocats\",\"url\":\"https:\\\/\\\/kohenavocats.com\\\/ru\\\/\",\"logo\":{\"@type\":\"ImageObject\",\"inLanguage\":\"ru-RU\",\"@id\":\"https:\\\/\\\/kohenavocats.com\\\/ru\\\/#\\\/schema\\\/logo\\\/image\\\/\",\"url\":\"https:\\\/\\\/kohenavocats.com\\\/wp-content\\\/uploads\\\/2026\\\/01\\\/Logo-2-1.webp\",\"contentUrl\":\"https:\\\/\\\/kohenavocats.com\\\/wp-content\\\/uploads\\\/2026\\\/01\\\/Logo-2-1.webp\",\"width\":2114,\"height\":1253,\"caption\":\"Kohen Avocats\"},\"image\":{\"@id\":\"https:\\\/\\\/kohenavocats.com\\\/ru\\\/#\\\/schema\\\/logo\\\/image\\\/\"}}]}<\/script>\n<!-- \/ Yoast SEO Premium plugin. -->","yoast_head_json":{"title":"Ac\u00f3rd\u00e3o Supremo Tribunal de Justi\u00e7a \u2013 Processo 3156\/15.4T8GDM.P1-A.S1 \u2013 2023-06-20 - Ma\u00eetre Hassan Kohen, avocat en droit p\u00e9nal \u00e0 Paris","robots":{"index":"index","follow":"follow","max-snippet":"max-snippet:-1","max-image-preview":"max-image-preview:large","max-video-preview":"max-video-preview:-1"},"canonical":"https:\/\/kohenavocats.com\/ru\/jurisprudences\/acordao-supremo-tribunal-de-justica-processo-3156-15-4t8gdm-p1-a-s1-2023-06-20\/","og_locale":"ru_RU","og_type":"article","og_title":"Ac\u00f3rd\u00e3o Supremo Tribunal de Justi\u00e7a \u2013 Processo 3156\/15.4T8GDM.P1-A.S1 \u2013 2023-06-20","og_description":"Relator: MARIA JO?O VAZ TOM?. I - Os recursos est?o sujeitos a prazos perent?rios de curta dura??o. II - O decurso do prazo acarreta a extin??o por caducidade do direito de recorrer, sendo esta de conhecimento oficioso (art. 139.?, n.? 3, do CPC). III - Dos arts 615.?, n.? 4, e 616.?, do CPC - aplic?veis aos ac?rd?os ex vi do art. 666.?, n.? 1, do mesmo corpo de normas - decorre que, admitindo-se recurso ordin?rio, a parte interessada apenas pode arguir as nulidades perante o tribunal que proferiu a decis?o ou, em recurso, invocar essas nulidades nas respetivas alega??es. N?o lhe ? l?cito, sob pena de viola??o do prazo perent?rio estabelecido no art. 638.?, n.? 1, do CPC, arguir primeiro as nulidades, aguardar a decis?o da confer?ncia e, depois desta, interpor o recurso. Sendo o recurso de revista excecional um recurso ordin?rio, ap?s a notifica??o do ac?rd?o que decide a apela??o come?a a correr o prazo de recurso de 30 dias, que n?o ? interrompido pelo requerimento de argui??o de nulidades e subsequente decis?o da confer?ncia. O prazo perent?rio de 30 dias n?o se conta, pois, a partir da notifica??o do ac?rd?o proferido em confer?ncia para apreciar as nulidades arguidas e a reforma pedida. IV - Em caso algum ? consentido ao recorrente lan?ar m?o da reclama??o de um ac?rd?o para requerer julgamento ampliado de revista. V - De resto, ainda que a autora houvesse interposto recurso para julgamento ampliado de revista e n?o de revista excecional, compete ao relator apurar a (in)verifica??o dos requisitos gerais de recorribilidade, conforme o art. 652.?, n.? 1, do CPC.","og_url":"https:\/\/kohenavocats.com\/ru\/jurisprudences\/acordao-supremo-tribunal-de-justica-processo-3156-15-4t8gdm-p1-a-s1-2023-06-20\/","og_site_name":"Ma\u00eetre Hassan Kohen, avocat en droit p\u00e9nal \u00e0 Paris","twitter_card":"summary_large_image","twitter_misc":{"\u041f\u0440\u0438\u043c\u0435\u0440\u043d\u043e\u0435 \u0432\u0440\u0435\u043c\u044f \u0434\u043b\u044f \u0447\u0442\u0435\u043d\u0438\u044f":"2 \u043c\u0438\u043d\u0443\u0442\u044b"},"schema":{"@context":"https:\/\/schema.org","@graph":[{"@type":"WebPage","@id":"https:\/\/kohenavocats.com\/ru\/jurisprudences\/acordao-supremo-tribunal-de-justica-processo-3156-15-4t8gdm-p1-a-s1-2023-06-20\/","url":"https:\/\/kohenavocats.com\/ru\/jurisprudences\/acordao-supremo-tribunal-de-justica-processo-3156-15-4t8gdm-p1-a-s1-2023-06-20\/","name":"Ac\u00f3rd\u00e3o Supremo Tribunal de Justi\u00e7a \u2013 Processo 3156\/15.4T8GDM.P1-A.S1 \u2013 2023-06-20 - Ma\u00eetre Hassan Kohen, avocat en droit p\u00e9nal \u00e0 Paris","isPartOf":{"@id":"https:\/\/kohenavocats.com\/ru\/#website"},"datePublished":"2026-04-21T07:02:56+00:00","breadcrumb":{"@id":"https:\/\/kohenavocats.com\/ru\/jurisprudences\/acordao-supremo-tribunal-de-justica-processo-3156-15-4t8gdm-p1-a-s1-2023-06-20\/#breadcrumb"},"inLanguage":"ru-RU","potentialAction":[{"@type":"ReadAction","target":["https:\/\/kohenavocats.com\/ru\/jurisprudences\/acordao-supremo-tribunal-de-justica-processo-3156-15-4t8gdm-p1-a-s1-2023-06-20\/"]}]},{"@type":"BreadcrumbList","@id":"https:\/\/kohenavocats.com\/ru\/jurisprudences\/acordao-supremo-tribunal-de-justica-processo-3156-15-4t8gdm-p1-a-s1-2023-06-20\/#breadcrumb","itemListElement":[{"@type":"ListItem","position":1,"name":"Home","item":"https:\/\/kohenavocats.com\/ru\/avocats-en-droit-penal-a-paris-conseil-et-defense-strategique\/"},{"@type":"ListItem","position":2,"name":"Jurisprudences","item":"https:\/\/kohenavocats.com\/ru\/jurisprudences\/"},{"@type":"ListItem","position":3,"name":"Ac\u00f3rd\u00e3o Supremo Tribunal de Justi\u00e7a \u2013 Processo 3156\/15.4T8GDM.P1-A.S1 \u2013 2023-06-20"}]},{"@type":"WebSite","@id":"https:\/\/kohenavocats.com\/ru\/#website","url":"https:\/\/kohenavocats.com\/ru\/","name":"Kohen Avocats","description":"Ma\u00eetre Hassan Kohen, avocat p\u00e9naliste \u00e0 Paris, intervient exclusivement en droit p\u00e9nal pour la d\u00e9fense des particuliers, notamment en mati\u00e8re d\u2019accusations de viol. Il assure un accompagnement rigoureux d\u00e8s la garde \u00e0 vue jusqu\u2019\u00e0 la Cour d\u2019assises, veillant au strict respect des garanties proc\u00e9durales.","publisher":{"@id":"https:\/\/kohenavocats.com\/ru\/#organization"},"potentialAction":[{"@type":"SearchAction","target":{"@type":"EntryPoint","urlTemplate":"https:\/\/kohenavocats.com\/ru\/?s={search_term_string}"},"query-input":{"@type":"PropertyValueSpecification","valueRequired":true,"valueName":"search_term_string"}}],"inLanguage":"ru-RU"},{"@type":"Organization","@id":"https:\/\/kohenavocats.com\/ru\/#organization","name":"Kohen Avocats","url":"https:\/\/kohenavocats.com\/ru\/","logo":{"@type":"ImageObject","inLanguage":"ru-RU","@id":"https:\/\/kohenavocats.com\/ru\/#\/schema\/logo\/image\/","url":"https:\/\/kohenavocats.com\/wp-content\/uploads\/2026\/01\/Logo-2-1.webp","contentUrl":"https:\/\/kohenavocats.com\/wp-content\/uploads\/2026\/01\/Logo-2-1.webp","width":2114,"height":1253,"caption":"Kohen Avocats"},"image":{"@id":"https:\/\/kohenavocats.com\/ru\/#\/schema\/logo\/image\/"}}]}},"jetpack_likes_enabled":false,"jetpack_sharing_enabled":true,"_links":{"self":[{"href":"https:\/\/kohenavocats.com\/ru\/wp-json\/wp\/v2\/kji_decision\/633598","targetHints":{"allow":["GET"]}}],"collection":[{"href":"https:\/\/kohenavocats.com\/ru\/wp-json\/wp\/v2\/kji_decision"}],"about":[{"href":"https:\/\/kohenavocats.com\/ru\/wp-json\/wp\/v2\/types\/kji_decision"}],"wp:attachment":[{"href":"https:\/\/kohenavocats.com\/ru\/wp-json\/wp\/v2\/media?parent=633598"}],"wp:term":[{"taxonomy":"kji_country","embeddable":true,"href":"https:\/\/kohenavocats.com\/ru\/wp-json\/wp\/v2\/kji_country?post=633598"},{"taxonomy":"kji_court","embeddable":true,"href":"https:\/\/kohenavocats.com\/ru\/wp-json\/wp\/v2\/kji_court?post=633598"},{"taxonomy":"kji_chamber","embeddable":true,"href":"https:\/\/kohenavocats.com\/ru\/wp-json\/wp\/v2\/kji_chamber?post=633598"},{"taxonomy":"kji_year","embeddable":true,"href":"https:\/\/kohenavocats.com\/ru\/wp-json\/wp\/v2\/kji_year?post=633598"},{"taxonomy":"kji_subject","embeddable":true,"href":"https:\/\/kohenavocats.com\/ru\/wp-json\/wp\/v2\/kji_subject?post=633598"},{"taxonomy":"kji_keyword","embeddable":true,"href":"https:\/\/kohenavocats.com\/ru\/wp-json\/wp\/v2\/kji_keyword?post=633598"},{"taxonomy":"kji_language","embeddable":true,"href":"https:\/\/kohenavocats.com\/ru\/wp-json\/wp\/v2\/kji_language?post=633598"}],"curies":[{"name":"wp","href":"https:\/\/api.w.org\/{rel}","templated":true}]}}