{"id":633918,"date":"2026-04-21T09:39:43","date_gmt":"2026-04-21T07:39:43","guid":{"rendered":"https:\/\/kohenavocats.com\/jurisprudences\/eclinlrbdha202527227-rechtbank-den-haag-27-11-2025-nl25-56049\/"},"modified":"2026-04-21T09:39:43","modified_gmt":"2026-04-21T07:39:43","slug":"eclinlrbdha202527227-rechtbank-den-haag-27-11-2025-nl25-56049","status":"publish","type":"kji_decision","link":"https:\/\/kohenavocats.com\/ru\/jurisprudences\/eclinlrbdha202527227-rechtbank-den-haag-27-11-2025-nl25-56049\/","title":{"rendered":"ECLI:NL:RBDHA:2025:27227 Rechtbank Den Haag , 27-11-2025 \/ NL25.56049"},"content":{"rendered":"<div class=\"kji-decision\">\n<div class=\"kji-full-text\">\n<p><strong>Inhoudsindicatie.<\/strong> Eerste beroep bewaring, lichter middel, artikel 59a Vw<\/p>\n<p>uitspraak<\/p>\n<h3>RECHTBANK DEN HAAG<\/h3>\n<p>Zittingsplaats Utrecht Bestuursrecht zaaknummer: NL25.56049<\/p>\n<p>uitspraak van de enkelvoudige kamer in de zaak tussen<\/p>\n<h3>[eiser] , V-nummer: [V-nummer] , eiser (gemachtigde: mr. B.A. Palm),<\/h3>\n<p>en<\/p>\n<h3>de minister van Asiel en Migratie, de minister (gemachtigde: M. Volker).<\/h3>\n<h3>Procesverloop<\/h3>\n<p>Bij besluit van 13 november 2025 (het bestreden besluit) heeft de minister aan eiser de maatregel van bewaring op grond van artikel 59a, eerste lid, van de Vreemdelingenwet 2000 (Vw) opgelegd.<\/p>\n<p>Eiser heeft tegen het bestreden besluit beroep ingesteld. Dit beroep moet tevens worden aangemerkt als een verzoek om toekenning van schadevergoeding.<\/p>\n<p>De minister heeft op 24 november 2025 de maatregel van bewaring opgeheven.<\/p>\n<p>De rechtbank heeft het beroep op 24 november 2025 op zitting behandeld. Eiser is niet verschenen en heeft zich laten vertegenwoordigen door zijn gemachtigde. Als tolk is verschenen H. Barzizaoua. De minister heeft zich laten vertegenwoordigen door zijn gemachtigde.<\/p>\n<h3>Overwegingen<\/h3>\n<p>1. Eiser stelt van Marokkaanse nationaliteit te zijn en te zijn geboren op [geboortedatum] 2004.<\/p>\n<p>2. Omdat de bewaring is opgeheven, beperkt de beoordeling zich in deze zaak tot de vraag of aan eiser schadevergoeding moet worden toegekend. In dit verband moet de vraag worden beantwoord of de tenuitvoerlegging van de maatregel van bewaring op enig moment voorafgaande aan de opheffing daarvan onrechtmatig is geweest. Op grond van artikel 106 van de Vw kan de rechtbank indien de bewaring al is opgeheven v\u00f3\u00f3r de behandeling van het verzoek om opheffing van de bewaring aan eiser een schadevergoeding ten laste van de Staat toekennen.<\/p>\n<p>Bewaringsgronden<\/p>\n<p>3. In de maatregel van bewaring heeft de minister overwogen dat de maatregel nodig is, omdat een concreet aanknopingspunt bestaat voor een overdracht als bedoeld in de Dublinverordening en een significant risico bestaat dat eiser zich aan het toezicht zal onttrekken. De minister heeft, onder verwijzing naar artikel 5.1b, tweede, derde en vierde lid, van het Vreemdelingenbesluit (Vb), als zware gronden vermeld dat eiser:<\/p>\n<p>3a. Nederland niet op de voorgeschreven wijze is binnengekomen, dan wel een poging daartoe heeft gedaan;<\/p>\n<p>3b. zich in strijd met de Vreemdelingenwetgeving gedurende enige tijd aan het toezicht op vreemdelingen heeft onttrokken;<\/p>\n<p>3i. te kennen heeft gegeven dat hij geen gevolg zal geven aan zijn verplichting tot terugkeer; en als lichte gronden vermeld dat eiser:<\/p>\n<p>4a. zich niet aan een of meer andere voor hem geldende verplichtingen van hoofdstuk 4 van het Vb heeft gehouden;<\/p>\n<p>4c. geen vaste woon- of verblijfplaats heeft;<\/p>\n<p>4d. niet beschikt over voldoende middelen van bestaan.<\/p>\n<p>4. De rechtbank stelt vast dat eiser de gronden die aan de maategel van bewaring ten grondslag liggen niet heeft betwist. De rechtbank is van oordeel dat deze gronden feitelijk juist zijn en voldoende zijn toegelicht in de maatregel van bewaring. Deze gronden kunnen de maatregel van bewaring dragen, zodat een significant risico op onderduiken reeds daarmee gegeven is.<\/p>\n<h3>Lichter middel<\/h3>\n<p>5. Eiser voert aan dat de minister ten onrechte geen toepassing heeft gegeven aan een lichter middel. Eiser had namelijk mee willen werken aan een overdracht en de minister had daarom gebruik kunnen maken van een meldplicht. Gezien de uiterste overdrachtsdatum was hier volgens eiser genoeg tijd voor.<\/p>\n<p>6. De rechtbank oordeelt dat de minister voldoende heeft gemotiveerd waarom er niet kan worden volstaan met een lichter middel. Uit de gronden die aan de maatregel ten grondslag zijn gelegd, volgt een risico op onderduiken. Daarnaast heeft de minister in de maatregel overwogen dat eiser al eens met onbekende bestemming (MOB) is vertrokken. Ook heeft eiser geen feiten of omstandigheden aangevoerd die leiden tot de conclusie dat met een lichter middel had moeten worden volstaan. De stelling dat de minister had moeten volstaan met een meldplicht is hiervoor onvoldoende. De beroepsgrond slaagt niet.<\/p>\n<h3>Ambtshalve toets<\/h3>\n<p>7. Tot slot leidt de ambtshalve toetsing niet tot het oordeel dat<\/p>\n<p>de maatregel van bewaring in de te toetsen periode op enig moment onrechtmatig was.<\/p>\n<p>Conclusie<\/p>\n<p>8. Het beroep is ongegrond. Daarom wordt ook het verzoek om schadevergoeding afgewezen.<\/p>\n<p>9. Voor een proceskostenveroordeling bestaat geen aanleiding.<\/p>\n<h3>Beslissing<\/h3>\n<p>De rechtbank:<\/p>\n<p>verklaart het beroep ongegrond;<\/p>\n<p>wijst het verzoek om schadevergoeding af.<\/p>\n<p>Deze uitspraak is gedaan door mr. P. Lenstra, rechter, in aanwezigheid van mr. T. Rommes, griffier.<\/p>\n<p>De uitspraak is uitgesproken in het openbaar en bekendgemaakt op:<\/p>\n<p>27 november 2025<\/p>\n<h3>Documentcode: [Documentcode]<\/h3>\n<h3>Rechtsmiddel<\/h3>\n<p>Tegen deze uitspraak kan hoger beroep worden ingesteld bij de Afdeling bestuursrechtspraak van de Raad van State binnen \u00e9\u00e9n week na de dag van bekendmaking.<\/p>\n<\/div>\n<hr class=\"kji-sep\" \/>\n<p class=\"kji-source-links\"><strong>Sources officielles :<\/strong> <a class=\"kji-source-link\" href=\"http:\/\/deeplink.rechtspraak.nl\/uitspraak?id=ECLI:NL:RBDHA:2025:27227\" target=\"_blank\" rel=\"noopener noreferrer\">consulter la page source<\/a><\/p>\n<p class=\"kji-license-note\"><em>Rechtspraak.nl open data, Creative Commons Zero. Volume cible 1.8M decisions.<\/em><\/p>\n<\/div>\n","protected":false},"excerpt":{"rendered":"<p>Eerste beroep bewaring, lichter middel, artikel 59a Vw<\/p>\n","protected":false},"featured_media":0,"template":"","meta":{"_crdt_document":""},"kji_country":[7669],"kji_court":[7670],"kji_chamber":[],"kji_year":[8463],"kji_subject":[7646],"kji_keyword":[7992,7824,7812,7674,7675],"kji_language":[7671],"class_list":["post-633918","kji_decision","type-kji_decision","status-publish","hentry","kji_country-pays-bas","kji_court-rechtbank-den-haag","kji_year-8463","kji_subject-divers","kji_keyword-beroep","kji_keyword-bewaring","kji_keyword-eerste","kji_keyword-rbdha","kji_keyword-rechtbank","kji_language-nl"],"yoast_head":"<!-- This site is optimized with the Yoast SEO Premium plugin v27.5 (Yoast SEO v27.5) - https:\/\/yoast.com\/product\/yoast-seo-premium-wordpress\/ -->\n<title>ECLI:NL:RBDHA:2025:27227 Rechtbank Den Haag , 27-11-2025 \/ NL25.56049 - Ma\u00eetre Hassan Kohen, avocat en droit p\u00e9nal \u00e0 Paris<\/title>\n<meta name=\"robots\" content=\"index, follow, max-snippet:-1, max-image-preview:large, max-video-preview:-1\" \/>\n<link rel=\"canonical\" href=\"https:\/\/kohenavocats.com\/ru\/jurisprudences\/eclinlrbdha202527227-rechtbank-den-haag-27-11-2025-nl25-56049\/\" \/>\n<meta property=\"og:locale\" content=\"ru_RU\" \/>\n<meta property=\"og:type\" content=\"article\" \/>\n<meta property=\"og:title\" content=\"ECLI:NL:RBDHA:2025:27227 Rechtbank Den Haag , 27-11-2025 \/ NL25.56049\" \/>\n<meta property=\"og:description\" content=\"Eerste beroep bewaring, lichter middel, artikel 59a Vw\" \/>\n<meta property=\"og:url\" content=\"https:\/\/kohenavocats.com\/ru\/jurisprudences\/eclinlrbdha202527227-rechtbank-den-haag-27-11-2025-nl25-56049\/\" \/>\n<meta property=\"og:site_name\" content=\"Ma\u00eetre Hassan Kohen, avocat en droit p\u00e9nal \u00e0 Paris\" \/>\n<meta name=\"twitter:card\" content=\"summary_large_image\" \/>\n<meta name=\"twitter:label1\" content=\"\u041f\u0440\u0438\u043c\u0435\u0440\u043d\u043e\u0435 \u0432\u0440\u0435\u043c\u044f \u0434\u043b\u044f \u0447\u0442\u0435\u043d\u0438\u044f\" \/>\n\t<meta name=\"twitter:data1\" content=\"4 \u043c\u0438\u043d\u0443\u0442\u044b\" \/>\n<script type=\"application\/ld+json\" class=\"yoast-schema-graph\">{\"@context\":\"https:\\\/\\\/schema.org\",\"@graph\":[{\"@type\":\"WebPage\",\"@id\":\"https:\\\/\\\/kohenavocats.com\\\/ru\\\/jurisprudences\\\/eclinlrbdha202527227-rechtbank-den-haag-27-11-2025-nl25-56049\\\/\",\"url\":\"https:\\\/\\\/kohenavocats.com\\\/ru\\\/jurisprudences\\\/eclinlrbdha202527227-rechtbank-den-haag-27-11-2025-nl25-56049\\\/\",\"name\":\"ECLI:NL:RBDHA:2025:27227 Rechtbank Den Haag , 27-11-2025 \\\/ NL25.56049 - Ma\u00eetre Hassan Kohen, avocat en droit p\u00e9nal \u00e0 Paris\",\"isPartOf\":{\"@id\":\"https:\\\/\\\/kohenavocats.com\\\/ru\\\/#website\"},\"datePublished\":\"2026-04-21T07:39:43+00:00\",\"breadcrumb\":{\"@id\":\"https:\\\/\\\/kohenavocats.com\\\/ru\\\/jurisprudences\\\/eclinlrbdha202527227-rechtbank-den-haag-27-11-2025-nl25-56049\\\/#breadcrumb\"},\"inLanguage\":\"ru-RU\",\"potentialAction\":[{\"@type\":\"ReadAction\",\"target\":[\"https:\\\/\\\/kohenavocats.com\\\/ru\\\/jurisprudences\\\/eclinlrbdha202527227-rechtbank-den-haag-27-11-2025-nl25-56049\\\/\"]}]},{\"@type\":\"BreadcrumbList\",\"@id\":\"https:\\\/\\\/kohenavocats.com\\\/ru\\\/jurisprudences\\\/eclinlrbdha202527227-rechtbank-den-haag-27-11-2025-nl25-56049\\\/#breadcrumb\",\"itemListElement\":[{\"@type\":\"ListItem\",\"position\":1,\"name\":\"Home\",\"item\":\"https:\\\/\\\/kohenavocats.com\\\/ru\\\/avocats-en-droit-penal-a-paris-conseil-et-defense-strategique\\\/\"},{\"@type\":\"ListItem\",\"position\":2,\"name\":\"Jurisprudences\",\"item\":\"https:\\\/\\\/kohenavocats.com\\\/ru\\\/jurisprudences\\\/\"},{\"@type\":\"ListItem\",\"position\":3,\"name\":\"ECLI:NL:RBDHA:2025:27227 Rechtbank Den Haag , 27-11-2025 \\\/ NL25.56049\"}]},{\"@type\":\"WebSite\",\"@id\":\"https:\\\/\\\/kohenavocats.com\\\/ru\\\/#website\",\"url\":\"https:\\\/\\\/kohenavocats.com\\\/ru\\\/\",\"name\":\"Kohen Avocats\",\"description\":\"Ma\u00eetre Hassan Kohen, avocat p\u00e9naliste \u00e0 Paris, intervient exclusivement en droit p\u00e9nal pour la d\u00e9fense des particuliers, notamment en mati\u00e8re d\u2019accusations de viol. Il assure un accompagnement rigoureux d\u00e8s la garde \u00e0 vue jusqu\u2019\u00e0 la Cour d\u2019assises, veillant au strict respect des garanties proc\u00e9durales.\",\"publisher\":{\"@id\":\"https:\\\/\\\/kohenavocats.com\\\/ru\\\/#organization\"},\"potentialAction\":[{\"@type\":\"SearchAction\",\"target\":{\"@type\":\"EntryPoint\",\"urlTemplate\":\"https:\\\/\\\/kohenavocats.com\\\/ru\\\/?s={search_term_string}\"},\"query-input\":{\"@type\":\"PropertyValueSpecification\",\"valueRequired\":true,\"valueName\":\"search_term_string\"}}],\"inLanguage\":\"ru-RU\"},{\"@type\":\"Organization\",\"@id\":\"https:\\\/\\\/kohenavocats.com\\\/ru\\\/#organization\",\"name\":\"Kohen Avocats\",\"url\":\"https:\\\/\\\/kohenavocats.com\\\/ru\\\/\",\"logo\":{\"@type\":\"ImageObject\",\"inLanguage\":\"ru-RU\",\"@id\":\"https:\\\/\\\/kohenavocats.com\\\/ru\\\/#\\\/schema\\\/logo\\\/image\\\/\",\"url\":\"https:\\\/\\\/kohenavocats.com\\\/wp-content\\\/uploads\\\/2026\\\/01\\\/Logo-2-1.webp\",\"contentUrl\":\"https:\\\/\\\/kohenavocats.com\\\/wp-content\\\/uploads\\\/2026\\\/01\\\/Logo-2-1.webp\",\"width\":2114,\"height\":1253,\"caption\":\"Kohen Avocats\"},\"image\":{\"@id\":\"https:\\\/\\\/kohenavocats.com\\\/ru\\\/#\\\/schema\\\/logo\\\/image\\\/\"}}]}<\/script>\n<!-- \/ Yoast SEO Premium plugin. -->","yoast_head_json":{"title":"ECLI:NL:RBDHA:2025:27227 Rechtbank Den Haag , 27-11-2025 \/ NL25.56049 - Ma\u00eetre Hassan Kohen, avocat en droit p\u00e9nal \u00e0 Paris","robots":{"index":"index","follow":"follow","max-snippet":"max-snippet:-1","max-image-preview":"max-image-preview:large","max-video-preview":"max-video-preview:-1"},"canonical":"https:\/\/kohenavocats.com\/ru\/jurisprudences\/eclinlrbdha202527227-rechtbank-den-haag-27-11-2025-nl25-56049\/","og_locale":"ru_RU","og_type":"article","og_title":"ECLI:NL:RBDHA:2025:27227 Rechtbank Den Haag , 27-11-2025 \/ NL25.56049","og_description":"Eerste beroep bewaring, lichter middel, artikel 59a Vw","og_url":"https:\/\/kohenavocats.com\/ru\/jurisprudences\/eclinlrbdha202527227-rechtbank-den-haag-27-11-2025-nl25-56049\/","og_site_name":"Ma\u00eetre Hassan Kohen, avocat en droit p\u00e9nal \u00e0 Paris","twitter_card":"summary_large_image","twitter_misc":{"\u041f\u0440\u0438\u043c\u0435\u0440\u043d\u043e\u0435 \u0432\u0440\u0435\u043c\u044f \u0434\u043b\u044f \u0447\u0442\u0435\u043d\u0438\u044f":"4 \u043c\u0438\u043d\u0443\u0442\u044b"},"schema":{"@context":"https:\/\/schema.org","@graph":[{"@type":"WebPage","@id":"https:\/\/kohenavocats.com\/ru\/jurisprudences\/eclinlrbdha202527227-rechtbank-den-haag-27-11-2025-nl25-56049\/","url":"https:\/\/kohenavocats.com\/ru\/jurisprudences\/eclinlrbdha202527227-rechtbank-den-haag-27-11-2025-nl25-56049\/","name":"ECLI:NL:RBDHA:2025:27227 Rechtbank Den Haag , 27-11-2025 \/ NL25.56049 - Ma\u00eetre Hassan Kohen, avocat en droit p\u00e9nal \u00e0 Paris","isPartOf":{"@id":"https:\/\/kohenavocats.com\/ru\/#website"},"datePublished":"2026-04-21T07:39:43+00:00","breadcrumb":{"@id":"https:\/\/kohenavocats.com\/ru\/jurisprudences\/eclinlrbdha202527227-rechtbank-den-haag-27-11-2025-nl25-56049\/#breadcrumb"},"inLanguage":"ru-RU","potentialAction":[{"@type":"ReadAction","target":["https:\/\/kohenavocats.com\/ru\/jurisprudences\/eclinlrbdha202527227-rechtbank-den-haag-27-11-2025-nl25-56049\/"]}]},{"@type":"BreadcrumbList","@id":"https:\/\/kohenavocats.com\/ru\/jurisprudences\/eclinlrbdha202527227-rechtbank-den-haag-27-11-2025-nl25-56049\/#breadcrumb","itemListElement":[{"@type":"ListItem","position":1,"name":"Home","item":"https:\/\/kohenavocats.com\/ru\/avocats-en-droit-penal-a-paris-conseil-et-defense-strategique\/"},{"@type":"ListItem","position":2,"name":"Jurisprudences","item":"https:\/\/kohenavocats.com\/ru\/jurisprudences\/"},{"@type":"ListItem","position":3,"name":"ECLI:NL:RBDHA:2025:27227 Rechtbank Den Haag , 27-11-2025 \/ NL25.56049"}]},{"@type":"WebSite","@id":"https:\/\/kohenavocats.com\/ru\/#website","url":"https:\/\/kohenavocats.com\/ru\/","name":"Kohen Avocats","description":"Ma\u00eetre Hassan Kohen, avocat p\u00e9naliste \u00e0 Paris, intervient exclusivement en droit p\u00e9nal pour la d\u00e9fense des particuliers, notamment en mati\u00e8re d\u2019accusations de viol. Il assure un accompagnement rigoureux d\u00e8s la garde \u00e0 vue jusqu\u2019\u00e0 la Cour d\u2019assises, veillant au strict respect des garanties proc\u00e9durales.","publisher":{"@id":"https:\/\/kohenavocats.com\/ru\/#organization"},"potentialAction":[{"@type":"SearchAction","target":{"@type":"EntryPoint","urlTemplate":"https:\/\/kohenavocats.com\/ru\/?s={search_term_string}"},"query-input":{"@type":"PropertyValueSpecification","valueRequired":true,"valueName":"search_term_string"}}],"inLanguage":"ru-RU"},{"@type":"Organization","@id":"https:\/\/kohenavocats.com\/ru\/#organization","name":"Kohen Avocats","url":"https:\/\/kohenavocats.com\/ru\/","logo":{"@type":"ImageObject","inLanguage":"ru-RU","@id":"https:\/\/kohenavocats.com\/ru\/#\/schema\/logo\/image\/","url":"https:\/\/kohenavocats.com\/wp-content\/uploads\/2026\/01\/Logo-2-1.webp","contentUrl":"https:\/\/kohenavocats.com\/wp-content\/uploads\/2026\/01\/Logo-2-1.webp","width":2114,"height":1253,"caption":"Kohen Avocats"},"image":{"@id":"https:\/\/kohenavocats.com\/ru\/#\/schema\/logo\/image\/"}}]}},"jetpack_likes_enabled":false,"jetpack_sharing_enabled":true,"_links":{"self":[{"href":"https:\/\/kohenavocats.com\/ru\/wp-json\/wp\/v2\/kji_decision\/633918","targetHints":{"allow":["GET"]}}],"collection":[{"href":"https:\/\/kohenavocats.com\/ru\/wp-json\/wp\/v2\/kji_decision"}],"about":[{"href":"https:\/\/kohenavocats.com\/ru\/wp-json\/wp\/v2\/types\/kji_decision"}],"wp:attachment":[{"href":"https:\/\/kohenavocats.com\/ru\/wp-json\/wp\/v2\/media?parent=633918"}],"wp:term":[{"taxonomy":"kji_country","embeddable":true,"href":"https:\/\/kohenavocats.com\/ru\/wp-json\/wp\/v2\/kji_country?post=633918"},{"taxonomy":"kji_court","embeddable":true,"href":"https:\/\/kohenavocats.com\/ru\/wp-json\/wp\/v2\/kji_court?post=633918"},{"taxonomy":"kji_chamber","embeddable":true,"href":"https:\/\/kohenavocats.com\/ru\/wp-json\/wp\/v2\/kji_chamber?post=633918"},{"taxonomy":"kji_year","embeddable":true,"href":"https:\/\/kohenavocats.com\/ru\/wp-json\/wp\/v2\/kji_year?post=633918"},{"taxonomy":"kji_subject","embeddable":true,"href":"https:\/\/kohenavocats.com\/ru\/wp-json\/wp\/v2\/kji_subject?post=633918"},{"taxonomy":"kji_keyword","embeddable":true,"href":"https:\/\/kohenavocats.com\/ru\/wp-json\/wp\/v2\/kji_keyword?post=633918"},{"taxonomy":"kji_language","embeddable":true,"href":"https:\/\/kohenavocats.com\/ru\/wp-json\/wp\/v2\/kji_language?post=633918"}],"curies":[{"name":"wp","href":"https:\/\/api.w.org\/{rel}","templated":true}]}}