{"id":634088,"date":"2026-04-21T10:01:24","date_gmt":"2026-04-21T08:01:24","guid":{"rendered":"https:\/\/kohenavocats.com\/jurisprudences\/eclinlrblim202510878-rechtbank-limburg-29-10-2025-11814470-az-verz-25-84\/"},"modified":"2026-04-21T10:01:24","modified_gmt":"2026-04-21T08:01:24","slug":"eclinlrblim202510878-rechtbank-limburg-29-10-2025-11814470-az-verz-25-84","status":"publish","type":"kji_decision","link":"https:\/\/kohenavocats.com\/ru\/jurisprudences\/eclinlrblim202510878-rechtbank-limburg-29-10-2025-11814470-az-verz-25-84\/","title":{"rendered":"ECLI:NL:RBLIM:2025:10878 Rechtbank Limburg , 29-10-2025 \/ 11814470 AZ VERZ 25-84"},"content":{"rendered":"<div class=\"kji-decision\">\n<div class=\"kji-full-text\">\n<p><strong>Inhoudsindicatie.<\/strong> Niet nakomen re-integratieverplichtingen. Ontbinding. Ernstige verwijtbaarheid.<\/p>\n<p>RECHTBANK<br \/>\n LIMBURG<\/p>\n<p>Civiel recht<\/p>\n<p>Kantonrechter<\/p>\n<p>Zittingsplaats Maastricht<\/p>\n<p>Zaaknummer \/ rekestnummer: 11814470 \\ AZ VERZ 25-84<\/p>\n<p>Beschikking van 29 oktober 2025<\/p>\n<p>in de zaak van<\/p>\n<p>DALLI-DE KLOK B.V.,<\/p>\n<p>te Heerde,<\/p>\n<p>verzoekende partij,<\/p>\n<p>hierna te noemen: Dalli-De Klok ,<\/p>\n<p>gemachtigde: mr. M.J.E. Spee,<\/p>\n<p>tegen<\/p>\n<p>[verweerder]<br \/>\n ,<\/p>\n<p>te [woonplaats] ,<\/p>\n<p>verwerende partij,<\/p>\n<p>hierna te noemen: [verweerder] ,<\/p>\n<p>niet verschenen.<\/p>\n<h3>1De procedure<\/h3>\n<p>Het verloop van de procedure blijkt uit:<\/p>\n<p>&#8212; het verzoekschrift<\/p>\n<p>&#8212; de mondelinge behandeling van 22 oktober 2025, waarvan door de griffier aantekeningen zijn gemaakt.<\/p>\n<p>De beschikking is bepaald op vandaag.<\/p>\n<h3>2De feiten<\/h3>\n<p>[verweerder] , geboren [geboortedatum] 2025, is sinds 17 juni 2019 in dienst bij Dalli-De Klok. De functie van [verweerder] is Operator Aanmaak met een loon van \u20ac 2.918,44 bruto per maand, exclusief ploegentoeslag en andere emolumenten.<\/p>\n<p>[verweerder] meldt zich op 28 augustus 2023 ziek. Uit de probleemanalyse van<\/p>\n<p>4 oktober 2023 volgt dat [verweerder] geen benutbare mogelijkheden heeft, maar in de toekomst wel. Begin november 2023 is [verweerder] enkele dagen onbereikbaar voor Dalli-De Klok. Hij blijkt een nieuw telefoonummer te hebben dat hij niet heeft doorgegeven. Op 22 november 2023 schort Dalli-De Klok de betaling van het loon op omdat [verweerder] niet was verschenen bij de bedrijfsarts. In juli 2024 blijkt dat [verweerder] is verhuisd naar [woonplaats] , zonder dat hij dit aan Dalli-De Klok heeft gemeld. Vanaf september 2024 worden de re-integratie-inspanningen gericht op het vinden van werk buiten de organisatie van Dalli-De Klok (spoor 2). Re-integratie in spoor 2 vindt plaats onder begeleiding van een loopbaanadviesbureau, waar [verweerder] op 5 september 2024 wordt aangemeld. [verweerder] is echter lastig bereikbaar voor het loopbaanadviesbureau en Dalli-De Klok. Daarom schort Dalli-De Klok betaling van het loon op vanaf 8 oktober 2024 en zet Dalli-De Klok de loonbetaling vanaf 15 november 2024 stop. Op 24 februari 2025 vindt een intakegesprek plaats bij het loopbaanadviesbureau. [verweerder] krijgt in dat intakegesprek het verzoek om testen te maken, die hij pas \u2013 na veel aandringen \u2013 op 15 april 2024 maakt. Op 31 maart 2025 zegt [verweerder] een gesprek met het loopbaanadviesbureau af wegens ziekte en in de maand mei 2025 lukt het, ook na een loonsanctie, niet om contact te krijgen met [verweerder] . Op 14 mei 2025 verschijnt [verweerder] niet bij een afspraak met de bedrijfsarts. Op 15 mei 2025 reageert [verweerder] per e-mail. [verweerder] meldt onder andere dat hij in Spanje verblijft en aanspraak maakt op loon. Uit een door Dalli-De Klok aangevraagd deskundigenoordeel van het UWV van 7 juli 2025 volgt dat het UWV [verweerder] niet kan bereiken en dat het UWV van oordeel is dat de re-integratie-inspanningen van [verweerder] onvoldoende zijn, zonder dat daarvoor een deugdelijke reden aanwezig is.<\/p>\n<h3>3Het verzoek<\/h3>\n<p>Dalli-De Klok verzoekt de arbeidsovereenkomst met [verweerder] te ontbinden, primair vanwege verwijtbaar handelen, op de kortst mogelijke termijn zonder toekenning van een transitievergoeding.<\/p>\n<p>[verweerder] heeft geen verweer gevoerd.<\/p>\n<h3>4De beoordeling<\/h3>\n<p>[verweerder] is, ondanks dat hij behoorlijk is opgeroepen voor de zitting (per aangetekende \u00e9n gewone post verstuurde brief naar een adres waar hij volgens de BRP staat ingeschreven), niet verschenen. Hierdoor heeft hij de stellingen van Dalli-De Klok en de rechtsgevolgen die Dalli-De Klok aan deze stellingen verbindt, niet weersproken. Dalli-De Klok heeft aan haar verzoek tot ontbinding ten grondslag gelegd dat [verweerder] zijn re-integratieverplichtingen niet voldoende is nagekomen en dat [verweerder] hierdoor verwijtbaar heeft gehandeld als bedoeld in artikel 7:669 lid 3 onder e BW. Zoals hiervoor overwogen heeft [verweerder] de door Dalli-De Klok gestelde feiten, zoals beknopt weergegeven onder 2.2, niet weersproken. Daaruit volgt naar het oordeel van de kantonrechter dat [verweerder] inderdaad verwijtbaar heeft gehandeld of nagelaten door zonder deugdelijke grond zijn re-integratieverplichtingen niet na te komen. Herplaatsing ligt dan ingevolge artikel 7:669 lid 1 BW niet in de rede. Aan de eisen gesteld in artikel 7:671b lid 5 BW is voldaan.<\/p>\n<p>De kantonrechter acht het niet nakomen van de re-integratieverplichtingen in dit geval ook ernstig verwijtbaar. [verweerder] is immers meerdere verplichtingen niet nagekomen. Zo heeft hij verzuimd zijn nieuwe telefoonnummer en een adreswijziging door te geven, was hij met grote regelmaat onbereikbaar voor zijn werkgever en het loopbaanadviesbureau en is hij kennelijk zonder toestemming naar Spanje vertrokken. Zoals ook door UWV in haar deskundigenoordeel is gerapporteerd blijkt nergens uit dat [verweerder] zijn re-integratieverplichtingen niet k\u00f3n nakomen. Dit heeft tot gevolg dat de kantonrechter het einde van de arbeidsovereenkomst zal bepalen op een eerder tijdstip dan het tijdstip waarop de arbeidsovereenkomst bij regelmatige opzegging zou zijn ge\u00ebindigd (artikel 7:671b lid 9 onder b BW) en Dalli-De Klok geen transitievergoeding verschuldigd is (artikel 7:673 lid 7 onder c BW).<\/p>\n<p>De conclusie is dat de arbeidsovereenkomst zal worden ontbonden. Het einde van de arbeidsovereenkomst zal worden bepaald op 29 oktober 2025, zonder dat Dalli-De Klok een transitievergoeding aan [verweerder] hoeft te betalen.<\/p>\n<p>De proceskosten komen voor rekening van [verweerder] , omdat [verweerder] overwegend ongelijk krijgt. De proceskosten aan de zijde van Dalli-De Klok worden begroot op \u20ac 1.084,00 (\u20ac 135,00 aan griffierecht, \u20ac 814,00 aan salaris gemachtigde en \u20ac 135,00 aan nakosten), plus de kosten van betekening zoals vermeld in de beslissing.<\/p>\n<h3>5De beslissing<\/h3>\n<p>De kantonrechter<\/p>\n<p>ontbindt de arbeidsovereenkomst tussen partijen met ingang van 29 oktober 2025 en Dalli-De Klok is aan [verweerder] geen transitievergoeding verschuldigd,<\/p>\n<p>veroordeelt [verweerder] in de proceskosten van \u20ac 1.084,00, te betalen binnen veertien dagen na aanschrijving daartoe, te vermeerderen met de kosten van betekening als [verweerder] niet tijdig aan de veroordelingen voldoet en de beschikking daarna wordt betekend,<\/p>\n<p>verklaart deze beschikking wat betreft de proceskostenveroordeling uitvoerbaar bij voorraad.<\/p>\n<p>Deze beschikking is gegeven door mr. A.P.A. Bisscheroux en in het openbaar uitgesproken op 29 oktober 2025.<\/p>\n<p>BM<\/p>\n<h3>Voetnoten<\/h3>\n<ol>\n<li>Uitvoerbaar bij voorraad betekent dat de veroordelingen in de beschikking uitgevoerd moeten worden, ook als eventueel in hoger beroep wordt gegaan.<\/li>\n<\/ol>\n<\/div>\n<hr class=\"kji-sep\" \/>\n<p class=\"kji-source-links\"><strong>Sources officielles :<\/strong> <a class=\"kji-source-link\" href=\"http:\/\/deeplink.rechtspraak.nl\/uitspraak?id=ECLI:NL:RBLIM:2025:10878\" target=\"_blank\" rel=\"noopener noreferrer\">consulter la page source<\/a><\/p>\n<p class=\"kji-license-note\"><em>Rechtspraak.nl open data, Creative Commons Zero. Volume cible 1.8M decisions.<\/em><\/p>\n<\/div>\n","protected":false},"excerpt":{"rendered":"<p>Niet nakomen re-integratieverplichtingen. Ontbinding. Ernstige verwijtbaarheid.<\/p>\n","protected":false},"featured_media":0,"template":"","meta":{"_crdt_document":""},"kji_country":[7669],"kji_court":[8080],"kji_chamber":[],"kji_year":[8463],"kji_subject":[7646],"kji_keyword":[9996,9292,9995,27205,7675],"kji_language":[7671],"class_list":["post-634088","kji_decision","type-kji_decision","status-publish","hentry","kji_country-pays-bas","kji_court-rechtbank-limburg","kji_year-8463","kji_subject-divers","kji_keyword-limburg","kji_keyword-nakomen","kji_keyword-rblim","kji_keyword-re-integratieverplichtingen","kji_keyword-rechtbank","kji_language-nl"],"yoast_head":"<!-- This site is optimized with the Yoast SEO Premium plugin v27.5 (Yoast SEO v27.5) - https:\/\/yoast.com\/product\/yoast-seo-premium-wordpress\/ -->\n<title>ECLI:NL:RBLIM:2025:10878 Rechtbank Limburg , 29-10-2025 \/ 11814470 AZ VERZ 25-84 - Ma\u00eetre Hassan Kohen, avocat en droit p\u00e9nal \u00e0 Paris<\/title>\n<meta name=\"robots\" content=\"index, follow, max-snippet:-1, max-image-preview:large, max-video-preview:-1\" \/>\n<link rel=\"canonical\" href=\"https:\/\/kohenavocats.com\/ru\/jurisprudences\/eclinlrblim202510878-rechtbank-limburg-29-10-2025-11814470-az-verz-25-84\/\" \/>\n<meta property=\"og:locale\" content=\"ru_RU\" \/>\n<meta property=\"og:type\" content=\"article\" \/>\n<meta property=\"og:title\" content=\"ECLI:NL:RBLIM:2025:10878 Rechtbank Limburg , 29-10-2025 \/ 11814470 AZ VERZ 25-84\" \/>\n<meta property=\"og:description\" content=\"Niet nakomen re-integratieverplichtingen. Ontbinding. Ernstige verwijtbaarheid.\" \/>\n<meta property=\"og:url\" content=\"https:\/\/kohenavocats.com\/ru\/jurisprudences\/eclinlrblim202510878-rechtbank-limburg-29-10-2025-11814470-az-verz-25-84\/\" \/>\n<meta property=\"og:site_name\" content=\"Ma\u00eetre Hassan Kohen, avocat en droit p\u00e9nal \u00e0 Paris\" \/>\n<meta name=\"twitter:card\" content=\"summary_large_image\" \/>\n<meta name=\"twitter:label1\" content=\"\u041f\u0440\u0438\u043c\u0435\u0440\u043d\u043e\u0435 \u0432\u0440\u0435\u043c\u044f \u0434\u043b\u044f \u0447\u0442\u0435\u043d\u0438\u044f\" \/>\n\t<meta name=\"twitter:data1\" content=\"4 \u043c\u0438\u043d\u0443\u0442\u044b\" \/>\n<script type=\"application\/ld+json\" class=\"yoast-schema-graph\">{\"@context\":\"https:\\\/\\\/schema.org\",\"@graph\":[{\"@type\":\"WebPage\",\"@id\":\"https:\\\/\\\/kohenavocats.com\\\/ru\\\/jurisprudences\\\/eclinlrblim202510878-rechtbank-limburg-29-10-2025-11814470-az-verz-25-84\\\/\",\"url\":\"https:\\\/\\\/kohenavocats.com\\\/ru\\\/jurisprudences\\\/eclinlrblim202510878-rechtbank-limburg-29-10-2025-11814470-az-verz-25-84\\\/\",\"name\":\"ECLI:NL:RBLIM:2025:10878 Rechtbank Limburg , 29-10-2025 \\\/ 11814470 AZ VERZ 25-84 - Ma\u00eetre Hassan Kohen, avocat en droit p\u00e9nal \u00e0 Paris\",\"isPartOf\":{\"@id\":\"https:\\\/\\\/kohenavocats.com\\\/ru\\\/#website\"},\"datePublished\":\"2026-04-21T08:01:24+00:00\",\"breadcrumb\":{\"@id\":\"https:\\\/\\\/kohenavocats.com\\\/ru\\\/jurisprudences\\\/eclinlrblim202510878-rechtbank-limburg-29-10-2025-11814470-az-verz-25-84\\\/#breadcrumb\"},\"inLanguage\":\"ru-RU\",\"potentialAction\":[{\"@type\":\"ReadAction\",\"target\":[\"https:\\\/\\\/kohenavocats.com\\\/ru\\\/jurisprudences\\\/eclinlrblim202510878-rechtbank-limburg-29-10-2025-11814470-az-verz-25-84\\\/\"]}]},{\"@type\":\"BreadcrumbList\",\"@id\":\"https:\\\/\\\/kohenavocats.com\\\/ru\\\/jurisprudences\\\/eclinlrblim202510878-rechtbank-limburg-29-10-2025-11814470-az-verz-25-84\\\/#breadcrumb\",\"itemListElement\":[{\"@type\":\"ListItem\",\"position\":1,\"name\":\"Home\",\"item\":\"https:\\\/\\\/kohenavocats.com\\\/ru\\\/avocats-en-droit-penal-a-paris-conseil-et-defense-strategique\\\/\"},{\"@type\":\"ListItem\",\"position\":2,\"name\":\"Jurisprudences\",\"item\":\"https:\\\/\\\/kohenavocats.com\\\/ru\\\/jurisprudences\\\/\"},{\"@type\":\"ListItem\",\"position\":3,\"name\":\"ECLI:NL:RBLIM:2025:10878 Rechtbank Limburg , 29-10-2025 \\\/ 11814470 AZ VERZ 25-84\"}]},{\"@type\":\"WebSite\",\"@id\":\"https:\\\/\\\/kohenavocats.com\\\/ru\\\/#website\",\"url\":\"https:\\\/\\\/kohenavocats.com\\\/ru\\\/\",\"name\":\"Kohen Avocats\",\"description\":\"Ma\u00eetre Hassan Kohen, avocat p\u00e9naliste \u00e0 Paris, intervient exclusivement en droit p\u00e9nal pour la d\u00e9fense des particuliers, notamment en mati\u00e8re d\u2019accusations de viol. Il assure un accompagnement rigoureux d\u00e8s la garde \u00e0 vue jusqu\u2019\u00e0 la Cour d\u2019assises, veillant au strict respect des garanties proc\u00e9durales.\",\"publisher\":{\"@id\":\"https:\\\/\\\/kohenavocats.com\\\/ru\\\/#organization\"},\"potentialAction\":[{\"@type\":\"SearchAction\",\"target\":{\"@type\":\"EntryPoint\",\"urlTemplate\":\"https:\\\/\\\/kohenavocats.com\\\/ru\\\/?s={search_term_string}\"},\"query-input\":{\"@type\":\"PropertyValueSpecification\",\"valueRequired\":true,\"valueName\":\"search_term_string\"}}],\"inLanguage\":\"ru-RU\"},{\"@type\":\"Organization\",\"@id\":\"https:\\\/\\\/kohenavocats.com\\\/ru\\\/#organization\",\"name\":\"Kohen Avocats\",\"url\":\"https:\\\/\\\/kohenavocats.com\\\/ru\\\/\",\"logo\":{\"@type\":\"ImageObject\",\"inLanguage\":\"ru-RU\",\"@id\":\"https:\\\/\\\/kohenavocats.com\\\/ru\\\/#\\\/schema\\\/logo\\\/image\\\/\",\"url\":\"https:\\\/\\\/kohenavocats.com\\\/wp-content\\\/uploads\\\/2026\\\/01\\\/Logo-2-1.webp\",\"contentUrl\":\"https:\\\/\\\/kohenavocats.com\\\/wp-content\\\/uploads\\\/2026\\\/01\\\/Logo-2-1.webp\",\"width\":2114,\"height\":1253,\"caption\":\"Kohen Avocats\"},\"image\":{\"@id\":\"https:\\\/\\\/kohenavocats.com\\\/ru\\\/#\\\/schema\\\/logo\\\/image\\\/\"}}]}<\/script>\n<!-- \/ Yoast SEO Premium plugin. -->","yoast_head_json":{"title":"ECLI:NL:RBLIM:2025:10878 Rechtbank Limburg , 29-10-2025 \/ 11814470 AZ VERZ 25-84 - Ma\u00eetre Hassan Kohen, avocat en droit p\u00e9nal \u00e0 Paris","robots":{"index":"index","follow":"follow","max-snippet":"max-snippet:-1","max-image-preview":"max-image-preview:large","max-video-preview":"max-video-preview:-1"},"canonical":"https:\/\/kohenavocats.com\/ru\/jurisprudences\/eclinlrblim202510878-rechtbank-limburg-29-10-2025-11814470-az-verz-25-84\/","og_locale":"ru_RU","og_type":"article","og_title":"ECLI:NL:RBLIM:2025:10878 Rechtbank Limburg , 29-10-2025 \/ 11814470 AZ VERZ 25-84","og_description":"Niet nakomen re-integratieverplichtingen. Ontbinding. Ernstige verwijtbaarheid.","og_url":"https:\/\/kohenavocats.com\/ru\/jurisprudences\/eclinlrblim202510878-rechtbank-limburg-29-10-2025-11814470-az-verz-25-84\/","og_site_name":"Ma\u00eetre Hassan Kohen, avocat en droit p\u00e9nal \u00e0 Paris","twitter_card":"summary_large_image","twitter_misc":{"\u041f\u0440\u0438\u043c\u0435\u0440\u043d\u043e\u0435 \u0432\u0440\u0435\u043c\u044f \u0434\u043b\u044f \u0447\u0442\u0435\u043d\u0438\u044f":"4 \u043c\u0438\u043d\u0443\u0442\u044b"},"schema":{"@context":"https:\/\/schema.org","@graph":[{"@type":"WebPage","@id":"https:\/\/kohenavocats.com\/ru\/jurisprudences\/eclinlrblim202510878-rechtbank-limburg-29-10-2025-11814470-az-verz-25-84\/","url":"https:\/\/kohenavocats.com\/ru\/jurisprudences\/eclinlrblim202510878-rechtbank-limburg-29-10-2025-11814470-az-verz-25-84\/","name":"ECLI:NL:RBLIM:2025:10878 Rechtbank Limburg , 29-10-2025 \/ 11814470 AZ VERZ 25-84 - Ma\u00eetre Hassan Kohen, avocat en droit p\u00e9nal \u00e0 Paris","isPartOf":{"@id":"https:\/\/kohenavocats.com\/ru\/#website"},"datePublished":"2026-04-21T08:01:24+00:00","breadcrumb":{"@id":"https:\/\/kohenavocats.com\/ru\/jurisprudences\/eclinlrblim202510878-rechtbank-limburg-29-10-2025-11814470-az-verz-25-84\/#breadcrumb"},"inLanguage":"ru-RU","potentialAction":[{"@type":"ReadAction","target":["https:\/\/kohenavocats.com\/ru\/jurisprudences\/eclinlrblim202510878-rechtbank-limburg-29-10-2025-11814470-az-verz-25-84\/"]}]},{"@type":"BreadcrumbList","@id":"https:\/\/kohenavocats.com\/ru\/jurisprudences\/eclinlrblim202510878-rechtbank-limburg-29-10-2025-11814470-az-verz-25-84\/#breadcrumb","itemListElement":[{"@type":"ListItem","position":1,"name":"Home","item":"https:\/\/kohenavocats.com\/ru\/avocats-en-droit-penal-a-paris-conseil-et-defense-strategique\/"},{"@type":"ListItem","position":2,"name":"Jurisprudences","item":"https:\/\/kohenavocats.com\/ru\/jurisprudences\/"},{"@type":"ListItem","position":3,"name":"ECLI:NL:RBLIM:2025:10878 Rechtbank Limburg , 29-10-2025 \/ 11814470 AZ VERZ 25-84"}]},{"@type":"WebSite","@id":"https:\/\/kohenavocats.com\/ru\/#website","url":"https:\/\/kohenavocats.com\/ru\/","name":"Kohen Avocats","description":"Ma\u00eetre Hassan Kohen, avocat p\u00e9naliste \u00e0 Paris, intervient exclusivement en droit p\u00e9nal pour la d\u00e9fense des particuliers, notamment en mati\u00e8re d\u2019accusations de viol. Il assure un accompagnement rigoureux d\u00e8s la garde \u00e0 vue jusqu\u2019\u00e0 la Cour d\u2019assises, veillant au strict respect des garanties proc\u00e9durales.","publisher":{"@id":"https:\/\/kohenavocats.com\/ru\/#organization"},"potentialAction":[{"@type":"SearchAction","target":{"@type":"EntryPoint","urlTemplate":"https:\/\/kohenavocats.com\/ru\/?s={search_term_string}"},"query-input":{"@type":"PropertyValueSpecification","valueRequired":true,"valueName":"search_term_string"}}],"inLanguage":"ru-RU"},{"@type":"Organization","@id":"https:\/\/kohenavocats.com\/ru\/#organization","name":"Kohen Avocats","url":"https:\/\/kohenavocats.com\/ru\/","logo":{"@type":"ImageObject","inLanguage":"ru-RU","@id":"https:\/\/kohenavocats.com\/ru\/#\/schema\/logo\/image\/","url":"https:\/\/kohenavocats.com\/wp-content\/uploads\/2026\/01\/Logo-2-1.webp","contentUrl":"https:\/\/kohenavocats.com\/wp-content\/uploads\/2026\/01\/Logo-2-1.webp","width":2114,"height":1253,"caption":"Kohen Avocats"},"image":{"@id":"https:\/\/kohenavocats.com\/ru\/#\/schema\/logo\/image\/"}}]}},"jetpack_likes_enabled":false,"jetpack_sharing_enabled":true,"_links":{"self":[{"href":"https:\/\/kohenavocats.com\/ru\/wp-json\/wp\/v2\/kji_decision\/634088","targetHints":{"allow":["GET"]}}],"collection":[{"href":"https:\/\/kohenavocats.com\/ru\/wp-json\/wp\/v2\/kji_decision"}],"about":[{"href":"https:\/\/kohenavocats.com\/ru\/wp-json\/wp\/v2\/types\/kji_decision"}],"wp:attachment":[{"href":"https:\/\/kohenavocats.com\/ru\/wp-json\/wp\/v2\/media?parent=634088"}],"wp:term":[{"taxonomy":"kji_country","embeddable":true,"href":"https:\/\/kohenavocats.com\/ru\/wp-json\/wp\/v2\/kji_country?post=634088"},{"taxonomy":"kji_court","embeddable":true,"href":"https:\/\/kohenavocats.com\/ru\/wp-json\/wp\/v2\/kji_court?post=634088"},{"taxonomy":"kji_chamber","embeddable":true,"href":"https:\/\/kohenavocats.com\/ru\/wp-json\/wp\/v2\/kji_chamber?post=634088"},{"taxonomy":"kji_year","embeddable":true,"href":"https:\/\/kohenavocats.com\/ru\/wp-json\/wp\/v2\/kji_year?post=634088"},{"taxonomy":"kji_subject","embeddable":true,"href":"https:\/\/kohenavocats.com\/ru\/wp-json\/wp\/v2\/kji_subject?post=634088"},{"taxonomy":"kji_keyword","embeddable":true,"href":"https:\/\/kohenavocats.com\/ru\/wp-json\/wp\/v2\/kji_keyword?post=634088"},{"taxonomy":"kji_language","embeddable":true,"href":"https:\/\/kohenavocats.com\/ru\/wp-json\/wp\/v2\/kji_language?post=634088"}],"curies":[{"name":"wp","href":"https:\/\/api.w.org\/{rel}","templated":true}]}}