{"id":634679,"date":"2026-04-21T11:09:45","date_gmt":"2026-04-21T09:09:45","guid":{"rendered":"https:\/\/kohenavocats.com\/jurisprudences\/eclinlghams2026236-gerechtshof-amsterdam-15-01-2026-23-001047-25\/"},"modified":"2026-04-21T11:09:45","modified_gmt":"2026-04-21T09:09:45","slug":"eclinlghams2026236-gerechtshof-amsterdam-15-01-2026-23-001047-25","status":"publish","type":"kji_decision","link":"https:\/\/kohenavocats.com\/ru\/jurisprudences\/eclinlghams2026236-gerechtshof-amsterdam-15-01-2026-23-001047-25\/","title":{"rendered":"ECLI:NL:GHAMS:2026:236 Gerechtshof Amsterdam , 15-01-2026 \/ 23-001047-25"},"content":{"rendered":"<div class=\"kji-decision\">\n<div class=\"kji-full-text\">\n<p><strong>Inhoudsindicatie.<\/strong> Verstek arrest. Het hof verklaart het door de verdachte ingestelde hoger beroep niet-ontvankelijk.<\/p>\n<p>afdeling strafrecht<\/p>\n<p>parketnummer: 23-001047-25<\/p>\n<p>datum uitspraak: 15 januari 2026<\/p>\n<p>VERSTEK<\/p>\n<p>Arrest van het gerechtshof Amsterdam, gewezen op het hoger beroep ingesteld tegen het vonnis van de politierechter in de rechtbank Amsterdam van 15 april 2025 in de strafzaak onder parketnummer<\/p>\n<p>13-007325-25 tegen<\/p>\n<p>[verdachte]<br \/>\n ,<\/p>\n<p>geboren te [geboorteplaats] op [geboortedag] 1998,<\/p>\n<p>adres: [adres] .<\/p>\n<p>De verdachte heeft hoger beroep ingesteld tegen voormeld vonnis.<\/p>\n<h3>Onderzoek ter terechtzitting<\/h3>\n<p>Dit arrest is gewezen naar aanleiding van het onderzoek ter terechtzitting in hoger beroep van 15 januari 2026.<\/p>\n<p>Het hof heeft kennisgenomen van de vordering van de advocaat-generaal, inhoudende dat de verdachte niet-ontvankelijk zal worden verklaard in het namens hem ingestelde hoger beroep.<\/p>\n<h3>Ontvankelijkheid van het door de verdachte ingestelde hoger beroep<\/h3>\n<p>Op 30 april 2025 heeft de verdachte hoger beroep ingesteld tegen voornoemd vonnis van de rechtbank. Blijkens een e-mail van de raadsvrouw van de verdachte van 19 december 2025 wenst de verdachte het hoger beroep niet te handhaven. Intrekking van het hoger beroep was toen echter niet meer mogelijk, nu het onderzoek ter terechtzitting in hoger beroep reeds op 26 augustus 2025 was begonnen. De raadsvrouw heeft het hof verzocht gebruik te maken van de in art. 416, lid 2 van het Wetboek van Strafvordering geboden mogelijkheid om het ingestelde hoger beroep niet-ontvankelijk te verklaren bij gebrek aan grieven.<\/p>\n<p>Gelet op het voorgaande moet de verdachte geacht worden de eerder tegen het vonnis opgegeven bezwaren in te trekken. Daarom zal het appel van de verdachte, nu ook overigens niet is gebleken van enig rechtens te respecteren belang dat is gediend met enig nader onderzoek van de zaak, gelet op het bepaalde in voornoemd artikellid, niet-ontvankelijk worden verklaard.<\/p>\n<h3>BESLISSING<\/h3>\n<p>Het hof verklaart het door de verdachte ingestelde hoger beroep niet-ontvankelijk.<\/p>\n<p>Dit arrest is gewezen door de meervoudige strafkamer van het gerechtshof Amsterdam, waarin zitting hadden mr. D.A.C. Koster, mr. R. van der Heijden en mr. P.K. van Riemsdijk, in tegenwoordigheid van mr. R. Ras, griffier, en is uitgesproken op de openbare terechtzitting van dit gerechtshof van 15 januari 2026. mr. D.A.C. Koster en mr. P.K. van Riemsdijk zijn buiten staat dit arrest mede te ondertekenen.<\/p>\n<\/div>\n<hr class=\"kji-sep\" \/>\n<p class=\"kji-source-links\"><strong>Sources officielles :<\/strong> <a class=\"kji-source-link\" href=\"http:\/\/deeplink.rechtspraak.nl\/uitspraak?id=ECLI:NL:GHAMS:2026:236\" target=\"_blank\" rel=\"noopener noreferrer\">consulter la page source<\/a><\/p>\n<p class=\"kji-license-note\"><em>Rechtspraak.nl open data, Creative Commons Zero. Volume cible 1.8M decisions.<\/em><\/p>\n<\/div>\n","protected":false},"excerpt":{"rendered":"<p>Verstek arrest. Het hof verklaart het door de verdachte ingestelde hoger beroep niet-ontvankelijk.<\/p>\n","protected":false},"featured_media":0,"template":"","meta":{"_crdt_document":""},"kji_country":[7669],"kji_court":[8385],"kji_chamber":[],"kji_year":[7610],"kji_subject":[7612],"kji_keyword":[8000,8018,8136,8388,10882],"kji_language":[7671],"class_list":["post-634679","kji_decision","type-kji_decision","status-publish","hentry","kji_country-pays-bas","kji_court-gerechtshof-amsterdam","kji_year-7610","kji_subject-fiscal","kji_keyword-amsterdam","kji_keyword-arrest","kji_keyword-gerechtshof","kji_keyword-ghams","kji_keyword-verstek","kji_language-nl"],"yoast_head":"<!-- This site is optimized with the Yoast SEO Premium plugin v27.4 (Yoast SEO v27.4) - https:\/\/yoast.com\/product\/yoast-seo-premium-wordpress\/ -->\n<title>ECLI:NL:GHAMS:2026:236 Gerechtshof Amsterdam , 15-01-2026 \/ 23-001047-25 - Ma\u00eetre Hassan Kohen, avocat en droit p\u00e9nal \u00e0 Paris<\/title>\n<meta name=\"robots\" content=\"index, follow, max-snippet:-1, max-image-preview:large, max-video-preview:-1\" \/>\n<link rel=\"canonical\" href=\"https:\/\/kohenavocats.com\/ru\/jurisprudences\/eclinlghams2026236-gerechtshof-amsterdam-15-01-2026-23-001047-25\/\" \/>\n<meta property=\"og:locale\" content=\"ru_RU\" \/>\n<meta property=\"og:type\" content=\"article\" \/>\n<meta property=\"og:title\" content=\"ECLI:NL:GHAMS:2026:236 Gerechtshof Amsterdam , 15-01-2026 \/ 23-001047-25\" \/>\n<meta property=\"og:description\" content=\"Verstek arrest. Het hof verklaart het door de verdachte ingestelde hoger beroep niet-ontvankelijk.\" \/>\n<meta property=\"og:url\" content=\"https:\/\/kohenavocats.com\/ru\/jurisprudences\/eclinlghams2026236-gerechtshof-amsterdam-15-01-2026-23-001047-25\/\" \/>\n<meta property=\"og:site_name\" content=\"Ma\u00eetre Hassan Kohen, avocat en droit p\u00e9nal \u00e0 Paris\" \/>\n<meta name=\"twitter:card\" content=\"summary_large_image\" \/>\n<meta name=\"twitter:label1\" content=\"\u041f\u0440\u0438\u043c\u0435\u0440\u043d\u043e\u0435 \u0432\u0440\u0435\u043c\u044f \u0434\u043b\u044f \u0447\u0442\u0435\u043d\u0438\u044f\" \/>\n\t<meta name=\"twitter:data1\" content=\"2 \u043c\u0438\u043d\u0443\u0442\u044b\" \/>\n<script type=\"application\/ld+json\" class=\"yoast-schema-graph\">{\"@context\":\"https:\\\/\\\/schema.org\",\"@graph\":[{\"@type\":\"WebPage\",\"@id\":\"https:\\\/\\\/kohenavocats.com\\\/ru\\\/jurisprudences\\\/eclinlghams2026236-gerechtshof-amsterdam-15-01-2026-23-001047-25\\\/\",\"url\":\"https:\\\/\\\/kohenavocats.com\\\/ru\\\/jurisprudences\\\/eclinlghams2026236-gerechtshof-amsterdam-15-01-2026-23-001047-25\\\/\",\"name\":\"ECLI:NL:GHAMS:2026:236 Gerechtshof Amsterdam , 15-01-2026 \\\/ 23-001047-25 - Ma\u00eetre Hassan Kohen, avocat en droit p\u00e9nal \u00e0 Paris\",\"isPartOf\":{\"@id\":\"https:\\\/\\\/kohenavocats.com\\\/ru\\\/#website\"},\"datePublished\":\"2026-04-21T09:09:45+00:00\",\"breadcrumb\":{\"@id\":\"https:\\\/\\\/kohenavocats.com\\\/ru\\\/jurisprudences\\\/eclinlghams2026236-gerechtshof-amsterdam-15-01-2026-23-001047-25\\\/#breadcrumb\"},\"inLanguage\":\"ru-RU\",\"potentialAction\":[{\"@type\":\"ReadAction\",\"target\":[\"https:\\\/\\\/kohenavocats.com\\\/ru\\\/jurisprudences\\\/eclinlghams2026236-gerechtshof-amsterdam-15-01-2026-23-001047-25\\\/\"]}]},{\"@type\":\"BreadcrumbList\",\"@id\":\"https:\\\/\\\/kohenavocats.com\\\/ru\\\/jurisprudences\\\/eclinlghams2026236-gerechtshof-amsterdam-15-01-2026-23-001047-25\\\/#breadcrumb\",\"itemListElement\":[{\"@type\":\"ListItem\",\"position\":1,\"name\":\"Home\",\"item\":\"https:\\\/\\\/kohenavocats.com\\\/ru\\\/avocats-en-droit-penal-a-paris-conseil-et-defense-strategique\\\/\"},{\"@type\":\"ListItem\",\"position\":2,\"name\":\"Jurisprudences\",\"item\":\"https:\\\/\\\/kohenavocats.com\\\/ru\\\/jurisprudences\\\/\"},{\"@type\":\"ListItem\",\"position\":3,\"name\":\"ECLI:NL:GHAMS:2026:236 Gerechtshof Amsterdam , 15-01-2026 \\\/ 23-001047-25\"}]},{\"@type\":\"WebSite\",\"@id\":\"https:\\\/\\\/kohenavocats.com\\\/ru\\\/#website\",\"url\":\"https:\\\/\\\/kohenavocats.com\\\/ru\\\/\",\"name\":\"Kohen Avocats\",\"description\":\"Ma\u00eetre Hassan Kohen, avocat p\u00e9naliste \u00e0 Paris, intervient exclusivement en droit p\u00e9nal pour la d\u00e9fense des particuliers, notamment en mati\u00e8re d\u2019accusations de viol. Il assure un accompagnement rigoureux d\u00e8s la garde \u00e0 vue jusqu\u2019\u00e0 la Cour d\u2019assises, veillant au strict respect des garanties proc\u00e9durales.\",\"publisher\":{\"@id\":\"https:\\\/\\\/kohenavocats.com\\\/ru\\\/#organization\"},\"potentialAction\":[{\"@type\":\"SearchAction\",\"target\":{\"@type\":\"EntryPoint\",\"urlTemplate\":\"https:\\\/\\\/kohenavocats.com\\\/ru\\\/?s={search_term_string}\"},\"query-input\":{\"@type\":\"PropertyValueSpecification\",\"valueRequired\":true,\"valueName\":\"search_term_string\"}}],\"inLanguage\":\"ru-RU\"},{\"@type\":\"Organization\",\"@id\":\"https:\\\/\\\/kohenavocats.com\\\/ru\\\/#organization\",\"name\":\"Kohen Avocats\",\"url\":\"https:\\\/\\\/kohenavocats.com\\\/ru\\\/\",\"logo\":{\"@type\":\"ImageObject\",\"inLanguage\":\"ru-RU\",\"@id\":\"https:\\\/\\\/kohenavocats.com\\\/ru\\\/#\\\/schema\\\/logo\\\/image\\\/\",\"url\":\"https:\\\/\\\/kohenavocats.com\\\/wp-content\\\/uploads\\\/2026\\\/01\\\/Logo-2-1.webp\",\"contentUrl\":\"https:\\\/\\\/kohenavocats.com\\\/wp-content\\\/uploads\\\/2026\\\/01\\\/Logo-2-1.webp\",\"width\":2114,\"height\":1253,\"caption\":\"Kohen Avocats\"},\"image\":{\"@id\":\"https:\\\/\\\/kohenavocats.com\\\/ru\\\/#\\\/schema\\\/logo\\\/image\\\/\"}}]}<\/script>\n<!-- \/ Yoast SEO Premium plugin. -->","yoast_head_json":{"title":"ECLI:NL:GHAMS:2026:236 Gerechtshof Amsterdam , 15-01-2026 \/ 23-001047-25 - Ma\u00eetre Hassan Kohen, avocat en droit p\u00e9nal \u00e0 Paris","robots":{"index":"index","follow":"follow","max-snippet":"max-snippet:-1","max-image-preview":"max-image-preview:large","max-video-preview":"max-video-preview:-1"},"canonical":"https:\/\/kohenavocats.com\/ru\/jurisprudences\/eclinlghams2026236-gerechtshof-amsterdam-15-01-2026-23-001047-25\/","og_locale":"ru_RU","og_type":"article","og_title":"ECLI:NL:GHAMS:2026:236 Gerechtshof Amsterdam , 15-01-2026 \/ 23-001047-25","og_description":"Verstek arrest. Het hof verklaart het door de verdachte ingestelde hoger beroep niet-ontvankelijk.","og_url":"https:\/\/kohenavocats.com\/ru\/jurisprudences\/eclinlghams2026236-gerechtshof-amsterdam-15-01-2026-23-001047-25\/","og_site_name":"Ma\u00eetre Hassan Kohen, avocat en droit p\u00e9nal \u00e0 Paris","twitter_card":"summary_large_image","twitter_misc":{"\u041f\u0440\u0438\u043c\u0435\u0440\u043d\u043e\u0435 \u0432\u0440\u0435\u043c\u044f \u0434\u043b\u044f \u0447\u0442\u0435\u043d\u0438\u044f":"2 \u043c\u0438\u043d\u0443\u0442\u044b"},"schema":{"@context":"https:\/\/schema.org","@graph":[{"@type":"WebPage","@id":"https:\/\/kohenavocats.com\/ru\/jurisprudences\/eclinlghams2026236-gerechtshof-amsterdam-15-01-2026-23-001047-25\/","url":"https:\/\/kohenavocats.com\/ru\/jurisprudences\/eclinlghams2026236-gerechtshof-amsterdam-15-01-2026-23-001047-25\/","name":"ECLI:NL:GHAMS:2026:236 Gerechtshof Amsterdam , 15-01-2026 \/ 23-001047-25 - Ma\u00eetre Hassan Kohen, avocat en droit p\u00e9nal \u00e0 Paris","isPartOf":{"@id":"https:\/\/kohenavocats.com\/ru\/#website"},"datePublished":"2026-04-21T09:09:45+00:00","breadcrumb":{"@id":"https:\/\/kohenavocats.com\/ru\/jurisprudences\/eclinlghams2026236-gerechtshof-amsterdam-15-01-2026-23-001047-25\/#breadcrumb"},"inLanguage":"ru-RU","potentialAction":[{"@type":"ReadAction","target":["https:\/\/kohenavocats.com\/ru\/jurisprudences\/eclinlghams2026236-gerechtshof-amsterdam-15-01-2026-23-001047-25\/"]}]},{"@type":"BreadcrumbList","@id":"https:\/\/kohenavocats.com\/ru\/jurisprudences\/eclinlghams2026236-gerechtshof-amsterdam-15-01-2026-23-001047-25\/#breadcrumb","itemListElement":[{"@type":"ListItem","position":1,"name":"Home","item":"https:\/\/kohenavocats.com\/ru\/avocats-en-droit-penal-a-paris-conseil-et-defense-strategique\/"},{"@type":"ListItem","position":2,"name":"Jurisprudences","item":"https:\/\/kohenavocats.com\/ru\/jurisprudences\/"},{"@type":"ListItem","position":3,"name":"ECLI:NL:GHAMS:2026:236 Gerechtshof Amsterdam , 15-01-2026 \/ 23-001047-25"}]},{"@type":"WebSite","@id":"https:\/\/kohenavocats.com\/ru\/#website","url":"https:\/\/kohenavocats.com\/ru\/","name":"Kohen Avocats","description":"Ma\u00eetre Hassan Kohen, avocat p\u00e9naliste \u00e0 Paris, intervient exclusivement en droit p\u00e9nal pour la d\u00e9fense des particuliers, notamment en mati\u00e8re d\u2019accusations de viol. Il assure un accompagnement rigoureux d\u00e8s la garde \u00e0 vue jusqu\u2019\u00e0 la Cour d\u2019assises, veillant au strict respect des garanties proc\u00e9durales.","publisher":{"@id":"https:\/\/kohenavocats.com\/ru\/#organization"},"potentialAction":[{"@type":"SearchAction","target":{"@type":"EntryPoint","urlTemplate":"https:\/\/kohenavocats.com\/ru\/?s={search_term_string}"},"query-input":{"@type":"PropertyValueSpecification","valueRequired":true,"valueName":"search_term_string"}}],"inLanguage":"ru-RU"},{"@type":"Organization","@id":"https:\/\/kohenavocats.com\/ru\/#organization","name":"Kohen Avocats","url":"https:\/\/kohenavocats.com\/ru\/","logo":{"@type":"ImageObject","inLanguage":"ru-RU","@id":"https:\/\/kohenavocats.com\/ru\/#\/schema\/logo\/image\/","url":"https:\/\/kohenavocats.com\/wp-content\/uploads\/2026\/01\/Logo-2-1.webp","contentUrl":"https:\/\/kohenavocats.com\/wp-content\/uploads\/2026\/01\/Logo-2-1.webp","width":2114,"height":1253,"caption":"Kohen Avocats"},"image":{"@id":"https:\/\/kohenavocats.com\/ru\/#\/schema\/logo\/image\/"}}]}},"jetpack_likes_enabled":false,"jetpack_sharing_enabled":true,"_links":{"self":[{"href":"https:\/\/kohenavocats.com\/ru\/wp-json\/wp\/v2\/kji_decision\/634679","targetHints":{"allow":["GET"]}}],"collection":[{"href":"https:\/\/kohenavocats.com\/ru\/wp-json\/wp\/v2\/kji_decision"}],"about":[{"href":"https:\/\/kohenavocats.com\/ru\/wp-json\/wp\/v2\/types\/kji_decision"}],"wp:attachment":[{"href":"https:\/\/kohenavocats.com\/ru\/wp-json\/wp\/v2\/media?parent=634679"}],"wp:term":[{"taxonomy":"kji_country","embeddable":true,"href":"https:\/\/kohenavocats.com\/ru\/wp-json\/wp\/v2\/kji_country?post=634679"},{"taxonomy":"kji_court","embeddable":true,"href":"https:\/\/kohenavocats.com\/ru\/wp-json\/wp\/v2\/kji_court?post=634679"},{"taxonomy":"kji_chamber","embeddable":true,"href":"https:\/\/kohenavocats.com\/ru\/wp-json\/wp\/v2\/kji_chamber?post=634679"},{"taxonomy":"kji_year","embeddable":true,"href":"https:\/\/kohenavocats.com\/ru\/wp-json\/wp\/v2\/kji_year?post=634679"},{"taxonomy":"kji_subject","embeddable":true,"href":"https:\/\/kohenavocats.com\/ru\/wp-json\/wp\/v2\/kji_subject?post=634679"},{"taxonomy":"kji_keyword","embeddable":true,"href":"https:\/\/kohenavocats.com\/ru\/wp-json\/wp\/v2\/kji_keyword?post=634679"},{"taxonomy":"kji_language","embeddable":true,"href":"https:\/\/kohenavocats.com\/ru\/wp-json\/wp\/v2\/kji_language?post=634679"}],"curies":[{"name":"wp","href":"https:\/\/api.w.org\/{rel}","templated":true}]}}