{"id":634789,"date":"2026-04-21T11:20:27","date_gmt":"2026-04-21T09:20:27","guid":{"rendered":"https:\/\/kohenavocats.com\/jurisprudences\/eclinlrbams202511030-rechtbank-amsterdam-11-12-2025-13-085228-21-2025\/"},"modified":"2026-04-21T11:20:27","modified_gmt":"2026-04-21T09:20:27","slug":"eclinlrbams202511030-rechtbank-amsterdam-11-12-2025-13-085228-21-2025","status":"publish","type":"kji_decision","link":"https:\/\/kohenavocats.com\/ru\/jurisprudences\/eclinlrbams202511030-rechtbank-amsterdam-11-12-2025-13-085228-21-2025\/","title":{"rendered":"ECLI:NL:RBAMS:2025:11030 Rechtbank Amsterdam , 11-12-2025 \/ 13.085228.21 (2025)"},"content":{"rendered":"<div class=\"kji-decision\">\n<div class=\"kji-full-text\">\n<p><strong>Inhoudsindicatie.<\/strong> TBS met dwangverpleging verlengd met 2 jaar.<\/p>\n<h3>RECHTBANK AMSTERDAM<\/h3>\n<p>Strafrecht<\/p>\n<p>Parketnummer rechtbank: 13-085228-21<\/p>\n<p>beslissing van de meervoudige kamer op de vordering van de officier van justitie tot verlenging van de termijn van de terbeschikkingstelling van:<\/p>\n<h3>[terbeschikkinggestelde] ,<\/h3>\n<p>geboren op [geboortedag] 1970 in [geboorteplaats] ( [land van herkomst] ),<\/p>\n<p>verblijvend in het Forensisch Psychiatrisch Centrum (FPC) [Forensisch Psychiatrisch Centrum] ,<br \/>\nhierna te noemen: de terbeschikkinggestelde.<\/p>\n<h3>Procesgang<\/h3>\n<p>Bij vonnis van de rechtbank Amsterdam van 11 november 2021 is de maatregel van terbeschikkingstelling met bevel tot verpleging van overheidswege opgelegd na bewezenverklaring van het misdrijf poging tot zware mishandeling. Dit is een misdrijf dat gericht is tegen of gevaar veroorzaakt voor de onaantastbaarheid van het lichaam van een of meer personen. De terbeschikkingstelling is daarom niet gemaximeerd tot een periode van vier jaar.<\/p>\n<p>De terbeschikkingstelling is ingegaan op 26 november 2021. Deze maatregel is voor het laatst bij beslissing van deze rechtbank van 28 november 2023 met twee jaar verlengd.<\/p>\n<p>De rechtbank heeft de vordering van de officier van justitie van 16 oktober 2025 op de openbare zitting van 11 december 2025 behandeld. De vordering strekt tot verlenging van de termijn van de terbeschikkingstelling met twee jaar.<\/p>\n<p>De rechtbank heeft de terbeschikkinggestelde, zijn raadsman, mr. E. van Reydt, en de officier van justitie, mr. J. Ang, op zitting gehoord.<\/p>\n<p>Daarnaast is [deskundige 1] , psycholoog, verbonden aan de instelling, als deskundige gehoord.<\/p>\n<h3>Stukken<\/h3>\n<p>De rechtbank heeft kennisgenomen van de volgende stukken:<\/p>\n<p>een advies van de instelling FPC [Forensisch Psychiatrisch Centrum] van 27 september 2025, opgemaakt door [hoofd behandeling] , hoofd behandeling en [directeur behandelzaken] , directeur behandelzaken, zoals genoemd in artikel 6:6:12 lid 1 Sv;<\/p>\n<p>de adviezen van twee externe gedragsdeskundigen [deskundige 2] , GZ-psycholoog, van 1 september 2025, en [deskundige 3] , psychiater, van 15 augustus 2025, zoals genoemd in artikel 6:6:12 lid 3 Sv;<\/p>\n<p>de wettelijke aantekeningen.<\/p>\n<h3>Advies<\/h3>\n<p>Het advies van de instelling luidt \u2013 zakelijk weergegeven \u2013 als volgt.<\/p>\n<p>De diagnose<\/p>\n<p>De terbeschikkinggestelde lijdt aan schizofrenie van het parano\u00efde type.<\/p>\n<p>De behandeldoelen en het behandelverloop<\/p>\n<p>De terbeschikkinggestelde is per 13 mei 2024 gestart met de ECT-behandeling. Hij heeft last van bijwerkingen zoals duizeligheid. Er is duidelijk merkbaar dat hij minder agressieve gedachten heeft. Hij heeft het minder over wapens en verheerlijking van geweld. De terbeschikkinggestelde heeft het nu meer over zijn familie en over zijn moeder die ziek is en het geloof.<\/p>\n<p>Het verheerlijken van geweld en agressief gedrag zijn de afgelopen jaren het grootste knelpunt in de behandeling geweest. Deze komen mogelijk voort uit het chronisch psychotische beeld waarbij de terbeschikkinggestelde angsten ervaart en zich agressief uit als zelfbescherming. Dit is sinds de start van de ECT-behandeling meer op de achtergrond. komen te staan. De terbeschikkinggestelde heeft bij zijn behandelplan bespreking aangegeven dat als hij het over wapens heeft, dit een uiting kan zijn van dat hij zich angstig voelt. Hij heeft dan het idee wapens nodig te hebben om zich te kunnen beschermen.<\/p>\n<p>De behandeling voor de komende tijd is gericht op het behouden van de veiligheid en voorzichtige uitbreiding van zijn programma. De ECT-behandeling wordt voortgezet. De kliniek is van plan om beveiligd verlof aan te vragen in het kader van kwaliteit van leven, het oefenen met prikkels in de maatschappij en ter voorbereiding op een eventuele overplaatsing naar [kliniek] .<\/p>\n<p>De risicotaxatie en het risicomanagement<\/p>\n<p>Bij de terbeschikkinggestelde ontbreekt zowel probleeminzicht- als besef ten aanzien van zijn diagnose schizofrenie en de aanwezige risicofactoren. Hij neemt geen verantwoordelijkheid voor zijn delict. Er is sprake van aanhoudende psychotische symptomen. De terbeschikkinggestelde is vaak oninvoelbaar, doet agressieve uitspraken, is verward, praat in zichzelf en vertoont achterdocht.<\/p>\n<p>De psychose blijkt niet goed onder controle gebracht te kunnen worden en is moeilijk veranderbaar door medicatie. Er is sprake van een hoog risico profiel. Vanwege het ontbreken van ziekte-inzicht en de behoefte te veranderen zal gedragsbe\u00efnvloeding moeilijk blijven. Een geringe leerbaarheid compliceert be\u00efnvloeding verder. Dit betekent dat het recidiverisico moeilijk onder controle is te brengen.<br \/>\nDe terbeschikkinggestelde is afhankelijk van externe structuur en begeleiding, maar komt ook binnen de huidige setting tot geweldsincidenten. Zonder langdurige en nauwlettende controle, bescherming, sturing en begeleiding zal betrokkene binnen de kortste keren terugvallen in problematisch of gevaarlijk gedrag.<\/p>\n<p>Gekeken naar de situatie &#039;in zorg&#039;, met huidig verlofkader (geen verlof), wordt het risico op<br \/>\nterugval in gewelddadig gedrag als \u2018matig\u2019 geschat.<br \/>\nIn een situatie \u2018uit zorg\u2019, bij het be\u00ebindigen van de tbs-maatregel, wordt het risico op gewelddadig gedrag gedrag als \u2018hoog\u2019 geschat. Bij een hypothetisch ontslag vallen externe beschermende factoren, zoals structuur, toezicht (op medicatie en risicofactoren) en ondersteuning weg.<\/p>\n<p>Het advies luidt de termijn van de terbeschikkingstelling met verpleging van overheidswege met twee jaar te verlengen.<\/p>\n<p>Ter zitting heeft de deskundige het advies toegelicht en aangevuld. De terbeschikkinggestelde is inmiddels aangemeld bij [kliniek] . Binnenkort zal een intakegesprek plaatsvinden. Beveiligd verlof is nog niet aangevraagd, dat is onderwerp van gesprek binnen het team.<\/p>\n<h3>Advies van de externe gedragsdeskundigen<br \/>\nHet advies van de psychiater [deskundige 3] die de terbeschikkinggestelde heeft onderzocht luidt &#8212; zakelijk weergegeven &#8212; als volgt.<\/h3>\n<p>Bij de terbeschikkinggestelde is sprake van schizofrenie.<br \/>\nHet risico op gewelddadig gedrag is inherent aan zijn schizofrenie en is afhankelijk van de mate van structurering en toezicht en van de effecten van de medicatie en andere interventies (zoals de ECT). Zorgelijk is wel dat het toestandsbeeld van de terbeschikkinggestelde nog steeds fluctueert.<br \/>\nHet risicomanagement dient te worden vormgegeven in het kader van de TBS-maatregel en bestaat uit een aantal factoren: het zo optimaal als mogelijk instellen op antipsychotische medicatie, het toepassen van andere curatieve interventies (zoals de ECT), het hanteren van vroegsignalering, het bieden van structuur die aangepast is op betrokkenes draagkracht en het bieden van holding. Door de psychotische kwetsbaarheid van de terbeschikking-gestelde en door de ernst van zijn toestandsbeeld is het risicomanagement nog steeds voornamelijk extern.<br \/>\nGeconcludeerd kan worden dat de terbeschikkinggestelde binnen de gestructureerde omstandigheden overwegend welwillend is ten aanzien van de behandeling, maar dat hij intensieve ondersteuning en een forensische setting nodig heeft om zo stabiel als mogelijk te blijven functioneren, waarbij blijvende alertheid van het behandelteam nodig is. Er wordt geadviseerd om tijd te nemen voor het traject. In het verlengde daarvan wordt geadviseerd om de maatregel TBS met twee jaar te verlengen.<\/p>\n<p>Het advies van de psycholoog [deskundige 2] die de terbeschikkinggestelde heeft onderzocht luidt \u2013 zakelijk weergegeven \u2013 als volgt.<\/p>\n<p>Bij de terbeschikkinggestelde is sprake van een ziekelijke stoornis van de geestvermogens in de vorm van schizofrenie. De combinatie van de schizofrenie, de beperkte leerbaarheid en stressgevoeligheid maakt hem kwetsbaar voor ontregeling in de vorm van onvoorspelbaar en agressief gedrag. Er is voortdurende behoefte aan gestructureerde begeleiding, met medicamenteuze ondersteuning en voortzetting van behandeling om zijn behandelbaarheid en stabiliteit te waarborgen. Bij terugkeer in de maatschappij zonder zorg en toezicht, is er sprake van een hoog risico op herhaling van geweld.<br \/>\nOverplaatsing naar een minder gestructureerde omgeving in bijvoorbeeld de reguliere GGZ, zoals zelfstandig wonen, zou het risico op terugval in problematisch gedrag vergroten. Een beschermde woonvorm in een forensische setting met intensieve begeleiding wordt daarom op de langere termijn als meest passend beschouwd, zowel ter ondersteuning van zijn dagelijks functioneren als ter risicobeheersing.<br \/>\nHet risico op gedragsontregeling bij een toename van stress blijft significant. Stabiliteit in<br \/>\ngedrag is momenteel nog grotendeels afhankelijk van externe structuur, medicatie, toezicht en ondersteuning. Risicomanagement moet daarom in deze fase nog steeds intensief, multidisciplinair en individueel afgestemd blijven om de terbeschikkinggestelde op een veilige en gecontroleerde manier te blijven begeleiden binnen de kaders van de tbs.\u200b\u200b\u200b\u200b\u200b\u200b\u200b<br \/>\nOnderzoeker adviseert de maatregel van de terbeschikkingstelling met twee jaar te verlengen.\u200b\u200b\u200b\u200b\u200b\u200b\u200b<\/p>\n<h3>Standpunten<\/h3>\n<p>De officier van justitie heeft zich op het standpunt gesteld dat de vordering moet worden toegewezen en dat de termijn van de terbeschikkingstelling moet worden verlengd met twee jaar, omdat aan de voorwaarden voor verlenging is voldaan. Zij heeft aangevoerd dat de terbeschikkinggestelde nog langdurige behandeling nodig heeft.<\/p>\n<p>De advocaat heeft zich niet verzet tegen verlenging van de terbeschikkingstelling .<\/p>\n<h3>Beoordeling<\/h3>\n<p>De rechtbank heeft kennisgenomen van alle voorgenoemde stukken. Zij komt op grond van de stukken en hetgeen is besproken ter zitting tot het volgende oordeel.<\/p>\n<p>De stoornis van de terbeschikkinggestelde is nog steeds aanwezig en het recidiverisico is onverminderd hoog. Hij toont inzicht dat dat zo is en begrijpt dat er nog veel moet gebeuren.<\/p>\n<p>De veiligheid van anderen en\/of de algemene veiligheid van personen eist daarom de verlenging van de maatregel en dat de termijn van de terbeschikkingstelling met twee jaar moet worden verlengd.<\/p>\n<h3>Beslissing<\/h3>\n<p>De rechtbank verlengt de termijn van de terbeschikkingstelling met verpleging van overheidswege met twee jaar.<\/p>\n<p>Deze beslissing is gegeven door<\/p>\n<p>mr. A.A. Spoel, voorzitter,<\/p>\n<p>mrs. A.M. Gr\u00fcschke en R.A. Overbosch, rechters,<\/p>\n<p>in tegenwoordigheid van G. Jenuwein, griffier,<\/p>\n<p>en in het openbaar uitgesproken op 11 december 2025.<\/p>\n<p>Tegen de beslissing staat voor de terbeschikkinggestelde hoger beroep bij het gerechtshof Arnhem-Leeuwarden open, in te stellen bij de griffie van deze rechtbank, binnen veertien (14) dagen na betekening van deze beslissing.<\/p>\n<\/div>\n<hr class=\"kji-sep\" \/>\n<p class=\"kji-source-links\"><strong>Sources officielles :<\/strong> <a class=\"kji-source-link\" href=\"http:\/\/deeplink.rechtspraak.nl\/uitspraak?id=ECLI:NL:RBAMS:2025:11030\" target=\"_blank\" rel=\"noopener noreferrer\">consulter la page source<\/a><\/p>\n<p class=\"kji-license-note\"><em>Rechtspraak.nl open data, Creative Commons Zero. Volume cible 1.8M decisions.<\/em><\/p>\n<\/div>\n","protected":false},"excerpt":{"rendered":"<p>TBS met dwangverpleging verlengd met 2 jaar.<\/p>\n","protected":false},"featured_media":0,"template":"","meta":{"_crdt_document":""},"kji_country":[7669],"kji_court":[7998],"kji_chamber":[],"kji_year":[8463],"kji_subject":[7646],"kji_keyword":[8000,18379,7999,7675,14977],"kji_language":[7671],"class_list":["post-634789","kji_decision","type-kji_decision","status-publish","hentry","kji_country-pays-bas","kji_court-rechtbank-amsterdam","kji_year-8463","kji_subject-divers","kji_keyword-amsterdam","kji_keyword-dwangverpleging","kji_keyword-rbams","kji_keyword-rechtbank","kji_keyword-verlengd","kji_language-nl"],"yoast_head":"<!-- This site is optimized with the Yoast SEO Premium plugin v27.4 (Yoast SEO v27.4) - https:\/\/yoast.com\/product\/yoast-seo-premium-wordpress\/ -->\n<title>ECLI:NL:RBAMS:2025:11030 Rechtbank Amsterdam , 11-12-2025 \/ 13.085228.21 (2025) - Ma\u00eetre Hassan Kohen, avocat en droit p\u00e9nal \u00e0 Paris<\/title>\n<meta name=\"robots\" content=\"index, follow, max-snippet:-1, max-image-preview:large, max-video-preview:-1\" \/>\n<link rel=\"canonical\" href=\"https:\/\/kohenavocats.com\/ru\/jurisprudences\/eclinlrbams202511030-rechtbank-amsterdam-11-12-2025-13-085228-21-2025\/\" \/>\n<meta property=\"og:locale\" content=\"ru_RU\" \/>\n<meta property=\"og:type\" content=\"article\" \/>\n<meta property=\"og:title\" content=\"ECLI:NL:RBAMS:2025:11030 Rechtbank Amsterdam , 11-12-2025 \/ 13.085228.21 (2025)\" \/>\n<meta property=\"og:description\" content=\"TBS met dwangverpleging verlengd met 2 jaar.\" \/>\n<meta property=\"og:url\" content=\"https:\/\/kohenavocats.com\/ru\/jurisprudences\/eclinlrbams202511030-rechtbank-amsterdam-11-12-2025-13-085228-21-2025\/\" \/>\n<meta property=\"og:site_name\" content=\"Ma\u00eetre Hassan Kohen, avocat en droit p\u00e9nal \u00e0 Paris\" \/>\n<meta name=\"twitter:card\" content=\"summary_large_image\" \/>\n<meta name=\"twitter:label1\" content=\"\u041f\u0440\u0438\u043c\u0435\u0440\u043d\u043e\u0435 \u0432\u0440\u0435\u043c\u044f \u0434\u043b\u044f \u0447\u0442\u0435\u043d\u0438\u044f\" \/>\n\t<meta name=\"twitter:data1\" content=\"7 \u043c\u0438\u043d\u0443\u0442\" \/>\n<script type=\"application\/ld+json\" class=\"yoast-schema-graph\">{\"@context\":\"https:\\\/\\\/schema.org\",\"@graph\":[{\"@type\":\"WebPage\",\"@id\":\"https:\\\/\\\/kohenavocats.com\\\/ru\\\/jurisprudences\\\/eclinlrbams202511030-rechtbank-amsterdam-11-12-2025-13-085228-21-2025\\\/\",\"url\":\"https:\\\/\\\/kohenavocats.com\\\/ru\\\/jurisprudences\\\/eclinlrbams202511030-rechtbank-amsterdam-11-12-2025-13-085228-21-2025\\\/\",\"name\":\"ECLI:NL:RBAMS:2025:11030 Rechtbank Amsterdam , 11-12-2025 \\\/ 13.085228.21 (2025) - Ma\u00eetre Hassan Kohen, avocat en droit p\u00e9nal \u00e0 Paris\",\"isPartOf\":{\"@id\":\"https:\\\/\\\/kohenavocats.com\\\/ru\\\/#website\"},\"datePublished\":\"2026-04-21T09:20:27+00:00\",\"breadcrumb\":{\"@id\":\"https:\\\/\\\/kohenavocats.com\\\/ru\\\/jurisprudences\\\/eclinlrbams202511030-rechtbank-amsterdam-11-12-2025-13-085228-21-2025\\\/#breadcrumb\"},\"inLanguage\":\"ru-RU\",\"potentialAction\":[{\"@type\":\"ReadAction\",\"target\":[\"https:\\\/\\\/kohenavocats.com\\\/ru\\\/jurisprudences\\\/eclinlrbams202511030-rechtbank-amsterdam-11-12-2025-13-085228-21-2025\\\/\"]}]},{\"@type\":\"BreadcrumbList\",\"@id\":\"https:\\\/\\\/kohenavocats.com\\\/ru\\\/jurisprudences\\\/eclinlrbams202511030-rechtbank-amsterdam-11-12-2025-13-085228-21-2025\\\/#breadcrumb\",\"itemListElement\":[{\"@type\":\"ListItem\",\"position\":1,\"name\":\"Home\",\"item\":\"https:\\\/\\\/kohenavocats.com\\\/ru\\\/avocats-en-droit-penal-a-paris-conseil-et-defense-strategique\\\/\"},{\"@type\":\"ListItem\",\"position\":2,\"name\":\"Jurisprudences\",\"item\":\"https:\\\/\\\/kohenavocats.com\\\/ru\\\/jurisprudences\\\/\"},{\"@type\":\"ListItem\",\"position\":3,\"name\":\"ECLI:NL:RBAMS:2025:11030 Rechtbank Amsterdam , 11-12-2025 \\\/ 13.085228.21 (2025)\"}]},{\"@type\":\"WebSite\",\"@id\":\"https:\\\/\\\/kohenavocats.com\\\/ru\\\/#website\",\"url\":\"https:\\\/\\\/kohenavocats.com\\\/ru\\\/\",\"name\":\"Kohen Avocats\",\"description\":\"Ma\u00eetre Hassan Kohen, avocat p\u00e9naliste \u00e0 Paris, intervient exclusivement en droit p\u00e9nal pour la d\u00e9fense des particuliers, notamment en mati\u00e8re d\u2019accusations de viol. Il assure un accompagnement rigoureux d\u00e8s la garde \u00e0 vue jusqu\u2019\u00e0 la Cour d\u2019assises, veillant au strict respect des garanties proc\u00e9durales.\",\"publisher\":{\"@id\":\"https:\\\/\\\/kohenavocats.com\\\/ru\\\/#organization\"},\"potentialAction\":[{\"@type\":\"SearchAction\",\"target\":{\"@type\":\"EntryPoint\",\"urlTemplate\":\"https:\\\/\\\/kohenavocats.com\\\/ru\\\/?s={search_term_string}\"},\"query-input\":{\"@type\":\"PropertyValueSpecification\",\"valueRequired\":true,\"valueName\":\"search_term_string\"}}],\"inLanguage\":\"ru-RU\"},{\"@type\":\"Organization\",\"@id\":\"https:\\\/\\\/kohenavocats.com\\\/ru\\\/#organization\",\"name\":\"Kohen Avocats\",\"url\":\"https:\\\/\\\/kohenavocats.com\\\/ru\\\/\",\"logo\":{\"@type\":\"ImageObject\",\"inLanguage\":\"ru-RU\",\"@id\":\"https:\\\/\\\/kohenavocats.com\\\/ru\\\/#\\\/schema\\\/logo\\\/image\\\/\",\"url\":\"https:\\\/\\\/kohenavocats.com\\\/wp-content\\\/uploads\\\/2026\\\/01\\\/Logo-2-1.webp\",\"contentUrl\":\"https:\\\/\\\/kohenavocats.com\\\/wp-content\\\/uploads\\\/2026\\\/01\\\/Logo-2-1.webp\",\"width\":2114,\"height\":1253,\"caption\":\"Kohen Avocats\"},\"image\":{\"@id\":\"https:\\\/\\\/kohenavocats.com\\\/ru\\\/#\\\/schema\\\/logo\\\/image\\\/\"}}]}<\/script>\n<!-- \/ Yoast SEO Premium plugin. -->","yoast_head_json":{"title":"ECLI:NL:RBAMS:2025:11030 Rechtbank Amsterdam , 11-12-2025 \/ 13.085228.21 (2025) - Ma\u00eetre Hassan Kohen, avocat en droit p\u00e9nal \u00e0 Paris","robots":{"index":"index","follow":"follow","max-snippet":"max-snippet:-1","max-image-preview":"max-image-preview:large","max-video-preview":"max-video-preview:-1"},"canonical":"https:\/\/kohenavocats.com\/ru\/jurisprudences\/eclinlrbams202511030-rechtbank-amsterdam-11-12-2025-13-085228-21-2025\/","og_locale":"ru_RU","og_type":"article","og_title":"ECLI:NL:RBAMS:2025:11030 Rechtbank Amsterdam , 11-12-2025 \/ 13.085228.21 (2025)","og_description":"TBS met dwangverpleging verlengd met 2 jaar.","og_url":"https:\/\/kohenavocats.com\/ru\/jurisprudences\/eclinlrbams202511030-rechtbank-amsterdam-11-12-2025-13-085228-21-2025\/","og_site_name":"Ma\u00eetre Hassan Kohen, avocat en droit p\u00e9nal \u00e0 Paris","twitter_card":"summary_large_image","twitter_misc":{"\u041f\u0440\u0438\u043c\u0435\u0440\u043d\u043e\u0435 \u0432\u0440\u0435\u043c\u044f \u0434\u043b\u044f \u0447\u0442\u0435\u043d\u0438\u044f":"7 \u043c\u0438\u043d\u0443\u0442"},"schema":{"@context":"https:\/\/schema.org","@graph":[{"@type":"WebPage","@id":"https:\/\/kohenavocats.com\/ru\/jurisprudences\/eclinlrbams202511030-rechtbank-amsterdam-11-12-2025-13-085228-21-2025\/","url":"https:\/\/kohenavocats.com\/ru\/jurisprudences\/eclinlrbams202511030-rechtbank-amsterdam-11-12-2025-13-085228-21-2025\/","name":"ECLI:NL:RBAMS:2025:11030 Rechtbank Amsterdam , 11-12-2025 \/ 13.085228.21 (2025) - Ma\u00eetre Hassan Kohen, avocat en droit p\u00e9nal \u00e0 Paris","isPartOf":{"@id":"https:\/\/kohenavocats.com\/ru\/#website"},"datePublished":"2026-04-21T09:20:27+00:00","breadcrumb":{"@id":"https:\/\/kohenavocats.com\/ru\/jurisprudences\/eclinlrbams202511030-rechtbank-amsterdam-11-12-2025-13-085228-21-2025\/#breadcrumb"},"inLanguage":"ru-RU","potentialAction":[{"@type":"ReadAction","target":["https:\/\/kohenavocats.com\/ru\/jurisprudences\/eclinlrbams202511030-rechtbank-amsterdam-11-12-2025-13-085228-21-2025\/"]}]},{"@type":"BreadcrumbList","@id":"https:\/\/kohenavocats.com\/ru\/jurisprudences\/eclinlrbams202511030-rechtbank-amsterdam-11-12-2025-13-085228-21-2025\/#breadcrumb","itemListElement":[{"@type":"ListItem","position":1,"name":"Home","item":"https:\/\/kohenavocats.com\/ru\/avocats-en-droit-penal-a-paris-conseil-et-defense-strategique\/"},{"@type":"ListItem","position":2,"name":"Jurisprudences","item":"https:\/\/kohenavocats.com\/ru\/jurisprudences\/"},{"@type":"ListItem","position":3,"name":"ECLI:NL:RBAMS:2025:11030 Rechtbank Amsterdam , 11-12-2025 \/ 13.085228.21 (2025)"}]},{"@type":"WebSite","@id":"https:\/\/kohenavocats.com\/ru\/#website","url":"https:\/\/kohenavocats.com\/ru\/","name":"Kohen Avocats","description":"Ma\u00eetre Hassan Kohen, avocat p\u00e9naliste \u00e0 Paris, intervient exclusivement en droit p\u00e9nal pour la d\u00e9fense des particuliers, notamment en mati\u00e8re d\u2019accusations de viol. Il assure un accompagnement rigoureux d\u00e8s la garde \u00e0 vue jusqu\u2019\u00e0 la Cour d\u2019assises, veillant au strict respect des garanties proc\u00e9durales.","publisher":{"@id":"https:\/\/kohenavocats.com\/ru\/#organization"},"potentialAction":[{"@type":"SearchAction","target":{"@type":"EntryPoint","urlTemplate":"https:\/\/kohenavocats.com\/ru\/?s={search_term_string}"},"query-input":{"@type":"PropertyValueSpecification","valueRequired":true,"valueName":"search_term_string"}}],"inLanguage":"ru-RU"},{"@type":"Organization","@id":"https:\/\/kohenavocats.com\/ru\/#organization","name":"Kohen Avocats","url":"https:\/\/kohenavocats.com\/ru\/","logo":{"@type":"ImageObject","inLanguage":"ru-RU","@id":"https:\/\/kohenavocats.com\/ru\/#\/schema\/logo\/image\/","url":"https:\/\/kohenavocats.com\/wp-content\/uploads\/2026\/01\/Logo-2-1.webp","contentUrl":"https:\/\/kohenavocats.com\/wp-content\/uploads\/2026\/01\/Logo-2-1.webp","width":2114,"height":1253,"caption":"Kohen Avocats"},"image":{"@id":"https:\/\/kohenavocats.com\/ru\/#\/schema\/logo\/image\/"}}]}},"jetpack_likes_enabled":false,"jetpack_sharing_enabled":true,"_links":{"self":[{"href":"https:\/\/kohenavocats.com\/ru\/wp-json\/wp\/v2\/kji_decision\/634789","targetHints":{"allow":["GET"]}}],"collection":[{"href":"https:\/\/kohenavocats.com\/ru\/wp-json\/wp\/v2\/kji_decision"}],"about":[{"href":"https:\/\/kohenavocats.com\/ru\/wp-json\/wp\/v2\/types\/kji_decision"}],"wp:attachment":[{"href":"https:\/\/kohenavocats.com\/ru\/wp-json\/wp\/v2\/media?parent=634789"}],"wp:term":[{"taxonomy":"kji_country","embeddable":true,"href":"https:\/\/kohenavocats.com\/ru\/wp-json\/wp\/v2\/kji_country?post=634789"},{"taxonomy":"kji_court","embeddable":true,"href":"https:\/\/kohenavocats.com\/ru\/wp-json\/wp\/v2\/kji_court?post=634789"},{"taxonomy":"kji_chamber","embeddable":true,"href":"https:\/\/kohenavocats.com\/ru\/wp-json\/wp\/v2\/kji_chamber?post=634789"},{"taxonomy":"kji_year","embeddable":true,"href":"https:\/\/kohenavocats.com\/ru\/wp-json\/wp\/v2\/kji_year?post=634789"},{"taxonomy":"kji_subject","embeddable":true,"href":"https:\/\/kohenavocats.com\/ru\/wp-json\/wp\/v2\/kji_subject?post=634789"},{"taxonomy":"kji_keyword","embeddable":true,"href":"https:\/\/kohenavocats.com\/ru\/wp-json\/wp\/v2\/kji_keyword?post=634789"},{"taxonomy":"kji_language","embeddable":true,"href":"https:\/\/kohenavocats.com\/ru\/wp-json\/wp\/v2\/kji_language?post=634789"}],"curies":[{"name":"wp","href":"https:\/\/api.w.org\/{rel}","templated":true}]}}