{"id":635502,"date":"2026-04-21T12:41:34","date_gmt":"2026-04-21T10:41:34","guid":{"rendered":"https:\/\/kohenavocats.com\/jurisprudences\/tribunal-federal-suisse-8-juin-2023-n-6b-476-2023\/"},"modified":"2026-04-21T12:41:34","modified_gmt":"2026-04-21T10:41:34","slug":"tribunal-federal-suisse-8-juin-2023-n-6b-476-2023","status":"publish","type":"kji_decision","link":"https:\/\/kohenavocats.com\/ru\/jurisprudences\/tribunal-federal-suisse-8-juin-2023-n-6b-476-2023\/","title":{"rendered":"Tribunal f\u00e9d\u00e9ral suisse, 8 juin 2023, n\u00b0 6B 476-2023"},"content":{"rendered":"<div class=\"kji-decision\">\n<div class=\"kji-full-text\">\n<p>Bundesgericht<\/p>\n<p>Tribunal f\u00e9d\u00e9ral<\/p>\n<p>Tribunale federale<\/p>\n<p>Tribunal federal<\/p>\n<p>6B_476\/2023<\/p>\n<p>Arr\u00eat du 8 juin 2023<\/p>\n<p>Cour de droit p\u00e9nal<\/p>\n<p>Composition<\/p>\n<p>M. le Juge f\u00e9d\u00e9ral Denys, Juge pr\u00e9sidant.<\/p>\n<p>Greffier : M. Rosselet.<\/p>\n<p>Participants \u00e0 la proc\u00e9dure<\/p>\n<p>A.________,<\/p>\n<p>recourant,<\/p>\n<p>contre<\/p>\n<p>Minist\u00e8re public central du canton de Vaud, avenue de Longemalle 1, 1020 Renens VD,<\/p>\n<p>intim\u00e9.<\/p>\n<p>Objet<\/p>\n<p>Irrecevabilit\u00e9 formelle du recours en mati\u00e8re p\u00e9nale; d\u00e9faut de motivation (ordonnance de non-entr\u00e9e en mati\u00e8re [contrainte]),<\/p>\n<p>recours contre l&#039;arr\u00eat du Tribunal cantonal<\/p>\n<p>du canton de Vaud, Chambre des recours p\u00e9nale,<\/p>\n<p>du 7 f\u00e9vrier 2023 (n\u00b0 91 PE22.021999-LCT).<\/p>\n<p>Consid\u00e9rant en fait et en droit :<\/p>\n<p>1.<\/p>\n<p>Par arr\u00eat du 7 f\u00e9vrier 2023, la Chambre des recours p\u00e9nale du Tribunal cantonal vaudois a d\u00e9clar\u00e9 irrecevable le recours interjet\u00e9 par A.________ contre l&#039;ordonnance rendue le 9 d\u00e9cembre 2022 par le Minist\u00e8re public de l&#039;arrondissement de Lausanne par laquelle celui-ci a refus\u00e9 d&#039;entrer en mati\u00e8re sur la plainte p\u00e9nale d\u00e9pos\u00e9e le 30 ao\u00fbt 2022 par le pr\u00e9nomm\u00e9 dirig\u00e9e contre B.________ SA. A.________ reprochait en substance \u00e0 cette soci\u00e9t\u00e9 de lui avoir envoy\u00e9, le 27 juillet 2022, par le biais de la soci\u00e9t\u00e9 de recouvrement C.________ SA, une facture abusive et injustifi\u00e9e d&#039;un montant de 2&#039;622 fr. 80.<\/p>\n<p>En substance, la cour cantonale a retenu que, par courrier du 4 janvier 2023, le minist\u00e8re public lui avait transmis, comme objet de sa comp\u00e9tence, un acte r\u00e9dig\u00e9 en allemand paraissant valoir recours, d\u00e9pos\u00e9 le 28 d\u00e9cembre 2022 par A.________. Par avis du 12 janvier 2023, re\u00e7u le 20 janvier 2023, la pr\u00e9sidente de la cour cantonale avait inform\u00e9 le pr\u00e9nomm\u00e9 que la langue de la proc\u00e9dure \u00e9tait le fran\u00e7ais et lui avait retourn\u00e9 son acte afin qu&#039;il puisse en envoyer une traduction fran\u00e7aise, un d\u00e9lai de dix jours lui ayant \u00e9t\u00e9 imparti \u00e0 cet effet et en indiquant qu&#039;\u00e0 d\u00e9faut, son courrier ne serait pas pris en consid\u00e9ration. Le 2 f\u00e9vrier 2023, A.________ avait d\u00e9pos\u00e9 un acte traduit. Constatant que ce dernier \u00e9tait intervenu apr\u00e8s l&#039;\u00e9ch\u00e9ance du d\u00e9lai de dix jours imparti, il avait \u00e9t\u00e9 d\u00e9clar\u00e9 tardif par la cour cantonale, laquelle avait d\u00e8s lors d\u00e9clar\u00e9 le recours cantonal irrecevable. Au surplus, l&#039;autorit\u00e9 pr\u00e9c\u00e9dente a relev\u00e9 que l&#039;acte traduit ne satisfaisait pas aux exigences de l&#039;art. 385 al. 1 CPP et que l&#039;on n&#039;y distinguait aucune volont\u00e9 de recourir contre une d\u00e9cision pr\u00e9cise ni a fortiori aucune conclusion ou motivation intelligible.<\/p>\n<p>2.<\/p>\n<p>Par acte du 6 avril 2023, A.________ forme un recours en mati\u00e8re p\u00e9nale au Tribunal f\u00e9d\u00e9ral contre l&#039;arr\u00eat du 7 f\u00e9vrier 2023. L&#039;on comprend de ses \u00e9critures, au demeurant peu intelligibles, qu&#039;il conclut, principalement, \u00e0 l&#039;admission de son recours, \u00e0 la nullit\u00e9 de l&#039;arr\u00eat entrepris et \u00e0 ce qu&#039;un d\u00e9lai de dix jours lui soit accord\u00e9 pour interjeter un nouvel &quot;appel&quot; aupr\u00e8s de la cour cantonale. Subsidiairement, il conclut \u00e0 l&#039;admission de son recours, \u00e0 la recevabilit\u00e9 de son &quot;appel&quot;, \u00e0 l&#039;annulation de l&#039;ordonnance de non-entr\u00e9e en mati\u00e8re du 9 d\u00e9cembre 2022 et de l&#039;arr\u00eat querell\u00e9, \u00e0 ce qu&#039;un jugement soit rendu condamnant D.________ AG et B.________ SA selon les termes de la plainte p\u00e9nale du 6 septembre 2022 et de l&#039;extension de celle-ci du 18 d\u00e9cembre 2022, et \u00e0 l&#039;octroi d&#039;une indemnit\u00e9 de 110&#039;000 fr. pour le tort moral et les dommages subis. Plus subsidiairement, il conclut \u00e0 ce que le minist\u00e8re public recueille certaines preuves. Il entend en outre se constituer partie plaignante au p\u00e9nal et au civil. Par courrier du 28 avril 2023, le pr\u00e9nomm\u00e9 sollicite le b\u00e9n\u00e9fice de l&#039;assistance judiciaire.<\/p>\n<p>3.<\/p>\n<p>Bien que le recourant proc\u00e8de en allemand, l&#039;arr\u00eat entrepris a \u00e9t\u00e9 libell\u00e9 en fran\u00e7ais, de sorte que le pr\u00e9sent arr\u00eat sera rendu dans cette langue (cf. art. 54 al. 1 1 re phrase LTF).<\/p>\n<p>4.<\/p>\n<p>De mani\u00e8re quelque peu contradictoire au regard de ses conclusions, le recourant conteste tout d&#039;abord avoir form\u00e9 un &quot; appel &quot; (&quot; Berufung &quot;) contre l&#039;ordonnance de non-entr\u00e9e en mati\u00e8re du 9 d\u00e9cembre 2022. Dans la mesure o\u00f9 la cour cantonale est arriv\u00e9e au m\u00eame constat et a laiss\u00e9 les frais de la proc\u00e9dure de recours \u00e0 la charge de l&#039;\u00c9tat, le recourant est irrecevable \u00e0 contester ce point, faute d&#039;un quelconque int\u00e9r\u00eat juridique \u00e0 l&#039;annulation ou \u00e0 la modification de l&#039;arr\u00eat entrepris \u00e0 cet \u00e9gard (cf. art. 81 al. 1 let. b LTF).<\/p>\n<p>5.<\/p>\n<p>En tant qu&#039;il critique l&#039;ordonnance de non-entr\u00e9e en mati\u00e8re du 9 d\u00e9cembre 2022, les griefs du recourant sont irrecevables, puisqu&#039;il ne s&#039;en prend pas \u00e0 l&#039;arr\u00eat entrepris qui seul peut faire l&#039;objet du pr\u00e9sent recours f\u00e9d\u00e9ral (cf. art. 80 al. 1 LTF).<\/p>\n<p>6.<\/p>\n<p>Selon l&#039;art. 42 al. 1 LTF, les m\u00e9moires de recours au Tribunal f\u00e9d\u00e9ral doivent indiquer les conclusions, les motifs et les moyens de preuve, et \u00eatre sign\u00e9s. En particulier, le recourant doit motiver son recours en exposant succinctement en quoi la d\u00e9cision attaqu\u00e9e viole le droit (cf. art. 42 al. 2 LTF). Pour satisfaire \u00e0 cette exigence, il appartient au recourant de discuter au moins bri\u00e8vement les consid\u00e9rants de la d\u00e9cision litigieuse (ATF 140 III 86 consid. 2 p. 88 ss et 115 consid. 2 p. 116 s.); en particulier, la motivation doit \u00eatre topique, c&#039;est-\u00e0-dire se rapporter \u00e0 la question juridique tranch\u00e9e par l&#039;autorit\u00e9 cantonale (arr\u00eat 6B_1511\/2021 du 9 f\u00e9vrier 2022 consid. 6 et les r\u00e9f\u00e9rences cit\u00e9es). De plus, le Tribunal f\u00e9d\u00e9ral est li\u00e9 par les faits retenus par la d\u00e9cision entreprise (art. 105 al. 1 LTF), sous les r\u00e9serves d\u00e9coulant des art. 97 al. 1 et 105 al. 2 LTF, soit pour l&#039;essentiel de l&#039;arbitraire (art. 9 Cst.; sur cette notion, cf. ATF 147 IV 73 consid. 4.1.2 p. 81; 143 IV 241 consid. 2.3.1 p. 244) dans la constatation des faits. Le Tribunal f\u00e9d\u00e9ral n&#039;examine la violation de droits fondamentaux que si ce moyen est invoqu\u00e9 et motiv\u00e9 par le recourant (art. 106 al. 2 LTF), c&#039;est-\u00e0-dire s&#039;il a \u00e9t\u00e9 express\u00e9ment soulev\u00e9 et expos\u00e9 de mani\u00e8re claire et d\u00e9taill\u00e9e (ATF 146 IV 114 consid. 2.1 p. 118). Les critiques de nature appellatoire sont irrecevables (ATF 147 IV 73 consid. 4.1.2 p. 81; 146 IV 114 consid. 2.1 p. 118; 145 IV 154 consid. 1.1 p. 156).<\/p>\n<p>En l&#039;esp\u00e8ce, le recourant se plaint notamment de ce que l&#039;arr\u00eat entrepris violerait tous les droits constitutionnels, sans toutefois exposer lesquels, et de ce que sa plainte n&#039;aurait pas \u00e9t\u00e9 examin\u00e9e au fond. Il s&#039;attarde ensuite \u00e0 exposer les faits \u00e0 la base de sa plainte p\u00e9nale, en particulier les circonstances dans lesquelles il aurait contract\u00e9 un nouvel abonnement t\u00e9l\u00e9phonique, que D.________ AG et B.________ SA auraient commis les infractions de contrainte et d&#039;escroquerie \u00e0 son encontre, \u00e0 solliciter la production de certaines preuves qui seraient propres \u00e0 d\u00e9montrer ses all\u00e9gations, et \u00e0 demander une indemnit\u00e9 pour le dommage et le tort moral subis d&#039;un montant de 110&#039;000 francs. Ce faisant, le recourant ne d\u00e9veloppe aucune argumentation topique, n&#039;\u00e9l\u00e8ve aucun grief motiv\u00e9 \u00e0 satisfaction de droit (cf. art. 42 al. 2 et 106 al. 2 LTF) \u00e0 l&#039;encontre du raisonnement conduit par la cour cantonale et n&#039;expose donc pas en quoi celle-ci aurait viol\u00e9 le droit f\u00e9d\u00e9ral en d\u00e9clarant son recours irrecevable en application des art. 110 al. 4 et 385 al. 1 CPP.<\/p>\n<p>Au vu de ce qui pr\u00e9c\u00e8de, le recours doit \u00eatre d\u00e9clar\u00e9 irrecevable, faute de satisfaire aux exigences de motivation d&#039;un recours en mati\u00e8re p\u00e9nale.<\/p>\n<p>7.<\/p>\n<p>L&#039;irrecevabilit\u00e9 est manifeste, ce qu&#039;il convient de constater dans la proc\u00e9dure pr\u00e9vue par l&#039;art. 108 al. 1 let. a et b LTF. Le recours \u00e9tant d\u00e9nu\u00e9 de chances de succ\u00e8s, la demande d&#039;assistance judiciaire doit \u00eatre rejet\u00e9e (cf. art. 64 al. 1 LTF). Le recourant, qui succombe, supporte les frais judiciaires dont le montant sera fix\u00e9 en tenant compte de sa situation (cf. art. 65 al. 2 et 66 al. 1 LTF).<\/p>\n<p>Par ces motifs, le Juge pr\u00e9sidant prononce :<\/p>\n<p>1.<\/p>\n<p>Le recours est irrecevable.<\/p>\n<p>2.<\/p>\n<p>La demande d&#039;assistance judiciaire est rejet\u00e9e.<\/p>\n<p>3.<\/p>\n<p>Les frais judiciaires, arr\u00eat\u00e9s \u00e0 500 fr., sont mis \u00e0 la charge du recourant.<\/p>\n<p>4.<\/p>\n<p>Le pr\u00e9sent arr\u00eat est communiqu\u00e9 aux parties et au Tribunal cantonal du canton de Vaud, Chambre des recours p\u00e9nale.<\/p>\n<p>Lausanne, le 8 juin 2023<\/p>\n<p>Au nom de la Cour de droit p\u00e9nal<\/p>\n<p>du Tribunal f\u00e9d\u00e9ral suisse<\/p>\n<p>Le Juge pr\u00e9sidant : Denys<\/p>\n<p>Le Greffier : Rosselet<\/p>\n<\/div>\n<hr class=\"kji-sep\" \/>\n<p class=\"kji-source-links\"><strong>Sources officielles :<\/strong> <a class=\"kji-source-link\" href=\"https:\/\/search.bger.ch\/ext\/eurospider\/live\/fr\/php\/aza\/http\/index.php?lang=fr&#038;type=highlight_simple_query&#038;page=8&#038;from_date=&#038;to_date=&#038;sort=relevance&#038;insertion_date=&#038;top_subcollection_aza=all&#038;query_words=droit+penal&#038;rank=78&#038;azaclir=aza&#038;highlight_docid=aza%3A%2F%2F08-06-2023-6B_476-2023&#038;number_of_ranks=14459\" target=\"_blank\" rel=\"noopener noreferrer\">consulter la page source<\/a><\/p>\n<p class=\"kji-license-note\"><em>Source officielle Tribunal federal suisse. Contenu HTML public, PDF non garanti en version gratuite.<\/em><\/p>\n<\/div>\n","protected":false},"excerpt":{"rendered":"<p>Bundesgericht Tribunal f\u00e9d\u00e9ral Tribunale federale Tribunal federal 6B_476\/2023 Arr\u00eat du 8 juin 2023 Cour de droit p\u00e9nal Composition M. le Juge f\u00e9d\u00e9ral Denys, Juge pr\u00e9sidant. Greffier : M. Rosselet. Participants \u00e0 la proc\u00e9dure A.________, recourant, contre Minist\u00e8re public central du canton de Vaud, avenue de Longemalle 1, 1020 Renens VD, intim\u00e9. Objet Irrecevabilit\u00e9 formelle du&#8230;<\/p>\n","protected":false},"featured_media":0,"template":"","meta":{"_crdt_document":""},"kji_country":[9676],"kji_court":[9677],"kji_chamber":[10143],"kji_year":[24566],"kji_subject":[7632],"kji_keyword":[9799,9679,9680,7636],"kji_language":[7733],"class_list":["post-635502","kji_decision","type-kji_decision","status-publish","hentry","kji_country-suisse","kji_court-tribunal-federal-suisse","kji_chamber-cour-de-droit-penal","kji_year-24566","kji_subject-penal","kji_keyword-bundesgericht","kji_keyword-federal","kji_keyword-suisse","kji_keyword-tribunal","kji_language-francais"],"yoast_head":"<!-- This site is optimized with the Yoast SEO Premium plugin v27.4 (Yoast SEO v27.4) - https:\/\/yoast.com\/product\/yoast-seo-premium-wordpress\/ -->\n<title>Tribunal f\u00e9d\u00e9ral suisse, 8 juin 2023, n\u00b0 6B 476-2023 - Ma\u00eetre Hassan Kohen, avocat en droit p\u00e9nal \u00e0 Paris<\/title>\n<meta name=\"robots\" content=\"index, follow, max-snippet:-1, max-image-preview:large, max-video-preview:-1\" \/>\n<link rel=\"canonical\" href=\"https:\/\/kohenavocats.com\/ru\/jurisprudences\/tribunal-federal-suisse-8-juin-2023-n-6b-476-2023\/\" \/>\n<meta property=\"og:locale\" content=\"ru_RU\" \/>\n<meta property=\"og:type\" content=\"article\" \/>\n<meta property=\"og:title\" content=\"Tribunal f\u00e9d\u00e9ral suisse, 8 juin 2023, n\u00b0 6B 476-2023\" \/>\n<meta property=\"og:description\" content=\"Bundesgericht Tribunal f\u00e9d\u00e9ral Tribunale federale Tribunal federal 6B_476\/2023 Arr\u00eat du 8 juin 2023 Cour de droit p\u00e9nal Composition M. le Juge f\u00e9d\u00e9ral Denys, Juge pr\u00e9sidant. Greffier : M. Rosselet. Participants \u00e0 la proc\u00e9dure A.________, recourant, contre Minist\u00e8re public central du canton de Vaud, avenue de Longemalle 1, 1020 Renens VD, intim\u00e9. Objet Irrecevabilit\u00e9 formelle du...\" \/>\n<meta property=\"og:url\" content=\"https:\/\/kohenavocats.com\/ru\/jurisprudences\/tribunal-federal-suisse-8-juin-2023-n-6b-476-2023\/\" \/>\n<meta property=\"og:site_name\" content=\"Ma\u00eetre Hassan Kohen, avocat en droit p\u00e9nal \u00e0 Paris\" \/>\n<meta name=\"twitter:card\" content=\"summary_large_image\" \/>\n<meta name=\"twitter:label1\" content=\"\u041f\u0440\u0438\u043c\u0435\u0440\u043d\u043e\u0435 \u0432\u0440\u0435\u043c\u044f \u0434\u043b\u044f \u0447\u0442\u0435\u043d\u0438\u044f\" \/>\n\t<meta name=\"twitter:data1\" content=\"7 \u043c\u0438\u043d\u0443\u0442\" \/>\n<script type=\"application\/ld+json\" class=\"yoast-schema-graph\">{\"@context\":\"https:\\\/\\\/schema.org\",\"@graph\":[{\"@type\":\"WebPage\",\"@id\":\"https:\\\/\\\/kohenavocats.com\\\/ru\\\/jurisprudences\\\/tribunal-federal-suisse-8-juin-2023-n-6b-476-2023\\\/\",\"url\":\"https:\\\/\\\/kohenavocats.com\\\/ru\\\/jurisprudences\\\/tribunal-federal-suisse-8-juin-2023-n-6b-476-2023\\\/\",\"name\":\"Tribunal f\u00e9d\u00e9ral suisse, 8 juin 2023, n\u00b0 6B 476-2023 - Ma\u00eetre Hassan Kohen, avocat en droit p\u00e9nal \u00e0 Paris\",\"isPartOf\":{\"@id\":\"https:\\\/\\\/kohenavocats.com\\\/ru\\\/#website\"},\"datePublished\":\"2026-04-21T10:41:34+00:00\",\"breadcrumb\":{\"@id\":\"https:\\\/\\\/kohenavocats.com\\\/ru\\\/jurisprudences\\\/tribunal-federal-suisse-8-juin-2023-n-6b-476-2023\\\/#breadcrumb\"},\"inLanguage\":\"ru-RU\",\"potentialAction\":[{\"@type\":\"ReadAction\",\"target\":[\"https:\\\/\\\/kohenavocats.com\\\/ru\\\/jurisprudences\\\/tribunal-federal-suisse-8-juin-2023-n-6b-476-2023\\\/\"]}]},{\"@type\":\"BreadcrumbList\",\"@id\":\"https:\\\/\\\/kohenavocats.com\\\/ru\\\/jurisprudences\\\/tribunal-federal-suisse-8-juin-2023-n-6b-476-2023\\\/#breadcrumb\",\"itemListElement\":[{\"@type\":\"ListItem\",\"position\":1,\"name\":\"Home\",\"item\":\"https:\\\/\\\/kohenavocats.com\\\/ru\\\/avocats-en-droit-penal-a-paris-conseil-et-defense-strategique\\\/\"},{\"@type\":\"ListItem\",\"position\":2,\"name\":\"Jurisprudences\",\"item\":\"https:\\\/\\\/kohenavocats.com\\\/ru\\\/jurisprudences\\\/\"},{\"@type\":\"ListItem\",\"position\":3,\"name\":\"Tribunal f\u00e9d\u00e9ral suisse, 8 juin 2023, n\u00b0 6B 476-2023\"}]},{\"@type\":\"WebSite\",\"@id\":\"https:\\\/\\\/kohenavocats.com\\\/ru\\\/#website\",\"url\":\"https:\\\/\\\/kohenavocats.com\\\/ru\\\/\",\"name\":\"Kohen Avocats\",\"description\":\"Ma\u00eetre Hassan Kohen, avocat p\u00e9naliste \u00e0 Paris, intervient exclusivement en droit p\u00e9nal pour la d\u00e9fense des particuliers, notamment en mati\u00e8re d\u2019accusations de viol. Il assure un accompagnement rigoureux d\u00e8s la garde \u00e0 vue jusqu\u2019\u00e0 la Cour d\u2019assises, veillant au strict respect des garanties proc\u00e9durales.\",\"publisher\":{\"@id\":\"https:\\\/\\\/kohenavocats.com\\\/ru\\\/#organization\"},\"potentialAction\":[{\"@type\":\"SearchAction\",\"target\":{\"@type\":\"EntryPoint\",\"urlTemplate\":\"https:\\\/\\\/kohenavocats.com\\\/ru\\\/?s={search_term_string}\"},\"query-input\":{\"@type\":\"PropertyValueSpecification\",\"valueRequired\":true,\"valueName\":\"search_term_string\"}}],\"inLanguage\":\"ru-RU\"},{\"@type\":\"Organization\",\"@id\":\"https:\\\/\\\/kohenavocats.com\\\/ru\\\/#organization\",\"name\":\"Kohen Avocats\",\"url\":\"https:\\\/\\\/kohenavocats.com\\\/ru\\\/\",\"logo\":{\"@type\":\"ImageObject\",\"inLanguage\":\"ru-RU\",\"@id\":\"https:\\\/\\\/kohenavocats.com\\\/ru\\\/#\\\/schema\\\/logo\\\/image\\\/\",\"url\":\"https:\\\/\\\/kohenavocats.com\\\/wp-content\\\/uploads\\\/2026\\\/01\\\/Logo-2-1.webp\",\"contentUrl\":\"https:\\\/\\\/kohenavocats.com\\\/wp-content\\\/uploads\\\/2026\\\/01\\\/Logo-2-1.webp\",\"width\":2114,\"height\":1253,\"caption\":\"Kohen Avocats\"},\"image\":{\"@id\":\"https:\\\/\\\/kohenavocats.com\\\/ru\\\/#\\\/schema\\\/logo\\\/image\\\/\"}}]}<\/script>\n<!-- \/ Yoast SEO Premium plugin. -->","yoast_head_json":{"title":"Tribunal f\u00e9d\u00e9ral suisse, 8 juin 2023, n\u00b0 6B 476-2023 - Ma\u00eetre Hassan Kohen, avocat en droit p\u00e9nal \u00e0 Paris","robots":{"index":"index","follow":"follow","max-snippet":"max-snippet:-1","max-image-preview":"max-image-preview:large","max-video-preview":"max-video-preview:-1"},"canonical":"https:\/\/kohenavocats.com\/ru\/jurisprudences\/tribunal-federal-suisse-8-juin-2023-n-6b-476-2023\/","og_locale":"ru_RU","og_type":"article","og_title":"Tribunal f\u00e9d\u00e9ral suisse, 8 juin 2023, n\u00b0 6B 476-2023","og_description":"Bundesgericht Tribunal f\u00e9d\u00e9ral Tribunale federale Tribunal federal 6B_476\/2023 Arr\u00eat du 8 juin 2023 Cour de droit p\u00e9nal Composition M. le Juge f\u00e9d\u00e9ral Denys, Juge pr\u00e9sidant. Greffier : M. Rosselet. Participants \u00e0 la proc\u00e9dure A.________, recourant, contre Minist\u00e8re public central du canton de Vaud, avenue de Longemalle 1, 1020 Renens VD, intim\u00e9. Objet Irrecevabilit\u00e9 formelle du...","og_url":"https:\/\/kohenavocats.com\/ru\/jurisprudences\/tribunal-federal-suisse-8-juin-2023-n-6b-476-2023\/","og_site_name":"Ma\u00eetre Hassan Kohen, avocat en droit p\u00e9nal \u00e0 Paris","twitter_card":"summary_large_image","twitter_misc":{"\u041f\u0440\u0438\u043c\u0435\u0440\u043d\u043e\u0435 \u0432\u0440\u0435\u043c\u044f \u0434\u043b\u044f \u0447\u0442\u0435\u043d\u0438\u044f":"7 \u043c\u0438\u043d\u0443\u0442"},"schema":{"@context":"https:\/\/schema.org","@graph":[{"@type":"WebPage","@id":"https:\/\/kohenavocats.com\/ru\/jurisprudences\/tribunal-federal-suisse-8-juin-2023-n-6b-476-2023\/","url":"https:\/\/kohenavocats.com\/ru\/jurisprudences\/tribunal-federal-suisse-8-juin-2023-n-6b-476-2023\/","name":"Tribunal f\u00e9d\u00e9ral suisse, 8 juin 2023, n\u00b0 6B 476-2023 - Ma\u00eetre Hassan Kohen, avocat en droit p\u00e9nal \u00e0 Paris","isPartOf":{"@id":"https:\/\/kohenavocats.com\/ru\/#website"},"datePublished":"2026-04-21T10:41:34+00:00","breadcrumb":{"@id":"https:\/\/kohenavocats.com\/ru\/jurisprudences\/tribunal-federal-suisse-8-juin-2023-n-6b-476-2023\/#breadcrumb"},"inLanguage":"ru-RU","potentialAction":[{"@type":"ReadAction","target":["https:\/\/kohenavocats.com\/ru\/jurisprudences\/tribunal-federal-suisse-8-juin-2023-n-6b-476-2023\/"]}]},{"@type":"BreadcrumbList","@id":"https:\/\/kohenavocats.com\/ru\/jurisprudences\/tribunal-federal-suisse-8-juin-2023-n-6b-476-2023\/#breadcrumb","itemListElement":[{"@type":"ListItem","position":1,"name":"Home","item":"https:\/\/kohenavocats.com\/ru\/avocats-en-droit-penal-a-paris-conseil-et-defense-strategique\/"},{"@type":"ListItem","position":2,"name":"Jurisprudences","item":"https:\/\/kohenavocats.com\/ru\/jurisprudences\/"},{"@type":"ListItem","position":3,"name":"Tribunal f\u00e9d\u00e9ral suisse, 8 juin 2023, n\u00b0 6B 476-2023"}]},{"@type":"WebSite","@id":"https:\/\/kohenavocats.com\/ru\/#website","url":"https:\/\/kohenavocats.com\/ru\/","name":"Kohen Avocats","description":"Ma\u00eetre Hassan Kohen, avocat p\u00e9naliste \u00e0 Paris, intervient exclusivement en droit p\u00e9nal pour la d\u00e9fense des particuliers, notamment en mati\u00e8re d\u2019accusations de viol. Il assure un accompagnement rigoureux d\u00e8s la garde \u00e0 vue jusqu\u2019\u00e0 la Cour d\u2019assises, veillant au strict respect des garanties proc\u00e9durales.","publisher":{"@id":"https:\/\/kohenavocats.com\/ru\/#organization"},"potentialAction":[{"@type":"SearchAction","target":{"@type":"EntryPoint","urlTemplate":"https:\/\/kohenavocats.com\/ru\/?s={search_term_string}"},"query-input":{"@type":"PropertyValueSpecification","valueRequired":true,"valueName":"search_term_string"}}],"inLanguage":"ru-RU"},{"@type":"Organization","@id":"https:\/\/kohenavocats.com\/ru\/#organization","name":"Kohen Avocats","url":"https:\/\/kohenavocats.com\/ru\/","logo":{"@type":"ImageObject","inLanguage":"ru-RU","@id":"https:\/\/kohenavocats.com\/ru\/#\/schema\/logo\/image\/","url":"https:\/\/kohenavocats.com\/wp-content\/uploads\/2026\/01\/Logo-2-1.webp","contentUrl":"https:\/\/kohenavocats.com\/wp-content\/uploads\/2026\/01\/Logo-2-1.webp","width":2114,"height":1253,"caption":"Kohen Avocats"},"image":{"@id":"https:\/\/kohenavocats.com\/ru\/#\/schema\/logo\/image\/"}}]}},"jetpack_likes_enabled":false,"jetpack_sharing_enabled":true,"_links":{"self":[{"href":"https:\/\/kohenavocats.com\/ru\/wp-json\/wp\/v2\/kji_decision\/635502","targetHints":{"allow":["GET"]}}],"collection":[{"href":"https:\/\/kohenavocats.com\/ru\/wp-json\/wp\/v2\/kji_decision"}],"about":[{"href":"https:\/\/kohenavocats.com\/ru\/wp-json\/wp\/v2\/types\/kji_decision"}],"wp:attachment":[{"href":"https:\/\/kohenavocats.com\/ru\/wp-json\/wp\/v2\/media?parent=635502"}],"wp:term":[{"taxonomy":"kji_country","embeddable":true,"href":"https:\/\/kohenavocats.com\/ru\/wp-json\/wp\/v2\/kji_country?post=635502"},{"taxonomy":"kji_court","embeddable":true,"href":"https:\/\/kohenavocats.com\/ru\/wp-json\/wp\/v2\/kji_court?post=635502"},{"taxonomy":"kji_chamber","embeddable":true,"href":"https:\/\/kohenavocats.com\/ru\/wp-json\/wp\/v2\/kji_chamber?post=635502"},{"taxonomy":"kji_year","embeddable":true,"href":"https:\/\/kohenavocats.com\/ru\/wp-json\/wp\/v2\/kji_year?post=635502"},{"taxonomy":"kji_subject","embeddable":true,"href":"https:\/\/kohenavocats.com\/ru\/wp-json\/wp\/v2\/kji_subject?post=635502"},{"taxonomy":"kji_keyword","embeddable":true,"href":"https:\/\/kohenavocats.com\/ru\/wp-json\/wp\/v2\/kji_keyword?post=635502"},{"taxonomy":"kji_language","embeddable":true,"href":"https:\/\/kohenavocats.com\/ru\/wp-json\/wp\/v2\/kji_language?post=635502"}],"curies":[{"name":"wp","href":"https:\/\/api.w.org\/{rel}","templated":true}]}}