{"id":635608,"date":"2026-04-21T12:56:26","date_gmt":"2026-04-21T10:56:26","guid":{"rendered":"https:\/\/kohenavocats.com\/jurisprudences\/tribunal-federal-suisse-7-juin-2023-n-5a-387-2023\/"},"modified":"2026-04-21T12:56:26","modified_gmt":"2026-04-21T10:56:26","slug":"tribunal-federal-suisse-7-juin-2023-n-5a-387-2023","status":"publish","type":"kji_decision","link":"https:\/\/kohenavocats.com\/ru\/jurisprudences\/tribunal-federal-suisse-7-juin-2023-n-5a-387-2023\/","title":{"rendered":"Tribunal f\u00e9d\u00e9ral suisse, 7 juin 2023, n\u00b0 5A 387-2023"},"content":{"rendered":"<div class=\"kji-decision\">\n<div class=\"kji-full-text\">\n<p>Bundesgericht<\/p>\n<p>Tribunal f\u00e9d\u00e9ral<\/p>\n<p>Tribunale federale<\/p>\n<p>Tribunal federal<\/p>\n<p>5A_387\/2023<\/p>\n<p>Arr\u00eat du 7 juin 2023<\/p>\n<p>IIe Cour de droit civil<\/p>\n<p>Composition<\/p>\n<p>M. le Juge f\u00e9d\u00e9ral Herrmann, Pr\u00e9sident.<\/p>\n<p>Greffi\u00e8re : Mme Hildbrand.<\/p>\n<p>Participants \u00e0 la proc\u00e9dure<\/p>\n<p>A.A.________,<\/p>\n<p>recourante,<\/p>\n<p>contre<\/p>\n<p>Justice de paix du district de Nyon,<\/p>\n<p>rue Jules-Gachet 5, 1260 Nyon.<\/p>\n<p>Objet<\/p>\n<p>r\u00e9pudiation tardive dans la succession,<\/p>\n<p>recours contre l&#039;arr\u00eat de la Juge d\u00e9l\u00e9gu\u00e9e de la Chambre des recours civile du Tribunal cantonal du canton de Vaud du 27 avril 2023 (SU22.037565 &#8212; 230263 81).<\/p>\n<p>Consid\u00e9rant en fait et en droit :<\/p>\n<p>1.<\/p>\n<p>Par acte du 22 mai 2023, A.A.________ exerce un recours en mati\u00e8re civile au Tribunal f\u00e9d\u00e9ral contre l&#039;arr\u00eat rendu le 27 avril 2023 par la Juge d\u00e9l\u00e9gu\u00e9e de la Chambre des recours civile du Tribunal cantonal du canton de Vaud d\u00e9clarant irrecevable son recours contre le prononc\u00e9 du 2 f\u00e9vrier 2023 de la Justice de paix du district de Nyon dans la cause en r\u00e9pudiation tardive dans la succession de son oncle, feu B.A.________.<\/p>\n<p>2.<\/p>\n<p>Dans son \u00e9criture, la recourante se limite \u00e0 exposer son indigence et les motifs pour lesquels elle ne peut pas assumer financi\u00e8rement les &quot;affaires de son oncle&quot;. Elle rel\u00e8ve \u00e9galement ne pas avoir \u00e9t\u00e9 en mesure de s&#039;acquitter de l&#039;avance de frais de 100 fr. requise par l&#039;autorit\u00e9 pr\u00e9c\u00e9dente dans le d\u00e9lai imparti et avoir sollicit\u00e9 \u00e0 deux reprises une prolongation du d\u00e9lai de paiement \u00e0 fin avril 2023, sans succ\u00e8s. Elle ne produit toutefois aucune pi\u00e8ce susceptible d&#039;attester ses d\u00e9clarations. Par sa motivation, la recourante ne s&#039;en prend pas valablement aux motifs d&#039;irrecevabilit\u00e9 retenus dans l&#039;arr\u00eat querell\u00e9, admettant au contraire qu&#039;elle s&#039;est finalement acquitt\u00e9e tardivement de l&#039;avance de frais. Il s&#039;ensuit que le recours ne satisfait manifestement pas aux exigences de l&#039;art. 42 al. 1 et 2 LTF, l&#039;\u00e9criture de recours ne comportant de surcro\u00eet pas de conclusions.<\/p>\n<p>3.<\/p>\n<p>Le recours doit donc \u00eatre d\u00e9clar\u00e9 d&#039;embl\u00e9e irrecevable selon la proc\u00e9dure simplifi\u00e9e de l&#039;art. 108 al. 1 let. a et b LTF. A u vu des circonstances, il se justifie de statuer sans frais (art. 66 al. 1, 2\u00e8me phr., LTF).<\/p>\n<p>Par ces motifs, le Pr\u00e9sident prononce :<\/p>\n<p>1.<\/p>\n<p>Le recours est irrecevable.<\/p>\n<p>2.<\/p>\n<p>Il n&#039;est pas per\u00e7u de frais judiciaires.<\/p>\n<p>3.<\/p>\n<p>Le pr\u00e9sent arr\u00eat est communiqu\u00e9 \u00e0 la recourante, \u00e0 la Justice de paix du district de Nyon et \u00e0 la Juge d\u00e9l\u00e9gu\u00e9e de la Chambre des recours civile du Tribunal cantonal du canton de Vaud.<\/p>\n<p>Lausanne, le 7 juin 2023<\/p>\n<p>Au nom de la IIe Cour de droit civil<\/p>\n<p>du Tribunal f\u00e9d\u00e9ral suisse<\/p>\n<p>Le Pr\u00e9sident : Herrmann<\/p>\n<p>La Greffi\u00e8re : Hildbrand<\/p>\n<\/div>\n<hr class=\"kji-sep\" \/>\n<p class=\"kji-source-links\"><strong>Sources officielles :<\/strong> <a class=\"kji-source-link\" href=\"https:\/\/search.bger.ch\/ext\/eurospider\/live\/fr\/php\/aza\/http\/index.php?lang=fr&#038;type=highlight_simple_query&#038;page=7&#038;from_date=&#038;to_date=&#038;sort=relevance&#038;insertion_date=&#038;top_subcollection_aza=all&#038;query_words=succession&#038;rank=63&#038;azaclir=aza&#038;highlight_docid=aza%3A%2F%2F07-06-2023-5A_387-2023&#038;number_of_ranks=1589\" target=\"_blank\" rel=\"noopener noreferrer\">consulter la page source<\/a><\/p>\n<p class=\"kji-license-note\"><em>Source officielle Tribunal federal suisse. Contenu HTML public, PDF non garanti en version gratuite.<\/em><\/p>\n<\/div>\n","protected":false},"excerpt":{"rendered":"<p>Bundesgericht Tribunal f\u00e9d\u00e9ral Tribunale federale Tribunal federal 5A_387\/2023 Arr\u00eat du 7 juin 2023 IIe Cour de droit civil Composition M. le Juge f\u00e9d\u00e9ral Herrmann, Pr\u00e9sident. Greffi\u00e8re : Mme Hildbrand. Participants \u00e0 la proc\u00e9dure A.A.________, recourante, contre Justice de paix du district de Nyon, rue Jules-Gachet 5, 1260 Nyon. Objet r\u00e9pudiation tardive dans la succession, recours&#8230;<\/p>\n","protected":false},"featured_media":0,"template":"","meta":{"_crdt_document":""},"kji_country":[9676],"kji_court":[9677],"kji_chamber":[9798],"kji_year":[24566],"kji_subject":[7724],"kji_keyword":[9799,9679,9680,7636],"kji_language":[7733],"class_list":["post-635608","kji_decision","type-kji_decision","status-publish","hentry","kji_country-suisse","kji_court-tribunal-federal-suisse","kji_chamber-cour-de-droit-civil","kji_year-24566","kji_subject-civil","kji_keyword-bundesgericht","kji_keyword-federal","kji_keyword-suisse","kji_keyword-tribunal","kji_language-francais"],"yoast_head":"<!-- This site is optimized with the Yoast SEO Premium plugin v27.4 (Yoast SEO v27.4) - https:\/\/yoast.com\/product\/yoast-seo-premium-wordpress\/ -->\n<title>Tribunal f\u00e9d\u00e9ral suisse, 7 juin 2023, n\u00b0 5A 387-2023 - Ma\u00eetre Hassan Kohen, avocat en droit p\u00e9nal \u00e0 Paris<\/title>\n<meta name=\"robots\" content=\"index, follow, max-snippet:-1, max-image-preview:large, max-video-preview:-1\" \/>\n<link rel=\"canonical\" href=\"https:\/\/kohenavocats.com\/ru\/jurisprudences\/tribunal-federal-suisse-7-juin-2023-n-5a-387-2023\/\" \/>\n<meta property=\"og:locale\" content=\"ru_RU\" \/>\n<meta property=\"og:type\" content=\"article\" \/>\n<meta property=\"og:title\" content=\"Tribunal f\u00e9d\u00e9ral suisse, 7 juin 2023, n\u00b0 5A 387-2023\" \/>\n<meta property=\"og:description\" content=\"Bundesgericht Tribunal f\u00e9d\u00e9ral Tribunale federale Tribunal federal 5A_387\/2023 Arr\u00eat du 7 juin 2023 IIe Cour de droit civil Composition M. le Juge f\u00e9d\u00e9ral Herrmann, Pr\u00e9sident. Greffi\u00e8re : Mme Hildbrand. Participants \u00e0 la proc\u00e9dure A.A.________, recourante, contre Justice de paix du district de Nyon, rue Jules-Gachet 5, 1260 Nyon. Objet r\u00e9pudiation tardive dans la succession, recours...\" \/>\n<meta property=\"og:url\" content=\"https:\/\/kohenavocats.com\/ru\/jurisprudences\/tribunal-federal-suisse-7-juin-2023-n-5a-387-2023\/\" \/>\n<meta property=\"og:site_name\" content=\"Ma\u00eetre Hassan Kohen, avocat en droit p\u00e9nal \u00e0 Paris\" \/>\n<meta name=\"twitter:card\" content=\"summary_large_image\" \/>\n<meta name=\"twitter:label1\" content=\"\u041f\u0440\u0438\u043c\u0435\u0440\u043d\u043e\u0435 \u0432\u0440\u0435\u043c\u044f \u0434\u043b\u044f \u0447\u0442\u0435\u043d\u0438\u044f\" \/>\n\t<meta name=\"twitter:data1\" content=\"2 \u043c\u0438\u043d\u0443\u0442\u044b\" \/>\n<script type=\"application\/ld+json\" class=\"yoast-schema-graph\">{\"@context\":\"https:\\\/\\\/schema.org\",\"@graph\":[{\"@type\":\"WebPage\",\"@id\":\"https:\\\/\\\/kohenavocats.com\\\/ru\\\/jurisprudences\\\/tribunal-federal-suisse-7-juin-2023-n-5a-387-2023\\\/\",\"url\":\"https:\\\/\\\/kohenavocats.com\\\/ru\\\/jurisprudences\\\/tribunal-federal-suisse-7-juin-2023-n-5a-387-2023\\\/\",\"name\":\"Tribunal f\u00e9d\u00e9ral suisse, 7 juin 2023, n\u00b0 5A 387-2023 - Ma\u00eetre Hassan Kohen, avocat en droit p\u00e9nal \u00e0 Paris\",\"isPartOf\":{\"@id\":\"https:\\\/\\\/kohenavocats.com\\\/ru\\\/#website\"},\"datePublished\":\"2026-04-21T10:56:26+00:00\",\"breadcrumb\":{\"@id\":\"https:\\\/\\\/kohenavocats.com\\\/ru\\\/jurisprudences\\\/tribunal-federal-suisse-7-juin-2023-n-5a-387-2023\\\/#breadcrumb\"},\"inLanguage\":\"ru-RU\",\"potentialAction\":[{\"@type\":\"ReadAction\",\"target\":[\"https:\\\/\\\/kohenavocats.com\\\/ru\\\/jurisprudences\\\/tribunal-federal-suisse-7-juin-2023-n-5a-387-2023\\\/\"]}]},{\"@type\":\"BreadcrumbList\",\"@id\":\"https:\\\/\\\/kohenavocats.com\\\/ru\\\/jurisprudences\\\/tribunal-federal-suisse-7-juin-2023-n-5a-387-2023\\\/#breadcrumb\",\"itemListElement\":[{\"@type\":\"ListItem\",\"position\":1,\"name\":\"Home\",\"item\":\"https:\\\/\\\/kohenavocats.com\\\/ru\\\/avocats-en-droit-penal-a-paris-conseil-et-defense-strategique\\\/\"},{\"@type\":\"ListItem\",\"position\":2,\"name\":\"Jurisprudences\",\"item\":\"https:\\\/\\\/kohenavocats.com\\\/ru\\\/jurisprudences\\\/\"},{\"@type\":\"ListItem\",\"position\":3,\"name\":\"Tribunal f\u00e9d\u00e9ral suisse, 7 juin 2023, n\u00b0 5A 387-2023\"}]},{\"@type\":\"WebSite\",\"@id\":\"https:\\\/\\\/kohenavocats.com\\\/ru\\\/#website\",\"url\":\"https:\\\/\\\/kohenavocats.com\\\/ru\\\/\",\"name\":\"Kohen Avocats\",\"description\":\"Ma\u00eetre Hassan Kohen, avocat p\u00e9naliste \u00e0 Paris, intervient exclusivement en droit p\u00e9nal pour la d\u00e9fense des particuliers, notamment en mati\u00e8re d\u2019accusations de viol. Il assure un accompagnement rigoureux d\u00e8s la garde \u00e0 vue jusqu\u2019\u00e0 la Cour d\u2019assises, veillant au strict respect des garanties proc\u00e9durales.\",\"publisher\":{\"@id\":\"https:\\\/\\\/kohenavocats.com\\\/ru\\\/#organization\"},\"potentialAction\":[{\"@type\":\"SearchAction\",\"target\":{\"@type\":\"EntryPoint\",\"urlTemplate\":\"https:\\\/\\\/kohenavocats.com\\\/ru\\\/?s={search_term_string}\"},\"query-input\":{\"@type\":\"PropertyValueSpecification\",\"valueRequired\":true,\"valueName\":\"search_term_string\"}}],\"inLanguage\":\"ru-RU\"},{\"@type\":\"Organization\",\"@id\":\"https:\\\/\\\/kohenavocats.com\\\/ru\\\/#organization\",\"name\":\"Kohen Avocats\",\"url\":\"https:\\\/\\\/kohenavocats.com\\\/ru\\\/\",\"logo\":{\"@type\":\"ImageObject\",\"inLanguage\":\"ru-RU\",\"@id\":\"https:\\\/\\\/kohenavocats.com\\\/ru\\\/#\\\/schema\\\/logo\\\/image\\\/\",\"url\":\"https:\\\/\\\/kohenavocats.com\\\/wp-content\\\/uploads\\\/2026\\\/01\\\/Logo-2-1.webp\",\"contentUrl\":\"https:\\\/\\\/kohenavocats.com\\\/wp-content\\\/uploads\\\/2026\\\/01\\\/Logo-2-1.webp\",\"width\":2114,\"height\":1253,\"caption\":\"Kohen Avocats\"},\"image\":{\"@id\":\"https:\\\/\\\/kohenavocats.com\\\/ru\\\/#\\\/schema\\\/logo\\\/image\\\/\"}}]}<\/script>\n<!-- \/ Yoast SEO Premium plugin. -->","yoast_head_json":{"title":"Tribunal f\u00e9d\u00e9ral suisse, 7 juin 2023, n\u00b0 5A 387-2023 - Ma\u00eetre Hassan Kohen, avocat en droit p\u00e9nal \u00e0 Paris","robots":{"index":"index","follow":"follow","max-snippet":"max-snippet:-1","max-image-preview":"max-image-preview:large","max-video-preview":"max-video-preview:-1"},"canonical":"https:\/\/kohenavocats.com\/ru\/jurisprudences\/tribunal-federal-suisse-7-juin-2023-n-5a-387-2023\/","og_locale":"ru_RU","og_type":"article","og_title":"Tribunal f\u00e9d\u00e9ral suisse, 7 juin 2023, n\u00b0 5A 387-2023","og_description":"Bundesgericht Tribunal f\u00e9d\u00e9ral Tribunale federale Tribunal federal 5A_387\/2023 Arr\u00eat du 7 juin 2023 IIe Cour de droit civil Composition M. le Juge f\u00e9d\u00e9ral Herrmann, Pr\u00e9sident. Greffi\u00e8re : Mme Hildbrand. Participants \u00e0 la proc\u00e9dure A.A.________, recourante, contre Justice de paix du district de Nyon, rue Jules-Gachet 5, 1260 Nyon. Objet r\u00e9pudiation tardive dans la succession, recours...","og_url":"https:\/\/kohenavocats.com\/ru\/jurisprudences\/tribunal-federal-suisse-7-juin-2023-n-5a-387-2023\/","og_site_name":"Ma\u00eetre Hassan Kohen, avocat en droit p\u00e9nal \u00e0 Paris","twitter_card":"summary_large_image","twitter_misc":{"\u041f\u0440\u0438\u043c\u0435\u0440\u043d\u043e\u0435 \u0432\u0440\u0435\u043c\u044f \u0434\u043b\u044f \u0447\u0442\u0435\u043d\u0438\u044f":"2 \u043c\u0438\u043d\u0443\u0442\u044b"},"schema":{"@context":"https:\/\/schema.org","@graph":[{"@type":"WebPage","@id":"https:\/\/kohenavocats.com\/ru\/jurisprudences\/tribunal-federal-suisse-7-juin-2023-n-5a-387-2023\/","url":"https:\/\/kohenavocats.com\/ru\/jurisprudences\/tribunal-federal-suisse-7-juin-2023-n-5a-387-2023\/","name":"Tribunal f\u00e9d\u00e9ral suisse, 7 juin 2023, n\u00b0 5A 387-2023 - Ma\u00eetre Hassan Kohen, avocat en droit p\u00e9nal \u00e0 Paris","isPartOf":{"@id":"https:\/\/kohenavocats.com\/ru\/#website"},"datePublished":"2026-04-21T10:56:26+00:00","breadcrumb":{"@id":"https:\/\/kohenavocats.com\/ru\/jurisprudences\/tribunal-federal-suisse-7-juin-2023-n-5a-387-2023\/#breadcrumb"},"inLanguage":"ru-RU","potentialAction":[{"@type":"ReadAction","target":["https:\/\/kohenavocats.com\/ru\/jurisprudences\/tribunal-federal-suisse-7-juin-2023-n-5a-387-2023\/"]}]},{"@type":"BreadcrumbList","@id":"https:\/\/kohenavocats.com\/ru\/jurisprudences\/tribunal-federal-suisse-7-juin-2023-n-5a-387-2023\/#breadcrumb","itemListElement":[{"@type":"ListItem","position":1,"name":"Home","item":"https:\/\/kohenavocats.com\/ru\/avocats-en-droit-penal-a-paris-conseil-et-defense-strategique\/"},{"@type":"ListItem","position":2,"name":"Jurisprudences","item":"https:\/\/kohenavocats.com\/ru\/jurisprudences\/"},{"@type":"ListItem","position":3,"name":"Tribunal f\u00e9d\u00e9ral suisse, 7 juin 2023, n\u00b0 5A 387-2023"}]},{"@type":"WebSite","@id":"https:\/\/kohenavocats.com\/ru\/#website","url":"https:\/\/kohenavocats.com\/ru\/","name":"Kohen Avocats","description":"Ma\u00eetre Hassan Kohen, avocat p\u00e9naliste \u00e0 Paris, intervient exclusivement en droit p\u00e9nal pour la d\u00e9fense des particuliers, notamment en mati\u00e8re d\u2019accusations de viol. Il assure un accompagnement rigoureux d\u00e8s la garde \u00e0 vue jusqu\u2019\u00e0 la Cour d\u2019assises, veillant au strict respect des garanties proc\u00e9durales.","publisher":{"@id":"https:\/\/kohenavocats.com\/ru\/#organization"},"potentialAction":[{"@type":"SearchAction","target":{"@type":"EntryPoint","urlTemplate":"https:\/\/kohenavocats.com\/ru\/?s={search_term_string}"},"query-input":{"@type":"PropertyValueSpecification","valueRequired":true,"valueName":"search_term_string"}}],"inLanguage":"ru-RU"},{"@type":"Organization","@id":"https:\/\/kohenavocats.com\/ru\/#organization","name":"Kohen Avocats","url":"https:\/\/kohenavocats.com\/ru\/","logo":{"@type":"ImageObject","inLanguage":"ru-RU","@id":"https:\/\/kohenavocats.com\/ru\/#\/schema\/logo\/image\/","url":"https:\/\/kohenavocats.com\/wp-content\/uploads\/2026\/01\/Logo-2-1.webp","contentUrl":"https:\/\/kohenavocats.com\/wp-content\/uploads\/2026\/01\/Logo-2-1.webp","width":2114,"height":1253,"caption":"Kohen Avocats"},"image":{"@id":"https:\/\/kohenavocats.com\/ru\/#\/schema\/logo\/image\/"}}]}},"jetpack_likes_enabled":false,"jetpack_sharing_enabled":true,"_links":{"self":[{"href":"https:\/\/kohenavocats.com\/ru\/wp-json\/wp\/v2\/kji_decision\/635608","targetHints":{"allow":["GET"]}}],"collection":[{"href":"https:\/\/kohenavocats.com\/ru\/wp-json\/wp\/v2\/kji_decision"}],"about":[{"href":"https:\/\/kohenavocats.com\/ru\/wp-json\/wp\/v2\/types\/kji_decision"}],"wp:attachment":[{"href":"https:\/\/kohenavocats.com\/ru\/wp-json\/wp\/v2\/media?parent=635608"}],"wp:term":[{"taxonomy":"kji_country","embeddable":true,"href":"https:\/\/kohenavocats.com\/ru\/wp-json\/wp\/v2\/kji_country?post=635608"},{"taxonomy":"kji_court","embeddable":true,"href":"https:\/\/kohenavocats.com\/ru\/wp-json\/wp\/v2\/kji_court?post=635608"},{"taxonomy":"kji_chamber","embeddable":true,"href":"https:\/\/kohenavocats.com\/ru\/wp-json\/wp\/v2\/kji_chamber?post=635608"},{"taxonomy":"kji_year","embeddable":true,"href":"https:\/\/kohenavocats.com\/ru\/wp-json\/wp\/v2\/kji_year?post=635608"},{"taxonomy":"kji_subject","embeddable":true,"href":"https:\/\/kohenavocats.com\/ru\/wp-json\/wp\/v2\/kji_subject?post=635608"},{"taxonomy":"kji_keyword","embeddable":true,"href":"https:\/\/kohenavocats.com\/ru\/wp-json\/wp\/v2\/kji_keyword?post=635608"},{"taxonomy":"kji_language","embeddable":true,"href":"https:\/\/kohenavocats.com\/ru\/wp-json\/wp\/v2\/kji_language?post=635608"}],"curies":[{"name":"wp","href":"https:\/\/api.w.org\/{rel}","templated":true}]}}