{"id":635742,"date":"2026-04-21T13:11:39","date_gmt":"2026-04-21T11:11:39","guid":{"rendered":"https:\/\/kohenavocats.com\/jurisprudences\/tribunal-federal-suisse-6-juin-2023-n-6b-14-2022\/"},"modified":"2026-04-21T13:11:39","modified_gmt":"2026-04-21T11:11:39","slug":"tribunal-federal-suisse-6-juin-2023-n-6b-14-2022","status":"publish","type":"kji_decision","link":"https:\/\/kohenavocats.com\/ru\/jurisprudences\/tribunal-federal-suisse-6-juin-2023-n-6b-14-2022\/","title":{"rendered":"Tribunal f\u00e9d\u00e9ral suisse, 6 juin 2023, n\u00b0 6B 14-2022"},"content":{"rendered":"<div class=\"kji-decision\">\n<div class=\"kji-full-text\">\n<p>Bundesgericht<\/p>\n<p>Tribunal f\u00e9d\u00e9ral<\/p>\n<p>Tribunale federale<\/p>\n<p>Tribunal federal<\/p>\n<p>6B_14\/2022<\/p>\n<p>Arr\u00eat du 6 juin 2023<\/p>\n<p>Cour de droit p\u00e9nal<\/p>\n<p>Composition<\/p>\n<p>MM. et Mme les Juges f\u00e9d\u00e9raux Denys,<\/p>\n<p>Juge pr\u00e9sidant, Muschietti et Koch.<\/p>\n<p>Greffier : M. Dyens.<\/p>\n<p>Participants \u00e0 la proc\u00e9dure<\/p>\n<p>A.________,<\/p>\n<p>recourante,<\/p>\n<p>contre<\/p>\n<p>Minist\u00e8re public central du canton de Vaud, avenue de Longemalle 1, 1020 Renens VD,<\/p>\n<p>intim\u00e9.<\/p>\n<p>Objet<\/p>\n<p>Ordonnance de classement (irrecevabilit\u00e9 du recours cantonal; d\u00e9faut de paiement de l&#039;avance de frais),<\/p>\n<p>recours contre l&#039;arr\u00eat du Tribunal cantonal du<\/p>\n<p>canton de Vaud, Chambre des recours p\u00e9nale,<\/p>\n<p>du 18 novembre 2021 (n\u00b0 992 PE19.021545-JBC).<\/p>\n<p>Faits :<\/p>\n<p>A.<\/p>\n<p>Par ordonnance du 14 juillet 2021, le Minist\u00e8re public de l&#039;arrondissement de La C\u00f4te a class\u00e9 la proc\u00e9dure p\u00e9nale diligent\u00e9e contre B.________ pour appropriation ill\u00e9gitime, vol et dommages \u00e0 la propri\u00e9t\u00e9, ensuite de la plainte p\u00e9nale d\u00e9pos\u00e9e \u00e0 l&#039;encontre de cette derni\u00e8re par A.________. Il a allou\u00e9 \u00e0 B.________ un montant de 2368 fr. 30, TVA et d\u00e9bours compris, \u00e0 titre d&#039;indemnit\u00e9 pour les d\u00e9penses occasionn\u00e9es pour l&#039;exercice raisonnable de ses droits de proc\u00e9dure au sens de l&#039;art. 429 al. 1 let. c CPP, a dit que A.________ devait rembourser l&#039;indemnit\u00e9 de 2368 fr. 30 allou\u00e9e \u00e0 B.________ en application de l&#039;action r\u00e9cursoire de l&#039;art. 420 CPP et a laiss\u00e9 les frais de la proc\u00e9dure \u00e0 la charge de l&#039;Etat.<\/p>\n<p>B.<\/p>\n<p>Par arr\u00eat du 18 novembre 2021, la Chambre des recours p\u00e9nale du Tribunal cantonal vaudois a d\u00e9clar\u00e9 irrecevable, pour d\u00e9faut de paiement des s\u00fbret\u00e9s, le recours interjet\u00e9 par A.________ \u00e0 l&#039;encontre de l&#039;ordonnance pr\u00e9cit\u00e9e.<\/p>\n<p>Les faits pris en compte par la Chambre des recours p\u00e9nale sont en substance les suivants.<\/p>\n<p>Ensuite du recours form\u00e9 par acte du 30 juillet 2021 par A.________, dite autorit\u00e9 a invit\u00e9 cette derni\u00e8re, par avis du 25 ao\u00fbt 2021, \u00e0 effectuer, dans un d\u00e9lai au 14 septembre 2021, un d\u00e9p\u00f4t de 550 fr. \u00e0 titre de s\u00fbret\u00e9s pour les frais qui pourraient \u00eatre mis \u00e0 sa charge en cas de rejet ou d&#039;irrecevabilit\u00e9 du recours. Cet avis comprenait en outre l&#039;indication qu&#039;\u00e0 d\u00e9faut de paiement des s\u00fbret\u00e9s en temps utile, il ne serait pas entr\u00e9 en mati\u00e8re sur le recours.<\/p>\n<p>L&#039;avis est arriv\u00e9 le 30 ao\u00fbt 2021 \u00e0 l&#039;office de retrait postal, date \u00e0 partir de laquelle il \u00e9tait pr\u00eat au retrait et o\u00f9 il a \u00e9t\u00e9 conserv\u00e9, en poste restante.<\/p>\n<p>Le 1 er octobre 2021, le pli recommand\u00e9 contenant cet avis a \u00e9t\u00e9 retourn\u00e9 \u00e0 l&#039;exp\u00e9diteur, qui l&#039;a effectivement re\u00e7u le 5 octobre 2021 avec la mention &quot;non r\u00e9clam\u00e9&quot;.<\/p>\n<p>A.________ n&#039;a pas vers\u00e9 les s\u00fbret\u00e9s de 550 fr. dans le d\u00e9lai imparti, en foi de quoi son recours a \u00e9t\u00e9 d\u00e9clar\u00e9 irrecevable.<\/p>\n<p>C.<\/p>\n<p>A.________ forme un recours en mati\u00e8re p\u00e9nale au Tribunal f\u00e9d\u00e9ral contre l&#039;arr\u00eat rendu le 18 novembre 2021 par la Chambre des recours p\u00e9nale du Tribunal cantonal vaudois. Elle conclut en substance \u00e0 l&#039;annulation de l&#039;arr\u00eat attaqu\u00e9 et \u00e0 ce que son recours cantonal soit d\u00e9clar\u00e9 recevable et trait\u00e9 par l&#039;autorit\u00e9 pr\u00e9c\u00e9dente. Elle sollicite le b\u00e9n\u00e9fice de l&#039;assistance judiciaire.<\/p>\n<p>Consid\u00e9rant en droit :<\/p>\n<p>1.<\/p>\n<p>On comprend que la recourante se plaint d&#039;une violation des art. 85 al. 4 let. a CPP et 383 CPP et conteste les constatations cantonales concernant la notification de l&#039;avis du 25 ao\u00fbt 2021 l&#039;invitant \u00e0 effectuer, dans un d\u00e9lai au 14 septembre 2021, un d\u00e9p\u00f4t de 550 fr. \u00e0 titre de suret\u00e9s.<\/p>\n<p>1.1. A teneur de l&#039;art. 383 CPP, la direction de la proc\u00e9dure de l&#039;autorit\u00e9 de recours peut astreindre la partie plaignante \u00e0 fournir des s\u00fbret\u00e9s dans un d\u00e9lai d\u00e9termin\u00e9 pour couvrir les frais et indemnit\u00e9s \u00e9ventuels (al. 1). Si les s\u00fbret\u00e9s ne sont pas fournies dans le d\u00e9lai imparti, l&#039;autorit\u00e9 de recours n&#039;entre pas en mati\u00e8re sur le recours (al. 2).<\/p>\n<p>1.2. Selon l&#039;art. 85 al. 4 let. a CPP, un prononc\u00e9 est \u00e9galement r\u00e9put\u00e9 notifi\u00e9 lorsque, exp\u00e9di\u00e9 par lettre signature, il n&#039;a pas \u00e9t\u00e9 retir\u00e9 dans les sept jours \u00e0 compter de la tentative infructueuse de remise du pli, si la personne concern\u00e9e devait s&#039;attendre \u00e0 une telle remise.<\/p>\n<p>1.2.1. De jurisprudence constante, celui qui se sait partie \u00e0 une proc\u00e9dure judiciaire et qui doit d\u00e8s lors s&#039;attendre \u00e0 recevoir notification d&#039;actes du juge est tenu de relever son courrier ou, s&#039;il s&#039;absente de son domicile, de prendre des dispositions pour que celui-ci lui parvienne n\u00e9anmoins. A ce d\u00e9faut, il est r\u00e9put\u00e9 avoir eu, \u00e0 l&#039;\u00e9ch\u00e9ance du d\u00e9lai de garde, connaissance du contenu des plis recommand\u00e9s que le juge lui adresse. Une telle obligation signifie que le destinataire doit, le cas \u00e9ch\u00e9ant, d\u00e9signer un repr\u00e9sentant, faire suivre son courrier, informer les autorit\u00e9s de son absence ou leur indiquer une adresse de notification (ATF 146 IV 30 consid. 1.1.2; 141 II 429 consid. 3.1; 139 IV 228 consid. 1.1 et les r\u00e9f\u00e9rences cit\u00e9es). En outre, selon la jurisprudence \u00e9galement, des accords particuliers avec la Poste ne permettent pas de repousser l&#039;\u00e9ch\u00e9ance de la notification, r\u00e9put\u00e9e intervenue \u00e0 l&#039;\u00e9ch\u00e9ance du d\u00e9lai de sept jours. L&#039;ordre donn\u00e9 au bureau de poste de conserver les envois ne constitue pas une mesure appropri\u00e9e afin que les communications de l&#039;autorit\u00e9 puissent \u00eatre notifi\u00e9es (ATF 141 II 429 consid. 3.1 p. 432 et arr\u00eats cit\u00e9s; cf. aussi parmi d&#039;autres arr\u00eat 6B_1321\/2019 du 15 janvier 2020 consid. 1). Cette jurisprudence s&#039;applique \u00e9galement lorsque l&#039;envoi est adress\u00e9 en poste restante (arr\u00eats 6B_1321\/2019 pr\u00e9cit\u00e9 consid. 1; 6B_1119\/2018 du 23 novembre 2018; 6B_342\/2014 du 15 avril 2014 consid. 2.2; 9C_1055\/2008 du 2 f\u00e9vrier 2009).<\/p>\n<p>1.2.2. Lorsqu&#039;une partie communique \u00e0 l&#039;autorit\u00e9 une adresse de notification, la communication doit en principe intervenir \u00e0 l&#039;adresse donn\u00e9e, sous peine d&#039;\u00eatre irr\u00e9guli\u00e8re (ATF 144 IV 64 consid. 2.3; 139 IV 228 consid. 1.2).<\/p>\n<p>1.2.3. De jurisprudence constante, le fardeau de la preuve de la notification et de la date de celle-ci incombe en principe \u00e0 l&#039;autorit\u00e9 qui entend en tirer une cons\u00e9quence juridique. L&#039;autorit\u00e9 supporte donc les cons\u00e9quences de l&#039;absence de preuve en ce sens que si la notification ou sa date sont contest\u00e9es et qu&#039;il existe effectivement un doute \u00e0 ce sujet, il y a lieu de se fonder sur les d\u00e9clarations du destinataire de l&#039;envoi. La preuve de la notification peut n\u00e9anmoins r\u00e9sulter d&#039;autres indices ou de l&#039;ensemble des circonstances, par exemple un \u00e9change de correspondance ult\u00e9rieur ou le comportement du destinataire (ATF 142 IV 125 consid. 4.3 p. 128 et les arr\u00eats cit\u00e9s).<\/p>\n<p>1.3. En l&#039;esp\u00e8ce, il ressort de l&#039;arr\u00eat attaqu\u00e9 que l&#039;avis du 25 ao\u00fbt 2021 impartissant \u00e0 la recourante un d\u00e9lai au 14 septembre suivant pour verser les s\u00fbret\u00e9s requises a \u00e9t\u00e9 adress\u00e9 \u00e0 cette derni\u00e8re par pli recommand\u00e9. Les juges pr\u00e9c\u00e9dents ont \u00e9galement relev\u00e9 que le suivi des envois de la Poste indiquait que le pli en question \u00e9tait arriv\u00e9, comme d\u00e9j\u00e0 relev\u00e9 plus haut, le 30 ao\u00fbt 2021 \u00e0 l&#039;office de retrait, tout en ajoutant que, conform\u00e9ment aux instructions de la destinataire, soit de la recourante, ce pli avait \u00e9t\u00e9 conserv\u00e9 en poste restante jusqu&#039;au 1er octobre 2021. Il avait alors \u00e9t\u00e9 retourn\u00e9 \u00e0 l&#039;exp\u00e9diteur. Ainsi, pour la cour cantonale, le prononc\u00e9 en cause \u00e9tait r\u00e9put\u00e9, au regard de la jurisprudence topique, avoir \u00e9t\u00e9 notifi\u00e9 le septi\u00e8me jour \u00e0 compter de la tentative infructueuse de la remise du pli, soit en l&#039;occurrence le 6 septembre 2021, c&#039;est-\u00e0-dire le septi\u00e8me jour suivant le 30 ao\u00fbt 2021. Dans la mesure o\u00f9 la recourante avait d\u00e9pos\u00e9 plainte et avait recouru contre l&#039;ordonnance de classement du 14 juillet 2021, elle se savait \u00e0 l&#039;\u00e9vidence partie \u00e0 la proc\u00e9dure et devait s&#039;attendre \u00e0 recevoir la notification d&#039;actes du juge et prendre les dispositions pour que ceux-ci lui parviennent. Il lui appartenait de faire le n\u00e9cessaire \u00e0 cet effet. Ainsi, faute de suret\u00e9s vers\u00e9es dans le d\u00e9lai requis, le recours devait \u00eatre d\u00e9clar\u00e9 irrecevable.<\/p>\n<p>1.4. La recourante objecte qu&#039;elle n&#039;a jamais re\u00e7u le pli recommand\u00e9 contenant l&#039;avis du 25 ao\u00fbt 2021. Elle fait valoir que celui-ci lui a \u00e9t\u00e9 adress\u00e9 \u00e0 une fausse adresse. Or, il appara\u00eet que, comme le fait valoir la recourante, son recours cantonal comporte en premi\u00e8re page son nom et l&#039;indication d&#039;une adresse, soit &quot;Case postale xxx, U.________&quot; et que la m\u00eame adresse appara\u00eet au dos de l&#039;enveloppe ayant contenu ledit recours (cf. pi\u00e8ce 37). L&#039;avis du 25 ao\u00fbt 2021 a toutefois \u00e9t\u00e9 adress\u00e9 \u00e0 &quot;Poste restante, V.________&quot;, correspondant certes \u00e0 l&#039;adresse qu&#039;avait indiqu\u00e9e la recourante dans sa plainte p\u00e9nale (cf. pi\u00e8ce 4) et qu&#039;elle a utilis\u00e9e par la suite (cf. p. ex. pi\u00e8ces 7 et 9), mais qui n&#039;en demeure pas moins diff\u00e9rente de celle indiqu\u00e9e par la recourante sur son acte de recours cantonal (cf. pi\u00e8ce 38). Il ressort en outre du dossier que l&#039;arr\u00eat attaqu\u00e9 a \u00e9t\u00e9 notifi\u00e9 \u00e0 la recourante \u00e0 l&#039;adresse &quot;Case postale xxx, U.________&quot; et que (cf. art. 99 LTF) cette derni\u00e8re et la cour cantonale ont par la suite correspondu par le biais de cette adresse (pi\u00e8ces 39 et 40). Il en ressort aussi (cf. art. 99 LTF), que la Poste lui a confirm\u00e9 par courriel qu&#039;elle avait fait garder son courrier durant une p\u00e9riode comprise entre le 3 septembre et le 22 septembre 2021 et ce pour deux adresses, soit &quot;Rue W.________, X.________&quot;, et &quot;Case postale xxx, U.________&quot; (cf. pi\u00e8ce 39\/2), sans qu&#039;il soit question de l&#039;adresse &quot;Poste restante, V.________&quot;.<\/p>\n<p>En tout \u00e9tat, les \u00e9l\u00e9ments pr\u00e9cit\u00e9s ne permettent pas de retenir que le pli contenant l&#039;avis du 25 ao\u00fbt 2021 est arriv\u00e9 \u00e0 l&#039;office de retrait le 30 ao\u00fbt suivant, compte tenu de la divergence d&#039;adresses susmentionn\u00e9e. Ces m\u00eames \u00e9l\u00e9ments ne permettent pas non plus, d\u00e8s lors, de retenir que l&#039;avis en cause a \u00e9t\u00e9 valablement notifi\u00e9 \u00e0 la recourante, \u00e0 l&#039;adresse d\u00e9sign\u00e9e par elle dans son acte de recours. On ne peut pas non plus se convaincre, au regard de ce qui pr\u00e9c\u00e8de, que le pli en question lui a \u00e9t\u00e9 notifi\u00e9 durant une p\u00e9riode pendant laquelle elle avait fait garder son courrier. Dans ces circonstances, la cour cantonale n&#039;\u00e9tait pas fond\u00e9e \u00e0 faire application de la fiction de notification pr\u00e9vue par l&#039;art. 85 al. 4 let. a CPP pour ensuite d\u00e9clarer le recours irrecevable faute de versement des s\u00fbret\u00e9s en temps utile, en vertu de l&#039;art. 383 al. 2 CPP. Les griefs de la recourante s&#039;av\u00e8rent ainsi fond\u00e9s et le recours doit \u00eatre admis.<\/p>\n<p>2.<\/p>\n<p>Le recours doit \u00eatre admis, l&#039;arr\u00eat attaqu\u00e9 annul\u00e9 et la cause renvoy\u00e9e \u00e0 la cour cantonale. Au regard de la nature essentiellement proc\u00e9durale du vice examin\u00e9 et dans la mesure o\u00f9 le Tribunal f\u00e9d\u00e9ral n&#039;a pas trait\u00e9 la cause sur le fond, ne pr\u00e9jugeant ainsi pas de l&#039;issue de la cause, il peut \u00eatre proc\u00e9d\u00e9 au renvoi sans ordonner pr\u00e9alablement un \u00e9change d&#039;\u00e9critures (cf. ATF 133 IV 293 consid. 3.4.2 p. 296).<\/p>\n<p>La recourante, qui obtient gain de cause, ne supporte pas de frais judiciaires (art. 66 al. 1 LTF), le canton de Vaud \u00e9tant dispens\u00e9 de tout frais (art. 66 al. 4 LTF). Il n&#039;y a pas lieu d&#039;allouer des d\u00e9pens \u00e0 la recourante, d\u00e8s lors qu&#039;elle a proc\u00e9d\u00e9 seule. Sa demande d&#039;assistance judiciaire est sans objet (art. 64 al. 2 LTF).<\/p>\n<p>Par ces motifs, le Tribunal f\u00e9d\u00e9ral prononce :<\/p>\n<p>1.<\/p>\n<p>Le recours est admis, l&#039;arr\u00eat attaqu\u00e9 est annul\u00e9 et la cause est renvoy\u00e9e \u00e0 la cour cantonale pour nouvelle d\u00e9cision.<\/p>\n<p>2.<\/p>\n<p>Il n&#039;est pas per\u00e7u de frais judiciaires ni allou\u00e9 de d\u00e9pens.<\/p>\n<p>3.<\/p>\n<p>Le pr\u00e9sent arr\u00eat est communiqu\u00e9 aux parties et au Tribunal cantonal du canton de Vaud, Chambre des recours p\u00e9nale.<\/p>\n<p>Lausanne, le 6 juin 2023<\/p>\n<p>Au nom de la Cour de droit p\u00e9nal<\/p>\n<p>du Tribunal f\u00e9d\u00e9ral suisse<\/p>\n<p>Le Juge pr\u00e9sidant : Denys<\/p>\n<p>Le Greffier : Dyens<\/p>\n<\/div>\n<hr class=\"kji-sep\" \/>\n<p class=\"kji-source-links\"><strong>Sources officielles :<\/strong> <a class=\"kji-source-link\" href=\"https:\/\/search.bger.ch\/ext\/eurospider\/live\/fr\/php\/aza\/http\/index.php?lang=fr&#038;type=highlight_simple_query&#038;page=9&#038;from_date=&#038;to_date=&#038;sort=relevance&#038;insertion_date=&#038;top_subcollection_aza=all&#038;query_words=droit+penal&#038;rank=86&#038;azaclir=aza&#038;highlight_docid=aza%3A%2F%2F06-06-2023-6B_14-2022&#038;number_of_ranks=14459\" target=\"_blank\" rel=\"noopener noreferrer\">consulter la page source<\/a><\/p>\n<p class=\"kji-license-note\"><em>Source officielle Tribunal federal suisse. Contenu HTML public, PDF non garanti en version gratuite.<\/em><\/p>\n<\/div>\n","protected":false},"excerpt":{"rendered":"<p>Bundesgericht Tribunal f\u00e9d\u00e9ral Tribunale federale Tribunal federal 6B_14\/2022 Arr\u00eat du 6 juin 2023 Cour de droit p\u00e9nal Composition MM. et Mme les Juges f\u00e9d\u00e9raux Denys, Juge pr\u00e9sidant, Muschietti et Koch. Greffier : M. Dyens. Participants \u00e0 la proc\u00e9dure A.________, recourante, contre Minist\u00e8re public central du canton de Vaud, avenue de Longemalle 1, 1020 Renens VD,&#8230;<\/p>\n","protected":false},"featured_media":0,"template":"","meta":{"_crdt_document":""},"kji_country":[9676],"kji_court":[9677],"kji_chamber":[10143],"kji_year":[24566],"kji_subject":[7632],"kji_keyword":[9799,9679,9680,7636],"kji_language":[7733],"class_list":["post-635742","kji_decision","type-kji_decision","status-publish","hentry","kji_country-suisse","kji_court-tribunal-federal-suisse","kji_chamber-cour-de-droit-penal","kji_year-24566","kji_subject-penal","kji_keyword-bundesgericht","kji_keyword-federal","kji_keyword-suisse","kji_keyword-tribunal","kji_language-francais"],"yoast_head":"<!-- This site is optimized with the Yoast SEO Premium plugin v27.4 (Yoast SEO v27.4) - https:\/\/yoast.com\/product\/yoast-seo-premium-wordpress\/ -->\n<title>Tribunal f\u00e9d\u00e9ral suisse, 6 juin 2023, n\u00b0 6B 14-2022 - Ma\u00eetre Hassan Kohen, avocat en droit p\u00e9nal \u00e0 Paris<\/title>\n<meta name=\"robots\" content=\"index, follow, max-snippet:-1, max-image-preview:large, max-video-preview:-1\" \/>\n<link rel=\"canonical\" href=\"https:\/\/kohenavocats.com\/ru\/jurisprudences\/tribunal-federal-suisse-6-juin-2023-n-6b-14-2022\/\" \/>\n<meta property=\"og:locale\" content=\"ru_RU\" \/>\n<meta property=\"og:type\" content=\"article\" \/>\n<meta property=\"og:title\" content=\"Tribunal f\u00e9d\u00e9ral suisse, 6 juin 2023, n\u00b0 6B 14-2022\" \/>\n<meta property=\"og:description\" content=\"Bundesgericht Tribunal f\u00e9d\u00e9ral Tribunale federale Tribunal federal 6B_14\/2022 Arr\u00eat du 6 juin 2023 Cour de droit p\u00e9nal Composition MM. et Mme les Juges f\u00e9d\u00e9raux Denys, Juge pr\u00e9sidant, Muschietti et Koch. Greffier : M. Dyens. Participants \u00e0 la proc\u00e9dure A.________, recourante, contre Minist\u00e8re public central du canton de Vaud, avenue de Longemalle 1, 1020 Renens VD,...\" \/>\n<meta property=\"og:url\" content=\"https:\/\/kohenavocats.com\/ru\/jurisprudences\/tribunal-federal-suisse-6-juin-2023-n-6b-14-2022\/\" \/>\n<meta property=\"og:site_name\" content=\"Ma\u00eetre Hassan Kohen, avocat en droit p\u00e9nal \u00e0 Paris\" \/>\n<meta name=\"twitter:card\" content=\"summary_large_image\" \/>\n<meta name=\"twitter:label1\" content=\"\u041f\u0440\u0438\u043c\u0435\u0440\u043d\u043e\u0435 \u0432\u0440\u0435\u043c\u044f \u0434\u043b\u044f \u0447\u0442\u0435\u043d\u0438\u044f\" \/>\n\t<meta name=\"twitter:data1\" content=\"10 \u043c\u0438\u043d\u0443\u0442\" \/>\n<script type=\"application\/ld+json\" class=\"yoast-schema-graph\">{\"@context\":\"https:\\\/\\\/schema.org\",\"@graph\":[{\"@type\":\"WebPage\",\"@id\":\"https:\\\/\\\/kohenavocats.com\\\/ru\\\/jurisprudences\\\/tribunal-federal-suisse-6-juin-2023-n-6b-14-2022\\\/\",\"url\":\"https:\\\/\\\/kohenavocats.com\\\/ru\\\/jurisprudences\\\/tribunal-federal-suisse-6-juin-2023-n-6b-14-2022\\\/\",\"name\":\"Tribunal f\u00e9d\u00e9ral suisse, 6 juin 2023, n\u00b0 6B 14-2022 - Ma\u00eetre Hassan Kohen, avocat en droit p\u00e9nal \u00e0 Paris\",\"isPartOf\":{\"@id\":\"https:\\\/\\\/kohenavocats.com\\\/ru\\\/#website\"},\"datePublished\":\"2026-04-21T11:11:39+00:00\",\"breadcrumb\":{\"@id\":\"https:\\\/\\\/kohenavocats.com\\\/ru\\\/jurisprudences\\\/tribunal-federal-suisse-6-juin-2023-n-6b-14-2022\\\/#breadcrumb\"},\"inLanguage\":\"ru-RU\",\"potentialAction\":[{\"@type\":\"ReadAction\",\"target\":[\"https:\\\/\\\/kohenavocats.com\\\/ru\\\/jurisprudences\\\/tribunal-federal-suisse-6-juin-2023-n-6b-14-2022\\\/\"]}]},{\"@type\":\"BreadcrumbList\",\"@id\":\"https:\\\/\\\/kohenavocats.com\\\/ru\\\/jurisprudences\\\/tribunal-federal-suisse-6-juin-2023-n-6b-14-2022\\\/#breadcrumb\",\"itemListElement\":[{\"@type\":\"ListItem\",\"position\":1,\"name\":\"Home\",\"item\":\"https:\\\/\\\/kohenavocats.com\\\/ru\\\/avocats-en-droit-penal-a-paris-conseil-et-defense-strategique\\\/\"},{\"@type\":\"ListItem\",\"position\":2,\"name\":\"Jurisprudences\",\"item\":\"https:\\\/\\\/kohenavocats.com\\\/ru\\\/jurisprudences\\\/\"},{\"@type\":\"ListItem\",\"position\":3,\"name\":\"Tribunal f\u00e9d\u00e9ral suisse, 6 juin 2023, n\u00b0 6B 14-2022\"}]},{\"@type\":\"WebSite\",\"@id\":\"https:\\\/\\\/kohenavocats.com\\\/ru\\\/#website\",\"url\":\"https:\\\/\\\/kohenavocats.com\\\/ru\\\/\",\"name\":\"Kohen Avocats\",\"description\":\"Ma\u00eetre Hassan Kohen, avocat p\u00e9naliste \u00e0 Paris, intervient exclusivement en droit p\u00e9nal pour la d\u00e9fense des particuliers, notamment en mati\u00e8re d\u2019accusations de viol. Il assure un accompagnement rigoureux d\u00e8s la garde \u00e0 vue jusqu\u2019\u00e0 la Cour d\u2019assises, veillant au strict respect des garanties proc\u00e9durales.\",\"publisher\":{\"@id\":\"https:\\\/\\\/kohenavocats.com\\\/ru\\\/#organization\"},\"potentialAction\":[{\"@type\":\"SearchAction\",\"target\":{\"@type\":\"EntryPoint\",\"urlTemplate\":\"https:\\\/\\\/kohenavocats.com\\\/ru\\\/?s={search_term_string}\"},\"query-input\":{\"@type\":\"PropertyValueSpecification\",\"valueRequired\":true,\"valueName\":\"search_term_string\"}}],\"inLanguage\":\"ru-RU\"},{\"@type\":\"Organization\",\"@id\":\"https:\\\/\\\/kohenavocats.com\\\/ru\\\/#organization\",\"name\":\"Kohen Avocats\",\"url\":\"https:\\\/\\\/kohenavocats.com\\\/ru\\\/\",\"logo\":{\"@type\":\"ImageObject\",\"inLanguage\":\"ru-RU\",\"@id\":\"https:\\\/\\\/kohenavocats.com\\\/ru\\\/#\\\/schema\\\/logo\\\/image\\\/\",\"url\":\"https:\\\/\\\/kohenavocats.com\\\/wp-content\\\/uploads\\\/2026\\\/01\\\/Logo-2-1.webp\",\"contentUrl\":\"https:\\\/\\\/kohenavocats.com\\\/wp-content\\\/uploads\\\/2026\\\/01\\\/Logo-2-1.webp\",\"width\":2114,\"height\":1253,\"caption\":\"Kohen Avocats\"},\"image\":{\"@id\":\"https:\\\/\\\/kohenavocats.com\\\/ru\\\/#\\\/schema\\\/logo\\\/image\\\/\"}}]}<\/script>\n<!-- \/ Yoast SEO Premium plugin. -->","yoast_head_json":{"title":"Tribunal f\u00e9d\u00e9ral suisse, 6 juin 2023, n\u00b0 6B 14-2022 - Ma\u00eetre Hassan Kohen, avocat en droit p\u00e9nal \u00e0 Paris","robots":{"index":"index","follow":"follow","max-snippet":"max-snippet:-1","max-image-preview":"max-image-preview:large","max-video-preview":"max-video-preview:-1"},"canonical":"https:\/\/kohenavocats.com\/ru\/jurisprudences\/tribunal-federal-suisse-6-juin-2023-n-6b-14-2022\/","og_locale":"ru_RU","og_type":"article","og_title":"Tribunal f\u00e9d\u00e9ral suisse, 6 juin 2023, n\u00b0 6B 14-2022","og_description":"Bundesgericht Tribunal f\u00e9d\u00e9ral Tribunale federale Tribunal federal 6B_14\/2022 Arr\u00eat du 6 juin 2023 Cour de droit p\u00e9nal Composition MM. et Mme les Juges f\u00e9d\u00e9raux Denys, Juge pr\u00e9sidant, Muschietti et Koch. Greffier : M. Dyens. Participants \u00e0 la proc\u00e9dure A.________, recourante, contre Minist\u00e8re public central du canton de Vaud, avenue de Longemalle 1, 1020 Renens VD,...","og_url":"https:\/\/kohenavocats.com\/ru\/jurisprudences\/tribunal-federal-suisse-6-juin-2023-n-6b-14-2022\/","og_site_name":"Ma\u00eetre Hassan Kohen, avocat en droit p\u00e9nal \u00e0 Paris","twitter_card":"summary_large_image","twitter_misc":{"\u041f\u0440\u0438\u043c\u0435\u0440\u043d\u043e\u0435 \u0432\u0440\u0435\u043c\u044f \u0434\u043b\u044f \u0447\u0442\u0435\u043d\u0438\u044f":"10 \u043c\u0438\u043d\u0443\u0442"},"schema":{"@context":"https:\/\/schema.org","@graph":[{"@type":"WebPage","@id":"https:\/\/kohenavocats.com\/ru\/jurisprudences\/tribunal-federal-suisse-6-juin-2023-n-6b-14-2022\/","url":"https:\/\/kohenavocats.com\/ru\/jurisprudences\/tribunal-federal-suisse-6-juin-2023-n-6b-14-2022\/","name":"Tribunal f\u00e9d\u00e9ral suisse, 6 juin 2023, n\u00b0 6B 14-2022 - Ma\u00eetre Hassan Kohen, avocat en droit p\u00e9nal \u00e0 Paris","isPartOf":{"@id":"https:\/\/kohenavocats.com\/ru\/#website"},"datePublished":"2026-04-21T11:11:39+00:00","breadcrumb":{"@id":"https:\/\/kohenavocats.com\/ru\/jurisprudences\/tribunal-federal-suisse-6-juin-2023-n-6b-14-2022\/#breadcrumb"},"inLanguage":"ru-RU","potentialAction":[{"@type":"ReadAction","target":["https:\/\/kohenavocats.com\/ru\/jurisprudences\/tribunal-federal-suisse-6-juin-2023-n-6b-14-2022\/"]}]},{"@type":"BreadcrumbList","@id":"https:\/\/kohenavocats.com\/ru\/jurisprudences\/tribunal-federal-suisse-6-juin-2023-n-6b-14-2022\/#breadcrumb","itemListElement":[{"@type":"ListItem","position":1,"name":"Home","item":"https:\/\/kohenavocats.com\/ru\/avocats-en-droit-penal-a-paris-conseil-et-defense-strategique\/"},{"@type":"ListItem","position":2,"name":"Jurisprudences","item":"https:\/\/kohenavocats.com\/ru\/jurisprudences\/"},{"@type":"ListItem","position":3,"name":"Tribunal f\u00e9d\u00e9ral suisse, 6 juin 2023, n\u00b0 6B 14-2022"}]},{"@type":"WebSite","@id":"https:\/\/kohenavocats.com\/ru\/#website","url":"https:\/\/kohenavocats.com\/ru\/","name":"Kohen Avocats","description":"Ma\u00eetre Hassan Kohen, avocat p\u00e9naliste \u00e0 Paris, intervient exclusivement en droit p\u00e9nal pour la d\u00e9fense des particuliers, notamment en mati\u00e8re d\u2019accusations de viol. Il assure un accompagnement rigoureux d\u00e8s la garde \u00e0 vue jusqu\u2019\u00e0 la Cour d\u2019assises, veillant au strict respect des garanties proc\u00e9durales.","publisher":{"@id":"https:\/\/kohenavocats.com\/ru\/#organization"},"potentialAction":[{"@type":"SearchAction","target":{"@type":"EntryPoint","urlTemplate":"https:\/\/kohenavocats.com\/ru\/?s={search_term_string}"},"query-input":{"@type":"PropertyValueSpecification","valueRequired":true,"valueName":"search_term_string"}}],"inLanguage":"ru-RU"},{"@type":"Organization","@id":"https:\/\/kohenavocats.com\/ru\/#organization","name":"Kohen Avocats","url":"https:\/\/kohenavocats.com\/ru\/","logo":{"@type":"ImageObject","inLanguage":"ru-RU","@id":"https:\/\/kohenavocats.com\/ru\/#\/schema\/logo\/image\/","url":"https:\/\/kohenavocats.com\/wp-content\/uploads\/2026\/01\/Logo-2-1.webp","contentUrl":"https:\/\/kohenavocats.com\/wp-content\/uploads\/2026\/01\/Logo-2-1.webp","width":2114,"height":1253,"caption":"Kohen Avocats"},"image":{"@id":"https:\/\/kohenavocats.com\/ru\/#\/schema\/logo\/image\/"}}]}},"jetpack_likes_enabled":false,"jetpack_sharing_enabled":true,"_links":{"self":[{"href":"https:\/\/kohenavocats.com\/ru\/wp-json\/wp\/v2\/kji_decision\/635742","targetHints":{"allow":["GET"]}}],"collection":[{"href":"https:\/\/kohenavocats.com\/ru\/wp-json\/wp\/v2\/kji_decision"}],"about":[{"href":"https:\/\/kohenavocats.com\/ru\/wp-json\/wp\/v2\/types\/kji_decision"}],"wp:attachment":[{"href":"https:\/\/kohenavocats.com\/ru\/wp-json\/wp\/v2\/media?parent=635742"}],"wp:term":[{"taxonomy":"kji_country","embeddable":true,"href":"https:\/\/kohenavocats.com\/ru\/wp-json\/wp\/v2\/kji_country?post=635742"},{"taxonomy":"kji_court","embeddable":true,"href":"https:\/\/kohenavocats.com\/ru\/wp-json\/wp\/v2\/kji_court?post=635742"},{"taxonomy":"kji_chamber","embeddable":true,"href":"https:\/\/kohenavocats.com\/ru\/wp-json\/wp\/v2\/kji_chamber?post=635742"},{"taxonomy":"kji_year","embeddable":true,"href":"https:\/\/kohenavocats.com\/ru\/wp-json\/wp\/v2\/kji_year?post=635742"},{"taxonomy":"kji_subject","embeddable":true,"href":"https:\/\/kohenavocats.com\/ru\/wp-json\/wp\/v2\/kji_subject?post=635742"},{"taxonomy":"kji_keyword","embeddable":true,"href":"https:\/\/kohenavocats.com\/ru\/wp-json\/wp\/v2\/kji_keyword?post=635742"},{"taxonomy":"kji_language","embeddable":true,"href":"https:\/\/kohenavocats.com\/ru\/wp-json\/wp\/v2\/kji_language?post=635742"}],"curies":[{"name":"wp","href":"https:\/\/api.w.org\/{rel}","templated":true}]}}