{"id":635996,"date":"2026-04-21T13:30:28","date_gmt":"2026-04-21T11:30:28","guid":{"rendered":"https:\/\/kohenavocats.com\/jurisprudences\/cour-superieure-de-justice-31-mai-2023-n-2022-00407\/"},"modified":"2026-04-21T13:30:31","modified_gmt":"2026-04-21T11:30:31","slug":"cour-superieure-de-justice-31-mai-2023-n-2022-00407","status":"publish","type":"kji_decision","link":"https:\/\/kohenavocats.com\/ru\/jurisprudences\/cour-superieure-de-justice-31-mai-2023-n-2022-00407\/","title":{"rendered":"Cour sup\u00e9rieure de justice, 31 mai 2023, n\u00b0 2022-00407"},"content":{"rendered":"<div class=\"kji-decision\">\n<div class=\"kji-full-text\">\n<p>Arr\u00eat N\u00b0114\/23-I-CIV (aff.fam.) Arr\u00eat civil Audience publique dutrente-et-un maideux mille vingt-trois Num\u00e9ro CAL-2022-00407du r\u00f4le rendupar la premi\u00e8re chambre de la Cour d\u2019appel, si\u00e9geant en mati\u00e8re civile, dans la cause E n t r e : PERSONNE1.),n\u00e9eleDATE1.)\u00e0ADRESSE1.)en Ha\u00efti, demeurant \u00e0L- ADRESSE2.), appelanteaux termes d\u2019une requ\u00eate d\u00e9pos\u00e9e au greffe de la Cour d\u2019appel le 28 juillet2022, repr\u00e9sent\u00e9eparMa\u00eetre Julie DURAND,avocat \u00e0 la Cour, demeurant \u00e0 Luxembourg, e t PERSONNE2.),n\u00e9 leDATE2.)\u00e0ADRESSE3.)au Cameroun,demeurant \u00e0 B-ADRESSE4.), intim\u00e9 aux fins de la susdite requ\u00eate, d\u00e9faillant. &#8212;&#8212;&#8212;&#8212;&#8212;&#8212;&#8212;&#8212;&#8212;&#8212; L A C O U R D &#039; A P P E L Saisi d\u2019une demande d\u2019PERSONNE1.), dirig\u00e9e contrePERSONNE2.), tendant notamment \u00e0 se voir attribuer l\u2019exercice exclusif de l\u2019autorit\u00e9<\/p>\n<p>2 parentale \u00e0 l\u2019\u00e9gard del\u2019enfant communemineurePERSONNE3.), n\u00e9e le DATE3.),le juge aux affaires familiales pr\u00e8s le tribunal d\u2019arrondissement de Diekircha, par jugement du 11 mars 2022,notamment, dit non fond\u00e9e la demande d\u2019PERSONNE1.)tendant \u00e0 se voir accorder l\u2019exercice exclusif de l\u2019autorit\u00e9 parentale\u00e0 l\u2019\u00e9gard d\u2019PERSONNE3.), n\u00e9e le DATE3.)\u00e0 Luxembourg, invit\u00e9PERSONNE2.)\u00e0 faire des efforts \u00e0 l\u2019avenir et \u00e0 s\u2019engager davantage pour le bien-\u00eatre tant physique que moral d\u2019PERSONNE3.), dit fond\u00e9e la demande subsidiaire d\u2019PERSONNE1.), ainsi, autoris\u00e9PERSONNE1.)\u00e0 faire effectuer l\u2019intervention chirurgicale projet\u00e9e en vue du traitement de lahernie ombilicale d\u2019PERSONNE3.), sans l\u2019autorisation pr\u00e9alable d\u2019PERSONNE2.), condamn\u00e9PERSONNE2.)\u00e0 payer \u00e0PERSONNE1.)une indemnit\u00e9 de proc\u00e9dure de 750 euros, ordonn\u00e9l\u2019ex\u00e9cution provisoire des mesures portant sur l\u2019exercice de l\u2019autorit\u00e9 parentale\u00e0 l\u2019\u00e9gard d\u2019PERSONNE3.), nonobstant toute voie de recours et sans caution, misles frais et d\u00e9pens de l\u2019instance \u00e0 charge d\u2019PERSONNE2.),et ena ordonn\u00e9la distraction au profit de Ma\u00eetre Jean-Louis UNSEN qui l\u2019avait demand\u00e9e, affirmant en avoir fait l\u2019avance. Par requ\u00eate d\u00e9pos\u00e9e au greffe de la Cour le 18 avril 2022,PERSONNE1.)a relev\u00e9 appeldujugement du 11 mars 2022. Elle demande \u00e0 la Cour,par r\u00e9formation,de lui accorder\u00abl\u2019autorit\u00e9 parentale exclusive\u00bb\u00e0 l\u2019\u00e9gard de l\u2019enfant communemineurePERSONNE3.)et de condamnerPERSONNE2.) au paiement des frais et d\u00e9pens de l\u2019instance, avec distraction au profit de son mandataire qui affirme en avoir fait l\u2019avance, ainsi qu\u2019\u00e0 une indemnit\u00e9 de proc\u00e9dure de 1.000 euros. Par ordonnance du16 juin 2022,la Cour a d\u00e9l\u00e9gu\u00e9 la pr\u00e9sente affaire \u00e0un magistrat unique en application des dispositions de l\u2019article 1007-10 du Nouveau Code de proc\u00e9dure civile. Lors des plaidoiries \u00e0 l\u2019audience,PERSONNE1.)a d\u00e9clar\u00e9 renoncer \u00e0 sa demande en allocation d\u2019une indemnit\u00e9 de proc\u00e9dure. PERSONNE1.)fait plaider \u00e0 l\u2019appui de sa demande quel\u2019intim\u00e9 n\u2019aurait que tr\u00e8s rarement exerc\u00e9 le droit de visite et d\u2019h\u00e9bergement lui attribu\u00e9 par diff\u00e9rents jugements successifs et que, depuis le mois de juin 2021,iln\u2019aurait plus vusa fille, ni demand\u00e9 de ses nouvelles. En outre, il ne contribuerait plus \u00e0 l\u2019entretien et \u00e0 l\u2019\u00e9ducation de l\u2019enfant commune. Elle insiste \u00e0 se voir attribuer l\u2019exerciceexclusifde l\u2019autorit\u00e9 parentale, \u00e9tant donn\u00e9 qu\u2019elle n\u2019arriveraitpresque jamais \u00e0 joindre l\u2019intim\u00e9 en cas de besoin, et que quand elle arriverait\u00e0 le joindre, il ne lui r\u00e9pondrait pas, ce qui l\u2019aurait d\u2019ailleurs contraintedes\u2019adresser au juge aux affaires familiales pour obtenir l\u2019autorisation de faire effectuer l\u2019intervention chirurgicale projet\u00e9e en vue du traitement de la hernie ombilicale d\u2019PERSONNE3.).<\/p>\n<p>3 PERSONNE2.), bien que r\u00e9guli\u00e8rement convoqu\u00e9,n\u2019a pas comparu. Appr\u00e9ciation de la Cour L\u2019acte introductif d\u2019instance n\u2019ayant pas \u00e9t\u00e9 d\u00e9livr\u00e9 \u00e0PERSONNE2.)\u00e0 personne, le pr\u00e9sent arr\u00eat sera rendu par d\u00e9faut \u00e0 son encontre. Aux termes de l\u2019article 372 du Code civil, l\u2019autorit\u00e9parentale est l\u2019ensemble des droits et devoirs ayant pour finalit\u00e9l\u2019int\u00e9r\u00eat sup\u00e9rieur de l\u2019enfant. Elle appartient aux parents jusqu\u2019\u00e0la majorit\u00e9ou l\u2019\u00e9mancipation de l\u2019enfant pour le prot\u00e9ger dans sa s\u00e9curit\u00e9, sa sant\u00e9et sa moralit\u00e9, pour assurer son \u00e9ducation et permettre son d\u00e9veloppement dans le respect d\u00fb\u00e0sa personne. Les articles 375 et 376 du Code civil pr\u00e9voient que les parents exercent en commun l\u2019autorit\u00e9parentale et que leur s\u00e9paration est sans incidence sur les r\u00e8gles de d\u00e9volution de l\u2019exercice de l\u2019autorit\u00e9parentale. Par opposition au principe\u00e9tabli\u00e0l\u2019article 376, l\u2019article 376-1 du Code civil pr\u00e9voit cependant que le juge aux affaires familiales peut confier l\u2019exercice de l\u2019autorit\u00e9parentale exclusivement\u00e0un seul parent. Cette exception au principe de l\u2019exercice en commun de l\u2019autorit\u00e9parentale, et donc au concept de la coparentalit\u00e9, doit\u00eatre command\u00e9e uniquement par l\u2019int\u00e9r\u00eat de l\u2019enfant. L\u2019exercice exclusif de l\u2019autorit\u00e9parentale par un seul parent ne doit pas\u00eatre prononc\u00e9dans un souci de simplification de l\u2019organisation de la vie de l\u2019enfant, notamment en faveurdu parent avec lequel l\u2019enfant r\u00e9side habituellement. L\u2019attribution de l\u2019exercice exclusif de l\u2019autorit\u00e9parentale\u00e0un seul parent peut, par exemple, s\u2019imposer en cas de maltraitances graves et\/ou r\u00e9p\u00e9t\u00e9es d\u2019un parent, en cas de d\u00e9sint\u00e9r\u00eat manifeste et durable d\u2019un parent ou lorsqu\u2019un parent se trouve dans une situation psychologique qui ne lui permet pas de prendre des d\u00e9cisions\u00e9clair\u00e9es. En cas de conflits graves et r\u00e9p\u00e9t\u00e9s entre parents, de sorte qu \u2019ils se trouvent syst\u00e9matiquement end\u00e9saccord sur les d\u00e9cisions\u00e0prendre dans l\u2019int\u00e9r\u00eat de leur enfant, emp\u00eachant ainsi toute prise de d\u00e9cision, l\u2019attribution de l\u2019exercice exclusif de l\u2019autorit\u00e9parentale\u00e0un des parents peut, du moins temporairement, se justifier (Doc. parl. 6696, sub. article 376-1, Expos\u00e9des motifs, pages 96 et 97). L\u2019exercice exclusif de l\u2019autorit\u00e9parentale par un parent ne s\u2019impose ainsi que si l\u2019autre parent se d\u00e9sinvestit de ses responsabilit\u00e9s parentales, s\u2019il prend syst\u00e9matiquement et de fa\u00e7on d\u00e9raisonnable le contre-pied des propositions de l\u2019autre parent dans le seul but d\u2019affirmer sa propre autorit\u00e9au d\u00e9triment du r\u00f4le parental de l\u2019autre ou encore s\u2019il abuse de l\u2019autorit\u00e9parentale conjointe pour s\u2019immiscer dans la vie priv\u00e9e de l\u2019autre, pour le contr\u00f4ler ou le d\u00e9nigrer aupr\u00e8s de l\u2019enfant. Il r\u00e9sulte des \u00e9l\u00e9mentsauxquels la Cour peut avoir \u00e9gard,queles parties n\u2019ont jamais \u00e9t\u00e9 mari\u00e9es ou pacs\u00e9es et qu\u2019elles se sont s\u00e9par\u00e9es avant la naissance de leur enfantPERSONNE3.). Bien qu\u2019il ait b\u00e9n\u00e9fici\u00e9 d\u2019un droit de visite et d\u2019h\u00e9bergement lui attribu\u00e9 par diff\u00e9rents jugements successifs, l\u2019intim\u00e9 ne l\u2019a que tr\u00e8s rarement exerc\u00e9, et depuis le mois de juin 2021, il ne voit plus du tout sa fille etse d\u00e9sint\u00e9resse totalement de sonbien-\u00eatre et de<\/p>\n<p>4 son\u00e9volution, ne demandant jamais de ses nouvelles. En raison de son d\u00e9sint\u00e9r\u00eat manifeste, l\u2019appelante a m\u00eame \u00e9t\u00e9 oblig\u00e9e d\u2019annuler \u00e0 deux reprises une op\u00e9ration d\u2019PERSONNE3.), n\u00e9cessaire en raison d\u2019une hernie ombilicale, l\u2019intim\u00e9 ne lui ayant, malgr\u00e9 d\u2019it\u00e9ratives demandes, pas fait parvenir l\u2019autorisation \u00e9crite requise. Finalement, elle a \u00e9t\u00e9 contrainte d\u2019agir en justice afin de se voir autoriser \u00e0 faire effectuer l\u2019intervention chirurgicale projet\u00e9e. En outre, l\u2019intim\u00e9 vit \u00e0ADRESSE5.)et ne contribuequetr\u00e8s sporadiquement,voiredepuis plusieurs mois, plus du tout, \u00e0l\u2019entretien et \u00e0 l\u2019\u00e9ducationde l\u2019enfant commune. Il s\u2019ensuit que, de fait, l\u2019appelante se charge seule, tant financi\u00e8rement qu\u2019en nature,del\u2019entretien et de l\u2019\u00e9ducation d\u2019PERSONNE3.). S\u2019y ajoute que l\u2019appelantea du mal \u00e0joindre l\u2019intim\u00e9, en cas de besoin, et que m\u00eame lorsqu\u2019elle arrive \u00e0 le joindre, ce dernier ne lui r\u00e9pond pas, l\u2019obligeant ainsi\u00e0s\u2019adresser au juge aux affaires familiales chaque fois qu\u2019une d\u00e9cision n\u00e9cessitant l\u2019accord des deux parents doit \u00eatre prise dans l\u2019int\u00e9r\u00eat de l\u2019enfant. La Cour constate encore que, bien que r\u00e9guli\u00e8rement convoqu\u00e9 en premi\u00e8re instance et en instance d\u2019appel, l\u2019intim\u00e9 n\u2019a jamais comparu. Au vu du d\u00e9sinvestissement totalet durabled\u2019PERSONNE2.)de ses responsabilit\u00e9s parentales, quiestde nature \u00e0 entraver l\u2019exercice de l\u2019autorit\u00e9 parentale par l\u2019appelante au d\u00e9triment de l\u2019int\u00e9r\u00eat sup\u00e9rieur de l\u2019enfant (op\u00e9ration n\u00e9cessaire retard\u00e9e en attendant l\u2019autorisation du Juge aux affaires familiales, enfant ne pouvant participer aux activit\u00e9s scolaires et parascolaires n\u00e9cessitant l\u2019accord des deux parents etc.) il y a lieu de d\u00e9clarer l\u2019appel fond\u00e9. Eu \u00e9gard \u00e0 l\u2019issu du litige, il y a lieu de condamnerPERSONNE2.)aux frais et d\u00e9pens de l\u2019instance avec distraction au profitdu mandataire d\u2019PERSONNE1.), sur ses affirmations de droit. P A R C E S M O T I F S laCour d\u2019appel, premi\u00e8re chambre, si\u00e9geant en mati\u00e8re d\u2019appel des d\u00e9cisions du juge aux affaires familiales, statuant pard\u00e9faut \u00e0 l\u2019\u00e9gard d\u2019PERSONNE2.), vu l\u2019article 1007-10 du Nouveau Code de proc\u00e9dure civile, dit l\u2019appel recevable, le dit fond\u00e9, dit que l\u2019autorit\u00e9 parentale\u00e0 l\u2019\u00e9gard del\u2019enfant communePERSONNE3.), n\u00e9e leDATE3.), est exerc\u00e9e de fa\u00e7on exclusive parPERSONNE1.), condamnePERSONNE2.)aux frais et d\u00e9pens de l\u2019instance, avec distraction au profitdu mandataire d\u2019PERSONNE1.), sur ses affirmations de droit. Ainsi fait, jug\u00e9 et prononc\u00e9 \u00e0 l\u2019audience publique o\u00f9 \u00e9taient pr\u00e9sentes:<\/p>\n<p>5 Jeanne GUILLAUME, pr\u00e9sident de chambre, Laetitia D\u2019ALESSANDRO, greffier.<\/p>\n<\/div>\n<hr class=\"kji-sep\" \/>\n<p class=\"kji-source-links\"><strong>Sources officielles :<\/strong> <a class=\"kji-source-link\" href=\"https:\/\/data.public.lu\/fr\/datasets\/cour-superieure-de-justice-1e-chambre\/\" target=\"_blank\" rel=\"noopener noreferrer\">consulter la page source<\/a> &middot; <a class=\"kji-pdf-link\" href=\"https:\/\/download.data.public.lu\/resources\/cour-superieure-de-justice-1e-chambre\/20240827-125313\/20230531-cal-2022-00407-114-pseudonymise-accessible.pdf\" target=\"_blank\" rel=\"noopener noreferrer\">PDF officiel<\/a><\/p>\n<p class=\"kji-license-note\"><em>Licence CC BY-ND 4.0 (Administration judiciaire, data.public.lu). Republication autorisee avec attribution, sans modification editoriale du texte integral.<\/em><\/p>\n<\/div>\n","protected":false},"excerpt":{"rendered":"<p>Arr\u00eat N\u00b0114\/23-I-CIV (aff.fam.) Arr\u00eat civil Audience publique dutrente-et-un maideux mille vingt-trois Num\u00e9ro CAL-2022-00407du r\u00f4le rendupar la premi\u00e8re chambre de la Cour d\u2019appel, si\u00e9geant en mati\u00e8re civile, dans la cause E n t r e : PERSONNE1.),n\u00e9eleDATE1.)\u00e0ADRESSE1.)en Ha\u00efti, demeurant \u00e0L- ADRESSE2.), appelanteaux termes d\u2019une requ\u00eate d\u00e9pos\u00e9e\u2026<\/p>\n","protected":false},"featured_media":0,"template":"","meta":{"_crdt_document":""},"kji_country":[8418],"kji_court":[12305],"kji_chamber":[12306],"kji_year":[24566],"kji_subject":[7724],"kji_keyword":[8683,12308,9055,12307],"kji_language":[7733],"class_list":["post-635996","kji_decision","type-kji_decision","status-publish","hentry","kji_country-luxembourg","kji_court-cour-superieure-de-justice","kji_chamber-1e-chambre","kji_year-24566","kji_subject-civil","kji_keyword-arret","kji_keyword-i-civ","kji_keyword-justice","kji_keyword-superieure","kji_language-francais"],"yoast_head":"<!-- This site is optimized with the Yoast SEO Premium plugin v27.4 (Yoast SEO v27.4) - https:\/\/yoast.com\/product\/yoast-seo-premium-wordpress\/ -->\n<title>Cour sup\u00e9rieure de justice, 31 mai 2023, n\u00b0 2022-00407 - Ma\u00eetre Hassan Kohen, avocat en droit p\u00e9nal \u00e0 Paris<\/title>\n<meta name=\"robots\" content=\"index, follow, max-snippet:-1, max-image-preview:large, max-video-preview:-1\" \/>\n<link rel=\"canonical\" href=\"https:\/\/kohenavocats.com\/ru\/jurisprudences\/cour-superieure-de-justice-31-mai-2023-n-2022-00407\/\" \/>\n<meta property=\"og:locale\" content=\"ru_RU\" \/>\n<meta property=\"og:type\" content=\"article\" \/>\n<meta property=\"og:title\" content=\"Cour sup\u00e9rieure de justice, 31 mai 2023, n\u00b0 2022-00407\" \/>\n<meta property=\"og:description\" content=\"Arr\u00eat N\u00b0114\/23-I-CIV (aff.fam.) Arr\u00eat civil Audience publique dutrente-et-un maideux mille vingt-trois Num\u00e9ro CAL-2022-00407du r\u00f4le rendupar la premi\u00e8re chambre de la Cour d\u2019appel, si\u00e9geant en mati\u00e8re civile, dans la cause E n t r e : PERSONNE1.),n\u00e9eleDATE1.)\u00e0ADRESSE1.)en Ha\u00efti, demeurant \u00e0L- ADRESSE2.), appelanteaux termes d\u2019une requ\u00eate d\u00e9pos\u00e9e\u2026\" \/>\n<meta property=\"og:url\" content=\"https:\/\/kohenavocats.com\/ru\/jurisprudences\/cour-superieure-de-justice-31-mai-2023-n-2022-00407\/\" \/>\n<meta property=\"og:site_name\" content=\"Ma\u00eetre Hassan Kohen, avocat en droit p\u00e9nal \u00e0 Paris\" \/>\n<meta property=\"article:modified_time\" content=\"2026-04-21T11:30:31+00:00\" \/>\n<meta name=\"twitter:card\" content=\"summary_large_image\" \/>\n<meta name=\"twitter:label1\" content=\"\u041f\u0440\u0438\u043c\u0435\u0440\u043d\u043e\u0435 \u0432\u0440\u0435\u043c\u044f \u0434\u043b\u044f \u0447\u0442\u0435\u043d\u0438\u044f\" \/>\n\t<meta name=\"twitter:data1\" content=\"8 \u043c\u0438\u043d\u0443\u0442\" \/>\n<script type=\"application\/ld+json\" class=\"yoast-schema-graph\">{\"@context\":\"https:\\\/\\\/schema.org\",\"@graph\":[{\"@type\":\"WebPage\",\"@id\":\"https:\\\/\\\/kohenavocats.com\\\/ru\\\/jurisprudences\\\/cour-superieure-de-justice-31-mai-2023-n-2022-00407\\\/\",\"url\":\"https:\\\/\\\/kohenavocats.com\\\/ru\\\/jurisprudences\\\/cour-superieure-de-justice-31-mai-2023-n-2022-00407\\\/\",\"name\":\"Cour sup\u00e9rieure de justice, 31 mai 2023, n\u00b0 2022-00407 - Ma\u00eetre Hassan Kohen, avocat en droit p\u00e9nal \u00e0 Paris\",\"isPartOf\":{\"@id\":\"https:\\\/\\\/kohenavocats.com\\\/ru\\\/#website\"},\"datePublished\":\"2026-04-21T11:30:28+00:00\",\"dateModified\":\"2026-04-21T11:30:31+00:00\",\"breadcrumb\":{\"@id\":\"https:\\\/\\\/kohenavocats.com\\\/ru\\\/jurisprudences\\\/cour-superieure-de-justice-31-mai-2023-n-2022-00407\\\/#breadcrumb\"},\"inLanguage\":\"ru-RU\",\"potentialAction\":[{\"@type\":\"ReadAction\",\"target\":[\"https:\\\/\\\/kohenavocats.com\\\/ru\\\/jurisprudences\\\/cour-superieure-de-justice-31-mai-2023-n-2022-00407\\\/\"]}]},{\"@type\":\"BreadcrumbList\",\"@id\":\"https:\\\/\\\/kohenavocats.com\\\/ru\\\/jurisprudences\\\/cour-superieure-de-justice-31-mai-2023-n-2022-00407\\\/#breadcrumb\",\"itemListElement\":[{\"@type\":\"ListItem\",\"position\":1,\"name\":\"Home\",\"item\":\"https:\\\/\\\/kohenavocats.com\\\/ru\\\/avocats-en-droit-penal-a-paris-conseil-et-defense-strategique\\\/\"},{\"@type\":\"ListItem\",\"position\":2,\"name\":\"Jurisprudences\",\"item\":\"https:\\\/\\\/kohenavocats.com\\\/ru\\\/jurisprudences\\\/\"},{\"@type\":\"ListItem\",\"position\":3,\"name\":\"Cour sup\u00e9rieure de justice, 31 mai 2023, n\u00b0 2022-00407\"}]},{\"@type\":\"WebSite\",\"@id\":\"https:\\\/\\\/kohenavocats.com\\\/ru\\\/#website\",\"url\":\"https:\\\/\\\/kohenavocats.com\\\/ru\\\/\",\"name\":\"Kohen Avocats\",\"description\":\"Ma\u00eetre Hassan Kohen, avocat p\u00e9naliste \u00e0 Paris, intervient exclusivement en droit p\u00e9nal pour la d\u00e9fense des particuliers, notamment en mati\u00e8re d\u2019accusations de viol. Il assure un accompagnement rigoureux d\u00e8s la garde \u00e0 vue jusqu\u2019\u00e0 la Cour d\u2019assises, veillant au strict respect des garanties proc\u00e9durales.\",\"publisher\":{\"@id\":\"https:\\\/\\\/kohenavocats.com\\\/ru\\\/#organization\"},\"potentialAction\":[{\"@type\":\"SearchAction\",\"target\":{\"@type\":\"EntryPoint\",\"urlTemplate\":\"https:\\\/\\\/kohenavocats.com\\\/ru\\\/?s={search_term_string}\"},\"query-input\":{\"@type\":\"PropertyValueSpecification\",\"valueRequired\":true,\"valueName\":\"search_term_string\"}}],\"inLanguage\":\"ru-RU\"},{\"@type\":\"Organization\",\"@id\":\"https:\\\/\\\/kohenavocats.com\\\/ru\\\/#organization\",\"name\":\"Kohen Avocats\",\"url\":\"https:\\\/\\\/kohenavocats.com\\\/ru\\\/\",\"logo\":{\"@type\":\"ImageObject\",\"inLanguage\":\"ru-RU\",\"@id\":\"https:\\\/\\\/kohenavocats.com\\\/ru\\\/#\\\/schema\\\/logo\\\/image\\\/\",\"url\":\"https:\\\/\\\/kohenavocats.com\\\/wp-content\\\/uploads\\\/2026\\\/01\\\/Logo-2-1.webp\",\"contentUrl\":\"https:\\\/\\\/kohenavocats.com\\\/wp-content\\\/uploads\\\/2026\\\/01\\\/Logo-2-1.webp\",\"width\":2114,\"height\":1253,\"caption\":\"Kohen Avocats\"},\"image\":{\"@id\":\"https:\\\/\\\/kohenavocats.com\\\/ru\\\/#\\\/schema\\\/logo\\\/image\\\/\"}}]}<\/script>\n<!-- \/ Yoast SEO Premium plugin. -->","yoast_head_json":{"title":"Cour sup\u00e9rieure de justice, 31 mai 2023, n\u00b0 2022-00407 - Ma\u00eetre Hassan Kohen, avocat en droit p\u00e9nal \u00e0 Paris","robots":{"index":"index","follow":"follow","max-snippet":"max-snippet:-1","max-image-preview":"max-image-preview:large","max-video-preview":"max-video-preview:-1"},"canonical":"https:\/\/kohenavocats.com\/ru\/jurisprudences\/cour-superieure-de-justice-31-mai-2023-n-2022-00407\/","og_locale":"ru_RU","og_type":"article","og_title":"Cour sup\u00e9rieure de justice, 31 mai 2023, n\u00b0 2022-00407","og_description":"Arr\u00eat N\u00b0114\/23-I-CIV (aff.fam.) Arr\u00eat civil Audience publique dutrente-et-un maideux mille vingt-trois Num\u00e9ro CAL-2022-00407du r\u00f4le rendupar la premi\u00e8re chambre de la Cour d\u2019appel, si\u00e9geant en mati\u00e8re civile, dans la cause E n t r e : PERSONNE1.),n\u00e9eleDATE1.)\u00e0ADRESSE1.)en Ha\u00efti, demeurant \u00e0L- ADRESSE2.), appelanteaux termes d\u2019une requ\u00eate d\u00e9pos\u00e9e\u2026","og_url":"https:\/\/kohenavocats.com\/ru\/jurisprudences\/cour-superieure-de-justice-31-mai-2023-n-2022-00407\/","og_site_name":"Ma\u00eetre Hassan Kohen, avocat en droit p\u00e9nal \u00e0 Paris","article_modified_time":"2026-04-21T11:30:31+00:00","twitter_card":"summary_large_image","twitter_misc":{"\u041f\u0440\u0438\u043c\u0435\u0440\u043d\u043e\u0435 \u0432\u0440\u0435\u043c\u044f \u0434\u043b\u044f \u0447\u0442\u0435\u043d\u0438\u044f":"8 \u043c\u0438\u043d\u0443\u0442"},"schema":{"@context":"https:\/\/schema.org","@graph":[{"@type":"WebPage","@id":"https:\/\/kohenavocats.com\/ru\/jurisprudences\/cour-superieure-de-justice-31-mai-2023-n-2022-00407\/","url":"https:\/\/kohenavocats.com\/ru\/jurisprudences\/cour-superieure-de-justice-31-mai-2023-n-2022-00407\/","name":"Cour sup\u00e9rieure de justice, 31 mai 2023, n\u00b0 2022-00407 - Ma\u00eetre Hassan Kohen, avocat en droit p\u00e9nal \u00e0 Paris","isPartOf":{"@id":"https:\/\/kohenavocats.com\/ru\/#website"},"datePublished":"2026-04-21T11:30:28+00:00","dateModified":"2026-04-21T11:30:31+00:00","breadcrumb":{"@id":"https:\/\/kohenavocats.com\/ru\/jurisprudences\/cour-superieure-de-justice-31-mai-2023-n-2022-00407\/#breadcrumb"},"inLanguage":"ru-RU","potentialAction":[{"@type":"ReadAction","target":["https:\/\/kohenavocats.com\/ru\/jurisprudences\/cour-superieure-de-justice-31-mai-2023-n-2022-00407\/"]}]},{"@type":"BreadcrumbList","@id":"https:\/\/kohenavocats.com\/ru\/jurisprudences\/cour-superieure-de-justice-31-mai-2023-n-2022-00407\/#breadcrumb","itemListElement":[{"@type":"ListItem","position":1,"name":"Home","item":"https:\/\/kohenavocats.com\/ru\/avocats-en-droit-penal-a-paris-conseil-et-defense-strategique\/"},{"@type":"ListItem","position":2,"name":"Jurisprudences","item":"https:\/\/kohenavocats.com\/ru\/jurisprudences\/"},{"@type":"ListItem","position":3,"name":"Cour sup\u00e9rieure de justice, 31 mai 2023, n\u00b0 2022-00407"}]},{"@type":"WebSite","@id":"https:\/\/kohenavocats.com\/ru\/#website","url":"https:\/\/kohenavocats.com\/ru\/","name":"Kohen Avocats","description":"Ma\u00eetre Hassan Kohen, avocat p\u00e9naliste \u00e0 Paris, intervient exclusivement en droit p\u00e9nal pour la d\u00e9fense des particuliers, notamment en mati\u00e8re d\u2019accusations de viol. Il assure un accompagnement rigoureux d\u00e8s la garde \u00e0 vue jusqu\u2019\u00e0 la Cour d\u2019assises, veillant au strict respect des garanties proc\u00e9durales.","publisher":{"@id":"https:\/\/kohenavocats.com\/ru\/#organization"},"potentialAction":[{"@type":"SearchAction","target":{"@type":"EntryPoint","urlTemplate":"https:\/\/kohenavocats.com\/ru\/?s={search_term_string}"},"query-input":{"@type":"PropertyValueSpecification","valueRequired":true,"valueName":"search_term_string"}}],"inLanguage":"ru-RU"},{"@type":"Organization","@id":"https:\/\/kohenavocats.com\/ru\/#organization","name":"Kohen Avocats","url":"https:\/\/kohenavocats.com\/ru\/","logo":{"@type":"ImageObject","inLanguage":"ru-RU","@id":"https:\/\/kohenavocats.com\/ru\/#\/schema\/logo\/image\/","url":"https:\/\/kohenavocats.com\/wp-content\/uploads\/2026\/01\/Logo-2-1.webp","contentUrl":"https:\/\/kohenavocats.com\/wp-content\/uploads\/2026\/01\/Logo-2-1.webp","width":2114,"height":1253,"caption":"Kohen Avocats"},"image":{"@id":"https:\/\/kohenavocats.com\/ru\/#\/schema\/logo\/image\/"}}]}},"jetpack_likes_enabled":false,"jetpack_sharing_enabled":true,"_links":{"self":[{"href":"https:\/\/kohenavocats.com\/ru\/wp-json\/wp\/v2\/kji_decision\/635996","targetHints":{"allow":["GET"]}}],"collection":[{"href":"https:\/\/kohenavocats.com\/ru\/wp-json\/wp\/v2\/kji_decision"}],"about":[{"href":"https:\/\/kohenavocats.com\/ru\/wp-json\/wp\/v2\/types\/kji_decision"}],"wp:attachment":[{"href":"https:\/\/kohenavocats.com\/ru\/wp-json\/wp\/v2\/media?parent=635996"}],"wp:term":[{"taxonomy":"kji_country","embeddable":true,"href":"https:\/\/kohenavocats.com\/ru\/wp-json\/wp\/v2\/kji_country?post=635996"},{"taxonomy":"kji_court","embeddable":true,"href":"https:\/\/kohenavocats.com\/ru\/wp-json\/wp\/v2\/kji_court?post=635996"},{"taxonomy":"kji_chamber","embeddable":true,"href":"https:\/\/kohenavocats.com\/ru\/wp-json\/wp\/v2\/kji_chamber?post=635996"},{"taxonomy":"kji_year","embeddable":true,"href":"https:\/\/kohenavocats.com\/ru\/wp-json\/wp\/v2\/kji_year?post=635996"},{"taxonomy":"kji_subject","embeddable":true,"href":"https:\/\/kohenavocats.com\/ru\/wp-json\/wp\/v2\/kji_subject?post=635996"},{"taxonomy":"kji_keyword","embeddable":true,"href":"https:\/\/kohenavocats.com\/ru\/wp-json\/wp\/v2\/kji_keyword?post=635996"},{"taxonomy":"kji_language","embeddable":true,"href":"https:\/\/kohenavocats.com\/ru\/wp-json\/wp\/v2\/kji_language?post=635996"}],"curies":[{"name":"wp","href":"https:\/\/api.w.org\/{rel}","templated":true}]}}