{"id":636554,"date":"2026-04-21T14:36:42","date_gmt":"2026-04-21T12:36:42","guid":{"rendered":"https:\/\/kohenavocats.com\/jurisprudences\/tribunal-federal-suisse-24-mai-2023-n-8c-266-2023\/"},"modified":"2026-04-21T14:36:42","modified_gmt":"2026-04-21T12:36:42","slug":"tribunal-federal-suisse-24-mai-2023-n-8c-266-2023","status":"publish","type":"kji_decision","link":"https:\/\/kohenavocats.com\/ru\/jurisprudences\/tribunal-federal-suisse-24-mai-2023-n-8c-266-2023\/","title":{"rendered":"Tribunal f\u00e9d\u00e9ral suisse, 24 mai 2023, n\u00b0 8C 266-2023"},"content":{"rendered":"<div class=\"kji-decision\">\n<div class=\"kji-full-text\">\n<p>Bundesgericht<\/p>\n<p>Tribunal f\u00e9d\u00e9ral<\/p>\n<p>Tribunale federale<\/p>\n<p>Tribunal federal<\/p>\n<p>8C_266\/2023<\/p>\n<p>Urteil vom 24. Mai 2023<\/p>\n<p>IV. \u00f6ffentlich-rechtliche Abteilung<\/p>\n<p>Besetzung<\/p>\n<p>Bundesrichter Wirthlin, Pr\u00e4sident,<\/p>\n<p>Gerichtsschreiber Gr\u00fcnvogel.<\/p>\n<p>Verfahrensbeteiligte<\/p>\n<p>A.________,<\/p>\n<p>Beschwerdef\u00fchrerin,<\/p>\n<p>gegen<\/p>\n<p>IV-Stelle Nidwalden,<\/p>\n<p>Stansstaderstrasse 88, 6371 Stans,<\/p>\n<p>Beschwerdegegnerin.<\/p>\n<p>Gegenstand<\/p>\n<p>Invalidenversicherung (Prozessvoraussetzung),<\/p>\n<p>Beschwerde gegen den Entscheid des Verwaltungsgerichts Nidwalden vom 6. M\u00e4rz 2023 (SV 22 30).<\/p>\n<p>Erw\u00e4gungen:<\/p>\n<p>1.<\/p>\n<p>Nach Art. 95 BGG kann mit der Beschwerde nebst anderem die Verletzung von Bundesrecht ger\u00fcgt werden (lit. a), die Feststellung des Sachverhalts demgegen\u00fcber nur, wenn sie offensichtlich unrichtig ist oder auf einer Rechtsverletzung im Sinne von Art. 95 BGG beruht und wenn die Behebung des Mangels f\u00fcr den Ausgang des Verfahrens entscheidend sein kann (Art. 97 Abs. 1 BGG). Gem\u00e4ss Art. 42 Abs. 1 und 2 BGG hat die Beschwerde unter anderem die Begehren und deren Begr\u00fcndung zu enthalten, wobei in gedr\u00e4ngter Form darzulegen ist, inwiefern der angefochtene Akt Recht verletzt. Dabei ist konkret auf die f\u00fcr das Ergebnis des angefochtenen Urteils massgeblichen Erw\u00e4gungen einzugehen und im Einzelnen zu zeigen, welche Vorschriften von der Vorinstanz weshalb verletzt worden sind (BGE 134 V 53 E. 3.3 und 133 IV 286 E. 1.4). Die blosse Wiedergabe der eigenen Sichtweise oder einfach zu behaupten, der angefochtene Gerichtsentscheid sei falsch, gen\u00fcgt nicht (vgl. zur unzul\u00e4ssigen appellatorischen Kritik: BGE 148 IV 205 E. 2.6; 144 V 50 E. 4.2; 137 V 57 E. 1.3 und 136 I 65 E. 1.3.1).<\/p>\n<p>2.<\/p>\n<p>Rechtsmittelfristen als gesetzliche Fristen sind nicht erstreckbar (Art. 47 Abs. 1 BGG). Innert diesen Fristen muss eine den oben aufgezeigten Begr\u00fcndungsanforderungen gen\u00fcgende Beschwerde eingereicht sein. Darauf wurde die Beschwerdef\u00fchrerin bereits mit Schreiben vom 18. April 2023 hingewiesen. Die Suche nach einer juristischen Unterst\u00fctzung \u00e4ndert daran nichts.<\/p>\n<p>3.<\/p>\n<p>Der Entscheid des Verwaltungsgerichts Nidwalden vom 6. M\u00e4rz 2023 wurde der Beschwerdef\u00fchrerin gem\u00e4ss postamtlicher Bescheinigung am 17. M\u00e4rz 2023 ausgeh\u00e4ndigt. In Anwendung von Art. 44 &#8212; 48 BGG ist die 30-t\u00e4gige Rechtsmittelfrist (Art. 100 Abs. 1 BGG) somit am 1. Mai 2023 abgelaufen.<\/p>\n<p>Innert dieser Frist ist keine den in E. 1 hiervor aufgezeigten Mindestanforderungen auch nur ansatzweise gen\u00fcgende Beschwerdeschrift eingegangen. Lediglich beispielhaft zwei vorinstanzliche Sachverhaltsfeststellungen als unvollst\u00e4ndig und unrichtig zu r\u00fcgen, ohne zugleich aufzuzeigen, inwiefern das Vorgetragene f\u00fcr den Verfahrensausgang entscheidend sein k\u00f6nnte, reicht nicht aus.<\/p>\n<p>4.<\/p>\n<p>Da dieser Begr\u00fcndungsmangel offensichtlich ist, f\u00fchrt dies zu einem Nichteintreten auf das Rechtsmittel im vereinfachten Verfahren nach Art. 108 Abs. 1 lit. b BGG.<\/p>\n<p>5.<\/p>\n<p>In Anwendung von Art. 66 Abs. 1 Satz 2 BGG wird ausnahmsweise auf die Erhebung von Gerichtskosten verzichtet.<\/p>\n<p>Demnach erkennt der Pr\u00e4sident:<\/p>\n<p>1.<\/p>\n<p>Auf die Beschwerde wird nicht eingetreten.<\/p>\n<p>2.<\/p>\n<p>Es werden keine Gerichtskosten erhoben.<\/p>\n<p>3.<\/p>\n<p>Dieses Urteil wird den Parteien, dem Verwaltungsgericht Nidwalden, Sozialversicherungsabteilung, und dem Bundesamt f\u00fcr Sozialversicherungen schriftlich mitgeteilt.<\/p>\n<p>Luzern, 24. Mai 2023<\/p>\n<p>Im Namen der IV. \u00f6ffentlich-rechtlichen Abteilung<\/p>\n<p>des Schweizerischen Bundesgerichts<\/p>\n<p>Der Pr\u00e4sident: Wirthlin<\/p>\n<p>Der Gerichtsschreiber: Gr\u00fcnvogel<\/p>\n<\/div>\n<hr class=\"kji-sep\" \/>\n<p class=\"kji-source-links\"><strong>Sources officielles :<\/strong> <a class=\"kji-source-link\" href=\"https:\/\/search.bger.ch\/ext\/eurospider\/live\/fr\/php\/aza\/http\/index.php?lang=fr&#038;type=highlight_simple_query&#038;page=1&#038;from_date=&#038;to_date=&#038;sort=relevance&#038;insertion_date=&#038;top_subcollection_aza=all&#038;query_words=bundesrecht&#038;rank=3&#038;azaclir=aza&#038;highlight_docid=aza%3A%2F%2F24-05-2023-8C_266-2023&#038;number_of_ranks=35514\" target=\"_blank\" rel=\"noopener noreferrer\">consulter la page source<\/a><\/p>\n<p class=\"kji-license-note\"><em>Source officielle Tribunal federal suisse. Contenu HTML public, PDF non garanti en version gratuite.<\/em><\/p>\n<\/div>\n","protected":false},"excerpt":{"rendered":"<p>Bundesgericht Tribunal f\u00e9d\u00e9ral Tribunale federale Tribunal federal 8C_266\/2023 Urteil vom 24. Mai 2023 IV. \u00f6ffentlich-rechtliche Abteilung Besetzung Bundesrichter Wirthlin, Pr\u00e4sident, Gerichtsschreiber Gr\u00fcnvogel. Verfahrensbeteiligte A.________, Beschwerdef\u00fchrerin, gegen IV-Stelle Nidwalden, Stansstaderstrasse 88, 6371 Stans, Beschwerdegegnerin. Gegenstand Invalidenversicherung (Prozessvoraussetzung), Beschwerde gegen den Entscheid des Verwaltungsgerichts Nidwalden vom 6. M\u00e4rz 2023 (SV 22 30). Erw\u00e4gungen: 1. Nach Art. 95&#8230;<\/p>\n","protected":false},"featured_media":0,"template":"","meta":{"_crdt_document":""},"kji_country":[9676],"kji_court":[9677],"kji_chamber":[10163],"kji_year":[24566],"kji_subject":[7712],"kji_keyword":[9799,9679,9680,7636],"kji_language":[7685],"class_list":["post-636554","kji_decision","type-kji_decision","status-publish","hentry","kji_country-suisse","kji_court-tribunal-federal-suisse","kji_chamber-ire-cour-de-droit-social","kji_year-24566","kji_subject-social","kji_keyword-bundesgericht","kji_keyword-federal","kji_keyword-suisse","kji_keyword-tribunal","kji_language-italien"],"yoast_head":"<!-- This site is optimized with the Yoast SEO Premium plugin v27.5 (Yoast SEO v27.5) - https:\/\/yoast.com\/product\/yoast-seo-premium-wordpress\/ -->\n<title>Tribunal f\u00e9d\u00e9ral suisse, 24 mai 2023, n\u00b0 8C 266-2023 - Ma\u00eetre Hassan Kohen, avocat en droit p\u00e9nal \u00e0 Paris<\/title>\n<meta name=\"robots\" content=\"index, follow, max-snippet:-1, max-image-preview:large, max-video-preview:-1\" \/>\n<link rel=\"canonical\" href=\"https:\/\/kohenavocats.com\/ru\/jurisprudences\/tribunal-federal-suisse-24-mai-2023-n-8c-266-2023\/\" \/>\n<meta property=\"og:locale\" content=\"ru_RU\" \/>\n<meta property=\"og:type\" content=\"article\" \/>\n<meta property=\"og:title\" content=\"Tribunal f\u00e9d\u00e9ral suisse, 24 mai 2023, n\u00b0 8C 266-2023\" \/>\n<meta property=\"og:description\" content=\"Bundesgericht Tribunal f\u00e9d\u00e9ral Tribunale federale Tribunal federal 8C_266\/2023 Urteil vom 24. Mai 2023 IV. \u00f6ffentlich-rechtliche Abteilung Besetzung Bundesrichter Wirthlin, Pr\u00e4sident, Gerichtsschreiber Gr\u00fcnvogel. Verfahrensbeteiligte A.________, Beschwerdef\u00fchrerin, gegen IV-Stelle Nidwalden, Stansstaderstrasse 88, 6371 Stans, Beschwerdegegnerin. Gegenstand Invalidenversicherung (Prozessvoraussetzung), Beschwerde gegen den Entscheid des Verwaltungsgerichts Nidwalden vom 6. M\u00e4rz 2023 (SV 22 30). Erw\u00e4gungen: 1. Nach Art. 95...\" \/>\n<meta property=\"og:url\" content=\"https:\/\/kohenavocats.com\/ru\/jurisprudences\/tribunal-federal-suisse-24-mai-2023-n-8c-266-2023\/\" \/>\n<meta property=\"og:site_name\" content=\"Ma\u00eetre Hassan Kohen, avocat en droit p\u00e9nal \u00e0 Paris\" \/>\n<meta name=\"twitter:card\" content=\"summary_large_image\" \/>\n<meta name=\"twitter:label1\" content=\"\u041f\u0440\u0438\u043c\u0435\u0440\u043d\u043e\u0435 \u0432\u0440\u0435\u043c\u044f \u0434\u043b\u044f \u0447\u0442\u0435\u043d\u0438\u044f\" \/>\n\t<meta name=\"twitter:data1\" content=\"2 \u043c\u0438\u043d\u0443\u0442\u044b\" \/>\n<script type=\"application\/ld+json\" class=\"yoast-schema-graph\">{\"@context\":\"https:\\\/\\\/schema.org\",\"@graph\":[{\"@type\":\"WebPage\",\"@id\":\"https:\\\/\\\/kohenavocats.com\\\/ru\\\/jurisprudences\\\/tribunal-federal-suisse-24-mai-2023-n-8c-266-2023\\\/\",\"url\":\"https:\\\/\\\/kohenavocats.com\\\/ru\\\/jurisprudences\\\/tribunal-federal-suisse-24-mai-2023-n-8c-266-2023\\\/\",\"name\":\"Tribunal f\u00e9d\u00e9ral suisse, 24 mai 2023, n\u00b0 8C 266-2023 - Ma\u00eetre Hassan Kohen, avocat en droit p\u00e9nal \u00e0 Paris\",\"isPartOf\":{\"@id\":\"https:\\\/\\\/kohenavocats.com\\\/ru\\\/#website\"},\"datePublished\":\"2026-04-21T12:36:42+00:00\",\"breadcrumb\":{\"@id\":\"https:\\\/\\\/kohenavocats.com\\\/ru\\\/jurisprudences\\\/tribunal-federal-suisse-24-mai-2023-n-8c-266-2023\\\/#breadcrumb\"},\"inLanguage\":\"ru-RU\",\"potentialAction\":[{\"@type\":\"ReadAction\",\"target\":[\"https:\\\/\\\/kohenavocats.com\\\/ru\\\/jurisprudences\\\/tribunal-federal-suisse-24-mai-2023-n-8c-266-2023\\\/\"]}]},{\"@type\":\"BreadcrumbList\",\"@id\":\"https:\\\/\\\/kohenavocats.com\\\/ru\\\/jurisprudences\\\/tribunal-federal-suisse-24-mai-2023-n-8c-266-2023\\\/#breadcrumb\",\"itemListElement\":[{\"@type\":\"ListItem\",\"position\":1,\"name\":\"Home\",\"item\":\"https:\\\/\\\/kohenavocats.com\\\/ru\\\/avocats-en-droit-penal-a-paris-conseil-et-defense-strategique\\\/\"},{\"@type\":\"ListItem\",\"position\":2,\"name\":\"Jurisprudences\",\"item\":\"https:\\\/\\\/kohenavocats.com\\\/ru\\\/jurisprudences\\\/\"},{\"@type\":\"ListItem\",\"position\":3,\"name\":\"Tribunal f\u00e9d\u00e9ral suisse, 24 mai 2023, n\u00b0 8C 266-2023\"}]},{\"@type\":\"WebSite\",\"@id\":\"https:\\\/\\\/kohenavocats.com\\\/ru\\\/#website\",\"url\":\"https:\\\/\\\/kohenavocats.com\\\/ru\\\/\",\"name\":\"Kohen Avocats\",\"description\":\"Ma\u00eetre Hassan Kohen, avocat p\u00e9naliste \u00e0 Paris, intervient exclusivement en droit p\u00e9nal pour la d\u00e9fense des particuliers, notamment en mati\u00e8re d\u2019accusations de viol. Il assure un accompagnement rigoureux d\u00e8s la garde \u00e0 vue jusqu\u2019\u00e0 la Cour d\u2019assises, veillant au strict respect des garanties proc\u00e9durales.\",\"publisher\":{\"@id\":\"https:\\\/\\\/kohenavocats.com\\\/ru\\\/#organization\"},\"potentialAction\":[{\"@type\":\"SearchAction\",\"target\":{\"@type\":\"EntryPoint\",\"urlTemplate\":\"https:\\\/\\\/kohenavocats.com\\\/ru\\\/?s={search_term_string}\"},\"query-input\":{\"@type\":\"PropertyValueSpecification\",\"valueRequired\":true,\"valueName\":\"search_term_string\"}}],\"inLanguage\":\"ru-RU\"},{\"@type\":\"Organization\",\"@id\":\"https:\\\/\\\/kohenavocats.com\\\/ru\\\/#organization\",\"name\":\"Kohen Avocats\",\"url\":\"https:\\\/\\\/kohenavocats.com\\\/ru\\\/\",\"logo\":{\"@type\":\"ImageObject\",\"inLanguage\":\"ru-RU\",\"@id\":\"https:\\\/\\\/kohenavocats.com\\\/ru\\\/#\\\/schema\\\/logo\\\/image\\\/\",\"url\":\"https:\\\/\\\/kohenavocats.com\\\/wp-content\\\/uploads\\\/2026\\\/01\\\/Logo-2-1.webp\",\"contentUrl\":\"https:\\\/\\\/kohenavocats.com\\\/wp-content\\\/uploads\\\/2026\\\/01\\\/Logo-2-1.webp\",\"width\":2114,\"height\":1253,\"caption\":\"Kohen Avocats\"},\"image\":{\"@id\":\"https:\\\/\\\/kohenavocats.com\\\/ru\\\/#\\\/schema\\\/logo\\\/image\\\/\"}}]}<\/script>\n<!-- \/ Yoast SEO Premium plugin. -->","yoast_head_json":{"title":"Tribunal f\u00e9d\u00e9ral suisse, 24 mai 2023, n\u00b0 8C 266-2023 - Ma\u00eetre Hassan Kohen, avocat en droit p\u00e9nal \u00e0 Paris","robots":{"index":"index","follow":"follow","max-snippet":"max-snippet:-1","max-image-preview":"max-image-preview:large","max-video-preview":"max-video-preview:-1"},"canonical":"https:\/\/kohenavocats.com\/ru\/jurisprudences\/tribunal-federal-suisse-24-mai-2023-n-8c-266-2023\/","og_locale":"ru_RU","og_type":"article","og_title":"Tribunal f\u00e9d\u00e9ral suisse, 24 mai 2023, n\u00b0 8C 266-2023","og_description":"Bundesgericht Tribunal f\u00e9d\u00e9ral Tribunale federale Tribunal federal 8C_266\/2023 Urteil vom 24. Mai 2023 IV. \u00f6ffentlich-rechtliche Abteilung Besetzung Bundesrichter Wirthlin, Pr\u00e4sident, Gerichtsschreiber Gr\u00fcnvogel. Verfahrensbeteiligte A.________, Beschwerdef\u00fchrerin, gegen IV-Stelle Nidwalden, Stansstaderstrasse 88, 6371 Stans, Beschwerdegegnerin. Gegenstand Invalidenversicherung (Prozessvoraussetzung), Beschwerde gegen den Entscheid des Verwaltungsgerichts Nidwalden vom 6. M\u00e4rz 2023 (SV 22 30). Erw\u00e4gungen: 1. Nach Art. 95...","og_url":"https:\/\/kohenavocats.com\/ru\/jurisprudences\/tribunal-federal-suisse-24-mai-2023-n-8c-266-2023\/","og_site_name":"Ma\u00eetre Hassan Kohen, avocat en droit p\u00e9nal \u00e0 Paris","twitter_card":"summary_large_image","twitter_misc":{"\u041f\u0440\u0438\u043c\u0435\u0440\u043d\u043e\u0435 \u0432\u0440\u0435\u043c\u044f \u0434\u043b\u044f \u0447\u0442\u0435\u043d\u0438\u044f":"2 \u043c\u0438\u043d\u0443\u0442\u044b"},"schema":{"@context":"https:\/\/schema.org","@graph":[{"@type":"WebPage","@id":"https:\/\/kohenavocats.com\/ru\/jurisprudences\/tribunal-federal-suisse-24-mai-2023-n-8c-266-2023\/","url":"https:\/\/kohenavocats.com\/ru\/jurisprudences\/tribunal-federal-suisse-24-mai-2023-n-8c-266-2023\/","name":"Tribunal f\u00e9d\u00e9ral suisse, 24 mai 2023, n\u00b0 8C 266-2023 - Ma\u00eetre Hassan Kohen, avocat en droit p\u00e9nal \u00e0 Paris","isPartOf":{"@id":"https:\/\/kohenavocats.com\/ru\/#website"},"datePublished":"2026-04-21T12:36:42+00:00","breadcrumb":{"@id":"https:\/\/kohenavocats.com\/ru\/jurisprudences\/tribunal-federal-suisse-24-mai-2023-n-8c-266-2023\/#breadcrumb"},"inLanguage":"ru-RU","potentialAction":[{"@type":"ReadAction","target":["https:\/\/kohenavocats.com\/ru\/jurisprudences\/tribunal-federal-suisse-24-mai-2023-n-8c-266-2023\/"]}]},{"@type":"BreadcrumbList","@id":"https:\/\/kohenavocats.com\/ru\/jurisprudences\/tribunal-federal-suisse-24-mai-2023-n-8c-266-2023\/#breadcrumb","itemListElement":[{"@type":"ListItem","position":1,"name":"Home","item":"https:\/\/kohenavocats.com\/ru\/avocats-en-droit-penal-a-paris-conseil-et-defense-strategique\/"},{"@type":"ListItem","position":2,"name":"Jurisprudences","item":"https:\/\/kohenavocats.com\/ru\/jurisprudences\/"},{"@type":"ListItem","position":3,"name":"Tribunal f\u00e9d\u00e9ral suisse, 24 mai 2023, n\u00b0 8C 266-2023"}]},{"@type":"WebSite","@id":"https:\/\/kohenavocats.com\/ru\/#website","url":"https:\/\/kohenavocats.com\/ru\/","name":"Kohen Avocats","description":"Ma\u00eetre Hassan Kohen, avocat p\u00e9naliste \u00e0 Paris, intervient exclusivement en droit p\u00e9nal pour la d\u00e9fense des particuliers, notamment en mati\u00e8re d\u2019accusations de viol. Il assure un accompagnement rigoureux d\u00e8s la garde \u00e0 vue jusqu\u2019\u00e0 la Cour d\u2019assises, veillant au strict respect des garanties proc\u00e9durales.","publisher":{"@id":"https:\/\/kohenavocats.com\/ru\/#organization"},"potentialAction":[{"@type":"SearchAction","target":{"@type":"EntryPoint","urlTemplate":"https:\/\/kohenavocats.com\/ru\/?s={search_term_string}"},"query-input":{"@type":"PropertyValueSpecification","valueRequired":true,"valueName":"search_term_string"}}],"inLanguage":"ru-RU"},{"@type":"Organization","@id":"https:\/\/kohenavocats.com\/ru\/#organization","name":"Kohen Avocats","url":"https:\/\/kohenavocats.com\/ru\/","logo":{"@type":"ImageObject","inLanguage":"ru-RU","@id":"https:\/\/kohenavocats.com\/ru\/#\/schema\/logo\/image\/","url":"https:\/\/kohenavocats.com\/wp-content\/uploads\/2026\/01\/Logo-2-1.webp","contentUrl":"https:\/\/kohenavocats.com\/wp-content\/uploads\/2026\/01\/Logo-2-1.webp","width":2114,"height":1253,"caption":"Kohen Avocats"},"image":{"@id":"https:\/\/kohenavocats.com\/ru\/#\/schema\/logo\/image\/"}}]}},"jetpack_likes_enabled":false,"jetpack_sharing_enabled":true,"_links":{"self":[{"href":"https:\/\/kohenavocats.com\/ru\/wp-json\/wp\/v2\/kji_decision\/636554","targetHints":{"allow":["GET"]}}],"collection":[{"href":"https:\/\/kohenavocats.com\/ru\/wp-json\/wp\/v2\/kji_decision"}],"about":[{"href":"https:\/\/kohenavocats.com\/ru\/wp-json\/wp\/v2\/types\/kji_decision"}],"wp:attachment":[{"href":"https:\/\/kohenavocats.com\/ru\/wp-json\/wp\/v2\/media?parent=636554"}],"wp:term":[{"taxonomy":"kji_country","embeddable":true,"href":"https:\/\/kohenavocats.com\/ru\/wp-json\/wp\/v2\/kji_country?post=636554"},{"taxonomy":"kji_court","embeddable":true,"href":"https:\/\/kohenavocats.com\/ru\/wp-json\/wp\/v2\/kji_court?post=636554"},{"taxonomy":"kji_chamber","embeddable":true,"href":"https:\/\/kohenavocats.com\/ru\/wp-json\/wp\/v2\/kji_chamber?post=636554"},{"taxonomy":"kji_year","embeddable":true,"href":"https:\/\/kohenavocats.com\/ru\/wp-json\/wp\/v2\/kji_year?post=636554"},{"taxonomy":"kji_subject","embeddable":true,"href":"https:\/\/kohenavocats.com\/ru\/wp-json\/wp\/v2\/kji_subject?post=636554"},{"taxonomy":"kji_keyword","embeddable":true,"href":"https:\/\/kohenavocats.com\/ru\/wp-json\/wp\/v2\/kji_keyword?post=636554"},{"taxonomy":"kji_language","embeddable":true,"href":"https:\/\/kohenavocats.com\/ru\/wp-json\/wp\/v2\/kji_language?post=636554"}],"curies":[{"name":"wp","href":"https:\/\/api.w.org\/{rel}","templated":true}]}}