{"id":637040,"date":"2026-04-21T15:42:13","date_gmt":"2026-04-21T13:42:13","guid":{"rendered":"https:\/\/kohenavocats.com\/jurisprudences\/eclinlrbobr20258532-rechtbank-oost-brabant-29-12-2025-c-01-420297-kg-za-25-552\/"},"modified":"2026-04-21T15:42:13","modified_gmt":"2026-04-21T13:42:13","slug":"eclinlrbobr20258532-rechtbank-oost-brabant-29-12-2025-c-01-420297-kg-za-25-552","status":"publish","type":"kji_decision","link":"https:\/\/kohenavocats.com\/ru\/jurisprudences\/eclinlrbobr20258532-rechtbank-oost-brabant-29-12-2025-c-01-420297-kg-za-25-552\/","title":{"rendered":"ECLI:NL:RBOBR:2025:8532 Rechtbank Oost-Brabant , 29-12-2025 \/ C\/01\/420297 \/ KG ZA 25-552"},"content":{"rendered":"<div class=\"kji-decision\">\n<div class=\"kji-full-text\">\n<p><strong>Inhoudsindicatie.<\/strong> Kort geding, verwijderen camera\u2019s<\/p>\n<p><strong>Inhoudsindicatie.<\/strong> Nu gedaagde aanvoert dat de camera\u2019s zijn geplaatst ter bescherming van zichzelf en zijn eigendommen, is er geen rechtvaardigingsgrond om deze ook te richten op het perceel van eiser. Evenmin is er een rechtvaardigingsgrond voor camera\u2019s met een geluidsopnamefaciliteit. Het belang van gedaagde tot bescherming van zijn eigendommen en het waarborgen van zijn gevoel van veiligheid, kan hij bereiken door camera\u2019s te plaatsen met een (vast) beeld die alleen zijn gericht op zijn achtertuin en voortuin en waarvan de positie niet &#8212; op afstand &#8212; gewijzigd kan worden. Niet kan worden vastgesteld of gedaagde inmiddels de maatregelen heeft getroffen die aansluiten op de hiervoor genoemde grenzen. Daarom kan de voorzieningenrechter niet concluderen dat er nu nog sprake is van onrechtmatig handelen van gedaagde tegenover eiser. Om aan partijen in het kader van dit kort geding toch de noodzakelijke duidelijkheid te geven over welk gebruik van camera\u2019s door gedaagde is toegestaan, veroordeelt de voorzieningenrechter gedaagde om de camera\u2019s aan de voor- en achterkant van zijn woning te verwijderen en verwijderd te houden voor zover deze:<\/p>\n<p><strong>Inhoudsindicatie.<\/strong> &#8212; (op afstand) beweegbaar zijn;<\/p>\n<p><strong>Inhoudsindicatie.<\/strong> &#8212; voorzien zijn van een functionerende geluidsopnamefaciliteit;<\/p>\n<p><strong>Inhoudsindicatie.<\/strong> &#8212; op welke wijze dan ook gericht zijn op het perceel van eiser.<\/p>\n<h3>RECHTBANK Oost-Brabant<\/h3>\n<p>Civiel recht<\/p>\n<p>Zittingsplaats &#039;s-Hertogenbosch<\/p>\n<p>Zaaknummer: C\/01\/420297 \/ KG ZA 25-552<\/p>\n<p>Vonnis in kort geding van 29 december 2025<\/p>\n<p>in de zaak van<\/p>\n<p>[eiser]<br \/>\n ,<\/p>\n<p>te [woonplaats] ,<\/p>\n<p>eisende partij,<\/p>\n<p>hierna te noemen: [eiser] ,<\/p>\n<p>advocaat: mr. J.W. Weehuizen,<\/p>\n<p>tegen<\/p>\n<p>[gedaagde]<br \/>\n ,<\/p>\n<p>te [woonplaats] ,<\/p>\n<p>gedaagde partij,<\/p>\n<p>hierna te noemen: [gedaagde] ,<\/p>\n<p>advocaat: mr. J.J.M. Cliteur.<\/p>\n<h3>1De procedure<\/h3>\n<p>Het verloop van de procedure blijkt uit:<\/p>\n<p>de dagvaarding van 3 november 2025 met producties, genummerd 1 tot en met 8;<\/p>\n<p>de conclusie van antwoord van mr. Cliteur, ingekomen ter griffie van de rechtbank op 8 december 2025 met producties, genummerd 1 tot en met 17, waarbij de aangekondigde producties, genummerd 3, 14 en 15, de voorzieningenrechter niet hebben bereikt;<\/p>\n<p>de mondelinge behandeling ter zitting van 9 december 2025.<\/p>\n<p>Vervolgens is vonnis bepaald op vandaag.<\/p>\n<h3>2De feiten<\/h3>\n<p>Voor de beoordeling van dit geschil zijn de volgende feiten van belang:<\/p>\n<p>[eiser] en [gedaagde] zijn buren die wonen aan de [adres 1] en [adres 2] in [plaats] .<\/p>\n<p>[eiser] heeft geruime tijd jaarlijks voor zijn woning (en soms ook binnen en in de achtertuin) voor Halloween voor met name kinderen ontvangsten georganiseerd.<\/p>\n<p>In 2024 ging dit niet door omdat de gemeente hiervoor geen toestemming gaf.<\/p>\n<p>In 2025 heeft [eiser] de festiviteiten rondom Halloween beperkt tot activiteiten in de voortuin van zijn woning.<\/p>\n<p>De hiervoor genoemde activiteiten van [eiser] in het kader van Halloween hebben de afgelopen tijd geleid tot spanningen tussen [eiser] en [gedaagde] .<\/p>\n<p>[gedaagde] heeft op 31 oktober 2024 camera\u2019s aangebracht aan de voorzijde en achterzijde van zijn bewoonde woning.<\/p>\n<p>[eiser] heeft [gedaagde] bij brieven van 18 juli 2025 en 25 augustus 2025 gesommeerd om de camera\u2019s weg te halen omdat hij de aanwezigheid van deze camera\u2019s als een vergaande inbreuk op zijn privacy ervaart.<\/p>\n<p>Overleg tussen [eiser] en [gedaagde] (waarbij [gedaagde] enige maatregelen heeft getroffen om [eiser] tegemoet te komen) heeft niet tot een oplossing geleid waarna [eiser] dit kort geding is begonnen.<\/p>\n<h3>3Het geschil<\/h3>\n<p>[eiser] vordert &#8212; samengevat \u2013 bij vonnis, uitvoerbaar bij voorraad:<\/p>\n<p>[gedaagde] te veroordelen om de door hem aan de voor- en achterkant van zijn woning (op of bij de bovenste verdieping) gemonteerde camera\u2019s met geluidsopnamefaciliteit binnen veertien dagen na het wijzen van dit vonnis te verwijderen en verwijderd te houden, op straffe van verbeurte van een dwangsom, althans een door de voorzieningenrechter passend geachte voorziening te treffen, met veroordeling van [gedaagde] in de proceskosten.<\/p>\n<p>[eiser] voert aan dat [gedaagde] tegenover [eiser] onrechtmatig handelt. [gedaagde] heeft een camera aan de voorkant van zijn woning aangebracht die onder meer is gericht op de voordeur van de woning van [eiser] en de aanloop naar die voordeur toe en heeft een camera aan de achterzijde aangebracht die is gericht op de tuin gelegen aan de achterkant van de woning van [eiser] . De camera\u2019s hebben een geluidsopnamefaciliteit en kunnen door middel van een afstandsbediening door [gedaagde] worden gedraaid en aan en uit worden gezet.<\/p>\n<p>Daarmee wenst [gedaagde] [eiser] te intimideren en een onveilig gevoel te bezorgen. Met behulp van de camera\u2019s en de daaraan verbonden geluidsopnamefaciliteit kan [gedaagde] het doen en laten van [eiser] bij zijn voordeur en ook in zijn achtertuin, waarin onder meer een bubbelbad is geplaatst, volledig observeren en beluisteren. Dat geldt ook voor bezoekers van [eiser] , waaronder ook zijn vriendin.<\/p>\n<p>Het later door [gedaagde] aangebrachte houten schotje neemt het zicht van de camera&#039;s op het erf (voor- en\/of achterkant) van [eiser] niet weg en is ook zodanig geplaatst dat de camera\u2019s daar onderdoor kunnen filmen.<\/p>\n<p>[gedaagde] voert verweer. [gedaagde] concludeert primair tot niet-ontvankelijkheid van [eiser] , dan wel tot afwijzing van de vorderingen van [eiser] , en bij toewijzing van de vordering subsidiair geen dwangsom op te leggen, met veroordeling van [eiser] in de kosten van deze procedure.<\/p>\n<p>[gedaagde] voert aan dat [eiser] geen spoedeisend belang heeft bij zijn vorderingen. Verder voert hij aan dat hij niets van doen had met de interventie van de gemeente waardoor de plannen van [eiser] met betrekking tot Halloween geen doorgang meer konden vinden. Niettemin hebben mede door uitlatingen van [eiser] op sociale media ertoe geleid dat teleurgestelde bewonderaars van de plannen van [eiser] zich jegens [gedaagde] onheus hebben gedragen. In de directe nasleep daarvan, aangejaagd door [eiser] zelf, heeft [gedaagde] op 31 oktober 2024 maatregelen moeten nemen om zichzelf en zijn eigendommen te beschermen.<\/p>\n<p>Om een oplossing in dit geschil te bereiken heeft [gedaagde] het zicht en de mogelijkheid tot opnemen van deze door hem aan zijn woning bevestigde camera&#039;s afgedekt zodat die niet langer gericht kunnen zijn op de eigendommen en de woning van [eiser] . In een nieuwe inspanning van [gedaagde] om [eiser] tegemoet te komen heeft afgelopen week nog verdere inperking van het bereik van de door [gedaagde] gebruikte camera&#039;s plaatsgevonden. Onder meer zijn de schotten uitgebreid en is de mogelijkheid tot het maken van geluidsopnamen geblokkeerd door de daartoe op de camera&#039;s dienende opening dicht te kitten.<\/p>\n<p>Op de stellingen van partijen wordt hierna, voor zover van belang, nader ingegaan.<\/p>\n<h3>4De beoordeling<\/h3>\n<p>Het gaat hier om een in kort geding gevorderde voorlopige voorziening. De voorzieningenrechter moet daarom eerst beoordelen of [eiser] ten tijde van dit vonnis bij die voorziening een spoedeisend belang heeft. Daarnaast geldt dat de voorzieningenrechter in dit kort geding moet beoordelen of de vorderingen in de bodemprocedure een zodanige kans van slagen hebben, dat vooruitlopend daarop toewijzing van de voorlopige voorziening gerechtvaardigd is. Als uitgangspunt geldt bovendien dat in deze procedure geen plaats is voor bewijslevering.<\/p>\n<p>Spoedeisend belang<\/p>\n<p>De vorderingen van [eiser] zijn erop gericht een in zijn ogen onrechtmatige situatie te be\u00ebindigen. Hieruit vloeit het spoedeisend belang voort aan de zijde van [eiser] . Dat de camera\u2019s er al enige tijd hangen doet niet af aan het spoedeisend belang van [eiser] temeer omdat hij recentelijk heeft gevraagd om het gebruik van de camera\u2019s te staken.<\/p>\n<p>In hoeverre er daadwerkelijk sprake is van de door [eiser] gestelde onrechtmatige situatie zal hierna bij de inhoudelijke beoordeling aan de orde komen.<\/p>\n<p>Maatstaf gebruik camera\u2019s<\/p>\n<p>Vooropgesteld wordt dat het [gedaagde] in beginsel is toegestaan om ter beveiliging van zijn woning camera\u2019s te plaatsen. Dit recht is echter niet onbegrensd. Onder omstandigheden kan het plaatsen van camera\u2019s onrechtmatig zijn jegens [eiser] . Daarvan kan sprake zijn als door de positie van de camera\u2019s en\/of door het maken van geluidsopnamen door die camera\u2019s op ontoelaatbare wijze inbreuk wordt gemaakt op de privacy van [eiser] , zoals hij stelt.<\/p>\n<p>In het algemeen geldt als norm dat iedereen recht heeft op privacy en het recht heeft om \u201conbespied\u201d te zijn en\/of \u201cniet afgeluisterd\u201d te worden in eigen woning en tuin. Een inbreuk op dat recht is in beginsel een onrechtmatige daad. Een rechtvaardigingsgrond kan aan het onrechtmatige karakter in de weg staan. Of zich een rechtvaardigingsgrond voordoet wordt beoordeeld aan de hand van de omstandigheden van het geval en onder afweging van de ernst van de inbreuk enerzijds en de belangen die met de inbreuk makende handelingen redelijkerwijs kunnen worden gediend anderzijds.<\/p>\n<p>Toepassing van deze maatstaf<\/p>\n<p>Nu [gedaagde] aanvoert dat de camera\u2019s zijn geplaatst ter bescherming van zichzelf en zijn eigendommen, is er geen rechtvaardigingsgrond om deze ook te richten op de voordeur van de woning van [eiser] en de aanloop naar die voordeur toe en te richten op de achtertuin. Evenmin is er een rechtvaardigingsgrond voor camera\u2019s met een geluidsopnamefaciliteit.<\/p>\n<p>Het belang van [gedaagde] tot bescherming van zijn eigendommen en het waarborgen van zijn gevoel van veiligheid, kan hij immers bereiken door camera\u2019s te plaatsen met een (vast) beeld die alleen zijn gericht op zijn achtertuin en voortuin en waarvan de positie niet &#8212; op afstand &#8212; gewijzigd kan worden.<\/p>\n<p>In dit kort geding heeft de voorzieningenrechter niet kunnen vaststellen of [gedaagde] inmiddels de maatregelen heeft getroffen die aansluiten op de hiervoor onder 4.4. genoemde grenzen. Daarom kan de voorzieningenrechter niet concluderen dat er nu nog sprake is van onrechtmatig handelen van [gedaagde] tegenover [eiser] .<\/p>\n<p>Om aan partijen in het kader van dit kort geding toch de noodzakelijke duidelijkheid te geven over welk gebruik van camera\u2019s door [gedaagde] is toegestaan, zal de voorzieningenrechter [gedaagde] veroordelen om binnen veertien dagen na betekening van dit vonnis de camera\u2019s aan de voor- en achterkant van zijn woning te verwijderen en verwijderd te houden voor zover deze:<\/p>\n<p>&#8212; ( op afstand) beweegbaar zijn;<\/p>\n<p>&#8212; voorzien zijn van een functionerende geluidsopnamefaciliteit;<\/p>\n<p>&#8212; op welke wijze dan ook gericht zijn op het perceel van [eiser] .<\/p>\n<p>Deze veroordeling heeft geen gevolgen voor het geval dat [gedaagde] inmiddels aan de hiervoor genoemde beperkingen aan het gebruik van camera\u2019s heeft voldaan. Daarbij ligt het vervolgens wel op de weg van [gedaagde] na een verzoek daartoe van [eiser] om aan te tonen dat hij inmiddels aan die beperkingen heeft voldaan.<\/p>\n<p>Voor het geval dat [gedaagde] hieraan nog niet volledig heeft voldaan is er reden de voorwaardelijke veroordeling te voorzien van de hierna te noemen dwangsombepaling.<\/p>\n<p>Met deze uitkomst is er aanleiding om de proceskosten op de hierna te wijzen te compenseren.<\/p>\n<h3>5De beslissing<\/h3>\n<p>De voorzieningenrechter<\/p>\n<p>gelast [gedaagde] , voor het geval dat hij daar inmiddels al niet aan heeft voldaan, om binnen veertien dagen na betekening van dit vonnis de camera\u2019s aan de voor- en achterkant van zijn woning te verwijderen en verwijderd te houden voor zover deze:<\/p>\n<p>&#8212; ( op afstand) beweegbaar zijn;<\/p>\n<p>&#8212; voorzien zijn van een functionerende geluidsopnamefaciliteit;<\/p>\n<p>&#8212; op welke wijze dan ook gericht zijn op het perceel van [eiser] .<\/p>\n<p>veroordeelt [gedaagde] om aan [eiser] een dwangsom te betalen van \u20ac 100,00 voor iedere dag, een deel van de dag daaronder begrepen, dat [gedaagde] in gebreke blijft aan de veroordeling onder 5.1 te voldoen, tot een maximum van \u20ac 5.000,00.<\/p>\n<p>compenseert de kosten van de procedure tussen partijen, in die zin dat iedere partij de eigen kosten draagt;<\/p>\n<p>verklaart dit vonnis uitvoerbaar bij voorraad;<\/p>\n<p>wijst het meer of anders gevorderde af.<\/p>\n<p>Dit vonnis is gewezen door mr. T. Zuidema en in het openbaar uitgesproken op<\/p>\n<p>29 december 2025.<\/p>\n<\/div>\n<hr class=\"kji-sep\" \/>\n<p class=\"kji-source-links\"><strong>Sources officielles :<\/strong> <a class=\"kji-source-link\" href=\"http:\/\/deeplink.rechtspraak.nl\/uitspraak?id=ECLI:NL:RBOBR:2025:8532\" target=\"_blank\" rel=\"noopener noreferrer\">consulter la page source<\/a><\/p>\n<p class=\"kji-license-note\"><em>Rechtspraak.nl open data, Creative Commons Zero. Volume cible 1.8M decisions.<\/em><\/p>\n<\/div>\n","protected":false},"excerpt":{"rendered":"<p>Kort geding, verwijderen camera\u2019s Nu gedaagde aanvoert dat de camera\u2019s zijn geplaatst ter bescherming van zichzelf en zijn eigendommen, is er geen rechtvaardigingsgrond om deze ook te richten op het perceel van eiser. Evenmin is er een rechtvaardigingsgrond voor camera\u2019s met een geluidsopnamefaciliteit. Het belang van gedaagde tot bescherming van zijn eigendommen en het waarborgen van zijn gev&#8230;<\/p>\n","protected":false},"featured_media":0,"template":"","meta":{"_crdt_document":""},"kji_country":[7669],"kji_court":[8173],"kji_chamber":[],"kji_year":[8463],"kji_subject":[7646],"kji_keyword":[8162,8314,8313,7675,13118],"kji_language":[7671],"class_list":["post-637040","kji_decision","type-kji_decision","status-publish","hentry","kji_country-pays-bas","kji_court-rechtbank-oost-brabant","kji_year-8463","kji_subject-divers","kji_keyword-geding","kji_keyword-oost-brabant","kji_keyword-rbobr","kji_keyword-rechtbank","kji_keyword-verwijderen","kji_language-nl"],"yoast_head":"<!-- This site is optimized with the Yoast SEO Premium plugin v27.5 (Yoast SEO v27.5) - https:\/\/yoast.com\/product\/yoast-seo-premium-wordpress\/ -->\n<title>ECLI:NL:RBOBR:2025:8532 Rechtbank Oost-Brabant , 29-12-2025 \/ C\/01\/420297 \/ KG ZA 25-552 - Ma\u00eetre Hassan Kohen, avocat en droit p\u00e9nal \u00e0 Paris<\/title>\n<meta name=\"robots\" content=\"index, follow, max-snippet:-1, max-image-preview:large, max-video-preview:-1\" \/>\n<link rel=\"canonical\" href=\"https:\/\/kohenavocats.com\/ru\/jurisprudences\/eclinlrbobr20258532-rechtbank-oost-brabant-29-12-2025-c-01-420297-kg-za-25-552\/\" \/>\n<meta property=\"og:locale\" content=\"ru_RU\" \/>\n<meta property=\"og:type\" content=\"article\" \/>\n<meta property=\"og:title\" content=\"ECLI:NL:RBOBR:2025:8532 Rechtbank Oost-Brabant , 29-12-2025 \/ C\/01\/420297 \/ KG ZA 25-552\" \/>\n<meta property=\"og:description\" content=\"Kort geding, verwijderen camera\u2019s Nu gedaagde aanvoert dat de camera\u2019s zijn geplaatst ter bescherming van zichzelf en zijn eigendommen, is er geen rechtvaardigingsgrond om deze ook te richten op het perceel van eiser. Evenmin is er een rechtvaardigingsgrond voor camera\u2019s met een geluidsopnamefaciliteit. Het belang van gedaagde tot bescherming van zijn eigendommen en het waarborgen van zijn gev...\" \/>\n<meta property=\"og:url\" content=\"https:\/\/kohenavocats.com\/ru\/jurisprudences\/eclinlrbobr20258532-rechtbank-oost-brabant-29-12-2025-c-01-420297-kg-za-25-552\/\" \/>\n<meta property=\"og:site_name\" content=\"Ma\u00eetre Hassan Kohen, avocat en droit p\u00e9nal \u00e0 Paris\" \/>\n<meta name=\"twitter:card\" content=\"summary_large_image\" \/>\n<meta name=\"twitter:label1\" content=\"\u041f\u0440\u0438\u043c\u0435\u0440\u043d\u043e\u0435 \u0432\u0440\u0435\u043c\u044f \u0434\u043b\u044f \u0447\u0442\u0435\u043d\u0438\u044f\" \/>\n\t<meta name=\"twitter:data1\" content=\"9 \u043c\u0438\u043d\u0443\u0442\" \/>\n<script type=\"application\/ld+json\" class=\"yoast-schema-graph\">{\"@context\":\"https:\\\/\\\/schema.org\",\"@graph\":[{\"@type\":\"WebPage\",\"@id\":\"https:\\\/\\\/kohenavocats.com\\\/ru\\\/jurisprudences\\\/eclinlrbobr20258532-rechtbank-oost-brabant-29-12-2025-c-01-420297-kg-za-25-552\\\/\",\"url\":\"https:\\\/\\\/kohenavocats.com\\\/ru\\\/jurisprudences\\\/eclinlrbobr20258532-rechtbank-oost-brabant-29-12-2025-c-01-420297-kg-za-25-552\\\/\",\"name\":\"ECLI:NL:RBOBR:2025:8532 Rechtbank Oost-Brabant , 29-12-2025 \\\/ C\\\/01\\\/420297 \\\/ KG ZA 25-552 - Ma\u00eetre Hassan Kohen, avocat en droit p\u00e9nal \u00e0 Paris\",\"isPartOf\":{\"@id\":\"https:\\\/\\\/kohenavocats.com\\\/ru\\\/#website\"},\"datePublished\":\"2026-04-21T13:42:13+00:00\",\"breadcrumb\":{\"@id\":\"https:\\\/\\\/kohenavocats.com\\\/ru\\\/jurisprudences\\\/eclinlrbobr20258532-rechtbank-oost-brabant-29-12-2025-c-01-420297-kg-za-25-552\\\/#breadcrumb\"},\"inLanguage\":\"ru-RU\",\"potentialAction\":[{\"@type\":\"ReadAction\",\"target\":[\"https:\\\/\\\/kohenavocats.com\\\/ru\\\/jurisprudences\\\/eclinlrbobr20258532-rechtbank-oost-brabant-29-12-2025-c-01-420297-kg-za-25-552\\\/\"]}]},{\"@type\":\"BreadcrumbList\",\"@id\":\"https:\\\/\\\/kohenavocats.com\\\/ru\\\/jurisprudences\\\/eclinlrbobr20258532-rechtbank-oost-brabant-29-12-2025-c-01-420297-kg-za-25-552\\\/#breadcrumb\",\"itemListElement\":[{\"@type\":\"ListItem\",\"position\":1,\"name\":\"Home\",\"item\":\"https:\\\/\\\/kohenavocats.com\\\/ru\\\/avocats-en-droit-penal-a-paris-conseil-et-defense-strategique\\\/\"},{\"@type\":\"ListItem\",\"position\":2,\"name\":\"Jurisprudences\",\"item\":\"https:\\\/\\\/kohenavocats.com\\\/ru\\\/jurisprudences\\\/\"},{\"@type\":\"ListItem\",\"position\":3,\"name\":\"ECLI:NL:RBOBR:2025:8532 Rechtbank Oost-Brabant , 29-12-2025 \\\/ C\\\/01\\\/420297 \\\/ KG ZA 25-552\"}]},{\"@type\":\"WebSite\",\"@id\":\"https:\\\/\\\/kohenavocats.com\\\/ru\\\/#website\",\"url\":\"https:\\\/\\\/kohenavocats.com\\\/ru\\\/\",\"name\":\"Kohen Avocats\",\"description\":\"Ma\u00eetre Hassan Kohen, avocat p\u00e9naliste \u00e0 Paris, intervient exclusivement en droit p\u00e9nal pour la d\u00e9fense des particuliers, notamment en mati\u00e8re d\u2019accusations de viol. Il assure un accompagnement rigoureux d\u00e8s la garde \u00e0 vue jusqu\u2019\u00e0 la Cour d\u2019assises, veillant au strict respect des garanties proc\u00e9durales.\",\"publisher\":{\"@id\":\"https:\\\/\\\/kohenavocats.com\\\/ru\\\/#organization\"},\"potentialAction\":[{\"@type\":\"SearchAction\",\"target\":{\"@type\":\"EntryPoint\",\"urlTemplate\":\"https:\\\/\\\/kohenavocats.com\\\/ru\\\/?s={search_term_string}\"},\"query-input\":{\"@type\":\"PropertyValueSpecification\",\"valueRequired\":true,\"valueName\":\"search_term_string\"}}],\"inLanguage\":\"ru-RU\"},{\"@type\":\"Organization\",\"@id\":\"https:\\\/\\\/kohenavocats.com\\\/ru\\\/#organization\",\"name\":\"Kohen Avocats\",\"url\":\"https:\\\/\\\/kohenavocats.com\\\/ru\\\/\",\"logo\":{\"@type\":\"ImageObject\",\"inLanguage\":\"ru-RU\",\"@id\":\"https:\\\/\\\/kohenavocats.com\\\/ru\\\/#\\\/schema\\\/logo\\\/image\\\/\",\"url\":\"https:\\\/\\\/kohenavocats.com\\\/wp-content\\\/uploads\\\/2026\\\/01\\\/Logo-2-1.webp\",\"contentUrl\":\"https:\\\/\\\/kohenavocats.com\\\/wp-content\\\/uploads\\\/2026\\\/01\\\/Logo-2-1.webp\",\"width\":2114,\"height\":1253,\"caption\":\"Kohen Avocats\"},\"image\":{\"@id\":\"https:\\\/\\\/kohenavocats.com\\\/ru\\\/#\\\/schema\\\/logo\\\/image\\\/\"}}]}<\/script>\n<!-- \/ Yoast SEO Premium plugin. -->","yoast_head_json":{"title":"ECLI:NL:RBOBR:2025:8532 Rechtbank Oost-Brabant , 29-12-2025 \/ C\/01\/420297 \/ KG ZA 25-552 - Ma\u00eetre Hassan Kohen, avocat en droit p\u00e9nal \u00e0 Paris","robots":{"index":"index","follow":"follow","max-snippet":"max-snippet:-1","max-image-preview":"max-image-preview:large","max-video-preview":"max-video-preview:-1"},"canonical":"https:\/\/kohenavocats.com\/ru\/jurisprudences\/eclinlrbobr20258532-rechtbank-oost-brabant-29-12-2025-c-01-420297-kg-za-25-552\/","og_locale":"ru_RU","og_type":"article","og_title":"ECLI:NL:RBOBR:2025:8532 Rechtbank Oost-Brabant , 29-12-2025 \/ C\/01\/420297 \/ KG ZA 25-552","og_description":"Kort geding, verwijderen camera\u2019s Nu gedaagde aanvoert dat de camera\u2019s zijn geplaatst ter bescherming van zichzelf en zijn eigendommen, is er geen rechtvaardigingsgrond om deze ook te richten op het perceel van eiser. Evenmin is er een rechtvaardigingsgrond voor camera\u2019s met een geluidsopnamefaciliteit. Het belang van gedaagde tot bescherming van zijn eigendommen en het waarborgen van zijn gev...","og_url":"https:\/\/kohenavocats.com\/ru\/jurisprudences\/eclinlrbobr20258532-rechtbank-oost-brabant-29-12-2025-c-01-420297-kg-za-25-552\/","og_site_name":"Ma\u00eetre Hassan Kohen, avocat en droit p\u00e9nal \u00e0 Paris","twitter_card":"summary_large_image","twitter_misc":{"\u041f\u0440\u0438\u043c\u0435\u0440\u043d\u043e\u0435 \u0432\u0440\u0435\u043c\u044f \u0434\u043b\u044f \u0447\u0442\u0435\u043d\u0438\u044f":"9 \u043c\u0438\u043d\u0443\u0442"},"schema":{"@context":"https:\/\/schema.org","@graph":[{"@type":"WebPage","@id":"https:\/\/kohenavocats.com\/ru\/jurisprudences\/eclinlrbobr20258532-rechtbank-oost-brabant-29-12-2025-c-01-420297-kg-za-25-552\/","url":"https:\/\/kohenavocats.com\/ru\/jurisprudences\/eclinlrbobr20258532-rechtbank-oost-brabant-29-12-2025-c-01-420297-kg-za-25-552\/","name":"ECLI:NL:RBOBR:2025:8532 Rechtbank Oost-Brabant , 29-12-2025 \/ C\/01\/420297 \/ KG ZA 25-552 - Ma\u00eetre Hassan Kohen, avocat en droit p\u00e9nal \u00e0 Paris","isPartOf":{"@id":"https:\/\/kohenavocats.com\/ru\/#website"},"datePublished":"2026-04-21T13:42:13+00:00","breadcrumb":{"@id":"https:\/\/kohenavocats.com\/ru\/jurisprudences\/eclinlrbobr20258532-rechtbank-oost-brabant-29-12-2025-c-01-420297-kg-za-25-552\/#breadcrumb"},"inLanguage":"ru-RU","potentialAction":[{"@type":"ReadAction","target":["https:\/\/kohenavocats.com\/ru\/jurisprudences\/eclinlrbobr20258532-rechtbank-oost-brabant-29-12-2025-c-01-420297-kg-za-25-552\/"]}]},{"@type":"BreadcrumbList","@id":"https:\/\/kohenavocats.com\/ru\/jurisprudences\/eclinlrbobr20258532-rechtbank-oost-brabant-29-12-2025-c-01-420297-kg-za-25-552\/#breadcrumb","itemListElement":[{"@type":"ListItem","position":1,"name":"Home","item":"https:\/\/kohenavocats.com\/ru\/avocats-en-droit-penal-a-paris-conseil-et-defense-strategique\/"},{"@type":"ListItem","position":2,"name":"Jurisprudences","item":"https:\/\/kohenavocats.com\/ru\/jurisprudences\/"},{"@type":"ListItem","position":3,"name":"ECLI:NL:RBOBR:2025:8532 Rechtbank Oost-Brabant , 29-12-2025 \/ C\/01\/420297 \/ KG ZA 25-552"}]},{"@type":"WebSite","@id":"https:\/\/kohenavocats.com\/ru\/#website","url":"https:\/\/kohenavocats.com\/ru\/","name":"Kohen Avocats","description":"Ma\u00eetre Hassan Kohen, avocat p\u00e9naliste \u00e0 Paris, intervient exclusivement en droit p\u00e9nal pour la d\u00e9fense des particuliers, notamment en mati\u00e8re d\u2019accusations de viol. Il assure un accompagnement rigoureux d\u00e8s la garde \u00e0 vue jusqu\u2019\u00e0 la Cour d\u2019assises, veillant au strict respect des garanties proc\u00e9durales.","publisher":{"@id":"https:\/\/kohenavocats.com\/ru\/#organization"},"potentialAction":[{"@type":"SearchAction","target":{"@type":"EntryPoint","urlTemplate":"https:\/\/kohenavocats.com\/ru\/?s={search_term_string}"},"query-input":{"@type":"PropertyValueSpecification","valueRequired":true,"valueName":"search_term_string"}}],"inLanguage":"ru-RU"},{"@type":"Organization","@id":"https:\/\/kohenavocats.com\/ru\/#organization","name":"Kohen Avocats","url":"https:\/\/kohenavocats.com\/ru\/","logo":{"@type":"ImageObject","inLanguage":"ru-RU","@id":"https:\/\/kohenavocats.com\/ru\/#\/schema\/logo\/image\/","url":"https:\/\/kohenavocats.com\/wp-content\/uploads\/2026\/01\/Logo-2-1.webp","contentUrl":"https:\/\/kohenavocats.com\/wp-content\/uploads\/2026\/01\/Logo-2-1.webp","width":2114,"height":1253,"caption":"Kohen Avocats"},"image":{"@id":"https:\/\/kohenavocats.com\/ru\/#\/schema\/logo\/image\/"}}]}},"jetpack_likes_enabled":false,"jetpack_sharing_enabled":true,"_links":{"self":[{"href":"https:\/\/kohenavocats.com\/ru\/wp-json\/wp\/v2\/kji_decision\/637040","targetHints":{"allow":["GET"]}}],"collection":[{"href":"https:\/\/kohenavocats.com\/ru\/wp-json\/wp\/v2\/kji_decision"}],"about":[{"href":"https:\/\/kohenavocats.com\/ru\/wp-json\/wp\/v2\/types\/kji_decision"}],"wp:attachment":[{"href":"https:\/\/kohenavocats.com\/ru\/wp-json\/wp\/v2\/media?parent=637040"}],"wp:term":[{"taxonomy":"kji_country","embeddable":true,"href":"https:\/\/kohenavocats.com\/ru\/wp-json\/wp\/v2\/kji_country?post=637040"},{"taxonomy":"kji_court","embeddable":true,"href":"https:\/\/kohenavocats.com\/ru\/wp-json\/wp\/v2\/kji_court?post=637040"},{"taxonomy":"kji_chamber","embeddable":true,"href":"https:\/\/kohenavocats.com\/ru\/wp-json\/wp\/v2\/kji_chamber?post=637040"},{"taxonomy":"kji_year","embeddable":true,"href":"https:\/\/kohenavocats.com\/ru\/wp-json\/wp\/v2\/kji_year?post=637040"},{"taxonomy":"kji_subject","embeddable":true,"href":"https:\/\/kohenavocats.com\/ru\/wp-json\/wp\/v2\/kji_subject?post=637040"},{"taxonomy":"kji_keyword","embeddable":true,"href":"https:\/\/kohenavocats.com\/ru\/wp-json\/wp\/v2\/kji_keyword?post=637040"},{"taxonomy":"kji_language","embeddable":true,"href":"https:\/\/kohenavocats.com\/ru\/wp-json\/wp\/v2\/kji_language?post=637040"}],"curies":[{"name":"wp","href":"https:\/\/api.w.org\/{rel}","templated":true}]}}