{"id":637147,"date":"2026-04-21T15:59:36","date_gmt":"2026-04-21T13:59:36","guid":{"rendered":"https:\/\/kohenavocats.com\/jurisprudences\/eclinlrbzwb20259499-rechtbank-zeeland-west-brabant-12-12-2025-c-02-435557-fa-rk-25-2571\/"},"modified":"2026-04-21T15:59:36","modified_gmt":"2026-04-21T13:59:36","slug":"eclinlrbzwb20259499-rechtbank-zeeland-west-brabant-12-12-2025-c-02-435557-fa-rk-25-2571","status":"publish","type":"kji_decision","link":"https:\/\/kohenavocats.com\/ru\/jurisprudences\/eclinlrbzwb20259499-rechtbank-zeeland-west-brabant-12-12-2025-c-02-435557-fa-rk-25-2571\/","title":{"rendered":"ECLI:NL:RBZWB:2025:9499 Rechtbank Zeeland-West-Brabant , 12-12-2025 \/ C\/02\/435557 \/ FA RK 25-2571"},"content":{"rendered":"<div class=\"kji-decision\">\n<div class=\"kji-full-text\">\n<p><strong>Inhoudsindicatie.<\/strong> Vernietiging erkenning. De juridische vader heeft zijn verzoek ingediend ruim vijf jaren nadat hij wist dat hij niet de biologische vader is. De rechtbank verklaart de juridische vader niet-ontvankelijk in zijn verzoek vanwege termijnoverschrijding. Toewijzing verzoek dat namens het kind is ingediend, omdat dit verzoek tijdig is ingediend en in het belang is van het kind.<\/p>\n<p>beschikking<\/p>\n<p>RECHTBANK ZEELAND-WEST-BRABANT<\/p>\n<p>Team Familie- en Jeugdrecht<\/p>\n<p>Zittingsplaats: Breda<\/p>\n<p>Zaaknummer: C\/02\/435557 \/ FA RK 25-2571<\/p>\n<p>Datum uitspraak: 12 december 2025<\/p>\n<p>Beschikking over vernietiging erkenning<\/p>\n<p>in de zaak van<\/p>\n<p>[de juridische vader]<br \/>\n ,<\/p>\n<p>hierna te noemen: de juridische vader,<\/p>\n<p>wonende te [woonplaats 1] ,<\/p>\n<p>advocaat: mr. M.W. Kuiper te Den Haag.<\/p>\n<p>De rechtbank merkt in deze zaak als belanghebbenden aan:<\/p>\n<p>de [de minderjarige] ,<\/p>\n<p>geboren te [geboorteplaats 1] op [geboortedag 1] 2017,<\/p>\n<p>hierna te noemen: [de minderjarige] ,<\/p>\n<p>vertegenwoordigd door:<\/p>\n<p>mr. J.A. SCANLAN, advocaat te Roosendaal, als bijzondere curator over [de minderjarige] ,<\/p>\n<p>hierna te noemen: de bijzondere curator,<\/p>\n<p>[de moeder]<br \/>\n ,<\/p>\n<p>hierna te noemen: de moeder,<\/p>\n<p>wonende te [woonplaats 2] .<\/p>\n<h3>1Het procesverloop<\/h3>\n<p>In het procesdossier zitten de volgende stukken:<\/p>\n<p>de in deze zaak gegeven beschikking van deze rechtbank van 12 augustus 2025 en alle daarin genoemde stukken;<\/p>\n<p>het rapport en advies van de bijzondere curator van 3 oktober 2025, met daarin een zelfstandig verzoek.<\/p>\n<p>Op 19 november 2025 heeft de rechtbank het verzoek, met gesloten deuren, ter zitting behandeld. Bij die zitting zijn de juridische vader en de bijzondere curator verschenen. De juridische vader werd bijgestaan door zijn advocaat en door mevrouw [gebarentolk] als gebarentolk (met [tolkennummer] ).<\/p>\n<p>Bij aanvang van de zitting constateert de rechtbank dat de moeder niet is verschenen. Aangezien de moeder in deze procedure is aangemerkt als belanghebbend, dient de rechtbank te controleren of zij correct is opgeroepen. De rechtbank stelt vast dat de moeder op 12 augustus 2025 per post is opgeroepen voor de zitting op het adres waar zij op dat moment bij de gemeente stond ingeschreven in de Basisregistratie personen (de Brp). Gelet hierop stelt de rechtbank vast dat de moeder correct is opgeroepen voor de zitting. Daarnaast heeft de bijzondere curator aangegeven dat zij de moeder kort voorafgaand aan de zitting een e-mailbericht heeft gestuurd naar aanleiding van de uitnodiging vanuit de rechtbank aan [de minderjarige] voor een kindgesprek en dat zij deze brief zelf heeft bezorgd bij het huisadres van de moeder met het verzoek om telefonisch contact op te nemen, maar dat de moeder niet heeft gereageerd. Nu de moeder correct is opgeroepen, heeft de rechtbank de zitting voortgezet buiten aanwezigheid van de moeder. De advocaat van de juridische vader en de bijzondere curator hebben hiermee ingestemd.<\/p>\n<p>[de minderjarige] is, met het oog op haar leeftijd, uitgenodigd om haar mening te geven tijdens een gesprek met de kinderrechter op 17 november 2025, maar zij is niet verschenen.<\/p>\n<h3>2De nadere beoordeling<\/h3>\n<p>Inleiding<\/p>\n<p>Bij voormelde beschikking van 12 augustus 2025 heeft de rechtbank mr. J.A. Scanlan benoemd als bijzondere curator over [de minderjarige] . Daarnaast is de bijzondere curator verzocht om een onderzoek te verrichten en, naar aanleiding daarvan, schriftelijk te rapporteren en te adviseren over het in deze zaak voorliggende verzoek. In afwachting daarvan is de beslissing in deze zaak aangehouden tot de zitting op 19 november 2025.<\/p>\n<p>Op grond van de overgelegde stukken en wat er tijdens de zitting is besproken, stelt de rechtbank het volgende vast:<\/p>\n<p>De juridische vader en de moeder hebben een (kortdurende) relatie met elkaar gehad.<\/p>\n<p>[de minderjarige] is op [geboortedag 1] 2017 geboren.<\/p>\n<p>Op 26 januari 2018 heeft de juridische vader [de minderjarige] erkend. Dit blijkt uit de overgelegde geboorteakte van [de minderjarige] en de daarbij horende latere vermelding betreffende erkenning.<\/p>\n<p>De moeder is van rechtswege belast met het eenhoofdig ouderlijk gezag over [de minderjarige] .<\/p>\n<p>[de minderjarige] woont bij de moeder.<\/p>\n<p>De juridische vader, de moeder en [de minderjarige] hebben de Nederlandse nationaliteit en zij wonen en hebben hun gewone verblijfplaats in Nederland.<\/p>\n<p>Het verzoek van de juridische vader en de onderbouwing daarvan<\/p>\n<p>De juridische vader verzoekt tot vernietiging van zijn erkenning van [de minderjarige] .<\/p>\n<p>Namens en door de juridische vader is daartoe, samengevat, onder meer het volgende aangevoerd. De juridische vader stelt dat hij kort na de geboorte van [de minderjarige] al twijfelde of hij de biologische vader van [de minderjarige] is. De moeder was hier destijds niet duidelijk over. Nadat de moeder op een gegeven moment aangaf dat de juridische vader echt de biologische vader van [de minderjarige] is, heeft de juridische vader [de minderjarige] op 26 januari 2018 erkend. De juridische vader stelt dat hij [de minderjarige] enkel als baby heeft gezien en dat hij vervolgens voor enige tijd naar [geboorteplaats 2] is verhuisd. Vanaf dat moment heeft de juridische vader geen contact meer gehad met [de minderjarige] of met de moeder. De juridische vader stelt dat hij in 2019 erachter is gekomen dat niet hij, maar de heer [persoon] de biologische vader van [de minderjarige] is. De juridische vader heeft een afschrift van een DNA-test overgelegd (gedateerd op 8 november 2018) waaruit blijkt dat de heer [persoon] met een aan zekerheid grenzende waarschijnlijkheid (99,99997%) de biologische vader van [de minderjarige] is. Deze test is verricht met DNA-materiaal van de moeder, de (vermoedelijke) biologische vader en [de minderjarige] . Uit voormelde testuitslag kan dus de conclusie worden getrokken dat de juridische vader met een aan zekerheid grenzende waarschijnlijkheid niet de biologische vader van [de minderjarige] is. Kort nadat de juridische vader hiervan op de hoogte raakte, heeft hij contact opgenomen met de ambtenaar van de burgerlijke stand van de gemeente om de erkenning ongedaan te maken. De juridische vader stelt dat de ambtenaar van de burgerlijke stand hem toen heeft gezegd dat hij dit zou gaan regelen. De juridische vader mocht er daarom van uitgaan dat de erkenning zou worden vernietigd. Eind 2024 is de juridische vader er echter via zijn belastingadviseur achter gekomen dat hij nog steeds de juridische vader van [de minderjarige] is en dat de erkenning dus niet is vernietigd.<\/p>\n<p>Gelet op het voorgaande zag de juridische vader zich genoodzaakt om voormeld verzoek tot vernietiging erkenning in te dienen. Nu de juridische vader [de minderjarige] heeft erkend omdat de moeder hem destijds heeft verteld dat hij de biologische vader van [de minderjarige] is, stelt de juridische vader zich op het standpunt dat de erkenning onder invloed van dwaling dan wel bedrog tot stand is gekomen. De juridische vader erkent dat hij zijn verzoek niet binnen een jaar nadat hij heeft ontdekt dat hij niet de biologische vader van [de minderjarige] is, bij de rechtbank heeft ingediend en dat het verzoek daarmee, gelet op het bepaalde in artikel 1:205, derde lid van het Burgerlijk Wetboek (BW), niet tijdig is ingediend. Echter was de vader niet bekend met deze termijn. De juridische vader stelt zich daarnaast op het standpunt dat de termijnoverschrijding een ongerechtvaardigde inmenging in het familie- en gezinsleven in de zin van artikel 8 van het Europees Verdrag voor de Rechten van de Mens (EVRM) oplevert. De juridische vader verwijst in dat verband naar een aantal uitspraken van de rechtbank Noord-Nederland. Dit omdat de juridische vader en [de minderjarige] al lange tijd geen contact meer met elkaar hebben en [de minderjarige] ook niets meer van de juridische vader als vaderfiguur te verwachten heeft. Tegelijkertijd wil de (vermoedelijke) biologische vader [de minderjarige] graag erkennen (vide zijn mail van 6 januari 2025).<\/p>\n<p>De juridische vader verzoekt om hem, ondanks de termijnoverschrijding, te ontvangen in zijn verzoek en dit verzoek toe te wijzen, namelijk door de erkenning van [de minderjarige] door de juridische vader te vernietigen. Voor zover de rechtbank de juridische vader niet-ontvankelijk zal verklaren in zijn verzoek, verzoekt de juridische vader om het zelfstandige verzoek van de bijzondere curator tot vernietiging van de erkenning door de juridische vader van [de minderjarige] toe te wijzen.<\/p>\n<p>Het standpunt van de bijzondere curator alsmede zelfstandig verzoek<\/p>\n<p>De bijzondere curator stelt zich primair op het standpunt dat de juridische vader niet-ontvankelijk moet worden verklaard in zijn verzoek. Voor zover de juridische vader niet-ontvankelijk wordt verklaard in zijn verzoek, dan wel zijn verzoek wordt afgewezen, verzoekt de bijzondere curator, bij wijze van zelfstandig verzoek, de vernietiging van de erkenning door de juridische vader van [de minderjarige] .<\/p>\n<p>De bijzondere curator stelt dat de juridische vader en de moeder tijdens de gesprekken die zij met hen heeft gevoerd, tegenstrijdig hebben verklaard over de vraag of de juridische vader op het moment van de erkenning van [de minderjarige] ervan op de hoogte was dat hij niet de biologische vader van [de minderjarige] is. Volgens de bijzondere curator heeft de moeder aangegeven dat de juridische vader op het moment van de erkenning wist dat hij niet de biologische vader van [de minderjarige] is. De bijzondere curator stelt vast, afgezien van de vraag of de juridische vader op het moment van de erkenning of, zoals de juridische vader heeft aangegeven, pas in 2019 ervan op de hoogte is geraakt dat hij niet de biologische vader van [de minderjarige] is, dat de juridische vader heeft verzuimd om binnen een jaar nadat hij daarmee bekend werd een verzoek tot vernietiging erkenning bij de rechtbank in te dienen. De bijzondere curator vindt de termijnoverschrijving niet verschoonbaar. De in dat verband namens de juridische vader aangehaalde jurisprudentie is niet van toepassing.<\/p>\n<p>De bijzondere curator ziet geen redenen om te twijfelen aan de overgelegde testuitslag waaruit kan worden geconcludeerd dat de juridische vader met een aan zekerheid grenzende waarschijnlijkheid niet de biologische vader van [de minderjarige] is. Dit is tussen partijen ook niet in geschil. De bijzondere curator vindt daarom dat voldoende is aangetoond dat de juridische vader inderdaad niet de biologische vader van [de minderjarige] is. Daarbij komt dat [de minderjarige] en de juridische vader elkaar al ruim zeven jaren niet hebben gezien, dat er geen sprake is van een ouder-kindrelatie tussen hen en dat [de minderjarige] in dat verband ook niets meer van de juridische vader heeft te verwachten. [de minderjarige] weet dat niet de juridische vader, maar de heer [persoon] haar biologische vader is. Overigens is in haar beleving [de huidige partner van de moeder] de enige vaderfiguur in haar leven. Gelet hierop vindt de bijzondere curator het in het belang van [de minderjarige] dat de juridische situatie in overeenstemming wordt gebracht met de biologische werkelijkheid, in die zin dat de erkenning door de juridische vader van [de minderjarige] wordt vernietigd.<\/p>\n<p>Naar aanleiding van de overgelegde stukken en wat er tijdens de zitting is besproken, overweegt de rechtbank als volgt.<\/p>\n<p>Vernietiging erkenning op verzoek van de juridische vader<\/p>\n<p>In artikel 1:205, eerste lid, sub b van het Burgerlijk Wetboek (BW) staat dat een verzoek tot vernietiging van de erkenning, op de grond dat de erkenner niet de biologische vader van het kind is, door de juridische vader kan worden ingediend indien hij door bedreiging, dwaling, bedrog of, tijdens zijn minderjarigheid, door misbruik van omstandigheden daartoe is bewogen.<\/p>\n<p>Uit het derde lid van voormeld artikel volgt dat in geval van bedreiging of misbruik van omstandigheden, het verzoek door de erkenner of door de moeder niet later wordt ingediend dan een jaar nadat deze invloed heeft opgehouden te werken en, in geval van bedrog of dwaling, binnen een jaar nadat de verzoeker het bedrog of de dwaling heeft ontdekt.<\/p>\n<p>De rechtbank overweegt dat de juridische vader heeft aangegeven, hoewel hij vanaf de geboorte al zijn twijfels heeft gehad of hij de biologische vader van [de minderjarige] is, dat hij in 2019 ervan op de hoogte is geraakt dat hij niet de biologische vader van [de minderjarige] is. De moeder heeft daarentegen tegen de bijzondere curator gezegd dat de juridische vader [de minderjarige] op 26 januari 2018 heeft erkend terwijl hij wist dat hij niet haar biologische vader is. De rechtbank stelt vast dat de vader in ieder geval vanaf 2019 wist dat hij niet de biologische vader van [de minderjarige] is. Nu de juridische vader pas op 20 mei 2025 via zijn advocaat een verzoek tot vernietiging erkenning bij de rechtbank heeft ingediend, stelt de rechtbank vast dat de vader zijn verzoek in ieder geval ruim vijf jaren nadat hij ervan op de hoogte is geraakt dat hij niet de biologische vader van [de minderjarige] is, bij de rechtbank heeft ingediend. Daarmee is het verzoek, gelet op de termijn van een jaar waarbinnen het verzoek moet worden ingediend zoals genoemd in artikel 1:205, derde lid BW, niet tijdig ingediend waarbij er sprake is van een forse termijnoverschrijding. In hetgeen door en namens de juridische vader is aangevoerd, ziet de rechtbank onvoldoende aanleiding om aan te nemen dat er sprake is van een verschoonbare termijnoverschrijding. De rechtbank zal de juridische vader daarom niet-ontvankelijk verklaren in zijn verzoek.<\/p>\n<p>Vernietiging erkenning op verzoek van het kind<\/p>\n<p>In artikel 1:205, eerste lid, sub a BW staat dat een verzoek tot vernietiging van een erkenning, op de grond dat de erkenner niet de biologische vader is van het kind, kan worden ingediend door het kind zelf, tenzij de erkenning tijdens de meerderjarigheid heeft plaatsgevonden.<\/p>\n<p>In het vierde lid van dit artikel staat dat het verzoek door het kind wordt ingediend binnen drie jaren nadat het kind bekend is geworden met het feit dat de man vermoedelijk niet zijn biologische vader is. Indien het kind evenwel gedurende zijn minderjarigheid bekend is geworden met dit feit kan het verzoek tot uiterlijk drie jaren nadat het kind meerderjarig is geworden, worden ingediend.<\/p>\n<p>Nu de bijzondere curator het verzoek namens [de minderjarige] heeft ingediend terwijl [de minderjarige] nog minderjarig is, stelt de rechtbank vast dat het verzoek tijdig is ingediend en dat [de minderjarige] om die reden kan worden ontvangen in haar zelfstandige verzoek tot vernietiging erkenning.<\/p>\n<p>De rechtbank overweegt dat er een DNA-onderzoek is verricht met DNA-materiaal van de moeder, [de minderjarige] en de heer [persoon] als de (vermoedelijke) biologische vader. Uit het overgelegde afschrift van de daarbij horende DNA-testuitslag blijkt dat de heer [persoon] met een aan zekerheid grenzende waarschijnlijkheid de biologische vader van [de minderjarige] is. De rechtbank acht het daarom voldoende aangetoond dat de juridische vader niet de biologische vader van [de minderjarige] is. De rechtbank acht het bovendien in het belang van de verdere identiteitsontwikkeling van [de minderjarige] dat de juridische situatie in overeenstemming wordt gebracht met de biologische werkelijkheid, in die zin dat de familierechtelijke band tussen de juridische vader en [de minderjarige] wordt verbroken. Zij hebben namelijk al langere tijd geen contact met elkaar gehad en voldoende gebleken is dat [de minderjarige] niets meer van de juridische vader als vaderfiguur te verwachten heeft. Gelet hierop is de rechtbank van oordeel dat niet alleen wordt voldaan aan de wettelijke vereisten voor vernietiging van de erkenning van [de minderjarige] , maar dat deze vernietiging ook in het belang van [de minderjarige] moet worden geacht. De rechtbank zal het zelfstandige verzoek dat de bijzondere curator namens [de minderjarige] heeft ingediend daarom toewijzen en de erkenning door de juridische vader van [de minderjarige] vernietigen.<\/p>\n<p>Toesturen van de beschikking aan de Ambtenaar van de Burgerlijke Stand<\/p>\n<p>De rechtbank zal bepalen dat de griffier van deze rechtbank, wanneer de beslissing in kracht van gewijsde is gegaan, oftewel wanneer de termijn voor het instellen van hoger beroep tegen die beslissing is verstreken, een afschrift van deze beschikking zal doen toekomen aan de ambtenaar van de burgerlijke stand in de gemeente waar [de minderjarige] is geboren, in dit geval de gemeente [geboorteplaats 1] , om daarin aantekening te doen van deze beschikking.<\/p>\n<p>Be\u00ebindiging taak van de bijzondere curator<\/p>\n<p>Nu de rechtbank een eindbeslissing zal nemen in deze zaak, zal zij de taak van de bijzondere curator in deze procedure als be\u00ebindigd beschouwen. Indien er een rechtsmiddel wordt ingesteld tegen de beslissing in deze zaak, oftewel als er hoger beroep wordt ingesteld tegen die beslissing, dan zal de taak van de bijzondere curator herleven.<\/p>\n<p>Verdeling proceskosten<\/p>\n<p>Gelet op de aard van deze procedure zullen de proceskosten tussen partijen worden verdeeld, in die zin dat iedere partij de eigen kosten draagt.<\/p>\n<h3>3De beslissing<\/h3>\n<p>De rechtbank:<\/p>\n<p>verklaart de heer [de juridische vader] (de juridische vader) niet-ontvankelijk in zijn verzoek;<\/p>\n<p>vernietigt de erkenning van de [de minderjarige] , geboren te [geboorteplaats 1] op [geboortedag 1] 2017 door de heer [de juridische vader] , geboren op [geboorteplaats 2] , Nederlandse Antillen, op [geboortedag 2] 1976;<\/p>\n<p>bepaalt dat de griffier, wanneer deze uitspraak in kracht van gewijsde is gegaan, een afschrift van deze beschikking zal doen toekomen aan de ambtenaar van de burgerlijke stand van de gemeente \u2018 [geboorteplaats 1] om daarin aantekening te doen van deze beschikking;<\/p>\n<p>beschouwt de taak van de bijzondere curator in deze procedure in eerste aanleg als be\u00ebindigd;<\/p>\n<p>verdeelt de kosten van partijen in deze procedure tussen hen, in die zin dat iedere partij de eigen kosten draagt.<\/p>\n<p>Deze beschikking is gegeven en in het openbaar uitgesproken op 12 december 2025 door mr. van Triest, rechter, in aanwezigheid van mr. Wallerbos als griffier.<\/p>\n<p>Mededeling van de griffier:<\/p>\n<p>Indien hoger beroep tegen deze beschikking mogelijk is, kan dat worden ingesteld:<\/p>\n<p>&#8212; door de verzoekers en degenen aan wie een afschrift van de beschikking is verstrekt of verzonden, binnen drie maanden na de dag van de uitspraak,<\/p>\n<p>&#8212; door andere belanghebbenden binnen drie maanden na de betekening daarvan of nadat de beschikking aan hen op een andere wijze bekend is geworden.<\/p>\n<p>Het hoger beroep moet, door tussenkomst van een advocaat, worden ingediend ter griffie van het<\/p>\n<p>gerechtshof \u2019s-Hertogenbosch.<\/p>\n<\/div>\n<hr class=\"kji-sep\" \/>\n<p class=\"kji-source-links\"><strong>Sources officielles :<\/strong> <a class=\"kji-source-link\" href=\"http:\/\/deeplink.rechtspraak.nl\/uitspraak?id=ECLI:NL:RBZWB:2025:9499\" target=\"_blank\" rel=\"noopener noreferrer\">consulter la page source<\/a><\/p>\n<p class=\"kji-license-note\"><em>Rechtspraak.nl open data, Creative Commons Zero. Volume cible 1.8M decisions.<\/em><\/p>\n<\/div>\n","protected":false},"excerpt":{"rendered":"<p>Vernietiging erkenning. De juridische vader heeft zijn verzoek ingediend ruim vijf jaren nadat hij wist dat hij niet de biologische vader is. De rechtbank verklaart de juridische vader niet-ontvankelijk in zijn verzoek vanwege termijnoverschrijding. Toewijzing verzoek dat namens het kind is ingediend, omdat dit verzoek tijdig is ingediend en in het belang is van het kind.<\/p>\n","protected":false},"featured_media":0,"template":"","meta":{"_crdt_document":""},"kji_country":[7669],"kji_court":[8149],"kji_chamber":[],"kji_year":[8463],"kji_subject":[7612],"kji_keyword":[13722,13547,7675,10136,7814],"kji_language":[7671],"class_list":["post-637147","kji_decision","type-kji_decision","status-publish","hentry","kji_country-pays-bas","kji_court-rechtbank-zeeland-west-brabant","kji_year-8463","kji_subject-fiscal","kji_keyword-ingediend","kji_keyword-juridische","kji_keyword-rechtbank","kji_keyword-vader","kji_keyword-verzoek","kji_language-nl"],"yoast_head":"<!-- This site is optimized with the Yoast SEO Premium plugin v27.5 (Yoast SEO v27.5) - https:\/\/yoast.com\/product\/yoast-seo-premium-wordpress\/ -->\n<title>ECLI:NL:RBZWB:2025:9499 Rechtbank Zeeland-West-Brabant , 12-12-2025 \/ C\/02\/435557 \/ FA RK 25-2571 - Ma\u00eetre Hassan Kohen, avocat en droit p\u00e9nal \u00e0 Paris<\/title>\n<meta name=\"robots\" content=\"index, follow, max-snippet:-1, max-image-preview:large, max-video-preview:-1\" \/>\n<link rel=\"canonical\" href=\"https:\/\/kohenavocats.com\/ru\/jurisprudences\/eclinlrbzwb20259499-rechtbank-zeeland-west-brabant-12-12-2025-c-02-435557-fa-rk-25-2571\/\" \/>\n<meta property=\"og:locale\" content=\"ru_RU\" \/>\n<meta property=\"og:type\" content=\"article\" \/>\n<meta property=\"og:title\" content=\"ECLI:NL:RBZWB:2025:9499 Rechtbank Zeeland-West-Brabant , 12-12-2025 \/ C\/02\/435557 \/ FA RK 25-2571\" \/>\n<meta property=\"og:description\" content=\"Vernietiging erkenning. De juridische vader heeft zijn verzoek ingediend ruim vijf jaren nadat hij wist dat hij niet de biologische vader is. De rechtbank verklaart de juridische vader niet-ontvankelijk in zijn verzoek vanwege termijnoverschrijding. Toewijzing verzoek dat namens het kind is ingediend, omdat dit verzoek tijdig is ingediend en in het belang is van het kind.\" \/>\n<meta property=\"og:url\" content=\"https:\/\/kohenavocats.com\/ru\/jurisprudences\/eclinlrbzwb20259499-rechtbank-zeeland-west-brabant-12-12-2025-c-02-435557-fa-rk-25-2571\/\" \/>\n<meta property=\"og:site_name\" content=\"Ma\u00eetre Hassan Kohen, avocat en droit p\u00e9nal \u00e0 Paris\" \/>\n<meta name=\"twitter:card\" content=\"summary_large_image\" \/>\n<meta name=\"twitter:label1\" content=\"\u041f\u0440\u0438\u043c\u0435\u0440\u043d\u043e\u0435 \u0432\u0440\u0435\u043c\u044f \u0434\u043b\u044f \u0447\u0442\u0435\u043d\u0438\u044f\" \/>\n\t<meta name=\"twitter:data1\" content=\"14 \u043c\u0438\u043d\u0443\u0442\" \/>\n<script type=\"application\/ld+json\" class=\"yoast-schema-graph\">{\"@context\":\"https:\\\/\\\/schema.org\",\"@graph\":[{\"@type\":\"WebPage\",\"@id\":\"https:\\\/\\\/kohenavocats.com\\\/ru\\\/jurisprudences\\\/eclinlrbzwb20259499-rechtbank-zeeland-west-brabant-12-12-2025-c-02-435557-fa-rk-25-2571\\\/\",\"url\":\"https:\\\/\\\/kohenavocats.com\\\/ru\\\/jurisprudences\\\/eclinlrbzwb20259499-rechtbank-zeeland-west-brabant-12-12-2025-c-02-435557-fa-rk-25-2571\\\/\",\"name\":\"ECLI:NL:RBZWB:2025:9499 Rechtbank Zeeland-West-Brabant , 12-12-2025 \\\/ C\\\/02\\\/435557 \\\/ FA RK 25-2571 - Ma\u00eetre Hassan Kohen, avocat en droit p\u00e9nal \u00e0 Paris\",\"isPartOf\":{\"@id\":\"https:\\\/\\\/kohenavocats.com\\\/ru\\\/#website\"},\"datePublished\":\"2026-04-21T13:59:36+00:00\",\"breadcrumb\":{\"@id\":\"https:\\\/\\\/kohenavocats.com\\\/ru\\\/jurisprudences\\\/eclinlrbzwb20259499-rechtbank-zeeland-west-brabant-12-12-2025-c-02-435557-fa-rk-25-2571\\\/#breadcrumb\"},\"inLanguage\":\"ru-RU\",\"potentialAction\":[{\"@type\":\"ReadAction\",\"target\":[\"https:\\\/\\\/kohenavocats.com\\\/ru\\\/jurisprudences\\\/eclinlrbzwb20259499-rechtbank-zeeland-west-brabant-12-12-2025-c-02-435557-fa-rk-25-2571\\\/\"]}]},{\"@type\":\"BreadcrumbList\",\"@id\":\"https:\\\/\\\/kohenavocats.com\\\/ru\\\/jurisprudences\\\/eclinlrbzwb20259499-rechtbank-zeeland-west-brabant-12-12-2025-c-02-435557-fa-rk-25-2571\\\/#breadcrumb\",\"itemListElement\":[{\"@type\":\"ListItem\",\"position\":1,\"name\":\"Home\",\"item\":\"https:\\\/\\\/kohenavocats.com\\\/ru\\\/avocats-en-droit-penal-a-paris-conseil-et-defense-strategique\\\/\"},{\"@type\":\"ListItem\",\"position\":2,\"name\":\"Jurisprudences\",\"item\":\"https:\\\/\\\/kohenavocats.com\\\/ru\\\/jurisprudences\\\/\"},{\"@type\":\"ListItem\",\"position\":3,\"name\":\"ECLI:NL:RBZWB:2025:9499 Rechtbank Zeeland-West-Brabant , 12-12-2025 \\\/ C\\\/02\\\/435557 \\\/ FA RK 25-2571\"}]},{\"@type\":\"WebSite\",\"@id\":\"https:\\\/\\\/kohenavocats.com\\\/ru\\\/#website\",\"url\":\"https:\\\/\\\/kohenavocats.com\\\/ru\\\/\",\"name\":\"Kohen Avocats\",\"description\":\"Ma\u00eetre Hassan Kohen, avocat p\u00e9naliste \u00e0 Paris, intervient exclusivement en droit p\u00e9nal pour la d\u00e9fense des particuliers, notamment en mati\u00e8re d\u2019accusations de viol. Il assure un accompagnement rigoureux d\u00e8s la garde \u00e0 vue jusqu\u2019\u00e0 la Cour d\u2019assises, veillant au strict respect des garanties proc\u00e9durales.\",\"publisher\":{\"@id\":\"https:\\\/\\\/kohenavocats.com\\\/ru\\\/#organization\"},\"potentialAction\":[{\"@type\":\"SearchAction\",\"target\":{\"@type\":\"EntryPoint\",\"urlTemplate\":\"https:\\\/\\\/kohenavocats.com\\\/ru\\\/?s={search_term_string}\"},\"query-input\":{\"@type\":\"PropertyValueSpecification\",\"valueRequired\":true,\"valueName\":\"search_term_string\"}}],\"inLanguage\":\"ru-RU\"},{\"@type\":\"Organization\",\"@id\":\"https:\\\/\\\/kohenavocats.com\\\/ru\\\/#organization\",\"name\":\"Kohen Avocats\",\"url\":\"https:\\\/\\\/kohenavocats.com\\\/ru\\\/\",\"logo\":{\"@type\":\"ImageObject\",\"inLanguage\":\"ru-RU\",\"@id\":\"https:\\\/\\\/kohenavocats.com\\\/ru\\\/#\\\/schema\\\/logo\\\/image\\\/\",\"url\":\"https:\\\/\\\/kohenavocats.com\\\/wp-content\\\/uploads\\\/2026\\\/01\\\/Logo-2-1.webp\",\"contentUrl\":\"https:\\\/\\\/kohenavocats.com\\\/wp-content\\\/uploads\\\/2026\\\/01\\\/Logo-2-1.webp\",\"width\":2114,\"height\":1253,\"caption\":\"Kohen Avocats\"},\"image\":{\"@id\":\"https:\\\/\\\/kohenavocats.com\\\/ru\\\/#\\\/schema\\\/logo\\\/image\\\/\"}}]}<\/script>\n<!-- \/ Yoast SEO Premium plugin. -->","yoast_head_json":{"title":"ECLI:NL:RBZWB:2025:9499 Rechtbank Zeeland-West-Brabant , 12-12-2025 \/ C\/02\/435557 \/ FA RK 25-2571 - Ma\u00eetre Hassan Kohen, avocat en droit p\u00e9nal \u00e0 Paris","robots":{"index":"index","follow":"follow","max-snippet":"max-snippet:-1","max-image-preview":"max-image-preview:large","max-video-preview":"max-video-preview:-1"},"canonical":"https:\/\/kohenavocats.com\/ru\/jurisprudences\/eclinlrbzwb20259499-rechtbank-zeeland-west-brabant-12-12-2025-c-02-435557-fa-rk-25-2571\/","og_locale":"ru_RU","og_type":"article","og_title":"ECLI:NL:RBZWB:2025:9499 Rechtbank Zeeland-West-Brabant , 12-12-2025 \/ C\/02\/435557 \/ FA RK 25-2571","og_description":"Vernietiging erkenning. De juridische vader heeft zijn verzoek ingediend ruim vijf jaren nadat hij wist dat hij niet de biologische vader is. De rechtbank verklaart de juridische vader niet-ontvankelijk in zijn verzoek vanwege termijnoverschrijding. Toewijzing verzoek dat namens het kind is ingediend, omdat dit verzoek tijdig is ingediend en in het belang is van het kind.","og_url":"https:\/\/kohenavocats.com\/ru\/jurisprudences\/eclinlrbzwb20259499-rechtbank-zeeland-west-brabant-12-12-2025-c-02-435557-fa-rk-25-2571\/","og_site_name":"Ma\u00eetre Hassan Kohen, avocat en droit p\u00e9nal \u00e0 Paris","twitter_card":"summary_large_image","twitter_misc":{"\u041f\u0440\u0438\u043c\u0435\u0440\u043d\u043e\u0435 \u0432\u0440\u0435\u043c\u044f \u0434\u043b\u044f \u0447\u0442\u0435\u043d\u0438\u044f":"14 \u043c\u0438\u043d\u0443\u0442"},"schema":{"@context":"https:\/\/schema.org","@graph":[{"@type":"WebPage","@id":"https:\/\/kohenavocats.com\/ru\/jurisprudences\/eclinlrbzwb20259499-rechtbank-zeeland-west-brabant-12-12-2025-c-02-435557-fa-rk-25-2571\/","url":"https:\/\/kohenavocats.com\/ru\/jurisprudences\/eclinlrbzwb20259499-rechtbank-zeeland-west-brabant-12-12-2025-c-02-435557-fa-rk-25-2571\/","name":"ECLI:NL:RBZWB:2025:9499 Rechtbank Zeeland-West-Brabant , 12-12-2025 \/ C\/02\/435557 \/ FA RK 25-2571 - Ma\u00eetre Hassan Kohen, avocat en droit p\u00e9nal \u00e0 Paris","isPartOf":{"@id":"https:\/\/kohenavocats.com\/ru\/#website"},"datePublished":"2026-04-21T13:59:36+00:00","breadcrumb":{"@id":"https:\/\/kohenavocats.com\/ru\/jurisprudences\/eclinlrbzwb20259499-rechtbank-zeeland-west-brabant-12-12-2025-c-02-435557-fa-rk-25-2571\/#breadcrumb"},"inLanguage":"ru-RU","potentialAction":[{"@type":"ReadAction","target":["https:\/\/kohenavocats.com\/ru\/jurisprudences\/eclinlrbzwb20259499-rechtbank-zeeland-west-brabant-12-12-2025-c-02-435557-fa-rk-25-2571\/"]}]},{"@type":"BreadcrumbList","@id":"https:\/\/kohenavocats.com\/ru\/jurisprudences\/eclinlrbzwb20259499-rechtbank-zeeland-west-brabant-12-12-2025-c-02-435557-fa-rk-25-2571\/#breadcrumb","itemListElement":[{"@type":"ListItem","position":1,"name":"Home","item":"https:\/\/kohenavocats.com\/ru\/avocats-en-droit-penal-a-paris-conseil-et-defense-strategique\/"},{"@type":"ListItem","position":2,"name":"Jurisprudences","item":"https:\/\/kohenavocats.com\/ru\/jurisprudences\/"},{"@type":"ListItem","position":3,"name":"ECLI:NL:RBZWB:2025:9499 Rechtbank Zeeland-West-Brabant , 12-12-2025 \/ C\/02\/435557 \/ FA RK 25-2571"}]},{"@type":"WebSite","@id":"https:\/\/kohenavocats.com\/ru\/#website","url":"https:\/\/kohenavocats.com\/ru\/","name":"Kohen Avocats","description":"Ma\u00eetre Hassan Kohen, avocat p\u00e9naliste \u00e0 Paris, intervient exclusivement en droit p\u00e9nal pour la d\u00e9fense des particuliers, notamment en mati\u00e8re d\u2019accusations de viol. Il assure un accompagnement rigoureux d\u00e8s la garde \u00e0 vue jusqu\u2019\u00e0 la Cour d\u2019assises, veillant au strict respect des garanties proc\u00e9durales.","publisher":{"@id":"https:\/\/kohenavocats.com\/ru\/#organization"},"potentialAction":[{"@type":"SearchAction","target":{"@type":"EntryPoint","urlTemplate":"https:\/\/kohenavocats.com\/ru\/?s={search_term_string}"},"query-input":{"@type":"PropertyValueSpecification","valueRequired":true,"valueName":"search_term_string"}}],"inLanguage":"ru-RU"},{"@type":"Organization","@id":"https:\/\/kohenavocats.com\/ru\/#organization","name":"Kohen Avocats","url":"https:\/\/kohenavocats.com\/ru\/","logo":{"@type":"ImageObject","inLanguage":"ru-RU","@id":"https:\/\/kohenavocats.com\/ru\/#\/schema\/logo\/image\/","url":"https:\/\/kohenavocats.com\/wp-content\/uploads\/2026\/01\/Logo-2-1.webp","contentUrl":"https:\/\/kohenavocats.com\/wp-content\/uploads\/2026\/01\/Logo-2-1.webp","width":2114,"height":1253,"caption":"Kohen Avocats"},"image":{"@id":"https:\/\/kohenavocats.com\/ru\/#\/schema\/logo\/image\/"}}]}},"jetpack_likes_enabled":false,"jetpack_sharing_enabled":true,"_links":{"self":[{"href":"https:\/\/kohenavocats.com\/ru\/wp-json\/wp\/v2\/kji_decision\/637147","targetHints":{"allow":["GET"]}}],"collection":[{"href":"https:\/\/kohenavocats.com\/ru\/wp-json\/wp\/v2\/kji_decision"}],"about":[{"href":"https:\/\/kohenavocats.com\/ru\/wp-json\/wp\/v2\/types\/kji_decision"}],"wp:attachment":[{"href":"https:\/\/kohenavocats.com\/ru\/wp-json\/wp\/v2\/media?parent=637147"}],"wp:term":[{"taxonomy":"kji_country","embeddable":true,"href":"https:\/\/kohenavocats.com\/ru\/wp-json\/wp\/v2\/kji_country?post=637147"},{"taxonomy":"kji_court","embeddable":true,"href":"https:\/\/kohenavocats.com\/ru\/wp-json\/wp\/v2\/kji_court?post=637147"},{"taxonomy":"kji_chamber","embeddable":true,"href":"https:\/\/kohenavocats.com\/ru\/wp-json\/wp\/v2\/kji_chamber?post=637147"},{"taxonomy":"kji_year","embeddable":true,"href":"https:\/\/kohenavocats.com\/ru\/wp-json\/wp\/v2\/kji_year?post=637147"},{"taxonomy":"kji_subject","embeddable":true,"href":"https:\/\/kohenavocats.com\/ru\/wp-json\/wp\/v2\/kji_subject?post=637147"},{"taxonomy":"kji_keyword","embeddable":true,"href":"https:\/\/kohenavocats.com\/ru\/wp-json\/wp\/v2\/kji_keyword?post=637147"},{"taxonomy":"kji_language","embeddable":true,"href":"https:\/\/kohenavocats.com\/ru\/wp-json\/wp\/v2\/kji_language?post=637147"}],"curies":[{"name":"wp","href":"https:\/\/api.w.org\/{rel}","templated":true}]}}