{"id":637236,"date":"2026-04-21T16:11:59","date_gmt":"2026-04-21T14:11:59","guid":{"rendered":"https:\/\/kohenavocats.com\/jurisprudences\/tribunal-darrondissement-28-novembre-2024-n-2024-06970\/"},"modified":"2026-04-21T16:12:04","modified_gmt":"2026-04-21T14:12:04","slug":"tribunal-darrondissement-28-novembre-2024-n-2024-06970","status":"publish","type":"kji_decision","link":"https:\/\/kohenavocats.com\/ru\/jurisprudences\/tribunal-darrondissement-28-novembre-2024-n-2024-06970\/","title":{"rendered":"Tribunal d&#8217;arrondissement, 28 novembre 2024, n\u00b0 2024-06970"},"content":{"rendered":"<div class=\"kji-decision\">\n<div class=\"kji-full-text\">\n<p>No. R\u00f4le: TAL-2024-06970 No.2024TALREFO\/00506 du28 novembre 2024 Audiencepublique extraordinairedu jeudi,28novembre 2024, tenue par Nous Fr\u00e9d\u00e9ric MERSCH, Vice-Pr\u00e9sident au Tribunal d\u2019arrondissement de et \u00e0 Luxembourg, si\u00e9geant commeen mati\u00e8re de r\u00e9f\u00e9r\u00e9, en remplacement du Pr\u00e9sident du Tribunal d\u2019arrondissement de et \u00e0 Luxembourg, assist\u00e9 du greffier assum\u00e9Lainy PEDROSO HASANOVIC. DANS LA CAUSE E N T R E la soci\u00e9t\u00e9SOCIETE1.), un fonds d&#039;investissement alternatif r\u00e9serv\u00e9 (FIAR) constitu\u00e9 sous la forme d&#039;une soci\u00e9t\u00e9 d&#039;investissement \u00e0 capital variable (SICAV) et sous la forme juridique d&#039;une soci\u00e9t\u00e9 en commandite par actions (SCA), \u00e9tablie et ayant son si\u00e8ge social \u00e0ADRESSE1.), immatricul\u00e9e aupr\u00e8s du Registre de Commerce et des Soci\u00e9t\u00e9s de Luxembourg sous le num\u00e9roNUMERO1.), repr\u00e9sent\u00e9e par son actionnaire commandit\u00e9-g\u00e9rant actuellement en fonctions, \u00e9lisant domicile en l\u2019\u00e9tude dela soci\u00e9t\u00e9 \u00e0 responsabilit\u00e9 limit\u00e9e E2M S.\u00e0 r.l., \u00e9tablie et ayant son si\u00e8ge social \u00e0 L-2419 Luxembourg, 2, rue du Fort Rheinsheim, immatricul\u00e9e aupr\u00e8s du Registre de Commerce et des Soci\u00e9t\u00e9s de Luxembourg sous le num\u00e9ro B210821, inscrite \u00e0 la liste V du Tableau de l&#039;Ordre des avocats du Barreau de Luxembourg, repr\u00e9sent\u00e9e par Ma\u00eetre Max MAILLIET, avocat, demeurant professionnellement \u00e0 la m\u00eame adresse, partiedemanderessecomparant parla soci\u00e9t\u00e9 \u00e0 responsabilit\u00e9 limit\u00e9e E2M S.\u00e0 r.l., repr\u00e9sent\u00e9e parMa\u00eetre Max MAILLIET, avocat, demeurant \u00e0Luxembourg, E T 1)lasoci\u00e9t\u00e9SOCIETE2.), \u00e9tablie et ayant son si\u00e8ge social \u00e0ADRESSE2.), immatricul\u00e9e aupr\u00e8s du Registre de Commerce et des Soci\u00e9t\u00e9s de Luxembourg sous le num\u00e9roNUMERO2.), repr\u00e9sent\u00e9e par son g\u00e9rant actuellement en fonction,<\/p>\n<p>2)PERSONNE1.),demeurant professionnellement\u00e0ADRESSE3.), pris en sa qualit\u00e9 de s\u00e9questrenomm\u00e9 au travers de l&#039;ordonnance sur requ\u00eate unilat\u00e9rale attaqu\u00e9e du 9 ao\u00fbt 2024 partie d\u00e9fenderesse sub 1)comparant parlasoci\u00e9t\u00e9 en commandite simple BONN STEICHEN &amp; PARTNERS, repr\u00e9sent\u00e9e par Ma\u00eetre Fabio TREVISAN,assist\u00e9 par Ma\u00eetre Carolina VASSELLI,avocat, les deux demeurant \u00e0 Luxembourg, partie d\u00e9fenderesse sub 2)comparant par Ma\u00eetreOlivier KRONSHAGEN, avocat, en remplacement deMa\u00eetreArs\u00e8neKRONSHAGEN, avocat, les deux demeurant \u00e0 Luxembourg. F A I T S :<\/p>\n<p>A l\u2019appel de la cause \u00e0 l\u2019audiencepubliquedumardimatin,8 octobre 2024, Ma\u00eetreMax MAILLIETdonna lecture de l\u2019assignation ci-avant transcrite etfut entendu en ses explications et moyens. Ma\u00eetreFabio TREVISAN,assist\u00e9 parMa\u00eetre Carolina VASSELLIetMa\u00eetre Olivier KRONSHAGEN,furententendusenleursexplicationset moyens. Le juge des r\u00e9f\u00e9r\u00e9s refixa l\u2019affaire pour continuation des d\u00e9bats \u00e0 l&#039;audiencepublique ordinaire des r\u00e9f\u00e9r\u00e9s dumardi matin, 12 novembre 2024, lors de laquelleMa\u00eetreMax MAILLIET,Ma\u00eetreFabio TREVISAN,assist\u00e9 parMa\u00eetre Carolina VASSELLIet Ma\u00eetre Olivier KRONSHAGEN, furententendusenleurs conclusions. Sur ce le juge prit l\u2019affaire en d\u00e9lib\u00e9r\u00e9 et rendit \u00e0 l\u2019audience publique extraordinaire des r\u00e9f\u00e9r\u00e9s de ce jour l\u2019 O R D O N N A N C E qui suit: Par exploit d\u2019huissier du 27 ao\u00fbt 2024 la soci\u00e9t\u00e9SOCIETE1.)(ci-apr\u00e8s, \u00abla soci\u00e9t\u00e9 SOCIETE1.)\u00bb ou \u00abFonds\u00bb)a fait assigner la soci\u00e9t\u00e9 \u00e0 responsabilit\u00e9 limit\u00e9e SOCIETE2.)(ci-apr\u00e8s, \u00abla soci\u00e9t\u00e9SOCIETE2.)\u00bb) etPERSONNE1.)\u00e0 compara\u00eetre devant le juge des r\u00e9f\u00e9r\u00e9s, pour voir annuler sinon r\u00e9tracter l\u2019ordonnance pr\u00e9sidentielle du 9 ao\u00fbt 2024 ayant ordonn\u00e9 la mise sous s\u00e9questre d\u2019une action d\u2019actionnaire commandit\u00e9 et des 3.100 actions ordinaires de la soci\u00e9t\u00e9SOCIETE1.)dont la soci\u00e9t\u00e9 SOCIETE2.)estime \u00eatre le l\u00e9gitime propri\u00e9taire nonobstant les pr\u00e9tendues man\u0153uvres frauduleuses utilis\u00e9es par le Fonds et consistant dans le rachat irr\u00e9gulier des actions en question suite \u00e0 la r\u00e9vocation, elle-m\u00eame irr\u00e9guli\u00e8re, de la soci\u00e9t\u00e9SOCIETE2.)de sa fonction d\u2019actionnaire commandit\u00e9. Quant \u00e0 la demande en annulation de l\u2019ordonnance pr\u00e9sidentielle du 9 ao\u00fbt 2024 pour violation du principe de loyaut\u00e9 Forceest de constater qu&#039;il n&#039;existe aucune disposition l\u00e9gale permettant au Pr\u00e9sident, qui dans le cadre d&#039;un recours contre une mesure unilat\u00e9rale introduite sur base de l&#039;article 66 est, surtout et avant tout, appel\u00e9 \u00e0 v\u00e9rifier, au terme d&#039;un d\u00e9bat contradictoire, si son ordonnance unilat\u00e9rale initiale \u00e9tait justifi\u00e9e, de sanctionner d&#039;embl\u00e9e une \u00e9ventuelle d\u00e9loyaut\u00e9 proc\u00e9durale dans le chef de la partie requ\u00e9rante par l&#039;annulation de sa propre d\u00e9cision, la sanction de l&#039;annulation touchant en r\u00e8gle g\u00e9n\u00e9rale un acte en raison d&#039;un vice interne \u00e0 lui-m\u00eame, ce qui n&#039;est pas le cas dans l&#039;hypoth\u00e8se envisag\u00e9e. Partant, la demande en annulation est \u00e0 d\u00e9clarer irrecevable. Quant \u00e0 la demande en r\u00e9tractation de l\u2019ordonnance pr\u00e9sidentielle du 9 ao\u00fbt 2024 pour irrecevabilit\u00e9 de la requ\u00eate unilat\u00e9rale<\/p>\n<p>La soci\u00e9t\u00e9SOCIETE1.)sollicite la r\u00e9tractation de ladite ordonnance du 7 ao\u00fbt 2024 pour absence de qualit\u00e9 \u00e0 agir dans le chef de la soci\u00e9t\u00e9SOCIETE2.); en particulier elle soutient qu\u2019au moment du d\u00e9p\u00f4t de la requ\u00eate, la soci\u00e9t\u00e9SOCIETE2.)n\u2019\u00e9tait plus actionnaire de la soci\u00e9t\u00e9SOCIETE1.)depuis le 7 juin 2024, en raison du rachat de ses actions par le Fonds. Il est constant qu\u2019il existe un diff\u00e9rend entre parties quant \u00e0 la r\u00e9gularit\u00e9 du rachat des actions en question, la soci\u00e9t\u00e9 en cause ayant par ailleurs demand\u00e9 devant les juges du fonds l\u2019annulation dudit rachat pour cause d\u2019illicit\u00e9. Ainsi la soci\u00e9t\u00e9SOCIETE2.)peut le cas \u00e9ch\u00e9ant \u00eatre restitu\u00e9e dans ses droits de propri\u00e9taire, de sorte qu\u2019en tant que propri\u00e9taire potentiel desdites actions, elle a bien qualit\u00e9 pour en demander la mise sous s\u00e9questre \u00e0 titre conservatoire. Le moyen tir\u00e9 du d\u00e9faut de qualit\u00e9 d\u2019agir est partant \u00e0 \u00e9carter comme non fond\u00e9. Quant \u00e0 l\u2019absence d\u2019urgence Ilest constant en cause quele 7 juin 2024, le conseil de g\u00e9rance deSOCIETE3.)a act\u00e9 le rachat de la totalit\u00e9 des actions d\u00e9tenues par la soci\u00e9t\u00e9SOCIETE2.); que le 11 juin 2024 cette derni\u00e8re en fut inform\u00e9e; que le 14 juin 2024, lors de l\u2019assembl\u00e9e g\u00e9n\u00e9rale du Fonds, le rachat a \u00e9t\u00e9 ratifi\u00e9 et qu\u2019\u00e0 la m\u00eame date la soci\u00e9t\u00e9SOCIETE2.)fut inform\u00e9e de ladite r\u00e9solution ; qu\u2019\u00e0 la date de la requ\u00eate du 7 ao\u00fbt 2024, le rachat \u00e9tait un fait accompli dont la soci\u00e9t\u00e9SOCIETE2.)avait parfaitement connaissance. Il s\u2019en suit qu\u2019en toute hypoth\u00e8se, la requ\u00eate en s\u00e9questre n\u2019avait pas pour objectif de pr\u00e9venir le rachat d\u2019actions au profit du Fonds. Par ailleurs, aucun des \u00e9l\u00e9ments ne permet de conclure au risque d\u2019une cession imminente ou dans un avenir proche des actions en question au profit d\u2019une tierce entit\u00e9. Au demeurant la soci\u00e9t\u00e9SOCIETE2.)reste en d\u00e9faut de justifier, ni m\u00eame d\u2019expliquer, en quoi les actions litigieuses puissent \u00eatre \u00abaffect\u00e9es par l\u2019action d\u2019une tierce entit\u00e9\u00bb tel qu\u2019invoqu\u00e9 \u00e0 la page 9 de la requ\u00eate introductive. Il s\u2019ensuit que la soci\u00e9t\u00e9SOCIETE2.)reste en d\u00e9faut de justifier qu\u2019il y aurait une urgence particuli\u00e8re sinon la n\u00e9cessit\u00e9 de prendre, \u00e0 l\u2019insu de la soci\u00e9t\u00e9SOCIETE1.)et par effet de surprise, une mesure de s\u00e9questre quant aux actions en question. Au vu de ce qui pr\u00e9c\u00e8de il y a lieu de faire droit \u00e0 la demande en r\u00e9tractation, les conditions d\u2019application de l\u2019article 66 du Nouveau Code de Proc\u00e9dure Civile, \u00e0 savoir l\u2019urgence particuli\u00e8re, n\u2019\u00e9tant pas remplie en l\u2019esp\u00e8ce. Au vu des \u00e9l\u00e9ments de la cause la demande introduite par la soci\u00e9t\u00e9SOCIETE1.)sur base de l\u2019article 240 du NCPC est \u00e0 d\u00e9clarer fond\u00e9e \u00e0 hauteur du montant de 3.000.- euros. Il y a lieu de d\u00e9clarer la pr\u00e9sente ordonnance commune \u00e0 la soci\u00e9t\u00e9SOCIETE2.)ainsi qu\u2019\u00e0PERSONNE1.).<\/p>\n<p>P A R C E S M O T I F S Nous Fr\u00e9d\u00e9ric MERSCH, Vice-Pr\u00e9sident au Tribunal d&#039;arrondissement de et \u00e0 Luxembourg, si\u00e9geant commeen mati\u00e8re de r\u00e9f\u00e9r\u00e9, en remplacement de Madame la Pr\u00e9sidente du Tribunald&#039;arrondissement de et \u00e0 Luxembourg, statuant contradictoirement ; au principal renvoyons les parties \u00e0 se pourvoir devant qui de droit, mais d\u00e8s \u00e0 pr\u00e9sent et par provision; d\u00e9claronsnon fond\u00e9 le moyen tir\u00e9 du d\u00e9faut de qualit\u00e9 \u00e0 agir; ordonnons la r\u00e9tractation de l\u2019ordonnance du 9 ao\u00fbt 2024 ; partant disons que ladite ordonnance est nulle et de nul effet ; d\u00e9chargeonsPERSONNE1.)de sa mission de s\u00e9questre et ordonnons la radiation de sa nomination en tant s\u00e9questre du registre des actions nominatives de la soci\u00e9t\u00e9 SOCIETE1.); d\u00e9clarons la pr\u00e9sente ordonnance commune \u00e0 la soci\u00e9t\u00e9 \u00e0 responsabilit\u00e9 limit\u00e9e SOCIETE2.)etPERSONNE1.); condamnons la soci\u00e9t\u00e9 \u00e0 responsabilit\u00e9 limit\u00e9eSOCIETE2.)\u00e0 payer \u00e0 la soci\u00e9t\u00e9 SOCIETE1.)une indemnit\u00e9 de proc\u00e9dure de 3.000.-euros ; condamnons la soci\u00e9t\u00e9 \u00e0 responsabilit\u00e9 limit\u00e9eSOCIETE2.)aux frais de l\u2019instance ; ordonnons l&#039;ex\u00e9cution provisoire de la pr\u00e9sente ordonnance nonobstant toutes voies de recours et sans caution.<\/p>\n<\/div>\n<hr class=\"kji-sep\" \/>\n<p class=\"kji-source-links\"><strong>Sources officielles :<\/strong> <a class=\"kji-source-link\" href=\"https:\/\/data.public.lu\/fr\/datasets\/tribunal-darrondissement-luxembourg-refere\/\" target=\"_blank\" rel=\"noopener noreferrer\">consulter la page source<\/a> &middot; <a class=\"kji-pdf-link\" href=\"https:\/\/download.data.public.lu\/resources\/tribunal-darrondissement-luxembourg-refere\/20260316-002212\/20241128-talref-tal-2024-06970-pseudonymise-accessible.pdf\" target=\"_blank\" rel=\"noopener noreferrer\">PDF officiel<\/a><\/p>\n<p class=\"kji-license-note\"><em>Licence CC BY-ND 4.0 (Administration judiciaire, data.public.lu). Republication autorisee avec attribution, sans modification editoriale du texte integral.<\/em><\/p>\n<\/div>\n","protected":false},"excerpt":{"rendered":"<p>No. R\u00f4le: TAL-2024-06970 No.2024TALREFO\/00506 du28 novembre 2024 Audiencepublique extraordinairedu jeudi,28novembre 2024, tenue par Nous Fr\u00e9d\u00e9ric MERSCH, Vice-Pr\u00e9sident au Tribunal d\u2019arrondissement de et \u00e0 Luxembourg, si\u00e9geant commeen mati\u00e8re de r\u00e9f\u00e9r\u00e9, en remplacement du Pr\u00e9sident du Tribunal d\u2019arrondissement de et \u00e0 Luxembourg, assist\u00e9 du greffier assum\u00e9Lainy PEDROSO\u2026<\/p>\n","protected":false},"featured_media":0,"template":"","meta":{"_crdt_document":""},"kji_country":[8418],"kji_court":[23583],"kji_chamber":[18768],"kji_year":[8677],"kji_subject":[7646],"kji_keyword":[23584,8576,7636],"kji_language":[7733],"class_list":["post-637236","kji_decision","type-kji_decision","status-publish","hentry","kji_country-luxembourg","kji_court-tribunal-darrondissement","kji_chamber-refere","kji_year-8677","kji_subject-divers","kji_keyword-arrondissement","kji_keyword-novembre","kji_keyword-tribunal","kji_language-francais"],"yoast_head":"<!-- This site is optimized with the Yoast SEO Premium plugin v27.4 (Yoast SEO v27.4) - https:\/\/yoast.com\/product\/yoast-seo-premium-wordpress\/ -->\n<title>Tribunal d&#039;arrondissement, 28 novembre 2024, n\u00b0 2024-06970 - Ma\u00eetre Hassan Kohen, avocat en droit p\u00e9nal \u00e0 Paris<\/title>\n<meta name=\"robots\" content=\"index, follow, max-snippet:-1, max-image-preview:large, max-video-preview:-1\" \/>\n<link rel=\"canonical\" href=\"https:\/\/kohenavocats.com\/ru\/jurisprudences\/tribunal-darrondissement-28-novembre-2024-n-2024-06970\/\" \/>\n<meta property=\"og:locale\" content=\"ru_RU\" \/>\n<meta property=\"og:type\" content=\"article\" \/>\n<meta property=\"og:title\" content=\"Tribunal d&#039;arrondissement, 28 novembre 2024, n\u00b0 2024-06970\" \/>\n<meta property=\"og:description\" content=\"No. R\u00f4le: TAL-2024-06970 No.2024TALREFO\/00506 du28 novembre 2024 Audiencepublique extraordinairedu jeudi,28novembre 2024, tenue par Nous Fr\u00e9d\u00e9ric MERSCH, Vice-Pr\u00e9sident au Tribunal d\u2019arrondissement de et \u00e0 Luxembourg, si\u00e9geant commeen mati\u00e8re de r\u00e9f\u00e9r\u00e9, en remplacement du Pr\u00e9sident du Tribunal d\u2019arrondissement de et \u00e0 Luxembourg, assist\u00e9 du greffier assum\u00e9Lainy PEDROSO\u2026\" \/>\n<meta property=\"og:url\" content=\"https:\/\/kohenavocats.com\/ru\/jurisprudences\/tribunal-darrondissement-28-novembre-2024-n-2024-06970\/\" \/>\n<meta property=\"og:site_name\" content=\"Ma\u00eetre Hassan Kohen, avocat en droit p\u00e9nal \u00e0 Paris\" \/>\n<meta property=\"article:modified_time\" content=\"2026-04-21T14:12:04+00:00\" \/>\n<meta name=\"twitter:card\" content=\"summary_large_image\" \/>\n<meta name=\"twitter:label1\" content=\"\u041f\u0440\u0438\u043c\u0435\u0440\u043d\u043e\u0435 \u0432\u0440\u0435\u043c\u044f \u0434\u043b\u044f \u0447\u0442\u0435\u043d\u0438\u044f\" \/>\n\t<meta name=\"twitter:data1\" content=\"8 \u043c\u0438\u043d\u0443\u0442\" \/>\n<script type=\"application\/ld+json\" class=\"yoast-schema-graph\">{\"@context\":\"https:\\\/\\\/schema.org\",\"@graph\":[{\"@type\":\"WebPage\",\"@id\":\"https:\\\/\\\/kohenavocats.com\\\/ru\\\/jurisprudences\\\/tribunal-darrondissement-28-novembre-2024-n-2024-06970\\\/\",\"url\":\"https:\\\/\\\/kohenavocats.com\\\/ru\\\/jurisprudences\\\/tribunal-darrondissement-28-novembre-2024-n-2024-06970\\\/\",\"name\":\"Tribunal d'arrondissement, 28 novembre 2024, n\u00b0 2024-06970 - Ma\u00eetre Hassan Kohen, avocat en droit p\u00e9nal \u00e0 Paris\",\"isPartOf\":{\"@id\":\"https:\\\/\\\/kohenavocats.com\\\/ru\\\/#website\"},\"datePublished\":\"2026-04-21T14:11:59+00:00\",\"dateModified\":\"2026-04-21T14:12:04+00:00\",\"breadcrumb\":{\"@id\":\"https:\\\/\\\/kohenavocats.com\\\/ru\\\/jurisprudences\\\/tribunal-darrondissement-28-novembre-2024-n-2024-06970\\\/#breadcrumb\"},\"inLanguage\":\"ru-RU\",\"potentialAction\":[{\"@type\":\"ReadAction\",\"target\":[\"https:\\\/\\\/kohenavocats.com\\\/ru\\\/jurisprudences\\\/tribunal-darrondissement-28-novembre-2024-n-2024-06970\\\/\"]}]},{\"@type\":\"BreadcrumbList\",\"@id\":\"https:\\\/\\\/kohenavocats.com\\\/ru\\\/jurisprudences\\\/tribunal-darrondissement-28-novembre-2024-n-2024-06970\\\/#breadcrumb\",\"itemListElement\":[{\"@type\":\"ListItem\",\"position\":1,\"name\":\"Home\",\"item\":\"https:\\\/\\\/kohenavocats.com\\\/ru\\\/avocats-en-droit-penal-a-paris-conseil-et-defense-strategique\\\/\"},{\"@type\":\"ListItem\",\"position\":2,\"name\":\"Jurisprudences\",\"item\":\"https:\\\/\\\/kohenavocats.com\\\/ru\\\/jurisprudences\\\/\"},{\"@type\":\"ListItem\",\"position\":3,\"name\":\"Tribunal d&rsquo;arrondissement, 28 novembre 2024, n\u00b0 2024-06970\"}]},{\"@type\":\"WebSite\",\"@id\":\"https:\\\/\\\/kohenavocats.com\\\/ru\\\/#website\",\"url\":\"https:\\\/\\\/kohenavocats.com\\\/ru\\\/\",\"name\":\"Kohen Avocats\",\"description\":\"Ma\u00eetre Hassan Kohen, avocat p\u00e9naliste \u00e0 Paris, intervient exclusivement en droit p\u00e9nal pour la d\u00e9fense des particuliers, notamment en mati\u00e8re d\u2019accusations de viol. Il assure un accompagnement rigoureux d\u00e8s la garde \u00e0 vue jusqu\u2019\u00e0 la Cour d\u2019assises, veillant au strict respect des garanties proc\u00e9durales.\",\"publisher\":{\"@id\":\"https:\\\/\\\/kohenavocats.com\\\/ru\\\/#organization\"},\"potentialAction\":[{\"@type\":\"SearchAction\",\"target\":{\"@type\":\"EntryPoint\",\"urlTemplate\":\"https:\\\/\\\/kohenavocats.com\\\/ru\\\/?s={search_term_string}\"},\"query-input\":{\"@type\":\"PropertyValueSpecification\",\"valueRequired\":true,\"valueName\":\"search_term_string\"}}],\"inLanguage\":\"ru-RU\"},{\"@type\":\"Organization\",\"@id\":\"https:\\\/\\\/kohenavocats.com\\\/ru\\\/#organization\",\"name\":\"Kohen Avocats\",\"url\":\"https:\\\/\\\/kohenavocats.com\\\/ru\\\/\",\"logo\":{\"@type\":\"ImageObject\",\"inLanguage\":\"ru-RU\",\"@id\":\"https:\\\/\\\/kohenavocats.com\\\/ru\\\/#\\\/schema\\\/logo\\\/image\\\/\",\"url\":\"https:\\\/\\\/kohenavocats.com\\\/wp-content\\\/uploads\\\/2026\\\/01\\\/Logo-2-1.webp\",\"contentUrl\":\"https:\\\/\\\/kohenavocats.com\\\/wp-content\\\/uploads\\\/2026\\\/01\\\/Logo-2-1.webp\",\"width\":2114,\"height\":1253,\"caption\":\"Kohen Avocats\"},\"image\":{\"@id\":\"https:\\\/\\\/kohenavocats.com\\\/ru\\\/#\\\/schema\\\/logo\\\/image\\\/\"}}]}<\/script>\n<!-- \/ Yoast SEO Premium plugin. -->","yoast_head_json":{"title":"Tribunal d'arrondissement, 28 novembre 2024, n\u00b0 2024-06970 - Ma\u00eetre Hassan Kohen, avocat en droit p\u00e9nal \u00e0 Paris","robots":{"index":"index","follow":"follow","max-snippet":"max-snippet:-1","max-image-preview":"max-image-preview:large","max-video-preview":"max-video-preview:-1"},"canonical":"https:\/\/kohenavocats.com\/ru\/jurisprudences\/tribunal-darrondissement-28-novembre-2024-n-2024-06970\/","og_locale":"ru_RU","og_type":"article","og_title":"Tribunal d'arrondissement, 28 novembre 2024, n\u00b0 2024-06970","og_description":"No. R\u00f4le: TAL-2024-06970 No.2024TALREFO\/00506 du28 novembre 2024 Audiencepublique extraordinairedu jeudi,28novembre 2024, tenue par Nous Fr\u00e9d\u00e9ric MERSCH, Vice-Pr\u00e9sident au Tribunal d\u2019arrondissement de et \u00e0 Luxembourg, si\u00e9geant commeen mati\u00e8re de r\u00e9f\u00e9r\u00e9, en remplacement du Pr\u00e9sident du Tribunal d\u2019arrondissement de et \u00e0 Luxembourg, assist\u00e9 du greffier assum\u00e9Lainy PEDROSO\u2026","og_url":"https:\/\/kohenavocats.com\/ru\/jurisprudences\/tribunal-darrondissement-28-novembre-2024-n-2024-06970\/","og_site_name":"Ma\u00eetre Hassan Kohen, avocat en droit p\u00e9nal \u00e0 Paris","article_modified_time":"2026-04-21T14:12:04+00:00","twitter_card":"summary_large_image","twitter_misc":{"\u041f\u0440\u0438\u043c\u0435\u0440\u043d\u043e\u0435 \u0432\u0440\u0435\u043c\u044f \u0434\u043b\u044f \u0447\u0442\u0435\u043d\u0438\u044f":"8 \u043c\u0438\u043d\u0443\u0442"},"schema":{"@context":"https:\/\/schema.org","@graph":[{"@type":"WebPage","@id":"https:\/\/kohenavocats.com\/ru\/jurisprudences\/tribunal-darrondissement-28-novembre-2024-n-2024-06970\/","url":"https:\/\/kohenavocats.com\/ru\/jurisprudences\/tribunal-darrondissement-28-novembre-2024-n-2024-06970\/","name":"Tribunal d'arrondissement, 28 novembre 2024, n\u00b0 2024-06970 - Ma\u00eetre Hassan Kohen, avocat en droit p\u00e9nal \u00e0 Paris","isPartOf":{"@id":"https:\/\/kohenavocats.com\/ru\/#website"},"datePublished":"2026-04-21T14:11:59+00:00","dateModified":"2026-04-21T14:12:04+00:00","breadcrumb":{"@id":"https:\/\/kohenavocats.com\/ru\/jurisprudences\/tribunal-darrondissement-28-novembre-2024-n-2024-06970\/#breadcrumb"},"inLanguage":"ru-RU","potentialAction":[{"@type":"ReadAction","target":["https:\/\/kohenavocats.com\/ru\/jurisprudences\/tribunal-darrondissement-28-novembre-2024-n-2024-06970\/"]}]},{"@type":"BreadcrumbList","@id":"https:\/\/kohenavocats.com\/ru\/jurisprudences\/tribunal-darrondissement-28-novembre-2024-n-2024-06970\/#breadcrumb","itemListElement":[{"@type":"ListItem","position":1,"name":"Home","item":"https:\/\/kohenavocats.com\/ru\/avocats-en-droit-penal-a-paris-conseil-et-defense-strategique\/"},{"@type":"ListItem","position":2,"name":"Jurisprudences","item":"https:\/\/kohenavocats.com\/ru\/jurisprudences\/"},{"@type":"ListItem","position":3,"name":"Tribunal d&rsquo;arrondissement, 28 novembre 2024, n\u00b0 2024-06970"}]},{"@type":"WebSite","@id":"https:\/\/kohenavocats.com\/ru\/#website","url":"https:\/\/kohenavocats.com\/ru\/","name":"Kohen Avocats","description":"Ma\u00eetre Hassan Kohen, avocat p\u00e9naliste \u00e0 Paris, intervient exclusivement en droit p\u00e9nal pour la d\u00e9fense des particuliers, notamment en mati\u00e8re d\u2019accusations de viol. Il assure un accompagnement rigoureux d\u00e8s la garde \u00e0 vue jusqu\u2019\u00e0 la Cour d\u2019assises, veillant au strict respect des garanties proc\u00e9durales.","publisher":{"@id":"https:\/\/kohenavocats.com\/ru\/#organization"},"potentialAction":[{"@type":"SearchAction","target":{"@type":"EntryPoint","urlTemplate":"https:\/\/kohenavocats.com\/ru\/?s={search_term_string}"},"query-input":{"@type":"PropertyValueSpecification","valueRequired":true,"valueName":"search_term_string"}}],"inLanguage":"ru-RU"},{"@type":"Organization","@id":"https:\/\/kohenavocats.com\/ru\/#organization","name":"Kohen Avocats","url":"https:\/\/kohenavocats.com\/ru\/","logo":{"@type":"ImageObject","inLanguage":"ru-RU","@id":"https:\/\/kohenavocats.com\/ru\/#\/schema\/logo\/image\/","url":"https:\/\/kohenavocats.com\/wp-content\/uploads\/2026\/01\/Logo-2-1.webp","contentUrl":"https:\/\/kohenavocats.com\/wp-content\/uploads\/2026\/01\/Logo-2-1.webp","width":2114,"height":1253,"caption":"Kohen Avocats"},"image":{"@id":"https:\/\/kohenavocats.com\/ru\/#\/schema\/logo\/image\/"}}]}},"jetpack_likes_enabled":false,"jetpack_sharing_enabled":true,"_links":{"self":[{"href":"https:\/\/kohenavocats.com\/ru\/wp-json\/wp\/v2\/kji_decision\/637236","targetHints":{"allow":["GET"]}}],"collection":[{"href":"https:\/\/kohenavocats.com\/ru\/wp-json\/wp\/v2\/kji_decision"}],"about":[{"href":"https:\/\/kohenavocats.com\/ru\/wp-json\/wp\/v2\/types\/kji_decision"}],"wp:attachment":[{"href":"https:\/\/kohenavocats.com\/ru\/wp-json\/wp\/v2\/media?parent=637236"}],"wp:term":[{"taxonomy":"kji_country","embeddable":true,"href":"https:\/\/kohenavocats.com\/ru\/wp-json\/wp\/v2\/kji_country?post=637236"},{"taxonomy":"kji_court","embeddable":true,"href":"https:\/\/kohenavocats.com\/ru\/wp-json\/wp\/v2\/kji_court?post=637236"},{"taxonomy":"kji_chamber","embeddable":true,"href":"https:\/\/kohenavocats.com\/ru\/wp-json\/wp\/v2\/kji_chamber?post=637236"},{"taxonomy":"kji_year","embeddable":true,"href":"https:\/\/kohenavocats.com\/ru\/wp-json\/wp\/v2\/kji_year?post=637236"},{"taxonomy":"kji_subject","embeddable":true,"href":"https:\/\/kohenavocats.com\/ru\/wp-json\/wp\/v2\/kji_subject?post=637236"},{"taxonomy":"kji_keyword","embeddable":true,"href":"https:\/\/kohenavocats.com\/ru\/wp-json\/wp\/v2\/kji_keyword?post=637236"},{"taxonomy":"kji_language","embeddable":true,"href":"https:\/\/kohenavocats.com\/ru\/wp-json\/wp\/v2\/kji_language?post=637236"}],"curies":[{"name":"wp","href":"https:\/\/api.w.org\/{rel}","templated":true}]}}