{"id":637362,"date":"2026-04-21T16:27:50","date_gmt":"2026-04-21T14:27:50","guid":{"rendered":"https:\/\/kohenavocats.com\/jurisprudences\/tribunal-federal-suisse-12-mai-2023-n-4a-214-2023\/"},"modified":"2026-04-21T16:27:50","modified_gmt":"2026-04-21T14:27:50","slug":"tribunal-federal-suisse-12-mai-2023-n-4a-214-2023","status":"publish","type":"kji_decision","link":"https:\/\/kohenavocats.com\/ru\/jurisprudences\/tribunal-federal-suisse-12-mai-2023-n-4a-214-2023\/","title":{"rendered":"Tribunal f\u00e9d\u00e9ral suisse, 12 mai 2023, n\u00b0 4A 214-2023"},"content":{"rendered":"<div class=\"kji-decision\">\n<div class=\"kji-full-text\">\n<p>Bundesgericht<\/p>\n<p>Tribunal f\u00e9d\u00e9ral<\/p>\n<p>Tribunale federale<\/p>\n<p>Tribunal federal<\/p>\n<p>4A_214\/2023<\/p>\n<p>Urteil vom 12. Mai 2023<\/p>\n<p>I. zivilrechtliche Abteilung<\/p>\n<p>Besetzung<\/p>\n<p>Bundesrichterin Jametti, Pr\u00e4sidentin,<\/p>\n<p>Gerichtsschreiber Leemann.<\/p>\n<p>Verfahrensbeteiligte<\/p>\n<p>A.________,<\/p>\n<p>Beschwerdef\u00fchrer,<\/p>\n<p>gegen<\/p>\n<p>B.________,<\/p>\n<p>Beschwerdegegner.<\/p>\n<p>Gegenstand<\/p>\n<p>Forderung,<\/p>\n<p>Beschwerde gegen das Urteil des Obergerichts des Kantons Solothurn, Zivilkammer, vom 7. M\u00e4rz 2023 (ZKBER.2023.7).<\/p>\n<p>Erw\u00e4gungen:<\/p>\n<p>1.<\/p>\n<p>Mit Entscheid vom 6. Oktober 2022 wies der Amtsgerichtspr\u00e4sident von Olten-G\u00f6sgen die vom Beschwerdef\u00fchrer gegen den Beschwerdegegner erhobene Forderungsklage ab.<\/p>\n<p>Mit Urteil vom 7. M\u00e4rz 2023 wies das Obergericht des Kantons Solothurn die vom Beschwerdef\u00fchrer gegen den Entscheid des Amtsgerichtspr\u00e4sidenten vom 6. Oktober 2022 erhobene Berufung ab, soweit es darauf eintrat.<\/p>\n<p>Das Obergericht f\u00fchrte zur Begr\u00fcndung unter anderem aus, dass die Voraussetzungen f\u00fcr eine Klage\u00e4nderung nach Art. 317 Abs. 2 in Verbindung mit Art. 227 Abs. 1 ZPO nicht erf\u00fcllt seien; im Sinne einer Alternativbegr\u00fcndung erwog es, aus den Rechtsmitteleingaben des Beschwerdef\u00fchrers gehe nicht hervor, inwiefern die Erstinstanz den Sachverhalt unrichtig festgestellt oder das Recht falsch angewendet haben soll.<\/p>\n<p>Mit Eingabe vom 21. April 2023 erkl\u00e4rte der Beschwerdef\u00fchrer dem Bundesgericht, das Urteil des Obergerichts des Kantons Solothurn vom 7. M\u00e4rz 2023 mit Beschwerde anfechten zu wollen.<\/p>\n<p>Es wurden keine Vernehmlassungen eingeholt.<\/p>\n<p>2.<\/p>\n<p>Das Bundesgericht pr\u00fcft von Amtes wegen und mit freier Kognition, ob ein Rechtsmittel zul\u00e4ssig ist (Art. 29 Abs. 1 BGG; BGE 145 I 121 E. 1; 143 III 140 E. 1; 141 III 395 E. 2.1).<\/p>\n<p>2.1. Beschwerden an das Bundesgericht sind hinreichend zu begr\u00fcnden, ansonsten darauf nicht eingetreten werden kann. Dazu muss in der Beschwerdeschrift unter Bezugnahme auf die Erw\u00e4gungen des angefochtenen Entscheids dargelegt werden, inwiefern dieser Recht verletzt (Art. 42 Abs. 2 BGG; BGE 140 III 86 E. 2, 115 E. 2). Eine allf\u00e4llige Verletzung von Grundrechten wird vom Bundesgericht nicht von Amtes wegen gepr\u00fcft, sondern nur insofern, als eine solche R\u00fcge in der Beschwerde pr\u00e4zise vorgebracht und begr\u00fcndet worden ist (Art. 106 Abs. 2 BGG).<\/p>\n<p>Unerl\u00e4sslich ist im Hinblick auf Art. 42 Abs. 2 und Art. 106 Abs. 2 BGG, dass die Beschwerde auf die Begr\u00fcndung des angefochtenen Entscheids eingeht und im Einzelnen aufzeigt, worin eine Rechtsverletzung liegt. Die beschwerdef\u00fchrende Partei soll in der Beschwerdeschrift nicht bloss die Rechtsstandpunkte, die sie im vorinstanzlichen Verfahren eingenommen hat, erneut bekr\u00e4ftigen, sondern mit ihrer Kritik an den als rechtsfehlerhaft erachteten Erw\u00e4gungen der Vorinstanz ansetzen (BGE 140 III 86 E. 2, 115 E. 2). Die Begr\u00fcndung hat ferner in der Beschwerdeschrift selbst zu erfolgen und der blosse Verweis auf Ausf\u00fchrungen in anderen Rechtsschriften oder auf die Akten reicht nicht aus (BGE 143 II 283 E. 1.2.3; 140 III 115 E. 2). St\u00fctzt sich der angefochtene Entscheid auf mehrere selbstst\u00e4ndige Begr\u00fcndungen, so muss sich die Beschwerde mit jeder einzelnen auseinandersetzen, sonst wird darauf nicht eingetreten (BGE 142 III 364 E. 2.4 mit Hinweisen; vgl. auch BGE 143 IV 40 E. 3.4).<\/p>\n<p>2.2. Der Beschwerdef\u00fchrer setzt sich in seiner Beschwerdeeingabe vom 21. April 2023 nicht hinreichend mit der selbstst\u00e4ndigen Alternativbegr\u00fcndung in Erw\u00e4gung 8 des angefochtenen Entscheids des Obergerichts des Kantons Solothurn vom 7. M\u00e4rz 2023 auseinander, wonach aus den Rechtsmitteleingaben nicht hervorgehe, inwiefern die Erstinstanz den Sachverhalt unrichtig festgestellt oder das Recht falsch angewendet haben soll. Er zeigt somit nicht rechtsgen\u00fcgend auf, inwiefern die Vorinstanz mit ihrem Entscheid Bundesrecht verletzt h\u00e4tte.<\/p>\n<p>Auf die Beschwerde ist somit mangels hinreichender Begr\u00fcndung nicht einzutreten (Art. 108 Abs. 1 lit. b BGG).<\/p>\n<p>3.<\/p>\n<p>Der Beschwerdef\u00fchrer wird bei diesem Verfahrensausgang kostenpflichtig (Art. 66 Abs. 1 BGG). Dem Beschwerdegegner steht keine Parteientsch\u00e4digung zu, da ihm aus dem bundesgerichtlichen Verfahren kein Aufwand erwachsen ist (Art. 68 Abs. 2 BGG).<\/p>\n<p>Demnach erkennt die Pr\u00e4sidentin:<\/p>\n<p>1.<\/p>\n<p>Auf die Beschwerde wird nicht eingetreten.<\/p>\n<p>2.<\/p>\n<p>Die Gerichtskosten von Fr. 500.&#8212; werden dem Beschwerdef\u00fchrer auferlegt.<\/p>\n<p>3.<\/p>\n<p>Es wird keine Parteientsch\u00e4digung zugesprochen.<\/p>\n<p>4.<\/p>\n<p>Dieses Urteil wird den Parteien und dem Obergericht des Kantons Solothurn, Zivilkammer, schriftlich mitgeteilt.<\/p>\n<p>Lausanne, 12. Mai 2023<\/p>\n<p>Im Namen der I. zivilrechtlichen Abteilung<\/p>\n<p>des Schweizerischen Bundesgerichts<\/p>\n<p>Die Pr\u00e4sidentin: Jametti<\/p>\n<p>Der Gerichtsschreiber: Leemann<\/p>\n<\/div>\n<hr class=\"kji-sep\" \/>\n<p class=\"kji-source-links\"><strong>Sources officielles :<\/strong> <a class=\"kji-source-link\" href=\"https:\/\/search.bger.ch\/ext\/eurospider\/live\/fr\/php\/aza\/http\/index.php?lang=fr&#038;type=highlight_simple_query&#038;page=8&#038;from_date=&#038;to_date=&#038;sort=relevance&#038;insertion_date=&#038;top_subcollection_aza=all&#038;query_words=beschwerde&#038;rank=71&#038;azaclir=aza&#038;highlight_docid=aza%3A%2F%2F12-05-2023-4A_214-2023&#038;number_of_ranks=104522\" target=\"_blank\" rel=\"noopener noreferrer\">consulter la page source<\/a><\/p>\n<p class=\"kji-license-note\"><em>Source officielle Tribunal federal suisse. Contenu HTML public, PDF non garanti en version gratuite.<\/em><\/p>\n<\/div>\n","protected":false},"excerpt":{"rendered":"<p>Bundesgericht Tribunal f\u00e9d\u00e9ral Tribunale federale Tribunal federal 4A_214\/2023 Urteil vom 12. Mai 2023 I. zivilrechtliche Abteilung Besetzung Bundesrichterin Jametti, Pr\u00e4sidentin, Gerichtsschreiber Leemann. Verfahrensbeteiligte A.________, Beschwerdef\u00fchrer, gegen B.________, Beschwerdegegner. Gegenstand Forderung, Beschwerde gegen das Urteil des Obergerichts des Kantons Solothurn, Zivilkammer, vom 7. M\u00e4rz 2023 (ZKBER.2023.7). Erw\u00e4gungen: 1. Mit Entscheid vom 6. Oktober 2022 wies der&#8230;<\/p>\n","protected":false},"featured_media":0,"template":"","meta":{"_crdt_document":""},"kji_country":[9676],"kji_court":[9677],"kji_chamber":[10186],"kji_year":[24566],"kji_subject":[7724],"kji_keyword":[9799,9679,9680,7636],"kji_language":[7685],"class_list":["post-637362","kji_decision","type-kji_decision","status-publish","hentry","kji_country-suisse","kji_court-tribunal-federal-suisse","kji_chamber-ire-cour-de-droit-civil","kji_year-24566","kji_subject-civil","kji_keyword-bundesgericht","kji_keyword-federal","kji_keyword-suisse","kji_keyword-tribunal","kji_language-italien"],"yoast_head":"<!-- This site is optimized with the Yoast SEO Premium plugin v27.5 (Yoast SEO v27.5) - https:\/\/yoast.com\/product\/yoast-seo-premium-wordpress\/ -->\n<title>Tribunal f\u00e9d\u00e9ral suisse, 12 mai 2023, n\u00b0 4A 214-2023 - Ma\u00eetre Hassan Kohen, avocat en droit p\u00e9nal \u00e0 Paris<\/title>\n<meta name=\"robots\" content=\"index, follow, max-snippet:-1, max-image-preview:large, max-video-preview:-1\" \/>\n<link rel=\"canonical\" href=\"https:\/\/kohenavocats.com\/ru\/jurisprudences\/tribunal-federal-suisse-12-mai-2023-n-4a-214-2023\/\" \/>\n<meta property=\"og:locale\" content=\"ru_RU\" \/>\n<meta property=\"og:type\" content=\"article\" \/>\n<meta property=\"og:title\" content=\"Tribunal f\u00e9d\u00e9ral suisse, 12 mai 2023, n\u00b0 4A 214-2023\" \/>\n<meta property=\"og:description\" content=\"Bundesgericht Tribunal f\u00e9d\u00e9ral Tribunale federale Tribunal federal 4A_214\/2023 Urteil vom 12. Mai 2023 I. zivilrechtliche Abteilung Besetzung Bundesrichterin Jametti, Pr\u00e4sidentin, Gerichtsschreiber Leemann. Verfahrensbeteiligte A.________, Beschwerdef\u00fchrer, gegen B.________, Beschwerdegegner. Gegenstand Forderung, Beschwerde gegen das Urteil des Obergerichts des Kantons Solothurn, Zivilkammer, vom 7. M\u00e4rz 2023 (ZKBER.2023.7). Erw\u00e4gungen: 1. Mit Entscheid vom 6. Oktober 2022 wies der...\" \/>\n<meta property=\"og:url\" content=\"https:\/\/kohenavocats.com\/ru\/jurisprudences\/tribunal-federal-suisse-12-mai-2023-n-4a-214-2023\/\" \/>\n<meta property=\"og:site_name\" content=\"Ma\u00eetre Hassan Kohen, avocat en droit p\u00e9nal \u00e0 Paris\" \/>\n<meta name=\"twitter:card\" content=\"summary_large_image\" \/>\n<meta name=\"twitter:label1\" content=\"\u041f\u0440\u0438\u043c\u0435\u0440\u043d\u043e\u0435 \u0432\u0440\u0435\u043c\u044f \u0434\u043b\u044f \u0447\u0442\u0435\u043d\u0438\u044f\" \/>\n\t<meta name=\"twitter:data1\" content=\"3 \u043c\u0438\u043d\u0443\u0442\u044b\" \/>\n<script type=\"application\/ld+json\" class=\"yoast-schema-graph\">{\"@context\":\"https:\\\/\\\/schema.org\",\"@graph\":[{\"@type\":\"WebPage\",\"@id\":\"https:\\\/\\\/kohenavocats.com\\\/ru\\\/jurisprudences\\\/tribunal-federal-suisse-12-mai-2023-n-4a-214-2023\\\/\",\"url\":\"https:\\\/\\\/kohenavocats.com\\\/ru\\\/jurisprudences\\\/tribunal-federal-suisse-12-mai-2023-n-4a-214-2023\\\/\",\"name\":\"Tribunal f\u00e9d\u00e9ral suisse, 12 mai 2023, n\u00b0 4A 214-2023 - Ma\u00eetre Hassan Kohen, avocat en droit p\u00e9nal \u00e0 Paris\",\"isPartOf\":{\"@id\":\"https:\\\/\\\/kohenavocats.com\\\/ru\\\/#website\"},\"datePublished\":\"2026-04-21T14:27:50+00:00\",\"breadcrumb\":{\"@id\":\"https:\\\/\\\/kohenavocats.com\\\/ru\\\/jurisprudences\\\/tribunal-federal-suisse-12-mai-2023-n-4a-214-2023\\\/#breadcrumb\"},\"inLanguage\":\"ru-RU\",\"potentialAction\":[{\"@type\":\"ReadAction\",\"target\":[\"https:\\\/\\\/kohenavocats.com\\\/ru\\\/jurisprudences\\\/tribunal-federal-suisse-12-mai-2023-n-4a-214-2023\\\/\"]}]},{\"@type\":\"BreadcrumbList\",\"@id\":\"https:\\\/\\\/kohenavocats.com\\\/ru\\\/jurisprudences\\\/tribunal-federal-suisse-12-mai-2023-n-4a-214-2023\\\/#breadcrumb\",\"itemListElement\":[{\"@type\":\"ListItem\",\"position\":1,\"name\":\"Home\",\"item\":\"https:\\\/\\\/kohenavocats.com\\\/ru\\\/avocats-en-droit-penal-a-paris-conseil-et-defense-strategique\\\/\"},{\"@type\":\"ListItem\",\"position\":2,\"name\":\"Jurisprudences\",\"item\":\"https:\\\/\\\/kohenavocats.com\\\/ru\\\/jurisprudences\\\/\"},{\"@type\":\"ListItem\",\"position\":3,\"name\":\"Tribunal f\u00e9d\u00e9ral suisse, 12 mai 2023, n\u00b0 4A 214-2023\"}]},{\"@type\":\"WebSite\",\"@id\":\"https:\\\/\\\/kohenavocats.com\\\/ru\\\/#website\",\"url\":\"https:\\\/\\\/kohenavocats.com\\\/ru\\\/\",\"name\":\"Kohen Avocats\",\"description\":\"Ma\u00eetre Hassan Kohen, avocat p\u00e9naliste \u00e0 Paris, intervient exclusivement en droit p\u00e9nal pour la d\u00e9fense des particuliers, notamment en mati\u00e8re d\u2019accusations de viol. Il assure un accompagnement rigoureux d\u00e8s la garde \u00e0 vue jusqu\u2019\u00e0 la Cour d\u2019assises, veillant au strict respect des garanties proc\u00e9durales.\",\"publisher\":{\"@id\":\"https:\\\/\\\/kohenavocats.com\\\/ru\\\/#organization\"},\"potentialAction\":[{\"@type\":\"SearchAction\",\"target\":{\"@type\":\"EntryPoint\",\"urlTemplate\":\"https:\\\/\\\/kohenavocats.com\\\/ru\\\/?s={search_term_string}\"},\"query-input\":{\"@type\":\"PropertyValueSpecification\",\"valueRequired\":true,\"valueName\":\"search_term_string\"}}],\"inLanguage\":\"ru-RU\"},{\"@type\":\"Organization\",\"@id\":\"https:\\\/\\\/kohenavocats.com\\\/ru\\\/#organization\",\"name\":\"Kohen Avocats\",\"url\":\"https:\\\/\\\/kohenavocats.com\\\/ru\\\/\",\"logo\":{\"@type\":\"ImageObject\",\"inLanguage\":\"ru-RU\",\"@id\":\"https:\\\/\\\/kohenavocats.com\\\/ru\\\/#\\\/schema\\\/logo\\\/image\\\/\",\"url\":\"https:\\\/\\\/kohenavocats.com\\\/wp-content\\\/uploads\\\/2026\\\/01\\\/Logo-2-1.webp\",\"contentUrl\":\"https:\\\/\\\/kohenavocats.com\\\/wp-content\\\/uploads\\\/2026\\\/01\\\/Logo-2-1.webp\",\"width\":2114,\"height\":1253,\"caption\":\"Kohen Avocats\"},\"image\":{\"@id\":\"https:\\\/\\\/kohenavocats.com\\\/ru\\\/#\\\/schema\\\/logo\\\/image\\\/\"}}]}<\/script>\n<!-- \/ Yoast SEO Premium plugin. -->","yoast_head_json":{"title":"Tribunal f\u00e9d\u00e9ral suisse, 12 mai 2023, n\u00b0 4A 214-2023 - Ma\u00eetre Hassan Kohen, avocat en droit p\u00e9nal \u00e0 Paris","robots":{"index":"index","follow":"follow","max-snippet":"max-snippet:-1","max-image-preview":"max-image-preview:large","max-video-preview":"max-video-preview:-1"},"canonical":"https:\/\/kohenavocats.com\/ru\/jurisprudences\/tribunal-federal-suisse-12-mai-2023-n-4a-214-2023\/","og_locale":"ru_RU","og_type":"article","og_title":"Tribunal f\u00e9d\u00e9ral suisse, 12 mai 2023, n\u00b0 4A 214-2023","og_description":"Bundesgericht Tribunal f\u00e9d\u00e9ral Tribunale federale Tribunal federal 4A_214\/2023 Urteil vom 12. Mai 2023 I. zivilrechtliche Abteilung Besetzung Bundesrichterin Jametti, Pr\u00e4sidentin, Gerichtsschreiber Leemann. Verfahrensbeteiligte A.________, Beschwerdef\u00fchrer, gegen B.________, Beschwerdegegner. Gegenstand Forderung, Beschwerde gegen das Urteil des Obergerichts des Kantons Solothurn, Zivilkammer, vom 7. M\u00e4rz 2023 (ZKBER.2023.7). Erw\u00e4gungen: 1. Mit Entscheid vom 6. Oktober 2022 wies der...","og_url":"https:\/\/kohenavocats.com\/ru\/jurisprudences\/tribunal-federal-suisse-12-mai-2023-n-4a-214-2023\/","og_site_name":"Ma\u00eetre Hassan Kohen, avocat en droit p\u00e9nal \u00e0 Paris","twitter_card":"summary_large_image","twitter_misc":{"\u041f\u0440\u0438\u043c\u0435\u0440\u043d\u043e\u0435 \u0432\u0440\u0435\u043c\u044f \u0434\u043b\u044f \u0447\u0442\u0435\u043d\u0438\u044f":"3 \u043c\u0438\u043d\u0443\u0442\u044b"},"schema":{"@context":"https:\/\/schema.org","@graph":[{"@type":"WebPage","@id":"https:\/\/kohenavocats.com\/ru\/jurisprudences\/tribunal-federal-suisse-12-mai-2023-n-4a-214-2023\/","url":"https:\/\/kohenavocats.com\/ru\/jurisprudences\/tribunal-federal-suisse-12-mai-2023-n-4a-214-2023\/","name":"Tribunal f\u00e9d\u00e9ral suisse, 12 mai 2023, n\u00b0 4A 214-2023 - Ma\u00eetre Hassan Kohen, avocat en droit p\u00e9nal \u00e0 Paris","isPartOf":{"@id":"https:\/\/kohenavocats.com\/ru\/#website"},"datePublished":"2026-04-21T14:27:50+00:00","breadcrumb":{"@id":"https:\/\/kohenavocats.com\/ru\/jurisprudences\/tribunal-federal-suisse-12-mai-2023-n-4a-214-2023\/#breadcrumb"},"inLanguage":"ru-RU","potentialAction":[{"@type":"ReadAction","target":["https:\/\/kohenavocats.com\/ru\/jurisprudences\/tribunal-federal-suisse-12-mai-2023-n-4a-214-2023\/"]}]},{"@type":"BreadcrumbList","@id":"https:\/\/kohenavocats.com\/ru\/jurisprudences\/tribunal-federal-suisse-12-mai-2023-n-4a-214-2023\/#breadcrumb","itemListElement":[{"@type":"ListItem","position":1,"name":"Home","item":"https:\/\/kohenavocats.com\/ru\/avocats-en-droit-penal-a-paris-conseil-et-defense-strategique\/"},{"@type":"ListItem","position":2,"name":"Jurisprudences","item":"https:\/\/kohenavocats.com\/ru\/jurisprudences\/"},{"@type":"ListItem","position":3,"name":"Tribunal f\u00e9d\u00e9ral suisse, 12 mai 2023, n\u00b0 4A 214-2023"}]},{"@type":"WebSite","@id":"https:\/\/kohenavocats.com\/ru\/#website","url":"https:\/\/kohenavocats.com\/ru\/","name":"Kohen Avocats","description":"Ma\u00eetre Hassan Kohen, avocat p\u00e9naliste \u00e0 Paris, intervient exclusivement en droit p\u00e9nal pour la d\u00e9fense des particuliers, notamment en mati\u00e8re d\u2019accusations de viol. Il assure un accompagnement rigoureux d\u00e8s la garde \u00e0 vue jusqu\u2019\u00e0 la Cour d\u2019assises, veillant au strict respect des garanties proc\u00e9durales.","publisher":{"@id":"https:\/\/kohenavocats.com\/ru\/#organization"},"potentialAction":[{"@type":"SearchAction","target":{"@type":"EntryPoint","urlTemplate":"https:\/\/kohenavocats.com\/ru\/?s={search_term_string}"},"query-input":{"@type":"PropertyValueSpecification","valueRequired":true,"valueName":"search_term_string"}}],"inLanguage":"ru-RU"},{"@type":"Organization","@id":"https:\/\/kohenavocats.com\/ru\/#organization","name":"Kohen Avocats","url":"https:\/\/kohenavocats.com\/ru\/","logo":{"@type":"ImageObject","inLanguage":"ru-RU","@id":"https:\/\/kohenavocats.com\/ru\/#\/schema\/logo\/image\/","url":"https:\/\/kohenavocats.com\/wp-content\/uploads\/2026\/01\/Logo-2-1.webp","contentUrl":"https:\/\/kohenavocats.com\/wp-content\/uploads\/2026\/01\/Logo-2-1.webp","width":2114,"height":1253,"caption":"Kohen Avocats"},"image":{"@id":"https:\/\/kohenavocats.com\/ru\/#\/schema\/logo\/image\/"}}]}},"jetpack_likes_enabled":false,"jetpack_sharing_enabled":true,"_links":{"self":[{"href":"https:\/\/kohenavocats.com\/ru\/wp-json\/wp\/v2\/kji_decision\/637362","targetHints":{"allow":["GET"]}}],"collection":[{"href":"https:\/\/kohenavocats.com\/ru\/wp-json\/wp\/v2\/kji_decision"}],"about":[{"href":"https:\/\/kohenavocats.com\/ru\/wp-json\/wp\/v2\/types\/kji_decision"}],"wp:attachment":[{"href":"https:\/\/kohenavocats.com\/ru\/wp-json\/wp\/v2\/media?parent=637362"}],"wp:term":[{"taxonomy":"kji_country","embeddable":true,"href":"https:\/\/kohenavocats.com\/ru\/wp-json\/wp\/v2\/kji_country?post=637362"},{"taxonomy":"kji_court","embeddable":true,"href":"https:\/\/kohenavocats.com\/ru\/wp-json\/wp\/v2\/kji_court?post=637362"},{"taxonomy":"kji_chamber","embeddable":true,"href":"https:\/\/kohenavocats.com\/ru\/wp-json\/wp\/v2\/kji_chamber?post=637362"},{"taxonomy":"kji_year","embeddable":true,"href":"https:\/\/kohenavocats.com\/ru\/wp-json\/wp\/v2\/kji_year?post=637362"},{"taxonomy":"kji_subject","embeddable":true,"href":"https:\/\/kohenavocats.com\/ru\/wp-json\/wp\/v2\/kji_subject?post=637362"},{"taxonomy":"kji_keyword","embeddable":true,"href":"https:\/\/kohenavocats.com\/ru\/wp-json\/wp\/v2\/kji_keyword?post=637362"},{"taxonomy":"kji_language","embeddable":true,"href":"https:\/\/kohenavocats.com\/ru\/wp-json\/wp\/v2\/kji_language?post=637362"}],"curies":[{"name":"wp","href":"https:\/\/api.w.org\/{rel}","templated":true}]}}