{"id":637368,"date":"2026-04-21T16:28:08","date_gmt":"2026-04-21T14:28:08","guid":{"rendered":"https:\/\/kohenavocats.com\/jurisprudences\/tribunal-darrondissement-11-mai-2023-n-2022-01345\/"},"modified":"2026-04-21T16:28:12","modified_gmt":"2026-04-21T14:28:12","slug":"tribunal-darrondissement-11-mai-2023-n-2022-01345","status":"publish","type":"kji_decision","link":"https:\/\/kohenavocats.com\/ru\/jurisprudences\/tribunal-darrondissement-11-mai-2023-n-2022-01345\/","title":{"rendered":"Tribunal d&#8217;arrondissement, 11 mai 2023, n\u00b0 2022-01345"},"content":{"rendered":"<div class=\"kji-decision\">\n<div class=\"kji-full-text\">\n<p>Jugement commercial 2023TALCH06\/00643 Audience publique du jeudi,onze maideux mille vingt-trois. Num\u00e9ro de r\u00f4leTAL-2022-01345 Composition: Maria FARIA ALVES, vice-pr\u00e9sidente; Alix KAYSER,juge; Muriel WANDERSCHEID, juge; Claude ROSENFELD,greffier. Entre: la soci\u00e9t\u00e9 \u00e0 responsabilit\u00e9 limit\u00e9eSOCIETE1.)SARL, \u00e9tablie et ayant son si\u00e8ge social \u00e0 L- ADRESSE1.), inscrite au Registre de Commerce et des Soci\u00e9t\u00e9s de Luxembourg sous le num\u00e9roNUMERO1.), repr\u00e9sent\u00e9e par son g\u00e9rant actuellementen fonctions; partie demanderesseaux termes d\u2019unexploit de l\u2019huissier de justicePatrick KURDYBAN de Luxembourg, en date du7 f\u00e9vrier 2022, comparant parMa\u00eetreG\u00e9rard SCHANK, avocat \u00e0 la Cour constitu\u00e9, demeurant \u00e0 Luxembourg, et: la soci\u00e9t\u00e9anonymeSOCIETE2.)SA, \u00e9tablie et ayant son si\u00e8ge social \u00e0L-ADRESSE2.), inscrite au Registre de Commerce et des Soci\u00e9t\u00e9s deLuxembourgsous le num\u00e9ro NUMERO2.), repr\u00e9sent\u00e9e par son conseil d\u2019administrationactuellement en fonctions; partie d\u00e9fenderesseauxfinsdu pr\u00e9ditexploit KURDYBAN, comparant parla soci\u00e9t\u00e9 \u00e0 responsabilit\u00e9 limit\u00e9e MOLITOR Avocats \u00e0 la Cour SARL, \u00e9tablie et ayant son si\u00e8ge social \u00e0 L-2763 Luxembourg, 8, rue Sainte-Zithe, inscriteau Registre de Commerce et des Soci\u00e9t\u00e9s de Luxembourg sous le num\u00e9ro B 211810,repr\u00e9sent\u00e9e dans le<\/p>\n<p>2 cadre de la pr\u00e9sente proc\u00e9dure par Ma\u00eetre Paulo LOPES DA SILVA, avocat \u00e0 la Cour constitu\u00e9, demeurant \u00e0Luxembourg. ________________________________________________________________________ Le Tribunal: Par exploit d\u2019huissier du7 f\u00e9vrier 2022, la soci\u00e9t\u00e9\u00e0 responsabilit\u00e9 limit\u00e9eSOCIETE1.)SARL a fait donner assignation \u00e0 la soci\u00e9t\u00e9anonymeSOCIETE2.)SA\u00e0 compara\u00eetre devant le tribunal d&#039;arrondissement de et \u00e0 Luxembourg, si\u00e9geant en mati\u00e8re commerciale, selon la proc\u00e9dure civile, pour y entendre statuer sur le m\u00e9rite de la demande contenue dans le dispositif de l\u2019exploit introductif. La cl\u00f4ture de l\u2019instruction est intervenue le3 mai 2023 etl\u2019affaire a \u00e9t\u00e9 prise en d\u00e9lib\u00e9r\u00e9, le m\u00eame jour. La partie demanderesseverseen causeun \u00e9crit intitul\u00e9\u00abDESISTEMENT D\u2019INSTANCE ET D\u2019ACTION\u00bb,non dat\u00e9 maisd\u00fbment sign\u00e9, dans lequelelled\u00e9clare\u00e0 la partie d\u00e9fenderesse qu\u2019elle \u00abse d\u00e9sistepurement et simplement del\u2019instance et de l\u2019action introduite contre la soci\u00e9t\u00e9 anonymeSOCIETE2.)SA par exploit de l\u2019huissier de justice KURDYBAN de Luxembourg en date du 7 f\u00e9vrier 2022 et de la proc\u00e9dure suivie devant le tribunal d\u2019arrondissement de et \u00e0 Luxembourg, si\u00e9geant en mati\u00e8re commerciale sur cette assignation, selon les r\u00e8gles de l\u2019article 547, alin\u00e9a 2, du nouveau Code de proc\u00e9dure civile.\u00bb Le d\u00e9sistement d\u2019action ne requiert pas l\u2019acceptation de la partie d\u00e9fenderesse. Les conditions du d\u00e9sistement d\u2019action \u00e9tant remplies, il y a lieu de le d\u00e9cr\u00e9ter. Le d\u00e9sistement d&#039;action ayant pour effet d&#039;entra\u00eener l&#039;extinction de l&#039;instance, le d\u00e9sistement d\u2019instance est sans objet. Il r\u00e9sulte de l\u2019article 546 du Nouveau Code de proc\u00e9dure civile que la partie qui se d\u00e9siste est r\u00e9put\u00e9e succomber, et doit, en cons\u00e9quence, supporter lesfrais.L&#039;obligation de payer les frais r\u00e9sulte implicitement du d\u00e9sistement. Il n&#039;est pas n\u00e9cessaire que celui qui se d\u00e9siste en fasse l&#039;offre. La demanderesse est d\u00e8s lors \u00e0 condamner aux frais de l&#039;instance. Par ces motifs: letribunal d\u2019arrondissement de et \u00e0 Luxembourg, sixi\u00e8me chambre, si\u00e9geant en mati\u00e8re commerciale, statuant contradictoirement, donneacte \u00e0 la soci\u00e9t\u00e9 \u00e0 responsabilit\u00e9 limit\u00e9eSOCIETE1.)SARL de ce qu\u2019elle se d\u00e9siste de l\u2019instance et de l\u2019action introduitepar exploit d&#039;huissier du 7 f\u00e9vrier 2022 ;<\/p>\n<p>3 d\u00e9cr\u00e8tele d\u00e9sistement d\u2019action aux cons\u00e9quences de droit ; d\u00e9clare\u00e9teinte l\u2019instanceet sans objetle d\u00e9sistement d\u2019instance; condamnela soci\u00e9t\u00e9 \u00e0 responsabilit\u00e9 limit\u00e9eSOCIETE1.)SARL aux frais et d\u00e9pens de l\u2019instance.<\/p>\n<\/div>\n<hr class=\"kji-sep\" \/>\n<p class=\"kji-source-links\"><strong>Sources officielles :<\/strong> <a class=\"kji-source-link\" href=\"https:\/\/data.public.lu\/fr\/datasets\/tribunal-darrondissement-luxembourg-commerce\/\" target=\"_blank\" rel=\"noopener noreferrer\">consulter la page source<\/a> &middot; <a class=\"kji-pdf-link\" href=\"https:\/\/download.data.public.lu\/resources\/tribunal-darrondissement-luxembourg-commerce\/20240828-000209\/20230511-tal06-tal-2022-01345-pseudonymise-accessible.pdf\" target=\"_blank\" rel=\"noopener noreferrer\">PDF officiel<\/a><\/p>\n<p class=\"kji-license-note\"><em>Licence CC BY-ND 4.0 (Administration judiciaire, data.public.lu). Republication autorisee avec attribution, sans modification editoriale du texte integral.<\/em><\/p>\n<\/div>\n","protected":false},"excerpt":{"rendered":"<p>Jugement commercial 2023TALCH06\/00643 Audience publique du jeudi,onze maideux mille vingt-trois. Num\u00e9ro de r\u00f4leTAL-2022-01345 Composition: Maria FARIA ALVES, vice-pr\u00e9sidente; Alix KAYSER,juge; Muriel WANDERSCHEID, juge; Claude ROSENFELD,greffier. Entre: la soci\u00e9t\u00e9 \u00e0 responsabilit\u00e9 limit\u00e9eSOCIETE1.)SARL, \u00e9tablie et ayant son si\u00e8ge social \u00e0 L- ADRESSE1.), inscrite au Registre de Commerce\u2026<\/p>\n","protected":false},"featured_media":0,"template":"","meta":{"_crdt_document":""},"kji_country":[8418],"kji_court":[23583],"kji_chamber":[24938],"kji_year":[24566],"kji_subject":[7625],"kji_keyword":[23584,15419,23061,24939,7636],"kji_language":[7733],"class_list":["post-637368","kji_decision","type-kji_decision","status-publish","hentry","kji_country-luxembourg","kji_court-tribunal-darrondissement","kji_chamber-commerce","kji_year-24566","kji_subject-commercial","kji_keyword-arrondissement","kji_keyword-commercial","kji_keyword-jugement","kji_keyword-talch","kji_keyword-tribunal","kji_language-francais"],"yoast_head":"<!-- This site is optimized with the Yoast SEO Premium plugin v27.5 (Yoast SEO v27.5) - https:\/\/yoast.com\/product\/yoast-seo-premium-wordpress\/ -->\n<title>Tribunal d&#039;arrondissement, 11 mai 2023, n\u00b0 2022-01345 - Ma\u00eetre Hassan Kohen, avocat en droit p\u00e9nal \u00e0 Paris<\/title>\n<meta name=\"robots\" content=\"index, follow, max-snippet:-1, max-image-preview:large, max-video-preview:-1\" \/>\n<link rel=\"canonical\" href=\"https:\/\/kohenavocats.com\/ru\/jurisprudences\/tribunal-darrondissement-11-mai-2023-n-2022-01345\/\" \/>\n<meta property=\"og:locale\" content=\"ru_RU\" \/>\n<meta property=\"og:type\" content=\"article\" \/>\n<meta property=\"og:title\" content=\"Tribunal d&#039;arrondissement, 11 mai 2023, n\u00b0 2022-01345\" \/>\n<meta property=\"og:description\" content=\"Jugement commercial 2023TALCH06\/00643 Audience publique du jeudi,onze maideux mille vingt-trois. Num\u00e9ro de r\u00f4leTAL-2022-01345 Composition: Maria FARIA ALVES, vice-pr\u00e9sidente; Alix KAYSER,juge; Muriel WANDERSCHEID, juge; Claude ROSENFELD,greffier. Entre: la soci\u00e9t\u00e9 \u00e0 responsabilit\u00e9 limit\u00e9eSOCIETE1.)SARL, \u00e9tablie et ayant son si\u00e8ge social \u00e0 L- ADRESSE1.), inscrite au Registre de Commerce\u2026\" \/>\n<meta property=\"og:url\" content=\"https:\/\/kohenavocats.com\/ru\/jurisprudences\/tribunal-darrondissement-11-mai-2023-n-2022-01345\/\" \/>\n<meta property=\"og:site_name\" content=\"Ma\u00eetre Hassan Kohen, avocat en droit p\u00e9nal \u00e0 Paris\" \/>\n<meta property=\"article:modified_time\" content=\"2026-04-21T14:28:12+00:00\" \/>\n<meta name=\"twitter:card\" content=\"summary_large_image\" \/>\n<meta name=\"twitter:label1\" content=\"\u041f\u0440\u0438\u043c\u0435\u0440\u043d\u043e\u0435 \u0432\u0440\u0435\u043c\u044f \u0434\u043b\u044f \u0447\u0442\u0435\u043d\u0438\u044f\" \/>\n\t<meta name=\"twitter:data1\" content=\"3 \u043c\u0438\u043d\u0443\u0442\u044b\" \/>\n<script type=\"application\/ld+json\" class=\"yoast-schema-graph\">{\"@context\":\"https:\\\/\\\/schema.org\",\"@graph\":[{\"@type\":\"WebPage\",\"@id\":\"https:\\\/\\\/kohenavocats.com\\\/ru\\\/jurisprudences\\\/tribunal-darrondissement-11-mai-2023-n-2022-01345\\\/\",\"url\":\"https:\\\/\\\/kohenavocats.com\\\/ru\\\/jurisprudences\\\/tribunal-darrondissement-11-mai-2023-n-2022-01345\\\/\",\"name\":\"Tribunal d'arrondissement, 11 mai 2023, n\u00b0 2022-01345 - Ma\u00eetre Hassan Kohen, avocat en droit p\u00e9nal \u00e0 Paris\",\"isPartOf\":{\"@id\":\"https:\\\/\\\/kohenavocats.com\\\/ru\\\/#website\"},\"datePublished\":\"2026-04-21T14:28:08+00:00\",\"dateModified\":\"2026-04-21T14:28:12+00:00\",\"breadcrumb\":{\"@id\":\"https:\\\/\\\/kohenavocats.com\\\/ru\\\/jurisprudences\\\/tribunal-darrondissement-11-mai-2023-n-2022-01345\\\/#breadcrumb\"},\"inLanguage\":\"ru-RU\",\"potentialAction\":[{\"@type\":\"ReadAction\",\"target\":[\"https:\\\/\\\/kohenavocats.com\\\/ru\\\/jurisprudences\\\/tribunal-darrondissement-11-mai-2023-n-2022-01345\\\/\"]}]},{\"@type\":\"BreadcrumbList\",\"@id\":\"https:\\\/\\\/kohenavocats.com\\\/ru\\\/jurisprudences\\\/tribunal-darrondissement-11-mai-2023-n-2022-01345\\\/#breadcrumb\",\"itemListElement\":[{\"@type\":\"ListItem\",\"position\":1,\"name\":\"Home\",\"item\":\"https:\\\/\\\/kohenavocats.com\\\/ru\\\/avocats-en-droit-penal-a-paris-conseil-et-defense-strategique\\\/\"},{\"@type\":\"ListItem\",\"position\":2,\"name\":\"Jurisprudences\",\"item\":\"https:\\\/\\\/kohenavocats.com\\\/ru\\\/jurisprudences\\\/\"},{\"@type\":\"ListItem\",\"position\":3,\"name\":\"Tribunal d&rsquo;arrondissement, 11 mai 2023, n\u00b0 2022-01345\"}]},{\"@type\":\"WebSite\",\"@id\":\"https:\\\/\\\/kohenavocats.com\\\/ru\\\/#website\",\"url\":\"https:\\\/\\\/kohenavocats.com\\\/ru\\\/\",\"name\":\"Kohen Avocats\",\"description\":\"Ma\u00eetre Hassan Kohen, avocat p\u00e9naliste \u00e0 Paris, intervient exclusivement en droit p\u00e9nal pour la d\u00e9fense des particuliers, notamment en mati\u00e8re d\u2019accusations de viol. Il assure un accompagnement rigoureux d\u00e8s la garde \u00e0 vue jusqu\u2019\u00e0 la Cour d\u2019assises, veillant au strict respect des garanties proc\u00e9durales.\",\"publisher\":{\"@id\":\"https:\\\/\\\/kohenavocats.com\\\/ru\\\/#organization\"},\"potentialAction\":[{\"@type\":\"SearchAction\",\"target\":{\"@type\":\"EntryPoint\",\"urlTemplate\":\"https:\\\/\\\/kohenavocats.com\\\/ru\\\/?s={search_term_string}\"},\"query-input\":{\"@type\":\"PropertyValueSpecification\",\"valueRequired\":true,\"valueName\":\"search_term_string\"}}],\"inLanguage\":\"ru-RU\"},{\"@type\":\"Organization\",\"@id\":\"https:\\\/\\\/kohenavocats.com\\\/ru\\\/#organization\",\"name\":\"Kohen Avocats\",\"url\":\"https:\\\/\\\/kohenavocats.com\\\/ru\\\/\",\"logo\":{\"@type\":\"ImageObject\",\"inLanguage\":\"ru-RU\",\"@id\":\"https:\\\/\\\/kohenavocats.com\\\/ru\\\/#\\\/schema\\\/logo\\\/image\\\/\",\"url\":\"https:\\\/\\\/kohenavocats.com\\\/wp-content\\\/uploads\\\/2026\\\/01\\\/Logo-2-1.webp\",\"contentUrl\":\"https:\\\/\\\/kohenavocats.com\\\/wp-content\\\/uploads\\\/2026\\\/01\\\/Logo-2-1.webp\",\"width\":2114,\"height\":1253,\"caption\":\"Kohen Avocats\"},\"image\":{\"@id\":\"https:\\\/\\\/kohenavocats.com\\\/ru\\\/#\\\/schema\\\/logo\\\/image\\\/\"}}]}<\/script>\n<!-- \/ Yoast SEO Premium plugin. -->","yoast_head_json":{"title":"Tribunal d'arrondissement, 11 mai 2023, n\u00b0 2022-01345 - Ma\u00eetre Hassan Kohen, avocat en droit p\u00e9nal \u00e0 Paris","robots":{"index":"index","follow":"follow","max-snippet":"max-snippet:-1","max-image-preview":"max-image-preview:large","max-video-preview":"max-video-preview:-1"},"canonical":"https:\/\/kohenavocats.com\/ru\/jurisprudences\/tribunal-darrondissement-11-mai-2023-n-2022-01345\/","og_locale":"ru_RU","og_type":"article","og_title":"Tribunal d'arrondissement, 11 mai 2023, n\u00b0 2022-01345","og_description":"Jugement commercial 2023TALCH06\/00643 Audience publique du jeudi,onze maideux mille vingt-trois. Num\u00e9ro de r\u00f4leTAL-2022-01345 Composition: Maria FARIA ALVES, vice-pr\u00e9sidente; Alix KAYSER,juge; Muriel WANDERSCHEID, juge; Claude ROSENFELD,greffier. Entre: la soci\u00e9t\u00e9 \u00e0 responsabilit\u00e9 limit\u00e9eSOCIETE1.)SARL, \u00e9tablie et ayant son si\u00e8ge social \u00e0 L- ADRESSE1.), inscrite au Registre de Commerce\u2026","og_url":"https:\/\/kohenavocats.com\/ru\/jurisprudences\/tribunal-darrondissement-11-mai-2023-n-2022-01345\/","og_site_name":"Ma\u00eetre Hassan Kohen, avocat en droit p\u00e9nal \u00e0 Paris","article_modified_time":"2026-04-21T14:28:12+00:00","twitter_card":"summary_large_image","twitter_misc":{"\u041f\u0440\u0438\u043c\u0435\u0440\u043d\u043e\u0435 \u0432\u0440\u0435\u043c\u044f \u0434\u043b\u044f \u0447\u0442\u0435\u043d\u0438\u044f":"3 \u043c\u0438\u043d\u0443\u0442\u044b"},"schema":{"@context":"https:\/\/schema.org","@graph":[{"@type":"WebPage","@id":"https:\/\/kohenavocats.com\/ru\/jurisprudences\/tribunal-darrondissement-11-mai-2023-n-2022-01345\/","url":"https:\/\/kohenavocats.com\/ru\/jurisprudences\/tribunal-darrondissement-11-mai-2023-n-2022-01345\/","name":"Tribunal d'arrondissement, 11 mai 2023, n\u00b0 2022-01345 - Ma\u00eetre Hassan Kohen, avocat en droit p\u00e9nal \u00e0 Paris","isPartOf":{"@id":"https:\/\/kohenavocats.com\/ru\/#website"},"datePublished":"2026-04-21T14:28:08+00:00","dateModified":"2026-04-21T14:28:12+00:00","breadcrumb":{"@id":"https:\/\/kohenavocats.com\/ru\/jurisprudences\/tribunal-darrondissement-11-mai-2023-n-2022-01345\/#breadcrumb"},"inLanguage":"ru-RU","potentialAction":[{"@type":"ReadAction","target":["https:\/\/kohenavocats.com\/ru\/jurisprudences\/tribunal-darrondissement-11-mai-2023-n-2022-01345\/"]}]},{"@type":"BreadcrumbList","@id":"https:\/\/kohenavocats.com\/ru\/jurisprudences\/tribunal-darrondissement-11-mai-2023-n-2022-01345\/#breadcrumb","itemListElement":[{"@type":"ListItem","position":1,"name":"Home","item":"https:\/\/kohenavocats.com\/ru\/avocats-en-droit-penal-a-paris-conseil-et-defense-strategique\/"},{"@type":"ListItem","position":2,"name":"Jurisprudences","item":"https:\/\/kohenavocats.com\/ru\/jurisprudences\/"},{"@type":"ListItem","position":3,"name":"Tribunal d&rsquo;arrondissement, 11 mai 2023, n\u00b0 2022-01345"}]},{"@type":"WebSite","@id":"https:\/\/kohenavocats.com\/ru\/#website","url":"https:\/\/kohenavocats.com\/ru\/","name":"Kohen Avocats","description":"Ma\u00eetre Hassan Kohen, avocat p\u00e9naliste \u00e0 Paris, intervient exclusivement en droit p\u00e9nal pour la d\u00e9fense des particuliers, notamment en mati\u00e8re d\u2019accusations de viol. Il assure un accompagnement rigoureux d\u00e8s la garde \u00e0 vue jusqu\u2019\u00e0 la Cour d\u2019assises, veillant au strict respect des garanties proc\u00e9durales.","publisher":{"@id":"https:\/\/kohenavocats.com\/ru\/#organization"},"potentialAction":[{"@type":"SearchAction","target":{"@type":"EntryPoint","urlTemplate":"https:\/\/kohenavocats.com\/ru\/?s={search_term_string}"},"query-input":{"@type":"PropertyValueSpecification","valueRequired":true,"valueName":"search_term_string"}}],"inLanguage":"ru-RU"},{"@type":"Organization","@id":"https:\/\/kohenavocats.com\/ru\/#organization","name":"Kohen Avocats","url":"https:\/\/kohenavocats.com\/ru\/","logo":{"@type":"ImageObject","inLanguage":"ru-RU","@id":"https:\/\/kohenavocats.com\/ru\/#\/schema\/logo\/image\/","url":"https:\/\/kohenavocats.com\/wp-content\/uploads\/2026\/01\/Logo-2-1.webp","contentUrl":"https:\/\/kohenavocats.com\/wp-content\/uploads\/2026\/01\/Logo-2-1.webp","width":2114,"height":1253,"caption":"Kohen Avocats"},"image":{"@id":"https:\/\/kohenavocats.com\/ru\/#\/schema\/logo\/image\/"}}]}},"jetpack_likes_enabled":false,"jetpack_sharing_enabled":true,"_links":{"self":[{"href":"https:\/\/kohenavocats.com\/ru\/wp-json\/wp\/v2\/kji_decision\/637368","targetHints":{"allow":["GET"]}}],"collection":[{"href":"https:\/\/kohenavocats.com\/ru\/wp-json\/wp\/v2\/kji_decision"}],"about":[{"href":"https:\/\/kohenavocats.com\/ru\/wp-json\/wp\/v2\/types\/kji_decision"}],"wp:attachment":[{"href":"https:\/\/kohenavocats.com\/ru\/wp-json\/wp\/v2\/media?parent=637368"}],"wp:term":[{"taxonomy":"kji_country","embeddable":true,"href":"https:\/\/kohenavocats.com\/ru\/wp-json\/wp\/v2\/kji_country?post=637368"},{"taxonomy":"kji_court","embeddable":true,"href":"https:\/\/kohenavocats.com\/ru\/wp-json\/wp\/v2\/kji_court?post=637368"},{"taxonomy":"kji_chamber","embeddable":true,"href":"https:\/\/kohenavocats.com\/ru\/wp-json\/wp\/v2\/kji_chamber?post=637368"},{"taxonomy":"kji_year","embeddable":true,"href":"https:\/\/kohenavocats.com\/ru\/wp-json\/wp\/v2\/kji_year?post=637368"},{"taxonomy":"kji_subject","embeddable":true,"href":"https:\/\/kohenavocats.com\/ru\/wp-json\/wp\/v2\/kji_subject?post=637368"},{"taxonomy":"kji_keyword","embeddable":true,"href":"https:\/\/kohenavocats.com\/ru\/wp-json\/wp\/v2\/kji_keyword?post=637368"},{"taxonomy":"kji_language","embeddable":true,"href":"https:\/\/kohenavocats.com\/ru\/wp-json\/wp\/v2\/kji_language?post=637368"}],"curies":[{"name":"wp","href":"https:\/\/api.w.org\/{rel}","templated":true}]}}