{"id":637487,"date":"2026-04-21T16:41:51","date_gmt":"2026-04-21T14:41:51","guid":{"rendered":"https:\/\/kohenavocats.com\/jurisprudences\/eclinlgharl2026210-gerechtshof-arnhem-leeuwarden-15-01-2026-200-355-646-01\/"},"modified":"2026-04-21T16:41:51","modified_gmt":"2026-04-21T14:41:51","slug":"eclinlgharl2026210-gerechtshof-arnhem-leeuwarden-15-01-2026-200-355-646-01","status":"publish","type":"kji_decision","link":"https:\/\/kohenavocats.com\/ru\/jurisprudences\/eclinlgharl2026210-gerechtshof-arnhem-leeuwarden-15-01-2026-200-355-646-01\/","title":{"rendered":"ECLI:NL:GHARL:2026:210 Gerechtshof Arnhem-Leeuwarden , 15-01-2026 \/ 200.355.646\/01"},"content":{"rendered":"<div class=\"kji-decision\">\n<div class=\"kji-full-text\">\n<p><strong>Inhoudsindicatie.<\/strong> Kinderalimentatie. Minimale draagkracht.<\/p>\n<h3>GERECHTSHOF ARNHEM-LEEUWARDEN<\/h3>\n<p>locatie Arnhem<\/p>\n<p>afdeling civiel recht<\/p>\n<p>zaaknummer gerechtshof 200.355.646<\/p>\n<p>(zaaknummer rechtbank Gelderland 440230)<\/p>\n<p>beschikking van 15 januari 2026<\/p>\n<p>inzake<\/p>\n<p>[verzoeker]<br \/>\n ,<\/p>\n<p>wonende te [woonplaats1] ,<br \/>\nverzoeker in het principaal hoger beroep,<\/p>\n<p>verweerder in het incidenteel hoger beroep,<\/p>\n<p>verder te noemen: de man,<\/p>\n<p>advocaat: mr. T. de Jong te Utrecht,<\/p>\n<p>en<\/p>\n<p>[verweerster]<br \/>\n ,<\/p>\n<p>wonende te [woonplaats2] ,<\/p>\n<p>verweerster in het principaal hoger beroep,<\/p>\n<p>verzoekster in het incidenteel hoger beroep,<\/p>\n<p>verder te noemen: de vrouw,<\/p>\n<p>advocaat: mr. C.L. van Olst te Apeldoorn.<\/p>\n<h3>1Het geding in eerste aanleg<\/h3>\n<p>Het hof verwijst voor het geding in eerste aanleg naar de beschikking van de rechtbank Gelderland, zittingsplaats Zutphen, van 14 maart 2025, uitgesproken onder voormeld zaaknummer.<\/p>\n<h3>2Het geding in hoger beroep<\/h3>\n<p>Het verloop van de procedure blijkt uit:<\/p>\n<p>&#8212; het beroepschrift met producties 1 tot en met 5, ingekomen op 11 juni 2025;<\/p>\n<p>&#8212; het verweerschrift tevens houdende incidenteel hoger beroep met producties 1 tot en met 5;<\/p>\n<p>&#8212; een journaalbericht van mr. Van Olst van 18 november 2025 met producties 6 tot en met 8;<\/p>\n<p>&#8212; een journaalbericht van mr. De Jong van 19 november 2025 met producties 6 tot en met 8.<\/p>\n<p>De minderjarige [de minderjarige1] is in de gelegenheid gesteld zijn mening schriftelijk kenbaar te maken met betrekking tot het verzoek inzake de kinderalimentatie, maar heeft daarvan geen gebruik gemaakt.<\/p>\n<p>De mondelinge behandeling heeft op 2 december 2025 plaatsgevonden, waar partijen en hun advocaten zijn verschenen.<\/p>\n<h3>3De feiten<\/h3>\n<p>Partijen hebben een relatie gehad en zij zijn de ouders van:<\/p>\n<p>&#8212; [kind1] , geboren [in] 2005; en<\/p>\n<p>&#8212; [de minderjarige1] , geboren [in] 2010.<\/p>\n<p>De man heeft [de minderjarige1] erkend. De vrouw heeft alleen het gezag over [de minderjarige1] en hij staat op haar adres ingeschreven.<\/p>\n<p>De vrouw heeft een nieuwe partner en met hem heeft zij \u00e9\u00e9n kind:<\/p>\n<p>&#8212; [de minderjarige2] , geboren [in] 2021.<\/p>\n<p>De rechtbank heeft in een beschikking van 10 januari 2017 de door de man te<\/p>\n<p>betalen bijdrage in de kosten van verzorging en opvoeding van [kind1] en [de minderjarige1] met<\/p>\n<p>ingang van 1 november 2016 op een bedrag van \u20ac 162 per kind per maand bepaald.<\/p>\n<p>De man heeft de rechtbank op 20 augustus 2024 verzocht voor recht te verklaren dat partijen met ingang van november 2022 een onderlinge afspraak hebben gemaakt die inhoudt dat de man vanaf die datum \u20ac 25 per kind per maand aan de vrouw zou betalen. Verder heeft de man de rechtbank verzocht om de door hem te betalen bijdrages voor [kind1] en [de minderjarige1] met ingang van 1 september 2024 op nihil te stellen.<\/p>\n<p>Bij de beschikking van 14 maart 2025 (die hierna ook als \u2018de bestreden beschikking\u2019 wordt aangeduid) heeft de rechtbank (voor zover in hoger beroep van belang):<\/p>\n<p>de beschikking van 10 januari 2017 gewijzigd in die zin dat voor recht wordt verklaard dat partijen met ingang van november 2022 een onderlinge afspraak hebben gemaakt over de kinderalimentatie die inhoudt dat de man vanaf die datum \u20ac 25 per kind per maand aan de vrouw dient te betalen;<\/p>\n<p>de door partijen in november 2022 gemaakte afspraak over de (kinder)alimentatie gewijzigd in die zin dat met ingang van 1 september 2024 de door de man te betalen bijdrage voor [kind1] op nihil wordt gesteld en voor [de minderjarige1] op \u20ac 181 per maand (en met ingang van 1 januari 2025 op grond van de wettelijke indexatie op \u20ac 192,77 per maand).<\/p>\n<h3>4De omvang van het geschil<\/h3>\n<p>De man is met vier grieven in hoger beroep gekomen van de bestreden beschikking. Hij verzoekt het hof de bestreden beschikking voor zover het betreft de kinderalimentatie voor [de minderjarige1] te vernietigen en:<\/p>\n<p>te bepalen dat de man met ingang van 1 september 2024 primair een bijdrage van \u20ac 32 per maand aan de vrouw is verschuldigd en subsidiair \u20ac 77 per maand; en<\/p>\n<p>te bepalen dat de man met ingang van 1 januari 2025 primair een bijdrage van \u20ac 34,08 en subsidiair van \u20ac 82,01 per maand is verschuldigd aan de vrouw.<\/p>\n<p>De vrouw voert verweer en is op haar beurt met \u00e9\u00e9n grief in incidenteel hoger beroep gekomen. Zij verzoekt het hof:<\/p>\n<p>de verzoeken van de man niet-ontvankelijk te verklaren dan wel die af te wijzen; en<\/p>\n<p>de bestreden beschikking deels te vernietigen en in plaats daarvan te bepalen dat de man met ingang van 1 september 2024 ten behoeve van [de minderjarige1] \u20ac 235 aan de vrouw dient te betalen en met ingang van 1 januari 2025 \u20ac 250,28 per maand.<\/p>\n<h3>5De motivering van de beslissing<\/h3>\n<p>Met name de draagkracht van de man is onderwerp van geschil. Volgens de man is die door de rechtbank te hoog ingeschat, volgens de vrouw te laag.<\/p>\n<p>de draagkracht van de man<\/p>\n<p>De man is gedeeltelijk arbeidsongeschikt verklaard en ontvangt een WIA-uitkering. Daarnaast is hij eind 2023, met goedvinden van het UWV, gestart met een eigen onderneming: \u2018 [naam1] \u2019 (een eenmanszaak).<\/p>\n<p>Blijkens de jaaropgave 2024 is de WIA-uitkering \u20ac 19.266. Verder heeft de man een aangifte inkomstenbelasting 2024 overgelegd, waaruit blijkt van een fiscale winst van \u20ac 3.527, en een prognose voor 2025 met een resultaat (fiscale winst) van \u20ac 6.024. De werkelijke woonlasten van de man zijn inmiddels \u20ac 197,44 per maand (standplaatskosten).<\/p>\n<p>De rechtbank is uitgegaan van een verdiencapaciteit van de man van \u20ac 10.000 met betrekking tot de winst uit onderneming en daarbij rekening gehouden met de MKB-winstvrijstelling. Er is geen rekening gehouden met de zelfstandigenaftrek, omdat de man volgens de rechtbank niet aan het urencriterium voldoet.<\/p>\n<p>In zijn eerste grief stelt de man dat de rechtbank ten onrechte is uitgegaan van een winst van \u20ac 10.000. Dat heeft hij niet behaald en zal hij ook niet halen, omdat hij daartoe fysiek niet in staat is als gevolg lichamelijke klachten door drie of vier verkeersongelukken waarbij hij telkens van achteren is aangereden. Daarnaast heeft de man ook een stollingsziekte. Op dit moment werkt de man volgens zijn verklaring tussen de dertien en vijftien uur per week, verdeeld over drie dagen. Als hij \u20ac 10.000 winst zou behalen zou hij, blijkens een door hem overgelegde brief van het UWV, gekort worden op zijn uitkering die dan \u20ac 1.106 zou worden in plaats van \u20ac 1.509 per maand.<\/p>\n<p>Het hof overweegt dat niet in geschil is dat de man fysieke klachten heeft en als gevolg daarvan deels is afgekeurd. De vrouw weet hier ook van; bij het tweede ongeval waarbij de man van achteren is aangereden zat zij zelf ook in de auto. Ook weet zij van de stollingsziekte van de man. Ten aanzien van het inkomen van de man zal het hof daarom uitgaan van het inkomen dat hij daadwerkelijk heeft, in die zin dat hof rekening zal houden met de door de man ontvangen WIA-uitkering en de door de man zelf overgelegde winstprognose van \u20ac 6.024. Niet in geschil is verder dat dat een hogere winst van de man tot gevolg heeft dat hij wordt gekort op zijn WIA-uitkering. De man heeft stukken overgelegd waaruit blijkt dat bij een winst van \u20ac 10.000 (dat is gemiddeld \u20ac 833 per maand) zijn uitkering met zo\u2019n \u20ac 400 zal dalen. Dat is ongeveer de helft van de winst. Die lijn volgend, zal het hof bij de geprognotiseerde (jaar)winst van \u20ac 6.024 (dat is gemiddeld \u20ac 502 per maand) rekening houden met een WIA-uitkering die met de helft van die winst wordt gekort, dus met \u20ac 251. De bruto uitkering van de man is blijkens de meest recente door de man overgelegde uitkeringsspecificaties \u20ac 1.604,93 per maand. Verminderd met \u20ac 251 is dat (afgerond) \u20ac 1.354 per maand. Het inkomen van de man waarmee het hof zal rekenen is dan de WIA-uitkering van \u20ac 1.354 bruto per maand (nog te vermeerderen met 8% vakantiegeld) en een fiscale winst uit onderneming van \u20ac 502 per maand.<\/p>\n<p>Op grond van voormelde gegevens en geen rekening houdend met zelfstandigenaftrek &#8212; omdat de man niet voldoet aan het urencriterium &#8212; maar wel met de MKB winstvrijstelling, is het netto besteedbaar inkomen (NBI) van de man dan \u20ac 1.557 per maand. Dit inkomen is minder dan het tabelinkomen van \u20ac 1.823 uit het Rapport Alimentatienormen (2025) en dit betekent dat de man een minimale draagkracht van \u20ac 25 heeft. Ook als gerekend zou worden met de daadwerkelijke woonlasten wordt dit niet anders.<\/p>\n<p>De man heeft primair verzocht om te bepalen dat hij met ingang van 1 september 2024 een bijdrage van \u20ac 32 per maand aan de vrouw dient te betalen. De vrouw heeft ter zitting verzocht om voor het geval een lagere door de man te betalen bijdrage wordt vastgesteld aan de vrouw geen terugbetalingsverplichting op te leggen. Het hof overweegt dat met de bijdrage die de man tot nu betaalde &#8212; waarmee hij bij is &#8212; in de kosten van [de minderjarige1] (behoefte) kon worden voorzien. Het hof gaat er vanuit dat die bijdrage is gebruikt overeenkomstig de behoefte van [de minderjarige1] . Het hof zal als ingangsdatum de datum van deze beschikking aanhouden, omdat de draagkracht van de man blijkens deze beschikking nu lager is en daardoor niet meer geheel in de behoefte van [de minderjarige1] kan worden voorzien. Daar deze ingangsdatum hoeft de vrouw niets terug te betalen. Wel zal het hof de \u20ac 32 die de man verzoekt op te leggen indexeren naar 2026, zodat de man met ingang van de datum van deze beschikking ge\u00efndexeerd naar 2026 (afgerond) \u20ac 36 per maand dient bij te dragen. Grief 1 van de man slaagt.<\/p>\n<p>Aan een bespreking van de grief van de vrouw en de tweede en derde grief van de man komt het hof gelet op het voorgaande niet meer toe.<\/p>\n<p>zorgkorting<\/p>\n<p>De rechtbank heeft geen zorgkorting toegepast, omdat er geen sprake is van omgangsregeling. Ook in hoger beroep is dat niet het geval en heeft de man dus ook geen omgangskosten. Het hof zal daarom geen zorgkorting toepassen, wat betekent dat de vierde grief van de man faalt.<\/p>\n<h3>6De slotsom<\/h3>\n<p>Op grond van hetgeen hiervoor is overwogen, slaagt grief 1 van de man en faalt zijn vierde grief. Aan bespreking van de overige grieven is het hof niet meer toegekomen, omdat de man een minimale draagkracht heeft. Het hof zal de bestreden beschikking, voor zover die ziet op de periode vanaf de datum van deze beschikking vernietigen en in zoverre beslissen als hierna vermeld.<\/p>\n<p>Het hof zal de proceskosten in hoger beroep compenseren, nu partijen gewezen partners zijn en de procedure de bijdrage in de kosten van verzorging en opvoeding van hun gezamenlijke nog minderjarige kind betreft.<\/p>\n<h3>7Aanhechten berekeningen<\/h3>\n<p>Het hof heeft een berekening van het netto besteedbaar inkomen van de man en diens draagkracht. Een exemplaar van deze berekening is aan deze beschikking gehecht en maakt daarvan deel uit.<\/p>\n<h3>8De beslissing<\/h3>\n<p>Het hof, beschikkende in het principaal en in het incidenteel hoger beroep:<\/p>\n<p>vernietigt de beschikking van de rechtbank Gelderland, zittingsplaats Zutphen, van 14 maart 2025, voor zover het betreft de hoogte van de door de man aan de vrouw te betalen bijdrage in de kosten van verzorging en opvoeding van [de minderjarige1] betreft vanaf de datum van deze beschikking, en in zoverre opnieuw beschikkende:<\/p>\n<p>bepaalt dat de man aan de vrouw met ingang van de datum van deze beschikking als bijdrage in de kosten van verzorging en opvoeding van [de minderjarige1] \u20ac 36 per maand zal betalen, de toekomstige termijnen telkens bij vooruitbetaling te voldoen;<\/p>\n<p>verklaart deze beschikking tot zover uitvoerbaar bij voorraad;<\/p>\n<p>compenseert de kosten van het geding in hoger beroep in die zin, dat elke partij de eigen kosten draagt;<\/p>\n<p>wijst het meer of anders verzochte af.<\/p>\n<p>Deze beschikking is gegeven door mrs. R. Prakke-Nieuwenhuizen, M.L. van der Bel en J.U.M. van der Werff, bijgestaan door mr. H.P.J. Meijerink als griffier, en is op 15 januari 2026 uitgesproken in het openbaar in tegenwoordigheid van de griffier.<\/p>\n<\/div>\n<hr class=\"kji-sep\" \/>\n<p class=\"kji-source-links\"><strong>Sources officielles :<\/strong> <a class=\"kji-source-link\" href=\"http:\/\/deeplink.rechtspraak.nl\/uitspraak?id=ECLI:NL:GHARL:2026:210\" target=\"_blank\" rel=\"noopener noreferrer\">consulter la page source<\/a><\/p>\n<p class=\"kji-license-note\"><em>Rechtspraak.nl open data, Creative Commons Zero. Volume cible 1.8M decisions.<\/em><\/p>\n<\/div>\n","protected":false},"excerpt":{"rendered":"<p>Kinderalimentatie. Minimale draagkracht.<\/p>\n","protected":false},"featured_media":0,"template":"","meta":{"_crdt_document":""},"kji_country":[7669],"kji_court":[8134],"kji_chamber":[],"kji_year":[7610],"kji_subject":[7646],"kji_keyword":[8137,8136,8135,9895,18989],"kji_language":[7671],"class_list":["post-637487","kji_decision","type-kji_decision","status-publish","hentry","kji_country-pays-bas","kji_court-gerechtshof-arnhem-leeuwarden","kji_year-7610","kji_subject-divers","kji_keyword-arnhem-leeuwarden","kji_keyword-gerechtshof","kji_keyword-gharl","kji_keyword-kinderalimentatie","kji_keyword-minimale","kji_language-nl"],"yoast_head":"<!-- This site is optimized with the Yoast SEO Premium plugin v27.4 (Yoast SEO v27.4) - https:\/\/yoast.com\/product\/yoast-seo-premium-wordpress\/ -->\n<title>ECLI:NL:GHARL:2026:210 Gerechtshof Arnhem-Leeuwarden , 15-01-2026 \/ 200.355.646\/01 - Ma\u00eetre Hassan Kohen, avocat en droit p\u00e9nal \u00e0 Paris<\/title>\n<meta name=\"robots\" content=\"index, follow, max-snippet:-1, max-image-preview:large, max-video-preview:-1\" \/>\n<link rel=\"canonical\" href=\"https:\/\/kohenavocats.com\/ru\/jurisprudences\/eclinlgharl2026210-gerechtshof-arnhem-leeuwarden-15-01-2026-200-355-646-01\/\" \/>\n<meta property=\"og:locale\" content=\"ru_RU\" \/>\n<meta property=\"og:type\" content=\"article\" \/>\n<meta property=\"og:title\" content=\"ECLI:NL:GHARL:2026:210 Gerechtshof Arnhem-Leeuwarden , 15-01-2026 \/ 200.355.646\/01\" \/>\n<meta property=\"og:description\" content=\"Kinderalimentatie. Minimale draagkracht.\" \/>\n<meta property=\"og:url\" content=\"https:\/\/kohenavocats.com\/ru\/jurisprudences\/eclinlgharl2026210-gerechtshof-arnhem-leeuwarden-15-01-2026-200-355-646-01\/\" \/>\n<meta property=\"og:site_name\" content=\"Ma\u00eetre Hassan Kohen, avocat en droit p\u00e9nal \u00e0 Paris\" \/>\n<meta name=\"twitter:card\" content=\"summary_large_image\" \/>\n<meta name=\"twitter:label1\" content=\"\u041f\u0440\u0438\u043c\u0435\u0440\u043d\u043e\u0435 \u0432\u0440\u0435\u043c\u044f \u0434\u043b\u044f \u0447\u0442\u0435\u043d\u0438\u044f\" \/>\n\t<meta name=\"twitter:data1\" content=\"9 \u043c\u0438\u043d\u0443\u0442\" \/>\n<script type=\"application\/ld+json\" class=\"yoast-schema-graph\">{\"@context\":\"https:\\\/\\\/schema.org\",\"@graph\":[{\"@type\":\"WebPage\",\"@id\":\"https:\\\/\\\/kohenavocats.com\\\/ru\\\/jurisprudences\\\/eclinlgharl2026210-gerechtshof-arnhem-leeuwarden-15-01-2026-200-355-646-01\\\/\",\"url\":\"https:\\\/\\\/kohenavocats.com\\\/ru\\\/jurisprudences\\\/eclinlgharl2026210-gerechtshof-arnhem-leeuwarden-15-01-2026-200-355-646-01\\\/\",\"name\":\"ECLI:NL:GHARL:2026:210 Gerechtshof Arnhem-Leeuwarden , 15-01-2026 \\\/ 200.355.646\\\/01 - Ma\u00eetre Hassan Kohen, avocat en droit p\u00e9nal \u00e0 Paris\",\"isPartOf\":{\"@id\":\"https:\\\/\\\/kohenavocats.com\\\/ru\\\/#website\"},\"datePublished\":\"2026-04-21T14:41:51+00:00\",\"breadcrumb\":{\"@id\":\"https:\\\/\\\/kohenavocats.com\\\/ru\\\/jurisprudences\\\/eclinlgharl2026210-gerechtshof-arnhem-leeuwarden-15-01-2026-200-355-646-01\\\/#breadcrumb\"},\"inLanguage\":\"ru-RU\",\"potentialAction\":[{\"@type\":\"ReadAction\",\"target\":[\"https:\\\/\\\/kohenavocats.com\\\/ru\\\/jurisprudences\\\/eclinlgharl2026210-gerechtshof-arnhem-leeuwarden-15-01-2026-200-355-646-01\\\/\"]}]},{\"@type\":\"BreadcrumbList\",\"@id\":\"https:\\\/\\\/kohenavocats.com\\\/ru\\\/jurisprudences\\\/eclinlgharl2026210-gerechtshof-arnhem-leeuwarden-15-01-2026-200-355-646-01\\\/#breadcrumb\",\"itemListElement\":[{\"@type\":\"ListItem\",\"position\":1,\"name\":\"Home\",\"item\":\"https:\\\/\\\/kohenavocats.com\\\/ru\\\/avocats-en-droit-penal-a-paris-conseil-et-defense-strategique\\\/\"},{\"@type\":\"ListItem\",\"position\":2,\"name\":\"Jurisprudences\",\"item\":\"https:\\\/\\\/kohenavocats.com\\\/ru\\\/jurisprudences\\\/\"},{\"@type\":\"ListItem\",\"position\":3,\"name\":\"ECLI:NL:GHARL:2026:210 Gerechtshof Arnhem-Leeuwarden , 15-01-2026 \\\/ 200.355.646\\\/01\"}]},{\"@type\":\"WebSite\",\"@id\":\"https:\\\/\\\/kohenavocats.com\\\/ru\\\/#website\",\"url\":\"https:\\\/\\\/kohenavocats.com\\\/ru\\\/\",\"name\":\"Kohen Avocats\",\"description\":\"Ma\u00eetre Hassan Kohen, avocat p\u00e9naliste \u00e0 Paris, intervient exclusivement en droit p\u00e9nal pour la d\u00e9fense des particuliers, notamment en mati\u00e8re d\u2019accusations de viol. Il assure un accompagnement rigoureux d\u00e8s la garde \u00e0 vue jusqu\u2019\u00e0 la Cour d\u2019assises, veillant au strict respect des garanties proc\u00e9durales.\",\"publisher\":{\"@id\":\"https:\\\/\\\/kohenavocats.com\\\/ru\\\/#organization\"},\"potentialAction\":[{\"@type\":\"SearchAction\",\"target\":{\"@type\":\"EntryPoint\",\"urlTemplate\":\"https:\\\/\\\/kohenavocats.com\\\/ru\\\/?s={search_term_string}\"},\"query-input\":{\"@type\":\"PropertyValueSpecification\",\"valueRequired\":true,\"valueName\":\"search_term_string\"}}],\"inLanguage\":\"ru-RU\"},{\"@type\":\"Organization\",\"@id\":\"https:\\\/\\\/kohenavocats.com\\\/ru\\\/#organization\",\"name\":\"Kohen Avocats\",\"url\":\"https:\\\/\\\/kohenavocats.com\\\/ru\\\/\",\"logo\":{\"@type\":\"ImageObject\",\"inLanguage\":\"ru-RU\",\"@id\":\"https:\\\/\\\/kohenavocats.com\\\/ru\\\/#\\\/schema\\\/logo\\\/image\\\/\",\"url\":\"https:\\\/\\\/kohenavocats.com\\\/wp-content\\\/uploads\\\/2026\\\/01\\\/Logo-2-1.webp\",\"contentUrl\":\"https:\\\/\\\/kohenavocats.com\\\/wp-content\\\/uploads\\\/2026\\\/01\\\/Logo-2-1.webp\",\"width\":2114,\"height\":1253,\"caption\":\"Kohen Avocats\"},\"image\":{\"@id\":\"https:\\\/\\\/kohenavocats.com\\\/ru\\\/#\\\/schema\\\/logo\\\/image\\\/\"}}]}<\/script>\n<!-- \/ Yoast SEO Premium plugin. -->","yoast_head_json":{"title":"ECLI:NL:GHARL:2026:210 Gerechtshof Arnhem-Leeuwarden , 15-01-2026 \/ 200.355.646\/01 - Ma\u00eetre Hassan Kohen, avocat en droit p\u00e9nal \u00e0 Paris","robots":{"index":"index","follow":"follow","max-snippet":"max-snippet:-1","max-image-preview":"max-image-preview:large","max-video-preview":"max-video-preview:-1"},"canonical":"https:\/\/kohenavocats.com\/ru\/jurisprudences\/eclinlgharl2026210-gerechtshof-arnhem-leeuwarden-15-01-2026-200-355-646-01\/","og_locale":"ru_RU","og_type":"article","og_title":"ECLI:NL:GHARL:2026:210 Gerechtshof Arnhem-Leeuwarden , 15-01-2026 \/ 200.355.646\/01","og_description":"Kinderalimentatie. Minimale draagkracht.","og_url":"https:\/\/kohenavocats.com\/ru\/jurisprudences\/eclinlgharl2026210-gerechtshof-arnhem-leeuwarden-15-01-2026-200-355-646-01\/","og_site_name":"Ma\u00eetre Hassan Kohen, avocat en droit p\u00e9nal \u00e0 Paris","twitter_card":"summary_large_image","twitter_misc":{"\u041f\u0440\u0438\u043c\u0435\u0440\u043d\u043e\u0435 \u0432\u0440\u0435\u043c\u044f \u0434\u043b\u044f \u0447\u0442\u0435\u043d\u0438\u044f":"9 \u043c\u0438\u043d\u0443\u0442"},"schema":{"@context":"https:\/\/schema.org","@graph":[{"@type":"WebPage","@id":"https:\/\/kohenavocats.com\/ru\/jurisprudences\/eclinlgharl2026210-gerechtshof-arnhem-leeuwarden-15-01-2026-200-355-646-01\/","url":"https:\/\/kohenavocats.com\/ru\/jurisprudences\/eclinlgharl2026210-gerechtshof-arnhem-leeuwarden-15-01-2026-200-355-646-01\/","name":"ECLI:NL:GHARL:2026:210 Gerechtshof Arnhem-Leeuwarden , 15-01-2026 \/ 200.355.646\/01 - Ma\u00eetre Hassan Kohen, avocat en droit p\u00e9nal \u00e0 Paris","isPartOf":{"@id":"https:\/\/kohenavocats.com\/ru\/#website"},"datePublished":"2026-04-21T14:41:51+00:00","breadcrumb":{"@id":"https:\/\/kohenavocats.com\/ru\/jurisprudences\/eclinlgharl2026210-gerechtshof-arnhem-leeuwarden-15-01-2026-200-355-646-01\/#breadcrumb"},"inLanguage":"ru-RU","potentialAction":[{"@type":"ReadAction","target":["https:\/\/kohenavocats.com\/ru\/jurisprudences\/eclinlgharl2026210-gerechtshof-arnhem-leeuwarden-15-01-2026-200-355-646-01\/"]}]},{"@type":"BreadcrumbList","@id":"https:\/\/kohenavocats.com\/ru\/jurisprudences\/eclinlgharl2026210-gerechtshof-arnhem-leeuwarden-15-01-2026-200-355-646-01\/#breadcrumb","itemListElement":[{"@type":"ListItem","position":1,"name":"Home","item":"https:\/\/kohenavocats.com\/ru\/avocats-en-droit-penal-a-paris-conseil-et-defense-strategique\/"},{"@type":"ListItem","position":2,"name":"Jurisprudences","item":"https:\/\/kohenavocats.com\/ru\/jurisprudences\/"},{"@type":"ListItem","position":3,"name":"ECLI:NL:GHARL:2026:210 Gerechtshof Arnhem-Leeuwarden , 15-01-2026 \/ 200.355.646\/01"}]},{"@type":"WebSite","@id":"https:\/\/kohenavocats.com\/ru\/#website","url":"https:\/\/kohenavocats.com\/ru\/","name":"Kohen Avocats","description":"Ma\u00eetre Hassan Kohen, avocat p\u00e9naliste \u00e0 Paris, intervient exclusivement en droit p\u00e9nal pour la d\u00e9fense des particuliers, notamment en mati\u00e8re d\u2019accusations de viol. Il assure un accompagnement rigoureux d\u00e8s la garde \u00e0 vue jusqu\u2019\u00e0 la Cour d\u2019assises, veillant au strict respect des garanties proc\u00e9durales.","publisher":{"@id":"https:\/\/kohenavocats.com\/ru\/#organization"},"potentialAction":[{"@type":"SearchAction","target":{"@type":"EntryPoint","urlTemplate":"https:\/\/kohenavocats.com\/ru\/?s={search_term_string}"},"query-input":{"@type":"PropertyValueSpecification","valueRequired":true,"valueName":"search_term_string"}}],"inLanguage":"ru-RU"},{"@type":"Organization","@id":"https:\/\/kohenavocats.com\/ru\/#organization","name":"Kohen Avocats","url":"https:\/\/kohenavocats.com\/ru\/","logo":{"@type":"ImageObject","inLanguage":"ru-RU","@id":"https:\/\/kohenavocats.com\/ru\/#\/schema\/logo\/image\/","url":"https:\/\/kohenavocats.com\/wp-content\/uploads\/2026\/01\/Logo-2-1.webp","contentUrl":"https:\/\/kohenavocats.com\/wp-content\/uploads\/2026\/01\/Logo-2-1.webp","width":2114,"height":1253,"caption":"Kohen Avocats"},"image":{"@id":"https:\/\/kohenavocats.com\/ru\/#\/schema\/logo\/image\/"}}]}},"jetpack_likes_enabled":false,"jetpack_sharing_enabled":true,"_links":{"self":[{"href":"https:\/\/kohenavocats.com\/ru\/wp-json\/wp\/v2\/kji_decision\/637487","targetHints":{"allow":["GET"]}}],"collection":[{"href":"https:\/\/kohenavocats.com\/ru\/wp-json\/wp\/v2\/kji_decision"}],"about":[{"href":"https:\/\/kohenavocats.com\/ru\/wp-json\/wp\/v2\/types\/kji_decision"}],"wp:attachment":[{"href":"https:\/\/kohenavocats.com\/ru\/wp-json\/wp\/v2\/media?parent=637487"}],"wp:term":[{"taxonomy":"kji_country","embeddable":true,"href":"https:\/\/kohenavocats.com\/ru\/wp-json\/wp\/v2\/kji_country?post=637487"},{"taxonomy":"kji_court","embeddable":true,"href":"https:\/\/kohenavocats.com\/ru\/wp-json\/wp\/v2\/kji_court?post=637487"},{"taxonomy":"kji_chamber","embeddable":true,"href":"https:\/\/kohenavocats.com\/ru\/wp-json\/wp\/v2\/kji_chamber?post=637487"},{"taxonomy":"kji_year","embeddable":true,"href":"https:\/\/kohenavocats.com\/ru\/wp-json\/wp\/v2\/kji_year?post=637487"},{"taxonomy":"kji_subject","embeddable":true,"href":"https:\/\/kohenavocats.com\/ru\/wp-json\/wp\/v2\/kji_subject?post=637487"},{"taxonomy":"kji_keyword","embeddable":true,"href":"https:\/\/kohenavocats.com\/ru\/wp-json\/wp\/v2\/kji_keyword?post=637487"},{"taxonomy":"kji_language","embeddable":true,"href":"https:\/\/kohenavocats.com\/ru\/wp-json\/wp\/v2\/kji_language?post=637487"}],"curies":[{"name":"wp","href":"https:\/\/api.w.org\/{rel}","templated":true}]}}