{"id":637579,"date":"2026-04-21T16:54:42","date_gmt":"2026-04-21T14:54:42","guid":{"rendered":"https:\/\/kohenavocats.com\/jurisprudences\/tribunal-darrondissement-13-novembre-2025-n-2025-02452\/"},"modified":"2026-04-21T16:54:45","modified_gmt":"2026-04-21T14:54:45","slug":"tribunal-darrondissement-13-novembre-2025-n-2025-02452","status":"publish","type":"kji_decision","link":"https:\/\/kohenavocats.com\/ru\/jurisprudences\/tribunal-darrondissement-13-novembre-2025-n-2025-02452\/","title":{"rendered":"Tribunal d&#8217;arrondissement, 13 novembre 2025, n\u00b0 2025-02452"},"content":{"rendered":"<div class=\"kji-decision\">\n<div class=\"kji-full-text\">\n<p>1 No. R\u00f4le: TAL-2025-02452 No. 2025TALREFO\/00588 du 13 novembre 2025 Audience publique extraordinaire des r\u00e9f\u00e9r\u00e9s du jeudi, 13 novembre 2025, tenue par Nous Dilia COIMBRA, Vice-Pr\u00e9sidente au Tribunal d\u2019arrondissement de et \u00e0 Luxembourg, si\u00e9geant comme juge des r\u00e9f\u00e9r\u00e9s, en remplacement de la Pr\u00e9sidente du Tribunal d\u2019arrondissement de et \u00e0 Luxembourg, assist\u00e9e du greffier Lo\u00efc PAVANT. DANS LA CAUSE E N T R E la soci\u00e9t\u00e9 \u00e0 responsabilit\u00e9 limit\u00e9eSOCIETE1.)S.\u00e0r.l., \u00e9tablie et ayant son si\u00e8ge social \u00e0 L- ADRESSE1.), inscrite au registre de commerce et des soci\u00e9t\u00e9s de Luxembourg sous le num\u00e9roNUMERO1.), repr\u00e9sent\u00e9e par son conseil de g\u00e9rance actuellement en fonctions, \u00e9lisant domicile en l\u2019\u00e9tude dela soci\u00e9t\u00e9 \u00e0 responsabilit\u00e9 limit\u00e9eSOCIETE2.)S.\u00e0r.l., \u00e9tablie et ayant son si\u00e8ge social \u00e0 L-ADRESSE2.), repr\u00e9sent\u00e9e aux fins de la pr\u00e9sente par Ma\u00eetre Joram MOYAL, avocat, demeurant \u00e0 la m\u00eame adresse, partie demanderesse originaire partied\u00e9fenderesse sur contreditcomparant par la soci\u00e9t\u00e9 \u00e0 responsabilit\u00e9 limit\u00e9e SOCIETE2.)S.\u00e0r.l., repr\u00e9sent\u00e9e par Ma\u00eetre Rosilene SILVA LOPES, avocat, en remplacement de Ma\u00eetre Joram MOYAL, avocat, les deux demeurant \u00e0 Luxembourg, E T la soci\u00e9t\u00e9 \u00e0 responsabilit\u00e9 limit\u00e9eSOCIETE3.)S.\u00e0r.l., \u00e9tablie et ayant son si\u00e8ge social \u00e0 L- ADRESSE3.), inscrite au registre de commerce et des soci\u00e9t\u00e9s de Luxembourg sous le num\u00e9roNUMERO2.), repr\u00e9sent\u00e9e par son conseil de g\u00e9rance actuellement en fonctions, partie d\u00e9fenderesse originaire partie demanderesse par contreditcomparant par Ma\u00eetre Brahim SAHKI, avocat, en remplacement de Ma\u00eetre Jean TONNAR, avocat, les deux demeurant \u00e0 Esch-sur-Alzette.<\/p>\n<p>2 F A I T S :<\/p>\n<p>3 Suite au contredit form\u00e9 le 13 mars 2025 par la soci\u00e9t\u00e9 \u00e0 responsabilit\u00e9 limit\u00e9eSOCIETE3.) S.\u00e0r.l. contre l&#039;ordonnance conditionnelle de paiement No. 2025TALORDP\/00109 d\u00e9livr\u00e9e en date du 10 f\u00e9vrier 2025 et notifi\u00e9e \u00e0 la partie d\u00e9fenderesse originaire en date du 14 f\u00e9vrier 2025, les parties furent convoqu\u00e9es \u00e0 l\u2019audience publique des r\u00e9f\u00e9r\u00e9s ordinaires du jeudi matin, 8 mai 2025. Apr\u00e8s plusieurs remises, l\u2019affaire fut utilement retenue \u00e0 l\u2019audience du jeudi matin, 6 novembre 2025, lors de laquelleMa\u00eetre Rosilene SILVA LOPES et Ma\u00eetre Brahim SAHKI furent entendus enleurs moyens etexplications. Sur ce, le juge des r\u00e9f\u00e9r\u00e9sprit l\u2019affaire en d\u00e9lib\u00e9r\u00e9 et rendit \u00e0 l\u2019audience publique extraordinaire des r\u00e9f\u00e9r\u00e9s de ce jour l\u2019 O R D O N N A N C E qui suit: Par requ\u00eate du 7 f\u00e9vrier 2025, la soci\u00e9t\u00e9SOCIETE1.)S.\u00e0r.l. a requis lad\u00e9livrance d\u2019une ordonnance conditionnelle de paiement \u00e0 l\u2019\u00e9gard de la soci\u00e9t\u00e9SOCIETE3.)S.\u00e0r.l. pour le montant de 30.577,37 euros, avec les int\u00e9r\u00eats l\u00e9gaux jusqu\u2019\u00e0 solde, ainsi qu\u2019une indemnit\u00e9 de proc\u00e9dure de 1.000 euros sur base des dispositions de l\u2019article 240 du Nouveau Code de proc\u00e9dure civile, au titre de prestations de services comptables fournis. Suivant ordonnance conditionnelle de paiement n\u00b02025TALORDP\/00109, d\u00e9livr\u00e9e le10 f\u00e9vrier 2025 et notifi\u00e9e \u00e0 la soci\u00e9t\u00e9SOCIETE3.)S.\u00e0r.l.le14 f\u00e9vrier 2025, il a \u00e9t\u00e9 fait droit \u00e0 la susdite requ\u00eate en enjoignant \u00e0 cette derni\u00e8re de payer \u00e0 la soci\u00e9t\u00e9SOCIETE1.)S.\u00e0r.l. la somme de30.577,37euros, avec les int\u00e9r\u00eats l\u00e9gaux \u00e0 partir de la notification de l\u2019ordonnance conditionnelle de paiement, jusqu\u2019\u00e0 solde, ainsi que le montant de150euros \u00e0 titred\u2019indemnit\u00e9 de proc\u00e9dure. Par courrier d\u00e9pos\u00e9 au guichet du greffe du Tribunal d\u2019arrondissement de et \u00e0 Luxembourg en date du13 mars 2025, la soci\u00e9t\u00e9SOCIETE3.)S.\u00e0r.l.a form\u00e9 contredit contre la pr\u00e9dite ordonnance conditionnelle de paiement. Cette affaire a \u00e9t\u00e9 inscrite sous le num\u00e9ro TAL-2025-02452du r\u00f4le. Il \u00e9chet de rappeler que la requ\u00eate initiale est bas\u00e9e sur l\u2019article 919 du Nouveau Code de proc\u00e9dure civile, qui dispose que le juge peut accorder une provision au cr\u00e9ancier dans les cas o\u00f9 l\u2019existence de l\u2019obligation n\u2019est pas s\u00e9rieusement contestable. Cette disposition rejoint celle qui figure \u00e0 l\u2019article 933, alin\u00e9a 2 du m\u00eame code.<\/p>\n<p>4 Dans le cadre d\u2019un d\u00e9bat contradictoire, tel le cas en l\u2019esp\u00e8ce en mati\u00e8re de contredit \u00e0 ordonnance conditionnelle de paiement, le juge des r\u00e9f\u00e9r\u00e9s appr\u00e9cie si les contestations produites par le d\u00e9fendeur sont s\u00e9rieuses ou non. La contestation s\u00e9rieuse faisant obstacle \u00e0 l\u2019allocation d\u2019une provision par le juge des r\u00e9f\u00e9r\u00e9s est celle que le juge ne peut, sans h\u00e9sitation, rejeter en quelques mots. Tel est le cas si un moyen de d\u00e9fense oppos\u00e9 \u00e0 la pr\u00e9tention du demandeur n\u2019est pas manifestement vain et qu\u2019il existe une incertitude, si faible soit-elle, sur le sens dans lequel trancherait le juge du fond (Cour d\u2019appel, 20 janvier 1986, Pas. 26, p. 368). En l\u2019esp\u00e8ce, la soci\u00e9t\u00e9SOCIETE1.)S.\u00e0r.l.poursuit le recouvrementde deux factures \u00e9mises pour le montant total de 30.577,37 euros pour la fourniture de services comptables: la facture num\u00e9roNUMERO3.)du 20 mai 2024 pour le montant de 22.534,79 euros ainsi que la facture num\u00e9roNUMERO4.)du 24 juin 2024 pour le montant de 8.042,58 euros. Aux termes de son contredit,la soci\u00e9t\u00e9SOCIETE3.)S.\u00e0r.l. conteste le montant de la cr\u00e9ance invoqu\u00e9e par la partie adverse; les tarifs appliqu\u00e9s seraient excessifs par rapport \u00e0 ce qui avait \u00e9t\u00e9 convenu entre parties. Certaines prestations factur\u00e9es n\u2019auraient pas \u00e9t\u00e9 r\u00e9alis\u00e9es par la soci\u00e9t\u00e9SOCIETE1.)S.\u00e0r.l.Lors de l\u2019audience des plaidoiries du 6 novembre 2025, la soci\u00e9t\u00e9SOCIETE3.)S.\u00e0r.l. a pr\u00e9cis\u00e9 que le tarif des prestations factur\u00e9es d\u00e9passe largement ce qui est pr\u00e9vu \u00e0 l\u2019annexe 1 de la lettre d\u2019engagement du 27 octobre 2023. Les travaux comptables ne lui auraient pas \u00e9t\u00e9 remis et rien n\u2019aurait \u00e9t\u00e9 publi\u00e9. Au vu des d\u00e9bats men\u00e9s \u00e0 l\u2019audience et des pi\u00e8ces soumises \u00e0 l\u2019appr\u00e9ciation du tribunal, \u00e0 savoir plus particuli\u00e8rement la lettre d\u2019engagement du 27 octobre 2023 et les tarifs y pr\u00e9vus, il \u00e9chet de constater que les moyens de d\u00e9fense oppos\u00e9s par la partie contredisante ne sont pas manifestement vains. L\u2019appr\u00e9ciation des moyens de d\u00e9fense soulev\u00e9s par la soci\u00e9t\u00e9SOCIETE3.)S.\u00e0r.l.\u00e9chappe aux pouvoirs d\u2019appr\u00e9ciation sommaire du juge des r\u00e9f\u00e9r\u00e9s. En effet, les moyens soulev\u00e9s par la partie contredisante supposent un examen approfondi des \u00e9l\u00e9ments de fait et de droit gisant \u00e0 la base du litige opposant les parties, examen qui rel\u00e8ve toutefois de la seule comp\u00e9tence des juges du fond. Il suit de ce qui pr\u00e9c\u00e8de que la soci\u00e9t\u00e9SOCIETE3.)S.\u00e0r.l.justifie de contestations s\u00e9rieuses faisant \u00e9chec \u00e0 la demande en obtention d\u2019une provision, de sorte que son contredit est \u00e0 d\u00e9clarer fond\u00e9. P A R C E S M O T I F S:<\/p>\n<p>5 Nous Dilia COIMBRA, Vice-Pr\u00e9sidente au Tribunal d\u2019arrondissement de et \u00e0 Luxembourg, si\u00e9geant comme juge des r\u00e9f\u00e9r\u00e9s, enremplacement de la Pr\u00e9sidente du Tribunal d\u2019arrondissement de et \u00e0 Luxembourg, statuant contradictoirement, recevons le contredit en la forme; au principal renvoyons les parties \u00e0 se pourvoir devant qui de droit, mais d\u00e8s \u00e0 pr\u00e9sent et par provision, d\u00e9clarons le contredit fond\u00e9; partant, disons que l\u2019ordonnance conditionnelle de paiement\u00b02025TALORDP\/00109d\u00e9livr\u00e9e le 10 f\u00e9vrier 2025est \u00e0 consid\u00e9rer comme non avenue; ordonnons l\u2019ex\u00e9cution provisoire de la pr\u00e9sente ordonnance nonobstant toute voie de recours et sans caution ; condamnons la soci\u00e9t\u00e9SOCIETE1.)S.\u00e0r.l.aux frais et d\u00e9pens de l\u2019instance.<\/p>\n<\/div>\n<hr class=\"kji-sep\" \/>\n<p class=\"kji-source-links\"><strong>Sources officielles :<\/strong> <a class=\"kji-source-link\" href=\"https:\/\/data.public.lu\/fr\/datasets\/tribunal-darrondissement-luxembourg-refere\/\" target=\"_blank\" rel=\"noopener noreferrer\">consulter la page source<\/a> &middot; <a class=\"kji-pdf-link\" href=\"https:\/\/download.data.public.lu\/resources\/tribunal-darrondissement-luxembourg-refere\/20251215-001232\/20251113-talref-tal-2025-02452-pseudonymise-accessible.pdf\" target=\"_blank\" rel=\"noopener noreferrer\">PDF officiel<\/a><\/p>\n<p class=\"kji-license-note\"><em>Licence CC BY-ND 4.0 (Administration judiciaire, data.public.lu). Republication autorisee avec attribution, sans modification editoriale du texte integral.<\/em><\/p>\n<\/div>\n","protected":false},"excerpt":{"rendered":"<p>1 No. R\u00f4le: TAL-2025-02452 No. 2025TALREFO\/00588 du 13 novembre 2025 Audience publique extraordinaire des r\u00e9f\u00e9r\u00e9s du jeudi, 13 novembre 2025, tenue par Nous Dilia COIMBRA, Vice-Pr\u00e9sidente au Tribunal d\u2019arrondissement de et \u00e0 Luxembourg, si\u00e9geant comme juge des r\u00e9f\u00e9r\u00e9s, en remplacement de la Pr\u00e9sidente du Tribunal\u2026<\/p>\n","protected":false},"featured_media":0,"template":"","meta":{"_crdt_document":""},"kji_country":[8418],"kji_court":[23583],"kji_chamber":[18768],"kji_year":[8463],"kji_subject":[7646],"kji_keyword":[23584,8576,7636],"kji_language":[7733],"class_list":["post-637579","kji_decision","type-kji_decision","status-publish","hentry","kji_country-luxembourg","kji_court-tribunal-darrondissement","kji_chamber-refere","kji_year-8463","kji_subject-divers","kji_keyword-arrondissement","kji_keyword-novembre","kji_keyword-tribunal","kji_language-francais"],"yoast_head":"<!-- This site is optimized with the Yoast SEO Premium plugin v27.5 (Yoast SEO v27.5) - https:\/\/yoast.com\/product\/yoast-seo-premium-wordpress\/ -->\n<title>Tribunal d&#039;arrondissement, 13 novembre 2025, n\u00b0 2025-02452 - Ma\u00eetre Hassan Kohen, avocat en droit p\u00e9nal \u00e0 Paris<\/title>\n<meta name=\"robots\" content=\"index, follow, max-snippet:-1, max-image-preview:large, max-video-preview:-1\" \/>\n<link rel=\"canonical\" href=\"https:\/\/kohenavocats.com\/ru\/jurisprudences\/tribunal-darrondissement-13-novembre-2025-n-2025-02452\/\" \/>\n<meta property=\"og:locale\" content=\"ru_RU\" \/>\n<meta property=\"og:type\" content=\"article\" \/>\n<meta property=\"og:title\" content=\"Tribunal d&#039;arrondissement, 13 novembre 2025, n\u00b0 2025-02452\" \/>\n<meta property=\"og:description\" content=\"1 No. R\u00f4le: TAL-2025-02452 No. 2025TALREFO\/00588 du 13 novembre 2025 Audience publique extraordinaire des r\u00e9f\u00e9r\u00e9s du jeudi, 13 novembre 2025, tenue par Nous Dilia COIMBRA, Vice-Pr\u00e9sidente au Tribunal d\u2019arrondissement de et \u00e0 Luxembourg, si\u00e9geant comme juge des r\u00e9f\u00e9r\u00e9s, en remplacement de la Pr\u00e9sidente du Tribunal\u2026\" \/>\n<meta property=\"og:url\" content=\"https:\/\/kohenavocats.com\/ru\/jurisprudences\/tribunal-darrondissement-13-novembre-2025-n-2025-02452\/\" \/>\n<meta property=\"og:site_name\" content=\"Ma\u00eetre Hassan Kohen, avocat en droit p\u00e9nal \u00e0 Paris\" \/>\n<meta property=\"article:modified_time\" content=\"2026-04-21T14:54:45+00:00\" \/>\n<meta name=\"twitter:card\" content=\"summary_large_image\" \/>\n<meta name=\"twitter:label1\" content=\"\u041f\u0440\u0438\u043c\u0435\u0440\u043d\u043e\u0435 \u0432\u0440\u0435\u043c\u044f \u0434\u043b\u044f \u0447\u0442\u0435\u043d\u0438\u044f\" \/>\n\t<meta name=\"twitter:data1\" content=\"7 \u043c\u0438\u043d\u0443\u0442\" \/>\n<script type=\"application\/ld+json\" class=\"yoast-schema-graph\">{\"@context\":\"https:\\\/\\\/schema.org\",\"@graph\":[{\"@type\":\"WebPage\",\"@id\":\"https:\\\/\\\/kohenavocats.com\\\/ru\\\/jurisprudences\\\/tribunal-darrondissement-13-novembre-2025-n-2025-02452\\\/\",\"url\":\"https:\\\/\\\/kohenavocats.com\\\/ru\\\/jurisprudences\\\/tribunal-darrondissement-13-novembre-2025-n-2025-02452\\\/\",\"name\":\"Tribunal d'arrondissement, 13 novembre 2025, n\u00b0 2025-02452 - Ma\u00eetre Hassan Kohen, avocat en droit p\u00e9nal \u00e0 Paris\",\"isPartOf\":{\"@id\":\"https:\\\/\\\/kohenavocats.com\\\/ru\\\/#website\"},\"datePublished\":\"2026-04-21T14:54:42+00:00\",\"dateModified\":\"2026-04-21T14:54:45+00:00\",\"breadcrumb\":{\"@id\":\"https:\\\/\\\/kohenavocats.com\\\/ru\\\/jurisprudences\\\/tribunal-darrondissement-13-novembre-2025-n-2025-02452\\\/#breadcrumb\"},\"inLanguage\":\"ru-RU\",\"potentialAction\":[{\"@type\":\"ReadAction\",\"target\":[\"https:\\\/\\\/kohenavocats.com\\\/ru\\\/jurisprudences\\\/tribunal-darrondissement-13-novembre-2025-n-2025-02452\\\/\"]}]},{\"@type\":\"BreadcrumbList\",\"@id\":\"https:\\\/\\\/kohenavocats.com\\\/ru\\\/jurisprudences\\\/tribunal-darrondissement-13-novembre-2025-n-2025-02452\\\/#breadcrumb\",\"itemListElement\":[{\"@type\":\"ListItem\",\"position\":1,\"name\":\"Home\",\"item\":\"https:\\\/\\\/kohenavocats.com\\\/ru\\\/avocats-en-droit-penal-a-paris-conseil-et-defense-strategique\\\/\"},{\"@type\":\"ListItem\",\"position\":2,\"name\":\"Jurisprudences\",\"item\":\"https:\\\/\\\/kohenavocats.com\\\/ru\\\/jurisprudences\\\/\"},{\"@type\":\"ListItem\",\"position\":3,\"name\":\"Tribunal d&rsquo;arrondissement, 13 novembre 2025, n\u00b0 2025-02452\"}]},{\"@type\":\"WebSite\",\"@id\":\"https:\\\/\\\/kohenavocats.com\\\/ru\\\/#website\",\"url\":\"https:\\\/\\\/kohenavocats.com\\\/ru\\\/\",\"name\":\"Kohen Avocats\",\"description\":\"Ma\u00eetre Hassan Kohen, avocat p\u00e9naliste \u00e0 Paris, intervient exclusivement en droit p\u00e9nal pour la d\u00e9fense des particuliers, notamment en mati\u00e8re d\u2019accusations de viol. Il assure un accompagnement rigoureux d\u00e8s la garde \u00e0 vue jusqu\u2019\u00e0 la Cour d\u2019assises, veillant au strict respect des garanties proc\u00e9durales.\",\"publisher\":{\"@id\":\"https:\\\/\\\/kohenavocats.com\\\/ru\\\/#organization\"},\"potentialAction\":[{\"@type\":\"SearchAction\",\"target\":{\"@type\":\"EntryPoint\",\"urlTemplate\":\"https:\\\/\\\/kohenavocats.com\\\/ru\\\/?s={search_term_string}\"},\"query-input\":{\"@type\":\"PropertyValueSpecification\",\"valueRequired\":true,\"valueName\":\"search_term_string\"}}],\"inLanguage\":\"ru-RU\"},{\"@type\":\"Organization\",\"@id\":\"https:\\\/\\\/kohenavocats.com\\\/ru\\\/#organization\",\"name\":\"Kohen Avocats\",\"url\":\"https:\\\/\\\/kohenavocats.com\\\/ru\\\/\",\"logo\":{\"@type\":\"ImageObject\",\"inLanguage\":\"ru-RU\",\"@id\":\"https:\\\/\\\/kohenavocats.com\\\/ru\\\/#\\\/schema\\\/logo\\\/image\\\/\",\"url\":\"https:\\\/\\\/kohenavocats.com\\\/wp-content\\\/uploads\\\/2026\\\/01\\\/Logo-2-1.webp\",\"contentUrl\":\"https:\\\/\\\/kohenavocats.com\\\/wp-content\\\/uploads\\\/2026\\\/01\\\/Logo-2-1.webp\",\"width\":2114,\"height\":1253,\"caption\":\"Kohen Avocats\"},\"image\":{\"@id\":\"https:\\\/\\\/kohenavocats.com\\\/ru\\\/#\\\/schema\\\/logo\\\/image\\\/\"}}]}<\/script>\n<!-- \/ Yoast SEO Premium plugin. -->","yoast_head_json":{"title":"Tribunal d'arrondissement, 13 novembre 2025, n\u00b0 2025-02452 - Ma\u00eetre Hassan Kohen, avocat en droit p\u00e9nal \u00e0 Paris","robots":{"index":"index","follow":"follow","max-snippet":"max-snippet:-1","max-image-preview":"max-image-preview:large","max-video-preview":"max-video-preview:-1"},"canonical":"https:\/\/kohenavocats.com\/ru\/jurisprudences\/tribunal-darrondissement-13-novembre-2025-n-2025-02452\/","og_locale":"ru_RU","og_type":"article","og_title":"Tribunal d'arrondissement, 13 novembre 2025, n\u00b0 2025-02452","og_description":"1 No. R\u00f4le: TAL-2025-02452 No. 2025TALREFO\/00588 du 13 novembre 2025 Audience publique extraordinaire des r\u00e9f\u00e9r\u00e9s du jeudi, 13 novembre 2025, tenue par Nous Dilia COIMBRA, Vice-Pr\u00e9sidente au Tribunal d\u2019arrondissement de et \u00e0 Luxembourg, si\u00e9geant comme juge des r\u00e9f\u00e9r\u00e9s, en remplacement de la Pr\u00e9sidente du Tribunal\u2026","og_url":"https:\/\/kohenavocats.com\/ru\/jurisprudences\/tribunal-darrondissement-13-novembre-2025-n-2025-02452\/","og_site_name":"Ma\u00eetre Hassan Kohen, avocat en droit p\u00e9nal \u00e0 Paris","article_modified_time":"2026-04-21T14:54:45+00:00","twitter_card":"summary_large_image","twitter_misc":{"\u041f\u0440\u0438\u043c\u0435\u0440\u043d\u043e\u0435 \u0432\u0440\u0435\u043c\u044f \u0434\u043b\u044f \u0447\u0442\u0435\u043d\u0438\u044f":"7 \u043c\u0438\u043d\u0443\u0442"},"schema":{"@context":"https:\/\/schema.org","@graph":[{"@type":"WebPage","@id":"https:\/\/kohenavocats.com\/ru\/jurisprudences\/tribunal-darrondissement-13-novembre-2025-n-2025-02452\/","url":"https:\/\/kohenavocats.com\/ru\/jurisprudences\/tribunal-darrondissement-13-novembre-2025-n-2025-02452\/","name":"Tribunal d'arrondissement, 13 novembre 2025, n\u00b0 2025-02452 - Ma\u00eetre Hassan Kohen, avocat en droit p\u00e9nal \u00e0 Paris","isPartOf":{"@id":"https:\/\/kohenavocats.com\/ru\/#website"},"datePublished":"2026-04-21T14:54:42+00:00","dateModified":"2026-04-21T14:54:45+00:00","breadcrumb":{"@id":"https:\/\/kohenavocats.com\/ru\/jurisprudences\/tribunal-darrondissement-13-novembre-2025-n-2025-02452\/#breadcrumb"},"inLanguage":"ru-RU","potentialAction":[{"@type":"ReadAction","target":["https:\/\/kohenavocats.com\/ru\/jurisprudences\/tribunal-darrondissement-13-novembre-2025-n-2025-02452\/"]}]},{"@type":"BreadcrumbList","@id":"https:\/\/kohenavocats.com\/ru\/jurisprudences\/tribunal-darrondissement-13-novembre-2025-n-2025-02452\/#breadcrumb","itemListElement":[{"@type":"ListItem","position":1,"name":"Home","item":"https:\/\/kohenavocats.com\/ru\/avocats-en-droit-penal-a-paris-conseil-et-defense-strategique\/"},{"@type":"ListItem","position":2,"name":"Jurisprudences","item":"https:\/\/kohenavocats.com\/ru\/jurisprudences\/"},{"@type":"ListItem","position":3,"name":"Tribunal d&rsquo;arrondissement, 13 novembre 2025, n\u00b0 2025-02452"}]},{"@type":"WebSite","@id":"https:\/\/kohenavocats.com\/ru\/#website","url":"https:\/\/kohenavocats.com\/ru\/","name":"Kohen Avocats","description":"Ma\u00eetre Hassan Kohen, avocat p\u00e9naliste \u00e0 Paris, intervient exclusivement en droit p\u00e9nal pour la d\u00e9fense des particuliers, notamment en mati\u00e8re d\u2019accusations de viol. Il assure un accompagnement rigoureux d\u00e8s la garde \u00e0 vue jusqu\u2019\u00e0 la Cour d\u2019assises, veillant au strict respect des garanties proc\u00e9durales.","publisher":{"@id":"https:\/\/kohenavocats.com\/ru\/#organization"},"potentialAction":[{"@type":"SearchAction","target":{"@type":"EntryPoint","urlTemplate":"https:\/\/kohenavocats.com\/ru\/?s={search_term_string}"},"query-input":{"@type":"PropertyValueSpecification","valueRequired":true,"valueName":"search_term_string"}}],"inLanguage":"ru-RU"},{"@type":"Organization","@id":"https:\/\/kohenavocats.com\/ru\/#organization","name":"Kohen Avocats","url":"https:\/\/kohenavocats.com\/ru\/","logo":{"@type":"ImageObject","inLanguage":"ru-RU","@id":"https:\/\/kohenavocats.com\/ru\/#\/schema\/logo\/image\/","url":"https:\/\/kohenavocats.com\/wp-content\/uploads\/2026\/01\/Logo-2-1.webp","contentUrl":"https:\/\/kohenavocats.com\/wp-content\/uploads\/2026\/01\/Logo-2-1.webp","width":2114,"height":1253,"caption":"Kohen Avocats"},"image":{"@id":"https:\/\/kohenavocats.com\/ru\/#\/schema\/logo\/image\/"}}]}},"jetpack_likes_enabled":false,"jetpack_sharing_enabled":true,"_links":{"self":[{"href":"https:\/\/kohenavocats.com\/ru\/wp-json\/wp\/v2\/kji_decision\/637579","targetHints":{"allow":["GET"]}}],"collection":[{"href":"https:\/\/kohenavocats.com\/ru\/wp-json\/wp\/v2\/kji_decision"}],"about":[{"href":"https:\/\/kohenavocats.com\/ru\/wp-json\/wp\/v2\/types\/kji_decision"}],"wp:attachment":[{"href":"https:\/\/kohenavocats.com\/ru\/wp-json\/wp\/v2\/media?parent=637579"}],"wp:term":[{"taxonomy":"kji_country","embeddable":true,"href":"https:\/\/kohenavocats.com\/ru\/wp-json\/wp\/v2\/kji_country?post=637579"},{"taxonomy":"kji_court","embeddable":true,"href":"https:\/\/kohenavocats.com\/ru\/wp-json\/wp\/v2\/kji_court?post=637579"},{"taxonomy":"kji_chamber","embeddable":true,"href":"https:\/\/kohenavocats.com\/ru\/wp-json\/wp\/v2\/kji_chamber?post=637579"},{"taxonomy":"kji_year","embeddable":true,"href":"https:\/\/kohenavocats.com\/ru\/wp-json\/wp\/v2\/kji_year?post=637579"},{"taxonomy":"kji_subject","embeddable":true,"href":"https:\/\/kohenavocats.com\/ru\/wp-json\/wp\/v2\/kji_subject?post=637579"},{"taxonomy":"kji_keyword","embeddable":true,"href":"https:\/\/kohenavocats.com\/ru\/wp-json\/wp\/v2\/kji_keyword?post=637579"},{"taxonomy":"kji_language","embeddable":true,"href":"https:\/\/kohenavocats.com\/ru\/wp-json\/wp\/v2\/kji_language?post=637579"}],"curies":[{"name":"wp","href":"https:\/\/api.w.org\/{rel}","templated":true}]}}