{"id":637758,"date":"2026-04-21T17:11:11","date_gmt":"2026-04-21T15:11:11","guid":{"rendered":"https:\/\/kohenavocats.com\/jurisprudences\/tribunal-darrondissement-7-novembre-2025-2\/"},"modified":"2026-04-21T17:11:14","modified_gmt":"2026-04-21T15:11:14","slug":"tribunal-darrondissement-7-novembre-2025-2","status":"publish","type":"kji_decision","link":"https:\/\/kohenavocats.com\/ru\/jurisprudences\/tribunal-darrondissement-7-novembre-2025-2\/","title":{"rendered":"Tribunal d&#8217;arrondissement, 7 novembre 2025"},"content":{"rendered":"<div class=\"kji-decision\">\n<div class=\"kji-full-text\">\n<p>Nos. R\u00f4le:176227 No.2025TALREFO\/00573 du7 novembre2025 Audience publique extraordinaire des r\u00e9f\u00e9r\u00e9s du vendredi,7novembre2025, tenue par Nous Philippe WADL\u00c9, premier juge au Tribunal d\u2019arrondissement de et \u00e0 Luxembourg, si\u00e9geant commejuge des r\u00e9f\u00e9r\u00e9s, en remplacementde la Pr\u00e9sidente du Tribunal d\u2019arrondissement de et \u00e0 Luxembourg, assist\u00e9 de la greffi\u00e8re assum\u00e9e St\u00e9phanie RIBEIRO. DANS LA CAUSE E N T R E 1)PERSONNE1.), demeurant \u00e0 F-ADRESSE1.), 2)PERSONNE2.), demeurant \u00e0 F-ADRESSE2.), 3)la soci\u00e9t\u00e9 \u00e0 responsabilit\u00e9 limit\u00e9eSOCIETE1.), \u00e9tablie et ayant son si\u00e8ge social \u00e0 F- ADRESSE3.), inscrite au Registre de Commerce etdes Soci\u00e9t\u00e9s de Marseille sous le num\u00e9roNUMERO1.), repr\u00e9sent\u00e9e par ses g\u00e9rants actuellement en fonctions, \u00e9lisant domicile en l\u2019\u00e9tude de Ma\u00eetre Marie BENA, avocat, demeurant \u00e0 Luxembourg, parties demanderessescomparant par Ma\u00eetre Marie BENA, avocat, demeurant \u00e0 Luxembourg, E T 1)PERSONNE3.), demeurant \u00e0 L-ADRESSE4.), 2)la soci\u00e9t\u00e9 anonymeSOCIETE2.), \u00e9tablie et ayant son si\u00e8ge social \u00e0 L-ADRESSE5.), inscrite au Registre de Commerce et des Soci\u00e9t\u00e9s de Luxembourg sous le num\u00e9ro NUMERO2.), repr\u00e9sent\u00e9e par son conseil d\u2019administration actuellement en fonctions, 3)PERSONNE4.), demeurant \u00e0 F-ADRESSE6.), 4)la soci\u00e9t\u00e9 civileSOCIETE3.), \u00e9tablie et ayantson si\u00e8ge social \u00e0 F-ADRESSE3.), inscrite au Registre de Commerce et des Soci\u00e9t\u00e9s de Marseille sous le num\u00e9roNUMERO3.), repr\u00e9sent\u00e9e par son associ\u00e9-g\u00e9rant actuellement en fonctions,<\/p>\n<p>5)la soci\u00e9t\u00e9 anonymeSOCIETE4.), \u00e9tablie et ayant son si\u00e8ge social \u00e0 L-ADRESSE5.), inscrite au Registre de Commerce et des Soci\u00e9t\u00e9s de Luxembourg sous le num\u00e9ro NUMERO4.), repr\u00e9sent\u00e9e par son administrateur provisoire Ma\u00eetre Yann BADEN, avocat, demeurant \u00e0 Luxembourg, parties d\u00e9fenderesses sub 1) et2)comparant par Ma\u00eetre Fran\u00e7ois-Joseph DE LENTAIGNE DE LOGIVIERE, avocat, demeurant \u00e0 Luxembourg, en remplacement de Ma\u00eetre Esbelta DE FREITAS, avocat, demeurant \u00e0 Luxembourg, parties d\u00e9fenderesses sub 3) et 4)ayant initialement comparu par Ma\u00eetre Marc PETIT, avocat, demeurant \u00e0 Luxembourg, ne comparant pas \u00e0 l\u2019audience du27octobre2025, partie d\u00e9fenderesse sub 5)comparant par son administrateur provisoire Ma\u00eetre Yann BADEN, avocat, demeurant \u00e0 Gonderange. F A I T S :<\/p>\n<p>Suite aucourrier de Ma\u00eetre Marie BENA du3octobre2025, l\u2019affaire fut r\u00e9appel\u00e9e \u00e0 l\u2019audience publique des r\u00e9f\u00e9r\u00e9s ordinaires du lundi matin,27octobre2025. \u00c0 cette audience, Ma\u00eetre Marie BENA,Ma\u00eetre Fran\u00e7ois-Joseph DE LENTAIGNE DE LOGIVIEREetMa\u00eetre Yann BADENfurent entendus en leurs explications. PERSONNE4.)etla soci\u00e9t\u00e9 civileSOCIETE3.)ne comparurent pas \u00e0 cette audience. Sur ce le juge des r\u00e9f\u00e9r\u00e9s prit l\u2019affaire en d\u00e9lib\u00e9r\u00e9 et rendit \u00e0 l\u2019audience publique extraordinaire des r\u00e9f\u00e9r\u00e9s de ce jour l\u2019 O R D O N N A N C E quisuit: Vu l\u2019ordonnance de r\u00e9f\u00e9r\u00e9 num\u00e9ro365\/2016 du 8 juillet 2016 ayant nomm\u00e9Ma\u00eetre Yann BADENadministrateur provisoire de la soci\u00e9t\u00e9 anonymeSOCIETE4.)(ci-apr\u00e8s \u00abla soci\u00e9t\u00e9 SOCIETE4.)\u00bb ou \u00abla Soci\u00e9t\u00e9\u00bb) pendant une dur\u00e9e de douze mois,renouvelable le cas \u00e9ch\u00e9ant, avec la mission de g\u00e9rer et d\u2019administrer la soci\u00e9t\u00e9 avec les pouvoirs les plus \u00e9tendus selon les lois et usages du commerce, et notamment ceux plus amplement repris au dispositif de l\u2019ordonnance pr\u00e9cit\u00e9e. Vul\u2019ordonnance de r\u00e9f\u00e9r\u00e9 num\u00e9ro 359\/2017 du 16 juin 2017 ayant prolong\u00e9 le mandat de l\u2019administrateur provisoire pour une nouvelle p\u00e9riode de douze mois. Vu l\u2019ordonnance de r\u00e9f\u00e9r\u00e9 num\u00e9ro 2018TALREFO\/330 du 4 juillet 2018 ayant prolong\u00e9 le mandat de l\u2019administrateur provisoire pour une nouvelle p\u00e9riode de douze mois. Vu l\u2019ordonnance de r\u00e9f\u00e9r\u00e9 num\u00e9ro 2019TALREFO\/00310 du 5 juillet 2019 ayant prolong\u00e9 le mandat de l\u2019administrateur provisoire pour une nouvelle p\u00e9riode de douze mois. Vu l\u2019ordonnance de r\u00e9f\u00e9r\u00e9 num\u00e9ro 2020TALREFO\/00269 du 3 juillet 2020 ayant prolong\u00e9 le mandat de l\u2019administrateur provisoire pour une nouvelle p\u00e9riode de douze mois. Vu l\u2019ordonnance de r\u00e9f\u00e9r\u00e9 num\u00e9ro 2021TALREFO\/00348 du 2 juillet 2021 ayant prolong\u00e9 le mandat de l\u2019administrateur provisoire pour une nouvelle p\u00e9riode de douze mois. Vu l\u2019ordonnance de r\u00e9f\u00e9r\u00e9 num\u00e9ro2022TALREFO\/00269 du 8 juillet 2022 ayantprolong\u00e9le mandat de l\u2019administrateur provisoirepour une nouvelle p\u00e9riode se terminant le 31 octobre 2022, renouvelable le cas \u00e9ch\u00e9ant, et ayant fix\u00e9 l\u2019affaire pour plaidoiries \u00e0 l\u2019audience publique ordinaire des r\u00e9f\u00e9r\u00e9s du lundi matin, 3 octobre 2022. Vu l\u2019ordonnance de r\u00e9f\u00e9r\u00e9 num\u00e9ro 2022TALREFO\/00384 du 7 octobre 2022 ayant prolong\u00e9 le mandat de l\u2019administrateur provisoire \u00e0 partir du 31 octobre 2022 pour une nouvelle p\u00e9riode se terminant le 8 juillet 2023.<\/p>\n<p>Vu l\u2019ordonnance de r\u00e9f\u00e9r\u00e9 num\u00e9ro 2023TALREFO\/00238 du 22 juin 2023 ayantprolong\u00e9 le mandat de l\u2019administrateur provisoire \u00e0 partir du 8 juillet 2023 pour une nouvelle p\u00e9riode se terminant le 8 juillet 2024. Vu l\u2019ordonnance de r\u00e9f\u00e9r\u00e9 num\u00e9ro 2023TALREFO\/00449 du 1 er d\u00e9cembre 2023 ayant d\u00e9clar\u00e9 irrecevable la demande de l\u2019administrateur provisoire tendant \u00e0 se voir autoriser \u00e0 engager les d\u00e9marches n\u00e9cessaires en vue du rachat d\u2019une participation d\u00e9tenue par la Soci\u00e9t\u00e9. Vu l\u2019ordonnance de r\u00e9f\u00e9r\u00e9 num\u00e9ro 2024TALREFO\/00309 du 28 juin 2024 ayant prolong\u00e9 le mandat de l\u2019administrateur provisoire \u00e0 partir du 8 juillet 2024 pour une nouvelle p\u00e9riode se terminant le 8 juillet 2025. Vul\u2019ordonnance de r\u00e9f\u00e9r\u00e9 num\u00e9ro 2025TALREFO\/00379 du4 juillet 2025ayant prolong\u00e9 le mandat de l\u2019administrateur provisoire \u00e0 partir du 8 juillet 2025pour une nouvelle p\u00e9riode se terminant le30 novembre 2025. Le mandat de l\u2019administrateur provisoire \u00e9tant limit\u00e9 dans le temps et venant \u00e0 expiration le 30 novembre prochain, il convient de statuer sur la demande dePERSONNE1.), PERSONNE2.)et la soci\u00e9t\u00e9 \u00e0 responsabilit\u00e9 limit\u00e9eSOCIETE1.)d\u00e9pos\u00e9e le 3 ocobtre 2025 au greffe du tribunal et tendant \u00e0 voir prolonger le mandat de l\u2019administrateur provisoire pour une dur\u00e9e suppl\u00e9mentaire d\u2019une ann\u00e9e. Il r\u00e9sulte des renseignements fournis \u00e0 l\u2019audience publique du 27 octobre 2025 quela soci\u00e9t\u00e9 anonymeSOCIETE4.)n\u2019est actuellement toujours pas en mesure de fonctionner normalement sans administrateur provisoire, dans la mesure o\u00f9 trois instances au fond opposant les actionnaires de ladite soci\u00e9t\u00e9, dont deux pendantes devant le tribunal d\u2019arrondissement de ce si\u00e8geet inscrites au r\u00f4le sous les num\u00e9ros TAL-2022-03423 et TAL-2022-05046, et une pendante devant la deuxi\u00e8me chambre de la Cour d\u2019appel et inscrite sous le num\u00e9ro CAL- 2021-00580 du r\u00f4le, sont en cours. En outre, une proc\u00e9dure p\u00e9nale faisant suite \u00e0 une plainte avec constitution de partie civile, d\u00e9pos\u00e9e en date du 9 juin 2020, n\u2019esttoujours pas termin\u00e9e. Il en suit que la demande de prolongation du mandat de l\u2019administrateur provisoire de la soci\u00e9t\u00e9 anonymeSOCIETE4.), qui a rencontr\u00e9 l\u2019assentiment de toutes les parties repr\u00e9sent\u00e9es \u00e0 l\u2019audience publique du 27 octobre 2025, est dans l\u2019int\u00e9r\u00eat de la soci\u00e9t\u00e9. PERSONNE3.)etla soci\u00e9t\u00e9 anonymeSOCIETE2.)ont marqu\u00e9leur accord pour une prolongation du mandat jusqu\u2019au mois de juillet 2026, tout en s\u2019opposant \u00e0 toute extension au-del\u00e0 de cette \u00e9ch\u00e9ance. Rappelant que les comptes annuels dela soci\u00e9t\u00e9 anonymeSOCIETE4.)n\u2019ont pas \u00e9t\u00e9 approuv\u00e9s depuis 2015, ils ont par ailleurs sollicit\u00e9 une modification de la mission de l\u2019administrateur provisoire en demandant l\u2019ajout du point suivant: \u00abproduire un rapport de gestion relatif \u00e0la soci\u00e9t\u00e9 anonymeSOCIETE4.)comprenant notamment le reporting du seul actif d\u00e9tenu par la soci\u00e9t\u00e9, \u00e0 savoir une participation dans l\u2019SOCIETE5.)de droit fran\u00e7ais d\u00e9nomm\u00e9SOCIETE5.)\u00bb. PERSONNE1.),PERSONNE2.)et la soci\u00e9t\u00e9 \u00e0 responsabilit\u00e9 limit\u00e9eSOCIETE1.)s\u2019opposent \u00e0 cette modification, en faisant valoir que l\u2019administrateur provisoire tient actuellement<\/p>\n<p>inform\u00e9 les actionnaires dela soci\u00e9t\u00e9 anonymeSOCIETE4.)de toutd\u00e9veloppement, notamment en ce qui concerne la participation dansla soci\u00e9t\u00e9SOCIETE5.), de sorte qu\u2019ils ne voient aucun int\u00e9r\u00eat dans le point de mission suppl\u00e9mentaire propos\u00e9. Ma\u00eetre Yann BADENestime \u00e9galement que la modification sollicit\u00e9e n\u2019est pas pertinente, \u00e9tant donn\u00e9 qu\u2019il communique d\u00e9j\u00e0 chaque ann\u00e9e un projet de comptes pr\u00e9par\u00e9 \u00e0 sa demande par une fiduciaire, projet qui n\u2019est cependant jamais approuv\u00e9 par l\u2019assembl\u00e9e g\u00e9n\u00e9rale des actionnaires, faute d\u2019un vote en faveur \u00e0 la majorit\u00e9 des trois quarts (\u00be) requis en vertu des statuts. Il ajoute qu\u2019il tient en outre inform\u00e9s les actionnaires, au fur et \u00e0 mesure de l\u2019avancement de ses d\u00e9marches, de chaque \u00e9l\u00e9ment concernantla gestion de la soci\u00e9t\u00e9, et qu\u2019\u00e0 chaque communication, le mandataire dePERSONNE3.)etla soci\u00e9t\u00e9 anonymeSOCIETE2.) lui adresse un courrier de contestation. En l\u2019esp\u00e8ce, il r\u00e9sulte des ordonnances de r\u00e9f\u00e9r\u00e9n\u00b0365\/2016 du 8 juillet 2016etn\u00b0 2023TALREFO\/00449du 1 er d\u00e9cembre 2023queMa\u00eetre Yann BADEN s\u2019est vu confier l\u2019int\u00e9gralit\u00e9 des pouvoirs du conseil d\u2019administration de la soci\u00e9t\u00e9SOCIETE4.). Il s\u2019agit l\u00e0 de la mission la plus radicale qui peut \u00eatre confi\u00e9e\u00e0 un administrateur provisoire, dans la mesure o\u00f9elle mettemporairement de c\u00f4t\u00e9 le fonctionnement autonome de la soci\u00e9t\u00e9. L\u2019administrateur provisoire est plac\u00e9 dans la position de l\u2019organe de gestion, ce quiimplique notamment qu\u2019il est tenu d\u2019\u00e9tablir le projet de comptes annuels etd\u2019adresser un rapport de gestion \u00e0 l\u2019assembl\u00e9e g\u00e9n\u00e9rale de la soci\u00e9t\u00e9et qu\u2019ilsupporte les m\u00eames responsabilit\u00e9s que celui-ci (Roman AYDOGDU, Les conflits entre actionnaires, 1 \u00e8re \u00e9dition, Bruxelles, LARCIER, 2010,n\u00b0 490, p. 258). Dans ces conditions, la demande de modification de la mission deMa\u00eetre Yann BADEN,au demeurantnon autrement motiv\u00e9e, est \u00e0 rejeter pour \u00eatre sans objet. Quant \u00e0 la dur\u00e9e de la mission, il convient de rappeler que la limitation dans le temps de la mission de l\u2019administrateur provisoire estimpos\u00e9e par le caract\u00e8re provisoire du r\u00e9f\u00e9r\u00e9. Les principes d\u2019autonomie de la soci\u00e9t\u00e9 et de proportionnalit\u00e9 imposent en outre que le fonctionnement autonome de la soci\u00e9t\u00e9 ne soit troubl\u00e9 que dans la stricte mesure n\u00e9cessaire ; la dur\u00e9e du mandat de l\u2019administrateur provisoire doit donc \u00eatre aussi limit\u00e9e que possible dans le temps. Dans les cas, fr\u00e9quents, o\u00f9 l\u2019\u00e9volution de la situation est incertaine et o\u00f9 l\u2019administration provisoire risque d\u2019\u00eatre n\u00e9cessaire sur unelongue p\u00e9riode, le juge des r\u00e9f\u00e9r\u00e9s peut juger prudent de conf\u00e9rer un mandat limit\u00e9 \u00e0 l\u2019administrateur provisoire, en se r\u00e9servant, le cas \u00e9ch\u00e9ant, le pouvoir de le renouveler, d\u2019\u00e9ch\u00e9ances en \u00e9ch\u00e9ances, autant qu\u2019il sera opportun. Ces audiences-relais, si elles peuvent se r\u00e9v\u00e9lerlourdes et co\u00fbteuses, offrent toutefois l\u2019occasion aux parties et au juge d\u2019\u00e9valuer l\u2019ex\u00e9cution de son mandat par l\u2019administrateur provisoire et de l\u2019adapter \u00e0 l\u2019\u00e9volution de la cause. En l\u2019occurrence,ilappara\u00eet exclu, auregarddes \u00e9l\u00e9ments ci-dessus rappel\u00e9s (trois affaires au fond, dont deux en premi\u00e8re instance,etune instruction p\u00e9nale), que la situation ayant justifi\u00e9<\/p>\n<p>la nomination de l\u2019administrateur provisoire puisse \u00eatre r\u00e9solue avantl\u2019\u00e9coulementd\u2019une ann\u00e9e suppl\u00e9mentaire. Le mandat de Ma\u00eetre Yann BADEN sera en cons\u00e9quence prolong\u00e9 \u00e0 partir du30 novembre 2025 pour une nouvelle p\u00e9riode se terminant le 30 novembre 2026, renouvelable le cas \u00e9ch\u00e9ant. En vertu des articles 13 et 14 de la loi modifi\u00e9e du 19 d\u00e9cembre 2002 concernant le registre du commerce et des soci\u00e9t\u00e9s ainsi que la comptabilit\u00e9 et les comptes annuels des entreprises, un extrait de la pr\u00e9sente ordonnance est \u00e0 publier au Registre de Commerce et des Soci\u00e9t\u00e9s de Luxembourg. P A R C E S M O T I F S Nous Philippe WADL\u00c9, premier juge au Tribunal d\u2019arrondissement de et \u00e0 Luxembourg, si\u00e9geant comme juge des r\u00e9f\u00e9r\u00e9s, en remplacement de laPr\u00e9sidente du Tribunal d\u2019arrondissement de et \u00e0 Luxembourg, statuant contradictoirement, disons que le mandat de Ma\u00eetre Yann BADEN commeadministrateur provisoire de la soci\u00e9t\u00e9 anonymeSOCIETE4.)est prolong\u00e9 \u00e0 partir du30 novembre2025 pour une nouvelle p\u00e9riode se terminant le 30 novembre 2026, renouvelable le cas \u00e9ch\u00e9ant; disonsqu\u2019un extrait de la pr\u00e9sente ordonnance sera publi\u00e9 au Registre de Commerce et des Soci\u00e9t\u00e9sde Luxembourg ; ordonnons l\u2019ex\u00e9cution provisoire de la pr\u00e9sente ordonnance nonobstant toute voie de recours et sans caution ; mettons les frais de l\u2019instance \u00e0 charge dela soci\u00e9t\u00e9 anonymeSOCIETE4.)<\/p>\n<\/div>\n<hr class=\"kji-sep\" \/>\n<p class=\"kji-source-links\"><strong>Sources officielles :<\/strong> <a class=\"kji-source-link\" href=\"https:\/\/data.public.lu\/fr\/datasets\/tribunal-darrondissement-luxembourg-refere\/\" target=\"_blank\" rel=\"noopener noreferrer\">consulter la page source<\/a> &middot; <a class=\"kji-pdf-link\" href=\"https:\/\/download.data.public.lu\/resources\/tribunal-darrondissement-luxembourg-refere\/20251201-001058\/20251107-talref-176227-pseudonymise-accessible.pdf\" target=\"_blank\" rel=\"noopener noreferrer\">PDF officiel<\/a><\/p>\n<p class=\"kji-license-note\"><em>Licence CC BY-ND 4.0 (Administration judiciaire, data.public.lu). Republication autorisee avec attribution, sans modification editoriale du texte integral.<\/em><\/p>\n<\/div>\n","protected":false},"excerpt":{"rendered":"<p>Nos. R\u00f4le:176227 No.2025TALREFO\/00573 du7 novembre2025 Audience publique extraordinaire des r\u00e9f\u00e9r\u00e9s du vendredi,7novembre2025, tenue par Nous Philippe WADL\u00c9, premier juge au Tribunal d\u2019arrondissement de et \u00e0 Luxembourg, si\u00e9geant commejuge des r\u00e9f\u00e9r\u00e9s, en remplacementde la Pr\u00e9sidente du Tribunal d\u2019arrondissement de et \u00e0 Luxembourg, assist\u00e9 de la greffi\u00e8re\u2026<\/p>\n","protected":false},"featured_media":0,"template":"","meta":{"_crdt_document":""},"kji_country":[8418],"kji_court":[23583],"kji_chamber":[18768],"kji_year":[8463],"kji_subject":[7646],"kji_keyword":[23584,8576,7636],"kji_language":[7733],"class_list":["post-637758","kji_decision","type-kji_decision","status-publish","hentry","kji_country-luxembourg","kji_court-tribunal-darrondissement","kji_chamber-refere","kji_year-8463","kji_subject-divers","kji_keyword-arrondissement","kji_keyword-novembre","kji_keyword-tribunal","kji_language-francais"],"yoast_head":"<!-- This site is optimized with the Yoast SEO Premium plugin v27.5 (Yoast SEO v27.5) - https:\/\/yoast.com\/product\/yoast-seo-premium-wordpress\/ -->\n<title>Tribunal d&#039;arrondissement, 7 novembre 2025 - Ma\u00eetre Hassan Kohen, avocat en droit p\u00e9nal \u00e0 Paris<\/title>\n<meta name=\"robots\" content=\"index, follow, max-snippet:-1, max-image-preview:large, max-video-preview:-1\" \/>\n<link rel=\"canonical\" href=\"https:\/\/kohenavocats.com\/ru\/jurisprudences\/tribunal-darrondissement-7-novembre-2025-2\/\" \/>\n<meta property=\"og:locale\" content=\"ru_RU\" \/>\n<meta property=\"og:type\" content=\"article\" \/>\n<meta property=\"og:title\" content=\"Tribunal d&#039;arrondissement, 7 novembre 2025\" \/>\n<meta property=\"og:description\" content=\"Nos. R\u00f4le:176227 No.2025TALREFO\/00573 du7 novembre2025 Audience publique extraordinaire des r\u00e9f\u00e9r\u00e9s du vendredi,7novembre2025, tenue par Nous Philippe WADL\u00c9, premier juge au Tribunal d\u2019arrondissement de et \u00e0 Luxembourg, si\u00e9geant commejuge des r\u00e9f\u00e9r\u00e9s, en remplacementde la Pr\u00e9sidente du Tribunal d\u2019arrondissement de et \u00e0 Luxembourg, assist\u00e9 de la greffi\u00e8re\u2026\" \/>\n<meta property=\"og:url\" content=\"https:\/\/kohenavocats.com\/ru\/jurisprudences\/tribunal-darrondissement-7-novembre-2025-2\/\" \/>\n<meta property=\"og:site_name\" content=\"Ma\u00eetre Hassan Kohen, avocat en droit p\u00e9nal \u00e0 Paris\" \/>\n<meta property=\"article:modified_time\" content=\"2026-04-21T15:11:14+00:00\" \/>\n<meta name=\"twitter:card\" content=\"summary_large_image\" \/>\n<meta name=\"twitter:label1\" content=\"\u041f\u0440\u0438\u043c\u0435\u0440\u043d\u043e\u0435 \u0432\u0440\u0435\u043c\u044f \u0434\u043b\u044f \u0447\u0442\u0435\u043d\u0438\u044f\" \/>\n\t<meta name=\"twitter:data1\" content=\"10 \u043c\u0438\u043d\u0443\u0442\" \/>\n<script type=\"application\/ld+json\" class=\"yoast-schema-graph\">{\"@context\":\"https:\\\/\\\/schema.org\",\"@graph\":[{\"@type\":\"WebPage\",\"@id\":\"https:\\\/\\\/kohenavocats.com\\\/ru\\\/jurisprudences\\\/tribunal-darrondissement-7-novembre-2025-2\\\/\",\"url\":\"https:\\\/\\\/kohenavocats.com\\\/ru\\\/jurisprudences\\\/tribunal-darrondissement-7-novembre-2025-2\\\/\",\"name\":\"Tribunal d'arrondissement, 7 novembre 2025 - Ma\u00eetre Hassan Kohen, avocat en droit p\u00e9nal \u00e0 Paris\",\"isPartOf\":{\"@id\":\"https:\\\/\\\/kohenavocats.com\\\/ru\\\/#website\"},\"datePublished\":\"2026-04-21T15:11:11+00:00\",\"dateModified\":\"2026-04-21T15:11:14+00:00\",\"breadcrumb\":{\"@id\":\"https:\\\/\\\/kohenavocats.com\\\/ru\\\/jurisprudences\\\/tribunal-darrondissement-7-novembre-2025-2\\\/#breadcrumb\"},\"inLanguage\":\"ru-RU\",\"potentialAction\":[{\"@type\":\"ReadAction\",\"target\":[\"https:\\\/\\\/kohenavocats.com\\\/ru\\\/jurisprudences\\\/tribunal-darrondissement-7-novembre-2025-2\\\/\"]}]},{\"@type\":\"BreadcrumbList\",\"@id\":\"https:\\\/\\\/kohenavocats.com\\\/ru\\\/jurisprudences\\\/tribunal-darrondissement-7-novembre-2025-2\\\/#breadcrumb\",\"itemListElement\":[{\"@type\":\"ListItem\",\"position\":1,\"name\":\"Home\",\"item\":\"https:\\\/\\\/kohenavocats.com\\\/ru\\\/avocats-en-droit-penal-a-paris-conseil-et-defense-strategique\\\/\"},{\"@type\":\"ListItem\",\"position\":2,\"name\":\"Jurisprudences\",\"item\":\"https:\\\/\\\/kohenavocats.com\\\/ru\\\/jurisprudences\\\/\"},{\"@type\":\"ListItem\",\"position\":3,\"name\":\"Tribunal d&rsquo;arrondissement, 7 novembre 2025\"}]},{\"@type\":\"WebSite\",\"@id\":\"https:\\\/\\\/kohenavocats.com\\\/ru\\\/#website\",\"url\":\"https:\\\/\\\/kohenavocats.com\\\/ru\\\/\",\"name\":\"Kohen Avocats\",\"description\":\"Ma\u00eetre Hassan Kohen, avocat p\u00e9naliste \u00e0 Paris, intervient exclusivement en droit p\u00e9nal pour la d\u00e9fense des particuliers, notamment en mati\u00e8re d\u2019accusations de viol. Il assure un accompagnement rigoureux d\u00e8s la garde \u00e0 vue jusqu\u2019\u00e0 la Cour d\u2019assises, veillant au strict respect des garanties proc\u00e9durales.\",\"publisher\":{\"@id\":\"https:\\\/\\\/kohenavocats.com\\\/ru\\\/#organization\"},\"potentialAction\":[{\"@type\":\"SearchAction\",\"target\":{\"@type\":\"EntryPoint\",\"urlTemplate\":\"https:\\\/\\\/kohenavocats.com\\\/ru\\\/?s={search_term_string}\"},\"query-input\":{\"@type\":\"PropertyValueSpecification\",\"valueRequired\":true,\"valueName\":\"search_term_string\"}}],\"inLanguage\":\"ru-RU\"},{\"@type\":\"Organization\",\"@id\":\"https:\\\/\\\/kohenavocats.com\\\/ru\\\/#organization\",\"name\":\"Kohen Avocats\",\"url\":\"https:\\\/\\\/kohenavocats.com\\\/ru\\\/\",\"logo\":{\"@type\":\"ImageObject\",\"inLanguage\":\"ru-RU\",\"@id\":\"https:\\\/\\\/kohenavocats.com\\\/ru\\\/#\\\/schema\\\/logo\\\/image\\\/\",\"url\":\"https:\\\/\\\/kohenavocats.com\\\/wp-content\\\/uploads\\\/2026\\\/01\\\/Logo-2-1.webp\",\"contentUrl\":\"https:\\\/\\\/kohenavocats.com\\\/wp-content\\\/uploads\\\/2026\\\/01\\\/Logo-2-1.webp\",\"width\":2114,\"height\":1253,\"caption\":\"Kohen Avocats\"},\"image\":{\"@id\":\"https:\\\/\\\/kohenavocats.com\\\/ru\\\/#\\\/schema\\\/logo\\\/image\\\/\"}}]}<\/script>\n<!-- \/ Yoast SEO Premium plugin. -->","yoast_head_json":{"title":"Tribunal d'arrondissement, 7 novembre 2025 - Ma\u00eetre Hassan Kohen, avocat en droit p\u00e9nal \u00e0 Paris","robots":{"index":"index","follow":"follow","max-snippet":"max-snippet:-1","max-image-preview":"max-image-preview:large","max-video-preview":"max-video-preview:-1"},"canonical":"https:\/\/kohenavocats.com\/ru\/jurisprudences\/tribunal-darrondissement-7-novembre-2025-2\/","og_locale":"ru_RU","og_type":"article","og_title":"Tribunal d'arrondissement, 7 novembre 2025","og_description":"Nos. R\u00f4le:176227 No.2025TALREFO\/00573 du7 novembre2025 Audience publique extraordinaire des r\u00e9f\u00e9r\u00e9s du vendredi,7novembre2025, tenue par Nous Philippe WADL\u00c9, premier juge au Tribunal d\u2019arrondissement de et \u00e0 Luxembourg, si\u00e9geant commejuge des r\u00e9f\u00e9r\u00e9s, en remplacementde la Pr\u00e9sidente du Tribunal d\u2019arrondissement de et \u00e0 Luxembourg, assist\u00e9 de la greffi\u00e8re\u2026","og_url":"https:\/\/kohenavocats.com\/ru\/jurisprudences\/tribunal-darrondissement-7-novembre-2025-2\/","og_site_name":"Ma\u00eetre Hassan Kohen, avocat en droit p\u00e9nal \u00e0 Paris","article_modified_time":"2026-04-21T15:11:14+00:00","twitter_card":"summary_large_image","twitter_misc":{"\u041f\u0440\u0438\u043c\u0435\u0440\u043d\u043e\u0435 \u0432\u0440\u0435\u043c\u044f \u0434\u043b\u044f \u0447\u0442\u0435\u043d\u0438\u044f":"10 \u043c\u0438\u043d\u0443\u0442"},"schema":{"@context":"https:\/\/schema.org","@graph":[{"@type":"WebPage","@id":"https:\/\/kohenavocats.com\/ru\/jurisprudences\/tribunal-darrondissement-7-novembre-2025-2\/","url":"https:\/\/kohenavocats.com\/ru\/jurisprudences\/tribunal-darrondissement-7-novembre-2025-2\/","name":"Tribunal d'arrondissement, 7 novembre 2025 - Ma\u00eetre Hassan Kohen, avocat en droit p\u00e9nal \u00e0 Paris","isPartOf":{"@id":"https:\/\/kohenavocats.com\/ru\/#website"},"datePublished":"2026-04-21T15:11:11+00:00","dateModified":"2026-04-21T15:11:14+00:00","breadcrumb":{"@id":"https:\/\/kohenavocats.com\/ru\/jurisprudences\/tribunal-darrondissement-7-novembre-2025-2\/#breadcrumb"},"inLanguage":"ru-RU","potentialAction":[{"@type":"ReadAction","target":["https:\/\/kohenavocats.com\/ru\/jurisprudences\/tribunal-darrondissement-7-novembre-2025-2\/"]}]},{"@type":"BreadcrumbList","@id":"https:\/\/kohenavocats.com\/ru\/jurisprudences\/tribunal-darrondissement-7-novembre-2025-2\/#breadcrumb","itemListElement":[{"@type":"ListItem","position":1,"name":"Home","item":"https:\/\/kohenavocats.com\/ru\/avocats-en-droit-penal-a-paris-conseil-et-defense-strategique\/"},{"@type":"ListItem","position":2,"name":"Jurisprudences","item":"https:\/\/kohenavocats.com\/ru\/jurisprudences\/"},{"@type":"ListItem","position":3,"name":"Tribunal d&rsquo;arrondissement, 7 novembre 2025"}]},{"@type":"WebSite","@id":"https:\/\/kohenavocats.com\/ru\/#website","url":"https:\/\/kohenavocats.com\/ru\/","name":"Kohen Avocats","description":"Ma\u00eetre Hassan Kohen, avocat p\u00e9naliste \u00e0 Paris, intervient exclusivement en droit p\u00e9nal pour la d\u00e9fense des particuliers, notamment en mati\u00e8re d\u2019accusations de viol. Il assure un accompagnement rigoureux d\u00e8s la garde \u00e0 vue jusqu\u2019\u00e0 la Cour d\u2019assises, veillant au strict respect des garanties proc\u00e9durales.","publisher":{"@id":"https:\/\/kohenavocats.com\/ru\/#organization"},"potentialAction":[{"@type":"SearchAction","target":{"@type":"EntryPoint","urlTemplate":"https:\/\/kohenavocats.com\/ru\/?s={search_term_string}"},"query-input":{"@type":"PropertyValueSpecification","valueRequired":true,"valueName":"search_term_string"}}],"inLanguage":"ru-RU"},{"@type":"Organization","@id":"https:\/\/kohenavocats.com\/ru\/#organization","name":"Kohen Avocats","url":"https:\/\/kohenavocats.com\/ru\/","logo":{"@type":"ImageObject","inLanguage":"ru-RU","@id":"https:\/\/kohenavocats.com\/ru\/#\/schema\/logo\/image\/","url":"https:\/\/kohenavocats.com\/wp-content\/uploads\/2026\/01\/Logo-2-1.webp","contentUrl":"https:\/\/kohenavocats.com\/wp-content\/uploads\/2026\/01\/Logo-2-1.webp","width":2114,"height":1253,"caption":"Kohen Avocats"},"image":{"@id":"https:\/\/kohenavocats.com\/ru\/#\/schema\/logo\/image\/"}}]}},"jetpack_likes_enabled":false,"jetpack_sharing_enabled":true,"_links":{"self":[{"href":"https:\/\/kohenavocats.com\/ru\/wp-json\/wp\/v2\/kji_decision\/637758","targetHints":{"allow":["GET"]}}],"collection":[{"href":"https:\/\/kohenavocats.com\/ru\/wp-json\/wp\/v2\/kji_decision"}],"about":[{"href":"https:\/\/kohenavocats.com\/ru\/wp-json\/wp\/v2\/types\/kji_decision"}],"wp:attachment":[{"href":"https:\/\/kohenavocats.com\/ru\/wp-json\/wp\/v2\/media?parent=637758"}],"wp:term":[{"taxonomy":"kji_country","embeddable":true,"href":"https:\/\/kohenavocats.com\/ru\/wp-json\/wp\/v2\/kji_country?post=637758"},{"taxonomy":"kji_court","embeddable":true,"href":"https:\/\/kohenavocats.com\/ru\/wp-json\/wp\/v2\/kji_court?post=637758"},{"taxonomy":"kji_chamber","embeddable":true,"href":"https:\/\/kohenavocats.com\/ru\/wp-json\/wp\/v2\/kji_chamber?post=637758"},{"taxonomy":"kji_year","embeddable":true,"href":"https:\/\/kohenavocats.com\/ru\/wp-json\/wp\/v2\/kji_year?post=637758"},{"taxonomy":"kji_subject","embeddable":true,"href":"https:\/\/kohenavocats.com\/ru\/wp-json\/wp\/v2\/kji_subject?post=637758"},{"taxonomy":"kji_keyword","embeddable":true,"href":"https:\/\/kohenavocats.com\/ru\/wp-json\/wp\/v2\/kji_keyword?post=637758"},{"taxonomy":"kji_language","embeddable":true,"href":"https:\/\/kohenavocats.com\/ru\/wp-json\/wp\/v2\/kji_language?post=637758"}],"curies":[{"name":"wp","href":"https:\/\/api.w.org\/{rel}","templated":true}]}}