{"id":637797,"date":"2026-04-21T17:11:53","date_gmt":"2026-04-21T15:11:53","guid":{"rendered":"https:\/\/kohenavocats.com\/jurisprudences\/tribunal-darrondissement-14-juillet-2025-n-2025-03197-2\/"},"modified":"2026-04-21T17:11:55","modified_gmt":"2026-04-21T15:11:55","slug":"tribunal-darrondissement-14-juillet-2025-n-2025-03197-2","status":"publish","type":"kji_decision","link":"https:\/\/kohenavocats.com\/ru\/jurisprudences\/tribunal-darrondissement-14-juillet-2025-n-2025-03197-2\/","title":{"rendered":"Tribunal d&#8217;arrondissement, 14 juillet 2025, n\u00b0 2025-03197"},"content":{"rendered":"<div class=\"kji-decision\">\n<div class=\"kji-full-text\">\n<p>1 No. R\u00f4le: TAL-2025-03197 ; TAL-2025-04530 ; TAL-2025-05550 No.2025TALREFO\/00399 du14juillet2025 Audience publique extraordinaire des r\u00e9f\u00e9r\u00e9s dulundi, 14juillet2025, tenue par Nous Dilia COIMBRA, Vice-Pr\u00e9sidente au Tribunal d\u2019arrondissement de et \u00e0 Luxembourg,si\u00e9geant comme juge des r\u00e9f\u00e9r\u00e9s,en remplacement de la Pr\u00e9sidente du Tribunal d\u2019arrondissement de et \u00e0 Luxembourg, assist\u00e9e de la greffi\u00e8re assum\u00e9e St\u00e9phanie RIBEIRO. I. DANS LA CAUSE E N T R E PERSONNE1.), demeurant \u00e0 L-ADRESSE1.), \u00e9lisant domicile en l\u2019\u00e9tude de Ma\u00eetreNa\u00efma EL HANDOUZ, avocat, demeurant \u00e0Kopstal, partie demanderessecomparant par Ma\u00eetreXavier LEUCK, avocat,enremplacement de Ma\u00eetreNa\u00efma EL HANDOUZ, avocat, les deuxdemeurant \u00e0Kopstal, E T la soci\u00e9t\u00e9anonymeSOCIETE1.), \u00e9tablie et ayant son si\u00e8ge social \u00e0 L-ADRESSE2.), inscrite auRegistre deCommerce et desSoci\u00e9t\u00e9s de Luxembourg sous le num\u00e9ro NUMERO1.), repr\u00e9sent\u00e9e par sonconseil d\u2019administrationactuellement en fonctions, partie d\u00e9fenderessecomparant par Ma\u00eetreDjokhar GHARBI, avocat,en remplacement de Ma\u00eetreFran\u00e7ois PRUM, avocat, les deuxdemeurant \u00e0Luxembourg,<\/p>\n<p>2 II. DANS LA CAUSE E N T R E la soci\u00e9t\u00e9anonymeSOCIETE1.), \u00e9tablie et ayant son si\u00e8ge social \u00e0 L-ADRESSE2.), inscrite auRegistre deCommerce et desSoci\u00e9t\u00e9s de Luxembourg sous le num\u00e9ro NUMERO1.), repr\u00e9sent\u00e9e par sonconseil d\u2019administrationactuellement en fonctions, \u00e9lisant domicile en l\u2019\u00e9tude de Ma\u00eetreFran\u00e7ois PRUM, avocat, demeurant \u00e0Luxembourg, partie demanderessecomparant par Ma\u00eetreDjokhar GHARBI, avocat,en remplacement de Ma\u00eetreFran\u00e7ois PRUM, avocat, les deuxdemeurant \u00e0Luxembourg, E T la soci\u00e9t\u00e9\u00e0 responsabilit\u00e9 limit\u00e9eSOCIETE2.), \u00e9tablie et ayant son si\u00e8ge social \u00e0 L- ADRESSE3.), inscrite auRegistre deCommerce et desSoci\u00e9t\u00e9s de Luxembourg sous le num\u00e9roNUMERO2.), repr\u00e9sent\u00e9e par song\u00e9rantactuellement en fonctions, partie d\u00e9fenderessecomparant par Ma\u00eetreFlorence DELILLE, avocat, demeurant \u00e0 Luxembourg, III. DANS LACAUSE E N T R E la soci\u00e9t\u00e9\u00e0 responsabilit\u00e9 limit\u00e9eSOCIETE2.), \u00e9tablie et ayant son si\u00e8ge social \u00e0 L- ADRESSE3.), inscrite auRegistre deCommerce et desSoci\u00e9t\u00e9s de Luxembourg sous le num\u00e9roNUMERO2.), repr\u00e9sent\u00e9e par song\u00e9rantactuellement en fonctions, \u00e9lisant domicile en l\u2019\u00e9tude de Ma\u00eetreFlorence DELILLE, avocat, demeurant \u00e0 Luxembourg,<\/p>\n<p>3 partie demanderessecomparant par Ma\u00eetreFlorence DELILLE, avocat, demeurant \u00e0 Luxembourg, E T la soci\u00e9t\u00e9\u00e0responsabilit\u00e9 limit\u00e9eSOCIETE3.), \u00e9tablie et ayant son si\u00e8ge social \u00e0 L- ADRESSE4.), inscrite auRegistre deCommerce et desSoci\u00e9t\u00e9s de Luxembourg sous le num\u00e9roNUMERO3.), repr\u00e9sent\u00e9e par song\u00e9rantactuellement en fonctions, partie d\u00e9fenderessed\u00e9faillante. F A I T S :<\/p>\n<p>4 A l\u2019appel de la cause \u00e0 l\u2019audience publique des r\u00e9f\u00e9r\u00e9s ordinaires du jeudi,3juillet2025, Ma\u00eetre Xavier LEUCK, donna lecture de l\u2019assignation ci-avant transcrite et exposa ses moyens. Ma\u00eetreDjokhar GHARBI donna lecture de l\u2019assignation en intervention ci-avant transcrite et exposa ses moyens. Ma\u00eetre Florence DELILLE donna lecture de l\u2019assignation en intervention ci-avant transcrite et exposa ses moyens. Sur ce, le juge prit l\u2019affaire en d\u00e9lib\u00e9r\u00e9 et rendit \u00e0 l\u2019audience publique extraordinaire des r\u00e9f\u00e9r\u00e9s de ce jour l\u2019 O R D O N N A N C E qui suit: Par exploit d\u2019huissier du 31 mars 2025,PERSONNE1.)a fait donner assignation \u00e0 la soci\u00e9t\u00e9SOCIETE1.)\u00e0 compara\u00eetre devant la Pr\u00e9sidente du Tribunal d\u2019arrondissement de et \u00e0 Luxembourg, si\u00e9geant comme juge des r\u00e9f\u00e9r\u00e9s, aux fins notamment devoir nommer un expert avec la mission telle que sp\u00e9cifi\u00e9e au dispositif de son assignation, sur base de l\u2019article 350 du Nouveau Code de proc\u00e9dure civile, subsidiairement sur le fondement de l\u2019article 932 alin\u00e9a 1 er , sinon del\u2019article 933 alin\u00e9a 1 er du m\u00eame code.La partie demanderesse sollicite encore l\u2019allocation d\u2019une indemnit\u00e9 de proc\u00e9dure \u00e0 hauteur de 1.000 euros sur base des dispositions de l\u2019article 240 du Nouveau Code de proc\u00e9dure civile. Cette affaire a \u00e9t\u00e9 inscrite au r\u00f4le sous le num\u00e9ro TAL-2025-03197. Par exploit d\u2019huissier du 16 mai 2025, la soci\u00e9t\u00e9SOCIETE1.)a assign\u00e9 en intervention la soci\u00e9t\u00e9SOCIETE2.)afinnotammentde: -voir dire qu\u2019il y a lieu de joindre les proc\u00e9dures d\u2019assignation et d\u2019assignation en intervention et de statuer par uneseule et m\u00eame ordonnance; -voir ordonner que la partie assign\u00e9e en intervention, \u00e0 savoir la soci\u00e9t\u00e9SOCIETE2.), est tenue d\u2019intervenir dans la proc\u00e9dure de r\u00e9f\u00e9r\u00e9-expertise; -voir ordonner \u00e0 la partie assign\u00e9e de participer \u00e0 l\u2019expertise judiciaire et de lui voir dire opposable toute mesure d\u2019expertise; -de lui voir d\u00e9clarer commune l\u2019ordonnance \u00e0 intervenir. Cette affaire a \u00e9t\u00e9 inscrite au r\u00f4le sous le num\u00e9ro TAL-2025-04530.<\/p>\n<p>5 Par exploit d\u2019huissier du 24 juin 2025,la soci\u00e9t\u00e9SOCIETE2.)a assign\u00e9 en intervention la soci\u00e9t\u00e9SOCIETE3.)afin notamment de: -voir dire qu\u2019il y a lieu de joindre l\u2019assignation en intervention avec l\u2019affaire principale introduite par assignation du 31 mars 2025 et de statuer par une seule et m\u00eame ordonnance; -voir ordonner que la partie assign\u00e9e en intervention, \u00e0 savoirla soci\u00e9t\u00e9SOCIETE3.), est tenue d\u2019intervenir dans la proc\u00e9dure de r\u00e9f\u00e9r\u00e9-expertise; -voir ordonner \u00e0 la partie assign\u00e9e de participer \u00e0 l\u2019expertise judiciaire et de lui voir dire opposable toute mesure d\u2019expertise; -de lui voir d\u00e9clarer commune l\u2019ordonnance \u00e0 intervenir. Cette affaire a \u00e9t\u00e9 inscrite au r\u00f4le sous le num\u00e9roTAL-2025-05550. Dans l\u2019int\u00e9r\u00eat d\u2019une bonne administration de la justice, il y a lieu de joindre lestroisaffaires ci-dessus \u00e9nonc\u00e9es pour y statuer par une seule et m\u00eame ordonnance. Toutes les parties au pr\u00e9sent litige, sauf la soci\u00e9t\u00e9SOCIETE3.), ont constitu\u00e9 avocat. La soci\u00e9t\u00e9SOCIETE3.), bien que r\u00e9guli\u00e8rement assign\u00e9esur base d\u2019un proc\u00e8s-verbal de constat de recherchedu 24 juin 2025, n\u2019a pas constitu\u00e9 avocat. L\u2019article 79, alin\u00e9a 1 er du Nouveau Code de proc\u00e9dure civile pr\u00e9voit que\u00ablorsque le d\u00e9fendeur ne compara\u00eet pas, le jugement est rendu par d\u00e9faut sil\u2019acte introductif d\u2019instance n\u2019a pas \u00e9t\u00e9 d\u00e9livr\u00e9 \u00e0 personne\u00bb. Il convientd\u2019examiner la r\u00e9gularit\u00e9 de la demande en intervention\u00e0 l\u2019\u00e9gard de la soci\u00e9t\u00e9 SOCIETE3.)au regarddes dispositionsde l\u2019article 84 du Nouveau Code de proc\u00e9dure civile, qui dispose que\u00absi, de deux ou plusieurs parties cit\u00e9es, toutes ne comparaissant pas, les parties d\u00e9faillantes, auxquelles l\u2019acte introductif d\u2019instance n\u2019avait pas \u00e9t\u00e9 d\u00e9livr\u00e9 \u00e0 personne, sont, \u00e0 l\u2019expiration du d\u00e9lai de comparution, recit\u00e9es par huissier de justice, avecmention, dans la recitation, que le jugement \u00e0 intervenir sera r\u00e9put\u00e9 contradictoire. A l\u2019expiration des nouveaux d\u00e9lais d\u2019ajournement, il sera statu\u00e9 par un seul jugement contradictoire entre toutes les parties, qu\u2019elles aient \u00e9t\u00e9 ou non repr\u00e9sent\u00e9es par un mandataire.\u00bb Il est en effet admis que la prescription imp\u00e9rative de l\u2019article 84 du Nouveau Code de proc\u00e9dure civile (ex-article 153 du Code de proc\u00e9dure civile) int\u00e9resse au plus haut degr\u00e9 la bonne administration de la justice et touche donc \u00e0 l\u2019ordre public. Il s\u2019ensuit que l\u2019inobservation de la proc\u00e9dure du d\u00e9faut profit-joint entra\u00eene la nullit\u00e9 du jugement rendu contradictoirement \u00e0 l\u2019\u00e9gard du d\u00e9fendeur qui compara\u00eet et par d\u00e9faut \u00e0 l\u2019\u00e9gard du d\u00e9fendeur d\u00e9faillant (Cour d\u2019appel, 23 f\u00e9vrier 1960, Pas. 18, p. 162).<\/p>\n<p>6 Les dispositions de l\u2019article 84 du Nouveau Code de proc\u00e9dure civile (ex-article 153 du Code de proc\u00e9dure civile) \u00e9tant d\u2019ordre public, il appartient au tribunal d\u2019examiner, m\u00eame d\u2019office, si les conditions d\u2019application de ce texte se trouvent remplies (TAL, 20 novembre 1957, Pas. 17, p. 202). Ces conditions sont au nombre de trois : 1) il faut \u00eatre en pr\u00e9sence de deux d\u00e9fendeurs au moins ; 2) il faut que deux d\u00e9fendeurs au moins aient \u00e9t\u00e9 attraits devant la juridiction aux m\u00eames fins, c\u2019est-\u00e0-dire qu\u2019ils aient un int\u00e9r\u00eat commun \u00e0 l\u2019issue du litige ; et 3) il faut que la proc\u00e9dure rev\u00eate un caract\u00e8re diff\u00e9rent pour au moins deux de ces d\u00e9fendeurs, en ce sens qu\u2019en l\u2019absence de toute r\u00e9gularisation, la proc\u00e9dure aboutirait \u00e0 un jugement rendu par d\u00e9faut contre l\u2019un et \u00e0 un jugement contradictoirecontre l\u2019autre (Thierry HOSCHEIT, Le droit judiciaire priv\u00e9 au Grand-Duch\u00e9 de Luxembourg, Editions Paul BAULER, 2012, n\u00b0 886). Il d\u00e9coule des d\u00e9veloppementsquipr\u00e9c\u00e9dent que les conditions sub 1) et 3) sont remplies en l\u2019esp\u00e8ce. S\u2019agissant de la condition sub 2), le tribunal rappelle que la proc\u00e9dure de d\u00e9faut profit-joint n\u2019est applicable que lorsque les d\u00e9fendeurs sont assign\u00e9s aux m\u00eames fins et dans un int\u00e9r\u00eatcommun et identique (Cour d\u2019appel, 23 f\u00e9vrier 1960, Pas. 18, 162). Il appara\u00eet en l\u2019esp\u00e8ce que l\u2019objet des demandesest strictement identique, \u00e0 savoirde voir intervenir les parties assign\u00e9es dans les op\u00e9rations d\u2019expertise. Les parties ont donc \u00e9t\u00e9 assign\u00e9es auxm\u00eames fins. Il y a d\u00e8s lors lieu, avant tout autre progr\u00e8s en cause,d\u2019ordonner\u00e0 lasoci\u00e9t\u00e9SOCIETE2.) de r\u00e9assigner la partie d\u00e9fenderessela soci\u00e9t\u00e9SOCIETE3.)conform\u00e9ment aux dispositions de l\u2019article 84 duNouveauCode de proc\u00e9dure civile. P A R C E S M O T I F S: Nous Dilia COIMBRA, Vice-Pr\u00e9sidente au Tribunal d\u2019arrondissement de et \u00e0 Luxembourg, si\u00e9geant comme juge des r\u00e9f\u00e9r\u00e9s, en remplacement de la Pr\u00e9sidente du Tribunal d\u2019arrondissement de et \u00e0 Luxembourg,statuantpar d\u00e9faut \u00e0 l\u2019\u00e9gard de lasoci\u00e9t\u00e9 SOCIETE3.)et contradictoirement \u00e0 l\u2019\u00e9gard des autres parties, ordonnons la jonction des affaires inscrites sous les num\u00e9rosTAL-2025-03197,TAL- 2025-04530etTAL-2025-05550du r\u00f4le; avant toute autre progr\u00e8s en cause, ordonnons\u00e0 lasoci\u00e9t\u00e9SOCIETE2.)de r\u00e9assigner lasoci\u00e9t\u00e9SOCIETE3.)conform\u00e9ment aux dispositions de l\u2019article 84 duNouveauCode de proc\u00e9dure civile;<\/p>\n<p>7 refixons les d\u00e9bats \u00e0 l\u2019audiencepublique des r\u00e9f\u00e9r\u00e9sordinaires dujeudi,18 septembre 2025 \u00e0 9.00 heures, salle TL 0.11,au Tribunal d\u2019arrondissement de et \u00e0 Luxembourg, Cit\u00e9 judiciaire, \u00e0 L-2080 Luxembourg.<\/p>\n<\/div>\n<hr class=\"kji-sep\" \/>\n<p class=\"kji-source-links\"><strong>Sources officielles :<\/strong> <a class=\"kji-source-link\" href=\"https:\/\/data.public.lu\/fr\/datasets\/tribunal-darrondissement-luxembourg-refere\/\" target=\"_blank\" rel=\"noopener noreferrer\">consulter la page source<\/a> &middot; <a class=\"kji-pdf-link\" href=\"https:\/\/download.data.public.lu\/resources\/tribunal-darrondissement-luxembourg-refere\/20251124-001634\/20250714-talref-tal-2025-03197-tal-2025-04530-tal-2025-05550-pseudonymise-accessible.pdf\" target=\"_blank\" rel=\"noopener noreferrer\">PDF officiel<\/a><\/p>\n<p class=\"kji-license-note\"><em>Licence CC BY-ND 4.0 (Administration judiciaire, data.public.lu). Republication autorisee avec attribution, sans modification editoriale du texte integral.<\/em><\/p>\n<\/div>\n","protected":false},"excerpt":{"rendered":"<p>1 No. R\u00f4le: TAL-2025-03197 ; TAL-2025-04530 ; TAL-2025-05550 No.2025TALREFO\/00399 du14juillet2025 Audience publique extraordinaire des r\u00e9f\u00e9r\u00e9s dulundi, 14juillet2025, tenue par Nous Dilia COIMBRA, Vice-Pr\u00e9sidente au Tribunal d\u2019arrondissement de et \u00e0 Luxembourg,si\u00e9geant comme juge des r\u00e9f\u00e9r\u00e9s,en remplacement de la Pr\u00e9sidente du Tribunal d\u2019arrondissement de et \u00e0 Luxembourg,\u2026<\/p>\n","protected":false},"featured_media":0,"template":"","meta":{"_crdt_document":""},"kji_country":[8418],"kji_court":[23583],"kji_chamber":[18768],"kji_year":[8463],"kji_subject":[7646],"kji_keyword":[23584,8600,7636],"kji_language":[7733],"class_list":["post-637797","kji_decision","type-kji_decision","status-publish","hentry","kji_country-luxembourg","kji_court-tribunal-darrondissement","kji_chamber-refere","kji_year-8463","kji_subject-divers","kji_keyword-arrondissement","kji_keyword-juillet","kji_keyword-tribunal","kji_language-francais"],"yoast_head":"<!-- This site is optimized with the Yoast SEO Premium plugin v27.5 (Yoast SEO v27.5) - https:\/\/yoast.com\/product\/yoast-seo-premium-wordpress\/ -->\n<title>Tribunal d&#039;arrondissement, 14 juillet 2025, n\u00b0 2025-03197 - Ma\u00eetre Hassan Kohen, avocat en droit p\u00e9nal \u00e0 Paris<\/title>\n<meta name=\"robots\" content=\"index, follow, max-snippet:-1, max-image-preview:large, max-video-preview:-1\" \/>\n<link rel=\"canonical\" href=\"https:\/\/kohenavocats.com\/ru\/jurisprudences\/tribunal-darrondissement-14-juillet-2025-n-2025-03197-2\/\" \/>\n<meta property=\"og:locale\" content=\"ru_RU\" \/>\n<meta property=\"og:type\" content=\"article\" \/>\n<meta property=\"og:title\" content=\"Tribunal d&#039;arrondissement, 14 juillet 2025, n\u00b0 2025-03197\" \/>\n<meta property=\"og:description\" content=\"1 No. R\u00f4le: TAL-2025-03197 ; TAL-2025-04530 ; TAL-2025-05550 No.2025TALREFO\/00399 du14juillet2025 Audience publique extraordinaire des r\u00e9f\u00e9r\u00e9s dulundi, 14juillet2025, tenue par Nous Dilia COIMBRA, Vice-Pr\u00e9sidente au Tribunal d\u2019arrondissement de et \u00e0 Luxembourg,si\u00e9geant comme juge des r\u00e9f\u00e9r\u00e9s,en remplacement de la Pr\u00e9sidente du Tribunal d\u2019arrondissement de et \u00e0 Luxembourg,\u2026\" \/>\n<meta property=\"og:url\" content=\"https:\/\/kohenavocats.com\/ru\/jurisprudences\/tribunal-darrondissement-14-juillet-2025-n-2025-03197-2\/\" \/>\n<meta property=\"og:site_name\" content=\"Ma\u00eetre Hassan Kohen, avocat en droit p\u00e9nal \u00e0 Paris\" \/>\n<meta property=\"article:modified_time\" content=\"2026-04-21T15:11:55+00:00\" \/>\n<meta name=\"twitter:card\" content=\"summary_large_image\" \/>\n<meta name=\"twitter:label1\" content=\"\u041f\u0440\u0438\u043c\u0435\u0440\u043d\u043e\u0435 \u0432\u0440\u0435\u043c\u044f \u0434\u043b\u044f \u0447\u0442\u0435\u043d\u0438\u044f\" \/>\n\t<meta name=\"twitter:data1\" content=\"8 \u043c\u0438\u043d\u0443\u0442\" \/>\n<script type=\"application\/ld+json\" class=\"yoast-schema-graph\">{\"@context\":\"https:\\\/\\\/schema.org\",\"@graph\":[{\"@type\":\"WebPage\",\"@id\":\"https:\\\/\\\/kohenavocats.com\\\/ru\\\/jurisprudences\\\/tribunal-darrondissement-14-juillet-2025-n-2025-03197-2\\\/\",\"url\":\"https:\\\/\\\/kohenavocats.com\\\/ru\\\/jurisprudences\\\/tribunal-darrondissement-14-juillet-2025-n-2025-03197-2\\\/\",\"name\":\"Tribunal d'arrondissement, 14 juillet 2025, n\u00b0 2025-03197 - Ma\u00eetre Hassan Kohen, avocat en droit p\u00e9nal \u00e0 Paris\",\"isPartOf\":{\"@id\":\"https:\\\/\\\/kohenavocats.com\\\/ru\\\/#website\"},\"datePublished\":\"2026-04-21T15:11:53+00:00\",\"dateModified\":\"2026-04-21T15:11:55+00:00\",\"breadcrumb\":{\"@id\":\"https:\\\/\\\/kohenavocats.com\\\/ru\\\/jurisprudences\\\/tribunal-darrondissement-14-juillet-2025-n-2025-03197-2\\\/#breadcrumb\"},\"inLanguage\":\"ru-RU\",\"potentialAction\":[{\"@type\":\"ReadAction\",\"target\":[\"https:\\\/\\\/kohenavocats.com\\\/ru\\\/jurisprudences\\\/tribunal-darrondissement-14-juillet-2025-n-2025-03197-2\\\/\"]}]},{\"@type\":\"BreadcrumbList\",\"@id\":\"https:\\\/\\\/kohenavocats.com\\\/ru\\\/jurisprudences\\\/tribunal-darrondissement-14-juillet-2025-n-2025-03197-2\\\/#breadcrumb\",\"itemListElement\":[{\"@type\":\"ListItem\",\"position\":1,\"name\":\"Home\",\"item\":\"https:\\\/\\\/kohenavocats.com\\\/ru\\\/avocats-en-droit-penal-a-paris-conseil-et-defense-strategique\\\/\"},{\"@type\":\"ListItem\",\"position\":2,\"name\":\"Jurisprudences\",\"item\":\"https:\\\/\\\/kohenavocats.com\\\/ru\\\/jurisprudences\\\/\"},{\"@type\":\"ListItem\",\"position\":3,\"name\":\"Tribunal d&rsquo;arrondissement, 14 juillet 2025, n\u00b0 2025-03197\"}]},{\"@type\":\"WebSite\",\"@id\":\"https:\\\/\\\/kohenavocats.com\\\/ru\\\/#website\",\"url\":\"https:\\\/\\\/kohenavocats.com\\\/ru\\\/\",\"name\":\"Kohen Avocats\",\"description\":\"Ma\u00eetre Hassan Kohen, avocat p\u00e9naliste \u00e0 Paris, intervient exclusivement en droit p\u00e9nal pour la d\u00e9fense des particuliers, notamment en mati\u00e8re d\u2019accusations de viol. Il assure un accompagnement rigoureux d\u00e8s la garde \u00e0 vue jusqu\u2019\u00e0 la Cour d\u2019assises, veillant au strict respect des garanties proc\u00e9durales.\",\"publisher\":{\"@id\":\"https:\\\/\\\/kohenavocats.com\\\/ru\\\/#organization\"},\"potentialAction\":[{\"@type\":\"SearchAction\",\"target\":{\"@type\":\"EntryPoint\",\"urlTemplate\":\"https:\\\/\\\/kohenavocats.com\\\/ru\\\/?s={search_term_string}\"},\"query-input\":{\"@type\":\"PropertyValueSpecification\",\"valueRequired\":true,\"valueName\":\"search_term_string\"}}],\"inLanguage\":\"ru-RU\"},{\"@type\":\"Organization\",\"@id\":\"https:\\\/\\\/kohenavocats.com\\\/ru\\\/#organization\",\"name\":\"Kohen Avocats\",\"url\":\"https:\\\/\\\/kohenavocats.com\\\/ru\\\/\",\"logo\":{\"@type\":\"ImageObject\",\"inLanguage\":\"ru-RU\",\"@id\":\"https:\\\/\\\/kohenavocats.com\\\/ru\\\/#\\\/schema\\\/logo\\\/image\\\/\",\"url\":\"https:\\\/\\\/kohenavocats.com\\\/wp-content\\\/uploads\\\/2026\\\/01\\\/Logo-2-1.webp\",\"contentUrl\":\"https:\\\/\\\/kohenavocats.com\\\/wp-content\\\/uploads\\\/2026\\\/01\\\/Logo-2-1.webp\",\"width\":2114,\"height\":1253,\"caption\":\"Kohen Avocats\"},\"image\":{\"@id\":\"https:\\\/\\\/kohenavocats.com\\\/ru\\\/#\\\/schema\\\/logo\\\/image\\\/\"}}]}<\/script>\n<!-- \/ Yoast SEO Premium plugin. -->","yoast_head_json":{"title":"Tribunal d'arrondissement, 14 juillet 2025, n\u00b0 2025-03197 - Ma\u00eetre Hassan Kohen, avocat en droit p\u00e9nal \u00e0 Paris","robots":{"index":"index","follow":"follow","max-snippet":"max-snippet:-1","max-image-preview":"max-image-preview:large","max-video-preview":"max-video-preview:-1"},"canonical":"https:\/\/kohenavocats.com\/ru\/jurisprudences\/tribunal-darrondissement-14-juillet-2025-n-2025-03197-2\/","og_locale":"ru_RU","og_type":"article","og_title":"Tribunal d'arrondissement, 14 juillet 2025, n\u00b0 2025-03197","og_description":"1 No. R\u00f4le: TAL-2025-03197 ; TAL-2025-04530 ; TAL-2025-05550 No.2025TALREFO\/00399 du14juillet2025 Audience publique extraordinaire des r\u00e9f\u00e9r\u00e9s dulundi, 14juillet2025, tenue par Nous Dilia COIMBRA, Vice-Pr\u00e9sidente au Tribunal d\u2019arrondissement de et \u00e0 Luxembourg,si\u00e9geant comme juge des r\u00e9f\u00e9r\u00e9s,en remplacement de la Pr\u00e9sidente du Tribunal d\u2019arrondissement de et \u00e0 Luxembourg,\u2026","og_url":"https:\/\/kohenavocats.com\/ru\/jurisprudences\/tribunal-darrondissement-14-juillet-2025-n-2025-03197-2\/","og_site_name":"Ma\u00eetre Hassan Kohen, avocat en droit p\u00e9nal \u00e0 Paris","article_modified_time":"2026-04-21T15:11:55+00:00","twitter_card":"summary_large_image","twitter_misc":{"\u041f\u0440\u0438\u043c\u0435\u0440\u043d\u043e\u0435 \u0432\u0440\u0435\u043c\u044f \u0434\u043b\u044f \u0447\u0442\u0435\u043d\u0438\u044f":"8 \u043c\u0438\u043d\u0443\u0442"},"schema":{"@context":"https:\/\/schema.org","@graph":[{"@type":"WebPage","@id":"https:\/\/kohenavocats.com\/ru\/jurisprudences\/tribunal-darrondissement-14-juillet-2025-n-2025-03197-2\/","url":"https:\/\/kohenavocats.com\/ru\/jurisprudences\/tribunal-darrondissement-14-juillet-2025-n-2025-03197-2\/","name":"Tribunal d'arrondissement, 14 juillet 2025, n\u00b0 2025-03197 - Ma\u00eetre Hassan Kohen, avocat en droit p\u00e9nal \u00e0 Paris","isPartOf":{"@id":"https:\/\/kohenavocats.com\/ru\/#website"},"datePublished":"2026-04-21T15:11:53+00:00","dateModified":"2026-04-21T15:11:55+00:00","breadcrumb":{"@id":"https:\/\/kohenavocats.com\/ru\/jurisprudences\/tribunal-darrondissement-14-juillet-2025-n-2025-03197-2\/#breadcrumb"},"inLanguage":"ru-RU","potentialAction":[{"@type":"ReadAction","target":["https:\/\/kohenavocats.com\/ru\/jurisprudences\/tribunal-darrondissement-14-juillet-2025-n-2025-03197-2\/"]}]},{"@type":"BreadcrumbList","@id":"https:\/\/kohenavocats.com\/ru\/jurisprudences\/tribunal-darrondissement-14-juillet-2025-n-2025-03197-2\/#breadcrumb","itemListElement":[{"@type":"ListItem","position":1,"name":"Home","item":"https:\/\/kohenavocats.com\/ru\/avocats-en-droit-penal-a-paris-conseil-et-defense-strategique\/"},{"@type":"ListItem","position":2,"name":"Jurisprudences","item":"https:\/\/kohenavocats.com\/ru\/jurisprudences\/"},{"@type":"ListItem","position":3,"name":"Tribunal d&rsquo;arrondissement, 14 juillet 2025, n\u00b0 2025-03197"}]},{"@type":"WebSite","@id":"https:\/\/kohenavocats.com\/ru\/#website","url":"https:\/\/kohenavocats.com\/ru\/","name":"Kohen Avocats","description":"Ma\u00eetre Hassan Kohen, avocat p\u00e9naliste \u00e0 Paris, intervient exclusivement en droit p\u00e9nal pour la d\u00e9fense des particuliers, notamment en mati\u00e8re d\u2019accusations de viol. Il assure un accompagnement rigoureux d\u00e8s la garde \u00e0 vue jusqu\u2019\u00e0 la Cour d\u2019assises, veillant au strict respect des garanties proc\u00e9durales.","publisher":{"@id":"https:\/\/kohenavocats.com\/ru\/#organization"},"potentialAction":[{"@type":"SearchAction","target":{"@type":"EntryPoint","urlTemplate":"https:\/\/kohenavocats.com\/ru\/?s={search_term_string}"},"query-input":{"@type":"PropertyValueSpecification","valueRequired":true,"valueName":"search_term_string"}}],"inLanguage":"ru-RU"},{"@type":"Organization","@id":"https:\/\/kohenavocats.com\/ru\/#organization","name":"Kohen Avocats","url":"https:\/\/kohenavocats.com\/ru\/","logo":{"@type":"ImageObject","inLanguage":"ru-RU","@id":"https:\/\/kohenavocats.com\/ru\/#\/schema\/logo\/image\/","url":"https:\/\/kohenavocats.com\/wp-content\/uploads\/2026\/01\/Logo-2-1.webp","contentUrl":"https:\/\/kohenavocats.com\/wp-content\/uploads\/2026\/01\/Logo-2-1.webp","width":2114,"height":1253,"caption":"Kohen Avocats"},"image":{"@id":"https:\/\/kohenavocats.com\/ru\/#\/schema\/logo\/image\/"}}]}},"jetpack_likes_enabled":false,"jetpack_sharing_enabled":true,"_links":{"self":[{"href":"https:\/\/kohenavocats.com\/ru\/wp-json\/wp\/v2\/kji_decision\/637797","targetHints":{"allow":["GET"]}}],"collection":[{"href":"https:\/\/kohenavocats.com\/ru\/wp-json\/wp\/v2\/kji_decision"}],"about":[{"href":"https:\/\/kohenavocats.com\/ru\/wp-json\/wp\/v2\/types\/kji_decision"}],"wp:attachment":[{"href":"https:\/\/kohenavocats.com\/ru\/wp-json\/wp\/v2\/media?parent=637797"}],"wp:term":[{"taxonomy":"kji_country","embeddable":true,"href":"https:\/\/kohenavocats.com\/ru\/wp-json\/wp\/v2\/kji_country?post=637797"},{"taxonomy":"kji_court","embeddable":true,"href":"https:\/\/kohenavocats.com\/ru\/wp-json\/wp\/v2\/kji_court?post=637797"},{"taxonomy":"kji_chamber","embeddable":true,"href":"https:\/\/kohenavocats.com\/ru\/wp-json\/wp\/v2\/kji_chamber?post=637797"},{"taxonomy":"kji_year","embeddable":true,"href":"https:\/\/kohenavocats.com\/ru\/wp-json\/wp\/v2\/kji_year?post=637797"},{"taxonomy":"kji_subject","embeddable":true,"href":"https:\/\/kohenavocats.com\/ru\/wp-json\/wp\/v2\/kji_subject?post=637797"},{"taxonomy":"kji_keyword","embeddable":true,"href":"https:\/\/kohenavocats.com\/ru\/wp-json\/wp\/v2\/kji_keyword?post=637797"},{"taxonomy":"kji_language","embeddable":true,"href":"https:\/\/kohenavocats.com\/ru\/wp-json\/wp\/v2\/kji_language?post=637797"}],"curies":[{"name":"wp","href":"https:\/\/api.w.org\/{rel}","templated":true}]}}