{"id":637820,"date":"2026-04-21T17:16:48","date_gmt":"2026-04-21T15:16:48","guid":{"rendered":"https:\/\/kohenavocats.com\/jurisprudences\/tribunal-darrondissement-30-octobre-2024-n-2024-08158\/"},"modified":"2026-04-21T17:16:51","modified_gmt":"2026-04-21T15:16:51","slug":"tribunal-darrondissement-30-octobre-2024-n-2024-08158","status":"publish","type":"kji_decision","link":"https:\/\/kohenavocats.com\/ru\/jurisprudences\/tribunal-darrondissement-30-octobre-2024-n-2024-08158\/","title":{"rendered":"Tribunal d&#8217;arrondissement, 30 octobre 2024, n\u00b0 2024-08158"},"content":{"rendered":"<div class=\"kji-decision\">\n<div class=\"kji-full-text\">\n<p>No. R\u00f4le: TAL-2024-08158 No.2024TALREFO\/00455 du 30 octobre 2024 Audience publique extraordinaire des r\u00e9f\u00e9r\u00e9s du mercredi, 30 octobre 2024, tenue par Nous Fr\u00e9d\u00e9ric MERSCH, Vice-Pr\u00e9sident au Tribunal d\u2019arrondissement de et \u00e0 Luxembourg, si\u00e9geant comme juge des r\u00e9f\u00e9r\u00e9s, en remplacementduPr\u00e9sidentdu Tribunal d\u2019arrondissement de et \u00e0 Luxembourg, assist\u00e9 du greffier assum\u00e9 Lainy PEDROSO HASANOVIC. DANS LA CAUSE E N T R E 1)PERSONNE1.),demeurant\u00e0ADRESSE1.), 2)PERSONNE2.),h\u00e9riti\u00e8re dePERSONNE3.),demeurant\u00e0ADRESSE2.), 3)PERSONNE4.), demeurant \u00e0ADRESSE3.), 4)la soci\u00e9t\u00e9SOCIETE1.),\u00e9tablie et ayant son si\u00e8ge social \u00e0ADRESSE4.),inscrite au Registre de commercedeStockholmsous le num\u00e9roNUMERO1.),repr\u00e9sent\u00e9e par sonconseil d\u2019administrationactuellement en fonctions, 5)la soci\u00e9t\u00e9SOCIETE2.),\u00e9tablie et ayant son si\u00e8ge social \u00e0ADRESSE1.),inscrite au Registre de commercedeStockholmsous le num\u00e9roNUMERO2.),repr\u00e9sent\u00e9e parsonconseil d\u2019administrationactuellement en fonctions, 6)PERSONNE5.), demeurant \u00e0ADRESSE5.), 7)PERSONNE6.),demeurant \u00e0ADRESSE6.), 8)PERSONNE7.), demeurant \u00e0ADRESSE7.), 9)PERSONNE8.),demeurant \u00e0ADRESSE8.),<\/p>\n<p>10)la soci\u00e9t\u00e9SOCIETE3.), \u00e9tablie et ayant son si\u00e8ge social \u00e0ADRESSE9.), inscrite au Registre de commerce de Stockholm sous le num\u00e9roNUMERO3.), repr\u00e9sent\u00e9e parson conseil d\u2019administration actuellement en fonctions, \u00e9lisant domicile en l\u2019\u00e9tude de Ma\u00eetreMarianne GOEBEL, avocat,demeurant \u00e0 ADRESSE10.), partiesdemanderessescomparant par Ma\u00eetre Emmanuel GLOCK, avocat, en remplacement de Ma\u00eetre Marianne GOEBEL,avocat, les deux demeurant \u00e0 Luxembourg, E T la soci\u00e9t\u00e9SOCIETE4.), \u00e9tablie et ayant son si\u00e8ge social \u00e0ADRESSE11.),inscriteau Registre de commerce et des soci\u00e9t\u00e9s de Luxembourg sous le num\u00e9roNUMERO4.), repr\u00e9sent\u00e9e par sonadministrateur provisoire, partie d\u00e9fenderessecomparant par Ma\u00eetre Elise DEPREZ, avocat, enremplacement de Ma\u00eetre Claude SCHMARTZ, avocat, les deux demeurant \u00e0Bofferdange. F A I T S :<\/p>\n<p>A l\u2019appel de la cause \u00e0 l\u2019audience publique ordinaire des r\u00e9f\u00e9r\u00e9s dulundi apr\u00e8s-midi, 14 octobre 2024, Ma\u00eetreEmmanuel GLOCKdonna lecture de l\u2019assignation ci-avant transcrite et exposa ses moyens. Ma\u00eetreElise DEPREZfutentendueensesexplications et moyens. Sur ce le juge prit l\u2019affaire en d\u00e9lib\u00e9r\u00e9 et rendit \u00e0 l\u2019audience publique pr\u00e9sidentielle extraordinaire de ce jour l\u2019 O R D O N N A N C E qui suit: Vu l\u2019assignation du 9 octobre 2024. Conform\u00e9ment aux conclusions de lasoci\u00e9t\u00e9SOCIETE4.),il y a lieu de retenir que la mission confi\u00e9e \u00e0 l\u2019administrateur provisoire suivant ordonnance pr\u00e9sidentielle du 8 f\u00e9vrier 2001 n\u2019englobe pas la facult\u00e9 d\u2019assigner l\u2019actionnaire majoritaire de la pr\u00e9dite soci\u00e9t\u00e9 pour solliciter sa condamnation \u00e0 des dommages-int\u00e9r\u00eatsdu chef d\u2019abus de majorit\u00e9. Toutefois, et de l\u2019accord des parties il y a lieu d\u2019autoriserMa\u00eetre Claude SCHMARTZ, en sa qualit\u00e9 d\u2019administrateur provisoire de la soci\u00e9t\u00e9SOCIETE4.)\u00e0intenter une action en justice aux fins telles que pr\u00e9cis\u00e9es audispositif dela pr\u00e9sente ordonnance. P A R C E S M O T I F S Nous Fr\u00e9d\u00e9ric MERSCH, Vice-Pr\u00e9sident au Tribunal d\u2019arrondissement de et \u00e0 Luxembourg, si\u00e9geant comme juge desr\u00e9f\u00e9r\u00e9s, en remplacement du Pr\u00e9sident du Tribunal d\u2019arrondissement de et \u00e0 Luxembourg, statuant contradictoirement; Nous d\u00e9clarons comp\u00e9tent pour conna\u00eetre de la demande ; AutorisonsMa\u00eetre Claude SCHMARTZ, en sa qualit\u00e9en sa qualit\u00e9 d&#039;administrateur provisoire de la soci\u00e9t\u00e9SOCIETE4.), \u00e0 introduire une action en justice devant qui de droit pour obtenir r\u00e9paration du pr\u00e9judice deSOCIETE4.)n\u00e9 del\u2019abus de majorit\u00e9 retenu suivant jugement civil n o 167\/2008 (n o 54167 du r\u00f4le) rendu par leTribunal d&#039;arrondissement de Luxembourg en date du 29 mai 2008; Disons que les frais et honoraires prom\u00e9rit\u00e9s parMa\u00eetre Claude SCHMARTZ,\u00e8s qualit\u00e9s, seront \u00e0 avancer par la soci\u00e9t\u00e9SOCIETE4.); Mettons les frais de l\u2019instance \u00e0 charge de la soci\u00e9t\u00e9SOCIETE4.);<\/p>\n<p>Ordonnonsl&#039;ex\u00e9cution provisoire de la pr\u00e9sente ordonnance nonobstant toute voie de recours.<\/p>\n<\/div>\n<hr class=\"kji-sep\" \/>\n<p class=\"kji-source-links\"><strong>Sources officielles :<\/strong> <a class=\"kji-source-link\" href=\"https:\/\/data.public.lu\/fr\/datasets\/tribunal-darrondissement-luxembourg-refere\/\" target=\"_blank\" rel=\"noopener noreferrer\">consulter la page source<\/a> &middot; <a class=\"kji-pdf-link\" href=\"https:\/\/download.data.public.lu\/resources\/tribunal-darrondissement-luxembourg-refere\/20251208-001518\/20241030-talref-tal-2024-08158-pseudonymise-accessible.pdf\" target=\"_blank\" rel=\"noopener noreferrer\">PDF officiel<\/a><\/p>\n<p class=\"kji-license-note\"><em>Licence CC BY-ND 4.0 (Administration judiciaire, data.public.lu). Republication autorisee avec attribution, sans modification editoriale du texte integral.<\/em><\/p>\n<\/div>\n","protected":false},"excerpt":{"rendered":"<p>No. R\u00f4le: TAL-2024-08158 No.2024TALREFO\/00455 du 30 octobre 2024 Audience publique extraordinaire des r\u00e9f\u00e9r\u00e9s du mercredi, 30 octobre 2024, tenue par Nous Fr\u00e9d\u00e9ric MERSCH, Vice-Pr\u00e9sident au Tribunal d\u2019arrondissement de et \u00e0 Luxembourg, si\u00e9geant comme juge des r\u00e9f\u00e9r\u00e9s, en remplacementduPr\u00e9sidentdu Tribunal d\u2019arrondissement de et \u00e0 Luxembourg, assist\u00e9\u2026<\/p>\n","protected":false},"featured_media":0,"template":"","meta":{"_crdt_document":""},"kji_country":[8418],"kji_court":[23583],"kji_chamber":[18768],"kji_year":[8677],"kji_subject":[7646],"kji_keyword":[23584,8598,7636],"kji_language":[7733],"class_list":["post-637820","kji_decision","type-kji_decision","status-publish","hentry","kji_country-luxembourg","kji_court-tribunal-darrondissement","kji_chamber-refere","kji_year-8677","kji_subject-divers","kji_keyword-arrondissement","kji_keyword-octobre","kji_keyword-tribunal","kji_language-francais"],"yoast_head":"<!-- This site is optimized with the Yoast SEO Premium plugin v27.5 (Yoast SEO v27.5) - https:\/\/yoast.com\/product\/yoast-seo-premium-wordpress\/ -->\n<title>Tribunal d&#039;arrondissement, 30 octobre 2024, n\u00b0 2024-08158 - Ma\u00eetre Hassan Kohen, avocat en droit p\u00e9nal \u00e0 Paris<\/title>\n<meta name=\"robots\" content=\"index, follow, max-snippet:-1, max-image-preview:large, max-video-preview:-1\" \/>\n<link rel=\"canonical\" href=\"https:\/\/kohenavocats.com\/ru\/jurisprudences\/tribunal-darrondissement-30-octobre-2024-n-2024-08158\/\" \/>\n<meta property=\"og:locale\" content=\"ru_RU\" \/>\n<meta property=\"og:type\" content=\"article\" \/>\n<meta property=\"og:title\" content=\"Tribunal d&#039;arrondissement, 30 octobre 2024, n\u00b0 2024-08158\" \/>\n<meta property=\"og:description\" content=\"No. R\u00f4le: TAL-2024-08158 No.2024TALREFO\/00455 du 30 octobre 2024 Audience publique extraordinaire des r\u00e9f\u00e9r\u00e9s du mercredi, 30 octobre 2024, tenue par Nous Fr\u00e9d\u00e9ric MERSCH, Vice-Pr\u00e9sident au Tribunal d\u2019arrondissement de et \u00e0 Luxembourg, si\u00e9geant comme juge des r\u00e9f\u00e9r\u00e9s, en remplacementduPr\u00e9sidentdu Tribunal d\u2019arrondissement de et \u00e0 Luxembourg, assist\u00e9\u2026\" \/>\n<meta property=\"og:url\" content=\"https:\/\/kohenavocats.com\/ru\/jurisprudences\/tribunal-darrondissement-30-octobre-2024-n-2024-08158\/\" \/>\n<meta property=\"og:site_name\" content=\"Ma\u00eetre Hassan Kohen, avocat en droit p\u00e9nal \u00e0 Paris\" \/>\n<meta property=\"article:modified_time\" content=\"2026-04-21T15:16:51+00:00\" \/>\n<meta name=\"twitter:card\" content=\"summary_large_image\" \/>\n<meta name=\"twitter:label1\" content=\"\u041f\u0440\u0438\u043c\u0435\u0440\u043d\u043e\u0435 \u0432\u0440\u0435\u043c\u044f \u0434\u043b\u044f \u0447\u0442\u0435\u043d\u0438\u044f\" \/>\n\t<meta name=\"twitter:data1\" content=\"3 \u043c\u0438\u043d\u0443\u0442\u044b\" \/>\n<script type=\"application\/ld+json\" class=\"yoast-schema-graph\">{\"@context\":\"https:\\\/\\\/schema.org\",\"@graph\":[{\"@type\":\"WebPage\",\"@id\":\"https:\\\/\\\/kohenavocats.com\\\/ru\\\/jurisprudences\\\/tribunal-darrondissement-30-octobre-2024-n-2024-08158\\\/\",\"url\":\"https:\\\/\\\/kohenavocats.com\\\/ru\\\/jurisprudences\\\/tribunal-darrondissement-30-octobre-2024-n-2024-08158\\\/\",\"name\":\"Tribunal d'arrondissement, 30 octobre 2024, n\u00b0 2024-08158 - Ma\u00eetre Hassan Kohen, avocat en droit p\u00e9nal \u00e0 Paris\",\"isPartOf\":{\"@id\":\"https:\\\/\\\/kohenavocats.com\\\/ru\\\/#website\"},\"datePublished\":\"2026-04-21T15:16:48+00:00\",\"dateModified\":\"2026-04-21T15:16:51+00:00\",\"breadcrumb\":{\"@id\":\"https:\\\/\\\/kohenavocats.com\\\/ru\\\/jurisprudences\\\/tribunal-darrondissement-30-octobre-2024-n-2024-08158\\\/#breadcrumb\"},\"inLanguage\":\"ru-RU\",\"potentialAction\":[{\"@type\":\"ReadAction\",\"target\":[\"https:\\\/\\\/kohenavocats.com\\\/ru\\\/jurisprudences\\\/tribunal-darrondissement-30-octobre-2024-n-2024-08158\\\/\"]}]},{\"@type\":\"BreadcrumbList\",\"@id\":\"https:\\\/\\\/kohenavocats.com\\\/ru\\\/jurisprudences\\\/tribunal-darrondissement-30-octobre-2024-n-2024-08158\\\/#breadcrumb\",\"itemListElement\":[{\"@type\":\"ListItem\",\"position\":1,\"name\":\"Home\",\"item\":\"https:\\\/\\\/kohenavocats.com\\\/ru\\\/avocats-en-droit-penal-a-paris-conseil-et-defense-strategique\\\/\"},{\"@type\":\"ListItem\",\"position\":2,\"name\":\"Jurisprudences\",\"item\":\"https:\\\/\\\/kohenavocats.com\\\/ru\\\/jurisprudences\\\/\"},{\"@type\":\"ListItem\",\"position\":3,\"name\":\"Tribunal d&rsquo;arrondissement, 30 octobre 2024, n\u00b0 2024-08158\"}]},{\"@type\":\"WebSite\",\"@id\":\"https:\\\/\\\/kohenavocats.com\\\/ru\\\/#website\",\"url\":\"https:\\\/\\\/kohenavocats.com\\\/ru\\\/\",\"name\":\"Kohen Avocats\",\"description\":\"Ma\u00eetre Hassan Kohen, avocat p\u00e9naliste \u00e0 Paris, intervient exclusivement en droit p\u00e9nal pour la d\u00e9fense des particuliers, notamment en mati\u00e8re d\u2019accusations de viol. Il assure un accompagnement rigoureux d\u00e8s la garde \u00e0 vue jusqu\u2019\u00e0 la Cour d\u2019assises, veillant au strict respect des garanties proc\u00e9durales.\",\"publisher\":{\"@id\":\"https:\\\/\\\/kohenavocats.com\\\/ru\\\/#organization\"},\"potentialAction\":[{\"@type\":\"SearchAction\",\"target\":{\"@type\":\"EntryPoint\",\"urlTemplate\":\"https:\\\/\\\/kohenavocats.com\\\/ru\\\/?s={search_term_string}\"},\"query-input\":{\"@type\":\"PropertyValueSpecification\",\"valueRequired\":true,\"valueName\":\"search_term_string\"}}],\"inLanguage\":\"ru-RU\"},{\"@type\":\"Organization\",\"@id\":\"https:\\\/\\\/kohenavocats.com\\\/ru\\\/#organization\",\"name\":\"Kohen Avocats\",\"url\":\"https:\\\/\\\/kohenavocats.com\\\/ru\\\/\",\"logo\":{\"@type\":\"ImageObject\",\"inLanguage\":\"ru-RU\",\"@id\":\"https:\\\/\\\/kohenavocats.com\\\/ru\\\/#\\\/schema\\\/logo\\\/image\\\/\",\"url\":\"https:\\\/\\\/kohenavocats.com\\\/wp-content\\\/uploads\\\/2026\\\/01\\\/Logo-2-1.webp\",\"contentUrl\":\"https:\\\/\\\/kohenavocats.com\\\/wp-content\\\/uploads\\\/2026\\\/01\\\/Logo-2-1.webp\",\"width\":2114,\"height\":1253,\"caption\":\"Kohen Avocats\"},\"image\":{\"@id\":\"https:\\\/\\\/kohenavocats.com\\\/ru\\\/#\\\/schema\\\/logo\\\/image\\\/\"}}]}<\/script>\n<!-- \/ Yoast SEO Premium plugin. -->","yoast_head_json":{"title":"Tribunal d'arrondissement, 30 octobre 2024, n\u00b0 2024-08158 - Ma\u00eetre Hassan Kohen, avocat en droit p\u00e9nal \u00e0 Paris","robots":{"index":"index","follow":"follow","max-snippet":"max-snippet:-1","max-image-preview":"max-image-preview:large","max-video-preview":"max-video-preview:-1"},"canonical":"https:\/\/kohenavocats.com\/ru\/jurisprudences\/tribunal-darrondissement-30-octobre-2024-n-2024-08158\/","og_locale":"ru_RU","og_type":"article","og_title":"Tribunal d'arrondissement, 30 octobre 2024, n\u00b0 2024-08158","og_description":"No. R\u00f4le: TAL-2024-08158 No.2024TALREFO\/00455 du 30 octobre 2024 Audience publique extraordinaire des r\u00e9f\u00e9r\u00e9s du mercredi, 30 octobre 2024, tenue par Nous Fr\u00e9d\u00e9ric MERSCH, Vice-Pr\u00e9sident au Tribunal d\u2019arrondissement de et \u00e0 Luxembourg, si\u00e9geant comme juge des r\u00e9f\u00e9r\u00e9s, en remplacementduPr\u00e9sidentdu Tribunal d\u2019arrondissement de et \u00e0 Luxembourg, assist\u00e9\u2026","og_url":"https:\/\/kohenavocats.com\/ru\/jurisprudences\/tribunal-darrondissement-30-octobre-2024-n-2024-08158\/","og_site_name":"Ma\u00eetre Hassan Kohen, avocat en droit p\u00e9nal \u00e0 Paris","article_modified_time":"2026-04-21T15:16:51+00:00","twitter_card":"summary_large_image","twitter_misc":{"\u041f\u0440\u0438\u043c\u0435\u0440\u043d\u043e\u0435 \u0432\u0440\u0435\u043c\u044f \u0434\u043b\u044f \u0447\u0442\u0435\u043d\u0438\u044f":"3 \u043c\u0438\u043d\u0443\u0442\u044b"},"schema":{"@context":"https:\/\/schema.org","@graph":[{"@type":"WebPage","@id":"https:\/\/kohenavocats.com\/ru\/jurisprudences\/tribunal-darrondissement-30-octobre-2024-n-2024-08158\/","url":"https:\/\/kohenavocats.com\/ru\/jurisprudences\/tribunal-darrondissement-30-octobre-2024-n-2024-08158\/","name":"Tribunal d'arrondissement, 30 octobre 2024, n\u00b0 2024-08158 - Ma\u00eetre Hassan Kohen, avocat en droit p\u00e9nal \u00e0 Paris","isPartOf":{"@id":"https:\/\/kohenavocats.com\/ru\/#website"},"datePublished":"2026-04-21T15:16:48+00:00","dateModified":"2026-04-21T15:16:51+00:00","breadcrumb":{"@id":"https:\/\/kohenavocats.com\/ru\/jurisprudences\/tribunal-darrondissement-30-octobre-2024-n-2024-08158\/#breadcrumb"},"inLanguage":"ru-RU","potentialAction":[{"@type":"ReadAction","target":["https:\/\/kohenavocats.com\/ru\/jurisprudences\/tribunal-darrondissement-30-octobre-2024-n-2024-08158\/"]}]},{"@type":"BreadcrumbList","@id":"https:\/\/kohenavocats.com\/ru\/jurisprudences\/tribunal-darrondissement-30-octobre-2024-n-2024-08158\/#breadcrumb","itemListElement":[{"@type":"ListItem","position":1,"name":"Home","item":"https:\/\/kohenavocats.com\/ru\/avocats-en-droit-penal-a-paris-conseil-et-defense-strategique\/"},{"@type":"ListItem","position":2,"name":"Jurisprudences","item":"https:\/\/kohenavocats.com\/ru\/jurisprudences\/"},{"@type":"ListItem","position":3,"name":"Tribunal d&rsquo;arrondissement, 30 octobre 2024, n\u00b0 2024-08158"}]},{"@type":"WebSite","@id":"https:\/\/kohenavocats.com\/ru\/#website","url":"https:\/\/kohenavocats.com\/ru\/","name":"Kohen Avocats","description":"Ma\u00eetre Hassan Kohen, avocat p\u00e9naliste \u00e0 Paris, intervient exclusivement en droit p\u00e9nal pour la d\u00e9fense des particuliers, notamment en mati\u00e8re d\u2019accusations de viol. Il assure un accompagnement rigoureux d\u00e8s la garde \u00e0 vue jusqu\u2019\u00e0 la Cour d\u2019assises, veillant au strict respect des garanties proc\u00e9durales.","publisher":{"@id":"https:\/\/kohenavocats.com\/ru\/#organization"},"potentialAction":[{"@type":"SearchAction","target":{"@type":"EntryPoint","urlTemplate":"https:\/\/kohenavocats.com\/ru\/?s={search_term_string}"},"query-input":{"@type":"PropertyValueSpecification","valueRequired":true,"valueName":"search_term_string"}}],"inLanguage":"ru-RU"},{"@type":"Organization","@id":"https:\/\/kohenavocats.com\/ru\/#organization","name":"Kohen Avocats","url":"https:\/\/kohenavocats.com\/ru\/","logo":{"@type":"ImageObject","inLanguage":"ru-RU","@id":"https:\/\/kohenavocats.com\/ru\/#\/schema\/logo\/image\/","url":"https:\/\/kohenavocats.com\/wp-content\/uploads\/2026\/01\/Logo-2-1.webp","contentUrl":"https:\/\/kohenavocats.com\/wp-content\/uploads\/2026\/01\/Logo-2-1.webp","width":2114,"height":1253,"caption":"Kohen Avocats"},"image":{"@id":"https:\/\/kohenavocats.com\/ru\/#\/schema\/logo\/image\/"}}]}},"jetpack_likes_enabled":false,"jetpack_sharing_enabled":true,"_links":{"self":[{"href":"https:\/\/kohenavocats.com\/ru\/wp-json\/wp\/v2\/kji_decision\/637820","targetHints":{"allow":["GET"]}}],"collection":[{"href":"https:\/\/kohenavocats.com\/ru\/wp-json\/wp\/v2\/kji_decision"}],"about":[{"href":"https:\/\/kohenavocats.com\/ru\/wp-json\/wp\/v2\/types\/kji_decision"}],"wp:attachment":[{"href":"https:\/\/kohenavocats.com\/ru\/wp-json\/wp\/v2\/media?parent=637820"}],"wp:term":[{"taxonomy":"kji_country","embeddable":true,"href":"https:\/\/kohenavocats.com\/ru\/wp-json\/wp\/v2\/kji_country?post=637820"},{"taxonomy":"kji_court","embeddable":true,"href":"https:\/\/kohenavocats.com\/ru\/wp-json\/wp\/v2\/kji_court?post=637820"},{"taxonomy":"kji_chamber","embeddable":true,"href":"https:\/\/kohenavocats.com\/ru\/wp-json\/wp\/v2\/kji_chamber?post=637820"},{"taxonomy":"kji_year","embeddable":true,"href":"https:\/\/kohenavocats.com\/ru\/wp-json\/wp\/v2\/kji_year?post=637820"},{"taxonomy":"kji_subject","embeddable":true,"href":"https:\/\/kohenavocats.com\/ru\/wp-json\/wp\/v2\/kji_subject?post=637820"},{"taxonomy":"kji_keyword","embeddable":true,"href":"https:\/\/kohenavocats.com\/ru\/wp-json\/wp\/v2\/kji_keyword?post=637820"},{"taxonomy":"kji_language","embeddable":true,"href":"https:\/\/kohenavocats.com\/ru\/wp-json\/wp\/v2\/kji_language?post=637820"}],"curies":[{"name":"wp","href":"https:\/\/api.w.org\/{rel}","templated":true}]}}