{"id":638395,"date":"2026-04-21T18:16:13","date_gmt":"2026-04-21T16:16:13","guid":{"rendered":"https:\/\/kohenavocats.com\/jurisprudences\/eclinlrvs20253607-raad-van-state-01-08-2025-brs-25-000398\/"},"modified":"2026-04-21T18:16:13","modified_gmt":"2026-04-21T16:16:13","slug":"eclinlrvs20253607-raad-van-state-01-08-2025-brs-25-000398","status":"publish","type":"kji_decision","link":"https:\/\/kohenavocats.com\/ru\/jurisprudences\/eclinlrvs20253607-raad-van-state-01-08-2025-brs-25-000398\/","title":{"rendered":"ECLI:NL:RVS:2025:3607 Raad van State , 01-08-2025 \/ BRS.25.000398"},"content":{"rendered":"<div class=\"kji-decision\">\n<div class=\"kji-full-text\">\n<p><strong>Inhoudsindicatie.<\/strong> Bij besluit van 5 maart 2025 heeft de minister een aanvraag van betrokkene om hem een verblijfsvergunning asiel voor bepaalde tijd te verlenen, afgewezen. Bij uitspraak van 11 april 2025 heeft de rechtbank het daartegen door betrokkene ingestelde beroep gegrond verklaard, dat besluit vernietigd en bepaald dat de minister een nieuw besluit op de aanvraag neemt met inachtneming van de uitspraak. Tegen deze uitspraak heeft de minister hoger beroep ingesteld.<\/p>\n<p>BRS.25.000398<\/p>\n<p>ECLI:NL:RVS:2025:3607<\/p>\n<p>Datum uitspraak: 1 augustus 2025<\/p>\n<p>AFDELING<\/p>\n<p>BESTUURSRECHTSPRAAK<\/p>\n<p>Uitspraak met toepassing van artikel 8:54, eerste lid, van de Algemene wet bestuursrecht op het hoger beroep van:<\/p>\n<p>de minister van Asiel en Migratie,<\/p>\n<p>appellant,<\/p>\n<p>tegen de uitspraak van de rechtbank Den Haag van 11 april 2025 in zaak nr. NL25.10520 in het geding tussen:<\/p>\n<p>[betrokkene]<\/p>\n<p>en<\/p>\n<p>de minister.<\/p>\n<p>Procesverloop<\/p>\n<p>Bij besluit van 5 maart 2025 heeft de minister een aanvraag van betrokkene om hem een verblijfsvergunning asiel voor bepaalde tijd te verlenen, afgewezen.<\/p>\n<p>Bij uitspraak van 11 april 2025 heeft de rechtbank het daartegen door betrokkene ingestelde beroep gegrond verklaard, dat besluit vernietigd en bepaald dat de minister een nieuw besluit op de aanvraag neemt met inachtneming van de uitspraak.<\/p>\n<p>Tegen deze uitspraak heeft de minister hoger beroep ingesteld.<\/p>\n<p>Betrokkene, vertegenwoordigd door mr. E.W.B. Twist, advocaat in Dordrecht, heeft een schriftelijke uiteenzetting gegeven.<\/p>\n<p>Overwegingen<\/p>\n<p>1. Het hoger beroep leidt niet tot vernietiging van de uitspraak van de rechtbank. Bij uitspraak van 16 juli 2025, ECLI:NL:RVS:2025:3153, heeft de Afdeling geoordeeld dat de minister de beoordeling in het beleid in paragraaf C7\/19.4.2 van de Vc 2000 of in Jemen sprake is van de meest uitzonderlijke situatie die valt onder artikel 15, aanhef en onder c, van de Kwalificatierichtlijn, niet deugdelijk heeft gemotiveerd. Bij deze beoordeling zijn namelijk niet alle relevante omstandigheden globaal in aanmerking genomen. Gelet op deze uitspraak van de Afdeling, onder 4.2, 6 en 6.1, heeft de rechtbank dus terecht overwogen dat de minister niet deugdelijk heeft gemotiveerd hoe zij de slechte humanitaire situatie in Jemen in combinatie met de andere door betrokkene overgelegde informatie over het actuele geweldsniveau en andere relevante omstandigheden weegt in de beoordeling in het kader van artikel 15, aanhef en onder c, van de Kwalificatierichtlijn.<\/p>\n<p>1.1. De enige grief slaagt niet.<\/p>\n<p>2. Het hoger beroep is ongegrond. De Afdeling bevestigt de uitspraak van de rechtbank. De minister moet de proceskosten vergoeden.<\/p>\n<p>Beslissing<\/p>\n<p>De Afdeling bestuursrechtspraak van de Raad van State:<\/p>\n<p>I. bevestigt de aangevallen uitspraak;<\/p>\n<p>II. veroordeelt de minister van Asiel en Migratie tot vergoeding van bij betrokkene in verband met de behandeling van het hoger beroep opgekomen proceskosten tot een bedrag van \u20ac 907,00, geheel toe te rekenen aan door een derde beroepsmatig verleende rechtsbijstand.<\/p>\n<p>Aldus vastgesteld door mr. C.M. Wissels, lid van de enkelvoudige kamer, in tegenwoordigheid van mr. T. Toonen, griffier.<\/p>\n<p>w.g. Wissels<\/p>\n<p>lid van de enkelvoudige kamer<\/p>\n<p>w.g. Toonen<\/p>\n<p>griffier<\/p>\n<p>Uitgesproken in het openbaar op 1 augustus 2025<\/p>\n<p>979<\/p>\n<\/div>\n<hr class=\"kji-sep\" \/>\n<p class=\"kji-source-links\"><strong>Sources officielles :<\/strong> <a class=\"kji-source-link\" href=\"http:\/\/deeplink.rechtspraak.nl\/uitspraak?id=ECLI:NL:RVS:2025:3607\" target=\"_blank\" rel=\"noopener noreferrer\">consulter la page source<\/a><\/p>\n<p class=\"kji-license-note\"><em>Rechtspraak.nl open data, Creative Commons Zero. Volume cible 1.8M decisions.<\/em><\/p>\n<\/div>\n","protected":false},"excerpt":{"rendered":"<p>Bij besluit van 5 maart 2025 heeft de minister een aanvraag van betrokkene om hem een verblijfsvergunning asiel voor bepaalde tijd te verlenen, afgewezen. Bij uitspraak van 11 april 2025 heeft de rechtbank het daartegen door betrokkene ingestelde beroep gegrond verklaard, dat besluit vernietigd en bepaald dat de minister een nieuw besluit op de aanvraag neemt met inachtneming van de uitspraak. &#8230;<\/p>\n","protected":false},"featured_media":0,"template":"","meta":{"_crdt_document":""},"kji_country":[7669],"kji_court":[8622],"kji_chamber":[],"kji_year":[8463],"kji_subject":[7646],"kji_keyword":[7869,7680,7673,8102,8107],"kji_language":[7671],"class_list":["post-638395","kji_decision","type-kji_decision","status-publish","hentry","kji_country-pays-bas","kji_court-raad-van-state","kji_year-8463","kji_subject-divers","kji_keyword-aanvraag","kji_keyword-besluit","kji_keyword-heeft","kji_keyword-minister","kji_keyword-uitspraak","kji_language-nl"],"yoast_head":"<!-- This site is optimized with the Yoast SEO Premium plugin v27.5 (Yoast SEO v27.5) - https:\/\/yoast.com\/product\/yoast-seo-premium-wordpress\/ -->\n<title>ECLI:NL:RVS:2025:3607 Raad van State , 01-08-2025 \/ BRS.25.000398 - Ma\u00eetre Hassan Kohen, avocat en droit p\u00e9nal \u00e0 Paris<\/title>\n<meta name=\"robots\" content=\"index, follow, max-snippet:-1, max-image-preview:large, max-video-preview:-1\" \/>\n<link rel=\"canonical\" href=\"https:\/\/kohenavocats.com\/ru\/jurisprudences\/eclinlrvs20253607-raad-van-state-01-08-2025-brs-25-000398\/\" \/>\n<meta property=\"og:locale\" content=\"ru_RU\" \/>\n<meta property=\"og:type\" content=\"article\" \/>\n<meta property=\"og:title\" content=\"ECLI:NL:RVS:2025:3607 Raad van State , 01-08-2025 \/ BRS.25.000398\" \/>\n<meta property=\"og:description\" content=\"Bij besluit van 5 maart 2025 heeft de minister een aanvraag van betrokkene om hem een verblijfsvergunning asiel voor bepaalde tijd te verlenen, afgewezen. Bij uitspraak van 11 april 2025 heeft de rechtbank het daartegen door betrokkene ingestelde beroep gegrond verklaard, dat besluit vernietigd en bepaald dat de minister een nieuw besluit op de aanvraag neemt met inachtneming van de uitspraak. ...\" \/>\n<meta property=\"og:url\" content=\"https:\/\/kohenavocats.com\/ru\/jurisprudences\/eclinlrvs20253607-raad-van-state-01-08-2025-brs-25-000398\/\" \/>\n<meta property=\"og:site_name\" content=\"Ma\u00eetre Hassan Kohen, avocat en droit p\u00e9nal \u00e0 Paris\" \/>\n<meta name=\"twitter:card\" content=\"summary_large_image\" \/>\n<meta name=\"twitter:label1\" content=\"\u041f\u0440\u0438\u043c\u0435\u0440\u043d\u043e\u0435 \u0432\u0440\u0435\u043c\u044f \u0434\u043b\u044f \u0447\u0442\u0435\u043d\u0438\u044f\" \/>\n\t<meta name=\"twitter:data1\" content=\"2 \u043c\u0438\u043d\u0443\u0442\u044b\" \/>\n<script type=\"application\/ld+json\" class=\"yoast-schema-graph\">{\"@context\":\"https:\\\/\\\/schema.org\",\"@graph\":[{\"@type\":\"WebPage\",\"@id\":\"https:\\\/\\\/kohenavocats.com\\\/ru\\\/jurisprudences\\\/eclinlrvs20253607-raad-van-state-01-08-2025-brs-25-000398\\\/\",\"url\":\"https:\\\/\\\/kohenavocats.com\\\/ru\\\/jurisprudences\\\/eclinlrvs20253607-raad-van-state-01-08-2025-brs-25-000398\\\/\",\"name\":\"ECLI:NL:RVS:2025:3607 Raad van State , 01-08-2025 \\\/ BRS.25.000398 - Ma\u00eetre Hassan Kohen, avocat en droit p\u00e9nal \u00e0 Paris\",\"isPartOf\":{\"@id\":\"https:\\\/\\\/kohenavocats.com\\\/ru\\\/#website\"},\"datePublished\":\"2026-04-21T16:16:13+00:00\",\"breadcrumb\":{\"@id\":\"https:\\\/\\\/kohenavocats.com\\\/ru\\\/jurisprudences\\\/eclinlrvs20253607-raad-van-state-01-08-2025-brs-25-000398\\\/#breadcrumb\"},\"inLanguage\":\"ru-RU\",\"potentialAction\":[{\"@type\":\"ReadAction\",\"target\":[\"https:\\\/\\\/kohenavocats.com\\\/ru\\\/jurisprudences\\\/eclinlrvs20253607-raad-van-state-01-08-2025-brs-25-000398\\\/\"]}]},{\"@type\":\"BreadcrumbList\",\"@id\":\"https:\\\/\\\/kohenavocats.com\\\/ru\\\/jurisprudences\\\/eclinlrvs20253607-raad-van-state-01-08-2025-brs-25-000398\\\/#breadcrumb\",\"itemListElement\":[{\"@type\":\"ListItem\",\"position\":1,\"name\":\"Home\",\"item\":\"https:\\\/\\\/kohenavocats.com\\\/ru\\\/avocats-en-droit-penal-a-paris-conseil-et-defense-strategique\\\/\"},{\"@type\":\"ListItem\",\"position\":2,\"name\":\"Jurisprudences\",\"item\":\"https:\\\/\\\/kohenavocats.com\\\/ru\\\/jurisprudences\\\/\"},{\"@type\":\"ListItem\",\"position\":3,\"name\":\"ECLI:NL:RVS:2025:3607 Raad van State , 01-08-2025 \\\/ BRS.25.000398\"}]},{\"@type\":\"WebSite\",\"@id\":\"https:\\\/\\\/kohenavocats.com\\\/ru\\\/#website\",\"url\":\"https:\\\/\\\/kohenavocats.com\\\/ru\\\/\",\"name\":\"Kohen Avocats\",\"description\":\"Ma\u00eetre Hassan Kohen, avocat p\u00e9naliste \u00e0 Paris, intervient exclusivement en droit p\u00e9nal pour la d\u00e9fense des particuliers, notamment en mati\u00e8re d\u2019accusations de viol. Il assure un accompagnement rigoureux d\u00e8s la garde \u00e0 vue jusqu\u2019\u00e0 la Cour d\u2019assises, veillant au strict respect des garanties proc\u00e9durales.\",\"publisher\":{\"@id\":\"https:\\\/\\\/kohenavocats.com\\\/ru\\\/#organization\"},\"potentialAction\":[{\"@type\":\"SearchAction\",\"target\":{\"@type\":\"EntryPoint\",\"urlTemplate\":\"https:\\\/\\\/kohenavocats.com\\\/ru\\\/?s={search_term_string}\"},\"query-input\":{\"@type\":\"PropertyValueSpecification\",\"valueRequired\":true,\"valueName\":\"search_term_string\"}}],\"inLanguage\":\"ru-RU\"},{\"@type\":\"Organization\",\"@id\":\"https:\\\/\\\/kohenavocats.com\\\/ru\\\/#organization\",\"name\":\"Kohen Avocats\",\"url\":\"https:\\\/\\\/kohenavocats.com\\\/ru\\\/\",\"logo\":{\"@type\":\"ImageObject\",\"inLanguage\":\"ru-RU\",\"@id\":\"https:\\\/\\\/kohenavocats.com\\\/ru\\\/#\\\/schema\\\/logo\\\/image\\\/\",\"url\":\"https:\\\/\\\/kohenavocats.com\\\/wp-content\\\/uploads\\\/2026\\\/01\\\/Logo-2-1.webp\",\"contentUrl\":\"https:\\\/\\\/kohenavocats.com\\\/wp-content\\\/uploads\\\/2026\\\/01\\\/Logo-2-1.webp\",\"width\":2114,\"height\":1253,\"caption\":\"Kohen Avocats\"},\"image\":{\"@id\":\"https:\\\/\\\/kohenavocats.com\\\/ru\\\/#\\\/schema\\\/logo\\\/image\\\/\"}}]}<\/script>\n<!-- \/ Yoast SEO Premium plugin. -->","yoast_head_json":{"title":"ECLI:NL:RVS:2025:3607 Raad van State , 01-08-2025 \/ BRS.25.000398 - Ma\u00eetre Hassan Kohen, avocat en droit p\u00e9nal \u00e0 Paris","robots":{"index":"index","follow":"follow","max-snippet":"max-snippet:-1","max-image-preview":"max-image-preview:large","max-video-preview":"max-video-preview:-1"},"canonical":"https:\/\/kohenavocats.com\/ru\/jurisprudences\/eclinlrvs20253607-raad-van-state-01-08-2025-brs-25-000398\/","og_locale":"ru_RU","og_type":"article","og_title":"ECLI:NL:RVS:2025:3607 Raad van State , 01-08-2025 \/ BRS.25.000398","og_description":"Bij besluit van 5 maart 2025 heeft de minister een aanvraag van betrokkene om hem een verblijfsvergunning asiel voor bepaalde tijd te verlenen, afgewezen. Bij uitspraak van 11 april 2025 heeft de rechtbank het daartegen door betrokkene ingestelde beroep gegrond verklaard, dat besluit vernietigd en bepaald dat de minister een nieuw besluit op de aanvraag neemt met inachtneming van de uitspraak. ...","og_url":"https:\/\/kohenavocats.com\/ru\/jurisprudences\/eclinlrvs20253607-raad-van-state-01-08-2025-brs-25-000398\/","og_site_name":"Ma\u00eetre Hassan Kohen, avocat en droit p\u00e9nal \u00e0 Paris","twitter_card":"summary_large_image","twitter_misc":{"\u041f\u0440\u0438\u043c\u0435\u0440\u043d\u043e\u0435 \u0432\u0440\u0435\u043c\u044f \u0434\u043b\u044f \u0447\u0442\u0435\u043d\u0438\u044f":"2 \u043c\u0438\u043d\u0443\u0442\u044b"},"schema":{"@context":"https:\/\/schema.org","@graph":[{"@type":"WebPage","@id":"https:\/\/kohenavocats.com\/ru\/jurisprudences\/eclinlrvs20253607-raad-van-state-01-08-2025-brs-25-000398\/","url":"https:\/\/kohenavocats.com\/ru\/jurisprudences\/eclinlrvs20253607-raad-van-state-01-08-2025-brs-25-000398\/","name":"ECLI:NL:RVS:2025:3607 Raad van State , 01-08-2025 \/ BRS.25.000398 - Ma\u00eetre Hassan Kohen, avocat en droit p\u00e9nal \u00e0 Paris","isPartOf":{"@id":"https:\/\/kohenavocats.com\/ru\/#website"},"datePublished":"2026-04-21T16:16:13+00:00","breadcrumb":{"@id":"https:\/\/kohenavocats.com\/ru\/jurisprudences\/eclinlrvs20253607-raad-van-state-01-08-2025-brs-25-000398\/#breadcrumb"},"inLanguage":"ru-RU","potentialAction":[{"@type":"ReadAction","target":["https:\/\/kohenavocats.com\/ru\/jurisprudences\/eclinlrvs20253607-raad-van-state-01-08-2025-brs-25-000398\/"]}]},{"@type":"BreadcrumbList","@id":"https:\/\/kohenavocats.com\/ru\/jurisprudences\/eclinlrvs20253607-raad-van-state-01-08-2025-brs-25-000398\/#breadcrumb","itemListElement":[{"@type":"ListItem","position":1,"name":"Home","item":"https:\/\/kohenavocats.com\/ru\/avocats-en-droit-penal-a-paris-conseil-et-defense-strategique\/"},{"@type":"ListItem","position":2,"name":"Jurisprudences","item":"https:\/\/kohenavocats.com\/ru\/jurisprudences\/"},{"@type":"ListItem","position":3,"name":"ECLI:NL:RVS:2025:3607 Raad van State , 01-08-2025 \/ BRS.25.000398"}]},{"@type":"WebSite","@id":"https:\/\/kohenavocats.com\/ru\/#website","url":"https:\/\/kohenavocats.com\/ru\/","name":"Kohen Avocats","description":"Ma\u00eetre Hassan Kohen, avocat p\u00e9naliste \u00e0 Paris, intervient exclusivement en droit p\u00e9nal pour la d\u00e9fense des particuliers, notamment en mati\u00e8re d\u2019accusations de viol. Il assure un accompagnement rigoureux d\u00e8s la garde \u00e0 vue jusqu\u2019\u00e0 la Cour d\u2019assises, veillant au strict respect des garanties proc\u00e9durales.","publisher":{"@id":"https:\/\/kohenavocats.com\/ru\/#organization"},"potentialAction":[{"@type":"SearchAction","target":{"@type":"EntryPoint","urlTemplate":"https:\/\/kohenavocats.com\/ru\/?s={search_term_string}"},"query-input":{"@type":"PropertyValueSpecification","valueRequired":true,"valueName":"search_term_string"}}],"inLanguage":"ru-RU"},{"@type":"Organization","@id":"https:\/\/kohenavocats.com\/ru\/#organization","name":"Kohen Avocats","url":"https:\/\/kohenavocats.com\/ru\/","logo":{"@type":"ImageObject","inLanguage":"ru-RU","@id":"https:\/\/kohenavocats.com\/ru\/#\/schema\/logo\/image\/","url":"https:\/\/kohenavocats.com\/wp-content\/uploads\/2026\/01\/Logo-2-1.webp","contentUrl":"https:\/\/kohenavocats.com\/wp-content\/uploads\/2026\/01\/Logo-2-1.webp","width":2114,"height":1253,"caption":"Kohen Avocats"},"image":{"@id":"https:\/\/kohenavocats.com\/ru\/#\/schema\/logo\/image\/"}}]}},"jetpack_likes_enabled":false,"jetpack_sharing_enabled":true,"_links":{"self":[{"href":"https:\/\/kohenavocats.com\/ru\/wp-json\/wp\/v2\/kji_decision\/638395","targetHints":{"allow":["GET"]}}],"collection":[{"href":"https:\/\/kohenavocats.com\/ru\/wp-json\/wp\/v2\/kji_decision"}],"about":[{"href":"https:\/\/kohenavocats.com\/ru\/wp-json\/wp\/v2\/types\/kji_decision"}],"wp:attachment":[{"href":"https:\/\/kohenavocats.com\/ru\/wp-json\/wp\/v2\/media?parent=638395"}],"wp:term":[{"taxonomy":"kji_country","embeddable":true,"href":"https:\/\/kohenavocats.com\/ru\/wp-json\/wp\/v2\/kji_country?post=638395"},{"taxonomy":"kji_court","embeddable":true,"href":"https:\/\/kohenavocats.com\/ru\/wp-json\/wp\/v2\/kji_court?post=638395"},{"taxonomy":"kji_chamber","embeddable":true,"href":"https:\/\/kohenavocats.com\/ru\/wp-json\/wp\/v2\/kji_chamber?post=638395"},{"taxonomy":"kji_year","embeddable":true,"href":"https:\/\/kohenavocats.com\/ru\/wp-json\/wp\/v2\/kji_year?post=638395"},{"taxonomy":"kji_subject","embeddable":true,"href":"https:\/\/kohenavocats.com\/ru\/wp-json\/wp\/v2\/kji_subject?post=638395"},{"taxonomy":"kji_keyword","embeddable":true,"href":"https:\/\/kohenavocats.com\/ru\/wp-json\/wp\/v2\/kji_keyword?post=638395"},{"taxonomy":"kji_language","embeddable":true,"href":"https:\/\/kohenavocats.com\/ru\/wp-json\/wp\/v2\/kji_language?post=638395"}],"curies":[{"name":"wp","href":"https:\/\/api.w.org\/{rel}","templated":true}]}}