{"id":638408,"date":"2026-04-21T18:16:49","date_gmt":"2026-04-21T16:16:49","guid":{"rendered":"https:\/\/kohenavocats.com\/jurisprudences\/tribunal-darrondissement-14-juillet-2025-n-2023-08710\/"},"modified":"2026-04-21T18:16:53","modified_gmt":"2026-04-21T16:16:53","slug":"tribunal-darrondissement-14-juillet-2025-n-2023-08710","status":"publish","type":"kji_decision","link":"https:\/\/kohenavocats.com\/ru\/jurisprudences\/tribunal-darrondissement-14-juillet-2025-n-2023-08710\/","title":{"rendered":"Tribunal d&#8217;arrondissement, 14 juillet 2025, n\u00b0 2023-08710"},"content":{"rendered":"<div class=\"kji-decision\">\n<div class=\"kji-full-text\">\n<p>No. R\u00f4le: TAL-2023-08710 No.2025TALREFO\/00398 du14 juillet 2025 Audience publique extraordinaire des r\u00e9f\u00e9r\u00e9s du lundi,14 juillet2025, tenue par Nous Katia FABECK, Vice-Pr\u00e9sidente au Tribunal d\u2019arrondissement de et \u00e0 Luxembourg, si\u00e9geant comme juge des r\u00e9f\u00e9r\u00e9s, en remplacement de la Pr\u00e9sidente du Tribunal d\u2019arrondissement de et \u00e0 Luxembourg, assist\u00e9e de la greffi\u00e8re assum\u00e9e CaroleSTARCK. DANS LA CAUSE E N T R E la soci\u00e9t\u00e9 \u00e0 responsabilit\u00e9 limit\u00e9e de droit irlandaisSOCIETE1.)LLC, \u00e9tablie et ayant son si\u00e8ge social \u00e0ADRESSE1.), immatricul\u00e9e aupr\u00e8s du registre de commerce et des soci\u00e9t\u00e9s d&#039;Irlande sous le num\u00e9roNUMERO1.), repr\u00e9sent\u00e9e par son ou ses repr\u00e9sentants l\u00e9gaux ou statutaires d\u00fbment habilit\u00e9(s) \u00e0 la repr\u00e9senter, actuellement en fonctions, partie demanderesseoriginaire partied\u00e9fenderesse sur requ\u00eate en rectification d\u2019uneomission mat\u00e9rielle comparantpar la soci\u00e9t\u00e9 en commandite simple CMS DEBACKER Luxembourg SCS repr\u00e9sent\u00e9e par Ma\u00eetre Florence REMOUCHAMPS, avocat,en remplacement par Ma\u00eetre Antoine LANIEZ, avocat, les deux demeurant \u00e0 Luxembourg, E T 1)lasoci\u00e9t\u00e9 \u00e0 responsabilit\u00e9 limit\u00e9eSOCIETE2.)SARL, \u00e9tablie et ayant son si\u00e8ge social \u00e0 L-ADRESSE2.), inscrite au registre de commerce et des soci\u00e9t\u00e9s de Luxembourg sous le num\u00e9roNUMERO2.), repr\u00e9sent\u00e9e par son ou ses g\u00e9rants actuellement en fonctions, 2)la soci\u00e9t\u00e9 \u00e0 responsabilit\u00e9 limit\u00e9eSOCIETE3.)SARL, \u00e9tablie et ayant son si\u00e8ge social \u00e0 L-ADRESSE3.), inscrite au registre de commerce et des soci\u00e9t\u00e9s de Luxembourg<\/p>\n<p>sous le num\u00e9roNUMERO3.), repr\u00e9sent\u00e9e par son ou ses g\u00e9rants actuellement en fonctions, parties d\u00e9fenderessesoriginaires parties demanderesses sur requ\u00eate en rectification d\u2019une omissionmat\u00e9rielle comparantpar la soci\u00e9t\u00e9 \u00e0 responsabilit\u00e9 limit\u00e9 MOLITOR AVOCATS A LA COUR SARL, repr\u00e9sent\u00e9e par Ma\u00eetre El\u00e9onore MOREAU -GENTIEN, avocat, en remplacement de Ma\u00eetre Armel WAISSE, avocat, les deux demeurant \u00e0 Luxembourg. E N P R E S E N C E D E 1)lasoci\u00e9t\u00e9 \u00e0 responsabilit\u00e9 limit\u00e9eSOCIETE4.)SARL, \u00e9tablie et ayant son si\u00e8ge social \u00e0 L-ADRESSE4.), inscrite au registre de commerce et des soci\u00e9t\u00e9s de Luxembourg sous le num\u00e9roNUMERO4.), repr\u00e9sent\u00e9e par son g\u00e9rant actuellement en fonctions, 2)la soci\u00e9t\u00e9 \u00e0 responsabilit\u00e9 limit\u00e9eSOCIETE5.)SARL, \u00e9tablie et ayant son si\u00e8ge social \u00e0 L-ADRESSE5.), inscrite au registre de commerce et des soci\u00e9t\u00e9s de Luxembourg sous le num\u00e9roNUMERO5.), repr\u00e9sent\u00e9e par son g\u00e9rant actuellement en fonctions, parties intervenantes volontairesoriginairessub 1+2)comparant par la soci\u00e9t\u00e9 \u00e0 responsabilit\u00e9 limit\u00e9e LOYENS &amp;LOEFF LUXEMBOURG SARL repr\u00e9sent\u00e9e par Maitre Julien-Khamanh RODSPHON, avocat, en remplacement de Ma\u00eetre V\u00e9ronique HOFFELD, avocat, lesdeuxdemeurant \u00e0 Luxembourg. F A I T S :<\/p>\n<p>Suite \u00e0la requ\u00eate en rectification d\u00e9pos\u00e9e le 10 juin 2025 par Ma\u00eetre Armel WAISSE l\u2019affaire fut r\u00e9appel\u00e9e \u00e0 l\u2019audience publique ordinaire des r\u00e9f\u00e9r\u00e9s dulundi apr\u00e8s-midi, 7 juillet 2025,lors de laquelle les parties furent entendus en leurs moyens et explications. Sur ce le juge prit l\u2019affaire en d\u00e9lib\u00e9r\u00e9 et rendit \u00e0 l\u2019audience publique extraordinaire des r\u00e9f\u00e9r\u00e9s de ce jour l\u2019 O R D O N N A N C E qui suit: Vu l\u2019ordonnancede r\u00e9f\u00e9r\u00e9n\u00b02025TALREFO\/00286rendue le26 mai2025. Parrequ\u00eatedu10 juin2025, d\u00e9pos\u00e9ele m\u00eame jour au greffe du tribunal,la soci\u00e9t\u00e9 \u00e0 responsabilit\u00e9 limit\u00e9eSOCIETE2.)SARL et la soci\u00e9t\u00e9 \u00e0 responsabilit\u00e9 limit\u00e9e SOCIETE3.)SARLontdemand\u00e9 la rectificationd\u2019uneomissioncontenuedans le dispositif\u00e0 laderni\u00e8repagede l\u2019ordonnance de r\u00e9f\u00e9r\u00e9 pr\u00e9cit\u00e9e. Ellesfontexposer, \u00e0 l\u2019appui deleurdemande,qu\u2019uneomissions\u2019est gliss\u00e9e dans l\u2019ordonnance pr\u00e9cit\u00e9e,en ce quel\u2019ordonnancene reprend pas dans son dispositif la condamnation de lasoci\u00e9t\u00e9 \u00e0 responsabilit\u00e9 limit\u00e9e de droit irlandaisSOCIETE1.)LLC\u00e0 payer \u00e0la soci\u00e9t\u00e9 \u00e0 responsabilit\u00e9 limit\u00e9eSOCIETE2.)SARL et\u00e0la soci\u00e9t\u00e9 \u00e0 responsabilit\u00e9 limit\u00e9eSOCIETE3.)SARLlemontant de 2.000.-euros au titre de l\u2019article 240 du Nouveau Code deproc\u00e9durecivile. Lasoci\u00e9t\u00e9 \u00e0 responsabilit\u00e9 limit\u00e9e de droit irlandaisSOCIETE1.)LLCse rapporte \u00e0 prudence de justice quant \u00e0 la recevabilit\u00e9 de la requ\u00eate en rectification d\u2019uneomissionde l\u2019ordonnance de r\u00e9f\u00e9r\u00e9n\u00b0 2025TALREFO\/00286. Elle demande \u00e0 voir pr\u00e9ciser quele montantde 2.000.-euros\u00e0 payer aux deux soci\u00e9t\u00e9ss\u2019entend du paiement de1.000.-euros \u00e0la soci\u00e9t\u00e9 \u00e0 responsabilit\u00e9 limit\u00e9eSOCIETE2.)SARL etdu paiement de1.000.-euros \u00e0 la soci\u00e9t\u00e9 \u00e0 responsabilit\u00e9 limit\u00e9eSOCIETE3.)SARL. La soci\u00e9t\u00e9 \u00e0 responsabilit\u00e9 limit\u00e9eSOCIETE2.)SARL et la soci\u00e9t\u00e9 \u00e0 responsabilit\u00e9 limit\u00e9e SOCIETE3.)SARLmarquent leur accord avec cettepr\u00e9cision. La soci\u00e9t\u00e9 \u00e0 responsabilit\u00e9 limit\u00e9eSOCIETE4.)SARLet lasoci\u00e9t\u00e9 \u00e0 responsabilit\u00e9 limit\u00e9e SOCIETE5.)SARLserapportent\u00e9galement \u00e0 prudence de justicequant \u00e0 la demande en rectification sollicit\u00e9e.<\/p>\n<p>La facult\u00e9 de proc\u00e9der \u00e0 une rectification d\u2019une d\u00e9cisionjudiciaireest subordonn\u00e9e \u00e0 une double condition : &#8212; la rectification doit avoir pour objet une omission ou une erreur purement mat\u00e9rielle; aucune difficult\u00e9 ne doit s\u2019\u00e9lever sur le sens et la port\u00e9e de la d\u00e9cision; &#8212; la rectification ne doit pas \u00eatre un moyen d\u00e9tourn\u00e9 de modifier la d\u00e9cision et de porter atteinte \u00e0 l\u2019autorit\u00e9 de chose jug\u00e9e (E.GLASSON, A.TISSIERet R.MOREL, Trait\u00e9 th\u00e9orique et pratique de proc\u00e9dure civile,tome 3,\u00e9d. Sirey,n\u00b0747 ; Encyclop\u00e9die Dalloz,Proc\u00e9dure Civile et Commerciale, V\u00b0 jugement, n\u00b0 390 et s.). Compte tenu de ces principes, le tribunal constate que l\u2019ordonnance de r\u00e9f\u00e9r\u00e9n\u00b0 2025TALREFO\/00286du26 mai 2025estentach\u00e9ed\u2019uneomissionen ce que, dans le dispositifde l\u2019ordonnance,ilmanque la condamnationde lasoci\u00e9t\u00e9 \u00e0 responsabilit\u00e9 limit\u00e9e de droit irlandaisSOCIETE1.)LLC\u00e0 payer \u00e0 lasoci\u00e9t\u00e9 \u00e0 responsabilit\u00e9 limit\u00e9e SOCIETE2.)SARL et\u00e0la soci\u00e9t\u00e9 \u00e0 responsabilit\u00e9 limit\u00e9eSOCIETE3.)SARLl\u2019indemnit\u00e9 de proc\u00e9dure suivant l\u2019article 240 du Nouveau Code deproc\u00e9durecivile. Il y a partant lieu de faire droit \u00e0 la demande en rectificationd\u2019une omission. P A R C E S M O T I F S Nous Katia FABECK,Vice-Pr\u00e9sidente au Tribunal d\u2019arrondissement de et \u00e0 Luxembourg, si\u00e9geant comme juge des r\u00e9f\u00e9r\u00e9s, en remplacement de la Pr\u00e9sidente du Tribunal d\u2019arrondissement de et \u00e0 Luxembourg, statuant contradictoirement, recevonsla demande en rectification d\u2019une omissionen la forme; ladisons fond\u00e9e ; disonsque dansl\u2019ordonnance de r\u00e9f\u00e9r\u00e9n\u00b02025TALREFO\/00286 du26 mai 2025,il y a lieud\u2019ajouterau dispositif \u00e0 laderni\u00e8repagede l\u2019ordonnancela mention suivante: \u00abcondamnonslasoci\u00e9t\u00e9 \u00e0 responsabilit\u00e9 limit\u00e9e de droit irlandaisSOCIETE1.)LLC\u00e0 payer \u00e0lasoci\u00e9t\u00e9 \u00e0 responsabilit\u00e9 limit\u00e9eSOCIETE2.)SARL et \u00e0 la soci\u00e9t\u00e9 \u00e0 responsabilit\u00e9 limit\u00e9eSOCIETE3.)SARL,chacune,lasomme de 1.000.-euros au titre de l\u2019article 240 du Nouveau Code deproc\u00e9durecivile\u00bb;<\/p>\n<p>ordonnonsque mention de la pr\u00e9sente ordonnance sera faite en marge de l\u2019ordonnance rectifi\u00e9e et qu\u2019\u00e0 l\u2019avenir il ne sera plus d\u00e9livr\u00e9 d\u2019exp\u00e9dition ni d\u2019extrait de cettederni\u00e8re sans la rectification op\u00e9r\u00e9e ; ordonnonsqu\u2019\u00e0 la diligence de Monsieur legreffier en chef du Tribunal d\u2019arrondissement deLuxembourg,il sera proc\u00e9d\u00e9 \u00e0 toutes rectifications utiles par \u00e9margements sur le registre du greffe ou par toutes autres voies jug\u00e9es convenables ; ordonnons l\u2019ex\u00e9cution provisoire de la pr\u00e9sente ordonnance nonobstant appel et sans caution; laissonsles frais de la proc\u00e9dure de rectification \u00e0 charge de l\u2019Etat.<\/p>\n<\/div>\n<hr class=\"kji-sep\" \/>\n<p class=\"kji-source-links\"><strong>Sources officielles :<\/strong> <a class=\"kji-source-link\" href=\"https:\/\/data.public.lu\/fr\/datasets\/tribunal-darrondissement-luxembourg-refere\/\" target=\"_blank\" rel=\"noopener noreferrer\">consulter la page source<\/a> &middot; <a class=\"kji-pdf-link\" href=\"https:\/\/download.data.public.lu\/resources\/tribunal-darrondissement-luxembourg-refere\/20250721-013430\/20250714-tal-2023-08710-pseudonymise-accessible.pdf\" target=\"_blank\" rel=\"noopener noreferrer\">PDF officiel<\/a><\/p>\n<p class=\"kji-license-note\"><em>Licence CC BY-ND 4.0 (Administration judiciaire, data.public.lu). Republication autorisee avec attribution, sans modification editoriale du texte integral.<\/em><\/p>\n<\/div>\n","protected":false},"excerpt":{"rendered":"<p>No. R\u00f4le: TAL-2023-08710 No.2025TALREFO\/00398 du14 juillet 2025 Audience publique extraordinaire des r\u00e9f\u00e9r\u00e9s du lundi,14 juillet2025, tenue par Nous Katia FABECK, Vice-Pr\u00e9sidente au Tribunal d\u2019arrondissement de et \u00e0 Luxembourg, si\u00e9geant comme juge des r\u00e9f\u00e9r\u00e9s, en remplacement de la Pr\u00e9sidente du Tribunal d\u2019arrondissement de et \u00e0 Luxembourg,\u2026<\/p>\n","protected":false},"featured_media":0,"template":"","meta":{"_crdt_document":""},"kji_country":[8418],"kji_court":[23583],"kji_chamber":[18768],"kji_year":[8463],"kji_subject":[7646],"kji_keyword":[23584,8600,7636],"kji_language":[7733],"class_list":["post-638408","kji_decision","type-kji_decision","status-publish","hentry","kji_country-luxembourg","kji_court-tribunal-darrondissement","kji_chamber-refere","kji_year-8463","kji_subject-divers","kji_keyword-arrondissement","kji_keyword-juillet","kji_keyword-tribunal","kji_language-francais"],"yoast_head":"<!-- This site is optimized with the Yoast SEO Premium plugin v27.5 (Yoast SEO v27.5) - https:\/\/yoast.com\/product\/yoast-seo-premium-wordpress\/ -->\n<title>Tribunal d&#039;arrondissement, 14 juillet 2025, n\u00b0 2023-08710 - Ma\u00eetre Hassan Kohen, avocat en droit p\u00e9nal \u00e0 Paris<\/title>\n<meta name=\"robots\" content=\"index, follow, max-snippet:-1, max-image-preview:large, max-video-preview:-1\" \/>\n<link rel=\"canonical\" href=\"https:\/\/kohenavocats.com\/ru\/jurisprudences\/tribunal-darrondissement-14-juillet-2025-n-2023-08710\/\" \/>\n<meta property=\"og:locale\" content=\"ru_RU\" \/>\n<meta property=\"og:type\" content=\"article\" \/>\n<meta property=\"og:title\" content=\"Tribunal d&#039;arrondissement, 14 juillet 2025, n\u00b0 2023-08710\" \/>\n<meta property=\"og:description\" content=\"No. R\u00f4le: TAL-2023-08710 No.2025TALREFO\/00398 du14 juillet 2025 Audience publique extraordinaire des r\u00e9f\u00e9r\u00e9s du lundi,14 juillet2025, tenue par Nous Katia FABECK, Vice-Pr\u00e9sidente au Tribunal d\u2019arrondissement de et \u00e0 Luxembourg, si\u00e9geant comme juge des r\u00e9f\u00e9r\u00e9s, en remplacement de la Pr\u00e9sidente du Tribunal d\u2019arrondissement de et \u00e0 Luxembourg,\u2026\" \/>\n<meta property=\"og:url\" content=\"https:\/\/kohenavocats.com\/ru\/jurisprudences\/tribunal-darrondissement-14-juillet-2025-n-2023-08710\/\" \/>\n<meta property=\"og:site_name\" content=\"Ma\u00eetre Hassan Kohen, avocat en droit p\u00e9nal \u00e0 Paris\" \/>\n<meta property=\"article:modified_time\" content=\"2026-04-21T16:16:53+00:00\" \/>\n<meta name=\"twitter:card\" content=\"summary_large_image\" \/>\n<meta name=\"twitter:label1\" content=\"\u041f\u0440\u0438\u043c\u0435\u0440\u043d\u043e\u0435 \u0432\u0440\u0435\u043c\u044f \u0434\u043b\u044f \u0447\u0442\u0435\u043d\u0438\u044f\" \/>\n\t<meta name=\"twitter:data1\" content=\"6 \u043c\u0438\u043d\u0443\u0442\" \/>\n<script type=\"application\/ld+json\" class=\"yoast-schema-graph\">{\"@context\":\"https:\\\/\\\/schema.org\",\"@graph\":[{\"@type\":\"WebPage\",\"@id\":\"https:\\\/\\\/kohenavocats.com\\\/ru\\\/jurisprudences\\\/tribunal-darrondissement-14-juillet-2025-n-2023-08710\\\/\",\"url\":\"https:\\\/\\\/kohenavocats.com\\\/ru\\\/jurisprudences\\\/tribunal-darrondissement-14-juillet-2025-n-2023-08710\\\/\",\"name\":\"Tribunal d'arrondissement, 14 juillet 2025, n\u00b0 2023-08710 - Ma\u00eetre Hassan Kohen, avocat en droit p\u00e9nal \u00e0 Paris\",\"isPartOf\":{\"@id\":\"https:\\\/\\\/kohenavocats.com\\\/ru\\\/#website\"},\"datePublished\":\"2026-04-21T16:16:49+00:00\",\"dateModified\":\"2026-04-21T16:16:53+00:00\",\"breadcrumb\":{\"@id\":\"https:\\\/\\\/kohenavocats.com\\\/ru\\\/jurisprudences\\\/tribunal-darrondissement-14-juillet-2025-n-2023-08710\\\/#breadcrumb\"},\"inLanguage\":\"ru-RU\",\"potentialAction\":[{\"@type\":\"ReadAction\",\"target\":[\"https:\\\/\\\/kohenavocats.com\\\/ru\\\/jurisprudences\\\/tribunal-darrondissement-14-juillet-2025-n-2023-08710\\\/\"]}]},{\"@type\":\"BreadcrumbList\",\"@id\":\"https:\\\/\\\/kohenavocats.com\\\/ru\\\/jurisprudences\\\/tribunal-darrondissement-14-juillet-2025-n-2023-08710\\\/#breadcrumb\",\"itemListElement\":[{\"@type\":\"ListItem\",\"position\":1,\"name\":\"Home\",\"item\":\"https:\\\/\\\/kohenavocats.com\\\/ru\\\/avocats-en-droit-penal-a-paris-conseil-et-defense-strategique\\\/\"},{\"@type\":\"ListItem\",\"position\":2,\"name\":\"Jurisprudences\",\"item\":\"https:\\\/\\\/kohenavocats.com\\\/ru\\\/jurisprudences\\\/\"},{\"@type\":\"ListItem\",\"position\":3,\"name\":\"Tribunal d&rsquo;arrondissement, 14 juillet 2025, n\u00b0 2023-08710\"}]},{\"@type\":\"WebSite\",\"@id\":\"https:\\\/\\\/kohenavocats.com\\\/ru\\\/#website\",\"url\":\"https:\\\/\\\/kohenavocats.com\\\/ru\\\/\",\"name\":\"Kohen Avocats\",\"description\":\"Ma\u00eetre Hassan Kohen, avocat p\u00e9naliste \u00e0 Paris, intervient exclusivement en droit p\u00e9nal pour la d\u00e9fense des particuliers, notamment en mati\u00e8re d\u2019accusations de viol. Il assure un accompagnement rigoureux d\u00e8s la garde \u00e0 vue jusqu\u2019\u00e0 la Cour d\u2019assises, veillant au strict respect des garanties proc\u00e9durales.\",\"publisher\":{\"@id\":\"https:\\\/\\\/kohenavocats.com\\\/ru\\\/#organization\"},\"potentialAction\":[{\"@type\":\"SearchAction\",\"target\":{\"@type\":\"EntryPoint\",\"urlTemplate\":\"https:\\\/\\\/kohenavocats.com\\\/ru\\\/?s={search_term_string}\"},\"query-input\":{\"@type\":\"PropertyValueSpecification\",\"valueRequired\":true,\"valueName\":\"search_term_string\"}}],\"inLanguage\":\"ru-RU\"},{\"@type\":\"Organization\",\"@id\":\"https:\\\/\\\/kohenavocats.com\\\/ru\\\/#organization\",\"name\":\"Kohen Avocats\",\"url\":\"https:\\\/\\\/kohenavocats.com\\\/ru\\\/\",\"logo\":{\"@type\":\"ImageObject\",\"inLanguage\":\"ru-RU\",\"@id\":\"https:\\\/\\\/kohenavocats.com\\\/ru\\\/#\\\/schema\\\/logo\\\/image\\\/\",\"url\":\"https:\\\/\\\/kohenavocats.com\\\/wp-content\\\/uploads\\\/2026\\\/01\\\/Logo-2-1.webp\",\"contentUrl\":\"https:\\\/\\\/kohenavocats.com\\\/wp-content\\\/uploads\\\/2026\\\/01\\\/Logo-2-1.webp\",\"width\":2114,\"height\":1253,\"caption\":\"Kohen Avocats\"},\"image\":{\"@id\":\"https:\\\/\\\/kohenavocats.com\\\/ru\\\/#\\\/schema\\\/logo\\\/image\\\/\"}}]}<\/script>\n<!-- \/ Yoast SEO Premium plugin. -->","yoast_head_json":{"title":"Tribunal d'arrondissement, 14 juillet 2025, n\u00b0 2023-08710 - Ma\u00eetre Hassan Kohen, avocat en droit p\u00e9nal \u00e0 Paris","robots":{"index":"index","follow":"follow","max-snippet":"max-snippet:-1","max-image-preview":"max-image-preview:large","max-video-preview":"max-video-preview:-1"},"canonical":"https:\/\/kohenavocats.com\/ru\/jurisprudences\/tribunal-darrondissement-14-juillet-2025-n-2023-08710\/","og_locale":"ru_RU","og_type":"article","og_title":"Tribunal d'arrondissement, 14 juillet 2025, n\u00b0 2023-08710","og_description":"No. R\u00f4le: TAL-2023-08710 No.2025TALREFO\/00398 du14 juillet 2025 Audience publique extraordinaire des r\u00e9f\u00e9r\u00e9s du lundi,14 juillet2025, tenue par Nous Katia FABECK, Vice-Pr\u00e9sidente au Tribunal d\u2019arrondissement de et \u00e0 Luxembourg, si\u00e9geant comme juge des r\u00e9f\u00e9r\u00e9s, en remplacement de la Pr\u00e9sidente du Tribunal d\u2019arrondissement de et \u00e0 Luxembourg,\u2026","og_url":"https:\/\/kohenavocats.com\/ru\/jurisprudences\/tribunal-darrondissement-14-juillet-2025-n-2023-08710\/","og_site_name":"Ma\u00eetre Hassan Kohen, avocat en droit p\u00e9nal \u00e0 Paris","article_modified_time":"2026-04-21T16:16:53+00:00","twitter_card":"summary_large_image","twitter_misc":{"\u041f\u0440\u0438\u043c\u0435\u0440\u043d\u043e\u0435 \u0432\u0440\u0435\u043c\u044f \u0434\u043b\u044f \u0447\u0442\u0435\u043d\u0438\u044f":"6 \u043c\u0438\u043d\u0443\u0442"},"schema":{"@context":"https:\/\/schema.org","@graph":[{"@type":"WebPage","@id":"https:\/\/kohenavocats.com\/ru\/jurisprudences\/tribunal-darrondissement-14-juillet-2025-n-2023-08710\/","url":"https:\/\/kohenavocats.com\/ru\/jurisprudences\/tribunal-darrondissement-14-juillet-2025-n-2023-08710\/","name":"Tribunal d'arrondissement, 14 juillet 2025, n\u00b0 2023-08710 - Ma\u00eetre Hassan Kohen, avocat en droit p\u00e9nal \u00e0 Paris","isPartOf":{"@id":"https:\/\/kohenavocats.com\/ru\/#website"},"datePublished":"2026-04-21T16:16:49+00:00","dateModified":"2026-04-21T16:16:53+00:00","breadcrumb":{"@id":"https:\/\/kohenavocats.com\/ru\/jurisprudences\/tribunal-darrondissement-14-juillet-2025-n-2023-08710\/#breadcrumb"},"inLanguage":"ru-RU","potentialAction":[{"@type":"ReadAction","target":["https:\/\/kohenavocats.com\/ru\/jurisprudences\/tribunal-darrondissement-14-juillet-2025-n-2023-08710\/"]}]},{"@type":"BreadcrumbList","@id":"https:\/\/kohenavocats.com\/ru\/jurisprudences\/tribunal-darrondissement-14-juillet-2025-n-2023-08710\/#breadcrumb","itemListElement":[{"@type":"ListItem","position":1,"name":"Home","item":"https:\/\/kohenavocats.com\/ru\/avocats-en-droit-penal-a-paris-conseil-et-defense-strategique\/"},{"@type":"ListItem","position":2,"name":"Jurisprudences","item":"https:\/\/kohenavocats.com\/ru\/jurisprudences\/"},{"@type":"ListItem","position":3,"name":"Tribunal d&rsquo;arrondissement, 14 juillet 2025, n\u00b0 2023-08710"}]},{"@type":"WebSite","@id":"https:\/\/kohenavocats.com\/ru\/#website","url":"https:\/\/kohenavocats.com\/ru\/","name":"Kohen Avocats","description":"Ma\u00eetre Hassan Kohen, avocat p\u00e9naliste \u00e0 Paris, intervient exclusivement en droit p\u00e9nal pour la d\u00e9fense des particuliers, notamment en mati\u00e8re d\u2019accusations de viol. Il assure un accompagnement rigoureux d\u00e8s la garde \u00e0 vue jusqu\u2019\u00e0 la Cour d\u2019assises, veillant au strict respect des garanties proc\u00e9durales.","publisher":{"@id":"https:\/\/kohenavocats.com\/ru\/#organization"},"potentialAction":[{"@type":"SearchAction","target":{"@type":"EntryPoint","urlTemplate":"https:\/\/kohenavocats.com\/ru\/?s={search_term_string}"},"query-input":{"@type":"PropertyValueSpecification","valueRequired":true,"valueName":"search_term_string"}}],"inLanguage":"ru-RU"},{"@type":"Organization","@id":"https:\/\/kohenavocats.com\/ru\/#organization","name":"Kohen Avocats","url":"https:\/\/kohenavocats.com\/ru\/","logo":{"@type":"ImageObject","inLanguage":"ru-RU","@id":"https:\/\/kohenavocats.com\/ru\/#\/schema\/logo\/image\/","url":"https:\/\/kohenavocats.com\/wp-content\/uploads\/2026\/01\/Logo-2-1.webp","contentUrl":"https:\/\/kohenavocats.com\/wp-content\/uploads\/2026\/01\/Logo-2-1.webp","width":2114,"height":1253,"caption":"Kohen Avocats"},"image":{"@id":"https:\/\/kohenavocats.com\/ru\/#\/schema\/logo\/image\/"}}]}},"jetpack_likes_enabled":false,"jetpack_sharing_enabled":true,"_links":{"self":[{"href":"https:\/\/kohenavocats.com\/ru\/wp-json\/wp\/v2\/kji_decision\/638408","targetHints":{"allow":["GET"]}}],"collection":[{"href":"https:\/\/kohenavocats.com\/ru\/wp-json\/wp\/v2\/kji_decision"}],"about":[{"href":"https:\/\/kohenavocats.com\/ru\/wp-json\/wp\/v2\/types\/kji_decision"}],"wp:attachment":[{"href":"https:\/\/kohenavocats.com\/ru\/wp-json\/wp\/v2\/media?parent=638408"}],"wp:term":[{"taxonomy":"kji_country","embeddable":true,"href":"https:\/\/kohenavocats.com\/ru\/wp-json\/wp\/v2\/kji_country?post=638408"},{"taxonomy":"kji_court","embeddable":true,"href":"https:\/\/kohenavocats.com\/ru\/wp-json\/wp\/v2\/kji_court?post=638408"},{"taxonomy":"kji_chamber","embeddable":true,"href":"https:\/\/kohenavocats.com\/ru\/wp-json\/wp\/v2\/kji_chamber?post=638408"},{"taxonomy":"kji_year","embeddable":true,"href":"https:\/\/kohenavocats.com\/ru\/wp-json\/wp\/v2\/kji_year?post=638408"},{"taxonomy":"kji_subject","embeddable":true,"href":"https:\/\/kohenavocats.com\/ru\/wp-json\/wp\/v2\/kji_subject?post=638408"},{"taxonomy":"kji_keyword","embeddable":true,"href":"https:\/\/kohenavocats.com\/ru\/wp-json\/wp\/v2\/kji_keyword?post=638408"},{"taxonomy":"kji_language","embeddable":true,"href":"https:\/\/kohenavocats.com\/ru\/wp-json\/wp\/v2\/kji_language?post=638408"}],"curies":[{"name":"wp","href":"https:\/\/api.w.org\/{rel}","templated":true}]}}