{"id":638991,"date":"2026-04-21T19:10:44","date_gmt":"2026-04-21T17:10:44","guid":{"rendered":"https:\/\/kohenavocats.com\/jurisprudences\/tribunal-darrondissement-6-fevrier-2025-n-2024-10269-2\/"},"modified":"2026-04-21T19:10:47","modified_gmt":"2026-04-21T17:10:47","slug":"tribunal-darrondissement-6-fevrier-2025-n-2024-10269-2","status":"publish","type":"kji_decision","link":"https:\/\/kohenavocats.com\/ru\/jurisprudences\/tribunal-darrondissement-6-fevrier-2025-n-2024-10269-2\/","title":{"rendered":"Tribunal d&#8217;arrondissement, 6 f\u00e9vrier 2025, n\u00b0 2024-10269"},"content":{"rendered":"<div class=\"kji-decision\">\n<div class=\"kji-full-text\">\n<p>1 No. R\u00f4le:TAL-2024-10269 No.2025TALREFO\/00061 du 06 f\u00e9vrier 2025 Audience publique extraordinaire des r\u00e9f\u00e9r\u00e9s du jeudi, 6 f\u00e9vrier 2025, tenue par Nous Dilia COIMBRA, Vice-Pr\u00e9sidente au Tribunal d\u2019arrondissement de et \u00e0 Luxembourg, si\u00e9geantcomme juge des r\u00e9f\u00e9r\u00e9s, en remplacement de la Pr\u00e9sidente du Tribunal d\u2019arrondissement de et \u00e0 Luxembourg, assist\u00e9e de la greffi\u00e8re assum\u00e9e Carole STARCK. DANS LA CAUSE E N T R E la soci\u00e9t\u00e9SOCIETE1.), soci\u00e9t\u00e9 en commandite simple, \u00e9tablie \u00e0 L-ADRESSE1.), inscrite sur la liste V du Tableau de l&#039;Ordre des Avocats du Barreau de Luxembourg, qui est constitu\u00e9e et en l&#039;\u00e9tude de laquelle domicile est \u00e9lu, repr\u00e9sent\u00e9e par son g\u00e9rant SOCIETE2.)S.\u00e0r.l., \u00e9tablie \u00e0 la m\u00eame adresse, RCS n\u00b0NUMERO1.), repr\u00e9sent\u00e9e aux fins de la pr\u00e9sente proc\u00e9dure par Ma\u00eetre Henry DE RON, avocat, demeurant professionnellement \u00e0 la m\u00eame adresse, partie demanderesse originaire partie d\u00e9fenderesse sur contreditcomparant par la soci\u00e9t\u00e9 en commandite simple KLEYR GRASSOrepr\u00e9sent\u00e9e par Ma\u00eetre Henry DE RON, avocat, en remplacement de Ma\u00eetre Yasmine POOS, avocat, les deux demeurant \u00e0 Strassen, E T la soci\u00e9t\u00e9 anonymeSOCIETE3.)S.A., \u00e9tablie et ayant son si\u00e8ge social \u00e0 L- ADRESSE2.), inscrite au registre de commerce et des soci\u00e9t\u00e9s de Luxembourg sous le num\u00e9roNUMERO2.), repr\u00e9sent\u00e9e par son conseil d\u2019administration actuellement en fonctions, partie d\u00e9fenderesse originaire<\/p>\n<p>2 partie demanderesse par contreditcomparant parPERSONNE1.), administrateur de la soci\u00e9t\u00e9.<\/p>\n<p>3 F A I T S :<\/p>\n<p>4 Suite au contredit form\u00e9 le10d\u00e9cembre 2024parla soci\u00e9t\u00e9 anonymeSOCIETE3.)S.A. contre l&#039;ordonnance conditionnelle de paiementnum\u00e9ro2024TALORD\/00680d\u00e9livr\u00e9e en date du30 octobre 2024et notifi\u00e9e \u00e0 la partie d\u00e9fenderesse originaire en date du7 novembre 2024, les parties furent convoqu\u00e9es \u00e0 l\u2019audience publique des r\u00e9f\u00e9r\u00e9s ordinaires dulundiapr\u00e8s-midi,27 janvier 2025,lors de laquelleMa\u00eetre Henry DE RON et MonsieurPERSONNE1.)furententendus enleursexplications. Sur ce, le juge des r\u00e9f\u00e9r\u00e9s prit l\u2019affaire en d\u00e9lib\u00e9r\u00e9 et rendit \u00e0 l\u2019audience publique extraordinaire desr\u00e9f\u00e9r\u00e9s de ce jour l\u2019 O R D O N N A N C E qui suit: Par courrier dat\u00e9 du 6 d\u00e9cembre 2024 etd\u00e9pos\u00e9au greffe du Tribunal d\u2019arrondissement de et \u00e0 Luxembourgen date du 10 d\u00e9cembre 2024, la soci\u00e9t\u00e9 anonymeSOCIETE3.) S.A. a form\u00e9 contredit contrel\u2019ordonnance conditionnelle de paiement num\u00e9ro 2024TALORDP\/00680 du 30 octobre 2024,lui notifi\u00e9e le 7 novembre 2024,lui enjoignant de payer \u00e0 la soci\u00e9t\u00e9 en commandite simpleSOCIETE1.)S.A. la somme de 15.372,90 euros, avec les int\u00e9r\u00eats l\u00e9gaux \u00e0 partir du jour de la notification de l\u2019ordonnance conditionnelle de paiement, jusqu\u2019\u00e0 solde,ainsi qu\u2019une indemnit\u00e9 de proc\u00e9dure de 500 euros sur base de l\u2019article 240 du Nouveau Code de proc\u00e9dure civile. La soci\u00e9t\u00e9 en commandite simpleSOCIETE1.)fait valoir qu\u2019elle dispose d\u2019une cr\u00e9ance \u00e0 hauteur de 15.372,90 euros \u00e0 l\u2019\u00e9gard de la soci\u00e9t\u00e9 anonymeSOCIETE3.)S.A. relatives\u00e0 desnotes de frais et honoraires pour des prestations diverses dans le cadre de l&#039;acquisition d&#039;un immeuble. A l\u2019audience publique du 27 janvier 2025,la soci\u00e9t\u00e9 anonymeSOCIETE3.)S.A.a d\u00e9clar\u00e9 qu\u2019elle ne conteste pas la cr\u00e9ance invoqu\u00e9e par la soci\u00e9t\u00e9en commandite simple SOCIETE1.)et qu\u2019elle a trouv\u00e9 un accord avec cette derni\u00e8re quant aux modalit\u00e9s du paiement de sa dette.Elle a pr\u00e9cis\u00e9 qu\u2019elle renonce au contredit qu\u2019elle a d\u00e9pos\u00e9 en date du 10 d\u00e9cembre 2024. Au vu de l\u2019accord intervenu entre les parties et la cr\u00e9ance dela soci\u00e9t\u00e9en commandite simpleSOCIETE1.)n\u2019\u00e9tant plus contest\u00e9e, il y a lieu de condamnerla soci\u00e9t\u00e9 anonyme SOCIETE3.)S.A.au paiement du montant r\u00e9clam\u00e9 de15.372,90 euros, avec les int\u00e9r\u00eats l\u00e9gaux \u00e0 partir du jour de la notification de l\u2019ordonnance conditionnelle de paiement,\u00e0<\/p>\n<p>5 savoirle 7 novembre 2024,jusqu\u2019\u00e0 solde.Il y a encore lieu de faire droit \u00e0 sa demande en allocation d\u2019une indemnit\u00e9 de proc\u00e9dure \u00e0 hauteur de500 euros. P A R C E S M O T I F S Nous Dilia COIMBRA,Vice-Pr\u00e9sidente au Tribunal d\u2019arrondissement de et \u00e0 Luxembourg, si\u00e9geant comme juge des r\u00e9f\u00e9r\u00e9s, en remplacement de la Pr\u00e9sidente du Tribunal d\u2019arrondissement de et \u00e0 Luxembourg, statuant contradictoirement, au principal renvoyons les parties \u00e0 se pourvoir devant qui de droit, mais d\u00e8s \u00e0 pr\u00e9sent et par provision, condamnons la soci\u00e9t\u00e9 anonymeSOCIETE3.)S.A. \u00e0 payer \u00e0 la soci\u00e9t\u00e9 en commandite simpleSOCIETE1.)S.A. la somme de 15.372,90 euros, avec les int\u00e9r\u00eats l\u00e9gaux \u00e0 partir du 7 novembre 2024, jusqu\u2019\u00e0 solde, condamnons la soci\u00e9t\u00e9 anonymeSOCIETE3.)S.A. \u00e0 payer \u00e0 la soci\u00e9t\u00e9 en commandite simpleSOCIETE1.)S.A. la somme de 500 euros \u00e0 titre d\u2019indemnit\u00e9 de proc\u00e9dure, ordonnons l\u2019ex\u00e9cution provisoire de la pr\u00e9sente ordonnance nonobstant appel et sans caution, condamnons lasoci\u00e9t\u00e9 anonymeSOCIETE3.)S.A.aux frais et d\u00e9pens de l\u2019instance.<\/p>\n<\/div>\n<hr class=\"kji-sep\" \/>\n<p class=\"kji-source-links\"><strong>Sources officielles :<\/strong> <a class=\"kji-source-link\" href=\"https:\/\/data.public.lu\/fr\/datasets\/tribunal-darrondissement-luxembourg-refere\/\" target=\"_blank\" rel=\"noopener noreferrer\">consulter la page source<\/a> &middot; <a class=\"kji-pdf-link\" href=\"https:\/\/download.data.public.lu\/resources\/tribunal-darrondissement-luxembourg-refere\/20250928-231106\/20250206-talref-tal-2024-10269-pseudonymise-accessible.pdf\" target=\"_blank\" rel=\"noopener noreferrer\">PDF officiel<\/a><\/p>\n<p class=\"kji-license-note\"><em>Licence CC BY-ND 4.0 (Administration judiciaire, data.public.lu). Republication autorisee avec attribution, sans modification editoriale du texte integral.<\/em><\/p>\n<\/div>\n","protected":false},"excerpt":{"rendered":"<p>1 No. R\u00f4le:TAL-2024-10269 No.2025TALREFO\/00061 du 06 f\u00e9vrier 2025 Audience publique extraordinaire des r\u00e9f\u00e9r\u00e9s du jeudi, 6 f\u00e9vrier 2025, tenue par Nous Dilia COIMBRA, Vice-Pr\u00e9sidente au Tribunal d\u2019arrondissement de et \u00e0 Luxembourg, si\u00e9geantcomme juge des r\u00e9f\u00e9r\u00e9s, en remplacement de la Pr\u00e9sidente du Tribunal d\u2019arrondissement de et\u2026<\/p>\n","protected":false},"featured_media":0,"template":"","meta":{"_crdt_document":""},"kji_country":[8418],"kji_court":[23583],"kji_chamber":[18768],"kji_year":[8463],"kji_subject":[7646],"kji_keyword":[23584,8457,7636],"kji_language":[7733],"class_list":["post-638991","kji_decision","type-kji_decision","status-publish","hentry","kji_country-luxembourg","kji_court-tribunal-darrondissement","kji_chamber-refere","kji_year-8463","kji_subject-divers","kji_keyword-arrondissement","kji_keyword-fevrier","kji_keyword-tribunal","kji_language-francais"],"yoast_head":"<!-- This site is optimized with the Yoast SEO Premium plugin v27.5 (Yoast SEO v27.5) - https:\/\/yoast.com\/product\/yoast-seo-premium-wordpress\/ -->\n<title>Tribunal d&#039;arrondissement, 6 f\u00e9vrier 2025, n\u00b0 2024-10269 - Ma\u00eetre Hassan Kohen, avocat en droit p\u00e9nal \u00e0 Paris<\/title>\n<meta name=\"robots\" content=\"index, follow, max-snippet:-1, max-image-preview:large, max-video-preview:-1\" \/>\n<link rel=\"canonical\" href=\"https:\/\/kohenavocats.com\/ru\/jurisprudences\/tribunal-darrondissement-6-fevrier-2025-n-2024-10269-2\/\" \/>\n<meta property=\"og:locale\" content=\"ru_RU\" \/>\n<meta property=\"og:type\" content=\"article\" \/>\n<meta property=\"og:title\" content=\"Tribunal d&#039;arrondissement, 6 f\u00e9vrier 2025, n\u00b0 2024-10269\" \/>\n<meta property=\"og:description\" content=\"1 No. R\u00f4le:TAL-2024-10269 No.2025TALREFO\/00061 du 06 f\u00e9vrier 2025 Audience publique extraordinaire des r\u00e9f\u00e9r\u00e9s du jeudi, 6 f\u00e9vrier 2025, tenue par Nous Dilia COIMBRA, Vice-Pr\u00e9sidente au Tribunal d\u2019arrondissement de et \u00e0 Luxembourg, si\u00e9geantcomme juge des r\u00e9f\u00e9r\u00e9s, en remplacement de la Pr\u00e9sidente du Tribunal d\u2019arrondissement de et\u2026\" \/>\n<meta property=\"og:url\" content=\"https:\/\/kohenavocats.com\/ru\/jurisprudences\/tribunal-darrondissement-6-fevrier-2025-n-2024-10269-2\/\" \/>\n<meta property=\"og:site_name\" content=\"Ma\u00eetre Hassan Kohen, avocat en droit p\u00e9nal \u00e0 Paris\" \/>\n<meta property=\"article:modified_time\" content=\"2026-04-21T17:10:47+00:00\" \/>\n<meta name=\"twitter:card\" content=\"summary_large_image\" \/>\n<meta name=\"twitter:label1\" content=\"\u041f\u0440\u0438\u043c\u0435\u0440\u043d\u043e\u0435 \u0432\u0440\u0435\u043c\u044f \u0434\u043b\u044f \u0447\u0442\u0435\u043d\u0438\u044f\" \/>\n\t<meta name=\"twitter:data1\" content=\"4 \u043c\u0438\u043d\u0443\u0442\u044b\" \/>\n<script type=\"application\/ld+json\" class=\"yoast-schema-graph\">{\"@context\":\"https:\\\/\\\/schema.org\",\"@graph\":[{\"@type\":\"WebPage\",\"@id\":\"https:\\\/\\\/kohenavocats.com\\\/ru\\\/jurisprudences\\\/tribunal-darrondissement-6-fevrier-2025-n-2024-10269-2\\\/\",\"url\":\"https:\\\/\\\/kohenavocats.com\\\/ru\\\/jurisprudences\\\/tribunal-darrondissement-6-fevrier-2025-n-2024-10269-2\\\/\",\"name\":\"Tribunal d'arrondissement, 6 f\u00e9vrier 2025, n\u00b0 2024-10269 - Ma\u00eetre Hassan Kohen, avocat en droit p\u00e9nal \u00e0 Paris\",\"isPartOf\":{\"@id\":\"https:\\\/\\\/kohenavocats.com\\\/ru\\\/#website\"},\"datePublished\":\"2026-04-21T17:10:44+00:00\",\"dateModified\":\"2026-04-21T17:10:47+00:00\",\"breadcrumb\":{\"@id\":\"https:\\\/\\\/kohenavocats.com\\\/ru\\\/jurisprudences\\\/tribunal-darrondissement-6-fevrier-2025-n-2024-10269-2\\\/#breadcrumb\"},\"inLanguage\":\"ru-RU\",\"potentialAction\":[{\"@type\":\"ReadAction\",\"target\":[\"https:\\\/\\\/kohenavocats.com\\\/ru\\\/jurisprudences\\\/tribunal-darrondissement-6-fevrier-2025-n-2024-10269-2\\\/\"]}]},{\"@type\":\"BreadcrumbList\",\"@id\":\"https:\\\/\\\/kohenavocats.com\\\/ru\\\/jurisprudences\\\/tribunal-darrondissement-6-fevrier-2025-n-2024-10269-2\\\/#breadcrumb\",\"itemListElement\":[{\"@type\":\"ListItem\",\"position\":1,\"name\":\"Home\",\"item\":\"https:\\\/\\\/kohenavocats.com\\\/ru\\\/avocats-en-droit-penal-a-paris-conseil-et-defense-strategique\\\/\"},{\"@type\":\"ListItem\",\"position\":2,\"name\":\"Jurisprudences\",\"item\":\"https:\\\/\\\/kohenavocats.com\\\/ru\\\/jurisprudences\\\/\"},{\"@type\":\"ListItem\",\"position\":3,\"name\":\"Tribunal d&rsquo;arrondissement, 6 f\u00e9vrier 2025, n\u00b0 2024-10269\"}]},{\"@type\":\"WebSite\",\"@id\":\"https:\\\/\\\/kohenavocats.com\\\/ru\\\/#website\",\"url\":\"https:\\\/\\\/kohenavocats.com\\\/ru\\\/\",\"name\":\"Kohen Avocats\",\"description\":\"Ma\u00eetre Hassan Kohen, avocat p\u00e9naliste \u00e0 Paris, intervient exclusivement en droit p\u00e9nal pour la d\u00e9fense des particuliers, notamment en mati\u00e8re d\u2019accusations de viol. Il assure un accompagnement rigoureux d\u00e8s la garde \u00e0 vue jusqu\u2019\u00e0 la Cour d\u2019assises, veillant au strict respect des garanties proc\u00e9durales.\",\"publisher\":{\"@id\":\"https:\\\/\\\/kohenavocats.com\\\/ru\\\/#organization\"},\"potentialAction\":[{\"@type\":\"SearchAction\",\"target\":{\"@type\":\"EntryPoint\",\"urlTemplate\":\"https:\\\/\\\/kohenavocats.com\\\/ru\\\/?s={search_term_string}\"},\"query-input\":{\"@type\":\"PropertyValueSpecification\",\"valueRequired\":true,\"valueName\":\"search_term_string\"}}],\"inLanguage\":\"ru-RU\"},{\"@type\":\"Organization\",\"@id\":\"https:\\\/\\\/kohenavocats.com\\\/ru\\\/#organization\",\"name\":\"Kohen Avocats\",\"url\":\"https:\\\/\\\/kohenavocats.com\\\/ru\\\/\",\"logo\":{\"@type\":\"ImageObject\",\"inLanguage\":\"ru-RU\",\"@id\":\"https:\\\/\\\/kohenavocats.com\\\/ru\\\/#\\\/schema\\\/logo\\\/image\\\/\",\"url\":\"https:\\\/\\\/kohenavocats.com\\\/wp-content\\\/uploads\\\/2026\\\/01\\\/Logo-2-1.webp\",\"contentUrl\":\"https:\\\/\\\/kohenavocats.com\\\/wp-content\\\/uploads\\\/2026\\\/01\\\/Logo-2-1.webp\",\"width\":2114,\"height\":1253,\"caption\":\"Kohen Avocats\"},\"image\":{\"@id\":\"https:\\\/\\\/kohenavocats.com\\\/ru\\\/#\\\/schema\\\/logo\\\/image\\\/\"}}]}<\/script>\n<!-- \/ Yoast SEO Premium plugin. -->","yoast_head_json":{"title":"Tribunal d'arrondissement, 6 f\u00e9vrier 2025, n\u00b0 2024-10269 - Ma\u00eetre Hassan Kohen, avocat en droit p\u00e9nal \u00e0 Paris","robots":{"index":"index","follow":"follow","max-snippet":"max-snippet:-1","max-image-preview":"max-image-preview:large","max-video-preview":"max-video-preview:-1"},"canonical":"https:\/\/kohenavocats.com\/ru\/jurisprudences\/tribunal-darrondissement-6-fevrier-2025-n-2024-10269-2\/","og_locale":"ru_RU","og_type":"article","og_title":"Tribunal d'arrondissement, 6 f\u00e9vrier 2025, n\u00b0 2024-10269","og_description":"1 No. R\u00f4le:TAL-2024-10269 No.2025TALREFO\/00061 du 06 f\u00e9vrier 2025 Audience publique extraordinaire des r\u00e9f\u00e9r\u00e9s du jeudi, 6 f\u00e9vrier 2025, tenue par Nous Dilia COIMBRA, Vice-Pr\u00e9sidente au Tribunal d\u2019arrondissement de et \u00e0 Luxembourg, si\u00e9geantcomme juge des r\u00e9f\u00e9r\u00e9s, en remplacement de la Pr\u00e9sidente du Tribunal d\u2019arrondissement de et\u2026","og_url":"https:\/\/kohenavocats.com\/ru\/jurisprudences\/tribunal-darrondissement-6-fevrier-2025-n-2024-10269-2\/","og_site_name":"Ma\u00eetre Hassan Kohen, avocat en droit p\u00e9nal \u00e0 Paris","article_modified_time":"2026-04-21T17:10:47+00:00","twitter_card":"summary_large_image","twitter_misc":{"\u041f\u0440\u0438\u043c\u0435\u0440\u043d\u043e\u0435 \u0432\u0440\u0435\u043c\u044f \u0434\u043b\u044f \u0447\u0442\u0435\u043d\u0438\u044f":"4 \u043c\u0438\u043d\u0443\u0442\u044b"},"schema":{"@context":"https:\/\/schema.org","@graph":[{"@type":"WebPage","@id":"https:\/\/kohenavocats.com\/ru\/jurisprudences\/tribunal-darrondissement-6-fevrier-2025-n-2024-10269-2\/","url":"https:\/\/kohenavocats.com\/ru\/jurisprudences\/tribunal-darrondissement-6-fevrier-2025-n-2024-10269-2\/","name":"Tribunal d'arrondissement, 6 f\u00e9vrier 2025, n\u00b0 2024-10269 - Ma\u00eetre Hassan Kohen, avocat en droit p\u00e9nal \u00e0 Paris","isPartOf":{"@id":"https:\/\/kohenavocats.com\/ru\/#website"},"datePublished":"2026-04-21T17:10:44+00:00","dateModified":"2026-04-21T17:10:47+00:00","breadcrumb":{"@id":"https:\/\/kohenavocats.com\/ru\/jurisprudences\/tribunal-darrondissement-6-fevrier-2025-n-2024-10269-2\/#breadcrumb"},"inLanguage":"ru-RU","potentialAction":[{"@type":"ReadAction","target":["https:\/\/kohenavocats.com\/ru\/jurisprudences\/tribunal-darrondissement-6-fevrier-2025-n-2024-10269-2\/"]}]},{"@type":"BreadcrumbList","@id":"https:\/\/kohenavocats.com\/ru\/jurisprudences\/tribunal-darrondissement-6-fevrier-2025-n-2024-10269-2\/#breadcrumb","itemListElement":[{"@type":"ListItem","position":1,"name":"Home","item":"https:\/\/kohenavocats.com\/ru\/avocats-en-droit-penal-a-paris-conseil-et-defense-strategique\/"},{"@type":"ListItem","position":2,"name":"Jurisprudences","item":"https:\/\/kohenavocats.com\/ru\/jurisprudences\/"},{"@type":"ListItem","position":3,"name":"Tribunal d&rsquo;arrondissement, 6 f\u00e9vrier 2025, n\u00b0 2024-10269"}]},{"@type":"WebSite","@id":"https:\/\/kohenavocats.com\/ru\/#website","url":"https:\/\/kohenavocats.com\/ru\/","name":"Kohen Avocats","description":"Ma\u00eetre Hassan Kohen, avocat p\u00e9naliste \u00e0 Paris, intervient exclusivement en droit p\u00e9nal pour la d\u00e9fense des particuliers, notamment en mati\u00e8re d\u2019accusations de viol. Il assure un accompagnement rigoureux d\u00e8s la garde \u00e0 vue jusqu\u2019\u00e0 la Cour d\u2019assises, veillant au strict respect des garanties proc\u00e9durales.","publisher":{"@id":"https:\/\/kohenavocats.com\/ru\/#organization"},"potentialAction":[{"@type":"SearchAction","target":{"@type":"EntryPoint","urlTemplate":"https:\/\/kohenavocats.com\/ru\/?s={search_term_string}"},"query-input":{"@type":"PropertyValueSpecification","valueRequired":true,"valueName":"search_term_string"}}],"inLanguage":"ru-RU"},{"@type":"Organization","@id":"https:\/\/kohenavocats.com\/ru\/#organization","name":"Kohen Avocats","url":"https:\/\/kohenavocats.com\/ru\/","logo":{"@type":"ImageObject","inLanguage":"ru-RU","@id":"https:\/\/kohenavocats.com\/ru\/#\/schema\/logo\/image\/","url":"https:\/\/kohenavocats.com\/wp-content\/uploads\/2026\/01\/Logo-2-1.webp","contentUrl":"https:\/\/kohenavocats.com\/wp-content\/uploads\/2026\/01\/Logo-2-1.webp","width":2114,"height":1253,"caption":"Kohen Avocats"},"image":{"@id":"https:\/\/kohenavocats.com\/ru\/#\/schema\/logo\/image\/"}}]}},"jetpack_likes_enabled":false,"jetpack_sharing_enabled":true,"_links":{"self":[{"href":"https:\/\/kohenavocats.com\/ru\/wp-json\/wp\/v2\/kji_decision\/638991","targetHints":{"allow":["GET"]}}],"collection":[{"href":"https:\/\/kohenavocats.com\/ru\/wp-json\/wp\/v2\/kji_decision"}],"about":[{"href":"https:\/\/kohenavocats.com\/ru\/wp-json\/wp\/v2\/types\/kji_decision"}],"wp:attachment":[{"href":"https:\/\/kohenavocats.com\/ru\/wp-json\/wp\/v2\/media?parent=638991"}],"wp:term":[{"taxonomy":"kji_country","embeddable":true,"href":"https:\/\/kohenavocats.com\/ru\/wp-json\/wp\/v2\/kji_country?post=638991"},{"taxonomy":"kji_court","embeddable":true,"href":"https:\/\/kohenavocats.com\/ru\/wp-json\/wp\/v2\/kji_court?post=638991"},{"taxonomy":"kji_chamber","embeddable":true,"href":"https:\/\/kohenavocats.com\/ru\/wp-json\/wp\/v2\/kji_chamber?post=638991"},{"taxonomy":"kji_year","embeddable":true,"href":"https:\/\/kohenavocats.com\/ru\/wp-json\/wp\/v2\/kji_year?post=638991"},{"taxonomy":"kji_subject","embeddable":true,"href":"https:\/\/kohenavocats.com\/ru\/wp-json\/wp\/v2\/kji_subject?post=638991"},{"taxonomy":"kji_keyword","embeddable":true,"href":"https:\/\/kohenavocats.com\/ru\/wp-json\/wp\/v2\/kji_keyword?post=638991"},{"taxonomy":"kji_language","embeddable":true,"href":"https:\/\/kohenavocats.com\/ru\/wp-json\/wp\/v2\/kji_language?post=638991"}],"curies":[{"name":"wp","href":"https:\/\/api.w.org\/{rel}","templated":true}]}}