{"id":639044,"date":"2026-04-21T19:12:01","date_gmt":"2026-04-21T17:12:01","guid":{"rendered":"https:\/\/kohenavocats.com\/jurisprudences\/tribunal-darrondissement-9-janvier-2025-n-2024-06878\/"},"modified":"2026-04-21T19:12:04","modified_gmt":"2026-04-21T17:12:04","slug":"tribunal-darrondissement-9-janvier-2025-n-2024-06878","status":"publish","type":"kji_decision","link":"https:\/\/kohenavocats.com\/ru\/jurisprudences\/tribunal-darrondissement-9-janvier-2025-n-2024-06878\/","title":{"rendered":"Tribunal d&#8217;arrondissement, 9 janvier 2025, n\u00b0 2024-06878"},"content":{"rendered":"<div class=\"kji-decision\">\n<div class=\"kji-full-text\">\n<p>No. r\u00f4le: TAL-2024-06878 No.2025TALREFO\/00014 du9 juillet 2025 Audience publique extraordinaire des r\u00e9f\u00e9r\u00e9s dujeudi,9 juillet 2025, tenue par Nous Fr\u00e9d\u00e9ric MERSCH, Vice-Pr\u00e9sident au Tribunal d\u2019arrondissement de et \u00e0 Luxembourg, si\u00e9geant comme juge des r\u00e9f\u00e9r\u00e9s, en remplacement du Pr\u00e9sident du Tribunal d\u2019arrondissement de et \u00e0 Luxembourg, assist\u00e9de la greffi\u00e8re assum\u00e9e Lainy PEDROSO HASANOVIC. DANS LA CAUSE E N T R E PERSONNE1.),avocat, demeurant professionnellement \u00e0L-ADRESSE1.), \u00e9lisant domicile en l\u2019\u00e9tude de Ma\u00eetrePhilippe ONIMUS, avocat,professionnellement \u00e0 L-1420 Luxembourg, 5-11, avenue Gaston Diderich, partie demanderesse originaire partie d\u00e9fenderesse sur contreditcomparant par Ma\u00eetreFlorenceJOYEUX,en remplacement de Ma\u00eetre Philippe ONIMUS, avocat, les deux demeurant \u00e0 Luxembourg, E T la soci\u00e9t\u00e9SOCIETE1.)ayant son si\u00e8ge social \u00e0L-ADRESSE2.),inscrite au Registre de Commerce et des Soci\u00e9t\u00e9s de Luxembourg sous le num\u00e9roNUMERO1.),repr\u00e9sent\u00e9e parsong\u00e9rantactuellement en fonctions, partied\u00e9fenderesse originaire partie demanderesse par contreditne comparant pas \u00e0 l\u2019audience. F A I T S :<\/p>\n<p>Suite au contredit form\u00e9 le2 juillet2024parla soci\u00e9t\u00e9SOCIETE1.)contre l\u2019ordonnance conditionnelle de paiementnum\u00e9ro2024TALORDP\/00286d\u00e9livr\u00e9ele14 mai2024et luinotifi\u00e9e en date du17 mai2024, les parties furent convoqu\u00e9es \u00e0 l\u2019audience publique des r\u00e9f\u00e9r\u00e9s ordinairesdu lundiapr\u00e8s-midi,30 septembre2024. Apr\u00e8suneremise, l\u2019affaire fut utilement retenue \u00e0 l\u2019audience dulundi apr\u00e8s-midi,9 d\u00e9cembre2024, lors de laquelleMa\u00eetre Florence JOYEUXfut entendueen sesmoyens etexplications. La soci\u00e9t\u00e9SOCIETE1.)ne comparut pas \u00e0 l\u2019audience. Sur ce le juge prit l\u2019affaire en d\u00e9lib\u00e9r\u00e9 et rendit \u00e0 l\u2019audience publique extraordinaire des r\u00e9f\u00e9r\u00e9s de ce jour l\u2019 O R D O N N A N C E qui suit: Par requ\u00eate du2 mai2024, d\u00e9pos\u00e9e le3 mai2024 au greffe du tribunal,PERSONNE1.) a requis la d\u00e9livrance d\u2019une ordonnance conditionnelle de paiement \u00e0 l\u2019\u00e9gard dela soci\u00e9t\u00e9SOCIETE1.)pour un montant de 18.101,78,-euros, avec les int\u00e9r\u00eats l\u00e9gaux \u00e0 compter de la notification de l\u2019ordonnance jusqu\u2019\u00e0 solde. Suivant ordonnance conditionnelle de paiement num\u00e9ro 2024TALORDP\/00286, d\u00e9livr\u00e9e le 14 mai 2024 et notifi\u00e9e \u00e0 la soci\u00e9t\u00e9SOCIETE1.)en date du 28 juin 2024, il a \u00e9t\u00e9 fait droit \u00e0 la susdite requ\u00eate et, partant, enjoint \u00e0 ce dernier de payer \u00e0 PERSONNE1.)la somme de 18.101,78,-euros avec les int\u00e9r\u00eats l\u00e9gaux \u00e0 partir du jour de la notification de l\u2019ordonnance, jusqu\u2019\u00e0 solde. Par lettre du 30 juin 2024, d\u00e9pos\u00e9e le 2 juillet 2024 au greffe du tribunal, la soci\u00e9t\u00e9 SOCIETE1.)a form\u00e9 contredit contre cette ordonnance conditionnelle de paiement. La requ\u00eate initiale est bas\u00e9e sur l\u2019article 919 du Nouveau Code de proc\u00e9dure civile, qui dispose que le juge peut accorder une provision au cr\u00e9ancier dans les cas o\u00f9 l\u2019existence de l\u2019obligation n\u2019est pas s\u00e9rieusement contestable. Cette disposition rejointcelle qui figure \u00e0 l\u2019article 933, alin\u00e9a 2 du m\u00eame code. L\u2019ordonnance sur requ\u00eate \u00e9tant rendue sans d\u00e9bat contradictoire pr\u00e9alable, le contredit a pour effet de soumettre la demande en obtention d\u2019une provision \u00e0 un d\u00e9bat contradictoire. Il appartient au juge saisi d\u2019appr\u00e9cier dans le cadre du d\u00e9bat contradictoire si les contestations avanc\u00e9es parla soci\u00e9t\u00e9SOCIETE1.), de nature \u00e0 faire \u00e9chec \u00e0 la demande en provision dePERSONNE1.).<\/p>\n<p>Bien que r\u00e9guli\u00e8rement convoqu\u00e9 \u00e0 l\u2019audience du 9 d\u00e9cembre 2024,la soci\u00e9t\u00e9 SOCIETE1.)ne s\u2019est pas pr\u00e9sent\u00e9 \u00e0 l\u2019audience pour soutenir ou d\u00e9velopper les moyens soulev\u00e9s dans son contredit. Celui-ci est partant \u00e0 d\u00e9clarer non fond\u00e9 sur base de l\u2019article 919 du Nouveau Code de proc\u00e9dure civile. Il y a partant lieu de faire droit \u00e0 la demande en paiement dePERSONNE1.)pour le montant de 18.101,78,-euros avec les int\u00e9r\u00eats l\u00e9gaux \u00e0 partir du 14 mai 2024, jusqu\u2019\u00e0 solde. P A R C E S M O T I F S NousFr\u00e9d\u00e9ric MERSCH,Vice-Pr\u00e9sidentau Tribunal d\u2019arrondissement de et \u00e0 Luxembourg, si\u00e9geant comme juge des r\u00e9f\u00e9r\u00e9s, en remplacement du Pr\u00e9sident du Tribunal d\u2019arrondissement de et \u00e0 Luxembourg, statuant contradictoirement, recevons le contredit en la forme ; auprincipal renvoyons les parties \u00e0 se pourvoir devant qui de droit, mais d\u00e8s \u00e0 pr\u00e9sent et par provision, d\u00e9clarons le contredit recevable mais non fond\u00e9; partant, condamnonsla soci\u00e9t\u00e9SOCIETE1.)\u00e0 payer \u00e0PERSONNE1.)la somme de 18.101,78,- euros avec les int\u00e9r\u00eats l\u00e9gaux \u00e0 partir du 14 mai 2024, jusqu\u2019\u00e0 solde; condamnonsla soci\u00e9t\u00e9SOCIETE1.)auxfrais et d\u00e9pens de l\u2019instance; ordonnons l\u2019ex\u00e9cution provisoire de la pr\u00e9sente ordonnance nonobstant toute voie de recours et sans caution.<\/p>\n<\/div>\n<hr class=\"kji-sep\" \/>\n<p class=\"kji-source-links\"><strong>Sources officielles :<\/strong> <a class=\"kji-source-link\" href=\"https:\/\/data.public.lu\/fr\/datasets\/tribunal-darrondissement-luxembourg-refere\/\" target=\"_blank\" rel=\"noopener noreferrer\">consulter la page source<\/a> &middot; <a class=\"kji-pdf-link\" href=\"https:\/\/download.data.public.lu\/resources\/tribunal-darrondissement-luxembourg-refere\/20250714-012329\/20250109-talref-tal-2024-06878-pseudonymise-accessible.pdf\" target=\"_blank\" rel=\"noopener noreferrer\">PDF officiel<\/a><\/p>\n<p class=\"kji-license-note\"><em>Licence CC BY-ND 4.0 (Administration judiciaire, data.public.lu). Republication autorisee avec attribution, sans modification editoriale du texte integral.<\/em><\/p>\n<\/div>\n","protected":false},"excerpt":{"rendered":"<p>No. r\u00f4le: TAL-2024-06878 No.2025TALREFO\/00014 du9 juillet 2025 Audience publique extraordinaire des r\u00e9f\u00e9r\u00e9s dujeudi,9 juillet 2025, tenue par Nous Fr\u00e9d\u00e9ric MERSCH, Vice-Pr\u00e9sident au Tribunal d\u2019arrondissement de et \u00e0 Luxembourg, si\u00e9geant comme juge des r\u00e9f\u00e9r\u00e9s, en remplacement du Pr\u00e9sident du Tribunal d\u2019arrondissement de et \u00e0 Luxembourg, assist\u00e9de\u2026<\/p>\n","protected":false},"featured_media":0,"template":"","meta":{"_crdt_document":""},"kji_country":[8418],"kji_court":[23583],"kji_chamber":[18768],"kji_year":[8463],"kji_subject":[7646],"kji_keyword":[23584,8460,7636],"kji_language":[7733],"class_list":["post-639044","kji_decision","type-kji_decision","status-publish","hentry","kji_country-luxembourg","kji_court-tribunal-darrondissement","kji_chamber-refere","kji_year-8463","kji_subject-divers","kji_keyword-arrondissement","kji_keyword-janvier","kji_keyword-tribunal","kji_language-francais"],"yoast_head":"<!-- This site is optimized with the Yoast SEO Premium plugin v27.5 (Yoast SEO v27.5) - https:\/\/yoast.com\/product\/yoast-seo-premium-wordpress\/ -->\n<title>Tribunal d&#039;arrondissement, 9 janvier 2025, n\u00b0 2024-06878 - Ma\u00eetre Hassan Kohen, avocat en droit p\u00e9nal \u00e0 Paris<\/title>\n<meta name=\"robots\" content=\"index, follow, max-snippet:-1, max-image-preview:large, max-video-preview:-1\" \/>\n<link rel=\"canonical\" href=\"https:\/\/kohenavocats.com\/ru\/jurisprudences\/tribunal-darrondissement-9-janvier-2025-n-2024-06878\/\" \/>\n<meta property=\"og:locale\" content=\"ru_RU\" \/>\n<meta property=\"og:type\" content=\"article\" \/>\n<meta property=\"og:title\" content=\"Tribunal d&#039;arrondissement, 9 janvier 2025, n\u00b0 2024-06878\" \/>\n<meta property=\"og:description\" content=\"No. r\u00f4le: TAL-2024-06878 No.2025TALREFO\/00014 du9 juillet 2025 Audience publique extraordinaire des r\u00e9f\u00e9r\u00e9s dujeudi,9 juillet 2025, tenue par Nous Fr\u00e9d\u00e9ric MERSCH, Vice-Pr\u00e9sident au Tribunal d\u2019arrondissement de et \u00e0 Luxembourg, si\u00e9geant comme juge des r\u00e9f\u00e9r\u00e9s, en remplacement du Pr\u00e9sident du Tribunal d\u2019arrondissement de et \u00e0 Luxembourg, assist\u00e9de\u2026\" \/>\n<meta property=\"og:url\" content=\"https:\/\/kohenavocats.com\/ru\/jurisprudences\/tribunal-darrondissement-9-janvier-2025-n-2024-06878\/\" \/>\n<meta property=\"og:site_name\" content=\"Ma\u00eetre Hassan Kohen, avocat en droit p\u00e9nal \u00e0 Paris\" \/>\n<meta property=\"article:modified_time\" content=\"2026-04-21T17:12:04+00:00\" \/>\n<meta name=\"twitter:card\" content=\"summary_large_image\" \/>\n<meta name=\"twitter:label1\" content=\"\u041f\u0440\u0438\u043c\u0435\u0440\u043d\u043e\u0435 \u0432\u0440\u0435\u043c\u044f \u0434\u043b\u044f \u0447\u0442\u0435\u043d\u0438\u044f\" \/>\n\t<meta name=\"twitter:data1\" content=\"4 \u043c\u0438\u043d\u0443\u0442\u044b\" \/>\n<script type=\"application\/ld+json\" class=\"yoast-schema-graph\">{\"@context\":\"https:\\\/\\\/schema.org\",\"@graph\":[{\"@type\":\"WebPage\",\"@id\":\"https:\\\/\\\/kohenavocats.com\\\/ru\\\/jurisprudences\\\/tribunal-darrondissement-9-janvier-2025-n-2024-06878\\\/\",\"url\":\"https:\\\/\\\/kohenavocats.com\\\/ru\\\/jurisprudences\\\/tribunal-darrondissement-9-janvier-2025-n-2024-06878\\\/\",\"name\":\"Tribunal d'arrondissement, 9 janvier 2025, n\u00b0 2024-06878 - Ma\u00eetre Hassan Kohen, avocat en droit p\u00e9nal \u00e0 Paris\",\"isPartOf\":{\"@id\":\"https:\\\/\\\/kohenavocats.com\\\/ru\\\/#website\"},\"datePublished\":\"2026-04-21T17:12:01+00:00\",\"dateModified\":\"2026-04-21T17:12:04+00:00\",\"breadcrumb\":{\"@id\":\"https:\\\/\\\/kohenavocats.com\\\/ru\\\/jurisprudences\\\/tribunal-darrondissement-9-janvier-2025-n-2024-06878\\\/#breadcrumb\"},\"inLanguage\":\"ru-RU\",\"potentialAction\":[{\"@type\":\"ReadAction\",\"target\":[\"https:\\\/\\\/kohenavocats.com\\\/ru\\\/jurisprudences\\\/tribunal-darrondissement-9-janvier-2025-n-2024-06878\\\/\"]}]},{\"@type\":\"BreadcrumbList\",\"@id\":\"https:\\\/\\\/kohenavocats.com\\\/ru\\\/jurisprudences\\\/tribunal-darrondissement-9-janvier-2025-n-2024-06878\\\/#breadcrumb\",\"itemListElement\":[{\"@type\":\"ListItem\",\"position\":1,\"name\":\"Home\",\"item\":\"https:\\\/\\\/kohenavocats.com\\\/ru\\\/avocats-en-droit-penal-a-paris-conseil-et-defense-strategique\\\/\"},{\"@type\":\"ListItem\",\"position\":2,\"name\":\"Jurisprudences\",\"item\":\"https:\\\/\\\/kohenavocats.com\\\/ru\\\/jurisprudences\\\/\"},{\"@type\":\"ListItem\",\"position\":3,\"name\":\"Tribunal d&rsquo;arrondissement, 9 janvier 2025, n\u00b0 2024-06878\"}]},{\"@type\":\"WebSite\",\"@id\":\"https:\\\/\\\/kohenavocats.com\\\/ru\\\/#website\",\"url\":\"https:\\\/\\\/kohenavocats.com\\\/ru\\\/\",\"name\":\"Kohen Avocats\",\"description\":\"Ma\u00eetre Hassan Kohen, avocat p\u00e9naliste \u00e0 Paris, intervient exclusivement en droit p\u00e9nal pour la d\u00e9fense des particuliers, notamment en mati\u00e8re d\u2019accusations de viol. Il assure un accompagnement rigoureux d\u00e8s la garde \u00e0 vue jusqu\u2019\u00e0 la Cour d\u2019assises, veillant au strict respect des garanties proc\u00e9durales.\",\"publisher\":{\"@id\":\"https:\\\/\\\/kohenavocats.com\\\/ru\\\/#organization\"},\"potentialAction\":[{\"@type\":\"SearchAction\",\"target\":{\"@type\":\"EntryPoint\",\"urlTemplate\":\"https:\\\/\\\/kohenavocats.com\\\/ru\\\/?s={search_term_string}\"},\"query-input\":{\"@type\":\"PropertyValueSpecification\",\"valueRequired\":true,\"valueName\":\"search_term_string\"}}],\"inLanguage\":\"ru-RU\"},{\"@type\":\"Organization\",\"@id\":\"https:\\\/\\\/kohenavocats.com\\\/ru\\\/#organization\",\"name\":\"Kohen Avocats\",\"url\":\"https:\\\/\\\/kohenavocats.com\\\/ru\\\/\",\"logo\":{\"@type\":\"ImageObject\",\"inLanguage\":\"ru-RU\",\"@id\":\"https:\\\/\\\/kohenavocats.com\\\/ru\\\/#\\\/schema\\\/logo\\\/image\\\/\",\"url\":\"https:\\\/\\\/kohenavocats.com\\\/wp-content\\\/uploads\\\/2026\\\/01\\\/Logo-2-1.webp\",\"contentUrl\":\"https:\\\/\\\/kohenavocats.com\\\/wp-content\\\/uploads\\\/2026\\\/01\\\/Logo-2-1.webp\",\"width\":2114,\"height\":1253,\"caption\":\"Kohen Avocats\"},\"image\":{\"@id\":\"https:\\\/\\\/kohenavocats.com\\\/ru\\\/#\\\/schema\\\/logo\\\/image\\\/\"}}]}<\/script>\n<!-- \/ Yoast SEO Premium plugin. -->","yoast_head_json":{"title":"Tribunal d'arrondissement, 9 janvier 2025, n\u00b0 2024-06878 - Ma\u00eetre Hassan Kohen, avocat en droit p\u00e9nal \u00e0 Paris","robots":{"index":"index","follow":"follow","max-snippet":"max-snippet:-1","max-image-preview":"max-image-preview:large","max-video-preview":"max-video-preview:-1"},"canonical":"https:\/\/kohenavocats.com\/ru\/jurisprudences\/tribunal-darrondissement-9-janvier-2025-n-2024-06878\/","og_locale":"ru_RU","og_type":"article","og_title":"Tribunal d'arrondissement, 9 janvier 2025, n\u00b0 2024-06878","og_description":"No. r\u00f4le: TAL-2024-06878 No.2025TALREFO\/00014 du9 juillet 2025 Audience publique extraordinaire des r\u00e9f\u00e9r\u00e9s dujeudi,9 juillet 2025, tenue par Nous Fr\u00e9d\u00e9ric MERSCH, Vice-Pr\u00e9sident au Tribunal d\u2019arrondissement de et \u00e0 Luxembourg, si\u00e9geant comme juge des r\u00e9f\u00e9r\u00e9s, en remplacement du Pr\u00e9sident du Tribunal d\u2019arrondissement de et \u00e0 Luxembourg, assist\u00e9de\u2026","og_url":"https:\/\/kohenavocats.com\/ru\/jurisprudences\/tribunal-darrondissement-9-janvier-2025-n-2024-06878\/","og_site_name":"Ma\u00eetre Hassan Kohen, avocat en droit p\u00e9nal \u00e0 Paris","article_modified_time":"2026-04-21T17:12:04+00:00","twitter_card":"summary_large_image","twitter_misc":{"\u041f\u0440\u0438\u043c\u0435\u0440\u043d\u043e\u0435 \u0432\u0440\u0435\u043c\u044f \u0434\u043b\u044f \u0447\u0442\u0435\u043d\u0438\u044f":"4 \u043c\u0438\u043d\u0443\u0442\u044b"},"schema":{"@context":"https:\/\/schema.org","@graph":[{"@type":"WebPage","@id":"https:\/\/kohenavocats.com\/ru\/jurisprudences\/tribunal-darrondissement-9-janvier-2025-n-2024-06878\/","url":"https:\/\/kohenavocats.com\/ru\/jurisprudences\/tribunal-darrondissement-9-janvier-2025-n-2024-06878\/","name":"Tribunal d'arrondissement, 9 janvier 2025, n\u00b0 2024-06878 - Ma\u00eetre Hassan Kohen, avocat en droit p\u00e9nal \u00e0 Paris","isPartOf":{"@id":"https:\/\/kohenavocats.com\/ru\/#website"},"datePublished":"2026-04-21T17:12:01+00:00","dateModified":"2026-04-21T17:12:04+00:00","breadcrumb":{"@id":"https:\/\/kohenavocats.com\/ru\/jurisprudences\/tribunal-darrondissement-9-janvier-2025-n-2024-06878\/#breadcrumb"},"inLanguage":"ru-RU","potentialAction":[{"@type":"ReadAction","target":["https:\/\/kohenavocats.com\/ru\/jurisprudences\/tribunal-darrondissement-9-janvier-2025-n-2024-06878\/"]}]},{"@type":"BreadcrumbList","@id":"https:\/\/kohenavocats.com\/ru\/jurisprudences\/tribunal-darrondissement-9-janvier-2025-n-2024-06878\/#breadcrumb","itemListElement":[{"@type":"ListItem","position":1,"name":"Home","item":"https:\/\/kohenavocats.com\/ru\/avocats-en-droit-penal-a-paris-conseil-et-defense-strategique\/"},{"@type":"ListItem","position":2,"name":"Jurisprudences","item":"https:\/\/kohenavocats.com\/ru\/jurisprudences\/"},{"@type":"ListItem","position":3,"name":"Tribunal d&rsquo;arrondissement, 9 janvier 2025, n\u00b0 2024-06878"}]},{"@type":"WebSite","@id":"https:\/\/kohenavocats.com\/ru\/#website","url":"https:\/\/kohenavocats.com\/ru\/","name":"Kohen Avocats","description":"Ma\u00eetre Hassan Kohen, avocat p\u00e9naliste \u00e0 Paris, intervient exclusivement en droit p\u00e9nal pour la d\u00e9fense des particuliers, notamment en mati\u00e8re d\u2019accusations de viol. Il assure un accompagnement rigoureux d\u00e8s la garde \u00e0 vue jusqu\u2019\u00e0 la Cour d\u2019assises, veillant au strict respect des garanties proc\u00e9durales.","publisher":{"@id":"https:\/\/kohenavocats.com\/ru\/#organization"},"potentialAction":[{"@type":"SearchAction","target":{"@type":"EntryPoint","urlTemplate":"https:\/\/kohenavocats.com\/ru\/?s={search_term_string}"},"query-input":{"@type":"PropertyValueSpecification","valueRequired":true,"valueName":"search_term_string"}}],"inLanguage":"ru-RU"},{"@type":"Organization","@id":"https:\/\/kohenavocats.com\/ru\/#organization","name":"Kohen Avocats","url":"https:\/\/kohenavocats.com\/ru\/","logo":{"@type":"ImageObject","inLanguage":"ru-RU","@id":"https:\/\/kohenavocats.com\/ru\/#\/schema\/logo\/image\/","url":"https:\/\/kohenavocats.com\/wp-content\/uploads\/2026\/01\/Logo-2-1.webp","contentUrl":"https:\/\/kohenavocats.com\/wp-content\/uploads\/2026\/01\/Logo-2-1.webp","width":2114,"height":1253,"caption":"Kohen Avocats"},"image":{"@id":"https:\/\/kohenavocats.com\/ru\/#\/schema\/logo\/image\/"}}]}},"jetpack_likes_enabled":false,"jetpack_sharing_enabled":true,"_links":{"self":[{"href":"https:\/\/kohenavocats.com\/ru\/wp-json\/wp\/v2\/kji_decision\/639044","targetHints":{"allow":["GET"]}}],"collection":[{"href":"https:\/\/kohenavocats.com\/ru\/wp-json\/wp\/v2\/kji_decision"}],"about":[{"href":"https:\/\/kohenavocats.com\/ru\/wp-json\/wp\/v2\/types\/kji_decision"}],"wp:attachment":[{"href":"https:\/\/kohenavocats.com\/ru\/wp-json\/wp\/v2\/media?parent=639044"}],"wp:term":[{"taxonomy":"kji_country","embeddable":true,"href":"https:\/\/kohenavocats.com\/ru\/wp-json\/wp\/v2\/kji_country?post=639044"},{"taxonomy":"kji_court","embeddable":true,"href":"https:\/\/kohenavocats.com\/ru\/wp-json\/wp\/v2\/kji_court?post=639044"},{"taxonomy":"kji_chamber","embeddable":true,"href":"https:\/\/kohenavocats.com\/ru\/wp-json\/wp\/v2\/kji_chamber?post=639044"},{"taxonomy":"kji_year","embeddable":true,"href":"https:\/\/kohenavocats.com\/ru\/wp-json\/wp\/v2\/kji_year?post=639044"},{"taxonomy":"kji_subject","embeddable":true,"href":"https:\/\/kohenavocats.com\/ru\/wp-json\/wp\/v2\/kji_subject?post=639044"},{"taxonomy":"kji_keyword","embeddable":true,"href":"https:\/\/kohenavocats.com\/ru\/wp-json\/wp\/v2\/kji_keyword?post=639044"},{"taxonomy":"kji_language","embeddable":true,"href":"https:\/\/kohenavocats.com\/ru\/wp-json\/wp\/v2\/kji_language?post=639044"}],"curies":[{"name":"wp","href":"https:\/\/api.w.org\/{rel}","templated":true}]}}