{"id":639067,"date":"2026-04-21T19:16:39","date_gmt":"2026-04-21T17:16:39","guid":{"rendered":"https:\/\/kohenavocats.com\/jurisprudences\/tribunal-darrondissement-29-novembre-2024-n-2024-08919\/"},"modified":"2026-04-21T19:16:42","modified_gmt":"2026-04-21T17:16:42","slug":"tribunal-darrondissement-29-novembre-2024-n-2024-08919","status":"publish","type":"kji_decision","link":"https:\/\/kohenavocats.com\/ru\/jurisprudences\/tribunal-darrondissement-29-novembre-2024-n-2024-08919\/","title":{"rendered":"Tribunal d&#8217;arrondissement, 29 novembre 2024, n\u00b0 2024-08919"},"content":{"rendered":"<div class=\"kji-decision\">\n<div class=\"kji-full-text\">\n<p>No. R\u00f4le:TAL-2024-08919 No.2024TALREFO\/00509 du29 novembre2024 Audience publique extraordinaire des r\u00e9f\u00e9r\u00e9s duvendredi,29 novembre2024, tenue par NousPhilippe WADL\u00c9, premier jugeau Tribunal d\u2019arrondissement de et \u00e0 Luxembourg, si\u00e9geant comme juge des r\u00e9f\u00e9r\u00e9s, en remplacementduPr\u00e9sident du Tribunal d\u2019arrondissement de et \u00e0 Luxembourg, assist\u00e9de la greffi\u00e8re assum\u00e9e Carole STARCK. DANS LA CAUSE E N T R E la soci\u00e9t\u00e9 \u00e0 responsabilit\u00e9 limit\u00e9eSOCIETE1.)S.\u00e0r.l., \u00e9tablie et ayant son si\u00e8ge social \u00e0 ADRESSE1.), inscrite au registre de commerceet des soci\u00e9t\u00e9s de Luxembourg sous le num\u00e9roNUMERO1.), repr\u00e9sent\u00e9e par son\/ses g\u00e9rant(s)actuellementen fonctions, \u00e9lisantdomicile en l\u2019\u00e9tude de Ma\u00eetreAnne ROTH-JANVIER, avocat, demeurant \u00e0 Luxembourg, partie demanderessecomparant par Ma\u00eetreMaxime FLORIMOND, avocat,en remplacement de Ma\u00eetre Anne ROTH-JANVIER, avocat, les deuxdemeurant \u00e0 Luxembourg, E T la soci\u00e9t\u00e9 \u00e0 responsabilit\u00e9 limit\u00e9eSOCIETE2.)S.\u00e0r.l., \u00e9tablie et ayant son si\u00e8ge social \u00e0 ADRESSE2.),inscrite au registre de commerce et des soci\u00e9t\u00e9s de Luxembourg sous le num\u00e9roNUMERO2.), repr\u00e9sent\u00e9e par son\/ses g\u00e9rant(s) actuellement en fonctions, partie d\u00e9fenderessecomparant par Ma\u00eetreGilles SCRIPNITSCHENKO, avocat, demeurant \u00e0Luxembourg. F A I T S :<\/p>\n<p>A l\u2019appel de la cause \u00e0 l\u2019audience publique des r\u00e9f\u00e9r\u00e9s ordinaires du lundimatin, 25 novembre 2024, Ma\u00eetreMaxime FLORIMONDdonna lecture de l\u2019assignation ci-avant transcrite et exposa ses moyens. Ma\u00eetreGillesSCRIPNITSCHENKOfutentendu en ses explications. Sur ce le juge prit l\u2019affaire en d\u00e9lib\u00e9r\u00e9 et rendit \u00e0 l\u2019audience publique extraordinaire des r\u00e9f\u00e9r\u00e9s de ce jour l\u2019 O R D O N N A N C E qui suit: Par exploit d\u2019huissier de justice du 29 octobre 2024,la soci\u00e9t\u00e9 \u00e0 responsabilit\u00e9 limit\u00e9e SOCIETE1.)S.\u00e0 r.l.(ci-apr\u00e8s \u00abla soci\u00e9t\u00e9SOCIETE1.)\u00bb) afait donner assignation \u00e0la soci\u00e9t\u00e9 \u00e0 responsabilit\u00e9 limit\u00e9eSOCIETE2.)S.\u00e0 r.l.(ci-apr\u00e8s \u00abla soci\u00e9t\u00e9SOCIETE2.)\u00bb) \u00e0 compara\u00eetre devant le Pr\u00e9sident du Tribunal d\u2019arrondissement de et \u00e0 Luxembourg, si\u00e9geant comme juge des r\u00e9f\u00e9r\u00e9s, pour voir nommer un expert avec la mission telle que libell\u00e9e au dispositif de son assignation, sur base de l\u2019article 350 du Nouveau Codede proc\u00e9dure civile, sinon sur le fondement de l\u2019article 932 du Nouveau Code de proc\u00e9dure civile, sinon sur base de l\u2019article 933 du m\u00eame code. A l\u2019audience publique du 25 novembre 2024,la soci\u00e9t\u00e9SOCIETE2.)a marqu\u00e9 son accord avec la mesure d\u2019instruction sollicit\u00e9e, sans reconnaissance ni renonciation pr\u00e9judiciable aucune dans son chef et sous toutes r\u00e9serves g\u00e9n\u00e9ralement quelconques \u00e0 faire valoir devant les juridictions du fond. La mesure d\u2019instruction sollicit\u00e9e n\u2019\u00e9tant pas autrement contest\u00e9e et les conditions d\u2019application de l\u2019article 350 du Nouveau Code de proc\u00e9dure civile \u00e9tant r\u00e9unies au vu des pi\u00e8ces vers\u00e9es etdesrenseignements fournis, il y a lieu de faire droit \u00e0 la demande d\u2019expertise judiciaire. Les parties se sont en outre accord\u00e9es sur le libell\u00e9 de la mission d\u2019expertise, de sorte qu\u2019il y a lieude nommer un expert avec la mission plus amplement d\u00e9taill\u00e9e au dispositif de la pr\u00e9sente ordonnance. Quant au choix de l\u2019expert, le tribunal, qui dispose en la mati\u00e8re d\u2019un pouvoir d\u2019appr\u00e9ciation discr\u00e9tionnaire, d\u00e9cide, au vu des \u00e9l\u00e9ments du dossier et des positions respectives exprim\u00e9es par les parties \u00e0 l\u2019audience, de chargerChristian R. ROBERT comme expert. Le r\u00e9f\u00e9r\u00e9 probatoire \u00e9tant institu\u00e9 dans l\u2019int\u00e9r\u00eat essentiellement probatoire du (ou des) demandeur(s), il appartient \u00e0la soci\u00e9t\u00e9SOCIETE1.)de faire l\u2019avance des frais d\u2019expertise. P A R C E S M O T I F S<\/p>\n<p>Nous Philippe WADL\u00c9, premier juge au Tribunal d\u2019arrondissement de et \u00e0 Luxembourg, si\u00e9geant comme juge des r\u00e9f\u00e9r\u00e9s, en remplacement du Pr\u00e9sident du Tribunal d\u2019arrondissement de et \u00e0 Luxembourg, statuant contradictoirement, recevons la demande en la forme; Nous d\u00e9claronscomp\u00e9tent pour en conna\u00eetre; au principal renvoyons les parties \u00e0 se pourvoir devant qui de droit, mais d\u00e8s \u00e0 pr\u00e9sent et par provision, sur base de l\u2019article 350 du Nouveau Code de proc\u00e9dure civile, ordonnons une expertise et commettons pour y proc\u00e9der l\u2019expertChristian R. ROBERT, demeurant professionnellement \u00e0 L-6793 Grevenmacher, 97, route de Tr\u00e8ves, avecla mission de concilier les parties si faire se peut, sinon dans un rapport \u00e9crit, d\u00e9taill\u00e9 et motiv\u00e9 de : 1)Dresser un constat contradictoire d\u00e9taill\u00e9 de l\u2019\u00e9tat des travaux de gros-\u0153uvre r\u00e9alis\u00e9s par la partie assign\u00e9e dans l\u2019int\u00e9r\u00eat du chantier de construction de 3 maisons de 9 appartements, sis \u00e0ADRESSE3.), 2)Constater le cas \u00e9ch\u00e9ant les inach\u00e8vements et inex\u00e9cutions par rapport aucontrat d\u2019entreprise du 21 juin 2024et aux accords entre parties, 3)D\u00e9terminer les co\u00fbts des travaux en souffrance, 4)V\u00e9rifier si les travaux d\u2019ores et d\u00e9j\u00e0 r\u00e9alis\u00e9s par la partie assign\u00e9e sont affect\u00e9sde vices et malfa\u00e7ons, respectivement s\u2019ils sont conformes aux r\u00e8gles de l\u2019art, 5)D\u00e9crire le cas \u00e9ch\u00e9ant les moyens \u00e0 mettre en \u0153uvre afin d\u2019y rem\u00e9dier defa\u00e7on d\u00e9finitive, 6)D\u00e9terminer les co\u00fbts de ces moyens \u00e0 mettre en\u0153uvre, 7)D\u00e9terminer le cas \u00e9ch\u00e9ant la moins-value affectant ledit immeuble, 8)Comparer l\u2019\u00e9tat des travaux r\u00e9ellement ex\u00e9cut\u00e9s avec la facturation \u00e9mise parla partie d\u00e9fenderesse, 9)Chiffrer l\u2019\u00e9ventueltrop-per\u00e7u par la d\u00e9fenderesse, ou les montants encore redus\u00e0 la partie d\u00e9fenderesse,le cas \u00e9ch\u00e9ant, 10)Faire le d\u00e9compte entre parties;<\/p>\n<p>disons que l\u2019expert pourras\u2019entourer de tous renseignements utiles \u00e0 l\u2019accomplissement de la mission lui confi\u00e9e et entendre m\u00eame des tierces personnes ; disons qu\u2019en cas de difficult\u00e9 d\u2019ex\u00e9cution de la mission d\u2019expertise, il Nous en sera fait rapport; ordonnons\u00e0la soci\u00e9t\u00e9 \u00e0 responsabilit\u00e9 limit\u00e9eSOCIETE1.)S.\u00e0 r.l.de payer \u00e0 l\u2019expert la somme de2.000,-eurosau plus tard le20 d\u00e9cembre2024\u00e0 titre de provision \u00e0 valoir sur la r\u00e9mun\u00e9ration de l\u2019expert ou \u00e0 un \u00e9tablissement de cr\u00e9dit \u00e0 convenir entre parties au litige, et d\u2019en justifier au greffe du tribunal ; disons que si ses honoraires devaient d\u00e9passer le montant de la provision vers\u00e9e, l\u2019expert devra Nous en avertir ; disons qu\u2019en cas d\u2019emp\u00eachement de l\u2019expert commis, il sera proc\u00e9d\u00e9 \u00e0 son remplacement par simple ordonnance prise en Notre cabinet; disons que l\u2019expert devra d\u00e9poser son rapport au greffe du tribunal le30mai 2025au plus tard ; ordonnons l\u2019ex\u00e9cution provisoire de la pr\u00e9sente ordonnance nonobstant toute voie de recours et sans caution; r\u00e9servonsles droits des partiesainsi que les frais et d\u00e9pens.<\/p>\n<\/div>\n<hr class=\"kji-sep\" \/>\n<p class=\"kji-source-links\"><strong>Sources officielles :<\/strong> <a class=\"kji-source-link\" href=\"https:\/\/data.public.lu\/fr\/datasets\/tribunal-darrondissement-luxembourg-refere\/\" target=\"_blank\" rel=\"noopener noreferrer\">consulter la page source<\/a> &middot; <a class=\"kji-pdf-link\" href=\"https:\/\/download.data.public.lu\/resources\/tribunal-darrondissement-luxembourg-refere\/20250331-011109\/20241129-talref-tal-2024-08919-pseudonymise-accessible.pdf\" target=\"_blank\" rel=\"noopener noreferrer\">PDF officiel<\/a><\/p>\n<p class=\"kji-license-note\"><em>Licence CC BY-ND 4.0 (Administration judiciaire, data.public.lu). Republication autorisee avec attribution, sans modification editoriale du texte integral.<\/em><\/p>\n<\/div>\n","protected":false},"excerpt":{"rendered":"<p>No. R\u00f4le:TAL-2024-08919 No.2024TALREFO\/00509 du29 novembre2024 Audience publique extraordinaire des r\u00e9f\u00e9r\u00e9s duvendredi,29 novembre2024, tenue par NousPhilippe WADL\u00c9, premier jugeau Tribunal d\u2019arrondissement de et \u00e0 Luxembourg, si\u00e9geant comme juge des r\u00e9f\u00e9r\u00e9s, en remplacementduPr\u00e9sident du Tribunal d\u2019arrondissement de et \u00e0 Luxembourg, assist\u00e9de la greffi\u00e8re assum\u00e9e Carole STARCK. DANS\u2026<\/p>\n","protected":false},"featured_media":0,"template":"","meta":{"_crdt_document":""},"kji_country":[8418],"kji_court":[23583],"kji_chamber":[18768],"kji_year":[8677],"kji_subject":[7646],"kji_keyword":[23584,8576,7636],"kji_language":[7733],"class_list":["post-639067","kji_decision","type-kji_decision","status-publish","hentry","kji_country-luxembourg","kji_court-tribunal-darrondissement","kji_chamber-refere","kji_year-8677","kji_subject-divers","kji_keyword-arrondissement","kji_keyword-novembre","kji_keyword-tribunal","kji_language-francais"],"yoast_head":"<!-- This site is optimized with the Yoast SEO Premium plugin v27.5 (Yoast SEO v27.5) - https:\/\/yoast.com\/product\/yoast-seo-premium-wordpress\/ -->\n<title>Tribunal d&#039;arrondissement, 29 novembre 2024, n\u00b0 2024-08919 - Ma\u00eetre Hassan Kohen, avocat en droit p\u00e9nal \u00e0 Paris<\/title>\n<meta name=\"robots\" content=\"index, follow, max-snippet:-1, max-image-preview:large, max-video-preview:-1\" \/>\n<link rel=\"canonical\" href=\"https:\/\/kohenavocats.com\/ru\/jurisprudences\/tribunal-darrondissement-29-novembre-2024-n-2024-08919\/\" \/>\n<meta property=\"og:locale\" content=\"ru_RU\" \/>\n<meta property=\"og:type\" content=\"article\" \/>\n<meta property=\"og:title\" content=\"Tribunal d&#039;arrondissement, 29 novembre 2024, n\u00b0 2024-08919\" \/>\n<meta property=\"og:description\" content=\"No. R\u00f4le:TAL-2024-08919 No.2024TALREFO\/00509 du29 novembre2024 Audience publique extraordinaire des r\u00e9f\u00e9r\u00e9s duvendredi,29 novembre2024, tenue par NousPhilippe WADL\u00c9, premier jugeau Tribunal d\u2019arrondissement de et \u00e0 Luxembourg, si\u00e9geant comme juge des r\u00e9f\u00e9r\u00e9s, en remplacementduPr\u00e9sident du Tribunal d\u2019arrondissement de et \u00e0 Luxembourg, assist\u00e9de la greffi\u00e8re assum\u00e9e Carole STARCK. DANS\u2026\" \/>\n<meta property=\"og:url\" content=\"https:\/\/kohenavocats.com\/ru\/jurisprudences\/tribunal-darrondissement-29-novembre-2024-n-2024-08919\/\" \/>\n<meta property=\"og:site_name\" content=\"Ma\u00eetre Hassan Kohen, avocat en droit p\u00e9nal \u00e0 Paris\" \/>\n<meta property=\"article:modified_time\" content=\"2026-04-21T17:16:42+00:00\" \/>\n<meta name=\"twitter:card\" content=\"summary_large_image\" \/>\n<meta name=\"twitter:label1\" content=\"\u041f\u0440\u0438\u043c\u0435\u0440\u043d\u043e\u0435 \u0432\u0440\u0435\u043c\u044f \u0434\u043b\u044f \u0447\u0442\u0435\u043d\u0438\u044f\" \/>\n\t<meta name=\"twitter:data1\" content=\"6 \u043c\u0438\u043d\u0443\u0442\" \/>\n<script type=\"application\/ld+json\" class=\"yoast-schema-graph\">{\"@context\":\"https:\\\/\\\/schema.org\",\"@graph\":[{\"@type\":\"WebPage\",\"@id\":\"https:\\\/\\\/kohenavocats.com\\\/ru\\\/jurisprudences\\\/tribunal-darrondissement-29-novembre-2024-n-2024-08919\\\/\",\"url\":\"https:\\\/\\\/kohenavocats.com\\\/ru\\\/jurisprudences\\\/tribunal-darrondissement-29-novembre-2024-n-2024-08919\\\/\",\"name\":\"Tribunal d'arrondissement, 29 novembre 2024, n\u00b0 2024-08919 - Ma\u00eetre Hassan Kohen, avocat en droit p\u00e9nal \u00e0 Paris\",\"isPartOf\":{\"@id\":\"https:\\\/\\\/kohenavocats.com\\\/ru\\\/#website\"},\"datePublished\":\"2026-04-21T17:16:39+00:00\",\"dateModified\":\"2026-04-21T17:16:42+00:00\",\"breadcrumb\":{\"@id\":\"https:\\\/\\\/kohenavocats.com\\\/ru\\\/jurisprudences\\\/tribunal-darrondissement-29-novembre-2024-n-2024-08919\\\/#breadcrumb\"},\"inLanguage\":\"ru-RU\",\"potentialAction\":[{\"@type\":\"ReadAction\",\"target\":[\"https:\\\/\\\/kohenavocats.com\\\/ru\\\/jurisprudences\\\/tribunal-darrondissement-29-novembre-2024-n-2024-08919\\\/\"]}]},{\"@type\":\"BreadcrumbList\",\"@id\":\"https:\\\/\\\/kohenavocats.com\\\/ru\\\/jurisprudences\\\/tribunal-darrondissement-29-novembre-2024-n-2024-08919\\\/#breadcrumb\",\"itemListElement\":[{\"@type\":\"ListItem\",\"position\":1,\"name\":\"Home\",\"item\":\"https:\\\/\\\/kohenavocats.com\\\/ru\\\/avocats-en-droit-penal-a-paris-conseil-et-defense-strategique\\\/\"},{\"@type\":\"ListItem\",\"position\":2,\"name\":\"Jurisprudences\",\"item\":\"https:\\\/\\\/kohenavocats.com\\\/ru\\\/jurisprudences\\\/\"},{\"@type\":\"ListItem\",\"position\":3,\"name\":\"Tribunal d&rsquo;arrondissement, 29 novembre 2024, n\u00b0 2024-08919\"}]},{\"@type\":\"WebSite\",\"@id\":\"https:\\\/\\\/kohenavocats.com\\\/ru\\\/#website\",\"url\":\"https:\\\/\\\/kohenavocats.com\\\/ru\\\/\",\"name\":\"Kohen Avocats\",\"description\":\"Ma\u00eetre Hassan Kohen, avocat p\u00e9naliste \u00e0 Paris, intervient exclusivement en droit p\u00e9nal pour la d\u00e9fense des particuliers, notamment en mati\u00e8re d\u2019accusations de viol. Il assure un accompagnement rigoureux d\u00e8s la garde \u00e0 vue jusqu\u2019\u00e0 la Cour d\u2019assises, veillant au strict respect des garanties proc\u00e9durales.\",\"publisher\":{\"@id\":\"https:\\\/\\\/kohenavocats.com\\\/ru\\\/#organization\"},\"potentialAction\":[{\"@type\":\"SearchAction\",\"target\":{\"@type\":\"EntryPoint\",\"urlTemplate\":\"https:\\\/\\\/kohenavocats.com\\\/ru\\\/?s={search_term_string}\"},\"query-input\":{\"@type\":\"PropertyValueSpecification\",\"valueRequired\":true,\"valueName\":\"search_term_string\"}}],\"inLanguage\":\"ru-RU\"},{\"@type\":\"Organization\",\"@id\":\"https:\\\/\\\/kohenavocats.com\\\/ru\\\/#organization\",\"name\":\"Kohen Avocats\",\"url\":\"https:\\\/\\\/kohenavocats.com\\\/ru\\\/\",\"logo\":{\"@type\":\"ImageObject\",\"inLanguage\":\"ru-RU\",\"@id\":\"https:\\\/\\\/kohenavocats.com\\\/ru\\\/#\\\/schema\\\/logo\\\/image\\\/\",\"url\":\"https:\\\/\\\/kohenavocats.com\\\/wp-content\\\/uploads\\\/2026\\\/01\\\/Logo-2-1.webp\",\"contentUrl\":\"https:\\\/\\\/kohenavocats.com\\\/wp-content\\\/uploads\\\/2026\\\/01\\\/Logo-2-1.webp\",\"width\":2114,\"height\":1253,\"caption\":\"Kohen Avocats\"},\"image\":{\"@id\":\"https:\\\/\\\/kohenavocats.com\\\/ru\\\/#\\\/schema\\\/logo\\\/image\\\/\"}}]}<\/script>\n<!-- \/ Yoast SEO Premium plugin. -->","yoast_head_json":{"title":"Tribunal d'arrondissement, 29 novembre 2024, n\u00b0 2024-08919 - Ma\u00eetre Hassan Kohen, avocat en droit p\u00e9nal \u00e0 Paris","robots":{"index":"index","follow":"follow","max-snippet":"max-snippet:-1","max-image-preview":"max-image-preview:large","max-video-preview":"max-video-preview:-1"},"canonical":"https:\/\/kohenavocats.com\/ru\/jurisprudences\/tribunal-darrondissement-29-novembre-2024-n-2024-08919\/","og_locale":"ru_RU","og_type":"article","og_title":"Tribunal d'arrondissement, 29 novembre 2024, n\u00b0 2024-08919","og_description":"No. R\u00f4le:TAL-2024-08919 No.2024TALREFO\/00509 du29 novembre2024 Audience publique extraordinaire des r\u00e9f\u00e9r\u00e9s duvendredi,29 novembre2024, tenue par NousPhilippe WADL\u00c9, premier jugeau Tribunal d\u2019arrondissement de et \u00e0 Luxembourg, si\u00e9geant comme juge des r\u00e9f\u00e9r\u00e9s, en remplacementduPr\u00e9sident du Tribunal d\u2019arrondissement de et \u00e0 Luxembourg, assist\u00e9de la greffi\u00e8re assum\u00e9e Carole STARCK. DANS\u2026","og_url":"https:\/\/kohenavocats.com\/ru\/jurisprudences\/tribunal-darrondissement-29-novembre-2024-n-2024-08919\/","og_site_name":"Ma\u00eetre Hassan Kohen, avocat en droit p\u00e9nal \u00e0 Paris","article_modified_time":"2026-04-21T17:16:42+00:00","twitter_card":"summary_large_image","twitter_misc":{"\u041f\u0440\u0438\u043c\u0435\u0440\u043d\u043e\u0435 \u0432\u0440\u0435\u043c\u044f \u0434\u043b\u044f \u0447\u0442\u0435\u043d\u0438\u044f":"6 \u043c\u0438\u043d\u0443\u0442"},"schema":{"@context":"https:\/\/schema.org","@graph":[{"@type":"WebPage","@id":"https:\/\/kohenavocats.com\/ru\/jurisprudences\/tribunal-darrondissement-29-novembre-2024-n-2024-08919\/","url":"https:\/\/kohenavocats.com\/ru\/jurisprudences\/tribunal-darrondissement-29-novembre-2024-n-2024-08919\/","name":"Tribunal d'arrondissement, 29 novembre 2024, n\u00b0 2024-08919 - Ma\u00eetre Hassan Kohen, avocat en droit p\u00e9nal \u00e0 Paris","isPartOf":{"@id":"https:\/\/kohenavocats.com\/ru\/#website"},"datePublished":"2026-04-21T17:16:39+00:00","dateModified":"2026-04-21T17:16:42+00:00","breadcrumb":{"@id":"https:\/\/kohenavocats.com\/ru\/jurisprudences\/tribunal-darrondissement-29-novembre-2024-n-2024-08919\/#breadcrumb"},"inLanguage":"ru-RU","potentialAction":[{"@type":"ReadAction","target":["https:\/\/kohenavocats.com\/ru\/jurisprudences\/tribunal-darrondissement-29-novembre-2024-n-2024-08919\/"]}]},{"@type":"BreadcrumbList","@id":"https:\/\/kohenavocats.com\/ru\/jurisprudences\/tribunal-darrondissement-29-novembre-2024-n-2024-08919\/#breadcrumb","itemListElement":[{"@type":"ListItem","position":1,"name":"Home","item":"https:\/\/kohenavocats.com\/ru\/avocats-en-droit-penal-a-paris-conseil-et-defense-strategique\/"},{"@type":"ListItem","position":2,"name":"Jurisprudences","item":"https:\/\/kohenavocats.com\/ru\/jurisprudences\/"},{"@type":"ListItem","position":3,"name":"Tribunal d&rsquo;arrondissement, 29 novembre 2024, n\u00b0 2024-08919"}]},{"@type":"WebSite","@id":"https:\/\/kohenavocats.com\/ru\/#website","url":"https:\/\/kohenavocats.com\/ru\/","name":"Kohen Avocats","description":"Ma\u00eetre Hassan Kohen, avocat p\u00e9naliste \u00e0 Paris, intervient exclusivement en droit p\u00e9nal pour la d\u00e9fense des particuliers, notamment en mati\u00e8re d\u2019accusations de viol. Il assure un accompagnement rigoureux d\u00e8s la garde \u00e0 vue jusqu\u2019\u00e0 la Cour d\u2019assises, veillant au strict respect des garanties proc\u00e9durales.","publisher":{"@id":"https:\/\/kohenavocats.com\/ru\/#organization"},"potentialAction":[{"@type":"SearchAction","target":{"@type":"EntryPoint","urlTemplate":"https:\/\/kohenavocats.com\/ru\/?s={search_term_string}"},"query-input":{"@type":"PropertyValueSpecification","valueRequired":true,"valueName":"search_term_string"}}],"inLanguage":"ru-RU"},{"@type":"Organization","@id":"https:\/\/kohenavocats.com\/ru\/#organization","name":"Kohen Avocats","url":"https:\/\/kohenavocats.com\/ru\/","logo":{"@type":"ImageObject","inLanguage":"ru-RU","@id":"https:\/\/kohenavocats.com\/ru\/#\/schema\/logo\/image\/","url":"https:\/\/kohenavocats.com\/wp-content\/uploads\/2026\/01\/Logo-2-1.webp","contentUrl":"https:\/\/kohenavocats.com\/wp-content\/uploads\/2026\/01\/Logo-2-1.webp","width":2114,"height":1253,"caption":"Kohen Avocats"},"image":{"@id":"https:\/\/kohenavocats.com\/ru\/#\/schema\/logo\/image\/"}}]}},"jetpack_likes_enabled":false,"jetpack_sharing_enabled":true,"_links":{"self":[{"href":"https:\/\/kohenavocats.com\/ru\/wp-json\/wp\/v2\/kji_decision\/639067","targetHints":{"allow":["GET"]}}],"collection":[{"href":"https:\/\/kohenavocats.com\/ru\/wp-json\/wp\/v2\/kji_decision"}],"about":[{"href":"https:\/\/kohenavocats.com\/ru\/wp-json\/wp\/v2\/types\/kji_decision"}],"wp:attachment":[{"href":"https:\/\/kohenavocats.com\/ru\/wp-json\/wp\/v2\/media?parent=639067"}],"wp:term":[{"taxonomy":"kji_country","embeddable":true,"href":"https:\/\/kohenavocats.com\/ru\/wp-json\/wp\/v2\/kji_country?post=639067"},{"taxonomy":"kji_court","embeddable":true,"href":"https:\/\/kohenavocats.com\/ru\/wp-json\/wp\/v2\/kji_court?post=639067"},{"taxonomy":"kji_chamber","embeddable":true,"href":"https:\/\/kohenavocats.com\/ru\/wp-json\/wp\/v2\/kji_chamber?post=639067"},{"taxonomy":"kji_year","embeddable":true,"href":"https:\/\/kohenavocats.com\/ru\/wp-json\/wp\/v2\/kji_year?post=639067"},{"taxonomy":"kji_subject","embeddable":true,"href":"https:\/\/kohenavocats.com\/ru\/wp-json\/wp\/v2\/kji_subject?post=639067"},{"taxonomy":"kji_keyword","embeddable":true,"href":"https:\/\/kohenavocats.com\/ru\/wp-json\/wp\/v2\/kji_keyword?post=639067"},{"taxonomy":"kji_language","embeddable":true,"href":"https:\/\/kohenavocats.com\/ru\/wp-json\/wp\/v2\/kji_language?post=639067"}],"curies":[{"name":"wp","href":"https:\/\/api.w.org\/{rel}","templated":true}]}}