{"id":639101,"date":"2026-04-21T19:25:10","date_gmt":"2026-04-21T17:25:10","guid":{"rendered":"https:\/\/kohenavocats.com\/jurisprudences\/tribunal-darrondissement-18-fevrier-2025-n-2024-10009\/"},"modified":"2026-04-21T19:25:13","modified_gmt":"2026-04-21T17:25:13","slug":"tribunal-darrondissement-18-fevrier-2025-n-2024-10009","status":"publish","type":"kji_decision","link":"https:\/\/kohenavocats.com\/ru\/jurisprudences\/tribunal-darrondissement-18-fevrier-2025-n-2024-10009\/","title":{"rendered":"Tribunal d&#8217;arrondissement, 18 f\u00e9vrier 2025, n\u00b0 2024-10009"},"content":{"rendered":"<div class=\"kji-decision\">\n<div class=\"kji-full-text\">\n<p>No. R\u00f4le:TAL-2024-10009 No.2025TALREFO\/00091 du18 f\u00e9vrier2025 Audience publique extraordinaire des r\u00e9f\u00e9r\u00e9s du mardi, 18 f\u00e9vrier 2025, tenue par Nous Maria FARIA ALVES, Vice-Pr\u00e9sidente au Tribunal d\u2019arrondissement de et \u00e0 Luxembourg,si\u00e9geant comme en mati\u00e8re de r\u00e9f\u00e9r\u00e9,en remplacement de la Pr\u00e9sidente du Tribunal d\u2019arrondissement de et \u00e0 Luxembourg, assist\u00e9e du greffier Lo\u00efc PAVANT. DANS LA CAUSE E N T R E la soci\u00e9t\u00e9 en commande sp\u00e9cialeSOCIETE1.),\u00e9tablie et ayant son si\u00e8ge social \u00e0L- ADRESSE1.), inscrite auRegistre deCommerce et desSoci\u00e9t\u00e9s de Luxembourg sous le num\u00e9roNUMERO1.), repr\u00e9sent\u00e9e par son conseil d\u2019administration actuellement en fonctions, \u00e9lisant domicile en l\u2019\u00e9tude de Ma\u00eetreG\u00e9raldine MERSCH, avocat, demeurant \u00e0 Luxembourg, partie demanderessecomparant par Ma\u00eetreYvan ILLY, avocat,en remplacement de Ma\u00eetreG\u00e9raldine MERSCH , avocat, les deux demeurant \u00e0 Luxembourg, E T 1)PERSONNE1.), demeurant \u00e0 F-ADRESSE2.), 2)la soci\u00e9t\u00e9de droit irlandaisSOCIETE2.), \u00e9tablie et ayant son si\u00e8ge social \u00e0 ADRESSE3.), inscrite au registre de commerce et des soci\u00e9t\u00e9s irlandais sous le num\u00e9roNUMERO2.), repr\u00e9sent\u00e9e par sa succursale luxembourgeoiseSOCIETE3.), \u00e9tablie \u00e0 L-ADRESSE4.), inscrite au registre de commerce et des soci\u00e9t\u00e9s de Luxembourg sous le num\u00e9roNUMERO3.), repr\u00e9sent\u00e9e par ses repr\u00e9sentants permanents pour l\u2019activit\u00e9 de la succursale luxembourgeoise,<\/p>\n<p>2 partie d\u00e9fenderessesub 1)comparant par Ma\u00eetreYuri AUFFINGER, avocat, demeurant \u00e0Luxembourg, partied\u00e9fenderesse sub 2)d\u00e9faillante. F A I T S :<\/p>\n<p>3 A l\u2019appel de la cause \u00e0 l\u2019audience publiquedes r\u00e9f\u00e9r\u00e9sdumardi matin,28 janvier 2025, Ma\u00eetreYvan ILLYdonna lecture de l\u2019assignation ci-avant transcrite et exposa ses moyens. Ma\u00eetreYuri AUFFINGERfut entendu en ses explications. Lapartie d\u00e9fenderessesub2)ne comparut pas \u00e0 l\u2019audience. Sur ce,le juge prit l\u2019affaire en d\u00e9lib\u00e9r\u00e9 et rendit \u00e0 l\u2019audience publiqueextraordinaire des r\u00e9f\u00e9r\u00e9sde ce jour l\u2019 O R D O N N A N C E qui suit: R\u00e9troactes Saisie d\u2019une requ\u00eatedu29 juillet 2024, un vice-pr\u00e9sidentduTribunald\u2019arrondissement de et \u00e0 Luxembourg, en remplacement duPr\u00e9sident dudit tribunal, a par ordonnance du 30 juillet 2024autoris\u00e9PERSONNE1.)\u00e0pratiquer saisie-arr\u00eat entre les mains de l\u2019\u00e9tablissement publicSOCIETE4.), la soci\u00e9t\u00e9 anonymeSOCIETE5.)(ci-apr\u00e8s, la \u00abSOCIETE5.)\u00bb), la soci\u00e9t\u00e9 anonymeSOCIETE6.),la soci\u00e9t\u00e9 anonymeSOCIETE7.), la soci\u00e9t\u00e9 coop\u00e9rativeSOCIETE8.), la soci\u00e9t\u00e9 anonymeSOCIETE9.)SA, la soci\u00e9t\u00e9 anonymeSOCIETE10.), laSOCIETE3.),la soci\u00e9t\u00e9 anonymeSOCIETE11.)SA, la SOCIETE12.)AG, la soci\u00e9t\u00e9 anonymeSOCIETE13.)SA, la soci\u00e9t\u00e9SOCIETE14.)AG, la soci\u00e9t\u00e9 anonymeSOCIETE15.)SA, la soci\u00e9t\u00e9 anonymeSOCIETE16.)SA, la soci\u00e9t\u00e9 SOCIETE17.)et la soci\u00e9t\u00e9SOCIETE18.)pour avoir s\u00fbret\u00e9, conservation et avoir paiement de la somme de 1.038.992 euros en principal y non compris les int\u00e9r\u00eats l\u00e9gaux \u00e0 \u00e9choir, \u00e0 laquelle la cr\u00e9ance dePERSONNE1.)\u00e0 l\u2019encontre dela soci\u00e9t\u00e9 en commandite sp\u00e9cialeSOCIETE1.)(anciennement d\u00e9nomm\u00e9eSOCIETE19.)) (ci-apr\u00e8s, la \u00absoci\u00e9t\u00e9SOCIETE20.)\u00bb) a \u00e9t\u00e9 provisoirement \u00e9valu\u00e9e, sous r\u00e9serve d\u2019augmentation ult\u00e9rieure notamment des int\u00e9r\u00eats et des frais de justice. En vertu de cette autorisation pr\u00e9sidentielle,PERSONNE1.)apar exploit d\u2019huissier de justice du5 ao\u00fbt 2024fait pratiquer saisie-arr\u00eat entre les mains delaSOCIETE5.)et de laSOCIETE3.)pour avoir s\u00fbret\u00e9, conservationetparvenir aupaiement de la somme 1.038.992 euros, repr\u00e9sentant la cr\u00e9ance \u00e9value provisoirement en principal, y non compris les int\u00e9r\u00eats l\u00e9gaux \u00e0 \u00e9choir, sous r\u00e9serve d\u2019augmentation ult\u00e9rieure. Cette saisie-arr\u00eat a \u00e9t\u00e9 d\u00e9nonc\u00e9e \u00e0la soci\u00e9t\u00e9SOCIETE20.)par exploit d\u2019huissier de justice en date du12 ao\u00fbt2024, ce m\u00eame exploit contenant assignation en condamnation de cettederni\u00e8reet en validation de la saisie-arr\u00eat pratiqu\u00e9e. Proc\u00e9dure<\/p>\n<p>4 Par exploit d\u2019huissier de justice du13 novembre 2024, la soci\u00e9t\u00e9SOCIETE20.)afait donner assignation \u00e0PERSONNE1.), pris en sa qualit\u00e9 de partie saisissante, ainsi qu\u2019\u00e0 lasoci\u00e9t\u00e9 de droit \u00e9trangerSOCIETE2.),repr\u00e9sent\u00e9epar sa succursale luxembourgeoise SOCIETE3.),\u00e0 compara\u00eetre devant le Pr\u00e9sident du Tribunal d\u2019arrondissement de Luxembourg, si\u00e9geant comme en mati\u00e8re de r\u00e9f\u00e9r\u00e9, pour voir ordonner, sur le fondement de l\u2019article 66 du Nouveau Code de proc\u00e9dure civile, la r\u00e9tractation de l\u2019ordonnance pr\u00e9sidentielle du30 juillet 2024, partant, autoriser les parties tierces- saisies vis\u00e9es dans l\u2019exploit de saisie-arr\u00eat en date du 5 ao\u00fbt 2024, et notamment la soci\u00e9t\u00e9SOCIETE3.), succursale luxembourgeoise de la soci\u00e9t\u00e9SOCIETE2.), \u00e0 se lib\u00e9rer entre les mains de la requ\u00e9rante de tous fonds bloqu\u00e9s sur base de ladite ordonnance. Aux termes de son assignation, la soci\u00e9t\u00e9SOCIETE20.)demande encore la condamnation dePERSONNE1.)\u00e0 lui payer une indemnit\u00e9 de proc\u00e9dure d\u2019un montant de 5.000.-euroset \u00e0 supporter les frais et d\u00e9pens de l\u2019instance. Elle demande encore l\u2019ex\u00e9cution provisoire de l\u2019ordonnance \u00e0 intervenir nonobstant toute voie de recours, sur minute avant enregistrement et sans caution. R\u00e9gularit\u00e9 de la proc\u00e9dure Bien que la saisie-arr\u00eatdu 5 ao\u00fbt 2024ait \u00e9t\u00e9 pratiqu\u00e9e entre les mains tantdela SOCIETE3.)que de laSOCIETE5.), l\u2019assignation n\u2019estpasdirig\u00e9econtre la SOCIETE5.), en sa qualit\u00e9 de tiers-saisi. A cet \u00e9gard, il convient de rappeler que tout comme le m\u00e9canisme du cantonnement d\u2019une saisie-arr\u00eat, la r\u00e9tractation de l\u2019autorisation pr\u00e9sidentielle de saisir-arr\u00eater conf\u00e8re au juge la possibilit\u00e9 d\u2019autoriser le tiers-saisi \u00e0 payer les sommes bloqu\u00e9es, de sorte que l\u2019indisponibilit\u00e9 de la cr\u00e9ance saisie-arr\u00eat\u00e9e cesse, et le tiers-saisi peut \u00e0 nouveau se lib\u00e9rer entre les mains du d\u00e9biteur saisi et y est m\u00eame juridiquement tenu (R\u00e9f. Lux. num\u00e9ro 819\/2004 du 4 novembre 2004). D\u2019ailleurs, dans son assignation, la soci\u00e9t\u00e9SOCIETE20.)demande \u00e0 voir autoriser les tiers-saisies vis\u00e9es dans l\u2019exploit de saisie-arr\u00eat du 5 ao\u00fbt 2024, \u00e0 savoir laSOCIETE3.) et laSOCIETE5.)\u00e0 se lib\u00e9rer entre ses mains de tous fonds bloqu\u00e9s sur base de l\u2019ordonnance du 30 juillet 2024. A d\u00e9faut d\u2019avoir appel\u00e9 la tiers-saisieSOCIETE5.)en cause, se pose la question de la r\u00e9gularit\u00e9 de la proc\u00e9dure introduite par la soci\u00e9t\u00e9SOCIETE1.). En application du principe du contradictoire, il y a lieu de prononcer la rupture du d\u00e9lib\u00e9r\u00e9 pour permettre aux parties de prendre position quant \u00e0 la recevabilit\u00e9 de la demande \u00e0 d\u00e9faut de mise en intervention de latiers-saisieSOCIETE5.). Lapartie d\u00e9fenderesse sub2), bien que r\u00e9guli\u00e8rement assign\u00e9e, n\u2019a pas comparu \u00e0 l\u2019audience. Etant donn\u00e9 quel\u2019exploit a \u00e9t\u00e9 r\u00e9ceptionn\u00e9 par un employ\u00e9 de ladite soci\u00e9t\u00e9 ayant d\u00e9clar\u00e9 \u00eatre habilit\u00e9 \u00e0 en recevoir la copie, l\u2019assignation a \u00e9t\u00e9 signifi\u00e9e \u00e0 personne \u00e0 la<\/p>\n<p>5 partie d\u00e9fenderesse sub 2). Il y a partant lieu destatuer parune ordonnancer\u00e9put\u00e9e contradictoire \u00e0son\u00e9gard en application de l\u2019article 79 alin\u00e9a 2 duNouveauCode de proc\u00e9dure civile. P A R C E S M O T I F S Nous Maria FARIA ALVES,Vice-Pr\u00e9sidente au Tribunal d&#039;arrondissement de et \u00e0 Luxembourg, si\u00e9geant comme en mati\u00e8re de r\u00e9f\u00e9r\u00e9s, en remplacement de laPr\u00e9sidente du Tribunal d&#039;arrondissement de et \u00e0 Luxembourg, statuantpar ordonnance r\u00e9put\u00e9e contradictoire \u00e0 l\u2019\u00e9gard de la soci\u00e9t\u00e9 de droit \u00e9trangerSOCIETE2.)et contradictoirement\u00e0 l\u2019\u00e9gard des autres parties, avant tout autre progr\u00e8s en cause, ordonnonsla rupture du d\u00e9lib\u00e9r\u00e9 pour permettre aux parties de prendre position quant \u00e0 la recevabilit\u00e9 de la demande, \u00e0 d\u00e9faut de mise en intervention de la soci\u00e9t\u00e9 anonyme SOCIETE5.), en sa qualit\u00e9 detiers-saisie, refixons l\u2019affaire \u00e0 l\u2019audience publique ordinaire des r\u00e9f\u00e9r\u00e9s dumardimatin,4 mars 2025\u00e0 9.00 heures, salleTL.3.06pour continuation des d\u00e9bats, r\u00e9servons les droits des parties et les d\u00e9pens, ordonnonsl&#039;ex\u00e9cution provisoire de la pr\u00e9sente ordonnance nonobstant toutes voies de recours et sans caution.<\/p>\n<\/div>\n<hr class=\"kji-sep\" \/>\n<p class=\"kji-source-links\"><strong>Sources officielles :<\/strong> <a class=\"kji-source-link\" href=\"https:\/\/data.public.lu\/fr\/datasets\/tribunal-darrondissement-luxembourg-refere\/\" target=\"_blank\" rel=\"noopener noreferrer\">consulter la page source<\/a> &middot; <a class=\"kji-pdf-link\" href=\"https:\/\/download.data.public.lu\/resources\/tribunal-darrondissement-luxembourg-refere\/20250303-011351\/20250218-talref-tal-2024-10009-pseudonymise-accessible.pdf\" target=\"_blank\" rel=\"noopener noreferrer\">PDF officiel<\/a><\/p>\n<p class=\"kji-license-note\"><em>Licence CC BY-ND 4.0 (Administration judiciaire, data.public.lu). Republication autorisee avec attribution, sans modification editoriale du texte integral.<\/em><\/p>\n<\/div>\n","protected":false},"excerpt":{"rendered":"<p>No. R\u00f4le:TAL-2024-10009 No.2025TALREFO\/00091 du18 f\u00e9vrier2025 Audience publique extraordinaire des r\u00e9f\u00e9r\u00e9s du mardi, 18 f\u00e9vrier 2025, tenue par Nous Maria FARIA ALVES, Vice-Pr\u00e9sidente au Tribunal d\u2019arrondissement de et \u00e0 Luxembourg,si\u00e9geant comme en mati\u00e8re de r\u00e9f\u00e9r\u00e9,en remplacement de la Pr\u00e9sidente du Tribunal d\u2019arrondissement de et \u00e0 Luxembourg,\u2026<\/p>\n","protected":false},"featured_media":0,"template":"","meta":{"_crdt_document":""},"kji_country":[8418],"kji_court":[23583],"kji_chamber":[18768],"kji_year":[8463],"kji_subject":[7646],"kji_keyword":[23584,8457,7636],"kji_language":[7733],"class_list":["post-639101","kji_decision","type-kji_decision","status-publish","hentry","kji_country-luxembourg","kji_court-tribunal-darrondissement","kji_chamber-refere","kji_year-8463","kji_subject-divers","kji_keyword-arrondissement","kji_keyword-fevrier","kji_keyword-tribunal","kji_language-francais"],"yoast_head":"<!-- This site is optimized with the Yoast SEO Premium plugin v27.4 (Yoast SEO v27.4) - https:\/\/yoast.com\/product\/yoast-seo-premium-wordpress\/ -->\n<title>Tribunal d&#039;arrondissement, 18 f\u00e9vrier 2025, n\u00b0 2024-10009 - Ma\u00eetre Hassan Kohen, avocat en droit p\u00e9nal \u00e0 Paris<\/title>\n<meta name=\"robots\" content=\"index, follow, max-snippet:-1, max-image-preview:large, max-video-preview:-1\" \/>\n<link rel=\"canonical\" href=\"https:\/\/kohenavocats.com\/ru\/jurisprudences\/tribunal-darrondissement-18-fevrier-2025-n-2024-10009\/\" \/>\n<meta property=\"og:locale\" content=\"ru_RU\" \/>\n<meta property=\"og:type\" content=\"article\" \/>\n<meta property=\"og:title\" content=\"Tribunal d&#039;arrondissement, 18 f\u00e9vrier 2025, n\u00b0 2024-10009\" \/>\n<meta property=\"og:description\" content=\"No. R\u00f4le:TAL-2024-10009 No.2025TALREFO\/00091 du18 f\u00e9vrier2025 Audience publique extraordinaire des r\u00e9f\u00e9r\u00e9s du mardi, 18 f\u00e9vrier 2025, tenue par Nous Maria FARIA ALVES, Vice-Pr\u00e9sidente au Tribunal d\u2019arrondissement de et \u00e0 Luxembourg,si\u00e9geant comme en mati\u00e8re de r\u00e9f\u00e9r\u00e9,en remplacement de la Pr\u00e9sidente du Tribunal d\u2019arrondissement de et \u00e0 Luxembourg,\u2026\" \/>\n<meta property=\"og:url\" content=\"https:\/\/kohenavocats.com\/ru\/jurisprudences\/tribunal-darrondissement-18-fevrier-2025-n-2024-10009\/\" \/>\n<meta property=\"og:site_name\" content=\"Ma\u00eetre Hassan Kohen, avocat en droit p\u00e9nal \u00e0 Paris\" \/>\n<meta property=\"article:modified_time\" content=\"2026-04-21T17:25:13+00:00\" \/>\n<meta name=\"twitter:card\" content=\"summary_large_image\" \/>\n<meta name=\"twitter:label1\" content=\"\u041f\u0440\u0438\u043c\u0435\u0440\u043d\u043e\u0435 \u0432\u0440\u0435\u043c\u044f \u0434\u043b\u044f \u0447\u0442\u0435\u043d\u0438\u044f\" \/>\n\t<meta name=\"twitter:data1\" content=\"7 \u043c\u0438\u043d\u0443\u0442\" \/>\n<script type=\"application\/ld+json\" class=\"yoast-schema-graph\">{\"@context\":\"https:\\\/\\\/schema.org\",\"@graph\":[{\"@type\":\"WebPage\",\"@id\":\"https:\\\/\\\/kohenavocats.com\\\/ru\\\/jurisprudences\\\/tribunal-darrondissement-18-fevrier-2025-n-2024-10009\\\/\",\"url\":\"https:\\\/\\\/kohenavocats.com\\\/ru\\\/jurisprudences\\\/tribunal-darrondissement-18-fevrier-2025-n-2024-10009\\\/\",\"name\":\"Tribunal d'arrondissement, 18 f\u00e9vrier 2025, n\u00b0 2024-10009 - Ma\u00eetre Hassan Kohen, avocat en droit p\u00e9nal \u00e0 Paris\",\"isPartOf\":{\"@id\":\"https:\\\/\\\/kohenavocats.com\\\/ru\\\/#website\"},\"datePublished\":\"2026-04-21T17:25:10+00:00\",\"dateModified\":\"2026-04-21T17:25:13+00:00\",\"breadcrumb\":{\"@id\":\"https:\\\/\\\/kohenavocats.com\\\/ru\\\/jurisprudences\\\/tribunal-darrondissement-18-fevrier-2025-n-2024-10009\\\/#breadcrumb\"},\"inLanguage\":\"ru-RU\",\"potentialAction\":[{\"@type\":\"ReadAction\",\"target\":[\"https:\\\/\\\/kohenavocats.com\\\/ru\\\/jurisprudences\\\/tribunal-darrondissement-18-fevrier-2025-n-2024-10009\\\/\"]}]},{\"@type\":\"BreadcrumbList\",\"@id\":\"https:\\\/\\\/kohenavocats.com\\\/ru\\\/jurisprudences\\\/tribunal-darrondissement-18-fevrier-2025-n-2024-10009\\\/#breadcrumb\",\"itemListElement\":[{\"@type\":\"ListItem\",\"position\":1,\"name\":\"Home\",\"item\":\"https:\\\/\\\/kohenavocats.com\\\/ru\\\/avocats-en-droit-penal-a-paris-conseil-et-defense-strategique\\\/\"},{\"@type\":\"ListItem\",\"position\":2,\"name\":\"Jurisprudences\",\"item\":\"https:\\\/\\\/kohenavocats.com\\\/ru\\\/jurisprudences\\\/\"},{\"@type\":\"ListItem\",\"position\":3,\"name\":\"Tribunal d&rsquo;arrondissement, 18 f\u00e9vrier 2025, n\u00b0 2024-10009\"}]},{\"@type\":\"WebSite\",\"@id\":\"https:\\\/\\\/kohenavocats.com\\\/ru\\\/#website\",\"url\":\"https:\\\/\\\/kohenavocats.com\\\/ru\\\/\",\"name\":\"Kohen Avocats\",\"description\":\"Ma\u00eetre Hassan Kohen, avocat p\u00e9naliste \u00e0 Paris, intervient exclusivement en droit p\u00e9nal pour la d\u00e9fense des particuliers, notamment en mati\u00e8re d\u2019accusations de viol. Il assure un accompagnement rigoureux d\u00e8s la garde \u00e0 vue jusqu\u2019\u00e0 la Cour d\u2019assises, veillant au strict respect des garanties proc\u00e9durales.\",\"publisher\":{\"@id\":\"https:\\\/\\\/kohenavocats.com\\\/ru\\\/#organization\"},\"potentialAction\":[{\"@type\":\"SearchAction\",\"target\":{\"@type\":\"EntryPoint\",\"urlTemplate\":\"https:\\\/\\\/kohenavocats.com\\\/ru\\\/?s={search_term_string}\"},\"query-input\":{\"@type\":\"PropertyValueSpecification\",\"valueRequired\":true,\"valueName\":\"search_term_string\"}}],\"inLanguage\":\"ru-RU\"},{\"@type\":\"Organization\",\"@id\":\"https:\\\/\\\/kohenavocats.com\\\/ru\\\/#organization\",\"name\":\"Kohen Avocats\",\"url\":\"https:\\\/\\\/kohenavocats.com\\\/ru\\\/\",\"logo\":{\"@type\":\"ImageObject\",\"inLanguage\":\"ru-RU\",\"@id\":\"https:\\\/\\\/kohenavocats.com\\\/ru\\\/#\\\/schema\\\/logo\\\/image\\\/\",\"url\":\"https:\\\/\\\/kohenavocats.com\\\/wp-content\\\/uploads\\\/2026\\\/01\\\/Logo-2-1.webp\",\"contentUrl\":\"https:\\\/\\\/kohenavocats.com\\\/wp-content\\\/uploads\\\/2026\\\/01\\\/Logo-2-1.webp\",\"width\":2114,\"height\":1253,\"caption\":\"Kohen Avocats\"},\"image\":{\"@id\":\"https:\\\/\\\/kohenavocats.com\\\/ru\\\/#\\\/schema\\\/logo\\\/image\\\/\"}}]}<\/script>\n<!-- \/ Yoast SEO Premium plugin. -->","yoast_head_json":{"title":"Tribunal d'arrondissement, 18 f\u00e9vrier 2025, n\u00b0 2024-10009 - Ma\u00eetre Hassan Kohen, avocat en droit p\u00e9nal \u00e0 Paris","robots":{"index":"index","follow":"follow","max-snippet":"max-snippet:-1","max-image-preview":"max-image-preview:large","max-video-preview":"max-video-preview:-1"},"canonical":"https:\/\/kohenavocats.com\/ru\/jurisprudences\/tribunal-darrondissement-18-fevrier-2025-n-2024-10009\/","og_locale":"ru_RU","og_type":"article","og_title":"Tribunal d'arrondissement, 18 f\u00e9vrier 2025, n\u00b0 2024-10009","og_description":"No. R\u00f4le:TAL-2024-10009 No.2025TALREFO\/00091 du18 f\u00e9vrier2025 Audience publique extraordinaire des r\u00e9f\u00e9r\u00e9s du mardi, 18 f\u00e9vrier 2025, tenue par Nous Maria FARIA ALVES, Vice-Pr\u00e9sidente au Tribunal d\u2019arrondissement de et \u00e0 Luxembourg,si\u00e9geant comme en mati\u00e8re de r\u00e9f\u00e9r\u00e9,en remplacement de la Pr\u00e9sidente du Tribunal d\u2019arrondissement de et \u00e0 Luxembourg,\u2026","og_url":"https:\/\/kohenavocats.com\/ru\/jurisprudences\/tribunal-darrondissement-18-fevrier-2025-n-2024-10009\/","og_site_name":"Ma\u00eetre Hassan Kohen, avocat en droit p\u00e9nal \u00e0 Paris","article_modified_time":"2026-04-21T17:25:13+00:00","twitter_card":"summary_large_image","twitter_misc":{"\u041f\u0440\u0438\u043c\u0435\u0440\u043d\u043e\u0435 \u0432\u0440\u0435\u043c\u044f \u0434\u043b\u044f \u0447\u0442\u0435\u043d\u0438\u044f":"7 \u043c\u0438\u043d\u0443\u0442"},"schema":{"@context":"https:\/\/schema.org","@graph":[{"@type":"WebPage","@id":"https:\/\/kohenavocats.com\/ru\/jurisprudences\/tribunal-darrondissement-18-fevrier-2025-n-2024-10009\/","url":"https:\/\/kohenavocats.com\/ru\/jurisprudences\/tribunal-darrondissement-18-fevrier-2025-n-2024-10009\/","name":"Tribunal d'arrondissement, 18 f\u00e9vrier 2025, n\u00b0 2024-10009 - Ma\u00eetre Hassan Kohen, avocat en droit p\u00e9nal \u00e0 Paris","isPartOf":{"@id":"https:\/\/kohenavocats.com\/ru\/#website"},"datePublished":"2026-04-21T17:25:10+00:00","dateModified":"2026-04-21T17:25:13+00:00","breadcrumb":{"@id":"https:\/\/kohenavocats.com\/ru\/jurisprudences\/tribunal-darrondissement-18-fevrier-2025-n-2024-10009\/#breadcrumb"},"inLanguage":"ru-RU","potentialAction":[{"@type":"ReadAction","target":["https:\/\/kohenavocats.com\/ru\/jurisprudences\/tribunal-darrondissement-18-fevrier-2025-n-2024-10009\/"]}]},{"@type":"BreadcrumbList","@id":"https:\/\/kohenavocats.com\/ru\/jurisprudences\/tribunal-darrondissement-18-fevrier-2025-n-2024-10009\/#breadcrumb","itemListElement":[{"@type":"ListItem","position":1,"name":"Home","item":"https:\/\/kohenavocats.com\/ru\/avocats-en-droit-penal-a-paris-conseil-et-defense-strategique\/"},{"@type":"ListItem","position":2,"name":"Jurisprudences","item":"https:\/\/kohenavocats.com\/ru\/jurisprudences\/"},{"@type":"ListItem","position":3,"name":"Tribunal d&rsquo;arrondissement, 18 f\u00e9vrier 2025, n\u00b0 2024-10009"}]},{"@type":"WebSite","@id":"https:\/\/kohenavocats.com\/ru\/#website","url":"https:\/\/kohenavocats.com\/ru\/","name":"Kohen Avocats","description":"Ma\u00eetre Hassan Kohen, avocat p\u00e9naliste \u00e0 Paris, intervient exclusivement en droit p\u00e9nal pour la d\u00e9fense des particuliers, notamment en mati\u00e8re d\u2019accusations de viol. Il assure un accompagnement rigoureux d\u00e8s la garde \u00e0 vue jusqu\u2019\u00e0 la Cour d\u2019assises, veillant au strict respect des garanties proc\u00e9durales.","publisher":{"@id":"https:\/\/kohenavocats.com\/ru\/#organization"},"potentialAction":[{"@type":"SearchAction","target":{"@type":"EntryPoint","urlTemplate":"https:\/\/kohenavocats.com\/ru\/?s={search_term_string}"},"query-input":{"@type":"PropertyValueSpecification","valueRequired":true,"valueName":"search_term_string"}}],"inLanguage":"ru-RU"},{"@type":"Organization","@id":"https:\/\/kohenavocats.com\/ru\/#organization","name":"Kohen Avocats","url":"https:\/\/kohenavocats.com\/ru\/","logo":{"@type":"ImageObject","inLanguage":"ru-RU","@id":"https:\/\/kohenavocats.com\/ru\/#\/schema\/logo\/image\/","url":"https:\/\/kohenavocats.com\/wp-content\/uploads\/2026\/01\/Logo-2-1.webp","contentUrl":"https:\/\/kohenavocats.com\/wp-content\/uploads\/2026\/01\/Logo-2-1.webp","width":2114,"height":1253,"caption":"Kohen Avocats"},"image":{"@id":"https:\/\/kohenavocats.com\/ru\/#\/schema\/logo\/image\/"}}]}},"jetpack_likes_enabled":false,"jetpack_sharing_enabled":true,"_links":{"self":[{"href":"https:\/\/kohenavocats.com\/ru\/wp-json\/wp\/v2\/kji_decision\/639101","targetHints":{"allow":["GET"]}}],"collection":[{"href":"https:\/\/kohenavocats.com\/ru\/wp-json\/wp\/v2\/kji_decision"}],"about":[{"href":"https:\/\/kohenavocats.com\/ru\/wp-json\/wp\/v2\/types\/kji_decision"}],"wp:attachment":[{"href":"https:\/\/kohenavocats.com\/ru\/wp-json\/wp\/v2\/media?parent=639101"}],"wp:term":[{"taxonomy":"kji_country","embeddable":true,"href":"https:\/\/kohenavocats.com\/ru\/wp-json\/wp\/v2\/kji_country?post=639101"},{"taxonomy":"kji_court","embeddable":true,"href":"https:\/\/kohenavocats.com\/ru\/wp-json\/wp\/v2\/kji_court?post=639101"},{"taxonomy":"kji_chamber","embeddable":true,"href":"https:\/\/kohenavocats.com\/ru\/wp-json\/wp\/v2\/kji_chamber?post=639101"},{"taxonomy":"kji_year","embeddable":true,"href":"https:\/\/kohenavocats.com\/ru\/wp-json\/wp\/v2\/kji_year?post=639101"},{"taxonomy":"kji_subject","embeddable":true,"href":"https:\/\/kohenavocats.com\/ru\/wp-json\/wp\/v2\/kji_subject?post=639101"},{"taxonomy":"kji_keyword","embeddable":true,"href":"https:\/\/kohenavocats.com\/ru\/wp-json\/wp\/v2\/kji_keyword?post=639101"},{"taxonomy":"kji_language","embeddable":true,"href":"https:\/\/kohenavocats.com\/ru\/wp-json\/wp\/v2\/kji_language?post=639101"}],"curies":[{"name":"wp","href":"https:\/\/api.w.org\/{rel}","templated":true}]}}