{"id":639115,"date":"2026-04-21T19:25:39","date_gmt":"2026-04-21T17:25:39","guid":{"rendered":"https:\/\/kohenavocats.com\/jurisprudences\/tribunal-darrondissement-24-octobre-2024-n-2024-07969\/"},"modified":"2026-04-21T19:25:42","modified_gmt":"2026-04-21T17:25:42","slug":"tribunal-darrondissement-24-octobre-2024-n-2024-07969","status":"publish","type":"kji_decision","link":"https:\/\/kohenavocats.com\/ru\/jurisprudences\/tribunal-darrondissement-24-octobre-2024-n-2024-07969\/","title":{"rendered":"Tribunal d&#8217;arrondissement, 24 octobre 2024, n\u00b0 2024-07969"},"content":{"rendered":"<div class=\"kji-decision\">\n<div class=\"kji-full-text\">\n<p>No. R\u00f4le: TAL-2023-07969 R\u00e9f. no.2024TALREFO\/00450 du 24 octobre 2024 Audience publique extraordinaire des r\u00e9f\u00e9r\u00e9s du jeudi, 24 octobre 2024 tenue par Nous Dilia COIMBRA, Vice-Pr\u00e9sidente au Tribunal d&#039;arrondissement de et \u00e0 Luxembourg, si\u00e9geant comme juge des r\u00e9f\u00e9r\u00e9s, en remplacement de la Pr\u00e9sidente du Tribunal d&#039;arrondissement de et \u00e0 Luxembourg, assist\u00e9e de la greffi\u00e8re assum\u00e9e Carole STARCK. DANS LA CAUSE E N T R E la soci\u00e9t\u00e9SOCIETE1.)S.A., dont le si\u00e8ge social est \u00e0ADRESSE1.), inscrite au Registre de Commerce et des Soci\u00e9t\u00e9s deLuxembourg sous le num\u00e9roNUMERO1.), repr\u00e9sent\u00e9e par son administrateur provisoire Ma\u00eetre Yann BADEN, avocat, demeurant professionnellement \u00e0 Gonderange, \u00e9lisant domicile en l&#039;\u00e9tude de Ma\u00eetre Andr\u00e9 LUTGEN, avocat, demeurant \u00e0 Luxembourg, partie demanderessecomparant par Ma\u00eetre Joris FONTAINE, avocat, en remplacement de Ma\u00eetre Andr\u00e9 LUTGEN, avocat, les deux demeurant \u00e0 Luxembourg, E T 1)la soci\u00e9t\u00e9 par actions simplifi\u00e9e de droit fran\u00e7aisSOCIETE2.), ayant son si\u00e8ge \u00e0 F- ADRESSE2.), enregistr\u00e9e au Registre de Commerce et des Soci\u00e9t\u00e9s de Paris sous le num\u00e9roNUMERO2.), repr\u00e9sent\u00e9e par son conseil d&#039;administration actuellement enfonctions, 2)la soci\u00e9t\u00e9 civile immobili\u00e8re de droit fran\u00e7aisSOCIETE3.), ayant son si\u00e8ge \u00e0 F- ADRESSE3.), enregistr\u00e9e au Registre de Commerce et des Soci\u00e9t\u00e9s de Paris sous<\/p>\n<p>le num\u00e9roNUMERO3.), repr\u00e9sent\u00e9e par son conseil d&#039;administration actuellement en fonctions, 3)PERSONNE1.), demeurant \u00e0ADRESSE4.), parties d\u00e9fenderesses sub 1) \u00e0 3)ayant initialement\u00e9t\u00e9repr\u00e9sent\u00e9esparminist\u00e8re d\u2019avocat, actuellement d\u00e9faillantes, En pr\u00e9sence de Ma\u00eetre Yann BADEN, avocat, demeurant \u00e0 Gonderange, en sa qualit\u00e9 d\u2019administrateurprovisoirede la soci\u00e9t\u00e9SOCIETE1.)S.A.,dont le si\u00e8ge social est \u00e0 ADRESSE1.), inscrite au Registre de Commerce et des Soci\u00e9t\u00e9s de Luxembourg sous le num\u00e9roNUMERO1.). F A I T S I.Les faits et r\u00e9troactes de l&#039;affaire r\u00e9sultent \u00e0 suffisance de droit des qualit\u00e9s et consid\u00e9rants de l&#039;ordonnance de r\u00e9f\u00e9r\u00e9n\u00b02023TALREFO\/00408 du 3 novembre 2023et dont le dispositif est con\u00e7u comme suit: \u00abNous Christina LAPLUME, Vice-Pr\u00e9sident au Tribunal d\u2019arrondissement de Luxembourg, si\u00e9geant comme juge des r\u00e9f\u00e9r\u00e9s, en remplacement du Pr\u00e9sident du Tribunal d\u2019arrondissement de Luxembourg, statuant contradictoirement ; recevons la demande en la pure forme; Nous d\u00e9clarons comp\u00e9tent pour enconna\u00eetre; au principal renvoyons les parties \u00e0 se pourvoir devant qui de droit, mais d\u00e8s \u00e0 pr\u00e9sent et par provision; nommonsMa\u00eetre Yann BADEN, professionnellement \u00e9tabli \u00e0 L-6187 Gonderange, Z.A., Gehaansraich, administrateur provisoire de la soci\u00e9t\u00e9SOCIETE1.)S.A.avec la mission de: -g\u00e9rer la soci\u00e9t\u00e9SOCIETE1.)S.A. en \u00abbon p\u00e8re de famille\u00bb et dans le respect des lois luxembourgeoises, ceci en op\u00e9rant les seuls actes de gestion courante n\u00e9cessaires au maintien en activit\u00e9 de la soci\u00e9t\u00e9; dire que cette mission comporte l\u2019obligation d\u2019\u00e9tablir les comptes annuels aux fins de les pr\u00e9senter au vote de l\u2019assembl\u00e9e<\/p>\n<p>disons que les effets de la pr\u00e9sente ordonnance cesseront de plein droit \u00e0 partir du jour o\u00f9 une d\u00e9cision ayant acquis autorit\u00e9 de chose jug\u00e9e sera intervenue dans le cadre de l\u2019instruction p\u00e9nale inscrite sous le num\u00e9roNUMERO4.) disons que les frais et honoraires pro-m\u00e9rit\u00e9spar l\u2019administrateur provisoire sont dans l\u2019imm\u00e9diat \u00e0 pr\u00e9lever aupr\u00e8s de la soci\u00e9t\u00e9SOCIETE1.)S.A., \u00e0 titre d\u2019avances pour le compte de l\u2019administrateur provisoire; disons qu\u2019un extrait de la pr\u00e9sente ordonnance sera publi\u00e9 au Registre de Commerce et des Soci\u00e9t\u00e9sde Luxembourg ; laissons les frais et d\u00e9pens de l\u2019instance \u00e0 charge dela soci\u00e9t\u00e9SOCIETE1.)S.A.; ordonnons l\u2019ex\u00e9cutionprovisoire de la pr\u00e9sente ordonnance nonobstant appel et sans caution.\u00bb<\/p>\n<p>Suite au courrier de Ma\u00eetreYann BADENdu30 ao\u00fbt 2024d\u00e9pos\u00e9 au greffe le 2 septembre 2024, l\u2019affaire fut fix\u00e9e \u00e0 l\u2019audience publique ordinaire des r\u00e9f\u00e9r\u00e9s du jeudi,3 octobre 2024. Par courrier dat\u00e9 du 16 octobre 2024, Ma\u00eetre Maximilien LEHNEN a inform\u00e9 le juge des r\u00e9f\u00e9r\u00e9s qu\u2019il a d\u00e9pos\u00e9 son mandant pour les parties d\u00e9fenderesses. Apr\u00e8s plusieurs remises, l\u2019affaire fut retenue \u00e0 l\u2019audience publique ordinaire des r\u00e9f\u00e9r\u00e9s du jeudi,17 octobre 2024, lors de laquelle Ma\u00eetreYann BADEN et Ma\u00eetre Joris FONTAINE, furent entendus en leurs explications.Les parties d\u00e9fenderesses sub 1) \u00e0 sub 3) ne comparurent pas \u00e0 l\u2019audience. Sur ce, le juge des r\u00e9f\u00e9r\u00e9s reprit l&#039;affaire en d\u00e9lib\u00e9r\u00e9 et rendit \u00e0 l&#039;audience publique extraordinaire des r\u00e9f\u00e9r\u00e9s de ce jour l&#039; O R D O N N A N C E qui suit: Suivant ordonnance n\u00b02023TALREFO\/00408 du 3 novembre 2023, le juge des r\u00e9f\u00e9r\u00e9s de ce si\u00e8ge a nomm\u00e9 Ma\u00eetre Yann BADEN administrateur provisoire de la soci\u00e9t\u00e9 SOCIETE4.)S.A.avec la mission telle que plus amplement sp\u00e9cifi\u00e9e dans le dispositif de ladite ordonnance. Suivant courrier du 29 septembre 2020, Ma\u00eetreYann BADENa demand\u00e9 \u00e0 voir convoquer les parties \u00e0 une audience devant le juge des r\u00e9f\u00e9r\u00e9s afin de voir \u00e9tendre sa mission en vue de lui permettre de faire vendre les participations d\u00e9tenues par l\u2019entit\u00e9 administr\u00e9e par la SOCIETE5.)en Allemagne. A l\u2019audience des plaidoiries,Ma\u00eetreYann BADEN a pr\u00e9cis\u00e9 qu\u2019il existe un accord avec le Parquet allemand en ce qui concerne les fondsque la soci\u00e9t\u00e9SOCIETE4.)S.A.d\u00e9tienten Allemagne aupr\u00e8s de laSOCIETE5.).Plus pr\u00e9cis\u00e9ment, Ma\u00eetre Yann BADEN demande \u00e0 pouvoir donner instruction \u00e0 laSOCIETE5.)de r\u00e9aliser des titres d\u00e9tenusen les vendant\u00e0 la bourse en vue de permettre \u00e0 laSOCIETE5.)de se payer un pr\u00eat consenti et puis de virer le reliquat sur le compte-tiers de Ma\u00eetre Yann BADEN au Luxembourg. Etant donn\u00e9 que sa mission serait une mission d\u2019administration provisoire etdoncessentiellement conservatoire, celle-ci n\u2019inclurait pas la r\u00e9alisation des actifs. Il y aurait partant lieu d\u2019\u00e9tendre sa mission afin de lui permettre de donner l\u2019instruction pr\u00e9 d\u00e9crite. Au vu des \u00e9l\u00e9ments du dossier, il y a lieu de faire droit \u00e0 cette demande \u00e0 laquellelasoci\u00e9t\u00e9 SOCIETE4.)S.A.nes\u2019estd\u2019ailleurs pas autrement oppos\u00e9e.<\/p>\n<p>Il y a partant lieu d\u2019autoriser l\u2019administrateur provisoire Ma\u00eetreYann BADEN\u00e0 donner instruction \u00e0 laSOCIETE5.)en Allemagne de vendre les participations d\u00e9tenues par la soci\u00e9t\u00e9SOCIETE4.)S.A. La soci\u00e9t\u00e9 par actions simplifi\u00e9e de droit fran\u00e7aisSOCIETE2.),la soci\u00e9t\u00e9 civile immobili\u00e8re de droit fran\u00e7aisSOCIETE3.)etPERSONNE1.)apr\u00e8s avoir initialement comparu par minist\u00e8re d\u2019avocat, ne se sont plus pr\u00e9sent\u00e9es, ni fait repr\u00e9senter \u00e0 l\u2019audience du 17 octobre 2024, \u00e0 laquelle l\u2019affaire avait \u00e9t\u00e9 fix\u00e9e pour plaidoiries, de sorte qu\u2019en application de l\u2019article 76 du Nouveau Code deproc\u00e9dure civile, il y a lieu de statuer par une ordonnance contradictoire \u00e0 leur \u00e9gard. P A R C E S M O T I F S NousDilia COIMBRA, Vice-Pr\u00e9sidenteau Tribunal d\u2019arrondissement de et \u00e0 Luxembourg, en remplacementde laPr\u00e9sidentedu Tribunal d\u2019arrondissement de et \u00e0 Luxembourg, si\u00e9geant comme juge des r\u00e9f\u00e9r\u00e9s, statuant contradictoirement; vu l\u2019ordonnance des r\u00e9f\u00e9r\u00e9sn\u00b02023TALREFO\/00408 du 3 novembre 2023; autorisons l\u2019administrateur provisoireMa\u00eetreYann BADEN\u00e0 donner instruction \u00e0 la SOCIETE5.)en Allemagne de vendre les participations d\u00e9tenues par la soci\u00e9t\u00e9 SOCIETE4.)S.A.; ordonnons l\u2019ex\u00e9cution provisoire de la pr\u00e9sente ordonnance nonobstant toute voie de recours et sans caution.<\/p>\n<\/div>\n<hr class=\"kji-sep\" \/>\n<p class=\"kji-source-links\"><strong>Sources officielles :<\/strong> <a class=\"kji-source-link\" href=\"https:\/\/data.public.lu\/fr\/datasets\/tribunal-darrondissement-luxembourg-refere\/\" target=\"_blank\" rel=\"noopener noreferrer\">consulter la page source<\/a> &middot; <a class=\"kji-pdf-link\" href=\"https:\/\/download.data.public.lu\/resources\/tribunal-darrondissement-luxembourg-refere\/20250324-012202\/20241024-talref-tal-2024-07969-pseudonymise-accessible.pdf\" target=\"_blank\" rel=\"noopener noreferrer\">PDF officiel<\/a><\/p>\n<p class=\"kji-license-note\"><em>Licence CC BY-ND 4.0 (Administration judiciaire, data.public.lu). Republication autorisee avec attribution, sans modification editoriale du texte integral.<\/em><\/p>\n<\/div>\n","protected":false},"excerpt":{"rendered":"<p>No. R\u00f4le: TAL-2023-07969 R\u00e9f. no.2024TALREFO\/00450 du 24 octobre 2024 Audience publique extraordinaire des r\u00e9f\u00e9r\u00e9s du jeudi, 24 octobre 2024 tenue par Nous Dilia COIMBRA, Vice-Pr\u00e9sidente au Tribunal d&#8217;arrondissement de et \u00e0 Luxembourg, si\u00e9geant comme juge des r\u00e9f\u00e9r\u00e9s, en remplacement de la Pr\u00e9sidente du Tribunal d&#8217;arrondissement\u2026<\/p>\n","protected":false},"featured_media":0,"template":"","meta":{"_crdt_document":""},"kji_country":[8418],"kji_court":[23583],"kji_chamber":[18768],"kji_year":[8677],"kji_subject":[7646],"kji_keyword":[23584,8598,7636],"kji_language":[7733],"class_list":["post-639115","kji_decision","type-kji_decision","status-publish","hentry","kji_country-luxembourg","kji_court-tribunal-darrondissement","kji_chamber-refere","kji_year-8677","kji_subject-divers","kji_keyword-arrondissement","kji_keyword-octobre","kji_keyword-tribunal","kji_language-francais"],"yoast_head":"<!-- This site is optimized with the Yoast SEO Premium plugin v27.4 (Yoast SEO v27.4) - https:\/\/yoast.com\/product\/yoast-seo-premium-wordpress\/ -->\n<title>Tribunal d&#039;arrondissement, 24 octobre 2024, n\u00b0 2024-07969 - Ma\u00eetre Hassan Kohen, avocat en droit p\u00e9nal \u00e0 Paris<\/title>\n<meta name=\"robots\" content=\"index, follow, max-snippet:-1, max-image-preview:large, max-video-preview:-1\" \/>\n<link rel=\"canonical\" href=\"https:\/\/kohenavocats.com\/ru\/jurisprudences\/tribunal-darrondissement-24-octobre-2024-n-2024-07969\/\" \/>\n<meta property=\"og:locale\" content=\"ru_RU\" \/>\n<meta property=\"og:type\" content=\"article\" \/>\n<meta property=\"og:title\" content=\"Tribunal d&#039;arrondissement, 24 octobre 2024, n\u00b0 2024-07969\" \/>\n<meta property=\"og:description\" content=\"No. R\u00f4le: TAL-2023-07969 R\u00e9f. no.2024TALREFO\/00450 du 24 octobre 2024 Audience publique extraordinaire des r\u00e9f\u00e9r\u00e9s du jeudi, 24 octobre 2024 tenue par Nous Dilia COIMBRA, Vice-Pr\u00e9sidente au Tribunal d&#039;arrondissement de et \u00e0 Luxembourg, si\u00e9geant comme juge des r\u00e9f\u00e9r\u00e9s, en remplacement de la Pr\u00e9sidente du Tribunal d&#039;arrondissement\u2026\" \/>\n<meta property=\"og:url\" content=\"https:\/\/kohenavocats.com\/ru\/jurisprudences\/tribunal-darrondissement-24-octobre-2024-n-2024-07969\/\" \/>\n<meta property=\"og:site_name\" content=\"Ma\u00eetre Hassan Kohen, avocat en droit p\u00e9nal \u00e0 Paris\" \/>\n<meta property=\"article:modified_time\" content=\"2026-04-21T17:25:42+00:00\" \/>\n<meta name=\"twitter:card\" content=\"summary_large_image\" \/>\n<meta name=\"twitter:label1\" content=\"\u041f\u0440\u0438\u043c\u0435\u0440\u043d\u043e\u0435 \u0432\u0440\u0435\u043c\u044f \u0434\u043b\u044f \u0447\u0442\u0435\u043d\u0438\u044f\" \/>\n\t<meta name=\"twitter:data1\" content=\"6 \u043c\u0438\u043d\u0443\u0442\" \/>\n<script type=\"application\/ld+json\" class=\"yoast-schema-graph\">{\"@context\":\"https:\\\/\\\/schema.org\",\"@graph\":[{\"@type\":\"WebPage\",\"@id\":\"https:\\\/\\\/kohenavocats.com\\\/ru\\\/jurisprudences\\\/tribunal-darrondissement-24-octobre-2024-n-2024-07969\\\/\",\"url\":\"https:\\\/\\\/kohenavocats.com\\\/ru\\\/jurisprudences\\\/tribunal-darrondissement-24-octobre-2024-n-2024-07969\\\/\",\"name\":\"Tribunal d'arrondissement, 24 octobre 2024, n\u00b0 2024-07969 - Ma\u00eetre Hassan Kohen, avocat en droit p\u00e9nal \u00e0 Paris\",\"isPartOf\":{\"@id\":\"https:\\\/\\\/kohenavocats.com\\\/ru\\\/#website\"},\"datePublished\":\"2026-04-21T17:25:39+00:00\",\"dateModified\":\"2026-04-21T17:25:42+00:00\",\"breadcrumb\":{\"@id\":\"https:\\\/\\\/kohenavocats.com\\\/ru\\\/jurisprudences\\\/tribunal-darrondissement-24-octobre-2024-n-2024-07969\\\/#breadcrumb\"},\"inLanguage\":\"ru-RU\",\"potentialAction\":[{\"@type\":\"ReadAction\",\"target\":[\"https:\\\/\\\/kohenavocats.com\\\/ru\\\/jurisprudences\\\/tribunal-darrondissement-24-octobre-2024-n-2024-07969\\\/\"]}]},{\"@type\":\"BreadcrumbList\",\"@id\":\"https:\\\/\\\/kohenavocats.com\\\/ru\\\/jurisprudences\\\/tribunal-darrondissement-24-octobre-2024-n-2024-07969\\\/#breadcrumb\",\"itemListElement\":[{\"@type\":\"ListItem\",\"position\":1,\"name\":\"Home\",\"item\":\"https:\\\/\\\/kohenavocats.com\\\/ru\\\/avocats-en-droit-penal-a-paris-conseil-et-defense-strategique\\\/\"},{\"@type\":\"ListItem\",\"position\":2,\"name\":\"Jurisprudences\",\"item\":\"https:\\\/\\\/kohenavocats.com\\\/ru\\\/jurisprudences\\\/\"},{\"@type\":\"ListItem\",\"position\":3,\"name\":\"Tribunal d&rsquo;arrondissement, 24 octobre 2024, n\u00b0 2024-07969\"}]},{\"@type\":\"WebSite\",\"@id\":\"https:\\\/\\\/kohenavocats.com\\\/ru\\\/#website\",\"url\":\"https:\\\/\\\/kohenavocats.com\\\/ru\\\/\",\"name\":\"Kohen Avocats\",\"description\":\"Ma\u00eetre Hassan Kohen, avocat p\u00e9naliste \u00e0 Paris, intervient exclusivement en droit p\u00e9nal pour la d\u00e9fense des particuliers, notamment en mati\u00e8re d\u2019accusations de viol. Il assure un accompagnement rigoureux d\u00e8s la garde \u00e0 vue jusqu\u2019\u00e0 la Cour d\u2019assises, veillant au strict respect des garanties proc\u00e9durales.\",\"publisher\":{\"@id\":\"https:\\\/\\\/kohenavocats.com\\\/ru\\\/#organization\"},\"potentialAction\":[{\"@type\":\"SearchAction\",\"target\":{\"@type\":\"EntryPoint\",\"urlTemplate\":\"https:\\\/\\\/kohenavocats.com\\\/ru\\\/?s={search_term_string}\"},\"query-input\":{\"@type\":\"PropertyValueSpecification\",\"valueRequired\":true,\"valueName\":\"search_term_string\"}}],\"inLanguage\":\"ru-RU\"},{\"@type\":\"Organization\",\"@id\":\"https:\\\/\\\/kohenavocats.com\\\/ru\\\/#organization\",\"name\":\"Kohen Avocats\",\"url\":\"https:\\\/\\\/kohenavocats.com\\\/ru\\\/\",\"logo\":{\"@type\":\"ImageObject\",\"inLanguage\":\"ru-RU\",\"@id\":\"https:\\\/\\\/kohenavocats.com\\\/ru\\\/#\\\/schema\\\/logo\\\/image\\\/\",\"url\":\"https:\\\/\\\/kohenavocats.com\\\/wp-content\\\/uploads\\\/2026\\\/01\\\/Logo-2-1.webp\",\"contentUrl\":\"https:\\\/\\\/kohenavocats.com\\\/wp-content\\\/uploads\\\/2026\\\/01\\\/Logo-2-1.webp\",\"width\":2114,\"height\":1253,\"caption\":\"Kohen Avocats\"},\"image\":{\"@id\":\"https:\\\/\\\/kohenavocats.com\\\/ru\\\/#\\\/schema\\\/logo\\\/image\\\/\"}}]}<\/script>\n<!-- \/ Yoast SEO Premium plugin. -->","yoast_head_json":{"title":"Tribunal d'arrondissement, 24 octobre 2024, n\u00b0 2024-07969 - Ma\u00eetre Hassan Kohen, avocat en droit p\u00e9nal \u00e0 Paris","robots":{"index":"index","follow":"follow","max-snippet":"max-snippet:-1","max-image-preview":"max-image-preview:large","max-video-preview":"max-video-preview:-1"},"canonical":"https:\/\/kohenavocats.com\/ru\/jurisprudences\/tribunal-darrondissement-24-octobre-2024-n-2024-07969\/","og_locale":"ru_RU","og_type":"article","og_title":"Tribunal d'arrondissement, 24 octobre 2024, n\u00b0 2024-07969","og_description":"No. R\u00f4le: TAL-2023-07969 R\u00e9f. no.2024TALREFO\/00450 du 24 octobre 2024 Audience publique extraordinaire des r\u00e9f\u00e9r\u00e9s du jeudi, 24 octobre 2024 tenue par Nous Dilia COIMBRA, Vice-Pr\u00e9sidente au Tribunal d'arrondissement de et \u00e0 Luxembourg, si\u00e9geant comme juge des r\u00e9f\u00e9r\u00e9s, en remplacement de la Pr\u00e9sidente du Tribunal d'arrondissement\u2026","og_url":"https:\/\/kohenavocats.com\/ru\/jurisprudences\/tribunal-darrondissement-24-octobre-2024-n-2024-07969\/","og_site_name":"Ma\u00eetre Hassan Kohen, avocat en droit p\u00e9nal \u00e0 Paris","article_modified_time":"2026-04-21T17:25:42+00:00","twitter_card":"summary_large_image","twitter_misc":{"\u041f\u0440\u0438\u043c\u0435\u0440\u043d\u043e\u0435 \u0432\u0440\u0435\u043c\u044f \u0434\u043b\u044f \u0447\u0442\u0435\u043d\u0438\u044f":"6 \u043c\u0438\u043d\u0443\u0442"},"schema":{"@context":"https:\/\/schema.org","@graph":[{"@type":"WebPage","@id":"https:\/\/kohenavocats.com\/ru\/jurisprudences\/tribunal-darrondissement-24-octobre-2024-n-2024-07969\/","url":"https:\/\/kohenavocats.com\/ru\/jurisprudences\/tribunal-darrondissement-24-octobre-2024-n-2024-07969\/","name":"Tribunal d'arrondissement, 24 octobre 2024, n\u00b0 2024-07969 - Ma\u00eetre Hassan Kohen, avocat en droit p\u00e9nal \u00e0 Paris","isPartOf":{"@id":"https:\/\/kohenavocats.com\/ru\/#website"},"datePublished":"2026-04-21T17:25:39+00:00","dateModified":"2026-04-21T17:25:42+00:00","breadcrumb":{"@id":"https:\/\/kohenavocats.com\/ru\/jurisprudences\/tribunal-darrondissement-24-octobre-2024-n-2024-07969\/#breadcrumb"},"inLanguage":"ru-RU","potentialAction":[{"@type":"ReadAction","target":["https:\/\/kohenavocats.com\/ru\/jurisprudences\/tribunal-darrondissement-24-octobre-2024-n-2024-07969\/"]}]},{"@type":"BreadcrumbList","@id":"https:\/\/kohenavocats.com\/ru\/jurisprudences\/tribunal-darrondissement-24-octobre-2024-n-2024-07969\/#breadcrumb","itemListElement":[{"@type":"ListItem","position":1,"name":"Home","item":"https:\/\/kohenavocats.com\/ru\/avocats-en-droit-penal-a-paris-conseil-et-defense-strategique\/"},{"@type":"ListItem","position":2,"name":"Jurisprudences","item":"https:\/\/kohenavocats.com\/ru\/jurisprudences\/"},{"@type":"ListItem","position":3,"name":"Tribunal d&rsquo;arrondissement, 24 octobre 2024, n\u00b0 2024-07969"}]},{"@type":"WebSite","@id":"https:\/\/kohenavocats.com\/ru\/#website","url":"https:\/\/kohenavocats.com\/ru\/","name":"Kohen Avocats","description":"Ma\u00eetre Hassan Kohen, avocat p\u00e9naliste \u00e0 Paris, intervient exclusivement en droit p\u00e9nal pour la d\u00e9fense des particuliers, notamment en mati\u00e8re d\u2019accusations de viol. Il assure un accompagnement rigoureux d\u00e8s la garde \u00e0 vue jusqu\u2019\u00e0 la Cour d\u2019assises, veillant au strict respect des garanties proc\u00e9durales.","publisher":{"@id":"https:\/\/kohenavocats.com\/ru\/#organization"},"potentialAction":[{"@type":"SearchAction","target":{"@type":"EntryPoint","urlTemplate":"https:\/\/kohenavocats.com\/ru\/?s={search_term_string}"},"query-input":{"@type":"PropertyValueSpecification","valueRequired":true,"valueName":"search_term_string"}}],"inLanguage":"ru-RU"},{"@type":"Organization","@id":"https:\/\/kohenavocats.com\/ru\/#organization","name":"Kohen Avocats","url":"https:\/\/kohenavocats.com\/ru\/","logo":{"@type":"ImageObject","inLanguage":"ru-RU","@id":"https:\/\/kohenavocats.com\/ru\/#\/schema\/logo\/image\/","url":"https:\/\/kohenavocats.com\/wp-content\/uploads\/2026\/01\/Logo-2-1.webp","contentUrl":"https:\/\/kohenavocats.com\/wp-content\/uploads\/2026\/01\/Logo-2-1.webp","width":2114,"height":1253,"caption":"Kohen Avocats"},"image":{"@id":"https:\/\/kohenavocats.com\/ru\/#\/schema\/logo\/image\/"}}]}},"jetpack_likes_enabled":false,"jetpack_sharing_enabled":true,"_links":{"self":[{"href":"https:\/\/kohenavocats.com\/ru\/wp-json\/wp\/v2\/kji_decision\/639115","targetHints":{"allow":["GET"]}}],"collection":[{"href":"https:\/\/kohenavocats.com\/ru\/wp-json\/wp\/v2\/kji_decision"}],"about":[{"href":"https:\/\/kohenavocats.com\/ru\/wp-json\/wp\/v2\/types\/kji_decision"}],"wp:attachment":[{"href":"https:\/\/kohenavocats.com\/ru\/wp-json\/wp\/v2\/media?parent=639115"}],"wp:term":[{"taxonomy":"kji_country","embeddable":true,"href":"https:\/\/kohenavocats.com\/ru\/wp-json\/wp\/v2\/kji_country?post=639115"},{"taxonomy":"kji_court","embeddable":true,"href":"https:\/\/kohenavocats.com\/ru\/wp-json\/wp\/v2\/kji_court?post=639115"},{"taxonomy":"kji_chamber","embeddable":true,"href":"https:\/\/kohenavocats.com\/ru\/wp-json\/wp\/v2\/kji_chamber?post=639115"},{"taxonomy":"kji_year","embeddable":true,"href":"https:\/\/kohenavocats.com\/ru\/wp-json\/wp\/v2\/kji_year?post=639115"},{"taxonomy":"kji_subject","embeddable":true,"href":"https:\/\/kohenavocats.com\/ru\/wp-json\/wp\/v2\/kji_subject?post=639115"},{"taxonomy":"kji_keyword","embeddable":true,"href":"https:\/\/kohenavocats.com\/ru\/wp-json\/wp\/v2\/kji_keyword?post=639115"},{"taxonomy":"kji_language","embeddable":true,"href":"https:\/\/kohenavocats.com\/ru\/wp-json\/wp\/v2\/kji_language?post=639115"}],"curies":[{"name":"wp","href":"https:\/\/api.w.org\/{rel}","templated":true}]}}