{"id":639265,"date":"2026-04-21T19:43:21","date_gmt":"2026-04-21T17:43:21","guid":{"rendered":"https:\/\/kohenavocats.com\/jurisprudences\/tribunal-darrondissement-31-janvier-2025-n-2024-08716\/"},"modified":"2026-04-21T19:43:24","modified_gmt":"2026-04-21T17:43:24","slug":"tribunal-darrondissement-31-janvier-2025-n-2024-08716","status":"publish","type":"kji_decision","link":"https:\/\/kohenavocats.com\/ru\/jurisprudences\/tribunal-darrondissement-31-janvier-2025-n-2024-08716\/","title":{"rendered":"Tribunal d&#8217;arrondissement, 31 janvier 2025, n\u00b0 2024-08716"},"content":{"rendered":"<div class=\"kji-decision\">\n<div class=\"kji-full-text\">\n<p>No. R\u00f4le:TAL-2024-08716 No.2025TALREFO\/00044 du31 janvier 2025 Audience publique extraordinaire des r\u00e9f\u00e9r\u00e9s duvendredi,31 janvier2025, tenue par NousPhilippe WADL\u00c9, premierjugeauTribunal d\u2019arrondissement deet \u00e0 Luxembourg, si\u00e9geant comme juge des r\u00e9f\u00e9r\u00e9s, en remplacementduPr\u00e9sident du Tribunal d\u2019arrondissement deet \u00e0Luxembourg, assist\u00e9de la greffi\u00e8re assum\u00e9e Carole STARCK. DANS LA CAUSE E N T R E PERSONNE1.), avocat, demeurant \u00e0 L-ADRESSE1.), partie demanderesse originaire partie d\u00e9fenderesse sur contreditcomparant par Ma\u00eetreAdrien KARIGER, avocat, en remplacement de Ma\u00eetreMaxime FLORIMOND, avocat, les deux demeurant \u00e0 Luxembourg, E T PERSONNE2.), demeurant \u00e0 L-ADRESSE2.), partied\u00e9fenderesse originaire partie demanderesse parcontreditcomparant par Ma\u00eetreZuleyhaKAN, avocat, en remplacement de Ma\u00eetreLuc MAJERUS, avocat, les deux demeurant \u00e0Esch-sur- Alzette. F A I T S :<\/p>\n<p>Suite aucontredit form\u00e9 le18 octobre 2024parPERSONNE2.)contre l\u2019ordonnance conditionnelle de paiementn\u00b02024TALORDP\/00607, d\u00e9livr\u00e9ele8 octobre 2024etlui notifi\u00e9e en date du11 octobre 2024, les parties furent convoqu\u00e9es \u00e0 l\u2019audience publique ordinaire des r\u00e9f\u00e9r\u00e9s du lundimatin,18 novembre 2024. Apr\u00e8suneremise, l\u2019affaire fut utilement retenue \u00e0 l\u2019audience publique ordinaire des r\u00e9f\u00e9r\u00e9s du lundimatin,2 d\u00e9cembre 2024, lors de laquelleMa\u00eetreAdrien KARIGERet Ma\u00eetre Zuleyha KANfurententendusenleursmoyens et explications. L\u2019affaire fut refix\u00e9e pour continuation des d\u00e9bats \u00e0 l\u2019audience publique ordinaire des r\u00e9f\u00e9r\u00e9s du lundi matin,20 janvier 2025, lors de laquelleMa\u00eetre Adrien KARIGER et Ma\u00eetre Zuleyha KANfurent entendus en leurs conclusions. Sur ce le juge prit l\u2019affaire en d\u00e9lib\u00e9r\u00e9 et rendit \u00e0 l\u2019audience publique extraordinaire des r\u00e9f\u00e9r\u00e9s de ce jour l\u2019 O R D O N N A N C E qui suit: Par requ\u00eate du 4 octobre 2024, d\u00e9pos\u00e9e le 7 octobre 2024 au greffe du tribunal, PERSONNE1.)a requis la d\u00e9livrance d\u2019une ordonnance conditionnelle de paiement \u00e0 l\u2019\u00e9gard dePERSONNE2.)pour le montant de 16.252,12.-euros, augment\u00e9 des int\u00e9r\u00eats de retard l\u00e9gaux, ainsi que pour le montant de 150,-euros \u00e0 titre d\u2019indemnit\u00e9de proc\u00e9duresur le fondement de l\u2019article 240 du Nouveau Code de proc\u00e9dure civile. Suivant ordonnance conditionnelle de paiement n\u00b0 2024TALORDP\/00607, d\u00e9livr\u00e9e le 8 octobre 2024et notifi\u00e9e le11 octobre 2024\u00e0PERSONNE2.), il a \u00e9t\u00e9 fait droit \u00e0 susdite requ\u00eate et, partant, enjoint \u00e0 cette derni\u00e8re de payer \u00e0PERSONNE1.)la somme de16.252,12.-euros, augment\u00e9e des int\u00e9r\u00eatsl\u00e9gaux \u00e0 partir du jour de la notification de ladite ordonnance jusqu\u2019\u00e0 solde, avec majoration du taux d\u2019int\u00e9r\u00eat de trois points \u00e0 l\u2019expiration d\u2019un d\u00e9lai de trois mois \u00e0 compter de la notification de l\u2019ordonnance,ainsi qu\u2019une indemnit\u00e9 de proc\u00e9dure de 150,-euros sur base de l\u2019article 240 du Nouveau Code de proc\u00e9dure civile. Par lettre du17 octobre2024, d\u00e9pos\u00e9e le18 octobre 2024au greffe du tribunal, PERSONNE2.)a form\u00e9 contredit contre cette ordonnance conditionnelle de paiement. Il convient de rappeler que la requ\u00eate initiale est bas\u00e9e sur l\u2019article 919 du Nouveau Code de proc\u00e9dure civile, qui dispose que le juge peut accorder une provision au cr\u00e9ancier dans les cas o\u00f9 l\u2019existence de l\u2019obligation n\u2019est pas s\u00e9rieusement contestable. Cette disposition rejoint celle qui figure \u00e0 l\u2019article 933, alin\u00e9a 2 du m\u00eame code. Dans le cadre d\u2019un d\u00e9bat contradictoire, tel le cas en l\u2019esp\u00e8ce en mati\u00e8re de contredit \u00e0 ordonnance conditionnelle de paiement, le juge des r\u00e9f\u00e9r\u00e9s appr\u00e9cie si les contestations produites par le d\u00e9fendeur sont s\u00e9rieuses ou non.<\/p>\n<p>Il y a contestation s\u00e9rieuse, d\u00e8s lors que l\u2019un des moyens de d\u00e9fense oppos\u00e9 \u00e0 la pr\u00e9tention du demandeur n\u2019est pas manifestement vain et qu\u2019il existe une incertitude sur le sens dans lequel trancherait le juge du fond s\u2019il venait \u00e0 \u00eatre saisi. En l\u2019esp\u00e8ce,PERSONNE1.)poursuit le recouvrement decinqnotes de frais et honoraires\u00e9mises entre le 24 septembre 2021 et le 22 mai 2023,et portant sur des prestations d\u2019avocats effectu\u00e9s pour compte dePERSONNE2.)dans le cadre d\u2019un dossier \u00abPERSONNE3.)\/PERSONNE4.)\u00bb. Lesdites notes \u00e9tant rest\u00e9es impay\u00e9es, malgr\u00e9 taxationen date du 24 juillet 2024parleConseil de l\u2019Ordre du Barreau de Luxembourg,PERSONNE2.)lui redevrait actuellement le montant total de16.252,12.- euros. Estimant quePERSONNE2.)ne fait valoir aucune contestation s\u00e9rieuse \u00e0 l\u2019\u00e9gard de la cr\u00e9ance invoqu\u00e9e, elle conclut au rejet du contredit et sollicite la condamnation de PERSONNE2.)\u00e0 lui payer le montant principal retenu dans l\u2019ordonnance conditionnelle de paiement, ainsi qu\u2019une indemnit\u00e9 de proc\u00e9dure de 1.000,-euros. A l\u2019audience du 20 janvier 2025,PERSONNE2.)aconclu \u00e0 voir d\u00e9clarer nulle et non avenue l\u2019ordonnance conditionnelle de paiement du 8 octobre 2024. Soulignant que le juge n\u2019est pas li\u00e9 par la taxationeffectu\u00e9e par le Conseil de l\u2019Ordre, elle fait valoir que lemontant deshonoraires r\u00e9clam\u00e9s parPERSONNE1.)est excessif etne correspond pas au montant qui aurait \u00e9t\u00e9 convenu entre parties. Elle estime qu\u2019un examen plus d\u00e9taill\u00e9 du dossier est n\u00e9cessaire pour v\u00e9rifier le bien-fond\u00e9 de la cr\u00e9ance invoqu\u00e9e par PERSONNE1.), examen auquel elle n\u2019entend pas se livrer dans la mesure o\u00f9 celui-ci rel\u00e8verait du fond. Elle en conclut que le juge des r\u00e9f\u00e9r\u00e9s est incomp\u00e9tent pour conna\u00eetre de la demande d\u2019PERSONNE1.). A titre subsidiaire, elle demande \u00e0 voir rejeterla demande pour \u00eatre irrecevable, sinon non fond\u00e9e. Le tribunal constate d\u2019abord quePERSONNE2.)ne produit aucun \u00e9l\u00e9ment de nature \u00e0 \u00e9tablirl\u2019existence d\u2019un quelconque accord entre parties concernant le montant des honoraires redus \u00e0PERSONNE1.). Force est ensuite de constater quePERSONNE2.)ne remet pas en cause la r\u00e9alit\u00e9 des prestations factur\u00e9es parPERSONNE1.), mais se borne \u00e0 contester,de mani\u00e8re g\u00e9n\u00e9rale,le quantum des frais et honorairesr\u00e9clam\u00e9s par cette derni\u00e8re, estimant que ceux-ci sont surfaits.Elle ne formule aucune contestation pr\u00e9cise,en identifiant notamment la (ou les) note(s) d\u2019honoraireslitigieuse(s)et\/ou la (ou les) prestation(s) critiqu\u00e9e(s). De tellescontestations,non circonstanci\u00e9es,ne sauraient faire \u00e9chec \u00e0 la demande d\u2019PERSONNE1.),appuy\u00e9epardes factures et rappels adress\u00e9s \u00e0PERSONNE2.), ainsi que par une taxationconfirmative. A d\u00e9faut pourPERSONNE2.)de justifier d\u2019unecontestation s\u00e9rieuse, son contredit est \u00e0 rejeter.Ellesera en cons\u00e9quence condamn\u00e9e au paiement de la somme de16.252,12.- eurosavec les int\u00e9r\u00eatstels que retenus dans l\u2019ordonnance conditionnelle de paiement du 8 octobre 2024.<\/p>\n<p>Il convient de pr\u00e9ciser qu\u2019\u00e0 l\u2019audience du 20 janvier 2025,PERSONNE2.)n\u2019a pas r\u00e9it\u00e9r\u00e9 sa demande en obtention d\u2019un d\u00e9lai de paiement qu\u2019elle avait initialement formul\u00e9e dans son contredit. Cette demande estde toute fa\u00e7on\u00e0 rejeter pour n\u2019\u00eatre \u00e9tay\u00e9e par aucune pi\u00e8ce. L\u2019article 240 du Nouveau Code de proc\u00e9dure civile dispose que : \u00abLorsqu\u2019il para\u00eet in\u00e9quitable de laisser \u00e0 la charge d\u2019une partie les sommes expos\u00e9es par elle et non comprises dans les d\u00e9pens, le juge peut condamner l\u2019autre partie \u00e0 lui payer le montant qu\u2019il d\u00e9termine\u00bb. L\u2019application de l\u2019article 240 du Nouveau Code de proc\u00e9dure civile rel\u00e8ve du pouvoir discr\u00e9tionnaire du juge (Cass., 2 juillet 2015, n\u00b0 60\/15 du registre, JTL 2015, p. 166). PERSONNE1.)ayant \u00e9t\u00e9 contrainte d\u2019agir en justice pour avoir satisfaction, il serait in\u00e9quitable de laisser \u00e0 sa charge l\u2019int\u00e9gralit\u00e9 des sommes non comprises dans les d\u00e9pens qu\u2019elle a d\u00fb exposer.Sa demande en obtention d\u2019une indemnit\u00e9 de proc\u00e9dure est partant justifi\u00e9e en principe.Compte tenu de l\u2019envergure du litige, de son degr\u00e9 de difficult\u00e9 et des soins y requis, sa demande est \u00e0 d\u00e9clarer fond\u00e9e pour un montant fix\u00e9 \u00e0500,-euros. A l\u2019audience du20 janvier 2025,PERSONNE2.)a requis la condamnation reconventionnelle d\u2019PERSONNE1.)\u00e0 lui payer une indemnit\u00e9 de proc\u00e9dure de750,- euros. Au vu de l\u2019issue de la pr\u00e9sente instance, cette demande est \u00e0 rejeter. P A R C E S M O T I F S Nous Philippe WADL\u00c9, premier juge au Tribunald\u2019arrondissement de et \u00e0 Luxembourg, si\u00e9geant comme juge des r\u00e9f\u00e9r\u00e9s, en remplacement du Pr\u00e9sident du Tribunal d\u2019arrondissement de et \u00e0 Luxembourg, statuant contradictoirement, recevons le contredit en la forme ; Nous d\u00e9clarons comp\u00e9tent pour en conna\u00eetre; au principal renvoyons les parties \u00e0 se pourvoir devant qui de droit, mais d\u00e8s \u00e0 pr\u00e9sent et par provision, rejetons le contredit ; partant, condamnonsPERSONNE2.)\u00e0 payer \u00e0PERSONNE1.)la somme de16.252,12.-euros avec les int\u00e9r\u00eats l\u00e9gaux \u00e0partir du 11 octobre 2024, date de notification de l\u2019ordonnance conditionnelle de paiement, jusqu\u2019\u00e0 solde;<\/p>\n<p>disonsquele taux d\u2019int\u00e9r\u00eat l\u00e9gal sera major\u00e9 de trois points \u00e0 l\u2019expiration d\u2019un d\u00e9lai de trois mois \u00e0 compter du 11 octobre 2024, date de notification de l\u2019ordonnance conditionnelle de paiement; rejetons la demande dePERSONNE2.)en obtention d\u2019un d\u00e9lai de paiement; condamnonsPERSONNE2.)\u00e0 payer \u00e0PERSONNE1.)une indemnit\u00e9 de proc\u00e9dure de 500,-euros; rejetons la demande dePERSONNE2.)en allocation d\u2019une indemnit\u00e9 de proc\u00e9dure; ordonnons l\u2019ex\u00e9cution provisoire de la pr\u00e9sente ordonnance nonobstant toute voie de recours et sans caution; condamnonsPERSONNE2.)aux frais et d\u00e9pens de l\u2019instance.<\/p>\n<\/div>\n<hr class=\"kji-sep\" \/>\n<p class=\"kji-source-links\"><strong>Sources officielles :<\/strong> <a class=\"kji-source-link\" href=\"https:\/\/data.public.lu\/fr\/datasets\/tribunal-darrondissement-luxembourg-refere\/\" target=\"_blank\" rel=\"noopener noreferrer\">consulter la page source<\/a> &middot; <a class=\"kji-pdf-link\" href=\"https:\/\/download.data.public.lu\/resources\/tribunal-darrondissement-luxembourg-refere\/20250217-023829\/20250131-talref-tal-2024-08716-pseudonymise-accessible.pdf\" target=\"_blank\" rel=\"noopener noreferrer\">PDF officiel<\/a><\/p>\n<p class=\"kji-license-note\"><em>Licence CC BY-ND 4.0 (Administration judiciaire, data.public.lu). Republication autorisee avec attribution, sans modification editoriale du texte integral.<\/em><\/p>\n<\/div>\n","protected":false},"excerpt":{"rendered":"<p>No. R\u00f4le:TAL-2024-08716 No.2025TALREFO\/00044 du31 janvier 2025 Audience publique extraordinaire des r\u00e9f\u00e9r\u00e9s duvendredi,31 janvier2025, tenue par NousPhilippe WADL\u00c9, premierjugeauTribunal d\u2019arrondissement deet \u00e0 Luxembourg, si\u00e9geant comme juge des r\u00e9f\u00e9r\u00e9s, en remplacementduPr\u00e9sident du Tribunal d\u2019arrondissement deet \u00e0Luxembourg, assist\u00e9de la greffi\u00e8re assum\u00e9e Carole STARCK. DANS LA CAUSE E N\u2026<\/p>\n","protected":false},"featured_media":0,"template":"","meta":{"_crdt_document":""},"kji_country":[8418],"kji_court":[23583],"kji_chamber":[18768],"kji_year":[8463],"kji_subject":[7646],"kji_keyword":[23584,8460,7636],"kji_language":[7733],"class_list":["post-639265","kji_decision","type-kji_decision","status-publish","hentry","kji_country-luxembourg","kji_court-tribunal-darrondissement","kji_chamber-refere","kji_year-8463","kji_subject-divers","kji_keyword-arrondissement","kji_keyword-janvier","kji_keyword-tribunal","kji_language-francais"],"yoast_head":"<!-- This site is optimized with the Yoast SEO Premium plugin v27.4 (Yoast SEO v27.4) - https:\/\/yoast.com\/product\/yoast-seo-premium-wordpress\/ -->\n<title>Tribunal d&#039;arrondissement, 31 janvier 2025, n\u00b0 2024-08716 - Ma\u00eetre Hassan Kohen, avocat en droit p\u00e9nal \u00e0 Paris<\/title>\n<meta name=\"robots\" content=\"index, follow, max-snippet:-1, max-image-preview:large, max-video-preview:-1\" \/>\n<link rel=\"canonical\" href=\"https:\/\/kohenavocats.com\/ru\/jurisprudences\/tribunal-darrondissement-31-janvier-2025-n-2024-08716\/\" \/>\n<meta property=\"og:locale\" content=\"ru_RU\" \/>\n<meta property=\"og:type\" content=\"article\" \/>\n<meta property=\"og:title\" content=\"Tribunal d&#039;arrondissement, 31 janvier 2025, n\u00b0 2024-08716\" \/>\n<meta property=\"og:description\" content=\"No. R\u00f4le:TAL-2024-08716 No.2025TALREFO\/00044 du31 janvier 2025 Audience publique extraordinaire des r\u00e9f\u00e9r\u00e9s duvendredi,31 janvier2025, tenue par NousPhilippe WADL\u00c9, premierjugeauTribunal d\u2019arrondissement deet \u00e0 Luxembourg, si\u00e9geant comme juge des r\u00e9f\u00e9r\u00e9s, en remplacementduPr\u00e9sident du Tribunal d\u2019arrondissement deet \u00e0Luxembourg, assist\u00e9de la greffi\u00e8re assum\u00e9e Carole STARCK. DANS LA CAUSE E N\u2026\" \/>\n<meta property=\"og:url\" content=\"https:\/\/kohenavocats.com\/ru\/jurisprudences\/tribunal-darrondissement-31-janvier-2025-n-2024-08716\/\" \/>\n<meta property=\"og:site_name\" content=\"Ma\u00eetre Hassan Kohen, avocat en droit p\u00e9nal \u00e0 Paris\" \/>\n<meta property=\"article:modified_time\" content=\"2026-04-21T17:43:24+00:00\" \/>\n<meta name=\"twitter:card\" content=\"summary_large_image\" \/>\n<meta name=\"twitter:label1\" content=\"\u041f\u0440\u0438\u043c\u0435\u0440\u043d\u043e\u0435 \u0432\u0440\u0435\u043c\u044f \u0434\u043b\u044f \u0447\u0442\u0435\u043d\u0438\u044f\" \/>\n\t<meta name=\"twitter:data1\" content=\"8 \u043c\u0438\u043d\u0443\u0442\" \/>\n<script type=\"application\/ld+json\" class=\"yoast-schema-graph\">{\"@context\":\"https:\\\/\\\/schema.org\",\"@graph\":[{\"@type\":\"WebPage\",\"@id\":\"https:\\\/\\\/kohenavocats.com\\\/ru\\\/jurisprudences\\\/tribunal-darrondissement-31-janvier-2025-n-2024-08716\\\/\",\"url\":\"https:\\\/\\\/kohenavocats.com\\\/ru\\\/jurisprudences\\\/tribunal-darrondissement-31-janvier-2025-n-2024-08716\\\/\",\"name\":\"Tribunal d'arrondissement, 31 janvier 2025, n\u00b0 2024-08716 - Ma\u00eetre Hassan Kohen, avocat en droit p\u00e9nal \u00e0 Paris\",\"isPartOf\":{\"@id\":\"https:\\\/\\\/kohenavocats.com\\\/ru\\\/#website\"},\"datePublished\":\"2026-04-21T17:43:21+00:00\",\"dateModified\":\"2026-04-21T17:43:24+00:00\",\"breadcrumb\":{\"@id\":\"https:\\\/\\\/kohenavocats.com\\\/ru\\\/jurisprudences\\\/tribunal-darrondissement-31-janvier-2025-n-2024-08716\\\/#breadcrumb\"},\"inLanguage\":\"ru-RU\",\"potentialAction\":[{\"@type\":\"ReadAction\",\"target\":[\"https:\\\/\\\/kohenavocats.com\\\/ru\\\/jurisprudences\\\/tribunal-darrondissement-31-janvier-2025-n-2024-08716\\\/\"]}]},{\"@type\":\"BreadcrumbList\",\"@id\":\"https:\\\/\\\/kohenavocats.com\\\/ru\\\/jurisprudences\\\/tribunal-darrondissement-31-janvier-2025-n-2024-08716\\\/#breadcrumb\",\"itemListElement\":[{\"@type\":\"ListItem\",\"position\":1,\"name\":\"Home\",\"item\":\"https:\\\/\\\/kohenavocats.com\\\/ru\\\/avocats-en-droit-penal-a-paris-conseil-et-defense-strategique\\\/\"},{\"@type\":\"ListItem\",\"position\":2,\"name\":\"Jurisprudences\",\"item\":\"https:\\\/\\\/kohenavocats.com\\\/ru\\\/jurisprudences\\\/\"},{\"@type\":\"ListItem\",\"position\":3,\"name\":\"Tribunal d&rsquo;arrondissement, 31 janvier 2025, n\u00b0 2024-08716\"}]},{\"@type\":\"WebSite\",\"@id\":\"https:\\\/\\\/kohenavocats.com\\\/ru\\\/#website\",\"url\":\"https:\\\/\\\/kohenavocats.com\\\/ru\\\/\",\"name\":\"Kohen Avocats\",\"description\":\"Ma\u00eetre Hassan Kohen, avocat p\u00e9naliste \u00e0 Paris, intervient exclusivement en droit p\u00e9nal pour la d\u00e9fense des particuliers, notamment en mati\u00e8re d\u2019accusations de viol. Il assure un accompagnement rigoureux d\u00e8s la garde \u00e0 vue jusqu\u2019\u00e0 la Cour d\u2019assises, veillant au strict respect des garanties proc\u00e9durales.\",\"publisher\":{\"@id\":\"https:\\\/\\\/kohenavocats.com\\\/ru\\\/#organization\"},\"potentialAction\":[{\"@type\":\"SearchAction\",\"target\":{\"@type\":\"EntryPoint\",\"urlTemplate\":\"https:\\\/\\\/kohenavocats.com\\\/ru\\\/?s={search_term_string}\"},\"query-input\":{\"@type\":\"PropertyValueSpecification\",\"valueRequired\":true,\"valueName\":\"search_term_string\"}}],\"inLanguage\":\"ru-RU\"},{\"@type\":\"Organization\",\"@id\":\"https:\\\/\\\/kohenavocats.com\\\/ru\\\/#organization\",\"name\":\"Kohen Avocats\",\"url\":\"https:\\\/\\\/kohenavocats.com\\\/ru\\\/\",\"logo\":{\"@type\":\"ImageObject\",\"inLanguage\":\"ru-RU\",\"@id\":\"https:\\\/\\\/kohenavocats.com\\\/ru\\\/#\\\/schema\\\/logo\\\/image\\\/\",\"url\":\"https:\\\/\\\/kohenavocats.com\\\/wp-content\\\/uploads\\\/2026\\\/01\\\/Logo-2-1.webp\",\"contentUrl\":\"https:\\\/\\\/kohenavocats.com\\\/wp-content\\\/uploads\\\/2026\\\/01\\\/Logo-2-1.webp\",\"width\":2114,\"height\":1253,\"caption\":\"Kohen Avocats\"},\"image\":{\"@id\":\"https:\\\/\\\/kohenavocats.com\\\/ru\\\/#\\\/schema\\\/logo\\\/image\\\/\"}}]}<\/script>\n<!-- \/ Yoast SEO Premium plugin. -->","yoast_head_json":{"title":"Tribunal d'arrondissement, 31 janvier 2025, n\u00b0 2024-08716 - Ma\u00eetre Hassan Kohen, avocat en droit p\u00e9nal \u00e0 Paris","robots":{"index":"index","follow":"follow","max-snippet":"max-snippet:-1","max-image-preview":"max-image-preview:large","max-video-preview":"max-video-preview:-1"},"canonical":"https:\/\/kohenavocats.com\/ru\/jurisprudences\/tribunal-darrondissement-31-janvier-2025-n-2024-08716\/","og_locale":"ru_RU","og_type":"article","og_title":"Tribunal d'arrondissement, 31 janvier 2025, n\u00b0 2024-08716","og_description":"No. R\u00f4le:TAL-2024-08716 No.2025TALREFO\/00044 du31 janvier 2025 Audience publique extraordinaire des r\u00e9f\u00e9r\u00e9s duvendredi,31 janvier2025, tenue par NousPhilippe WADL\u00c9, premierjugeauTribunal d\u2019arrondissement deet \u00e0 Luxembourg, si\u00e9geant comme juge des r\u00e9f\u00e9r\u00e9s, en remplacementduPr\u00e9sident du Tribunal d\u2019arrondissement deet \u00e0Luxembourg, assist\u00e9de la greffi\u00e8re assum\u00e9e Carole STARCK. DANS LA CAUSE E N\u2026","og_url":"https:\/\/kohenavocats.com\/ru\/jurisprudences\/tribunal-darrondissement-31-janvier-2025-n-2024-08716\/","og_site_name":"Ma\u00eetre Hassan Kohen, avocat en droit p\u00e9nal \u00e0 Paris","article_modified_time":"2026-04-21T17:43:24+00:00","twitter_card":"summary_large_image","twitter_misc":{"\u041f\u0440\u0438\u043c\u0435\u0440\u043d\u043e\u0435 \u0432\u0440\u0435\u043c\u044f \u0434\u043b\u044f \u0447\u0442\u0435\u043d\u0438\u044f":"8 \u043c\u0438\u043d\u0443\u0442"},"schema":{"@context":"https:\/\/schema.org","@graph":[{"@type":"WebPage","@id":"https:\/\/kohenavocats.com\/ru\/jurisprudences\/tribunal-darrondissement-31-janvier-2025-n-2024-08716\/","url":"https:\/\/kohenavocats.com\/ru\/jurisprudences\/tribunal-darrondissement-31-janvier-2025-n-2024-08716\/","name":"Tribunal d'arrondissement, 31 janvier 2025, n\u00b0 2024-08716 - Ma\u00eetre Hassan Kohen, avocat en droit p\u00e9nal \u00e0 Paris","isPartOf":{"@id":"https:\/\/kohenavocats.com\/ru\/#website"},"datePublished":"2026-04-21T17:43:21+00:00","dateModified":"2026-04-21T17:43:24+00:00","breadcrumb":{"@id":"https:\/\/kohenavocats.com\/ru\/jurisprudences\/tribunal-darrondissement-31-janvier-2025-n-2024-08716\/#breadcrumb"},"inLanguage":"ru-RU","potentialAction":[{"@type":"ReadAction","target":["https:\/\/kohenavocats.com\/ru\/jurisprudences\/tribunal-darrondissement-31-janvier-2025-n-2024-08716\/"]}]},{"@type":"BreadcrumbList","@id":"https:\/\/kohenavocats.com\/ru\/jurisprudences\/tribunal-darrondissement-31-janvier-2025-n-2024-08716\/#breadcrumb","itemListElement":[{"@type":"ListItem","position":1,"name":"Home","item":"https:\/\/kohenavocats.com\/ru\/avocats-en-droit-penal-a-paris-conseil-et-defense-strategique\/"},{"@type":"ListItem","position":2,"name":"Jurisprudences","item":"https:\/\/kohenavocats.com\/ru\/jurisprudences\/"},{"@type":"ListItem","position":3,"name":"Tribunal d&rsquo;arrondissement, 31 janvier 2025, n\u00b0 2024-08716"}]},{"@type":"WebSite","@id":"https:\/\/kohenavocats.com\/ru\/#website","url":"https:\/\/kohenavocats.com\/ru\/","name":"Kohen Avocats","description":"Ma\u00eetre Hassan Kohen, avocat p\u00e9naliste \u00e0 Paris, intervient exclusivement en droit p\u00e9nal pour la d\u00e9fense des particuliers, notamment en mati\u00e8re d\u2019accusations de viol. Il assure un accompagnement rigoureux d\u00e8s la garde \u00e0 vue jusqu\u2019\u00e0 la Cour d\u2019assises, veillant au strict respect des garanties proc\u00e9durales.","publisher":{"@id":"https:\/\/kohenavocats.com\/ru\/#organization"},"potentialAction":[{"@type":"SearchAction","target":{"@type":"EntryPoint","urlTemplate":"https:\/\/kohenavocats.com\/ru\/?s={search_term_string}"},"query-input":{"@type":"PropertyValueSpecification","valueRequired":true,"valueName":"search_term_string"}}],"inLanguage":"ru-RU"},{"@type":"Organization","@id":"https:\/\/kohenavocats.com\/ru\/#organization","name":"Kohen Avocats","url":"https:\/\/kohenavocats.com\/ru\/","logo":{"@type":"ImageObject","inLanguage":"ru-RU","@id":"https:\/\/kohenavocats.com\/ru\/#\/schema\/logo\/image\/","url":"https:\/\/kohenavocats.com\/wp-content\/uploads\/2026\/01\/Logo-2-1.webp","contentUrl":"https:\/\/kohenavocats.com\/wp-content\/uploads\/2026\/01\/Logo-2-1.webp","width":2114,"height":1253,"caption":"Kohen Avocats"},"image":{"@id":"https:\/\/kohenavocats.com\/ru\/#\/schema\/logo\/image\/"}}]}},"jetpack_likes_enabled":false,"jetpack_sharing_enabled":true,"_links":{"self":[{"href":"https:\/\/kohenavocats.com\/ru\/wp-json\/wp\/v2\/kji_decision\/639265","targetHints":{"allow":["GET"]}}],"collection":[{"href":"https:\/\/kohenavocats.com\/ru\/wp-json\/wp\/v2\/kji_decision"}],"about":[{"href":"https:\/\/kohenavocats.com\/ru\/wp-json\/wp\/v2\/types\/kji_decision"}],"wp:attachment":[{"href":"https:\/\/kohenavocats.com\/ru\/wp-json\/wp\/v2\/media?parent=639265"}],"wp:term":[{"taxonomy":"kji_country","embeddable":true,"href":"https:\/\/kohenavocats.com\/ru\/wp-json\/wp\/v2\/kji_country?post=639265"},{"taxonomy":"kji_court","embeddable":true,"href":"https:\/\/kohenavocats.com\/ru\/wp-json\/wp\/v2\/kji_court?post=639265"},{"taxonomy":"kji_chamber","embeddable":true,"href":"https:\/\/kohenavocats.com\/ru\/wp-json\/wp\/v2\/kji_chamber?post=639265"},{"taxonomy":"kji_year","embeddable":true,"href":"https:\/\/kohenavocats.com\/ru\/wp-json\/wp\/v2\/kji_year?post=639265"},{"taxonomy":"kji_subject","embeddable":true,"href":"https:\/\/kohenavocats.com\/ru\/wp-json\/wp\/v2\/kji_subject?post=639265"},{"taxonomy":"kji_keyword","embeddable":true,"href":"https:\/\/kohenavocats.com\/ru\/wp-json\/wp\/v2\/kji_keyword?post=639265"},{"taxonomy":"kji_language","embeddable":true,"href":"https:\/\/kohenavocats.com\/ru\/wp-json\/wp\/v2\/kji_language?post=639265"}],"curies":[{"name":"wp","href":"https:\/\/api.w.org\/{rel}","templated":true}]}}