{"id":639293,"date":"2026-04-21T19:46:16","date_gmt":"2026-04-21T17:46:16","guid":{"rendered":"https:\/\/kohenavocats.com\/jurisprudences\/tribunal-darrondissement-23-decembre-2024-n-2024-08279\/"},"modified":"2026-04-21T19:46:21","modified_gmt":"2026-04-21T17:46:21","slug":"tribunal-darrondissement-23-decembre-2024-n-2024-08279","status":"publish","type":"kji_decision","link":"https:\/\/kohenavocats.com\/ru\/jurisprudences\/tribunal-darrondissement-23-decembre-2024-n-2024-08279\/","title":{"rendered":"Tribunal d&#8217;arrondissement, 23 d\u00e9cembre 2024, n\u00b0 2024-08279"},"content":{"rendered":"<div class=\"kji-decision\">\n<div class=\"kji-full-text\">\n<p>No. r\u00f4le:TAL-2024-08279 No.2024TALREFO\/00558 du23 d\u00e9cembre2024 Audience publique extraordinaire des r\u00e9f\u00e9r\u00e9s dulundi, 23 d\u00e9cembre2024, tenue par Nous Fr\u00e9d\u00e9ric MERSCH, Vice-Pr\u00e9sident au Tribunal d\u2019arrondissement de Luxembourg, si\u00e9geant comme juge des r\u00e9f\u00e9r\u00e9s, en remplacementduPr\u00e9sidentdu Tribunal d\u2019arrondissement de Luxembourg, assist\u00e9de la greffi\u00e8re assum\u00e9e Carole STARCK. DANS LA CAUSE E N T R E l\u2019associationsans but lucratifSOCIETE1.), en abr\u00e9g\u00e9SOCIETE1.), \u00e9tablie et ayant son si\u00e8ge social \u00e0 L-ADRESSE1.),repr\u00e9sent\u00e9e parses organes statutairesactuellement en fonctions, inscrite au registre de commerce et des soci\u00e9t\u00e9s de Luxembourg sous le n\u00b0 NUMERO1.), partie demanderesse originaire partie d\u00e9fenderesse sur contreditcomparant par Ma\u00eetreLaura GUILARTE LOPEZ, avocat en remplacement de Ma\u00eetre Alain RUKAVINA, avocat,les deuxdemeurant \u00e0 Luxembourg, E T PERSONNE1.), \u00e9tablie et ayant son si\u00e8ge social \u00e0L-ADRESSE2.),faisant le commerce sous la d\u00e9nomination \u00abSOCIETE2.)\u00bb,inscrite au registre de commerce et des soci\u00e9t\u00e9s de Luxembourg sous le num\u00e9roNUMERO2.), partie d\u00e9fenderesse originaire partie demanderesse par contreditcomparantenpersonne, ___________________________________________________________________________ F A I T S :<\/p>\n<p>Suite au contredit form\u00e9 le12 septembre 2024parMonsieurPERSONNE1.)contre l\u2019ordonnance conditionnelle de paiement n\u00b02024TALORDP\/00489, d\u00e9livr\u00e9e en date du 12 ao\u00fbt 2024et notifi\u00e9e \u00e0 la partie d\u00e9fenderesse originaire en date du20 ao\u00fbt 2024, les parties furent convoqu\u00e9es \u00e0 l\u2019audience publique ordinaire des r\u00e9f\u00e9r\u00e9s dulundiapr\u00e8s- midi,2 d\u00e9cembre 2024, lors delaquelle Ma\u00eetreLaura GUILARTE LOPEZet Monsieur PERSONNE1.)furententendus en leurs explications. Sur ce le juge des r\u00e9f\u00e9r\u00e9s prit l\u2019affaire en d\u00e9lib\u00e9r\u00e9 et rendit \u00e0 l\u2019audience publique extraordinaire des r\u00e9f\u00e9r\u00e9s de ce jour l\u2019 O R D O N NA N C E qui suit: Par lettre d\u00e9pos\u00e9e au greffe du tribunal le 12 septembre 2024,PERSONNE1.)a form\u00e9 contredit contre l\u2019ordonnance conditionnelle No 2024TALORDP\/00489 du 12 ao\u00fbt 2024 lui ayant enjoint de payer auSOCIETE1.)le montant de 15.899,36.-euros. A l\u2019audience,PERSONNE1.)n\u2019a pas contest\u00e9 redevoir le montant r\u00e9clam\u00e9 de sorte qu\u2019il y a lieu de faire droit \u00e0 la demande en paiement pour le montant de 15.899,36.- euros sur base de l\u2019article 919 du nouveau code de proc\u00e9dure civile. P A R C E S M O T I F S Nous Fr\u00e9d\u00e9ric MERSCH, Vice-Pr\u00e9sident au Tribunald\u2019arrondissement de et \u00e0 Luxembourg, si\u00e9geant comme juge des r\u00e9f\u00e9r\u00e9s, en remplacement du Pr\u00e9sident du Tribunal d\u2019arrondissement de et \u00e0 Luxembourg, statuant contradictoirement, recevons le contredit en la forme ; au principal renvoyons les parties \u00e0 se pourvoir devant qui de droit, mais d\u00e8s \u00e0 pr\u00e9sent et par provision, d\u00e9clarons le contredit recevable mais non fond\u00e9; partant, condamnonsPERSONNE1.)\u00e0 payer auSOCIETE1.), la somme de 15.899,36.-euros avec les int\u00e9r\u00eats l\u00e9gaux \u00e0 compter du 12 ao\u00fbt 2024, jusqu\u2019\u00e0 solde ; condamnonsPERSONNE1.)aux frais et d\u00e9pens de l\u2019instance;<\/p>\n<p>ordonnons l\u2019ex\u00e9cution provisoire de la pr\u00e9sente ordonnance nonobstant toute voie de recours et sans caution.<\/p>\n<\/div>\n<hr class=\"kji-sep\" \/>\n<p class=\"kji-source-links\"><strong>Sources officielles :<\/strong> <a class=\"kji-source-link\" href=\"https:\/\/data.public.lu\/fr\/datasets\/tribunal-darrondissement-luxembourg-refere\/\" target=\"_blank\" rel=\"noopener noreferrer\">consulter la page source<\/a> &middot; <a class=\"kji-pdf-link\" href=\"https:\/\/download.data.public.lu\/resources\/tribunal-darrondissement-luxembourg-refere\/20250303-011324\/20241223-talref-tal-2024-08279-pseudonymise-accessible.pdf\" target=\"_blank\" rel=\"noopener noreferrer\">PDF officiel<\/a><\/p>\n<p class=\"kji-license-note\"><em>Licence CC BY-ND 4.0 (Administration judiciaire, data.public.lu). Republication autorisee avec attribution, sans modification editoriale du texte integral.<\/em><\/p>\n<\/div>\n","protected":false},"excerpt":{"rendered":"<p>No. r\u00f4le:TAL-2024-08279 No.2024TALREFO\/00558 du23 d\u00e9cembre2024 Audience publique extraordinaire des r\u00e9f\u00e9r\u00e9s dulundi, 23 d\u00e9cembre2024, tenue par Nous Fr\u00e9d\u00e9ric MERSCH, Vice-Pr\u00e9sident au Tribunal d\u2019arrondissement de Luxembourg, si\u00e9geant comme juge des r\u00e9f\u00e9r\u00e9s, en remplacementduPr\u00e9sidentdu Tribunal d\u2019arrondissement de Luxembourg, assist\u00e9de la greffi\u00e8re assum\u00e9e Carole STARCK. DANS LA CAUSE E\u2026<\/p>\n","protected":false},"featured_media":0,"template":"","meta":{"_crdt_document":""},"kji_country":[8418],"kji_court":[23583],"kji_chamber":[18768],"kji_year":[8677],"kji_subject":[7646],"kji_keyword":[23584,8464,7636],"kji_language":[7733],"class_list":["post-639293","kji_decision","type-kji_decision","status-publish","hentry","kji_country-luxembourg","kji_court-tribunal-darrondissement","kji_chamber-refere","kji_year-8677","kji_subject-divers","kji_keyword-arrondissement","kji_keyword-decembre","kji_keyword-tribunal","kji_language-francais"],"yoast_head":"<!-- This site is optimized with the Yoast SEO Premium plugin v27.4 (Yoast SEO v27.4) - https:\/\/yoast.com\/product\/yoast-seo-premium-wordpress\/ -->\n<title>Tribunal d&#039;arrondissement, 23 d\u00e9cembre 2024, n\u00b0 2024-08279 - Ma\u00eetre Hassan Kohen, avocat en droit p\u00e9nal \u00e0 Paris<\/title>\n<meta name=\"robots\" content=\"index, follow, max-snippet:-1, max-image-preview:large, max-video-preview:-1\" \/>\n<link rel=\"canonical\" href=\"https:\/\/kohenavocats.com\/ru\/jurisprudences\/tribunal-darrondissement-23-decembre-2024-n-2024-08279\/\" \/>\n<meta property=\"og:locale\" content=\"ru_RU\" \/>\n<meta property=\"og:type\" content=\"article\" \/>\n<meta property=\"og:title\" content=\"Tribunal d&#039;arrondissement, 23 d\u00e9cembre 2024, n\u00b0 2024-08279\" \/>\n<meta property=\"og:description\" content=\"No. r\u00f4le:TAL-2024-08279 No.2024TALREFO\/00558 du23 d\u00e9cembre2024 Audience publique extraordinaire des r\u00e9f\u00e9r\u00e9s dulundi, 23 d\u00e9cembre2024, tenue par Nous Fr\u00e9d\u00e9ric MERSCH, Vice-Pr\u00e9sident au Tribunal d\u2019arrondissement de Luxembourg, si\u00e9geant comme juge des r\u00e9f\u00e9r\u00e9s, en remplacementduPr\u00e9sidentdu Tribunal d\u2019arrondissement de Luxembourg, assist\u00e9de la greffi\u00e8re assum\u00e9e Carole STARCK. DANS LA CAUSE E\u2026\" \/>\n<meta property=\"og:url\" content=\"https:\/\/kohenavocats.com\/ru\/jurisprudences\/tribunal-darrondissement-23-decembre-2024-n-2024-08279\/\" \/>\n<meta property=\"og:site_name\" content=\"Ma\u00eetre Hassan Kohen, avocat en droit p\u00e9nal \u00e0 Paris\" \/>\n<meta property=\"article:modified_time\" content=\"2026-04-21T17:46:21+00:00\" \/>\n<meta name=\"twitter:card\" content=\"summary_large_image\" \/>\n<meta name=\"twitter:label1\" content=\"\u041f\u0440\u0438\u043c\u0435\u0440\u043d\u043e\u0435 \u0432\u0440\u0435\u043c\u044f \u0434\u043b\u044f \u0447\u0442\u0435\u043d\u0438\u044f\" \/>\n\t<meta name=\"twitter:data1\" content=\"3 \u043c\u0438\u043d\u0443\u0442\u044b\" \/>\n<script type=\"application\/ld+json\" class=\"yoast-schema-graph\">{\"@context\":\"https:\\\/\\\/schema.org\",\"@graph\":[{\"@type\":\"WebPage\",\"@id\":\"https:\\\/\\\/kohenavocats.com\\\/ru\\\/jurisprudences\\\/tribunal-darrondissement-23-decembre-2024-n-2024-08279\\\/\",\"url\":\"https:\\\/\\\/kohenavocats.com\\\/ru\\\/jurisprudences\\\/tribunal-darrondissement-23-decembre-2024-n-2024-08279\\\/\",\"name\":\"Tribunal d'arrondissement, 23 d\u00e9cembre 2024, n\u00b0 2024-08279 - Ma\u00eetre Hassan Kohen, avocat en droit p\u00e9nal \u00e0 Paris\",\"isPartOf\":{\"@id\":\"https:\\\/\\\/kohenavocats.com\\\/ru\\\/#website\"},\"datePublished\":\"2026-04-21T17:46:16+00:00\",\"dateModified\":\"2026-04-21T17:46:21+00:00\",\"breadcrumb\":{\"@id\":\"https:\\\/\\\/kohenavocats.com\\\/ru\\\/jurisprudences\\\/tribunal-darrondissement-23-decembre-2024-n-2024-08279\\\/#breadcrumb\"},\"inLanguage\":\"ru-RU\",\"potentialAction\":[{\"@type\":\"ReadAction\",\"target\":[\"https:\\\/\\\/kohenavocats.com\\\/ru\\\/jurisprudences\\\/tribunal-darrondissement-23-decembre-2024-n-2024-08279\\\/\"]}]},{\"@type\":\"BreadcrumbList\",\"@id\":\"https:\\\/\\\/kohenavocats.com\\\/ru\\\/jurisprudences\\\/tribunal-darrondissement-23-decembre-2024-n-2024-08279\\\/#breadcrumb\",\"itemListElement\":[{\"@type\":\"ListItem\",\"position\":1,\"name\":\"Home\",\"item\":\"https:\\\/\\\/kohenavocats.com\\\/ru\\\/avocats-en-droit-penal-a-paris-conseil-et-defense-strategique\\\/\"},{\"@type\":\"ListItem\",\"position\":2,\"name\":\"Jurisprudences\",\"item\":\"https:\\\/\\\/kohenavocats.com\\\/ru\\\/jurisprudences\\\/\"},{\"@type\":\"ListItem\",\"position\":3,\"name\":\"Tribunal d&rsquo;arrondissement, 23 d\u00e9cembre 2024, n\u00b0 2024-08279\"}]},{\"@type\":\"WebSite\",\"@id\":\"https:\\\/\\\/kohenavocats.com\\\/ru\\\/#website\",\"url\":\"https:\\\/\\\/kohenavocats.com\\\/ru\\\/\",\"name\":\"Kohen Avocats\",\"description\":\"Ma\u00eetre Hassan Kohen, avocat p\u00e9naliste \u00e0 Paris, intervient exclusivement en droit p\u00e9nal pour la d\u00e9fense des particuliers, notamment en mati\u00e8re d\u2019accusations de viol. Il assure un accompagnement rigoureux d\u00e8s la garde \u00e0 vue jusqu\u2019\u00e0 la Cour d\u2019assises, veillant au strict respect des garanties proc\u00e9durales.\",\"publisher\":{\"@id\":\"https:\\\/\\\/kohenavocats.com\\\/ru\\\/#organization\"},\"potentialAction\":[{\"@type\":\"SearchAction\",\"target\":{\"@type\":\"EntryPoint\",\"urlTemplate\":\"https:\\\/\\\/kohenavocats.com\\\/ru\\\/?s={search_term_string}\"},\"query-input\":{\"@type\":\"PropertyValueSpecification\",\"valueRequired\":true,\"valueName\":\"search_term_string\"}}],\"inLanguage\":\"ru-RU\"},{\"@type\":\"Organization\",\"@id\":\"https:\\\/\\\/kohenavocats.com\\\/ru\\\/#organization\",\"name\":\"Kohen Avocats\",\"url\":\"https:\\\/\\\/kohenavocats.com\\\/ru\\\/\",\"logo\":{\"@type\":\"ImageObject\",\"inLanguage\":\"ru-RU\",\"@id\":\"https:\\\/\\\/kohenavocats.com\\\/ru\\\/#\\\/schema\\\/logo\\\/image\\\/\",\"url\":\"https:\\\/\\\/kohenavocats.com\\\/wp-content\\\/uploads\\\/2026\\\/01\\\/Logo-2-1.webp\",\"contentUrl\":\"https:\\\/\\\/kohenavocats.com\\\/wp-content\\\/uploads\\\/2026\\\/01\\\/Logo-2-1.webp\",\"width\":2114,\"height\":1253,\"caption\":\"Kohen Avocats\"},\"image\":{\"@id\":\"https:\\\/\\\/kohenavocats.com\\\/ru\\\/#\\\/schema\\\/logo\\\/image\\\/\"}}]}<\/script>\n<!-- \/ Yoast SEO Premium plugin. -->","yoast_head_json":{"title":"Tribunal d'arrondissement, 23 d\u00e9cembre 2024, n\u00b0 2024-08279 - Ma\u00eetre Hassan Kohen, avocat en droit p\u00e9nal \u00e0 Paris","robots":{"index":"index","follow":"follow","max-snippet":"max-snippet:-1","max-image-preview":"max-image-preview:large","max-video-preview":"max-video-preview:-1"},"canonical":"https:\/\/kohenavocats.com\/ru\/jurisprudences\/tribunal-darrondissement-23-decembre-2024-n-2024-08279\/","og_locale":"ru_RU","og_type":"article","og_title":"Tribunal d'arrondissement, 23 d\u00e9cembre 2024, n\u00b0 2024-08279","og_description":"No. r\u00f4le:TAL-2024-08279 No.2024TALREFO\/00558 du23 d\u00e9cembre2024 Audience publique extraordinaire des r\u00e9f\u00e9r\u00e9s dulundi, 23 d\u00e9cembre2024, tenue par Nous Fr\u00e9d\u00e9ric MERSCH, Vice-Pr\u00e9sident au Tribunal d\u2019arrondissement de Luxembourg, si\u00e9geant comme juge des r\u00e9f\u00e9r\u00e9s, en remplacementduPr\u00e9sidentdu Tribunal d\u2019arrondissement de Luxembourg, assist\u00e9de la greffi\u00e8re assum\u00e9e Carole STARCK. DANS LA CAUSE E\u2026","og_url":"https:\/\/kohenavocats.com\/ru\/jurisprudences\/tribunal-darrondissement-23-decembre-2024-n-2024-08279\/","og_site_name":"Ma\u00eetre Hassan Kohen, avocat en droit p\u00e9nal \u00e0 Paris","article_modified_time":"2026-04-21T17:46:21+00:00","twitter_card":"summary_large_image","twitter_misc":{"\u041f\u0440\u0438\u043c\u0435\u0440\u043d\u043e\u0435 \u0432\u0440\u0435\u043c\u044f \u0434\u043b\u044f \u0447\u0442\u0435\u043d\u0438\u044f":"3 \u043c\u0438\u043d\u0443\u0442\u044b"},"schema":{"@context":"https:\/\/schema.org","@graph":[{"@type":"WebPage","@id":"https:\/\/kohenavocats.com\/ru\/jurisprudences\/tribunal-darrondissement-23-decembre-2024-n-2024-08279\/","url":"https:\/\/kohenavocats.com\/ru\/jurisprudences\/tribunal-darrondissement-23-decembre-2024-n-2024-08279\/","name":"Tribunal d'arrondissement, 23 d\u00e9cembre 2024, n\u00b0 2024-08279 - Ma\u00eetre Hassan Kohen, avocat en droit p\u00e9nal \u00e0 Paris","isPartOf":{"@id":"https:\/\/kohenavocats.com\/ru\/#website"},"datePublished":"2026-04-21T17:46:16+00:00","dateModified":"2026-04-21T17:46:21+00:00","breadcrumb":{"@id":"https:\/\/kohenavocats.com\/ru\/jurisprudences\/tribunal-darrondissement-23-decembre-2024-n-2024-08279\/#breadcrumb"},"inLanguage":"ru-RU","potentialAction":[{"@type":"ReadAction","target":["https:\/\/kohenavocats.com\/ru\/jurisprudences\/tribunal-darrondissement-23-decembre-2024-n-2024-08279\/"]}]},{"@type":"BreadcrumbList","@id":"https:\/\/kohenavocats.com\/ru\/jurisprudences\/tribunal-darrondissement-23-decembre-2024-n-2024-08279\/#breadcrumb","itemListElement":[{"@type":"ListItem","position":1,"name":"Home","item":"https:\/\/kohenavocats.com\/ru\/avocats-en-droit-penal-a-paris-conseil-et-defense-strategique\/"},{"@type":"ListItem","position":2,"name":"Jurisprudences","item":"https:\/\/kohenavocats.com\/ru\/jurisprudences\/"},{"@type":"ListItem","position":3,"name":"Tribunal d&rsquo;arrondissement, 23 d\u00e9cembre 2024, n\u00b0 2024-08279"}]},{"@type":"WebSite","@id":"https:\/\/kohenavocats.com\/ru\/#website","url":"https:\/\/kohenavocats.com\/ru\/","name":"Kohen Avocats","description":"Ma\u00eetre Hassan Kohen, avocat p\u00e9naliste \u00e0 Paris, intervient exclusivement en droit p\u00e9nal pour la d\u00e9fense des particuliers, notamment en mati\u00e8re d\u2019accusations de viol. Il assure un accompagnement rigoureux d\u00e8s la garde \u00e0 vue jusqu\u2019\u00e0 la Cour d\u2019assises, veillant au strict respect des garanties proc\u00e9durales.","publisher":{"@id":"https:\/\/kohenavocats.com\/ru\/#organization"},"potentialAction":[{"@type":"SearchAction","target":{"@type":"EntryPoint","urlTemplate":"https:\/\/kohenavocats.com\/ru\/?s={search_term_string}"},"query-input":{"@type":"PropertyValueSpecification","valueRequired":true,"valueName":"search_term_string"}}],"inLanguage":"ru-RU"},{"@type":"Organization","@id":"https:\/\/kohenavocats.com\/ru\/#organization","name":"Kohen Avocats","url":"https:\/\/kohenavocats.com\/ru\/","logo":{"@type":"ImageObject","inLanguage":"ru-RU","@id":"https:\/\/kohenavocats.com\/ru\/#\/schema\/logo\/image\/","url":"https:\/\/kohenavocats.com\/wp-content\/uploads\/2026\/01\/Logo-2-1.webp","contentUrl":"https:\/\/kohenavocats.com\/wp-content\/uploads\/2026\/01\/Logo-2-1.webp","width":2114,"height":1253,"caption":"Kohen Avocats"},"image":{"@id":"https:\/\/kohenavocats.com\/ru\/#\/schema\/logo\/image\/"}}]}},"jetpack_likes_enabled":false,"jetpack_sharing_enabled":true,"_links":{"self":[{"href":"https:\/\/kohenavocats.com\/ru\/wp-json\/wp\/v2\/kji_decision\/639293","targetHints":{"allow":["GET"]}}],"collection":[{"href":"https:\/\/kohenavocats.com\/ru\/wp-json\/wp\/v2\/kji_decision"}],"about":[{"href":"https:\/\/kohenavocats.com\/ru\/wp-json\/wp\/v2\/types\/kji_decision"}],"wp:attachment":[{"href":"https:\/\/kohenavocats.com\/ru\/wp-json\/wp\/v2\/media?parent=639293"}],"wp:term":[{"taxonomy":"kji_country","embeddable":true,"href":"https:\/\/kohenavocats.com\/ru\/wp-json\/wp\/v2\/kji_country?post=639293"},{"taxonomy":"kji_court","embeddable":true,"href":"https:\/\/kohenavocats.com\/ru\/wp-json\/wp\/v2\/kji_court?post=639293"},{"taxonomy":"kji_chamber","embeddable":true,"href":"https:\/\/kohenavocats.com\/ru\/wp-json\/wp\/v2\/kji_chamber?post=639293"},{"taxonomy":"kji_year","embeddable":true,"href":"https:\/\/kohenavocats.com\/ru\/wp-json\/wp\/v2\/kji_year?post=639293"},{"taxonomy":"kji_subject","embeddable":true,"href":"https:\/\/kohenavocats.com\/ru\/wp-json\/wp\/v2\/kji_subject?post=639293"},{"taxonomy":"kji_keyword","embeddable":true,"href":"https:\/\/kohenavocats.com\/ru\/wp-json\/wp\/v2\/kji_keyword?post=639293"},{"taxonomy":"kji_language","embeddable":true,"href":"https:\/\/kohenavocats.com\/ru\/wp-json\/wp\/v2\/kji_language?post=639293"}],"curies":[{"name":"wp","href":"https:\/\/api.w.org\/{rel}","templated":true}]}}