{"id":639301,"date":"2026-04-21T19:46:35","date_gmt":"2026-04-21T17:46:35","guid":{"rendered":"https:\/\/kohenavocats.com\/jurisprudences\/tribunal-darrondissement-19-decembre-2024-n-2024-10014\/"},"modified":"2026-04-21T19:46:38","modified_gmt":"2026-04-21T17:46:38","slug":"tribunal-darrondissement-19-decembre-2024-n-2024-10014","status":"publish","type":"kji_decision","link":"https:\/\/kohenavocats.com\/ru\/jurisprudences\/tribunal-darrondissement-19-decembre-2024-n-2024-10014\/","title":{"rendered":"Tribunal d&#8217;arrondissement, 19 d\u00e9cembre 2024, n\u00b0 2024-10014"},"content":{"rendered":"<div class=\"kji-decision\">\n<div class=\"kji-full-text\">\n<p>1 No. R\u00f4le: TAL-2024-10014 No.2024TALREFO\/00548 du 19 d\u00e9cembre 2024 Audience publique extraordinaire des r\u00e9f\u00e9r\u00e9s du jeudi, 19 d\u00e9cembre 2024, tenue par Nous Dilia COIMBRA, Vice-Pr\u00e9sidente au Tribunal d\u2019arrondissement de et \u00e0 Luxembourg, si\u00e9geant comme juge des r\u00e9f\u00e9r\u00e9s, en remplacement du Pr\u00e9sident du Tribunal d\u2019arrondissement de et \u00e0 Luxembourg, assist\u00e9e du greffier Lo\u00efc PAVANT. DANS LA CAUSE E N T R E la soci\u00e9t\u00e9 \u00e0 responsabilit\u00e9 limit\u00e9eSOCIETE1.)S.\u00e0r.l., \u00e9tablie et ayant son si\u00e8ge social \u00e0 L- ADRESSE1.), inscrite au registre de commerce et des soci\u00e9t\u00e9s de Luxembourg sous le num\u00e9roNUMERO1.), repr\u00e9sent\u00e9e par son g\u00e9rant actuellement en fonctions, pour laquelle est constitu\u00e9e et occupera la soci\u00e9t\u00e9 M&amp;S Law S.\u00e0r.l., soci\u00e9t\u00e9 \u00e0responsabilit\u00e9 limit\u00e9e, avec si\u00e8ge social \u00e0 L-ADRESSE2.), inscrite sur la liste V du Tableau de l\u2019Ordre des Avocats du Barreau de Luxembourg, en l\u2019\u00e9tude de laquelle domicile est \u00e9lu, repr\u00e9sent\u00e9e aux fins de la pr\u00e9sente proc\u00e9dure par Ma\u00eetre Joram MOYAL, avocat \u00e0 la Cour, demeurant professionnellement \u00e0 la m\u00eame adresse, partie demanderessecomparant par la soci\u00e9t\u00e9 M&amp;S Law S.\u00e0r.l., repr\u00e9sent\u00e9e par Ma\u00eetre RosileneSILVA LOPES, avocat, en remplacement de Ma\u00eetre Joram MOYAL, avocat, les deux demeurant \u00e0 Luxembourg, E T<\/p>\n<p>2 la soci\u00e9t\u00e9 anonymeSOCIETE2.)S.A., \u00e9tablie et ayant son si\u00e8ge social \u00e0 L-ADRESSE1.), inscrite au registre de commerce et des soci\u00e9t\u00e9s de Luxembourg sous le num\u00e9ro NUMERO2.), repr\u00e9sent\u00e9e par son conseil d\u2019administration actuellement en fonctions, partie d\u00e9fenderessene comparant pas. F A I T S :<\/p>\n<p>3 A l\u2019appel de la cause \u00e0 l\u2019audience publique des r\u00e9f\u00e9r\u00e9s ordinaires du jeudi matin, 12 d\u00e9cembre 2024, Ma\u00eetre Rosilene SILVA LOPES donna lecture de l\u2019assignation ci-avant transcrite et exposa ses moyens. La soci\u00e9t\u00e9SOCIETE2.)S.A. ne comparut pas \u00e0 l\u2019audience. Sur ce le juge prit l\u2019affaire en d\u00e9lib\u00e9r\u00e9 et rendit \u00e0 l\u2019audience publique extraordinaire des r\u00e9f\u00e9r\u00e9s de ce jour l\u2019 O R D O N N A N C E qui suit: Par exploit d\u2019huissier du 3 d\u00e9cembre 2024, la soci\u00e9t\u00e9 \u00e0 responsabilit\u00e9 limit\u00e9eSOCIETE1.) S.\u00e0r.l. (ci-apr\u00e8s:la soci\u00e9t\u00e9SOCIETE1.)) a fait donner assignation \u00e0 la soci\u00e9t\u00e9 anonyme SOCIETE2.)S.A.\u00e0 compara\u00eetre devant le Pr\u00e9sident du Tribunal d\u2019arrondissement de et \u00e0 Luxembourg, si\u00e9geant comme juge des r\u00e9f\u00e9r\u00e9s, aux fins dela voir condamner \u00e0 lui payer la somme de 2.822.409,30 euros, avec les int\u00e9r\u00eats l\u00e9gaux \u00e0 partir du 31 d\u00e9cembre 2022, sinon \u00e0 partir de la demande en justice, jusqu\u2019\u00e0 solde. La partie demanderesse r\u00e9clame encore la somme de 5.000 euros \u00e0 titre d\u2019indemnit\u00e9 de proc\u00e9dure sur base des dispositions 240 du Nouveau Code de proc\u00e9dure civile. Au soutien de sa demande, la soci\u00e9t\u00e9SOCIETE1.)fait exposer qu\u2019elle entend obtenir en r\u00e9f\u00e9r\u00e9-provision le paiement d\u2019une cr\u00e9ance qu\u2019elle d\u00e9tient envers la soci\u00e9t\u00e9SOCIETE2.) S.A. et ce en vertu d\u2019une cession de cr\u00e9ance qui a \u00e9t\u00e9 faite en sa faveur. La soci\u00e9t\u00e9 SOCIETE2.)S.A. aurait b\u00e9n\u00e9fici\u00e9 d\u2019un pr\u00eat en date du 1 er janvier 2011 accord\u00e9 par la soci\u00e9t\u00e9SOCIETE3.). Les droits d\u00e9coulant de ce contrat auraient \u00e9t\u00e9 c\u00e9d\u00e9s par la soci\u00e9t\u00e9 SOCIETE3.)au profit d\u2019une soci\u00e9t\u00e9 d\u00e9nomm\u00e9eSOCIETE4.)et puis finalement \u00e0la soci\u00e9t\u00e9 SOCIETE5.). La cr\u00e9ance d\u00e9coulant de ce contrat de pr\u00eat se serait \u00e9lev\u00e9e au montant de 2.424.096,80 euros. Le 12 novembre 2018, la soci\u00e9t\u00e9anonymeSOCIETE2.)S.A. se serait encore vue accorder un pr\u00eat de 20.000 euros par la soci\u00e9t\u00e9SOCIETE4.).Cette cr\u00e9ance aurait \u00e9galement \u00e9t\u00e9 c\u00e9d\u00e9e \u00e0 la soci\u00e9t\u00e9SOCIETE5.)en date du 22 d\u00e9cembre 2019. La soci\u00e9t\u00e9SOCIETE5.), cr\u00e9anci\u00e8re de la soci\u00e9t\u00e9anonymeSOCIETE2.)S.A. au titre des deux contrats de pr\u00eatspr\u00e9cit\u00e9s, aurait c\u00e9d\u00e9 les deux cr\u00e9ances d\u2019une valeur totale de<\/p>\n<p>4 2.822.409,30 euros \u00e0 la soci\u00e9t\u00e9SOCIETE6.). Le 21 novembre 2024, les deux cr\u00e9ances ont finalement \u00e9t\u00e9 c\u00e9d\u00e9es par la soci\u00e9t\u00e9SOCIETE6.)\u00e0 la soci\u00e9t\u00e9SOCIETE1.). La soci\u00e9t\u00e9 SOCIETE1.)serait ainsi devenue cr\u00e9anci\u00e8re de la soci\u00e9t\u00e9SOCIETE2.)S.A. La soci\u00e9t\u00e9 SOCIETE2.)S.A. n\u2019aurait \u00e0 ce jour pas encore rembours\u00e9 les deux pr\u00eats qui seraient pourtant venus \u00e0 \u00e9ch\u00e9ance. La soci\u00e9t\u00e9SOCIETE1.)base sa demande sur les dispositions de l\u2019article 933 du Nouveau Code de proc\u00e9dure civile, \u00e9tant donn\u00e9 que sa cr\u00e9ance ne serait pas contestable. Sur base des pi\u00e8ces vers\u00e9es et des renseignements fournis, il y a lieu de retenir que la cr\u00e9ance n\u2019est pas s\u00e9rieusement contestable et que la demande en provision dela soci\u00e9t\u00e9 SOCIETE1.)est fond\u00e9e et justifi\u00e9e pour le montant principal de2.822.409,30 euros. Il y a lieu d\u2019allouer les int\u00e9r\u00eats l\u00e9gauxuniquement\u00e0 partir du3 d\u00e9cembre 2024, date de la demande en justice, jusqu\u2019\u00e0 solde. La soci\u00e9t\u00e9SOCIETE1.)demande \u00e0 se voir allouer une indemnit\u00e9 de proc\u00e9dure de5.000 euros sur base de l\u2019article 240 duNouveauCode de proc\u00e9dure civile. Eu \u00e9gard \u00e0 l\u2019issue du litige, il serait in\u00e9quitable de laisser \u00e0 l\u2019unique charge de la soci\u00e9t\u00e9 SOCIETE1.)l\u2019enti\u00e8ret\u00e9 des frais de justice expos\u00e9s pour la d\u00e9fense de ses int\u00e9r\u00eats, de sorte qu\u2019il y a lieu de faire droit \u00e0 sa demande et de condamnerla partie assign\u00e9e\u00e0 lui payer le montant de 500 euros. La soci\u00e9t\u00e9 anonymeSOCIETE2.)S.A.bien que r\u00e9guli\u00e8rement assign\u00e9e, n\u2019apas comparu; il y a partant lieu de statuer par d\u00e9faut \u00e0son\u00e9gard. P A R C E S M O T I F S NousDiliaCOIMBRA, Vice-Pr\u00e9sidenteau Tribunal d\u2019arrondissement de et \u00e0 Luxembourg, si\u00e9geant comme juge des r\u00e9f\u00e9r\u00e9s, en remplacement de laPr\u00e9sidentedu Tribunal d\u2019arrondissement de et \u00e0 Luxembourg,statuant par d\u00e9faut \u00e0 l\u2019\u00e9gardde lasoci\u00e9t\u00e9 anonymeSOCIETE2.)S.A., recevons la demande en la forme,<\/p>\n<p>5 Nous d\u00e9clarons comp\u00e9tent pour en conna\u00eetre, au principal renvoyons les parties \u00e0 se pourvoir devant qui de droit, mais d\u00e8s \u00e0 pr\u00e9sent et par provision, d\u00e9clarons la demande recevable et fond\u00e9e, partant,condamnons la soci\u00e9t\u00e9anonymeSOCIETE2.)S.A. \u00e0 payer \u00e0 la soci\u00e9t\u00e9\u00e0 responsabilit\u00e9 limit\u00e9eSOCIETE1.)S.\u00e0r.l.la somme de2.822.409,30 euros, avec les int\u00e9r\u00eats l\u00e9gaux \u00e0 partir du 3 d\u00e9cembre 2024, jusqu\u2019\u00e0 solde, condamnonsla soci\u00e9t\u00e9anonymeSOCIETE2.)S.A.\u00e0 payer \u00e0lasoci\u00e9t\u00e9\u00e0 responsabilit\u00e9 limit\u00e9eSOCIETE1.)S.\u00e0r.l.la somme de 500 euros \u00e0 titre d\u2019indemnit\u00e9 de proc\u00e9dure, ordonnons l\u2019ex\u00e9cution provisoire de la pr\u00e9sente ordonnance nonobstant toute voie de recours et sans caution, condamnonslasoci\u00e9t\u00e9 anonymeSOCIETE2.)S.A.aux frais et d\u00e9pens de l\u2019instance.<\/p>\n<\/div>\n<hr class=\"kji-sep\" \/>\n<p class=\"kji-source-links\"><strong>Sources officielles :<\/strong> <a class=\"kji-source-link\" href=\"https:\/\/data.public.lu\/fr\/datasets\/tribunal-darrondissement-luxembourg-refere\/\" target=\"_blank\" rel=\"noopener noreferrer\">consulter la page source<\/a> &middot; <a class=\"kji-pdf-link\" href=\"https:\/\/download.data.public.lu\/resources\/tribunal-darrondissement-luxembourg-refere\/20250217-023821\/20241219-talref-tal-2024-10014-pseudonymise-accessible.pdf\" target=\"_blank\" rel=\"noopener noreferrer\">PDF officiel<\/a><\/p>\n<p class=\"kji-license-note\"><em>Licence CC BY-ND 4.0 (Administration judiciaire, data.public.lu). Republication autorisee avec attribution, sans modification editoriale du texte integral.<\/em><\/p>\n<\/div>\n","protected":false},"excerpt":{"rendered":"<p>1 No. R\u00f4le: TAL-2024-10014 No.2024TALREFO\/00548 du 19 d\u00e9cembre 2024 Audience publique extraordinaire des r\u00e9f\u00e9r\u00e9s du jeudi, 19 d\u00e9cembre 2024, tenue par Nous Dilia COIMBRA, Vice-Pr\u00e9sidente au Tribunal d\u2019arrondissement de et \u00e0 Luxembourg, si\u00e9geant comme juge des r\u00e9f\u00e9r\u00e9s, en remplacement du Pr\u00e9sident du Tribunal d\u2019arrondissement de\u2026<\/p>\n","protected":false},"featured_media":0,"template":"","meta":{"_crdt_document":""},"kji_country":[8418],"kji_court":[23583],"kji_chamber":[18768],"kji_year":[8677],"kji_subject":[7646],"kji_keyword":[23584,8464,7636],"kji_language":[7733],"class_list":["post-639301","kji_decision","type-kji_decision","status-publish","hentry","kji_country-luxembourg","kji_court-tribunal-darrondissement","kji_chamber-refere","kji_year-8677","kji_subject-divers","kji_keyword-arrondissement","kji_keyword-decembre","kji_keyword-tribunal","kji_language-francais"],"yoast_head":"<!-- This site is optimized with the Yoast SEO Premium plugin v27.4 (Yoast SEO v27.4) - https:\/\/yoast.com\/product\/yoast-seo-premium-wordpress\/ -->\n<title>Tribunal d&#039;arrondissement, 19 d\u00e9cembre 2024, n\u00b0 2024-10014 - Ma\u00eetre Hassan Kohen, avocat en droit p\u00e9nal \u00e0 Paris<\/title>\n<meta name=\"robots\" content=\"index, follow, max-snippet:-1, max-image-preview:large, max-video-preview:-1\" \/>\n<link rel=\"canonical\" href=\"https:\/\/kohenavocats.com\/ru\/jurisprudences\/tribunal-darrondissement-19-decembre-2024-n-2024-10014\/\" \/>\n<meta property=\"og:locale\" content=\"ru_RU\" \/>\n<meta property=\"og:type\" content=\"article\" \/>\n<meta property=\"og:title\" content=\"Tribunal d&#039;arrondissement, 19 d\u00e9cembre 2024, n\u00b0 2024-10014\" \/>\n<meta property=\"og:description\" content=\"1 No. R\u00f4le: TAL-2024-10014 No.2024TALREFO\/00548 du 19 d\u00e9cembre 2024 Audience publique extraordinaire des r\u00e9f\u00e9r\u00e9s du jeudi, 19 d\u00e9cembre 2024, tenue par Nous Dilia COIMBRA, Vice-Pr\u00e9sidente au Tribunal d\u2019arrondissement de et \u00e0 Luxembourg, si\u00e9geant comme juge des r\u00e9f\u00e9r\u00e9s, en remplacement du Pr\u00e9sident du Tribunal d\u2019arrondissement de\u2026\" \/>\n<meta property=\"og:url\" content=\"https:\/\/kohenavocats.com\/ru\/jurisprudences\/tribunal-darrondissement-19-decembre-2024-n-2024-10014\/\" \/>\n<meta property=\"og:site_name\" content=\"Ma\u00eetre Hassan Kohen, avocat en droit p\u00e9nal \u00e0 Paris\" \/>\n<meta property=\"article:modified_time\" content=\"2026-04-21T17:46:38+00:00\" \/>\n<meta name=\"twitter:card\" content=\"summary_large_image\" \/>\n<meta name=\"twitter:label1\" content=\"\u041f\u0440\u0438\u043c\u0435\u0440\u043d\u043e\u0435 \u0432\u0440\u0435\u043c\u044f \u0434\u043b\u044f \u0447\u0442\u0435\u043d\u0438\u044f\" \/>\n\t<meta name=\"twitter:data1\" content=\"6 \u043c\u0438\u043d\u0443\u0442\" \/>\n<script type=\"application\/ld+json\" class=\"yoast-schema-graph\">{\"@context\":\"https:\\\/\\\/schema.org\",\"@graph\":[{\"@type\":\"WebPage\",\"@id\":\"https:\\\/\\\/kohenavocats.com\\\/ru\\\/jurisprudences\\\/tribunal-darrondissement-19-decembre-2024-n-2024-10014\\\/\",\"url\":\"https:\\\/\\\/kohenavocats.com\\\/ru\\\/jurisprudences\\\/tribunal-darrondissement-19-decembre-2024-n-2024-10014\\\/\",\"name\":\"Tribunal d'arrondissement, 19 d\u00e9cembre 2024, n\u00b0 2024-10014 - Ma\u00eetre Hassan Kohen, avocat en droit p\u00e9nal \u00e0 Paris\",\"isPartOf\":{\"@id\":\"https:\\\/\\\/kohenavocats.com\\\/ru\\\/#website\"},\"datePublished\":\"2026-04-21T17:46:35+00:00\",\"dateModified\":\"2026-04-21T17:46:38+00:00\",\"breadcrumb\":{\"@id\":\"https:\\\/\\\/kohenavocats.com\\\/ru\\\/jurisprudences\\\/tribunal-darrondissement-19-decembre-2024-n-2024-10014\\\/#breadcrumb\"},\"inLanguage\":\"ru-RU\",\"potentialAction\":[{\"@type\":\"ReadAction\",\"target\":[\"https:\\\/\\\/kohenavocats.com\\\/ru\\\/jurisprudences\\\/tribunal-darrondissement-19-decembre-2024-n-2024-10014\\\/\"]}]},{\"@type\":\"BreadcrumbList\",\"@id\":\"https:\\\/\\\/kohenavocats.com\\\/ru\\\/jurisprudences\\\/tribunal-darrondissement-19-decembre-2024-n-2024-10014\\\/#breadcrumb\",\"itemListElement\":[{\"@type\":\"ListItem\",\"position\":1,\"name\":\"Home\",\"item\":\"https:\\\/\\\/kohenavocats.com\\\/ru\\\/avocats-en-droit-penal-a-paris-conseil-et-defense-strategique\\\/\"},{\"@type\":\"ListItem\",\"position\":2,\"name\":\"Jurisprudences\",\"item\":\"https:\\\/\\\/kohenavocats.com\\\/ru\\\/jurisprudences\\\/\"},{\"@type\":\"ListItem\",\"position\":3,\"name\":\"Tribunal d&rsquo;arrondissement, 19 d\u00e9cembre 2024, n\u00b0 2024-10014\"}]},{\"@type\":\"WebSite\",\"@id\":\"https:\\\/\\\/kohenavocats.com\\\/ru\\\/#website\",\"url\":\"https:\\\/\\\/kohenavocats.com\\\/ru\\\/\",\"name\":\"Kohen Avocats\",\"description\":\"Ma\u00eetre Hassan Kohen, avocat p\u00e9naliste \u00e0 Paris, intervient exclusivement en droit p\u00e9nal pour la d\u00e9fense des particuliers, notamment en mati\u00e8re d\u2019accusations de viol. Il assure un accompagnement rigoureux d\u00e8s la garde \u00e0 vue jusqu\u2019\u00e0 la Cour d\u2019assises, veillant au strict respect des garanties proc\u00e9durales.\",\"publisher\":{\"@id\":\"https:\\\/\\\/kohenavocats.com\\\/ru\\\/#organization\"},\"potentialAction\":[{\"@type\":\"SearchAction\",\"target\":{\"@type\":\"EntryPoint\",\"urlTemplate\":\"https:\\\/\\\/kohenavocats.com\\\/ru\\\/?s={search_term_string}\"},\"query-input\":{\"@type\":\"PropertyValueSpecification\",\"valueRequired\":true,\"valueName\":\"search_term_string\"}}],\"inLanguage\":\"ru-RU\"},{\"@type\":\"Organization\",\"@id\":\"https:\\\/\\\/kohenavocats.com\\\/ru\\\/#organization\",\"name\":\"Kohen Avocats\",\"url\":\"https:\\\/\\\/kohenavocats.com\\\/ru\\\/\",\"logo\":{\"@type\":\"ImageObject\",\"inLanguage\":\"ru-RU\",\"@id\":\"https:\\\/\\\/kohenavocats.com\\\/ru\\\/#\\\/schema\\\/logo\\\/image\\\/\",\"url\":\"https:\\\/\\\/kohenavocats.com\\\/wp-content\\\/uploads\\\/2026\\\/01\\\/Logo-2-1.webp\",\"contentUrl\":\"https:\\\/\\\/kohenavocats.com\\\/wp-content\\\/uploads\\\/2026\\\/01\\\/Logo-2-1.webp\",\"width\":2114,\"height\":1253,\"caption\":\"Kohen Avocats\"},\"image\":{\"@id\":\"https:\\\/\\\/kohenavocats.com\\\/ru\\\/#\\\/schema\\\/logo\\\/image\\\/\"}}]}<\/script>\n<!-- \/ Yoast SEO Premium plugin. -->","yoast_head_json":{"title":"Tribunal d'arrondissement, 19 d\u00e9cembre 2024, n\u00b0 2024-10014 - Ma\u00eetre Hassan Kohen, avocat en droit p\u00e9nal \u00e0 Paris","robots":{"index":"index","follow":"follow","max-snippet":"max-snippet:-1","max-image-preview":"max-image-preview:large","max-video-preview":"max-video-preview:-1"},"canonical":"https:\/\/kohenavocats.com\/ru\/jurisprudences\/tribunal-darrondissement-19-decembre-2024-n-2024-10014\/","og_locale":"ru_RU","og_type":"article","og_title":"Tribunal d'arrondissement, 19 d\u00e9cembre 2024, n\u00b0 2024-10014","og_description":"1 No. R\u00f4le: TAL-2024-10014 No.2024TALREFO\/00548 du 19 d\u00e9cembre 2024 Audience publique extraordinaire des r\u00e9f\u00e9r\u00e9s du jeudi, 19 d\u00e9cembre 2024, tenue par Nous Dilia COIMBRA, Vice-Pr\u00e9sidente au Tribunal d\u2019arrondissement de et \u00e0 Luxembourg, si\u00e9geant comme juge des r\u00e9f\u00e9r\u00e9s, en remplacement du Pr\u00e9sident du Tribunal d\u2019arrondissement de\u2026","og_url":"https:\/\/kohenavocats.com\/ru\/jurisprudences\/tribunal-darrondissement-19-decembre-2024-n-2024-10014\/","og_site_name":"Ma\u00eetre Hassan Kohen, avocat en droit p\u00e9nal \u00e0 Paris","article_modified_time":"2026-04-21T17:46:38+00:00","twitter_card":"summary_large_image","twitter_misc":{"\u041f\u0440\u0438\u043c\u0435\u0440\u043d\u043e\u0435 \u0432\u0440\u0435\u043c\u044f \u0434\u043b\u044f \u0447\u0442\u0435\u043d\u0438\u044f":"6 \u043c\u0438\u043d\u0443\u0442"},"schema":{"@context":"https:\/\/schema.org","@graph":[{"@type":"WebPage","@id":"https:\/\/kohenavocats.com\/ru\/jurisprudences\/tribunal-darrondissement-19-decembre-2024-n-2024-10014\/","url":"https:\/\/kohenavocats.com\/ru\/jurisprudences\/tribunal-darrondissement-19-decembre-2024-n-2024-10014\/","name":"Tribunal d'arrondissement, 19 d\u00e9cembre 2024, n\u00b0 2024-10014 - Ma\u00eetre Hassan Kohen, avocat en droit p\u00e9nal \u00e0 Paris","isPartOf":{"@id":"https:\/\/kohenavocats.com\/ru\/#website"},"datePublished":"2026-04-21T17:46:35+00:00","dateModified":"2026-04-21T17:46:38+00:00","breadcrumb":{"@id":"https:\/\/kohenavocats.com\/ru\/jurisprudences\/tribunal-darrondissement-19-decembre-2024-n-2024-10014\/#breadcrumb"},"inLanguage":"ru-RU","potentialAction":[{"@type":"ReadAction","target":["https:\/\/kohenavocats.com\/ru\/jurisprudences\/tribunal-darrondissement-19-decembre-2024-n-2024-10014\/"]}]},{"@type":"BreadcrumbList","@id":"https:\/\/kohenavocats.com\/ru\/jurisprudences\/tribunal-darrondissement-19-decembre-2024-n-2024-10014\/#breadcrumb","itemListElement":[{"@type":"ListItem","position":1,"name":"Home","item":"https:\/\/kohenavocats.com\/ru\/avocats-en-droit-penal-a-paris-conseil-et-defense-strategique\/"},{"@type":"ListItem","position":2,"name":"Jurisprudences","item":"https:\/\/kohenavocats.com\/ru\/jurisprudences\/"},{"@type":"ListItem","position":3,"name":"Tribunal d&rsquo;arrondissement, 19 d\u00e9cembre 2024, n\u00b0 2024-10014"}]},{"@type":"WebSite","@id":"https:\/\/kohenavocats.com\/ru\/#website","url":"https:\/\/kohenavocats.com\/ru\/","name":"Kohen Avocats","description":"Ma\u00eetre Hassan Kohen, avocat p\u00e9naliste \u00e0 Paris, intervient exclusivement en droit p\u00e9nal pour la d\u00e9fense des particuliers, notamment en mati\u00e8re d\u2019accusations de viol. Il assure un accompagnement rigoureux d\u00e8s la garde \u00e0 vue jusqu\u2019\u00e0 la Cour d\u2019assises, veillant au strict respect des garanties proc\u00e9durales.","publisher":{"@id":"https:\/\/kohenavocats.com\/ru\/#organization"},"potentialAction":[{"@type":"SearchAction","target":{"@type":"EntryPoint","urlTemplate":"https:\/\/kohenavocats.com\/ru\/?s={search_term_string}"},"query-input":{"@type":"PropertyValueSpecification","valueRequired":true,"valueName":"search_term_string"}}],"inLanguage":"ru-RU"},{"@type":"Organization","@id":"https:\/\/kohenavocats.com\/ru\/#organization","name":"Kohen Avocats","url":"https:\/\/kohenavocats.com\/ru\/","logo":{"@type":"ImageObject","inLanguage":"ru-RU","@id":"https:\/\/kohenavocats.com\/ru\/#\/schema\/logo\/image\/","url":"https:\/\/kohenavocats.com\/wp-content\/uploads\/2026\/01\/Logo-2-1.webp","contentUrl":"https:\/\/kohenavocats.com\/wp-content\/uploads\/2026\/01\/Logo-2-1.webp","width":2114,"height":1253,"caption":"Kohen Avocats"},"image":{"@id":"https:\/\/kohenavocats.com\/ru\/#\/schema\/logo\/image\/"}}]}},"jetpack_likes_enabled":false,"jetpack_sharing_enabled":true,"_links":{"self":[{"href":"https:\/\/kohenavocats.com\/ru\/wp-json\/wp\/v2\/kji_decision\/639301","targetHints":{"allow":["GET"]}}],"collection":[{"href":"https:\/\/kohenavocats.com\/ru\/wp-json\/wp\/v2\/kji_decision"}],"about":[{"href":"https:\/\/kohenavocats.com\/ru\/wp-json\/wp\/v2\/types\/kji_decision"}],"wp:attachment":[{"href":"https:\/\/kohenavocats.com\/ru\/wp-json\/wp\/v2\/media?parent=639301"}],"wp:term":[{"taxonomy":"kji_country","embeddable":true,"href":"https:\/\/kohenavocats.com\/ru\/wp-json\/wp\/v2\/kji_country?post=639301"},{"taxonomy":"kji_court","embeddable":true,"href":"https:\/\/kohenavocats.com\/ru\/wp-json\/wp\/v2\/kji_court?post=639301"},{"taxonomy":"kji_chamber","embeddable":true,"href":"https:\/\/kohenavocats.com\/ru\/wp-json\/wp\/v2\/kji_chamber?post=639301"},{"taxonomy":"kji_year","embeddable":true,"href":"https:\/\/kohenavocats.com\/ru\/wp-json\/wp\/v2\/kji_year?post=639301"},{"taxonomy":"kji_subject","embeddable":true,"href":"https:\/\/kohenavocats.com\/ru\/wp-json\/wp\/v2\/kji_subject?post=639301"},{"taxonomy":"kji_keyword","embeddable":true,"href":"https:\/\/kohenavocats.com\/ru\/wp-json\/wp\/v2\/kji_keyword?post=639301"},{"taxonomy":"kji_language","embeddable":true,"href":"https:\/\/kohenavocats.com\/ru\/wp-json\/wp\/v2\/kji_language?post=639301"}],"curies":[{"name":"wp","href":"https:\/\/api.w.org\/{rel}","templated":true}]}}