{"id":639307,"date":"2026-04-21T19:46:44","date_gmt":"2026-04-21T17:46:44","guid":{"rendered":"https:\/\/kohenavocats.com\/jurisprudences\/tribunal-darrondissement-17-decembre-2024-n-2024-09473\/"},"modified":"2026-04-21T19:46:48","modified_gmt":"2026-04-21T17:46:48","slug":"tribunal-darrondissement-17-decembre-2024-n-2024-09473","status":"publish","type":"kji_decision","link":"https:\/\/kohenavocats.com\/ru\/jurisprudences\/tribunal-darrondissement-17-decembre-2024-n-2024-09473\/","title":{"rendered":"Tribunal d&#8217;arrondissement, 17 d\u00e9cembre 2024, n\u00b0 2024-09473"},"content":{"rendered":"<div class=\"kji-decision\">\n<div class=\"kji-full-text\">\n<p>No. r\u00f4le:TAL-2024-09473 No.2024TALREFO\/00545 du17 d\u00e9cembre2024 Audience publique extraordinaire des r\u00e9f\u00e9r\u00e9s dumardi, 17 d\u00e9cembre2024, tenue par Nous Fr\u00e9d\u00e9ric MERSCH, Vice-Pr\u00e9sident au Tribunal d\u2019arrondissement de et \u00e0 Luxembourg, si\u00e9geant comme juge des r\u00e9f\u00e9r\u00e9s, en remplacement deMonsieur le Pr\u00e9sidentdu Tribunal d\u2019arrondissement de et \u00e0 Luxembourg, assist\u00e9de la greffi\u00e8re assum\u00e9e Carole STARCK. DANS LA CAUSE E N T R E 1)PERSONNE1.),et de son \u00e9pouse, 2)PERSONNE2.), \u00e9pouse ENSCH, les deux demeurant \u00e0ADRESSE1.), \u00e9lisant domicile en l\u2019\u00e9tude de Ma\u00eetreClaude CLEMES, avocat, demeurant \u00e0 Luxembourg, partiesdemanderessescomparant par Ma\u00eetreClaude CLEMES, avocat, demeurant \u00e0 Luxembourg, E T 1)PERSONNE3.),et \u00e0 son \u00e9pouse, 2)PERSONNE4.), les deux demeurant \u00e0ADRESSE2.), partiesd\u00e9fenderessessub1)et sub 2)comparant parla soci\u00e9t\u00e9 \u00e0 responsabilit\u00e9 limit\u00e9 KRIEPS-PUCURICA AVOCAT S.\u00e0 r.l. repr\u00e9sent\u00e9e parMa\u00eetre Admir PUCURICA, avocat, demeurant \u00e0 Luxembourg, E N P R E S E N C E D E<\/p>\n<p>la soci\u00e9t\u00e9 \u00e0 responsabilit\u00e9 limit\u00e9eSOCIETE1.)S.\u00e0 r.l.,\u00e9tablie et ayant son si\u00e8ge social \u00e0ADRESSE3.)inscrite au registre de commerce et des soci\u00e9t\u00e9s de Luxembourg sous le num\u00e9roNUMERO1.), repr\u00e9sent\u00e9e par son (ses) g\u00e9rant(s) actuellement en fonctions,<\/p>\n<p>partieintervenante volontairecomparantpar MonsieurPERSONNE5.),g\u00e9rant de lasoci\u00e9t\u00e9, F A I T S :<\/p>\n<p>A l\u2019appel de la cause \u00e0 l&#039;audience publique ordinaire des r\u00e9f\u00e9r\u00e9s du lundiapr\u00e8s-midi, 2 d\u00e9cembre 2024,Ma\u00eetreClaude CLEMESdonna lecture de l\u2019assignation ci-avant transcrite et exposa ses moyens. Ma\u00eetreAdmir PUCURICAet MonsieurPERSONNE5.)r\u00e9pliqu\u00e8rent. Sur ce le juge des r\u00e9f\u00e9r\u00e9s prit l\u2019affaire en d\u00e9lib\u00e9r\u00e9 et rendit \u00e0 l\u2019audience publique extraordinaire des r\u00e9f\u00e9r\u00e9s de ce jour l\u2019 O R D O N N A N C E qui suit: Par exploit du 19 novembre 2024,PERSONNE1.)etPERSONNE2.)ont fait assigner PERSONNE3.)etPERSONNE4.)\u00e0 compara\u00eetre devant le juge des r\u00e9f\u00e9r\u00e9s pour voir ordonner une mesure d\u2019instruction portant sur des pr\u00e9tendus vices, malfa\u00e7ons ou d\u00e9sordres affectant l\u2019immeuble sisADRESSE1.). A l\u2019audience du 2 d\u00e9cembre 2024, la soci\u00e9t\u00e9 \u00e0 responsabilit\u00e9 limit\u00e9eSOCIETE1.)S.\u00e0r.l. a demand\u00e9 acte qu\u2019elle intervient volontairement dans l\u2019instance introduite par l\u2019assignation susvis\u00e9e du 19 novembre 2024. La recevabilit\u00e9 de cette intervention volontaire n\u2019\u00e9tant pas autrement contest\u00e9e et la soci\u00e9t\u00e9 \u00e0 responsabilit\u00e9 limit\u00e9eSOCIETE1.)S.\u00e0r.l. justifiant d\u2019un int\u00e9r\u00eat l\u00e9gitime, personnel et suffisant \u00e0 participer \u00e0 l\u2019instance, il y a lieu d\u2019en donner acte et de d\u00e9clarer celle-ci recevable. De l\u2019accord de toutes les parties et par application des dispositions de l\u2019article 350 du nouveau code de proc\u00e9dure civile, il y a lieu de faire droit \u00e0 la demande en expertise et de nommer un expert avec la mission telle que libell\u00e9e au dispositif de la pr\u00e9sente ordonnance. Il y a lieu de donner acte \u00e0 la soci\u00e9t\u00e9 \u00e0 responsabilit\u00e9 limit\u00e9eSOCIETE1.)S.\u00e0r.l. et \u00e0 PERSONNE3.)etPERSONNE4.)qu\u2019ils assisteront aux op\u00e9rations d\u2019expertise \u00e0 intervenir sous toutes r\u00e9serves et sans reconnaissance de responsabilit\u00e9 dans son chef. P A R C E S M O T I F S Nous Fr\u00e9d\u00e9ric MERSCH, Vice-Pr\u00e9sident au Tribunal d&#039;arrondissement de et \u00e0 Luxembourg, si\u00e9geant comme juge des r\u00e9f\u00e9r\u00e9s, en remplacement du Pr\u00e9sident du Tribunal d&#039;arrondissement de et \u00e0 Luxembourg, statuant contradictoirement, Nous d\u00e9clarons comp\u00e9tent pour conna\u00eetre de la demande,<\/p>\n<p>donnons acte \u00e0 la soci\u00e9t\u00e9 \u00e0 responsabilit\u00e9 limit\u00e9eSOCIETE1.)S.\u00e0r.l. et \u00e0 PERSONNE3.)etPERSONNE4.)qu\u2019ils assisteront aux op\u00e9rations d\u2019expertise \u00e0 intervenir sous toutes r\u00e9serves et sans reconnaissance de responsabilit\u00e9 pr\u00e9judiciable dans son chef, au principal renvoyons les parties \u00e0 se pourvoir devant qui de droit, mais d\u00e8s \u00e0 pr\u00e9sent et par provision, vu l\u2019article 350 du Nouveau Code de Proc\u00e9dure Civile, ordonnons une expertise et commettons pour y proc\u00e9der l\u2019expertLuciano BERALDIN, demeurant professionnellement \u00e0 L -3317 Bergem,3, Fassbuergergronn, avec la mission de concilier les parties si faire se peut, sinon dans un rapport \u00e9crit, motiv\u00e9 et d\u00e9taill\u00e9: 1.Rechercher et d\u00e9terminer les \u00e9ventuels vices et malfa\u00e7ons dont est affect\u00e9 l\u2019immeuble sis \u00e0ADRESSE1.), notamment suite aux excavations et reprises en sous-\u0153uvre effectu\u00e9es \u00e0 l\u2019initiative des parties assign\u00e9es de mani\u00e8re simultan\u00e9e \u00e0 l\u2019aide de deux excavations creus\u00e9es en dessous de la dalle de fondation de l\u2019immeuble sisADRESSE1.); 2.D\u00e9terminer le proc\u00e9d\u00e9, les moyens et solutions techniques en ce compris les \u00e9tapes \u00e0 respecter par les parties assign\u00e9es tout au long de l\u2019ex\u00e9cution des travaux de reprise en sous-oeuvre afin de pr\u00e9server la stabilit\u00e9 et la statique de l\u2019immeuble sisADRESSE1.); 3.Evaluer le cout des \u00e9ventuels d\u00e9g\u00e2ts caus\u00e9s \u00e0 l\u2019immeuble sisADRESSE1.); disons que l\u2019expert pourra s&#039;entourer de tous renseignements utiles \u00e0 l&#039;accomplissement de la mission lui confi\u00e9e et entendre m\u00eame des tierces personnes, disons qu\u2019en cas de difficult\u00e9s d\u2019ex\u00e9cution de la mission d\u2019expertise, il Nous en sera fait rapport, ordonnonsaux parties demanderessesde payer \u00e0 l&#039;expert la somme de2.000.-eurosau plus tard le17 janvier 2025\u00e0 titre de provision \u00e0 faire valoir sur la r\u00e9mun\u00e9ration de l&#039;expert ou \u00e0 un \u00e9tablissement de cr\u00e9dit \u00e0 convenir entre parties au litige, et d&#039;en justifier au greffe du tribunal, disons que si ses honoraires devaient d\u00e9passer le montant de la provision vers\u00e9e, l&#039;expert devra Nous en avertir, disons que l&#039;expert devra d\u00e9poser son rapport au greffe du tribunal le18 ao\u00fbt 2025au plus tard,<\/p>\n<p>disons qu\u2019en cas d\u2019emp\u00eachement de l\u2019expert commis, il sera proc\u00e9d\u00e9 \u00e0 son remplacement par simple ordonnance prise en Notre cabinet, r\u00e9servons les frais et d\u00e9pens, ordonnons l&#039;ex\u00e9cution provisoire de la pr\u00e9sente ordonnance nonobstant toutes voies de recours et sans caution.<\/p>\n<\/div>\n<hr class=\"kji-sep\" \/>\n<p class=\"kji-source-links\"><strong>Sources officielles :<\/strong> <a class=\"kji-source-link\" href=\"https:\/\/data.public.lu\/fr\/datasets\/tribunal-darrondissement-luxembourg-refere\/\" target=\"_blank\" rel=\"noopener noreferrer\">consulter la page source<\/a> &middot; <a class=\"kji-pdf-link\" href=\"https:\/\/download.data.public.lu\/resources\/tribunal-darrondissement-luxembourg-refere\/20250303-011317\/20241217-talref-tal-2024-09473-pseudonymise-accessible.pdf\" target=\"_blank\" rel=\"noopener noreferrer\">PDF officiel<\/a><\/p>\n<p class=\"kji-license-note\"><em>Licence CC BY-ND 4.0 (Administration judiciaire, data.public.lu). Republication autorisee avec attribution, sans modification editoriale du texte integral.<\/em><\/p>\n<\/div>\n","protected":false},"excerpt":{"rendered":"<p>No. r\u00f4le:TAL-2024-09473 No.2024TALREFO\/00545 du17 d\u00e9cembre2024 Audience publique extraordinaire des r\u00e9f\u00e9r\u00e9s dumardi, 17 d\u00e9cembre2024, tenue par Nous Fr\u00e9d\u00e9ric MERSCH, Vice-Pr\u00e9sident au Tribunal d\u2019arrondissement de et \u00e0 Luxembourg, si\u00e9geant comme juge des r\u00e9f\u00e9r\u00e9s, en remplacement deMonsieur le Pr\u00e9sidentdu Tribunal d\u2019arrondissement de et \u00e0 Luxembourg, assist\u00e9de la greffi\u00e8re\u2026<\/p>\n","protected":false},"featured_media":0,"template":"","meta":{"_crdt_document":""},"kji_country":[8418],"kji_court":[23583],"kji_chamber":[18768],"kji_year":[8677],"kji_subject":[7646],"kji_keyword":[23584,8464,7636],"kji_language":[7733],"class_list":["post-639307","kji_decision","type-kji_decision","status-publish","hentry","kji_country-luxembourg","kji_court-tribunal-darrondissement","kji_chamber-refere","kji_year-8677","kji_subject-divers","kji_keyword-arrondissement","kji_keyword-decembre","kji_keyword-tribunal","kji_language-francais"],"yoast_head":"<!-- This site is optimized with the Yoast SEO Premium plugin v27.5 (Yoast SEO v27.5) - https:\/\/yoast.com\/product\/yoast-seo-premium-wordpress\/ -->\n<title>Tribunal d&#039;arrondissement, 17 d\u00e9cembre 2024, n\u00b0 2024-09473 - Ma\u00eetre Hassan Kohen, avocat en droit p\u00e9nal \u00e0 Paris<\/title>\n<meta name=\"robots\" content=\"index, follow, max-snippet:-1, max-image-preview:large, max-video-preview:-1\" \/>\n<link rel=\"canonical\" href=\"https:\/\/kohenavocats.com\/ru\/jurisprudences\/tribunal-darrondissement-17-decembre-2024-n-2024-09473\/\" \/>\n<meta property=\"og:locale\" content=\"ru_RU\" \/>\n<meta property=\"og:type\" content=\"article\" \/>\n<meta property=\"og:title\" content=\"Tribunal d&#039;arrondissement, 17 d\u00e9cembre 2024, n\u00b0 2024-09473\" \/>\n<meta property=\"og:description\" content=\"No. r\u00f4le:TAL-2024-09473 No.2024TALREFO\/00545 du17 d\u00e9cembre2024 Audience publique extraordinaire des r\u00e9f\u00e9r\u00e9s dumardi, 17 d\u00e9cembre2024, tenue par Nous Fr\u00e9d\u00e9ric MERSCH, Vice-Pr\u00e9sident au Tribunal d\u2019arrondissement de et \u00e0 Luxembourg, si\u00e9geant comme juge des r\u00e9f\u00e9r\u00e9s, en remplacement deMonsieur le Pr\u00e9sidentdu Tribunal d\u2019arrondissement de et \u00e0 Luxembourg, assist\u00e9de la greffi\u00e8re\u2026\" \/>\n<meta property=\"og:url\" content=\"https:\/\/kohenavocats.com\/ru\/jurisprudences\/tribunal-darrondissement-17-decembre-2024-n-2024-09473\/\" \/>\n<meta property=\"og:site_name\" content=\"Ma\u00eetre Hassan Kohen, avocat en droit p\u00e9nal \u00e0 Paris\" \/>\n<meta property=\"article:modified_time\" content=\"2026-04-21T17:46:48+00:00\" \/>\n<meta name=\"twitter:card\" content=\"summary_large_image\" \/>\n<meta name=\"twitter:label1\" content=\"\u041f\u0440\u0438\u043c\u0435\u0440\u043d\u043e\u0435 \u0432\u0440\u0435\u043c\u044f \u0434\u043b\u044f \u0447\u0442\u0435\u043d\u0438\u044f\" \/>\n\t<meta name=\"twitter:data1\" content=\"5 \u043c\u0438\u043d\u0443\u0442\" \/>\n<script type=\"application\/ld+json\" class=\"yoast-schema-graph\">{\"@context\":\"https:\\\/\\\/schema.org\",\"@graph\":[{\"@type\":\"WebPage\",\"@id\":\"https:\\\/\\\/kohenavocats.com\\\/ru\\\/jurisprudences\\\/tribunal-darrondissement-17-decembre-2024-n-2024-09473\\\/\",\"url\":\"https:\\\/\\\/kohenavocats.com\\\/ru\\\/jurisprudences\\\/tribunal-darrondissement-17-decembre-2024-n-2024-09473\\\/\",\"name\":\"Tribunal d'arrondissement, 17 d\u00e9cembre 2024, n\u00b0 2024-09473 - Ma\u00eetre Hassan Kohen, avocat en droit p\u00e9nal \u00e0 Paris\",\"isPartOf\":{\"@id\":\"https:\\\/\\\/kohenavocats.com\\\/ru\\\/#website\"},\"datePublished\":\"2026-04-21T17:46:44+00:00\",\"dateModified\":\"2026-04-21T17:46:48+00:00\",\"breadcrumb\":{\"@id\":\"https:\\\/\\\/kohenavocats.com\\\/ru\\\/jurisprudences\\\/tribunal-darrondissement-17-decembre-2024-n-2024-09473\\\/#breadcrumb\"},\"inLanguage\":\"ru-RU\",\"potentialAction\":[{\"@type\":\"ReadAction\",\"target\":[\"https:\\\/\\\/kohenavocats.com\\\/ru\\\/jurisprudences\\\/tribunal-darrondissement-17-decembre-2024-n-2024-09473\\\/\"]}]},{\"@type\":\"BreadcrumbList\",\"@id\":\"https:\\\/\\\/kohenavocats.com\\\/ru\\\/jurisprudences\\\/tribunal-darrondissement-17-decembre-2024-n-2024-09473\\\/#breadcrumb\",\"itemListElement\":[{\"@type\":\"ListItem\",\"position\":1,\"name\":\"Home\",\"item\":\"https:\\\/\\\/kohenavocats.com\\\/ru\\\/avocats-en-droit-penal-a-paris-conseil-et-defense-strategique\\\/\"},{\"@type\":\"ListItem\",\"position\":2,\"name\":\"Jurisprudences\",\"item\":\"https:\\\/\\\/kohenavocats.com\\\/ru\\\/jurisprudences\\\/\"},{\"@type\":\"ListItem\",\"position\":3,\"name\":\"Tribunal d&rsquo;arrondissement, 17 d\u00e9cembre 2024, n\u00b0 2024-09473\"}]},{\"@type\":\"WebSite\",\"@id\":\"https:\\\/\\\/kohenavocats.com\\\/ru\\\/#website\",\"url\":\"https:\\\/\\\/kohenavocats.com\\\/ru\\\/\",\"name\":\"Kohen Avocats\",\"description\":\"Ma\u00eetre Hassan Kohen, avocat p\u00e9naliste \u00e0 Paris, intervient exclusivement en droit p\u00e9nal pour la d\u00e9fense des particuliers, notamment en mati\u00e8re d\u2019accusations de viol. Il assure un accompagnement rigoureux d\u00e8s la garde \u00e0 vue jusqu\u2019\u00e0 la Cour d\u2019assises, veillant au strict respect des garanties proc\u00e9durales.\",\"publisher\":{\"@id\":\"https:\\\/\\\/kohenavocats.com\\\/ru\\\/#organization\"},\"potentialAction\":[{\"@type\":\"SearchAction\",\"target\":{\"@type\":\"EntryPoint\",\"urlTemplate\":\"https:\\\/\\\/kohenavocats.com\\\/ru\\\/?s={search_term_string}\"},\"query-input\":{\"@type\":\"PropertyValueSpecification\",\"valueRequired\":true,\"valueName\":\"search_term_string\"}}],\"inLanguage\":\"ru-RU\"},{\"@type\":\"Organization\",\"@id\":\"https:\\\/\\\/kohenavocats.com\\\/ru\\\/#organization\",\"name\":\"Kohen Avocats\",\"url\":\"https:\\\/\\\/kohenavocats.com\\\/ru\\\/\",\"logo\":{\"@type\":\"ImageObject\",\"inLanguage\":\"ru-RU\",\"@id\":\"https:\\\/\\\/kohenavocats.com\\\/ru\\\/#\\\/schema\\\/logo\\\/image\\\/\",\"url\":\"https:\\\/\\\/kohenavocats.com\\\/wp-content\\\/uploads\\\/2026\\\/01\\\/Logo-2-1.webp\",\"contentUrl\":\"https:\\\/\\\/kohenavocats.com\\\/wp-content\\\/uploads\\\/2026\\\/01\\\/Logo-2-1.webp\",\"width\":2114,\"height\":1253,\"caption\":\"Kohen Avocats\"},\"image\":{\"@id\":\"https:\\\/\\\/kohenavocats.com\\\/ru\\\/#\\\/schema\\\/logo\\\/image\\\/\"}}]}<\/script>\n<!-- \/ Yoast SEO Premium plugin. -->","yoast_head_json":{"title":"Tribunal d'arrondissement, 17 d\u00e9cembre 2024, n\u00b0 2024-09473 - Ma\u00eetre Hassan Kohen, avocat en droit p\u00e9nal \u00e0 Paris","robots":{"index":"index","follow":"follow","max-snippet":"max-snippet:-1","max-image-preview":"max-image-preview:large","max-video-preview":"max-video-preview:-1"},"canonical":"https:\/\/kohenavocats.com\/ru\/jurisprudences\/tribunal-darrondissement-17-decembre-2024-n-2024-09473\/","og_locale":"ru_RU","og_type":"article","og_title":"Tribunal d'arrondissement, 17 d\u00e9cembre 2024, n\u00b0 2024-09473","og_description":"No. r\u00f4le:TAL-2024-09473 No.2024TALREFO\/00545 du17 d\u00e9cembre2024 Audience publique extraordinaire des r\u00e9f\u00e9r\u00e9s dumardi, 17 d\u00e9cembre2024, tenue par Nous Fr\u00e9d\u00e9ric MERSCH, Vice-Pr\u00e9sident au Tribunal d\u2019arrondissement de et \u00e0 Luxembourg, si\u00e9geant comme juge des r\u00e9f\u00e9r\u00e9s, en remplacement deMonsieur le Pr\u00e9sidentdu Tribunal d\u2019arrondissement de et \u00e0 Luxembourg, assist\u00e9de la greffi\u00e8re\u2026","og_url":"https:\/\/kohenavocats.com\/ru\/jurisprudences\/tribunal-darrondissement-17-decembre-2024-n-2024-09473\/","og_site_name":"Ma\u00eetre Hassan Kohen, avocat en droit p\u00e9nal \u00e0 Paris","article_modified_time":"2026-04-21T17:46:48+00:00","twitter_card":"summary_large_image","twitter_misc":{"\u041f\u0440\u0438\u043c\u0435\u0440\u043d\u043e\u0435 \u0432\u0440\u0435\u043c\u044f \u0434\u043b\u044f \u0447\u0442\u0435\u043d\u0438\u044f":"5 \u043c\u0438\u043d\u0443\u0442"},"schema":{"@context":"https:\/\/schema.org","@graph":[{"@type":"WebPage","@id":"https:\/\/kohenavocats.com\/ru\/jurisprudences\/tribunal-darrondissement-17-decembre-2024-n-2024-09473\/","url":"https:\/\/kohenavocats.com\/ru\/jurisprudences\/tribunal-darrondissement-17-decembre-2024-n-2024-09473\/","name":"Tribunal d'arrondissement, 17 d\u00e9cembre 2024, n\u00b0 2024-09473 - Ma\u00eetre Hassan Kohen, avocat en droit p\u00e9nal \u00e0 Paris","isPartOf":{"@id":"https:\/\/kohenavocats.com\/ru\/#website"},"datePublished":"2026-04-21T17:46:44+00:00","dateModified":"2026-04-21T17:46:48+00:00","breadcrumb":{"@id":"https:\/\/kohenavocats.com\/ru\/jurisprudences\/tribunal-darrondissement-17-decembre-2024-n-2024-09473\/#breadcrumb"},"inLanguage":"ru-RU","potentialAction":[{"@type":"ReadAction","target":["https:\/\/kohenavocats.com\/ru\/jurisprudences\/tribunal-darrondissement-17-decembre-2024-n-2024-09473\/"]}]},{"@type":"BreadcrumbList","@id":"https:\/\/kohenavocats.com\/ru\/jurisprudences\/tribunal-darrondissement-17-decembre-2024-n-2024-09473\/#breadcrumb","itemListElement":[{"@type":"ListItem","position":1,"name":"Home","item":"https:\/\/kohenavocats.com\/ru\/avocats-en-droit-penal-a-paris-conseil-et-defense-strategique\/"},{"@type":"ListItem","position":2,"name":"Jurisprudences","item":"https:\/\/kohenavocats.com\/ru\/jurisprudences\/"},{"@type":"ListItem","position":3,"name":"Tribunal d&rsquo;arrondissement, 17 d\u00e9cembre 2024, n\u00b0 2024-09473"}]},{"@type":"WebSite","@id":"https:\/\/kohenavocats.com\/ru\/#website","url":"https:\/\/kohenavocats.com\/ru\/","name":"Kohen Avocats","description":"Ma\u00eetre Hassan Kohen, avocat p\u00e9naliste \u00e0 Paris, intervient exclusivement en droit p\u00e9nal pour la d\u00e9fense des particuliers, notamment en mati\u00e8re d\u2019accusations de viol. Il assure un accompagnement rigoureux d\u00e8s la garde \u00e0 vue jusqu\u2019\u00e0 la Cour d\u2019assises, veillant au strict respect des garanties proc\u00e9durales.","publisher":{"@id":"https:\/\/kohenavocats.com\/ru\/#organization"},"potentialAction":[{"@type":"SearchAction","target":{"@type":"EntryPoint","urlTemplate":"https:\/\/kohenavocats.com\/ru\/?s={search_term_string}"},"query-input":{"@type":"PropertyValueSpecification","valueRequired":true,"valueName":"search_term_string"}}],"inLanguage":"ru-RU"},{"@type":"Organization","@id":"https:\/\/kohenavocats.com\/ru\/#organization","name":"Kohen Avocats","url":"https:\/\/kohenavocats.com\/ru\/","logo":{"@type":"ImageObject","inLanguage":"ru-RU","@id":"https:\/\/kohenavocats.com\/ru\/#\/schema\/logo\/image\/","url":"https:\/\/kohenavocats.com\/wp-content\/uploads\/2026\/01\/Logo-2-1.webp","contentUrl":"https:\/\/kohenavocats.com\/wp-content\/uploads\/2026\/01\/Logo-2-1.webp","width":2114,"height":1253,"caption":"Kohen Avocats"},"image":{"@id":"https:\/\/kohenavocats.com\/ru\/#\/schema\/logo\/image\/"}}]}},"jetpack_likes_enabled":false,"jetpack_sharing_enabled":true,"_links":{"self":[{"href":"https:\/\/kohenavocats.com\/ru\/wp-json\/wp\/v2\/kji_decision\/639307","targetHints":{"allow":["GET"]}}],"collection":[{"href":"https:\/\/kohenavocats.com\/ru\/wp-json\/wp\/v2\/kji_decision"}],"about":[{"href":"https:\/\/kohenavocats.com\/ru\/wp-json\/wp\/v2\/types\/kji_decision"}],"wp:attachment":[{"href":"https:\/\/kohenavocats.com\/ru\/wp-json\/wp\/v2\/media?parent=639307"}],"wp:term":[{"taxonomy":"kji_country","embeddable":true,"href":"https:\/\/kohenavocats.com\/ru\/wp-json\/wp\/v2\/kji_country?post=639307"},{"taxonomy":"kji_court","embeddable":true,"href":"https:\/\/kohenavocats.com\/ru\/wp-json\/wp\/v2\/kji_court?post=639307"},{"taxonomy":"kji_chamber","embeddable":true,"href":"https:\/\/kohenavocats.com\/ru\/wp-json\/wp\/v2\/kji_chamber?post=639307"},{"taxonomy":"kji_year","embeddable":true,"href":"https:\/\/kohenavocats.com\/ru\/wp-json\/wp\/v2\/kji_year?post=639307"},{"taxonomy":"kji_subject","embeddable":true,"href":"https:\/\/kohenavocats.com\/ru\/wp-json\/wp\/v2\/kji_subject?post=639307"},{"taxonomy":"kji_keyword","embeddable":true,"href":"https:\/\/kohenavocats.com\/ru\/wp-json\/wp\/v2\/kji_keyword?post=639307"},{"taxonomy":"kji_language","embeddable":true,"href":"https:\/\/kohenavocats.com\/ru\/wp-json\/wp\/v2\/kji_language?post=639307"}],"curies":[{"name":"wp","href":"https:\/\/api.w.org\/{rel}","templated":true}]}}