{"id":639466,"date":"2026-04-21T20:00:49","date_gmt":"2026-04-21T18:00:49","guid":{"rendered":"https:\/\/kohenavocats.com\/jurisprudences\/tribunal-darrondissement-7-juin-2024-n-2023-00610\/"},"modified":"2026-04-21T20:00:53","modified_gmt":"2026-04-21T18:00:53","slug":"tribunal-darrondissement-7-juin-2024-n-2023-00610","status":"publish","type":"kji_decision","link":"https:\/\/kohenavocats.com\/ru\/jurisprudences\/tribunal-darrondissement-7-juin-2024-n-2023-00610\/","title":{"rendered":"Tribunal d&#8217;arrondissement, 7 juin 2024, n\u00b0 2023-00610"},"content":{"rendered":"<div class=\"kji-decision\">\n<div class=\"kji-full-text\">\n<p>1 No. R\u00f4le: TAL-2023-00610 No. 2024TALREFO\/00264 du 7 juin 2024 Audience publique extraordinaire des r\u00e9f\u00e9r\u00e9s du vendredi, 7 juin 2024, tenue par Nous Christina LAPLUME, Vice-Pr\u00e9sident au Tribunal d\u2019arrondissement de et \u00e0 Luxembourg, si\u00e9geant commejuge des r\u00e9f\u00e9r\u00e9s, en remplacement du Pr\u00e9sident du Tribunal d\u2019arrondissement de et \u00e0 Luxembourg, assist\u00e9e du greffier Lo\u00efc PAVANT. DANS LA CAUSE E N T R E la soci\u00e9t\u00e9 \u00e0 responsabilit\u00e9 limit\u00e9eSOCIETE1.)S.\u00e0r.l., \u00e9tablie et ayant son si\u00e8ge social \u00e0 L- ADRESSE1.), repr\u00e9sent\u00e9e par son g\u00e9rant actuellement en fonctions, partie demanderesse originaire partie d\u00e9fenderesse sur contreditne comparant pas \u00e0 l\u2019audience, E T la soci\u00e9t\u00e9 \u00e0 responsabilit\u00e9 limit\u00e9eSOCIETE2.)S.\u00e0r.l., ayanteuson si\u00e8ge social \u00e0 L- ADRESSE2.),d\u00e9clar\u00e9e en \u00e9tat de faillite suivant jugementrendu le21 avril 2023par le Tribunal d\u2019arrondissement de Luxembourg,repr\u00e9sent\u00e9e parson curateurMa\u00eetre Denis WEINQUIN, partie d\u00e9fenderesse originaire partie demanderesse par contreditcomparant par Ma\u00eetre Jessica RODRIGUES MACIEL, avocat, en remplacement de Ma\u00eetreDenis WEINQUIN, avocat, les deux demeurant \u00e0 Schieren. F A I T S :<\/p>\n<p>3 Suite au contredit form\u00e9 le 18 janvier 2023 par la soci\u00e9t\u00e9SOCIETE2.)S.\u00e0r.l.contre l&#039;ordonnance conditionnelle de paiement No.2022TALORDP\/00495 d\u00e9livr\u00e9e en date du 20 d\u00e9cembre 2022 et notifi\u00e9e \u00e0 la partie d\u00e9fenderesse originaire en date du 23 d\u00e9cembre 2022, les parties furent convoqu\u00e9es \u00e0 l\u2019audience publique des r\u00e9f\u00e9r\u00e9s ordinaires du jeudi matin, 2 f\u00e9vrier 2023. Apr\u00e8s plusieursremises, l\u2019affaire fut utilement retenue \u00e0 l\u2019audience du jeudi matin, 30 mai 2024, lors de laquelleMa\u00eetre Jessica RODRIGUES MACIELfut entendue en ses explications. La partie demanderesse originaire ne comparut pas \u00e0 l\u2019audience. Sur ce, le juge desr\u00e9f\u00e9r\u00e9s prit l\u2019affaire en d\u00e9lib\u00e9r\u00e9 et rendit \u00e0 l\u2019audience publique extraordinaire des r\u00e9f\u00e9r\u00e9s de ce jour l\u2019 O R D O N N A N C E qui suit: Par requ\u00eatedu21 octobre 2022,d\u00e9pos\u00e9ele16 d\u00e9cembre2022au greffe duTribunal,la soci\u00e9t\u00e9SOCIETE1.)S.\u00e0r.l.a requis la d\u00e9livrance d\u2019une ordonnance conditionnelle de paiement \u00e0 l\u2019\u00e9gard dela soci\u00e9t\u00e9SOCIETE2.)S.\u00e0r.l.\u00e0 hauteur de21.424,01eurosainsi que les int\u00e9r\u00eats l\u00e9gauxsur ce montant. La soci\u00e9t\u00e9SOCIETE1.)S.\u00e0r.l.poursuit le recouvrement dedeuxfactures portant sur des prestationsde livraison de marchandises etde r\u00e9alisationde travauxde fa\u00e7ade et de pose de toiture en zinc. Il s\u2019agit notamment des factures suivantes: -facture num\u00e9roNUMERO1.)du 4 mai 2022pour le montant de 11.881,20 euros -facture num\u00e9roNUMERO2.)du 25 mai 2022 pour le montant de 9.542,81 euros Suivant ordonnance conditionnelle de paiementnum\u00e9ro2022TALORDP\/00495du20 d\u00e9cembre2022,notifi\u00e9e le23 d\u00e9cembre2022\u00e0 la partied\u00e9fenderesse originaire,la soci\u00e9t\u00e9 SOCIETE2.)S.\u00e0r.l.a \u00e9t\u00e9 condamn\u00e9e \u00e0 payer \u00e0la soci\u00e9t\u00e9SOCIETE1.)S.\u00e0r.l.la somme de 21.424,01euros, avec les int\u00e9r\u00eats l\u00e9gaux \u00e0 partirdu jour de la notification de l\u2019ordonnance conditionnelle de paiementjusqu\u2019\u00e0 solde. Par lettre du18 janvier 2023, d\u00e9pos\u00e9elem\u00eame jourau greffe duTribunal,la soci\u00e9t\u00e9 SOCIETE2.)S.\u00e0r.l.a form\u00e9 contredit. Le contredit, fait dans les forme et d\u00e9lai de la loi, est recevable.<\/p>\n<p>4 A l\u2019audiencedu 30 mai 2024, la soci\u00e9t\u00e9SOCIETE1.)S.\u00e0r.l. n\u2019a plus comparu pour soutenir les moyens \u00e0 l\u2019appui de sa demande en obtention d\u2019une provision. Lors de la m\u00eame audience, lasoci\u00e9t\u00e9SOCIETE2.)S.\u00e0r.l.afait plaiderqu\u2019au courant de l\u2019ann\u00e9e 2022, elleaconclu un\u00abmarch\u00e9 en r\u00e9gie\u00bbavec la soci\u00e9t\u00e9SOCIETE1.)S.\u00e0r.l.pour des travauxde zinguerieque cette derni\u00e8re s\u2019\u00e9tait engag\u00e9e \u00e0 r\u00e9aliserpour le compte de SOCIETE2.)S.\u00e0r.l.surun chantier, sis \u00e0ADRESSE3.), d\u00e9nomm\u00e9 \u00abALIAS1.)\u00bb, \u00e9tant pr\u00e9cis\u00e9 que le mat\u00e9riel n\u00e9cessaire \u00e0 la r\u00e9alisation des travaux \u00e9tait fourni parSOCIETE2.) S.\u00e0r.l.; qu\u2019aux termes dece contrat, et conform\u00e9ment aux usages applicables en mati\u00e8re de contrat de r\u00e9gie,la soci\u00e9t\u00e9SOCIETE1.)S.\u00e0r.l. aurait d\u00fb lui soumettreune feuille de r\u00e9gie pourle nombre d\u2019heures suppl\u00e9mentaires factur\u00e9es,ceci aux fins d\u2019acceptation. Etant donn\u00e9quela soci\u00e9t\u00e9SOCIETE1.)S.\u00e0r.l.ne luia cependantjamaissoumisdesfeuillesde r\u00e9gie suppl\u00e9mentaires,cette derni\u00e8reseraitactuellementmalvenue \u00e0 lui r\u00e9clamer le paiementdes factures litigieuses. SOCIETE2.)S.\u00e0r.l.contestedoncle nombre d\u2019heures misesen compte,pour \u00eatre surfaites et non justifi\u00e9espar rapport au nombre d\u2019heuresinitialement pr\u00e9vuesdans l\u2019offre.Elle ajoute, par ailleurs,queles travaux n\u2019ont pas \u00e9t\u00e9r\u00e9alis\u00e9sconform\u00e9ment aux r\u00e8gles de l\u2019art etqu\u2019ilsrestentactuellementinachev\u00e9scecinonobstant les promesses faites parleg\u00e9rant de la soci\u00e9t\u00e9SOCIETE1.)S.\u00e0r.l.lors desr\u00e9unionssur lechantiermais aussiau cours de diversesconversations t\u00e9l\u00e9phoniques. Le juge des r\u00e9f\u00e9r\u00e9s, saisi en mati\u00e8re de r\u00e9f\u00e9r\u00e9-provision, est le juge de l\u2019\u00e9vident et de l\u2019incontestable. Il y a contestation s\u00e9rieuse, d\u00e8s lors que l\u2019un des moyensde d\u00e9fense oppos\u00e9 \u00e0 la pr\u00e9tention du demandeur n\u2019est pas manifestement vain et qu\u2019il existe une incertitude sur le sens dans lequel trancherait le juge du fond s\u2019il venait \u00e0 \u00eatre saisi. En l\u2019esp\u00e8ce, lesmoyens de d\u00e9fense soulev\u00e9s parla soci\u00e9t\u00e9SOCIETE2.)S.\u00e0r.l.constituent des contestations s\u00e9rieuses \u00e0 l\u2019encontre de la demande dela soci\u00e9t\u00e9SOCIETE1.)S.\u00e0r.l.et \u00e9chappent comme tellesau pouvoir d\u2019appr\u00e9ciation sommaire du juge des r\u00e9f\u00e9r\u00e9s. Il s\u2019ensuit quela demande dela soci\u00e9t\u00e9SOCIETE1.)S.\u00e0r.l.est\u00e0 d\u00e9clarer non fond\u00e9e sur base de l\u2019article 919 dunouveaucode de proc\u00e9dure civile. La partie demanderesseSOCIETE1.)S.\u00e0r.l.n\u2019ayant pas comparu \u00e0 l\u2019audience du30 mai 2024, il y a n\u00e9anmoins lieu de statuer contradictoirement \u00e0 son \u00e9gard, en application de l\u2019article 75 dunouveaucode de proc\u00e9dure civile. P A R C E S M O T I F S<\/p>\n<p>5 NousChristina LAPLUME,Vice-pr\u00e9sidentau Tribunal d\u2019arrondissement de et \u00e0 Luxembourg, si\u00e9geant comme juge des r\u00e9f\u00e9r\u00e9s, en remplacement du Pr\u00e9sident du Tribunal d\u2019arrondissement de et \u00e0 Luxembourg, statuant contradictoirement, recevonsle contredit en la forme ; Nousd\u00e9clarons comp\u00e9tent pour en conna\u00eetre; auprincipal renvoyons les parties \u00e0 se pourvoir devant qui de droit mais d\u00e8s \u00e0 pr\u00e9sent et par provision ; ledisons fond\u00e9; partantdisons que l\u2019ordonnanceconditionnelle de paiement n\u00b02022TALORDP\/00495 d\u00e9livr\u00e9e le20 d\u00e9cembre 2022est \u00e0 consid\u00e9rer comme non avenue; laissonsles frais de l\u2019instance \u00e0 charge dela soci\u00e9t\u00e9 anonymeSOCIETE1.)S.\u00e0r.l.; ordonnons l\u2019ex\u00e9cution provisoire de la pr\u00e9sente ordonnance nonobstant appel et sans caution.<\/p>\n<\/div>\n<hr class=\"kji-sep\" \/>\n<p class=\"kji-source-links\"><strong>Sources officielles :<\/strong> <a class=\"kji-source-link\" href=\"https:\/\/data.public.lu\/fr\/datasets\/tribunal-darrondissement-luxembourg-refere\/\" target=\"_blank\" rel=\"noopener noreferrer\">consulter la page source<\/a> &middot; <a class=\"kji-pdf-link\" href=\"https:\/\/download.data.public.lu\/resources\/tribunal-darrondissement-luxembourg-refere\/20250203-024058\/20240607-talref-tal-2023-00610-pseudonymise-accessible.pdf\" target=\"_blank\" rel=\"noopener noreferrer\">PDF officiel<\/a><\/p>\n<p class=\"kji-license-note\"><em>Licence CC BY-ND 4.0 (Administration judiciaire, data.public.lu). Republication autorisee avec attribution, sans modification editoriale du texte integral.<\/em><\/p>\n<\/div>\n","protected":false},"excerpt":{"rendered":"<p>1 No. R\u00f4le: TAL-2023-00610 No. 2024TALREFO\/00264 du 7 juin 2024 Audience publique extraordinaire des r\u00e9f\u00e9r\u00e9s du vendredi, 7 juin 2024, tenue par Nous Christina LAPLUME, Vice-Pr\u00e9sident au Tribunal d\u2019arrondissement de et \u00e0 Luxembourg, si\u00e9geant commejuge des r\u00e9f\u00e9r\u00e9s, en remplacement du Pr\u00e9sident du Tribunal d\u2019arrondissement de\u2026<\/p>\n","protected":false},"featured_media":0,"template":"","meta":{"_crdt_document":""},"kji_country":[8418],"kji_court":[23583],"kji_chamber":[18768],"kji_year":[8677],"kji_subject":[7646],"kji_keyword":[23584,7636],"kji_language":[7733],"class_list":["post-639466","kji_decision","type-kji_decision","status-publish","hentry","kji_country-luxembourg","kji_court-tribunal-darrondissement","kji_chamber-refere","kji_year-8677","kji_subject-divers","kji_keyword-arrondissement","kji_keyword-tribunal","kji_language-francais"],"yoast_head":"<!-- This site is optimized with the Yoast SEO Premium plugin v27.5 (Yoast SEO v27.5) - https:\/\/yoast.com\/product\/yoast-seo-premium-wordpress\/ -->\n<title>Tribunal d&#039;arrondissement, 7 juin 2024, n\u00b0 2023-00610 - Ma\u00eetre Hassan Kohen, avocat en droit p\u00e9nal \u00e0 Paris<\/title>\n<meta name=\"robots\" content=\"index, follow, max-snippet:-1, max-image-preview:large, max-video-preview:-1\" \/>\n<link rel=\"canonical\" href=\"https:\/\/kohenavocats.com\/ru\/jurisprudences\/tribunal-darrondissement-7-juin-2024-n-2023-00610\/\" \/>\n<meta property=\"og:locale\" content=\"ru_RU\" \/>\n<meta property=\"og:type\" content=\"article\" \/>\n<meta property=\"og:title\" content=\"Tribunal d&#039;arrondissement, 7 juin 2024, n\u00b0 2023-00610\" \/>\n<meta property=\"og:description\" content=\"1 No. R\u00f4le: TAL-2023-00610 No. 2024TALREFO\/00264 du 7 juin 2024 Audience publique extraordinaire des r\u00e9f\u00e9r\u00e9s du vendredi, 7 juin 2024, tenue par Nous Christina LAPLUME, Vice-Pr\u00e9sident au Tribunal d\u2019arrondissement de et \u00e0 Luxembourg, si\u00e9geant commejuge des r\u00e9f\u00e9r\u00e9s, en remplacement du Pr\u00e9sident du Tribunal d\u2019arrondissement de\u2026\" \/>\n<meta property=\"og:url\" content=\"https:\/\/kohenavocats.com\/ru\/jurisprudences\/tribunal-darrondissement-7-juin-2024-n-2023-00610\/\" \/>\n<meta property=\"og:site_name\" content=\"Ma\u00eetre Hassan Kohen, avocat en droit p\u00e9nal \u00e0 Paris\" \/>\n<meta property=\"article:modified_time\" content=\"2026-04-21T18:00:53+00:00\" \/>\n<meta name=\"twitter:card\" content=\"summary_large_image\" \/>\n<meta name=\"twitter:label1\" content=\"\u041f\u0440\u0438\u043c\u0435\u0440\u043d\u043e\u0435 \u0432\u0440\u0435\u043c\u044f \u0434\u043b\u044f \u0447\u0442\u0435\u043d\u0438\u044f\" \/>\n\t<meta name=\"twitter:data1\" content=\"6 \u043c\u0438\u043d\u0443\u0442\" \/>\n<script type=\"application\/ld+json\" class=\"yoast-schema-graph\">{\"@context\":\"https:\\\/\\\/schema.org\",\"@graph\":[{\"@type\":\"WebPage\",\"@id\":\"https:\\\/\\\/kohenavocats.com\\\/ru\\\/jurisprudences\\\/tribunal-darrondissement-7-juin-2024-n-2023-00610\\\/\",\"url\":\"https:\\\/\\\/kohenavocats.com\\\/ru\\\/jurisprudences\\\/tribunal-darrondissement-7-juin-2024-n-2023-00610\\\/\",\"name\":\"Tribunal d'arrondissement, 7 juin 2024, n\u00b0 2023-00610 - Ma\u00eetre Hassan Kohen, avocat en droit p\u00e9nal \u00e0 Paris\",\"isPartOf\":{\"@id\":\"https:\\\/\\\/kohenavocats.com\\\/ru\\\/#website\"},\"datePublished\":\"2026-04-21T18:00:49+00:00\",\"dateModified\":\"2026-04-21T18:00:53+00:00\",\"breadcrumb\":{\"@id\":\"https:\\\/\\\/kohenavocats.com\\\/ru\\\/jurisprudences\\\/tribunal-darrondissement-7-juin-2024-n-2023-00610\\\/#breadcrumb\"},\"inLanguage\":\"ru-RU\",\"potentialAction\":[{\"@type\":\"ReadAction\",\"target\":[\"https:\\\/\\\/kohenavocats.com\\\/ru\\\/jurisprudences\\\/tribunal-darrondissement-7-juin-2024-n-2023-00610\\\/\"]}]},{\"@type\":\"BreadcrumbList\",\"@id\":\"https:\\\/\\\/kohenavocats.com\\\/ru\\\/jurisprudences\\\/tribunal-darrondissement-7-juin-2024-n-2023-00610\\\/#breadcrumb\",\"itemListElement\":[{\"@type\":\"ListItem\",\"position\":1,\"name\":\"Home\",\"item\":\"https:\\\/\\\/kohenavocats.com\\\/ru\\\/avocats-en-droit-penal-a-paris-conseil-et-defense-strategique\\\/\"},{\"@type\":\"ListItem\",\"position\":2,\"name\":\"Jurisprudences\",\"item\":\"https:\\\/\\\/kohenavocats.com\\\/ru\\\/jurisprudences\\\/\"},{\"@type\":\"ListItem\",\"position\":3,\"name\":\"Tribunal d&rsquo;arrondissement, 7 juin 2024, n\u00b0 2023-00610\"}]},{\"@type\":\"WebSite\",\"@id\":\"https:\\\/\\\/kohenavocats.com\\\/ru\\\/#website\",\"url\":\"https:\\\/\\\/kohenavocats.com\\\/ru\\\/\",\"name\":\"Kohen Avocats\",\"description\":\"Ma\u00eetre Hassan Kohen, avocat p\u00e9naliste \u00e0 Paris, intervient exclusivement en droit p\u00e9nal pour la d\u00e9fense des particuliers, notamment en mati\u00e8re d\u2019accusations de viol. Il assure un accompagnement rigoureux d\u00e8s la garde \u00e0 vue jusqu\u2019\u00e0 la Cour d\u2019assises, veillant au strict respect des garanties proc\u00e9durales.\",\"publisher\":{\"@id\":\"https:\\\/\\\/kohenavocats.com\\\/ru\\\/#organization\"},\"potentialAction\":[{\"@type\":\"SearchAction\",\"target\":{\"@type\":\"EntryPoint\",\"urlTemplate\":\"https:\\\/\\\/kohenavocats.com\\\/ru\\\/?s={search_term_string}\"},\"query-input\":{\"@type\":\"PropertyValueSpecification\",\"valueRequired\":true,\"valueName\":\"search_term_string\"}}],\"inLanguage\":\"ru-RU\"},{\"@type\":\"Organization\",\"@id\":\"https:\\\/\\\/kohenavocats.com\\\/ru\\\/#organization\",\"name\":\"Kohen Avocats\",\"url\":\"https:\\\/\\\/kohenavocats.com\\\/ru\\\/\",\"logo\":{\"@type\":\"ImageObject\",\"inLanguage\":\"ru-RU\",\"@id\":\"https:\\\/\\\/kohenavocats.com\\\/ru\\\/#\\\/schema\\\/logo\\\/image\\\/\",\"url\":\"https:\\\/\\\/kohenavocats.com\\\/wp-content\\\/uploads\\\/2026\\\/01\\\/Logo-2-1.webp\",\"contentUrl\":\"https:\\\/\\\/kohenavocats.com\\\/wp-content\\\/uploads\\\/2026\\\/01\\\/Logo-2-1.webp\",\"width\":2114,\"height\":1253,\"caption\":\"Kohen Avocats\"},\"image\":{\"@id\":\"https:\\\/\\\/kohenavocats.com\\\/ru\\\/#\\\/schema\\\/logo\\\/image\\\/\"}}]}<\/script>\n<!-- \/ Yoast SEO Premium plugin. -->","yoast_head_json":{"title":"Tribunal d'arrondissement, 7 juin 2024, n\u00b0 2023-00610 - Ma\u00eetre Hassan Kohen, avocat en droit p\u00e9nal \u00e0 Paris","robots":{"index":"index","follow":"follow","max-snippet":"max-snippet:-1","max-image-preview":"max-image-preview:large","max-video-preview":"max-video-preview:-1"},"canonical":"https:\/\/kohenavocats.com\/ru\/jurisprudences\/tribunal-darrondissement-7-juin-2024-n-2023-00610\/","og_locale":"ru_RU","og_type":"article","og_title":"Tribunal d'arrondissement, 7 juin 2024, n\u00b0 2023-00610","og_description":"1 No. R\u00f4le: TAL-2023-00610 No. 2024TALREFO\/00264 du 7 juin 2024 Audience publique extraordinaire des r\u00e9f\u00e9r\u00e9s du vendredi, 7 juin 2024, tenue par Nous Christina LAPLUME, Vice-Pr\u00e9sident au Tribunal d\u2019arrondissement de et \u00e0 Luxembourg, si\u00e9geant commejuge des r\u00e9f\u00e9r\u00e9s, en remplacement du Pr\u00e9sident du Tribunal d\u2019arrondissement de\u2026","og_url":"https:\/\/kohenavocats.com\/ru\/jurisprudences\/tribunal-darrondissement-7-juin-2024-n-2023-00610\/","og_site_name":"Ma\u00eetre Hassan Kohen, avocat en droit p\u00e9nal \u00e0 Paris","article_modified_time":"2026-04-21T18:00:53+00:00","twitter_card":"summary_large_image","twitter_misc":{"\u041f\u0440\u0438\u043c\u0435\u0440\u043d\u043e\u0435 \u0432\u0440\u0435\u043c\u044f \u0434\u043b\u044f \u0447\u0442\u0435\u043d\u0438\u044f":"6 \u043c\u0438\u043d\u0443\u0442"},"schema":{"@context":"https:\/\/schema.org","@graph":[{"@type":"WebPage","@id":"https:\/\/kohenavocats.com\/ru\/jurisprudences\/tribunal-darrondissement-7-juin-2024-n-2023-00610\/","url":"https:\/\/kohenavocats.com\/ru\/jurisprudences\/tribunal-darrondissement-7-juin-2024-n-2023-00610\/","name":"Tribunal d'arrondissement, 7 juin 2024, n\u00b0 2023-00610 - Ma\u00eetre Hassan Kohen, avocat en droit p\u00e9nal \u00e0 Paris","isPartOf":{"@id":"https:\/\/kohenavocats.com\/ru\/#website"},"datePublished":"2026-04-21T18:00:49+00:00","dateModified":"2026-04-21T18:00:53+00:00","breadcrumb":{"@id":"https:\/\/kohenavocats.com\/ru\/jurisprudences\/tribunal-darrondissement-7-juin-2024-n-2023-00610\/#breadcrumb"},"inLanguage":"ru-RU","potentialAction":[{"@type":"ReadAction","target":["https:\/\/kohenavocats.com\/ru\/jurisprudences\/tribunal-darrondissement-7-juin-2024-n-2023-00610\/"]}]},{"@type":"BreadcrumbList","@id":"https:\/\/kohenavocats.com\/ru\/jurisprudences\/tribunal-darrondissement-7-juin-2024-n-2023-00610\/#breadcrumb","itemListElement":[{"@type":"ListItem","position":1,"name":"Home","item":"https:\/\/kohenavocats.com\/ru\/avocats-en-droit-penal-a-paris-conseil-et-defense-strategique\/"},{"@type":"ListItem","position":2,"name":"Jurisprudences","item":"https:\/\/kohenavocats.com\/ru\/jurisprudences\/"},{"@type":"ListItem","position":3,"name":"Tribunal d&rsquo;arrondissement, 7 juin 2024, n\u00b0 2023-00610"}]},{"@type":"WebSite","@id":"https:\/\/kohenavocats.com\/ru\/#website","url":"https:\/\/kohenavocats.com\/ru\/","name":"Kohen Avocats","description":"Ma\u00eetre Hassan Kohen, avocat p\u00e9naliste \u00e0 Paris, intervient exclusivement en droit p\u00e9nal pour la d\u00e9fense des particuliers, notamment en mati\u00e8re d\u2019accusations de viol. Il assure un accompagnement rigoureux d\u00e8s la garde \u00e0 vue jusqu\u2019\u00e0 la Cour d\u2019assises, veillant au strict respect des garanties proc\u00e9durales.","publisher":{"@id":"https:\/\/kohenavocats.com\/ru\/#organization"},"potentialAction":[{"@type":"SearchAction","target":{"@type":"EntryPoint","urlTemplate":"https:\/\/kohenavocats.com\/ru\/?s={search_term_string}"},"query-input":{"@type":"PropertyValueSpecification","valueRequired":true,"valueName":"search_term_string"}}],"inLanguage":"ru-RU"},{"@type":"Organization","@id":"https:\/\/kohenavocats.com\/ru\/#organization","name":"Kohen Avocats","url":"https:\/\/kohenavocats.com\/ru\/","logo":{"@type":"ImageObject","inLanguage":"ru-RU","@id":"https:\/\/kohenavocats.com\/ru\/#\/schema\/logo\/image\/","url":"https:\/\/kohenavocats.com\/wp-content\/uploads\/2026\/01\/Logo-2-1.webp","contentUrl":"https:\/\/kohenavocats.com\/wp-content\/uploads\/2026\/01\/Logo-2-1.webp","width":2114,"height":1253,"caption":"Kohen Avocats"},"image":{"@id":"https:\/\/kohenavocats.com\/ru\/#\/schema\/logo\/image\/"}}]}},"jetpack_likes_enabled":false,"jetpack_sharing_enabled":true,"_links":{"self":[{"href":"https:\/\/kohenavocats.com\/ru\/wp-json\/wp\/v2\/kji_decision\/639466","targetHints":{"allow":["GET"]}}],"collection":[{"href":"https:\/\/kohenavocats.com\/ru\/wp-json\/wp\/v2\/kji_decision"}],"about":[{"href":"https:\/\/kohenavocats.com\/ru\/wp-json\/wp\/v2\/types\/kji_decision"}],"wp:attachment":[{"href":"https:\/\/kohenavocats.com\/ru\/wp-json\/wp\/v2\/media?parent=639466"}],"wp:term":[{"taxonomy":"kji_country","embeddable":true,"href":"https:\/\/kohenavocats.com\/ru\/wp-json\/wp\/v2\/kji_country?post=639466"},{"taxonomy":"kji_court","embeddable":true,"href":"https:\/\/kohenavocats.com\/ru\/wp-json\/wp\/v2\/kji_court?post=639466"},{"taxonomy":"kji_chamber","embeddable":true,"href":"https:\/\/kohenavocats.com\/ru\/wp-json\/wp\/v2\/kji_chamber?post=639466"},{"taxonomy":"kji_year","embeddable":true,"href":"https:\/\/kohenavocats.com\/ru\/wp-json\/wp\/v2\/kji_year?post=639466"},{"taxonomy":"kji_subject","embeddable":true,"href":"https:\/\/kohenavocats.com\/ru\/wp-json\/wp\/v2\/kji_subject?post=639466"},{"taxonomy":"kji_keyword","embeddable":true,"href":"https:\/\/kohenavocats.com\/ru\/wp-json\/wp\/v2\/kji_keyword?post=639466"},{"taxonomy":"kji_language","embeddable":true,"href":"https:\/\/kohenavocats.com\/ru\/wp-json\/wp\/v2\/kji_language?post=639466"}],"curies":[{"name":"wp","href":"https:\/\/api.w.org\/{rel}","templated":true}]}}