{"id":639584,"date":"2026-04-21T20:17:35","date_gmt":"2026-04-21T18:17:35","guid":{"rendered":"https:\/\/kohenavocats.com\/jurisprudences\/tribunal-darrondissement-17-decembre-2024-n-2024-05886\/"},"modified":"2026-04-21T20:17:38","modified_gmt":"2026-04-21T18:17:38","slug":"tribunal-darrondissement-17-decembre-2024-n-2024-05886","status":"publish","type":"kji_decision","link":"https:\/\/kohenavocats.com\/ru\/jurisprudences\/tribunal-darrondissement-17-decembre-2024-n-2024-05886\/","title":{"rendered":"Tribunal d&#8217;arrondissement, 17 d\u00e9cembre 2024, n\u00b0 2024-05886"},"content":{"rendered":"<div class=\"kji-decision\">\n<div class=\"kji-full-text\">\n<p>No. r\u00f4le:TAL-2024-05886 No.2024TALREFO\/00543 du17 d\u00e9cembre2024 Audience publique extraordinaire des r\u00e9f\u00e9r\u00e9s dumardi, 17 d\u00e9cembre2024, tenue par Nous Fr\u00e9d\u00e9ric MERSCH, Vice-Pr\u00e9sident au Tribunal d\u2019arrondissement de et \u00e0 Luxembourg,si\u00e9geant comme juge des r\u00e9f\u00e9r\u00e9s, en remplacement duPr\u00e9sidentdu Tribunal d\u2019arrondissement de et \u00e0 Luxembourg, assist\u00e9 du greffier Lo\u00efc PAVANT. DANS LA CAUSE E N T R E PERSONNE1.), demeurant \u00e0ADRESSE1.), \u00c9lisant domicile en l\u2019\u00e9tudeBONN STEICHEN &amp; PARTNERS, soci\u00e9t\u00e9 en commandite simple,\u00e9tablie et ayant son si\u00e8ge social \u00e0 L-ADRESSE2.), immatricul\u00e9e aupr\u00e8s du registre de commerce et des soci\u00e9t\u00e9s sous le num\u00e9roB211933, inscrite \u00e0 la liste V du Tableau del\u2019Ordre des avocats du Barreau de Luxembourg, repr\u00e9sent\u00e9e par son g\u00e9rant actuellement en fonctions\u00e0 savoirla soci\u00e9t\u00e9 \u00e0 responsabilit\u00e9 limit\u00e9e BSP S.\u00e0r.l., \u00e9tablie et ayant son si\u00e8ge sociale \u00e0 la m\u00eame adresse, immatricul\u00e9e aupr\u00e8s du RCS sous le num\u00e9roNUMERO1.),elle-m\u00eamerepr\u00e9sent\u00e9e aux fins de la pr\u00e9sente proc\u00e9dure par Ma\u00eetreFabio TREVISAN, avocat \u00e0 la cour, en l\u2019\u00e9tude duqueldomicile est \u00e9lu; partie demanderessecomparant parlasoci\u00e9t\u00e9 en commandite simple BONN STEICHEN &amp; PARTNERS,repr\u00e9sent\u00e9e par Ma\u00eetreCarolina VASSELLI, avocat, en remplacement de Ma\u00eetre Fabio TREVISAN,avocat,les deuxdemeurant \u00e0 Leudelange. E T la soci\u00e9t\u00e9 anonymeSOCIETE1.)S.A.,\u00e9tablie et ayant son si\u00e8ge social \u00e0L- ADRESSE3.), inscrite au registre de commerce et des soci\u00e9t\u00e9s de Luxembourg sous le num\u00e9roNUMERO2.), repr\u00e9sent\u00e9e par son conseil d\u2019administration actuellement en fonctions, partie d\u00e9fenderessecomparant parla soci\u00e9t\u00e9Alma LED S.\u00e0r.l, repr\u00e9sent\u00e9e par Ma\u00eetreFederico VENTURINI, avocat,assist\u00e9 deMa\u00eetreStefano TESONE, avocat, les deux demeurant \u00e0 Luxembourg,<\/p>\n<p>F A I T S :<\/p>\n<p>A l\u2019appel de la cause \u00e0 l&#039;audience publique ordinaire des r\u00e9f\u00e9r\u00e9s du lundiapr\u00e8s-midi, 25 novembre 2024,Ma\u00eetreCarolina VASSELLIdonna lecture de l\u2019assignation ci-avant transcrite et exposa ses moyens. Ma\u00eetreFederico VENTURINIet Ma\u00eetreStefano TESONEr\u00e9pliqu\u00e8rent. Sur ce le juge des r\u00e9f\u00e9r\u00e9s prit l\u2019affaire en d\u00e9lib\u00e9r\u00e9 etrendit \u00e0 l\u2019audience publique extraordinaire des r\u00e9f\u00e9r\u00e9s de ce jour l\u2019 O R D O N N A N C E qui suit: Par exploit d\u2019huissier du 12 juillet 2024,PERSONNE1.)a fait assigner la soci\u00e9t\u00e9 anonymeSOCIETE1.)S.A. \u00e0 compara\u00eetre devant le juge des r\u00e9f\u00e9r\u00e9s pour voir statuer conform\u00e9ment au dispositif de l\u2019assignation ci-avant transcrite. Il est constant que le 8 d\u00e9cembre 2009,PERSONNE1.)a souscrit deux Polices d\u2019assurance-Vie \u00abALIAS1.)\u00bb n\u00b0NUMERO3.)et n\u00b0NUMERO4.), toutes deux sur base viag\u00e8res. Qu\u2019en date du 22 d\u00e9cembre 2023,PERSONNE1.)a demand\u00e9 la r\u00e9siliation des contrats d\u2019assurance-vie, conform\u00e9ment aux conditions g\u00e9n\u00e9rales de la Police d\u2019assurance. PERSONNE1.)expose que la soci\u00e9t\u00e9SOCIETE1.)auraitaccept\u00e9 le transfert des actions mais n\u2019aurait pas proc\u00e9d\u00e9 au transfert des(\u2026)actions de la soci\u00e9t\u00e9SOCIETE2.) et des(\u2026)actions de la soci\u00e9t\u00e9SOCIETE3.)SA. Que le 17 juin 2024, la soci\u00e9t\u00e9 SOCIETE1.)aurait refus\u00e9 la demande dePERSONNE1.)en contestant l\u2019\u00e9valuation des actions de la soci\u00e9t\u00e9SOCIETE2.). Au vu des \u00e9l\u00e9ments,PERSONNE1.)demande, sur base de l\u2019article 933 alin\u00e9a 1 er sinon sur base de l\u2019article 932 du nouveau code de proc\u00e9dure civile, \u00e0voir condamner la soci\u00e9t\u00e9SOCIETE1.)\u00e0 restituer les(\u2026)actions de la soci\u00e9t\u00e9 en commandite par actions SOCIETE2.)et les(\u2026)actions de la soci\u00e9t\u00e9SOCIETE3.)SA, le tout dans les 24 heures suivant la notification de la pr\u00e9sente ordonnance, sous peine d\u2019une astreinte de 20.000 euros par jour de retard, jusqu\u2019\u00e0 remise effective de toutes les actions. La soci\u00e9t\u00e9SOCIETE1.)s\u2019oppose \u00e0 la demande au motif que les conditions d\u2019application des articles 933 alin\u00e9a 1 er et 932 du nouveau code de proc\u00e9dure civilene sont pas remplies en l\u2019esp\u00e8ce. La soci\u00e9t\u00e9SOCIETE1.)bien qu\u2019elle ne remette pas en cause le principe du rachat en question, conteste \u00eatre tenue de transf\u00e9rer(\u2026)actions de la soci\u00e9t\u00e9 en commandite par actionsSOCIETE2.)et les(\u2026)actions de la soci\u00e9t\u00e9SOCIETE3.)SA dont elle est propri\u00e9taire dans l\u2019int\u00e9r\u00eat du preneur d\u2019assurance, faute d\u2019une \u00e9valuation r\u00e9aliste \u00e0 \u00abjuste valeur\u00bb des pr\u00e9dites actions.<\/p>\n<p>Il s\u2019ensuit, et sans qu\u2019il n\u2019y ait lieu d\u2019examiner les autres arguments avanc\u00e9s de part et d\u2019autre, que la restitution desdites actions sollicit\u00e9e parPERSONNE1.)ne saurait \u00eatre ordonn\u00e9e ni sur base de l\u2019article 933 alin\u00e9a 1 ier du NCPC, aucun trouble manifestement illicite proc\u00e9dant d\u2019un refus de la soci\u00e9t\u00e9SOCIETE1.)de transf\u00e9rer les actions en cause n\u2019\u00e9tant \u00e9tabli en l\u2019esp\u00e8ce, ni sur base de l\u2019article 932 du NCPC, ladite mesure n\u2019\u00e9tant pas \u00e0 l\u2019abri de contestations s\u00e9rieuses \u00e9chappant au pouvoir d\u2019appr\u00e9ciation sommaire du juge des r\u00e9f\u00e9r\u00e9s . Eu \u00e9gard aux \u00e9l\u00e9ments de la cause il y a lieu de d\u00e9clarer la demande d\u2019PERSONNE1.) introduite sur base de l\u2019article 240 du NCPC non fond\u00e9e. P A R C E S M O T I F S Nous Fr\u00e9d\u00e9ric MERSCH, Vice-Pr\u00e9sident au Tribunal d&#039;arrondissement de et \u00e0 Luxembourg, si\u00e9geant comme juge des r\u00e9f\u00e9r\u00e9s, enremplacement du Pr\u00e9sident du Tribunal d&#039;arrondissement de et \u00e0 Luxembourg, statuant contradictoirement ; Nous d\u00e9clarons comp\u00e9tent pour en conna\u00eetre de la demande ; d\u00e9clarons la demande d\u2019PERSONNE1.)recevable mais non fond\u00e9e; partant, rejetons la demande d\u2019PERSONNE1.)en obtention d\u2019une indemnit\u00e9 de proc\u00e9dure de 10.000 eurossur base de l\u2019article 240 du NCPC; mettons les frais de l\u2019instance \u00e0 charge d\u2019PERSONNE1.); ordonnons l\u2019ex\u00e9cution provisoire de la pr\u00e9sente ordonnance nonobstant toute voie de recours.<\/p>\n<\/div>\n<hr class=\"kji-sep\" \/>\n<p class=\"kji-source-links\"><strong>Sources officielles :<\/strong> <a class=\"kji-source-link\" href=\"https:\/\/data.public.lu\/fr\/datasets\/tribunal-darrondissement-luxembourg-refere\/\" target=\"_blank\" rel=\"noopener noreferrer\">consulter la page source<\/a> &middot; <a class=\"kji-pdf-link\" href=\"https:\/\/download.data.public.lu\/resources\/tribunal-darrondissement-luxembourg-refere\/20250120-024026\/20241217-talref-tal-2024-05886-pseudonymise-accessible.pdf\" target=\"_blank\" rel=\"noopener noreferrer\">PDF officiel<\/a><\/p>\n<p class=\"kji-license-note\"><em>Licence CC BY-ND 4.0 (Administration judiciaire, data.public.lu). Republication autorisee avec attribution, sans modification editoriale du texte integral.<\/em><\/p>\n<\/div>\n","protected":false},"excerpt":{"rendered":"<p>No. r\u00f4le:TAL-2024-05886 No.2024TALREFO\/00543 du17 d\u00e9cembre2024 Audience publique extraordinaire des r\u00e9f\u00e9r\u00e9s dumardi, 17 d\u00e9cembre2024, tenue par Nous Fr\u00e9d\u00e9ric MERSCH, Vice-Pr\u00e9sident au Tribunal d\u2019arrondissement de et \u00e0 Luxembourg,si\u00e9geant comme juge des r\u00e9f\u00e9r\u00e9s, en remplacement duPr\u00e9sidentdu Tribunal d\u2019arrondissement de et \u00e0 Luxembourg, assist\u00e9 du greffier Lo\u00efc PAVANT. DANS\u2026<\/p>\n","protected":false},"featured_media":0,"template":"","meta":{"_crdt_document":""},"kji_country":[8418],"kji_court":[23583],"kji_chamber":[18768],"kji_year":[8677],"kji_subject":[7646],"kji_keyword":[23584,8464,7636],"kji_language":[7733],"class_list":["post-639584","kji_decision","type-kji_decision","status-publish","hentry","kji_country-luxembourg","kji_court-tribunal-darrondissement","kji_chamber-refere","kji_year-8677","kji_subject-divers","kji_keyword-arrondissement","kji_keyword-decembre","kji_keyword-tribunal","kji_language-francais"],"yoast_head":"<!-- This site is optimized with the Yoast SEO Premium plugin v27.5 (Yoast SEO v27.5) - https:\/\/yoast.com\/product\/yoast-seo-premium-wordpress\/ -->\n<title>Tribunal d&#039;arrondissement, 17 d\u00e9cembre 2024, n\u00b0 2024-05886 - Ma\u00eetre Hassan Kohen, avocat en droit p\u00e9nal \u00e0 Paris<\/title>\n<meta name=\"robots\" content=\"index, follow, max-snippet:-1, max-image-preview:large, max-video-preview:-1\" \/>\n<link rel=\"canonical\" href=\"https:\/\/kohenavocats.com\/ru\/jurisprudences\/tribunal-darrondissement-17-decembre-2024-n-2024-05886\/\" \/>\n<meta property=\"og:locale\" content=\"ru_RU\" \/>\n<meta property=\"og:type\" content=\"article\" \/>\n<meta property=\"og:title\" content=\"Tribunal d&#039;arrondissement, 17 d\u00e9cembre 2024, n\u00b0 2024-05886\" \/>\n<meta property=\"og:description\" content=\"No. r\u00f4le:TAL-2024-05886 No.2024TALREFO\/00543 du17 d\u00e9cembre2024 Audience publique extraordinaire des r\u00e9f\u00e9r\u00e9s dumardi, 17 d\u00e9cembre2024, tenue par Nous Fr\u00e9d\u00e9ric MERSCH, Vice-Pr\u00e9sident au Tribunal d\u2019arrondissement de et \u00e0 Luxembourg,si\u00e9geant comme juge des r\u00e9f\u00e9r\u00e9s, en remplacement duPr\u00e9sidentdu Tribunal d\u2019arrondissement de et \u00e0 Luxembourg, assist\u00e9 du greffier Lo\u00efc PAVANT. DANS\u2026\" \/>\n<meta property=\"og:url\" content=\"https:\/\/kohenavocats.com\/ru\/jurisprudences\/tribunal-darrondissement-17-decembre-2024-n-2024-05886\/\" \/>\n<meta property=\"og:site_name\" content=\"Ma\u00eetre Hassan Kohen, avocat en droit p\u00e9nal \u00e0 Paris\" \/>\n<meta property=\"article:modified_time\" content=\"2026-04-21T18:17:38+00:00\" \/>\n<meta name=\"twitter:card\" content=\"summary_large_image\" \/>\n<meta name=\"twitter:label1\" content=\"\u041f\u0440\u0438\u043c\u0435\u0440\u043d\u043e\u0435 \u0432\u0440\u0435\u043c\u044f \u0434\u043b\u044f \u0447\u0442\u0435\u043d\u0438\u044f\" \/>\n\t<meta name=\"twitter:data1\" content=\"5 \u043c\u0438\u043d\u0443\u0442\" \/>\n<script type=\"application\/ld+json\" class=\"yoast-schema-graph\">{\"@context\":\"https:\\\/\\\/schema.org\",\"@graph\":[{\"@type\":\"WebPage\",\"@id\":\"https:\\\/\\\/kohenavocats.com\\\/ru\\\/jurisprudences\\\/tribunal-darrondissement-17-decembre-2024-n-2024-05886\\\/\",\"url\":\"https:\\\/\\\/kohenavocats.com\\\/ru\\\/jurisprudences\\\/tribunal-darrondissement-17-decembre-2024-n-2024-05886\\\/\",\"name\":\"Tribunal d'arrondissement, 17 d\u00e9cembre 2024, n\u00b0 2024-05886 - Ma\u00eetre Hassan Kohen, avocat en droit p\u00e9nal \u00e0 Paris\",\"isPartOf\":{\"@id\":\"https:\\\/\\\/kohenavocats.com\\\/ru\\\/#website\"},\"datePublished\":\"2026-04-21T18:17:35+00:00\",\"dateModified\":\"2026-04-21T18:17:38+00:00\",\"breadcrumb\":{\"@id\":\"https:\\\/\\\/kohenavocats.com\\\/ru\\\/jurisprudences\\\/tribunal-darrondissement-17-decembre-2024-n-2024-05886\\\/#breadcrumb\"},\"inLanguage\":\"ru-RU\",\"potentialAction\":[{\"@type\":\"ReadAction\",\"target\":[\"https:\\\/\\\/kohenavocats.com\\\/ru\\\/jurisprudences\\\/tribunal-darrondissement-17-decembre-2024-n-2024-05886\\\/\"]}]},{\"@type\":\"BreadcrumbList\",\"@id\":\"https:\\\/\\\/kohenavocats.com\\\/ru\\\/jurisprudences\\\/tribunal-darrondissement-17-decembre-2024-n-2024-05886\\\/#breadcrumb\",\"itemListElement\":[{\"@type\":\"ListItem\",\"position\":1,\"name\":\"Home\",\"item\":\"https:\\\/\\\/kohenavocats.com\\\/ru\\\/avocats-en-droit-penal-a-paris-conseil-et-defense-strategique\\\/\"},{\"@type\":\"ListItem\",\"position\":2,\"name\":\"Jurisprudences\",\"item\":\"https:\\\/\\\/kohenavocats.com\\\/ru\\\/jurisprudences\\\/\"},{\"@type\":\"ListItem\",\"position\":3,\"name\":\"Tribunal d&rsquo;arrondissement, 17 d\u00e9cembre 2024, n\u00b0 2024-05886\"}]},{\"@type\":\"WebSite\",\"@id\":\"https:\\\/\\\/kohenavocats.com\\\/ru\\\/#website\",\"url\":\"https:\\\/\\\/kohenavocats.com\\\/ru\\\/\",\"name\":\"Kohen Avocats\",\"description\":\"Ma\u00eetre Hassan Kohen, avocat p\u00e9naliste \u00e0 Paris, intervient exclusivement en droit p\u00e9nal pour la d\u00e9fense des particuliers, notamment en mati\u00e8re d\u2019accusations de viol. Il assure un accompagnement rigoureux d\u00e8s la garde \u00e0 vue jusqu\u2019\u00e0 la Cour d\u2019assises, veillant au strict respect des garanties proc\u00e9durales.\",\"publisher\":{\"@id\":\"https:\\\/\\\/kohenavocats.com\\\/ru\\\/#organization\"},\"potentialAction\":[{\"@type\":\"SearchAction\",\"target\":{\"@type\":\"EntryPoint\",\"urlTemplate\":\"https:\\\/\\\/kohenavocats.com\\\/ru\\\/?s={search_term_string}\"},\"query-input\":{\"@type\":\"PropertyValueSpecification\",\"valueRequired\":true,\"valueName\":\"search_term_string\"}}],\"inLanguage\":\"ru-RU\"},{\"@type\":\"Organization\",\"@id\":\"https:\\\/\\\/kohenavocats.com\\\/ru\\\/#organization\",\"name\":\"Kohen Avocats\",\"url\":\"https:\\\/\\\/kohenavocats.com\\\/ru\\\/\",\"logo\":{\"@type\":\"ImageObject\",\"inLanguage\":\"ru-RU\",\"@id\":\"https:\\\/\\\/kohenavocats.com\\\/ru\\\/#\\\/schema\\\/logo\\\/image\\\/\",\"url\":\"https:\\\/\\\/kohenavocats.com\\\/wp-content\\\/uploads\\\/2026\\\/01\\\/Logo-2-1.webp\",\"contentUrl\":\"https:\\\/\\\/kohenavocats.com\\\/wp-content\\\/uploads\\\/2026\\\/01\\\/Logo-2-1.webp\",\"width\":2114,\"height\":1253,\"caption\":\"Kohen Avocats\"},\"image\":{\"@id\":\"https:\\\/\\\/kohenavocats.com\\\/ru\\\/#\\\/schema\\\/logo\\\/image\\\/\"}}]}<\/script>\n<!-- \/ Yoast SEO Premium plugin. -->","yoast_head_json":{"title":"Tribunal d'arrondissement, 17 d\u00e9cembre 2024, n\u00b0 2024-05886 - Ma\u00eetre Hassan Kohen, avocat en droit p\u00e9nal \u00e0 Paris","robots":{"index":"index","follow":"follow","max-snippet":"max-snippet:-1","max-image-preview":"max-image-preview:large","max-video-preview":"max-video-preview:-1"},"canonical":"https:\/\/kohenavocats.com\/ru\/jurisprudences\/tribunal-darrondissement-17-decembre-2024-n-2024-05886\/","og_locale":"ru_RU","og_type":"article","og_title":"Tribunal d'arrondissement, 17 d\u00e9cembre 2024, n\u00b0 2024-05886","og_description":"No. r\u00f4le:TAL-2024-05886 No.2024TALREFO\/00543 du17 d\u00e9cembre2024 Audience publique extraordinaire des r\u00e9f\u00e9r\u00e9s dumardi, 17 d\u00e9cembre2024, tenue par Nous Fr\u00e9d\u00e9ric MERSCH, Vice-Pr\u00e9sident au Tribunal d\u2019arrondissement de et \u00e0 Luxembourg,si\u00e9geant comme juge des r\u00e9f\u00e9r\u00e9s, en remplacement duPr\u00e9sidentdu Tribunal d\u2019arrondissement de et \u00e0 Luxembourg, assist\u00e9 du greffier Lo\u00efc PAVANT. DANS\u2026","og_url":"https:\/\/kohenavocats.com\/ru\/jurisprudences\/tribunal-darrondissement-17-decembre-2024-n-2024-05886\/","og_site_name":"Ma\u00eetre Hassan Kohen, avocat en droit p\u00e9nal \u00e0 Paris","article_modified_time":"2026-04-21T18:17:38+00:00","twitter_card":"summary_large_image","twitter_misc":{"\u041f\u0440\u0438\u043c\u0435\u0440\u043d\u043e\u0435 \u0432\u0440\u0435\u043c\u044f \u0434\u043b\u044f \u0447\u0442\u0435\u043d\u0438\u044f":"5 \u043c\u0438\u043d\u0443\u0442"},"schema":{"@context":"https:\/\/schema.org","@graph":[{"@type":"WebPage","@id":"https:\/\/kohenavocats.com\/ru\/jurisprudences\/tribunal-darrondissement-17-decembre-2024-n-2024-05886\/","url":"https:\/\/kohenavocats.com\/ru\/jurisprudences\/tribunal-darrondissement-17-decembre-2024-n-2024-05886\/","name":"Tribunal d'arrondissement, 17 d\u00e9cembre 2024, n\u00b0 2024-05886 - Ma\u00eetre Hassan Kohen, avocat en droit p\u00e9nal \u00e0 Paris","isPartOf":{"@id":"https:\/\/kohenavocats.com\/ru\/#website"},"datePublished":"2026-04-21T18:17:35+00:00","dateModified":"2026-04-21T18:17:38+00:00","breadcrumb":{"@id":"https:\/\/kohenavocats.com\/ru\/jurisprudences\/tribunal-darrondissement-17-decembre-2024-n-2024-05886\/#breadcrumb"},"inLanguage":"ru-RU","potentialAction":[{"@type":"ReadAction","target":["https:\/\/kohenavocats.com\/ru\/jurisprudences\/tribunal-darrondissement-17-decembre-2024-n-2024-05886\/"]}]},{"@type":"BreadcrumbList","@id":"https:\/\/kohenavocats.com\/ru\/jurisprudences\/tribunal-darrondissement-17-decembre-2024-n-2024-05886\/#breadcrumb","itemListElement":[{"@type":"ListItem","position":1,"name":"Home","item":"https:\/\/kohenavocats.com\/ru\/avocats-en-droit-penal-a-paris-conseil-et-defense-strategique\/"},{"@type":"ListItem","position":2,"name":"Jurisprudences","item":"https:\/\/kohenavocats.com\/ru\/jurisprudences\/"},{"@type":"ListItem","position":3,"name":"Tribunal d&rsquo;arrondissement, 17 d\u00e9cembre 2024, n\u00b0 2024-05886"}]},{"@type":"WebSite","@id":"https:\/\/kohenavocats.com\/ru\/#website","url":"https:\/\/kohenavocats.com\/ru\/","name":"Kohen Avocats","description":"Ma\u00eetre Hassan Kohen, avocat p\u00e9naliste \u00e0 Paris, intervient exclusivement en droit p\u00e9nal pour la d\u00e9fense des particuliers, notamment en mati\u00e8re d\u2019accusations de viol. Il assure un accompagnement rigoureux d\u00e8s la garde \u00e0 vue jusqu\u2019\u00e0 la Cour d\u2019assises, veillant au strict respect des garanties proc\u00e9durales.","publisher":{"@id":"https:\/\/kohenavocats.com\/ru\/#organization"},"potentialAction":[{"@type":"SearchAction","target":{"@type":"EntryPoint","urlTemplate":"https:\/\/kohenavocats.com\/ru\/?s={search_term_string}"},"query-input":{"@type":"PropertyValueSpecification","valueRequired":true,"valueName":"search_term_string"}}],"inLanguage":"ru-RU"},{"@type":"Organization","@id":"https:\/\/kohenavocats.com\/ru\/#organization","name":"Kohen Avocats","url":"https:\/\/kohenavocats.com\/ru\/","logo":{"@type":"ImageObject","inLanguage":"ru-RU","@id":"https:\/\/kohenavocats.com\/ru\/#\/schema\/logo\/image\/","url":"https:\/\/kohenavocats.com\/wp-content\/uploads\/2026\/01\/Logo-2-1.webp","contentUrl":"https:\/\/kohenavocats.com\/wp-content\/uploads\/2026\/01\/Logo-2-1.webp","width":2114,"height":1253,"caption":"Kohen Avocats"},"image":{"@id":"https:\/\/kohenavocats.com\/ru\/#\/schema\/logo\/image\/"}}]}},"jetpack_likes_enabled":false,"jetpack_sharing_enabled":true,"_links":{"self":[{"href":"https:\/\/kohenavocats.com\/ru\/wp-json\/wp\/v2\/kji_decision\/639584","targetHints":{"allow":["GET"]}}],"collection":[{"href":"https:\/\/kohenavocats.com\/ru\/wp-json\/wp\/v2\/kji_decision"}],"about":[{"href":"https:\/\/kohenavocats.com\/ru\/wp-json\/wp\/v2\/types\/kji_decision"}],"wp:attachment":[{"href":"https:\/\/kohenavocats.com\/ru\/wp-json\/wp\/v2\/media?parent=639584"}],"wp:term":[{"taxonomy":"kji_country","embeddable":true,"href":"https:\/\/kohenavocats.com\/ru\/wp-json\/wp\/v2\/kji_country?post=639584"},{"taxonomy":"kji_court","embeddable":true,"href":"https:\/\/kohenavocats.com\/ru\/wp-json\/wp\/v2\/kji_court?post=639584"},{"taxonomy":"kji_chamber","embeddable":true,"href":"https:\/\/kohenavocats.com\/ru\/wp-json\/wp\/v2\/kji_chamber?post=639584"},{"taxonomy":"kji_year","embeddable":true,"href":"https:\/\/kohenavocats.com\/ru\/wp-json\/wp\/v2\/kji_year?post=639584"},{"taxonomy":"kji_subject","embeddable":true,"href":"https:\/\/kohenavocats.com\/ru\/wp-json\/wp\/v2\/kji_subject?post=639584"},{"taxonomy":"kji_keyword","embeddable":true,"href":"https:\/\/kohenavocats.com\/ru\/wp-json\/wp\/v2\/kji_keyword?post=639584"},{"taxonomy":"kji_language","embeddable":true,"href":"https:\/\/kohenavocats.com\/ru\/wp-json\/wp\/v2\/kji_language?post=639584"}],"curies":[{"name":"wp","href":"https:\/\/api.w.org\/{rel}","templated":true}]}}